{"id":6550,"date":"2024-02-20T23:02:06","date_gmt":"2024-02-20T22:02:06","guid":{"rendered":"https:\/\/staging.maltech.ch\/schulung\/grundlagen\/"},"modified":"2026-08-31T13:35:07","modified_gmt":"2026-08-31T11:35:07","slug":"principe","status":"publish","type":"page","link":"https:\/\/www.mateco.ch\/fr\/academy\/principe\/","title":{"rendered":"Principe"},"content":{"rendered":"<div class=\"container\">\n  <div class=\"row\">\n    <div class=\"col-md-10 offset-md-1 d-flex flex-column align-items-center text-center\">\n\n\t    <svg class=\"award icon deco-icon\" xmlns=\"http:\/\/www.w3.org\/2000\/svg\" viewBox=\"0 0 727.171 1024\">\n  <path d=\"m544.782,82.254h-1.192,1.192m-180.004-58.412h-2.385,2.385m-181.197,58.412h-1.192,1.192m473.257,153.779h0v-1.192,1.192h0m0,190.733h0v-1.192h0v1.192h0m-474.449,152.587h1.192v1.192h0l-1.192-1.192h0m-112.056-153.779h1.192v1.192h0v-1.192h-1.192m473.257,154.971h1.192v-1.192h0v1.192h-1.192m45.299-20.266h0l138.282,382.659-141.858-51.259-78.677,132.321-140.666-385.043h-2.384l-140.666,385.043-78.678-132.321L0,942.938l139.474-383.851-56.028-25.033-11.921-108.48h0l-53.644-94.175,53.644-94.174v-1.192l11.921-108.48,102.519-46.491h0L258.682,0l106.096,22.65h2.384L473.257,0l72.717,81.062h0l98.943,44.107,11.921,108.479v2.385l53.644,94.174-53.644,94.175v2.384l-11.921,108.48-56.028,25.033m-374.314,380.275h0l106.096-292.06-65.565,13.113-72.717-81.062h-1.192l-10.729-4.769-112.056,308.75,101.327-35.762,54.836,91.79m160.931-336.168h0l17.882,3.577,66.756,14.305,64.373-71.525,20.265-9.537,32.187-14.305,34.57-15.497,10.729-95.367,47.683-83.446-47.683-83.445-10.729-95.367-88.214-39.339-64.373-71.525-94.174,20.265-94.175-20.265-64.372,71.525-88.215,39.339-10.728,95.367-47.684,83.445,47.684,83.446,10.728,95.367,34.571,15.497,32.186,14.305,20.265,9.537,64.373,71.525,66.757-14.305,15.497-3.577,11.921-2.384,11.92,2.384m191.926,244.378h0l100.135,34.57-112.056-308.75-10.729,4.769h-1.192l-72.717,81.061-65.565-13.112,107.288,293.252,54.836-91.79m-165.7-560.28h0l85.83,11.921-60.796,58.412,14.305,83.446-75.101-39.339-75.102,39.339,14.305-83.446-60.796-58.412,83.446-11.921,36.955-76.293,36.954,76.293m2.384,107.288h0l-7.152-44.107,32.186-30.994-44.107-5.961-20.265-40.531-20.266,40.531-44.107,5.961,32.186,30.994-7.152,44.107,39.339-21.458,39.338,21.458m172.853-64.373h0c0,116.825-95.367,212.191-212.191,212.191s-212.191-95.366-212.191-212.191,95.366-212.191,212.191-212.191,212.191,95.367,212.191,212.191m-213.383,176.429h0c97.75,0,176.428-79.87,176.428-176.429s-78.678-176.428-176.428-176.428c-96.559,0-176.429,79.87-176.429,176.428s78.678,176.429,176.429,176.429\" stroke-width=\"0\"\/>\n<\/svg>\n      <h1 class=\"h2\">La s\u00e9curit\u00e9 commence<br class=\"d-block d-md-none\"> avec chacun de nous<\/h1>\n\n\t            <div class=\"rich-text lead big-space-between\">\n\t\t\t    <p>Tu envisages de suivre une formation chez mateco, mais tu n&rsquo;es pas encore familiaris\u00e9 avec le sujet ? Pas de probl\u00e8me. Nous te fournissons ici de pr\u00e9cieuses connaissances de base sur ce sujet important et t&rsquo;expliquons ce qui se cache derri\u00e8re nos certifications de formation.<\/p>\n        <\/div>\n\t    \n\t    \n    <\/div>\n  <\/div>\n<\/div>\n\n<div class=\"container\">\n\t<div class=\"row\">\n\t\t<div class=\"col\">\n\t\t\t\t\t<\/div>\n\t<\/div>\n\t    <div class=\"row content-space-top\">\n      <div class=\"col-12\">\n        <div class=\"accordion-container\">\n\t\t      <div class=\"accordion-border\">\n  <div class=\"accordion d-block py-25\">\n    <h3 class=\"mb-0 d-flex justify-content-between align-items-center\">\n      <span>Une formation est-elle n\u00e9cessaire pour les utilisateurs de plates-formes \u00e9l\u00e9vatrices ?<\/span>\n      <i class=\"icon-chevron ms-20\"><\/i>\n    <\/h3>\n  <\/div>\n\t    <div class=\"panel\">\n      <div class=\"rich-text pb-25\">\n\t\t\t\t<ul>\n<li>En Suisse, des travaux comportant des dangers particuliers ne peuvent \u00eatre confi\u00e9s qu\u2019\u00e0 des travailleurs ayant re\u00e7u une formation ad\u00e9quate (OPA, art. 8.1).<\/li>\n<li>La notion de formation est assimil\u00e9e \u00e0 celle d\u2019instruction.<\/li>\n<li>Nous recommandons de former le personnel affect\u00e9 \u00e0 l\u2019utilisation de plates-formes \u00e9l\u00e9vatrice de travail conform\u00e9ment \u00e0 notre recommandation professionnelle FE 310.15f, Instructions et formation pour les utilisateurs de plates-formes de travail.<\/li>\n<li>Le certificat de formation est document\u00e9 sur papier ou sous forme num\u00e9rique.<\/li>\n<\/ul>\n      <\/div>\n\t        <\/div>\n\t<\/div><div class=\"accordion-border\">\n  <div class=\"accordion d-block py-25\">\n    <h3 class=\"mb-0 d-flex justify-content-between align-items-center\">\n      <span>La conduite d\u2019une plate-forme \u00e9l\u00e9vatrice est-elle soumise \u00e0 une obligation de permis ?<\/span>\n      <i class=\"icon-chevron ms-20\"><\/i>\n    <\/h3>\n  <\/div>\n\t    <div class=\"panel\">\n      <div class=\"rich-text pb-25\">\n\t\t\t\t<ul>\n<li>Il n&rsquo;y a pas d&rsquo;obligation g\u00e9n\u00e9rale de permis<\/li>\n<li>Cependant, en Suisse, les travaux comportant des risques particuliers ne peuvent \u00eatre confi\u00e9s qu\u2019\u00e0 des travailleurs ayant \u00e9t\u00e9 form\u00e9s sp\u00e9cialement \u00e0 cet effet (OPA, art. 8.1).<\/li>\n<li>Nous recommandons de former le personnel de service conform\u00e9ment \u00e0 la recommandation professionnelle FE 310.15f de l\u2019ASFP, Instructions et formation pour les utilisateurs de plates-formes de travail.<\/li>\n<li>La formation consiste \u00e0 transmettre des connaissances th\u00e9oriques et pratiques dans un domaine correspondant \u00e0 un sujet exhaustif (OPA, art. 8)<\/li>\n<\/ul>\n      <\/div>\n\t        <\/div>\n\t<\/div><div class=\"accordion-border\">\n  <div class=\"accordion d-block py-25\">\n    <h3 class=\"mb-0 d-flex justify-content-between align-items-center\">\n      <span>Une attestation d\u2019instruction est-elle requise pour les op\u00e9rateurs de plate-forme \u00e9l\u00e9vatrice ?<\/span>\n      <i class=\"icon-chevron ms-20\"><\/i>\n    <\/h3>\n  <\/div>\n\t    <div class=\"panel\">\n      <div class=\"rich-text pb-25\">\n\t\t\t\t<ul>\n<li>En Suisse, il est g\u00e9n\u00e9ralement admis qu\u2019un op\u00e9rateur de PEMP doit disposer d\u2019une instruction.<\/li>\n<li>Nous recommandons d\u2019instruire les op\u00e9rateurs conform\u00e9ment \u00e0 la recommandation professionnelle FE 310.15f de l\u2019ASFP, Instructions et formation des utilisateurs de plates-formes de travail.<\/li>\n<li>Sur le lieu d\u2019intervention, une instruction suppl\u00e9mentaire est n\u00e9cessaire si l\u2019op\u00e9rateur n\u2019est pas familiaris\u00e9 avec le mod\u00e8le utilis\u00e9. Cette instruction doit \u00eatre confi\u00e9e \u00e0 une personne comp\u00e9tente et \u00eatre attest\u00e9e envers la personne qui l\u2019a suivie.<\/li>\n<li>Sont notamment consid\u00e9r\u00e9es comme comp\u00e9tentes les personnes ayant suivi une formation d\u00e9monstrateur ou de formateur<\/li>\n<li>La preuve d\u2019instruction est document\u00e9e sous la forme d\u2019une liste de contr\u00f4le C-311.15f sign\u00e9e.<\/li>\n<\/ul>\n      <\/div>\n\t        <\/div>\n\t<\/div><div class=\"accordion-border\">\n  <div class=\"accordion d-block py-25\">\n    <h3 class=\"mb-0 d-flex justify-content-between align-items-center\">\n      <span>Le port d\u2019un EPI (\u00e9quipement de protection individuelle) est-il obligatoire ?<\/span>\n      <i class=\"icon-chevron ms-20\"><\/i>\n    <\/h3>\n  <\/div>\n\t    <div class=\"panel\">\n      <div class=\"rich-text pb-25\">\n\t\t\t\t<ul>\n<li>Les \u00e9quipements de travail doivent \u00eatre employ\u00e9s conform\u00e9ment \u00e0 leur destination. Ils ne seront en particulier utilis\u00e9s que pour les travaux et aux emplacements pr\u00e9vus \u00e0 cet effet.<\/li>\n<li>Les instructions du fabricant concernant leur utilisation doivent \u00eatre prises en consid\u00e9ration. (OPA, art 32a, al.1).<br \/>\nLes instructions du fabricant relatives \u00e0 l\u2019utilisation de l\u2019EPI figurent dans le manuel de fonctionnement.<\/li>\n<li>Nous recommandons de porter l\u2019EPI lors de l\u2019utilisation de toutes les plates-formes \u00e9l\u00e9vatrices \u00e0 fl\u00e8che statiques ou mobiles des cat\u00e9gories 1b et 3b.<\/li>\n<\/ul>\n      <\/div>\n\t        <\/div>\n\t<\/div><div class=\"accordion-border\">\n  <div class=\"accordion d-block py-25\">\n    <h3 class=\"mb-0 d-flex justify-content-between align-items-center\">\n      <span>Est-il permis d\u2019acc\u00e9der \u00e0 la nacelle en hauteur ou de la quitter ?<\/span>\n      <i class=\"icon-chevron ms-20\"><\/i>\n    <\/h3>\n  <\/div>\n\t    <div class=\"panel\">\n      <div class=\"rich-text pb-25\">\n\t\t\t\t<ul>\n<li>Les \u00e9quipements de travail doivent \u00eatre employ\u00e9s conform\u00e9ment \u00e0 leur destination. Ils ne seront en particulier utilis\u00e9s que pour les travaux et aux emplacements pr\u00e9vus \u00e0 cet effet.<\/li>\n<li>Les instructions du fabricant concernant leur utilisation doivent \u00eatre prises en consid\u00e9ration (OPA, art 32a, al.1).<br \/>\nQuitter la plate-forme de travail en hauteur est en principe interdit conform\u00e9ment au manuel d\u2019utilisation du fabricant (selon la norme EN 280).<\/li>\n<li>En r\u00e8gle g\u00e9n\u00e9rale, une appr\u00e9ciation pr\u00e9alable des risques est exig\u00e9e en vue de quitter une nacelle \u00e9lev\u00e9e.<br \/>\nPour la d\u00e9termination des dangers et planification des mesures d\u2019urgence \u00e0 l\u2019aide du formulaire D-A-CH-S l\u2019 ASFP a adopt\u00e9e une recommondation.<\/li>\n<li>Recommondation ASFP: Sortie de la nacelle de travail (W 380.18f)<\/li>\n<li>Instructions: Appr\u00e9ciation et r\u00e9duction des risques \u2013 M\u00e9thode Suva pour les machines www.suva.ch\/66037.D, www.suva.ch\/66037.F, www.suva.ch\/66037.I<\/li>\n<li>DACHS: www.bauforumplus.eu\/absturz \u00ae Hubarbeitsb\u00fchnen sicherer \u00dcberstieg<\/li>\n<\/ul>\n      <\/div>\n\t        <\/div>\n\t<\/div><div class=\"accordion-border\">\n  <div class=\"accordion d-block py-25\">\n    <h3 class=\"mb-0 d-flex justify-content-between align-items-center\">\n      <span>Quelles sont les conditions pr\u00e9alables qui doivent \u00eatre r\u00e9unies pour pouvoir utiliser une plate-forme \u00e9l\u00e9vatrice mobile de personnel ?<\/span>\n      <i class=\"icon-chevron ms-20\"><\/i>\n    <\/h3>\n  <\/div>\n\t    <div class=\"panel\">\n      <div class=\"rich-text pb-25\">\n\t\t\t\t<ul>\n<li>Les op\u00e9rateurs de plates-formes \u00e9l\u00e9vatrices de travail doivent \u00eatre aptes \u00e0 exercer cette activit\u00e9!<\/li>\n<li>\u00eatre \u00e2g\u00e9 d\u2019au moins 18 ans! Des exceptions peuvent \u00eatre pr\u00e9vues pour les apprentis, \u00e0 condition qu\u2019elles soient autoris\u00e9es par l\u2019ordonnance sur la formation professionnelle concern\u00e9e;<\/li>\n<li>\u00eatre en bonne sant\u00e9 physique et psychique (bonne acuit\u00e9 visuelle et auditive, pas d\u2019addiction \u00e0 l\u2019alcool, aux drogues et ou m\u00e9dicaments);<\/li>\n<li>adopter un comportement fiable, responsable et prudente;<\/li>\n<li>ne pas souffrir de vertiges;<\/li>\n<li>comprendre les aspects techniques.<\/li>\n<\/ul>\n      <\/div>\n\t        <\/div>\n\t<\/div>        <\/div>\n      <\/div>\n    <\/div>\n\t<\/div>\n\n\n<div class=\"container\">\n\t<div class=\"row mt-n30 mt-md-n50  \">\n\t\t\t\t\t<div class=\"mt-30 mt-md-50 col-lg-12 \">\n\t\t\t\t<div class='text-center'><svg class=\"award icon deco-icon\" xmlns=\"http:\/\/www.w3.org\/2000\/svg\" viewBox=\"0 0 727.171 1024\">\n  <path d=\"m544.782,82.254h-1.192,1.192m-180.004-58.412h-2.385,2.385m-181.197,58.412h-1.192,1.192m473.257,153.779h0v-1.192,1.192h0m0,190.733h0v-1.192h0v1.192h0m-474.449,152.587h1.192v1.192h0l-1.192-1.192h0m-112.056-153.779h1.192v1.192h0v-1.192h-1.192m473.257,154.971h1.192v-1.192h0v1.192h-1.192m45.299-20.266h0l138.282,382.659-141.858-51.259-78.677,132.321-140.666-385.043h-2.384l-140.666,385.043-78.678-132.321L0,942.938l139.474-383.851-56.028-25.033-11.921-108.48h0l-53.644-94.175,53.644-94.174v-1.192l11.921-108.48,102.519-46.491h0L258.682,0l106.096,22.65h2.384L473.257,0l72.717,81.062h0l98.943,44.107,11.921,108.479v2.385l53.644,94.174-53.644,94.175v2.384l-11.921,108.48-56.028,25.033m-374.314,380.275h0l106.096-292.06-65.565,13.113-72.717-81.062h-1.192l-10.729-4.769-112.056,308.75,101.327-35.762,54.836,91.79m160.931-336.168h0l17.882,3.577,66.756,14.305,64.373-71.525,20.265-9.537,32.187-14.305,34.57-15.497,10.729-95.367,47.683-83.446-47.683-83.445-10.729-95.367-88.214-39.339-64.373-71.525-94.174,20.265-94.175-20.265-64.372,71.525-88.215,39.339-10.728,95.367-47.684,83.445,47.684,83.446,10.728,95.367,34.571,15.497,32.186,14.305,20.265,9.537,64.373,71.525,66.757-14.305,15.497-3.577,11.921-2.384,11.92,2.384m191.926,244.378h0l100.135,34.57-112.056-308.75-10.729,4.769h-1.192l-72.717,81.061-65.565-13.112,107.288,293.252,54.836-91.79m-165.7-560.28h0l85.83,11.921-60.796,58.412,14.305,83.446-75.101-39.339-75.102,39.339,14.305-83.446-60.796-58.412,83.446-11.921,36.955-76.293,36.954,76.293m2.384,107.288h0l-7.152-44.107,32.186-30.994-44.107-5.961-20.265-40.531-20.266,40.531-44.107,5.961,32.186,30.994-7.152,44.107,39.339-21.458,39.338,21.458m172.853-64.373h0c0,116.825-95.367,212.191-212.191,212.191s-212.191-95.366-212.191-212.191,95.366-212.191,212.191-212.191,212.191,95.367,212.191,212.191m-213.383,176.429h0c97.75,0,176.428-79.87,176.428-176.429s-78.678-176.428-176.428-176.428c-96.559,0-176.429,79.87-176.429,176.428s78.678,176.429,176.429,176.429\" stroke-width=\"0\"\/>\n<\/svg><\/div><h2 class=\"h2 text-center fw-700\">Notre certification en bref<\/h2>\n\t\t\t<\/div>\n\t\t\t\t\t\t<div class=\"mt-30 mt-md-50 col-lg-6 \">\n\t\t\t\t\t\t\t\t\t\t\t<a class=\"picture d-block\" >\n\t\t\t\t\t\t\t\t<figure>\n\t\t\t\t\t\t\t\t\t\t\t<picture>\n\t\t\t\n\t\t\t<img width=\"768\" height=\"1024\" src=\"https:\/\/www.mateco.ch\/wp-content\/uploads\/2026\/08\/IMG_1357-768x1024.jpeg\" class=\"w-full h-auto\" alt=\"\" loading=\"lazy\" decoding=\"async\" srcset=\"https:\/\/www.mateco.ch\/wp-content\/uploads\/2026\/08\/IMG_1357-768x1024.jpeg 768w, https:\/\/www.mateco.ch\/wp-content\/uploads\/2026\/08\/IMG_1357-225x300.jpeg 225w, https:\/\/www.mateco.ch\/wp-content\/uploads\/2026\/08\/IMG_1357-1152x1536.jpeg 1152w, https:\/\/www.mateco.ch\/wp-content\/uploads\/2026\/08\/IMG_1357-1536x2048.jpeg 1536w, https:\/\/www.mateco.ch\/wp-content\/uploads\/2026\/08\/IMG_1357-scaled.jpeg 1920w\" sizes=\"auto, (max-width: 768px) 100vw, 768px\" \/>\t\t<\/picture>\n\t\t\t\t\t\t\t\t\t\t\t\t\t\t\t\t\t\t\t<\/figure>\n\t\t\t\t\t\t\t<\/a>\n\t\t\t\t\t\t\t\t\t\t<\/div>\n\t\t\t\t\t\t<div class=\"mt-30 mt-md-50 col-lg-5 offset-lg-1\">\n\t\t\t\t<h2 class=\"h3  fw-700\">ASFP \u2013 Association suisse des fournisseurs de plateformes de travail<\/h2>\n\t\t\t\t\t\t\t\t<div class=\"rich-text    \">\n\t\t\t\t\t\t\t\t\t<p>En Suisse, le march\u00e9 des plateformes de travail existe depuis plus de 50 ans. Au cours des derni\u00e8res ann\u00e9es, la demande en \u00e9l\u00e9vateurs permettant de travailler en hauteur a consid\u00e9rablement augment\u00e9. Cette augmentation a \u00e9galement entra\u00een\u00e9 une hausse des exigences impos\u00e9es aux hommes et aux machines.<\/p>\n<p>Les fournisseurs suisses de premier plan se sont r\u00e9unis au sein d\u2019une association qui garantit qualit\u00e9 et s\u00e9curit\u00e9 lors de l\u2019utilisation de plateformes de travail. L\u2019ASFP et la Suva forment, ensemble avec l\u2019IPAF, le groupe \u00abS\u00e9curit\u00e9 et formation \u00bb. Ce groupe a \u00e9labor\u00e9 les deux recommandations FE 320.15 et FE 310.15 \u00e0 l\u2019intention des utilisateurs d\u2019\u00e9l\u00e9vateurs \u00e0 nacelles.<\/p>\n<p>L\u2019ASFP elle-m\u00eame ne d\u00e9livre pas de formation. La formation et assur\u00e9e par des centres de formation agr\u00e9es (p.ex. mateco) qui sont soumis \u00e0 des contr\u00f4les r\u00e9guliers. Le nombre de participants par classe est limit\u00e9. Pour plus d\u2019info : www.verbandvsaa.ch<\/p>\n\t\t\t\t\t\t\t\t<\/div>\n\t\t\t\t\t\t\t\t<div class=\"button-group justify-content-start\">\n\t<a href=\"https:\/\/www.verbandvsaa.ch\/\" target=\"_blank\" title=\"Pour plus d'infos:\u00a0www.verbandvsaa.ch\" class=\"btn primary \" >\n\n  \n      <span class=\"btn-text\">Pour plus d&rsquo;infos:\u00a0www.verbandvsaa.ch<\/span>\n  \n  \n<\/a>\n<\/div>\t\t\t<\/div>\n\t\t\t\t\t\t<div class=\"mt-30 mt-md-50 col-lg-12 \">\n\t\t\t\t\t\t\t<\/div>\n\t\t\t\t\t\t<div class=\"mt-30 mt-md-50 col-lg-5 \">\n\t\t\t\t<h2 class=\"h3  fw-700\">IPAF \u2013 International Powered Access Federation<\/h2>\n\t\t\t\t\t\t\t\t<div class=\"rich-text    \">\n\t\t\t\t\t\t\t\t\t<p>La F\u00e9d\u00e9ration Internationale des mat\u00e9riels d\u2019acc\u00e8s en hauteur (IPAF) a pour objectif d\u2019encourager l\u2019usage s\u00fbr et efficace de ces mat\u00e9riels en fournissant des informations et des conseils techniques, en influen\u00e7ant et en interpr\u00e9tant la l\u00e9gislation et les normes, ainsi que par des initiatives en mati\u00e8re de s\u00e9curit\u00e9 et des programmes de formation. L\u2019organisation \u00e0 but non lucratif est compos\u00e9e de fabricants, soci\u00e9t\u00e9s de location, distributeurs, entrepreneurs et utilisateurs. Les participants qui r\u00e9ussissent cette formation se voient attribuer la carte PAL (Licence formation sur plateformes). Le programme de formation IPAF pour les op\u00e9rateurs a \u00e9t\u00e9 \u00e9labor\u00e9 par des sp\u00e9cialistes du secteur. Il est certifi\u00e9 conforme \u00e0 la norme internationale ISO 18878.<\/p>\n<p>L\u2019IPAF elle-m\u00eame ne d\u00e9livre pas de formation. La formation est assur\u00e9e par des centres agr\u00e9\u00e9s, (p.ex. mateco). Ils sont soumis \u00e0 des contr\u00f4les r\u00e9guliers effectu\u00e9s par l\u2019IPAF. Le nombre de participants par classe est limit\u00e9.<\/p>\n<p>Pour plus d\u2019info : www.ipaf.org<\/p>\n\t\t\t\t\t\t\t\t<\/div>\n\t\t\t\t\t\t\t\t<div class=\"button-group justify-content-start\">\n\t<a href=\"https:\/\/www.ipaf.org\/\" target=\"_blank\" title=\"Pour plus d'infos:\u00a0www.ipaf.org\" class=\"btn primary \" >\n\n  \n      <span class=\"btn-text\">Pour plus d&rsquo;infos:\u00a0www.ipaf.org<\/span>\n  \n  \n<\/a>\n<\/div>\t\t\t<\/div>\n\t\t\t\t\t\t<div class=\"mt-30 mt-md-50 col-lg-6 offset-lg-1\">\n\t\t\t\t\t\t\t\t\t\t\t<a class=\"picture d-block\" >\n\t\t\t\t\t\t\t\t<figure>\n\t\t\t\t\t\t\t\t\t\t\t<picture>\n\t\t\t\n\t\t\t<img width=\"768\" height=\"1024\" src=\"https:\/\/www.mateco.ch\/wp-content\/uploads\/2026\/08\/IMG_1356-768x1024.jpeg\" class=\"w-full h-auto\" alt=\"\" loading=\"lazy\" decoding=\"async\" srcset=\"https:\/\/www.mateco.ch\/wp-content\/uploads\/2026\/08\/IMG_1356-768x1024.jpeg 768w, https:\/\/www.mateco.ch\/wp-content\/uploads\/2026\/08\/IMG_1356-225x300.jpeg 225w, https:\/\/www.mateco.ch\/wp-content\/uploads\/2026\/08\/IMG_1356-1152x1536.jpeg 1152w, https:\/\/www.mateco.ch\/wp-content\/uploads\/2026\/08\/IMG_1356-1536x2048.jpeg 1536w, https:\/\/www.mateco.ch\/wp-content\/uploads\/2026\/08\/IMG_1356-scaled.jpeg 1920w\" sizes=\"auto, (max-width: 768px) 100vw, 768px\" \/>\t\t<\/picture>\n\t\t\t\t\t\t\t\t\t\t\t\t\t\t\t\t\t\t\t<\/figure>\n\t\t\t\t\t\t\t<\/a>\n\t\t\t\t\t\t\t\t\t\t<\/div>\n\t\t\t\t<\/div>\n<\/div>\n\n<div class=\"container\">\n\t<div class=\"row mt-n30 mt-md-n50  \">\n\t\t\t\t\t<div class=\"mt-30 mt-md-50 col-lg-12 \">\n\t\t\t\t<h2 class=\"h2 text-center fw-700\">Pr\u00eat pour ta formation ?<\/h2>\n\t\t\t\t\t\t\t\t<div class=\"rich-text   text-center \">\n\t\t\t\t\t\t\t\t\t<p>D\u00e9couvre l\u2019offre des formations de base et compl\u00e9mentaires et inscris-toi directement.<\/p>\n\t\t\t\t\t\t\t\t<\/div>\n\t\t\t\t\t\t\t\t<div class=\"button-group justify-content-center\">\n\t<a href=\"\/fr\/academy\/\" target=\"\" title=\"Vers l\u2019offre de formation\" class=\"btn primary \" >\n\n  \n      <span class=\"btn-text\">Vers l\u2019offre de formation<\/span>\n  \n  \n<\/a>\n<\/div>\t\t\t<\/div>\n\t\t\t\t<\/div>\n<\/div>","protected":false},"excerpt":{"rendered":"","protected":false},"author":1,"featured_media":14503,"parent":6548,"menu_order":1,"comment_status":"closed","ping_status":"closed","template":"","meta":{"_acf_changed":false,"footnotes":""},"class_list":["post-6550","page","type-page","status-publish","has-post-thumbnail","hentry"],"acf":[],"yoast_head":"<title>Principe - mateco AG<\/title>\n<meta name=\"robots\" content=\"index, follow, max-snippet:-1, max-image-preview:large, max-video-preview:-1\" \/>\n<link rel=\"canonical\" href=\"https:\/\/www.mateco.ch\/fr\/academy\/principe\/\" \/>\n<meta property=\"og:locale\" content=\"fr_FR\" \/>\n<meta property=\"og:type\" content=\"article\" \/>\n<meta property=\"og:title\" content=\"Principe - mateco AG\" \/>\n<meta property=\"og:url\" content=\"https:\/\/www.mateco.ch\/fr\/academy\/principe\/\" \/>\n<meta property=\"og:site_name\" content=\"mateco AG\" \/>\n<meta property=\"article:modified_time\" content=\"2026-08-31T11:35:07+00:00\" \/>\n<meta property=\"og:image\" content=\"https:\/\/www.mateco.ch\/wp-content\/uploads\/2026\/08\/attachment-3089__maltech.jpg\" \/>\n\t<meta property=\"og:image:width\" content=\"1200\" \/>\n\t<meta property=\"og:image:height\" content=\"900\" \/>\n\t<meta property=\"og:image:type\" content=\"image\/jpeg\" \/>\n<meta name=\"twitter:card\" content=\"summary_large_image\" \/>\n<script type=\"application\/ld+json\" class=\"yoast-schema-graph\">{\"@context\":\"https:\\\/\\\/schema.org\",\"@graph\":[{\"@type\":\"WebPage\",\"@id\":\"https:\\\/\\\/www.mateco.ch\\\/fr\\\/academy\\\/principe\\\/\",\"url\":\"https:\\\/\\\/www.mateco.ch\\\/fr\\\/academy\\\/principe\\\/\",\"name\":\"Principe - mateco AG\",\"isPartOf\":{\"@id\":\"https:\\\/\\\/www.mateco.ch\\\/fr\\\/#website\"},\"primaryImageOfPage\":{\"@id\":\"https:\\\/\\\/www.mateco.ch\\\/fr\\\/academy\\\/principe\\\/#primaryimage\"},\"image\":{\"@id\":\"https:\\\/\\\/www.mateco.ch\\\/fr\\\/academy\\\/principe\\\/#primaryimage\"},\"thumbnailUrl\":\"https:\\\/\\\/www.mateco.ch\\\/wp-content\\\/uploads\\\/2026\\\/08\\\/attachment-3089__maltech.jpg\",\"datePublished\":\"2024-02-20T22:02:06+00:00\",\"dateModified\":\"2026-08-31T11:35:07+00:00\",\"breadcrumb\":{\"@id\":\"https:\\\/\\\/www.mateco.ch\\\/fr\\\/academy\\\/principe\\\/#breadcrumb\"},\"inLanguage\":\"fr-FR\",\"potentialAction\":[{\"@type\":\"ReadAction\",\"target\":[\"https:\\\/\\\/www.mateco.ch\\\/fr\\\/academy\\\/principe\\\/\"]}]},{\"@type\":\"ImageObject\",\"inLanguage\":\"fr-FR\",\"@id\":\"https:\\\/\\\/www.mateco.ch\\\/fr\\\/academy\\\/principe\\\/#primaryimage\",\"url\":\"https:\\\/\\\/www.mateco.ch\\\/wp-content\\\/uploads\\\/2026\\\/08\\\/attachment-3089__maltech.jpg\",\"contentUrl\":\"https:\\\/\\\/www.mateco.ch\\\/wp-content\\\/uploads\\\/2026\\\/08\\\/attachment-3089__maltech.jpg\",\"width\":1200,\"height\":900},{\"@type\":\"BreadcrumbList\",\"@id\":\"https:\\\/\\\/www.mateco.ch\\\/fr\\\/academy\\\/principe\\\/#breadcrumb\",\"itemListElement\":[{\"@type\":\"ListItem\",\"position\":1,\"name\":\"Home\",\"item\":\"https:\\\/\\\/www.mateco.ch\\\/fr\\\/home\\\/\"},{\"@type\":\"ListItem\",\"position\":2,\"name\":\"Academy\",\"item\":\"https:\\\/\\\/www.mateco.ch\\\/fr\\\/academy\\\/\"},{\"@type\":\"ListItem\",\"position\":3,\"name\":\"Principe\"}]},{\"@type\":\"WebSite\",\"@id\":\"https:\\\/\\\/www.mateco.ch\\\/fr\\\/#website\",\"url\":\"https:\\\/\\\/www.mateco.ch\\\/fr\\\/\",\"name\":\"mateco AG\",\"description\":\"Ihr kompetenter Partner  rund um Arbeitsb\u00fchnen\",\"publisher\":{\"@id\":\"https:\\\/\\\/www.mateco.ch\\\/fr\\\/#organization\"},\"potentialAction\":[{\"@type\":\"SearchAction\",\"target\":{\"@type\":\"EntryPoint\",\"urlTemplate\":\"https:\\\/\\\/www.mateco.ch\\\/fr\\\/?s={search_term_string}\"},\"query-input\":{\"@type\":\"PropertyValueSpecification\",\"valueRequired\":true,\"valueName\":\"search_term_string\"}}],\"inLanguage\":\"fr-FR\"},{\"@type\":\"Organization\",\"@id\":\"https:\\\/\\\/www.mateco.ch\\\/fr\\\/#organization\",\"name\":\"mateco AG\",\"url\":\"https:\\\/\\\/www.mateco.ch\\\/fr\\\/\",\"logo\":{\"@type\":\"ImageObject\",\"inLanguage\":\"fr-FR\",\"@id\":\"https:\\\/\\\/www.mateco.ch\\\/fr\\\/#\\\/schema\\\/logo\\\/image\\\/\",\"url\":\"https:\\\/\\\/www.mateco.ch\\\/wp-content\\\/uploads\\\/2026\\\/07\\\/mateco_logo-scaled.png\",\"contentUrl\":\"https:\\\/\\\/www.mateco.ch\\\/wp-content\\\/uploads\\\/2026\\\/07\\\/mateco_logo-scaled.png\",\"width\":2560,\"height\":653,\"caption\":\"mateco AG\"},\"image\":{\"@id\":\"https:\\\/\\\/www.mateco.ch\\\/fr\\\/#\\\/schema\\\/logo\\\/image\\\/\"}}]}<\/script>","yoast_head_json":{"title":"Principe - mateco AG","robots":{"index":"index","follow":"follow","max-snippet":"max-snippet:-1","max-image-preview":"max-image-preview:large","max-video-preview":"max-video-preview:-1"},"canonical":"https:\/\/www.mateco.ch\/fr\/academy\/principe\/","og_locale":"fr_FR","og_type":"article","og_title":"Principe - mateco AG","og_url":"https:\/\/www.mateco.ch\/fr\/academy\/principe\/","og_site_name":"mateco AG","article_modified_time":"2026-08-31T11:35:07+00:00","og_image":[{"width":1200,"height":900,"url":"https:\/\/www.mateco.ch\/wp-content\/uploads\/2026\/08\/attachment-3089__maltech.jpg","type":"image\/jpeg"}],"twitter_card":"summary_large_image","schema":{"@context":"https:\/\/schema.org","@graph":[{"@type":"WebPage","@id":"https:\/\/www.mateco.ch\/fr\/academy\/principe\/","url":"https:\/\/www.mateco.ch\/fr\/academy\/principe\/","name":"Principe - mateco AG","isPartOf":{"@id":"https:\/\/www.mateco.ch\/fr\/#website"},"primaryImageOfPage":{"@id":"https:\/\/www.mateco.ch\/fr\/academy\/principe\/#primaryimage"},"image":{"@id":"https:\/\/www.mateco.ch\/fr\/academy\/principe\/#primaryimage"},"thumbnailUrl":"https:\/\/www.mateco.ch\/wp-content\/uploads\/2026\/08\/attachment-3089__maltech.jpg","datePublished":"2024-02-20T22:02:06+00:00","dateModified":"2026-08-31T11:35:07+00:00","breadcrumb":{"@id":"https:\/\/www.mateco.ch\/fr\/academy\/principe\/#breadcrumb"},"inLanguage":"fr-FR","potentialAction":[{"@type":"ReadAction","target":["https:\/\/www.mateco.ch\/fr\/academy\/principe\/"]}]},{"@type":"ImageObject","inLanguage":"fr-FR","@id":"https:\/\/www.mateco.ch\/fr\/academy\/principe\/#primaryimage","url":"https:\/\/www.mateco.ch\/wp-content\/uploads\/2026\/08\/attachment-3089__maltech.jpg","contentUrl":"https:\/\/www.mateco.ch\/wp-content\/uploads\/2026\/08\/attachment-3089__maltech.jpg","width":1200,"height":900},{"@type":"BreadcrumbList","@id":"https:\/\/www.mateco.ch\/fr\/academy\/principe\/#breadcrumb","itemListElement":[{"@type":"ListItem","position":1,"name":"Home","item":"https:\/\/www.mateco.ch\/fr\/home\/"},{"@type":"ListItem","position":2,"name":"Academy","item":"https:\/\/www.mateco.ch\/fr\/academy\/"},{"@type":"ListItem","position":3,"name":"Principe"}]},{"@type":"WebSite","@id":"https:\/\/www.mateco.ch\/fr\/#website","url":"https:\/\/www.mateco.ch\/fr\/","name":"mateco AG","description":"Ihr kompetenter Partner  rund um Arbeitsb\u00fchnen","publisher":{"@id":"https:\/\/www.mateco.ch\/fr\/#organization"},"potentialAction":[{"@type":"SearchAction","target":{"@type":"EntryPoint","urlTemplate":"https:\/\/www.mateco.ch\/fr\/?s={search_term_string}"},"query-input":{"@type":"PropertyValueSpecification","valueRequired":true,"valueName":"search_term_string"}}],"inLanguage":"fr-FR"},{"@type":"Organization","@id":"https:\/\/www.mateco.ch\/fr\/#organization","name":"mateco AG","url":"https:\/\/www.mateco.ch\/fr\/","logo":{"@type":"ImageObject","inLanguage":"fr-FR","@id":"https:\/\/www.mateco.ch\/fr\/#\/schema\/logo\/image\/","url":"https:\/\/www.mateco.ch\/wp-content\/uploads\/2026\/07\/mateco_logo-scaled.png","contentUrl":"https:\/\/www.mateco.ch\/wp-content\/uploads\/2026\/07\/mateco_logo-scaled.png","width":2560,"height":653,"caption":"mateco AG"},"image":{"@id":"https:\/\/www.mateco.ch\/fr\/#\/schema\/logo\/image\/"}}]}},"_links":{"self":[{"href":"https:\/\/www.mateco.ch\/fr\/wp-json\/wp\/v2\/pages\/6550","targetHints":{"allow":["GET"]}}],"collection":[{"href":"https:\/\/www.mateco.ch\/fr\/wp-json\/wp\/v2\/pages"}],"about":[{"href":"https:\/\/www.mateco.ch\/fr\/wp-json\/wp\/v2\/types\/page"}],"author":[{"embeddable":true,"href":"https:\/\/www.mateco.ch\/fr\/wp-json\/wp\/v2\/users\/1"}],"replies":[{"embeddable":true,"href":"https:\/\/www.mateco.ch\/fr\/wp-json\/wp\/v2\/comments?post=6550"}],"version-history":[{"count":38,"href":"https:\/\/www.mateco.ch\/fr\/wp-json\/wp\/v2\/pages\/6550\/revisions"}],"predecessor-version":[{"id":15258,"href":"https:\/\/www.mateco.ch\/fr\/wp-json\/wp\/v2\/pages\/6550\/revisions\/15258"}],"up":[{"embeddable":true,"href":"https:\/\/www.mateco.ch\/fr\/wp-json\/wp\/v2\/pages\/6548"}],"wp:featuredmedia":[{"embeddable":true,"href":"https:\/\/www.mateco.ch\/fr\/wp-json\/wp\/v2\/media\/14503"}],"wp:attachment":[{"href":"https:\/\/www.mateco.ch\/fr\/wp-json\/wp\/v2\/media?parent=6550"}],"curies":[{"name":"wp","href":"https:\/\/api.w.org\/{rel}","templated":true}]}}