{"id":6552,"date":"2024-02-20T23:02:56","date_gmt":"2024-02-20T22:02:56","guid":{"rendered":"https:\/\/staging.maltech.ch\/schulung\/anschlagen-von-lasten\/"},"modified":"2026-07-28T12:12:17","modified_gmt":"2026-07-28T10:12:17","slug":"elingage-de-charges","status":"publish","type":"page","link":"https:\/\/www.mateco.ch\/fr\/academy\/elingage-de-charges\/","title":{"rendered":"\u00c9lingage de charges"},"content":{"rendered":"<div class=\"container\">\n  <div class=\"row\">\n    <div class=\"col-md-10 offset-md-1 d-flex flex-column align-items-center text-center\">\n\n\t    <svg class=\"pc-manual icon deco-icon\" xmlns=\"http:\/\/www.w3.org\/2000\/svg\" viewBox=\"0 0 1024 904.279\">\n  <path d=\"m983.244,689.035h0V45.851c0-2.547-1.274-3.821-3.821-3.821H45.851c-2.548,0-3.821,1.274-3.821,3.821v643.184c0,2.547,1.273,3.821,3.821,3.821h933.572c2.547,0,3.821-1.274,3.821-3.821m-578.229,45.851h0v128.637h213.97v-128.637h-213.97M979.423,0c24.199,0,44.577,20.379,44.577,45.851v643.184c-1.274,25.473-20.378,45.851-45.851,45.851h-318.408v128.637h36.936c11.462,0,20.378,8.915,20.378,20.378s-8.916,20.378-20.378,20.378h-403.742c-11.462,0-20.378-8.915-20.378-20.378s8.916-20.378,20.378-20.378h71.324v-128.637H45.851c-25.473-1.274-45.851-20.378-45.851-45.851V45.851C1.274,20.379,20.378,0,45.851,0h933.572m-238.169,543.841h0l1.273-341.333c-31.84-16.557-67.502-25.473-103.164-25.473-36.935,1.274-72.597,10.189-105.711,26.746v340.06c33.114-14.01,68.776-20.378,104.438-20.378s70.049,6.368,103.164,20.378m-458.508,0c33.115-14.01,68.776-21.652,104.438-21.652s70.05,6.369,103.164,20.379V203.781c-31.841-16.557-67.502-25.472-103.164-25.472s-72.597,8.915-104.438,25.472v340.06m490.349-368.079c6.368,3.82,8.915,10.189,10.189,16.557v383.363c1.273,5.095-1.274,10.189-3.821,14.01-7.642,8.915-20.378,10.189-29.294,3.821-34.388-20.378-72.597-30.567-112.079-30.567-40.757,0-80.239,11.462-115.901,31.84l-3.821,1.274h-6.368c-2.547,0-5.095,0-7.642-1.274h-1.273l-2.548-1.273c-34.388-20.378-72.597-30.567-112.079-30.567s-78.965,10.189-113.354,30.567c-3.82,1.273-6.368,2.547-10.189,2.547-11.462,0-20.378-8.915-20.378-20.378V192.319c0-7.642,3.821-14.01,10.189-17.831,42.03-24.199,87.881-36.935,136.279-36.935,43.303,0,85.333,11.462,123.542,31.84,38.209-20.378,80.239-31.84,123.543-31.84,47.124,0,94.248,12.736,135.005,38.209\" stroke-width=\"0\"\/>\n<\/svg>\n      <h1 class=\"h2\">\u00c9lingage de charges<\/h1>\n\n\t            <div class=\"rich-text lead big-space-between\">\n\t\t\t    <p>Pour transporter des charges en toute s\u00e9curit\u00e9 avec des grues, il faut que la personne qui \u00e9lingue les charges ex\u00e9cute sa t\u00e2che de mani\u00e8re fiable et s\u00fbre. Lors de l&rsquo;utilisation d&rsquo;une grue, diff\u00e9rentes charges sont g\u00e9n\u00e9ralement soulev\u00e9es. Chacune d&rsquo;entre elles doit \u00eatre \u00e9lingu\u00e9e de la mani\u00e8re qui lui convient. Les charges \u00e9lingu\u00e9es de mani\u00e8re incorrecte mettent en danger les personnes et les mat\u00e9riaux. L&rsquo;\u00e9lingage de charges sur des grues soumises \u00e0 l&rsquo;ordonnance sur les grues est donc consid\u00e9r\u00e9 comme un travail comportant des dangers particuliers selon l&rsquo;art. 8 de l&rsquo;ordonnance sur la pr\u00e9vention des accidents (OPA) et est obligatoire selon la Suva. Les employeurs ne peuvent confier de tels travaux qu&rsquo;\u00e0 des collaborateurs form\u00e9s \u00e0 cet effet.<\/p>\n        <\/div>\n\t    \n\t    \n    <\/div>\n  <\/div>\n<\/div>\n\n<div class=\"container\">\n\t<div class=\"row mt-n30 mt-md-n50  \">\n\t\t\t\t\t<div class=\"mt-30 mt-md-50 col-lg-12 \">\n\t\t\t\t<h2 class=\"h2  fw-700\">Contenus<\/h2>\n\t\t\t\t\t\t\t\t<div class=\"rich-text    \">\n\t\t\t\t\t\t\t\t\t<ul>\n<li>S\u00e9curit\u00e9 au travail : prescriptions g\u00e9n\u00e9rales, r\u00e8gles de la technique et \u00e9quipements de protection individuelle.<\/li>\n<li>\u00c9lingues : connaissance et choix des \u00e9lingues appropri\u00e9es, capacit\u00e9 de charge en fonction du type d&rsquo;\u00e9lingue et de l&rsquo;angle d&rsquo;inclinaison, pr\u00e9vention des dommages aux \u00e9lingues, conservation, contr\u00f4le et maturit\u00e9 des \u00e9lingues.<\/li>\n<li>Charge : estimation du poids et de la position du centre de gravit\u00e9 d&rsquo;une charge.<\/li>\n<li>Exercices avec la grue : choix des \u00e9lingues et des moyens de suspension de la charge, \u00e9lingage de la charge, protection contre le d\u00e9crochage involontaire, d\u00e9tachement de la charge.<\/li>\n<li>Comportement lors de l&rsquo;\u00e9lingage : collaboration et communication avec le grutier.<\/li>\n<\/ul>\n\t\t\t\t\t\t\t\t<\/div>\n\t\t\t\t\t\t\t\t\t\t\t<\/div>\n\t\t\t\t<\/div>\n<\/div>\n\n<div class=\"container\">\n\n\t\n      <div class=\"row accordion-container\">\n\t    <div class=\"col-12\">\n\t\t              <div class=\"accordion-border\">\n            <div class=\"accordion d-block py-25\">\n              <h3 class=\"mb-0 d-flex justify-content-between align-items-center\">\n                <span class=\"text-black\">Objectifs<\/span>\n                <i class=\"icon-chevron ms-20\"><\/i>\n              <\/h3>\n            <\/div>\n            <div class=\"panel d-flex flex-column-reverse flex-md-row\">\n              <div class=\"panel-col-auto\">\n                <div class=\"content\">\n\t                                    <div class=\"rich-text\">\n\t\t\t                <p>Les participants apprennent \u00e0 utiliser les \u00e9lingues en toute s\u00e9curit\u00e9.<\/p>\n                    <\/div>\n\t                \n\t                                <\/div>\n              <\/div>\n\t\t\t\t\t                <\/div>\n          <\/div>\n\t\t              <div class=\"accordion-border\">\n            <div class=\"accordion d-block py-25\">\n              <h3 class=\"mb-0 d-flex justify-content-between align-items-center\">\n                <span class=\"text-black\">Groupe cible<\/span>\n                <i class=\"icon-chevron ms-20\"><\/i>\n              <\/h3>\n            <\/div>\n            <div class=\"panel d-flex flex-column-reverse flex-md-row\">\n              <div class=\"panel-col-auto\">\n                <div class=\"content\">\n\t                                    <div class=\"rich-text\">\n\t\t\t                <p>Toutes les personnes qui utilisent des grues dans leur entreprise. Les collaborateurs du secteur de la construction, de l&rsquo;industrie et des ateliers qui sont autoris\u00e9s \u00e0 \u00e9linguer des charges sur des appareils de levage.<\/p>\n                    <\/div>\n\t                \n\t                                <\/div>\n              <\/div>\n\t\t\t\t\t                <\/div>\n          <\/div>\n\t\t              <div class=\"accordion-border\">\n            <div class=\"accordion d-block py-25\">\n              <h3 class=\"mb-0 d-flex justify-content-between align-items-center\">\n                <span class=\"text-black\">Condition pr\u00e9alable<\/span>\n                <i class=\"icon-chevron ms-20\"><\/i>\n              <\/h3>\n            <\/div>\n            <div class=\"panel d-flex flex-column-reverse flex-md-row\">\n              <div class=\"panel-col-auto\">\n                <div class=\"content\">\n\t                                    <div class=\"rich-text\">\n\t\t\t                <ul>\n<li>\u00catre \u00e2g\u00e9 d\u2019au moins 18 ans<\/li>\n<li>Aptitudes physiques et mentale<\/li>\n<li>Comportement fiable, responsable et prudent<\/li>\n<li>Capacit\u00e9 \u00e0 communiquer clairement et sans ambigu\u00eft\u00e9 avec le grutier.<\/li>\n<li>La formation des apprentis de moins de 18 ans est possible dans le cadre de l\u2019ordonnance sur la formation.<\/li>\n<\/ul>\n                    <\/div>\n\t                \n\t                                <\/div>\n              <\/div>\n\t\t\t\t\t                <\/div>\n          <\/div>\n\t\t              <div class=\"accordion-border\">\n            <div class=\"accordion d-block py-25\">\n              <h3 class=\"mb-0 d-flex justify-content-between align-items-center\">\n                <span class=\"text-black\">Dur\u00e9e<\/span>\n                <i class=\"icon-chevron ms-20\"><\/i>\n              <\/h3>\n            <\/div>\n            <div class=\"panel d-flex flex-column-reverse flex-md-row\">\n              <div class=\"panel-col-auto\">\n                <div class=\"content\">\n\t                                    <div class=\"rich-text\">\n\t\t\t                <p>0.5 jour<\/p>\n                    <\/div>\n\t                \n\t                                <\/div>\n              <\/div>\n\t\t\t\t\t                <\/div>\n          <\/div>\n\t\t              <div class=\"accordion-border\">\n            <div class=\"accordion d-block py-25\">\n              <h3 class=\"mb-0 d-flex justify-content-between align-items-center\">\n                <span class=\"text-black\">Nombre de participants\u00a0<\/span>\n                <i class=\"icon-chevron ms-20\"><\/i>\n              <\/h3>\n            <\/div>\n            <div class=\"panel d-flex flex-column-reverse flex-md-row\">\n              <div class=\"panel-col-auto\">\n                <div class=\"content\">\n\t                                    <div class=\"rich-text\">\n\t\t\t                <p>Max. 10 personnes<\/p>\n                    <\/div>\n\t                \n\t                                <\/div>\n              <\/div>\n\t\t\t\t\t                <\/div>\n          <\/div>\n\t\t          <\/div>\n    <\/div>\n  <\/div>\n\n\n<div class=\"container\">\n\t<h2 class=\"h2 text-center\">Votre interlocuteur<\/h2>\n\t    <div class=\"row justify-content-center mb-n25 mb-md-n50\">\n\t\t\t        <div class=\"col-md-4 col-lg-3 mb-20 mb-md-50\">\n        <div class=\"employees\">\n  <div class=\"img-wrapper image-space-bottom\">\n\t\t<img width=\"610\" height=\"610\" src=\"https:\/\/www.mateco.ch\/wp-content\/uploads\/2026\/04\/Djordjevic_Jelena_610x610.jpg\" class=\"w-full h-auto\" alt=\"\" loading=\"lazy\" decoding=\"async\" srcset=\"https:\/\/www.mateco.ch\/wp-content\/uploads\/2026\/04\/Djordjevic_Jelena_610x610.jpg 610w, https:\/\/www.mateco.ch\/wp-content\/uploads\/2026\/04\/Djordjevic_Jelena_610x610-150x150.jpg 150w, https:\/\/www.mateco.ch\/wp-content\/uploads\/2026\/04\/Djordjevic_Jelena_610x610-300x300.jpg 300w\" sizes=\"auto, (max-width: 610px) 100vw, 610px\" \/>  <\/div>\n  <div class=\"content\">\n    <div>\n\t    <h3 >Suisse al\u00e9manique<\/h3>\n      <div class=\"rich-text\">\n        <strong class=\"d-block mb-5\">Jelena Djordjevic<\/strong>\n\t\t\t\t<p>Responsable du service interne academy<\/p>                  <div class=\"links\">\n\t\t                      <a class=\"d-block\" href=\"tel:0448188008\">044 818 80 08<\/a>\n\t\t                      <a class=\"d-block\" href=\"mailto:&#97;&#99;ad&#101;&#109;&#121;&#64;&#109;a&#116;ec&#111;&#46;ch\" aria-label=\"&#097;&#099;ad&#101;&#109;y&#064;&#109;ate&#099;&#111;.&#099;h\"><span class=\"icon-mail\"><\/span><\/a>\n\t                    <\/div>\n              <\/div>\n    <\/div>\n  <\/div>\n<\/div>        <\/div>\n\t\t\t        <div class=\"col-md-4 col-lg-3 mb-20 mb-md-50\">\n        <div class=\"employees\">\n  <div class=\"img-wrapper image-space-bottom\">\n\t\t<img width=\"610\" height=\"610\" src=\"https:\/\/www.mateco.ch\/wp-content\/uploads\/2024\/03\/romain-marciset-610x610-1.jpg\" class=\"w-full h-auto\" alt=\"\" loading=\"lazy\" decoding=\"async\" srcset=\"https:\/\/www.mateco.ch\/wp-content\/uploads\/2024\/03\/romain-marciset-610x610-1.jpg 610w, https:\/\/www.mateco.ch\/wp-content\/uploads\/2024\/03\/romain-marciset-610x610-1-150x150.jpg 150w, https:\/\/www.mateco.ch\/wp-content\/uploads\/2024\/03\/romain-marciset-610x610-1-300x300.jpg 300w\" sizes=\"auto, (max-width: 610px) 100vw, 610px\" \/>  <\/div>\n  <div class=\"content\">\n    <div>\n\t    <h3 >Romandie<\/h3>\n      <div class=\"rich-text\">\n        <strong class=\"d-block mb-5\">Romain Marciset<\/strong>\n\t\t\t\t<p>Responsable academy Suisse Romande<\/p>                  <div class=\"links\">\n\t\t                      <a class=\"d-block\" href=\"tel:0218670555\">021 867 05 55<\/a>\n\t\t                      <a class=\"d-block\" href=\"mailto:ac&#97;d&#101;m&#121;&#64;m&#97;t&#101;&#99;&#111;.ch\" aria-label=\"ac&#097;&#100;&#101;&#109;&#121;&#064;&#109;a&#116;&#101;c&#111;&#046;c&#104;\"><span class=\"icon-mail\"><\/span><\/a>\n\t                    <\/div>\n              <\/div>\n    <\/div>\n  <\/div>\n<\/div>        <\/div>\n\t\t\t    <\/div>\n\t<\/div>\n","protected":false},"excerpt":{"rendered":"","protected":false},"author":1,"featured_media":14503,"parent":6548,"menu_order":3,"comment_status":"closed","ping_status":"closed","template":"","meta":{"_acf_changed":false,"footnotes":""},"class_list":["post-6552","page","type-page","status-publish","has-post-thumbnail","hentry"],"acf":[],"yoast_head":"<title>\u00c9lingage de charges - mateco AG<\/title>\n<meta name=\"robots\" content=\"index, follow, max-snippet:-1, max-image-preview:large, max-video-preview:-1\" \/>\n<link rel=\"canonical\" href=\"https:\/\/www.mateco.ch\/fr\/academy\/elingage-de-charges\/\" \/>\n<meta property=\"og:locale\" content=\"fr_FR\" \/>\n<meta property=\"og:type\" content=\"article\" \/>\n<meta property=\"og:title\" content=\"\u00c9lingage de charges - mateco AG\" \/>\n<meta property=\"og:url\" content=\"https:\/\/www.mateco.ch\/fr\/academy\/elingage-de-charges\/\" \/>\n<meta property=\"og:site_name\" content=\"mateco AG\" \/>\n<meta property=\"article:modified_time\" content=\"2026-07-28T10:12:17+00:00\" \/>\n<meta property=\"og:image\" content=\"https:\/\/www.mateco.ch\/wp-content\/uploads\/2026\/08\/attachment-3089__maltech.jpg\" \/>\n\t<meta property=\"og:image:width\" content=\"1200\" \/>\n\t<meta property=\"og:image:height\" content=\"900\" \/>\n\t<meta property=\"og:image:type\" content=\"image\/jpeg\" \/>\n<meta name=\"twitter:card\" content=\"summary_large_image\" \/>\n<script type=\"application\/ld+json\" class=\"yoast-schema-graph\">{\"@context\":\"https:\\\/\\\/schema.org\",\"@graph\":[{\"@type\":\"WebPage\",\"@id\":\"https:\\\/\\\/www.mateco.ch\\\/fr\\\/academy\\\/elingage-de-charges\\\/\",\"url\":\"https:\\\/\\\/www.mateco.ch\\\/fr\\\/academy\\\/elingage-de-charges\\\/\",\"name\":\"\u00c9lingage de charges - mateco AG\",\"isPartOf\":{\"@id\":\"https:\\\/\\\/www.mateco.ch\\\/fr\\\/#website\"},\"primaryImageOfPage\":{\"@id\":\"https:\\\/\\\/www.mateco.ch\\\/fr\\\/academy\\\/elingage-de-charges\\\/#primaryimage\"},\"image\":{\"@id\":\"https:\\\/\\\/www.mateco.ch\\\/fr\\\/academy\\\/elingage-de-charges\\\/#primaryimage\"},\"thumbnailUrl\":\"https:\\\/\\\/www.mateco.ch\\\/wp-content\\\/uploads\\\/2026\\\/08\\\/attachment-3089__maltech.jpg\",\"datePublished\":\"2024-02-20T22:02:56+00:00\",\"dateModified\":\"2026-07-28T10:12:17+00:00\",\"breadcrumb\":{\"@id\":\"https:\\\/\\\/www.mateco.ch\\\/fr\\\/academy\\\/elingage-de-charges\\\/#breadcrumb\"},\"inLanguage\":\"fr-FR\",\"potentialAction\":[{\"@type\":\"ReadAction\",\"target\":[\"https:\\\/\\\/www.mateco.ch\\\/fr\\\/academy\\\/elingage-de-charges\\\/\"]}]},{\"@type\":\"ImageObject\",\"inLanguage\":\"fr-FR\",\"@id\":\"https:\\\/\\\/www.mateco.ch\\\/fr\\\/academy\\\/elingage-de-charges\\\/#primaryimage\",\"url\":\"https:\\\/\\\/www.mateco.ch\\\/wp-content\\\/uploads\\\/2026\\\/08\\\/attachment-3089__maltech.jpg\",\"contentUrl\":\"https:\\\/\\\/www.mateco.ch\\\/wp-content\\\/uploads\\\/2026\\\/08\\\/attachment-3089__maltech.jpg\",\"width\":1200,\"height\":900},{\"@type\":\"BreadcrumbList\",\"@id\":\"https:\\\/\\\/www.mateco.ch\\\/fr\\\/academy\\\/elingage-de-charges\\\/#breadcrumb\",\"itemListElement\":[{\"@type\":\"ListItem\",\"position\":1,\"name\":\"Home\",\"item\":\"https:\\\/\\\/www.mateco.ch\\\/fr\\\/home\\\/\"},{\"@type\":\"ListItem\",\"position\":2,\"name\":\"Academy\",\"item\":\"https:\\\/\\\/www.mateco.ch\\\/fr\\\/academy\\\/\"},{\"@type\":\"ListItem\",\"position\":3,\"name\":\"\u00c9lingage de charges\"}]},{\"@type\":\"WebSite\",\"@id\":\"https:\\\/\\\/www.mateco.ch\\\/fr\\\/#website\",\"url\":\"https:\\\/\\\/www.mateco.ch\\\/fr\\\/\",\"name\":\"mateco AG\",\"description\":\"Ihr kompetenter Partner  rund um Arbeitsb\u00fchnen\",\"publisher\":{\"@id\":\"https:\\\/\\\/www.mateco.ch\\\/fr\\\/#organization\"},\"potentialAction\":[{\"@type\":\"SearchAction\",\"target\":{\"@type\":\"EntryPoint\",\"urlTemplate\":\"https:\\\/\\\/www.mateco.ch\\\/fr\\\/?s={search_term_string}\"},\"query-input\":{\"@type\":\"PropertyValueSpecification\",\"valueRequired\":true,\"valueName\":\"search_term_string\"}}],\"inLanguage\":\"fr-FR\"},{\"@type\":\"Organization\",\"@id\":\"https:\\\/\\\/www.mateco.ch\\\/fr\\\/#organization\",\"name\":\"mateco AG\",\"url\":\"https:\\\/\\\/www.mateco.ch\\\/fr\\\/\",\"logo\":{\"@type\":\"ImageObject\",\"inLanguage\":\"fr-FR\",\"@id\":\"https:\\\/\\\/www.mateco.ch\\\/fr\\\/#\\\/schema\\\/logo\\\/image\\\/\",\"url\":\"https:\\\/\\\/www.mateco.ch\\\/wp-content\\\/uploads\\\/2026\\\/07\\\/mateco_logo-scaled.png\",\"contentUrl\":\"https:\\\/\\\/www.mateco.ch\\\/wp-content\\\/uploads\\\/2026\\\/07\\\/mateco_logo-scaled.png\",\"width\":2560,\"height\":653,\"caption\":\"mateco AG\"},\"image\":{\"@id\":\"https:\\\/\\\/www.mateco.ch\\\/fr\\\/#\\\/schema\\\/logo\\\/image\\\/\"}}]}<\/script>","yoast_head_json":{"title":"\u00c9lingage de charges - mateco AG","robots":{"index":"index","follow":"follow","max-snippet":"max-snippet:-1","max-image-preview":"max-image-preview:large","max-video-preview":"max-video-preview:-1"},"canonical":"https:\/\/www.mateco.ch\/fr\/academy\/elingage-de-charges\/","og_locale":"fr_FR","og_type":"article","og_title":"\u00c9lingage de charges - mateco AG","og_url":"https:\/\/www.mateco.ch\/fr\/academy\/elingage-de-charges\/","og_site_name":"mateco AG","article_modified_time":"2026-07-28T10:12:17+00:00","og_image":[{"width":1200,"height":900,"url":"https:\/\/www.mateco.ch\/wp-content\/uploads\/2026\/08\/attachment-3089__maltech.jpg","type":"image\/jpeg"}],"twitter_card":"summary_large_image","schema":{"@context":"https:\/\/schema.org","@graph":[{"@type":"WebPage","@id":"https:\/\/www.mateco.ch\/fr\/academy\/elingage-de-charges\/","url":"https:\/\/www.mateco.ch\/fr\/academy\/elingage-de-charges\/","name":"\u00c9lingage de charges - mateco AG","isPartOf":{"@id":"https:\/\/www.mateco.ch\/fr\/#website"},"primaryImageOfPage":{"@id":"https:\/\/www.mateco.ch\/fr\/academy\/elingage-de-charges\/#primaryimage"},"image":{"@id":"https:\/\/www.mateco.ch\/fr\/academy\/elingage-de-charges\/#primaryimage"},"thumbnailUrl":"https:\/\/www.mateco.ch\/wp-content\/uploads\/2026\/08\/attachment-3089__maltech.jpg","datePublished":"2024-02-20T22:02:56+00:00","dateModified":"2026-07-28T10:12:17+00:00","breadcrumb":{"@id":"https:\/\/www.mateco.ch\/fr\/academy\/elingage-de-charges\/#breadcrumb"},"inLanguage":"fr-FR","potentialAction":[{"@type":"ReadAction","target":["https:\/\/www.mateco.ch\/fr\/academy\/elingage-de-charges\/"]}]},{"@type":"ImageObject","inLanguage":"fr-FR","@id":"https:\/\/www.mateco.ch\/fr\/academy\/elingage-de-charges\/#primaryimage","url":"https:\/\/www.mateco.ch\/wp-content\/uploads\/2026\/08\/attachment-3089__maltech.jpg","contentUrl":"https:\/\/www.mateco.ch\/wp-content\/uploads\/2026\/08\/attachment-3089__maltech.jpg","width":1200,"height":900},{"@type":"BreadcrumbList","@id":"https:\/\/www.mateco.ch\/fr\/academy\/elingage-de-charges\/#breadcrumb","itemListElement":[{"@type":"ListItem","position":1,"name":"Home","item":"https:\/\/www.mateco.ch\/fr\/home\/"},{"@type":"ListItem","position":2,"name":"Academy","item":"https:\/\/www.mateco.ch\/fr\/academy\/"},{"@type":"ListItem","position":3,"name":"\u00c9lingage de charges"}]},{"@type":"WebSite","@id":"https:\/\/www.mateco.ch\/fr\/#website","url":"https:\/\/www.mateco.ch\/fr\/","name":"mateco AG","description":"Ihr kompetenter Partner  rund um Arbeitsb\u00fchnen","publisher":{"@id":"https:\/\/www.mateco.ch\/fr\/#organization"},"potentialAction":[{"@type":"SearchAction","target":{"@type":"EntryPoint","urlTemplate":"https:\/\/www.mateco.ch\/fr\/?s={search_term_string}"},"query-input":{"@type":"PropertyValueSpecification","valueRequired":true,"valueName":"search_term_string"}}],"inLanguage":"fr-FR"},{"@type":"Organization","@id":"https:\/\/www.mateco.ch\/fr\/#organization","name":"mateco AG","url":"https:\/\/www.mateco.ch\/fr\/","logo":{"@type":"ImageObject","inLanguage":"fr-FR","@id":"https:\/\/www.mateco.ch\/fr\/#\/schema\/logo\/image\/","url":"https:\/\/www.mateco.ch\/wp-content\/uploads\/2026\/07\/mateco_logo-scaled.png","contentUrl":"https:\/\/www.mateco.ch\/wp-content\/uploads\/2026\/07\/mateco_logo-scaled.png","width":2560,"height":653,"caption":"mateco AG"},"image":{"@id":"https:\/\/www.mateco.ch\/fr\/#\/schema\/logo\/image\/"}}]}},"_links":{"self":[{"href":"https:\/\/www.mateco.ch\/fr\/wp-json\/wp\/v2\/pages\/6552","targetHints":{"allow":["GET"]}}],"collection":[{"href":"https:\/\/www.mateco.ch\/fr\/wp-json\/wp\/v2\/pages"}],"about":[{"href":"https:\/\/www.mateco.ch\/fr\/wp-json\/wp\/v2\/types\/page"}],"author":[{"embeddable":true,"href":"https:\/\/www.mateco.ch\/fr\/wp-json\/wp\/v2\/users\/1"}],"replies":[{"embeddable":true,"href":"https:\/\/www.mateco.ch\/fr\/wp-json\/wp\/v2\/comments?post=6552"}],"version-history":[{"count":13,"href":"https:\/\/www.mateco.ch\/fr\/wp-json\/wp\/v2\/pages\/6552\/revisions"}],"predecessor-version":[{"id":14221,"href":"https:\/\/www.mateco.ch\/fr\/wp-json\/wp\/v2\/pages\/6552\/revisions\/14221"}],"up":[{"embeddable":true,"href":"https:\/\/www.mateco.ch\/fr\/wp-json\/wp\/v2\/pages\/6548"}],"wp:featuredmedia":[{"embeddable":true,"href":"https:\/\/www.mateco.ch\/fr\/wp-json\/wp\/v2\/media\/14503"}],"wp:attachment":[{"href":"https:\/\/www.mateco.ch\/fr\/wp-json\/wp\/v2\/media?parent=6552"}],"curies":[{"name":"wp","href":"https:\/\/api.w.org\/{rel}","templated":true}]}}