{"id":6556,"date":"2024-02-12T09:03:09","date_gmt":"2024-02-12T08:03:09","guid":{"rendered":"https:\/\/staging.maltech.ch\/unternehmen\/geschaeftsleitung\/"},"modified":"2026-08-28T11:06:16","modified_gmt":"2026-08-28T09:06:16","slug":"la-direction","status":"publish","type":"page","link":"https:\/\/www.mateco.ch\/fr\/societe\/la-direction\/","title":{"rendered":"La direction"},"content":{"rendered":"<div class=\"container\">\n\t<h1 class=\"h2 text-center\">Direction<\/h1>\n\t    <div class=\"row justify-content-center mb-n25 mb-md-n50\">\n\t\t\t        <div class=\"col-md-4 col-lg-3 mb-20 mb-md-50\">\n        <div class=\"employees\">\n  <div class=\"img-wrapper image-space-bottom\">\n\t\t<img width=\"610\" height=\"610\" src=\"https:\/\/www.mateco.ch\/wp-content\/uploads\/2024\/03\/patrick-moser-610x610-1.jpg\" class=\"w-full h-auto\" alt=\"\" loading=\"lazy\" decoding=\"async\" srcset=\"https:\/\/www.mateco.ch\/wp-content\/uploads\/2024\/03\/patrick-moser-610x610-1.jpg 610w, https:\/\/www.mateco.ch\/wp-content\/uploads\/2024\/03\/patrick-moser-610x610-1-150x150.jpg 150w, https:\/\/www.mateco.ch\/wp-content\/uploads\/2024\/03\/patrick-moser-610x610-1-300x300.jpg 300w\" sizes=\"auto, (max-width: 610px) 100vw, 610px\" \/>  <\/div>\n  <div class=\"content\">\n    <div>\n\t          <div class=\"rich-text\">\n        <strong class=\"d-block mb-5 h3\">Patrick Moser<\/strong>\n\t\t\t\t<p>CEO<\/p>              <\/div>\n    <\/div>\n  <\/div>\n<\/div>        <\/div>\n\t\t\t        <div class=\"col-md-4 col-lg-3 mb-20 mb-md-50\">\n        <div class=\"employees\">\n  <div class=\"img-wrapper image-space-bottom\">\n\t\t<img width=\"610\" height=\"610\" src=\"https:\/\/www.mateco.ch\/wp-content\/uploads\/2024\/03\/abazi_asmir_610x610.jpg\" class=\"w-full h-auto\" alt=\"\" loading=\"lazy\" decoding=\"async\" srcset=\"https:\/\/www.mateco.ch\/wp-content\/uploads\/2024\/03\/abazi_asmir_610x610.jpg 610w, https:\/\/www.mateco.ch\/wp-content\/uploads\/2024\/03\/abazi_asmir_610x610-150x150.jpg 150w, https:\/\/www.mateco.ch\/wp-content\/uploads\/2024\/03\/abazi_asmir_610x610-300x300.jpg 300w\" sizes=\"auto, (max-width: 610px) 100vw, 610px\" \/>  <\/div>\n  <div class=\"content\">\n    <div>\n\t          <div class=\"rich-text\">\n        <strong class=\"d-block mb-5 h3\">Admir Abazi<\/strong>\n\t\t\t\t<p>Responsable du service et academy<\/p>              <\/div>\n    <\/div>\n  <\/div>\n<\/div>        <\/div>\n\t\t\t        <div class=\"col-md-4 col-lg-3 mb-20 mb-md-50\">\n        <div class=\"employees\">\n  <div class=\"img-wrapper image-space-bottom\">\n\t\t<img width=\"610\" height=\"610\" src=\"https:\/\/www.mateco.ch\/wp-content\/uploads\/2024\/03\/pierre-bourquard-610x610-1.jpg\" class=\"w-full h-auto\" alt=\"\" loading=\"lazy\" decoding=\"async\" srcset=\"https:\/\/www.mateco.ch\/wp-content\/uploads\/2024\/03\/pierre-bourquard-610x610-1.jpg 610w, https:\/\/www.mateco.ch\/wp-content\/uploads\/2024\/03\/pierre-bourquard-610x610-1-150x150.jpg 150w, https:\/\/www.mateco.ch\/wp-content\/uploads\/2024\/03\/pierre-bourquard-610x610-1-300x300.jpg 300w\" sizes=\"auto, (max-width: 610px) 100vw, 610px\" \/>  <\/div>\n  <div class=\"content\">\n    <div>\n\t          <div class=\"rich-text\">\n        <strong class=\"d-block mb-5 h3\">Pierre Bourquard<\/strong>\n\t\t\t\t<p>Responsable Suisse romande<\/p>              <\/div>\n    <\/div>\n  <\/div>\n<\/div>        <\/div>\n\t\t\t        <div class=\"col-md-4 col-lg-3 mb-20 mb-md-50\">\n        <div class=\"employees\">\n  <div class=\"img-wrapper image-space-bottom\">\n\t\t<img width=\"610\" height=\"610\" src=\"https:\/\/www.mateco.ch\/wp-content\/uploads\/2024\/03\/zwinggi_610x610.jpg\" class=\"w-full h-auto\" alt=\"\" loading=\"lazy\" decoding=\"async\" srcset=\"https:\/\/www.mateco.ch\/wp-content\/uploads\/2024\/03\/zwinggi_610x610.jpg 610w, https:\/\/www.mateco.ch\/wp-content\/uploads\/2024\/03\/zwinggi_610x610-150x150.jpg 150w, https:\/\/www.mateco.ch\/wp-content\/uploads\/2024\/03\/zwinggi_610x610-300x300.jpg 300w\" sizes=\"auto, (max-width: 610px) 100vw, 610px\" \/>  <\/div>\n  <div class=\"content\">\n    <div>\n\t          <div class=\"rich-text\">\n        <strong class=\"d-block mb-5 h3\">Gregor Zwinggi<\/strong>\n\t\t\t\t<p>Responsable Suisse al\u00e9manique<\/p>              <\/div>\n    <\/div>\n  <\/div>\n<\/div>        <\/div>\n\t\t\t    <\/div>\n\t<\/div>\n\n\n<div class=\"container\">\n\t<h2 class=\"h2 text-center\">Cadres<\/h2>\n\t    <div class=\"row justify-content-center mb-n25 mb-md-n50\">\n\t\t\t        <div class=\"col-md-4 col-lg-3 mb-20 mb-md-50\">\n        <div class=\"employees\">\n  <div class=\"img-wrapper image-space-bottom\">\n\t\t<img width=\"610\" height=\"610\" src=\"https:\/\/www.mateco.ch\/wp-content\/uploads\/2024\/03\/martin-etter-610x610-1.jpg\" class=\"w-full h-auto\" alt=\"\" loading=\"lazy\" decoding=\"async\" srcset=\"https:\/\/www.mateco.ch\/wp-content\/uploads\/2024\/03\/martin-etter-610x610-1.jpg 610w, https:\/\/www.mateco.ch\/wp-content\/uploads\/2024\/03\/martin-etter-610x610-1-150x150.jpg 150w, https:\/\/www.mateco.ch\/wp-content\/uploads\/2024\/03\/martin-etter-610x610-1-300x300.jpg 300w\" sizes=\"auto, (max-width: 610px) 100vw, 610px\" \/>  <\/div>\n  <div class=\"content\">\n    <div>\n\t          <div class=\"rich-text\">\n        <strong class=\"d-block mb-5 h3\">Martin Etter<\/strong>\n\t\t\t\t<p>Responsable Key Account Management<\/p>              <\/div>\n    <\/div>\n  <\/div>\n<\/div>        <\/div>\n\t\t\t        <div class=\"col-md-4 col-lg-3 mb-20 mb-md-50\">\n        <div class=\"employees\">\n  <div class=\"img-wrapper image-space-bottom\">\n\t\t<img width=\"610\" height=\"610\" src=\"https:\/\/www.mateco.ch\/wp-content\/uploads\/2024\/08\/Maltech_Isabelle_Portrait_610x610px-1.jpg\" class=\"w-full h-auto\" alt=\"\" loading=\"lazy\" decoding=\"async\" srcset=\"https:\/\/www.mateco.ch\/wp-content\/uploads\/2024\/08\/Maltech_Isabelle_Portrait_610x610px-1.jpg 610w, https:\/\/www.mateco.ch\/wp-content\/uploads\/2024\/08\/Maltech_Isabelle_Portrait_610x610px-1-150x150.jpg 150w, https:\/\/www.mateco.ch\/wp-content\/uploads\/2024\/08\/Maltech_Isabelle_Portrait_610x610px-1-300x300.jpg 300w\" sizes=\"auto, (max-width: 610px) 100vw, 610px\" \/>  <\/div>\n  <div class=\"content\">\n    <div>\n\t          <div class=\"rich-text\">\n        <strong class=\"d-block mb-5 h3\">Isabelle Sch\u00e4rer<\/strong>\n\t\t\t\t<p>Responsable des ressources humaines<\/p>              <\/div>\n    <\/div>\n  <\/div>\n<\/div>        <\/div>\n\t\t\t        <div class=\"col-md-4 col-lg-3 mb-20 mb-md-50\">\n        <div class=\"employees\">\n  <div class=\"img-wrapper image-space-bottom\">\n\t\t<img width=\"813\" height=\"813\" src=\"https:\/\/www.mateco.ch\/wp-content\/uploads\/2025\/12\/Michelle_Gross_610x610.jpg\" class=\"w-full h-auto\" alt=\"\" loading=\"lazy\" decoding=\"async\" srcset=\"https:\/\/www.mateco.ch\/wp-content\/uploads\/2025\/12\/Michelle_Gross_610x610.jpg 813w, https:\/\/www.mateco.ch\/wp-content\/uploads\/2025\/12\/Michelle_Gross_610x610-150x150.jpg 150w, https:\/\/www.mateco.ch\/wp-content\/uploads\/2025\/12\/Michelle_Gross_610x610-300x300.jpg 300w, https:\/\/www.mateco.ch\/wp-content\/uploads\/2025\/12\/Michelle_Gross_610x610-768x768.jpg 768w\" sizes=\"auto, (max-width: 813px) 100vw, 813px\" \/>  <\/div>\n  <div class=\"content\">\n    <div>\n\t          <div class=\"rich-text\">\n        <strong class=\"d-block mb-5 h3\">Michelle Gross<\/strong>\n\t\t\t\t<p>Responsable finances et contr\u00f4le de gestion<\/p>              <\/div>\n    <\/div>\n  <\/div>\n<\/div>        <\/div>\n\t\t\t        <div class=\"col-md-4 col-lg-3 mb-20 mb-md-50\">\n        <div class=\"employees\">\n  <div class=\"img-wrapper image-space-bottom\">\n\t\t<img width=\"610\" height=\"610\" src=\"https:\/\/www.mateco.ch\/wp-content\/uploads\/2024\/04\/Kilian_Villiger_2024_610x610px.jpg\" class=\"w-full h-auto\" alt=\"\" loading=\"lazy\" decoding=\"async\" srcset=\"https:\/\/www.mateco.ch\/wp-content\/uploads\/2024\/04\/Kilian_Villiger_2024_610x610px.jpg 610w, https:\/\/www.mateco.ch\/wp-content\/uploads\/2024\/04\/Kilian_Villiger_2024_610x610px-150x150.jpg 150w, https:\/\/www.mateco.ch\/wp-content\/uploads\/2024\/04\/Kilian_Villiger_2024_610x610px-300x300.jpg 300w\" sizes=\"auto, (max-width: 610px) 100vw, 610px\" \/>  <\/div>\n  <div class=\"content\">\n    <div>\n\t          <div class=\"rich-text\">\n        <strong class=\"d-block mb-5 h3\">Kilian Villiger<\/strong>\n\t\t\t\t<p>Responsable \u00e9l\u00e9vateurs \u00e0 nacelle sur camion et projets<\/p>              <\/div>\n    <\/div>\n  <\/div>\n<\/div>        <\/div>\n\t\t\t        <div class=\"col-md-4 col-lg-3 mb-20 mb-md-50\">\n        <div class=\"employees\">\n  <div class=\"img-wrapper image-space-bottom\">\n\t\t<img width=\"610\" height=\"610\" src=\"https:\/\/www.mateco.ch\/wp-content\/uploads\/2025\/03\/Lukas_Fu\u2560eglister_610x610.jpg\" class=\"w-full h-auto\" alt=\"\" loading=\"lazy\" decoding=\"async\" srcset=\"https:\/\/www.mateco.ch\/wp-content\/uploads\/2025\/03\/Lukas_Fu\u2560eglister_610x610.jpg 610w, https:\/\/www.mateco.ch\/wp-content\/uploads\/2025\/03\/Lukas_Fu\u2560eglister_610x610-150x150.jpg 150w, https:\/\/www.mateco.ch\/wp-content\/uploads\/2025\/03\/Lukas_Fu\u2560eglister_610x610-300x300.jpg 300w\" sizes=\"auto, (max-width: 610px) 100vw, 610px\" \/>  <\/div>\n  <div class=\"content\">\n    <div>\n\t          <div class=\"rich-text\">\n        <strong class=\"d-block mb-5 h3\">Lukas F\u00fcglister<\/strong>\n\t\t\t\t<p>Responsable du service interne de la location Suisse al\u00e9manique<\/p>              <\/div>\n    <\/div>\n  <\/div>\n<\/div>        <\/div>\n\t\t\t        <div class=\"col-md-4 col-lg-3 mb-20 mb-md-50\">\n        <div class=\"employees\">\n  <div class=\"img-wrapper image-space-bottom\">\n\t\t<img width=\"813\" height=\"813\" src=\"https:\/\/www.mateco.ch\/wp-content\/uploads\/2025\/12\/Andrea_Riolino_610x610.jpg\" class=\"w-full h-auto\" alt=\"\" loading=\"lazy\" decoding=\"async\" srcset=\"https:\/\/www.mateco.ch\/wp-content\/uploads\/2025\/12\/Andrea_Riolino_610x610.jpg 813w, https:\/\/www.mateco.ch\/wp-content\/uploads\/2025\/12\/Andrea_Riolino_610x610-150x150.jpg 150w, https:\/\/www.mateco.ch\/wp-content\/uploads\/2025\/12\/Andrea_Riolino_610x610-300x300.jpg 300w, https:\/\/www.mateco.ch\/wp-content\/uploads\/2025\/12\/Andrea_Riolino_610x610-768x768.jpg 768w\" sizes=\"auto, (max-width: 813px) 100vw, 813px\" \/>  <\/div>\n  <div class=\"content\">\n    <div>\n\t          <div class=\"rich-text\">\n        <strong class=\"d-block mb-5 h3\">Andrea Riolino<\/strong>\n\t\t\t\t<p>Responsable transport r\u00e9gion est<\/p>              <\/div>\n    <\/div>\n  <\/div>\n<\/div>        <\/div>\n\t\t\t        <div class=\"col-md-4 col-lg-3 mb-20 mb-md-50\">\n        <div class=\"employees\">\n  <div class=\"img-wrapper image-space-bottom\">\n\t\t<img width=\"610\" height=\"610\" src=\"https:\/\/www.mateco.ch\/wp-content\/uploads\/2025\/03\/Reto_Mu\u2560eller_610x610.jpg\" class=\"w-full h-auto\" alt=\"\" loading=\"lazy\" decoding=\"async\" srcset=\"https:\/\/www.mateco.ch\/wp-content\/uploads\/2025\/03\/Reto_Mu\u2560eller_610x610.jpg 610w, https:\/\/www.mateco.ch\/wp-content\/uploads\/2025\/03\/Reto_Mu\u2560eller_610x610-150x150.jpg 150w, https:\/\/www.mateco.ch\/wp-content\/uploads\/2025\/03\/Reto_Mu\u2560eller_610x610-300x300.jpg 300w\" sizes=\"auto, (max-width: 610px) 100vw, 610px\" \/>  <\/div>\n  <div class=\"content\">\n    <div>\n\t          <div class=\"rich-text\">\n        <strong class=\"d-block mb-5 h3\">Reto M\u00fcller<\/strong>\n\t\t\t\t<p>Responsable transport r\u00e9gion centre<\/p>              <\/div>\n    <\/div>\n  <\/div>\n<\/div>        <\/div>\n\t\t\t        <div class=\"col-md-4 col-lg-3 mb-20 mb-md-50\">\n        <div class=\"employees\">\n  <div class=\"img-wrapper image-space-bottom\">\n\t\t<img width=\"610\" height=\"610\" src=\"https:\/\/www.mateco.ch\/wp-content\/uploads\/2024\/03\/thomas-frischknecht-610x610-1.jpg\" class=\"w-full h-auto\" alt=\"\" loading=\"lazy\" decoding=\"async\" srcset=\"https:\/\/www.mateco.ch\/wp-content\/uploads\/2024\/03\/thomas-frischknecht-610x610-1.jpg 610w, https:\/\/www.mateco.ch\/wp-content\/uploads\/2024\/03\/thomas-frischknecht-610x610-1-150x150.jpg 150w, https:\/\/www.mateco.ch\/wp-content\/uploads\/2024\/03\/thomas-frischknecht-610x610-1-300x300.jpg 300w\" sizes=\"auto, (max-width: 610px) 100vw, 610px\" \/>  <\/div>\n  <div class=\"content\">\n    <div>\n\t          <div class=\"rich-text\">\n        <strong class=\"d-block mb-5 h3\">Thomas Frischknecht<\/strong>\n\t\t\t\t<p>BPM Location et responsable informatique<\/p>              <\/div>\n    <\/div>\n  <\/div>\n<\/div>        <\/div>\n\t\t\t        <div class=\"col-md-4 col-lg-3 mb-20 mb-md-50\">\n        <div class=\"employees\">\n  <div class=\"img-wrapper image-space-bottom\">\n\t\t<img width=\"610\" height=\"610\" src=\"https:\/\/www.mateco.ch\/wp-content\/uploads\/2024\/03\/dario-wild-610x610-1.jpg\" class=\"w-full h-auto\" alt=\"\" loading=\"lazy\" decoding=\"async\" srcset=\"https:\/\/www.mateco.ch\/wp-content\/uploads\/2024\/03\/dario-wild-610x610-1.jpg 610w, https:\/\/www.mateco.ch\/wp-content\/uploads\/2024\/03\/dario-wild-610x610-1-150x150.jpg 150w, https:\/\/www.mateco.ch\/wp-content\/uploads\/2024\/03\/dario-wild-610x610-1-300x300.jpg 300w\" sizes=\"auto, (max-width: 610px) 100vw, 610px\" \/>  <\/div>\n  <div class=\"content\">\n    <div>\n\t          <div class=\"rich-text\">\n        <strong class=\"d-block mb-5 h3\">Dario Wild<\/strong>\n\t\t\t\t<p>BPM Technique et chef d&rsquo;atelier R\u00fcmlang<\/p>              <\/div>\n    <\/div>\n  <\/div>\n<\/div>        <\/div>\n\t\t\t        <div class=\"col-md-4 col-lg-3 mb-20 mb-md-50\">\n        <div class=\"employees\">\n  <div class=\"img-wrapper image-space-bottom\">\n\t\t<img width=\"610\" height=\"610\" src=\"https:\/\/www.mateco.ch\/wp-content\/uploads\/2024\/03\/thomas-huser_610x610px.jpg\" class=\"w-full h-auto\" alt=\"\" loading=\"lazy\" decoding=\"async\" srcset=\"https:\/\/www.mateco.ch\/wp-content\/uploads\/2024\/03\/thomas-huser_610x610px.jpg 610w, https:\/\/www.mateco.ch\/wp-content\/uploads\/2024\/03\/thomas-huser_610x610px-150x150.jpg 150w, https:\/\/www.mateco.ch\/wp-content\/uploads\/2024\/03\/thomas-huser_610x610px-300x300.jpg 300w\" sizes=\"auto, (max-width: 610px) 100vw, 610px\" \/>  <\/div>\n  <div class=\"content\">\n    <div>\n\t          <div class=\"rich-text\">\n        <strong class=\"d-block mb-5 h3\">Thomas Huser<\/strong>\n\t\t\t\t<p>Responsable technique<\/p>              <\/div>\n    <\/div>\n  <\/div>\n<\/div>        <\/div>\n\t\t\t        <div class=\"col-md-4 col-lg-3 mb-20 mb-md-50\">\n        <div class=\"employees\">\n  <div class=\"img-wrapper image-space-bottom\">\n\t\t<img width=\"610\" height=\"610\" src=\"https:\/\/www.mateco.ch\/wp-content\/uploads\/2023\/10\/tobias-leibundgut-610x610-1.jpg\" class=\"w-full h-auto\" alt=\"\" loading=\"lazy\" decoding=\"async\" srcset=\"https:\/\/www.mateco.ch\/wp-content\/uploads\/2023\/10\/tobias-leibundgut-610x610-1.jpg 610w, https:\/\/www.mateco.ch\/wp-content\/uploads\/2023\/10\/tobias-leibundgut-610x610-1-150x150.jpg 150w, https:\/\/www.mateco.ch\/wp-content\/uploads\/2023\/10\/tobias-leibundgut-610x610-1-300x300.jpg 300w\" sizes=\"auto, (max-width: 610px) 100vw, 610px\" \/>  <\/div>\n  <div class=\"content\">\n    <div>\n\t          <div class=\"rich-text\">\n        <strong class=\"d-block mb-5 h3\">Tobias Leibundgut<\/strong>\n\t\t\t\t<p>Responsable des ateliers et de l&rsquo;infrastructure<\/p>              <\/div>\n    <\/div>\n  <\/div>\n<\/div>        <\/div>\n\t\t\t        <div class=\"col-md-4 col-lg-3 mb-20 mb-md-50\">\n        <div class=\"employees\">\n  <div class=\"img-wrapper image-space-bottom\">\n\t\t<img width=\"610\" height=\"610\" src=\"https:\/\/www.mateco.ch\/wp-content\/uploads\/2025\/03\/Mathieu_Girard_610x610.jpg\" class=\"w-full h-auto\" alt=\"\" loading=\"lazy\" decoding=\"async\" srcset=\"https:\/\/www.mateco.ch\/wp-content\/uploads\/2025\/03\/Mathieu_Girard_610x610.jpg 610w, https:\/\/www.mateco.ch\/wp-content\/uploads\/2025\/03\/Mathieu_Girard_610x610-150x150.jpg 150w, https:\/\/www.mateco.ch\/wp-content\/uploads\/2025\/03\/Mathieu_Girard_610x610-300x300.jpg 300w\" sizes=\"auto, (max-width: 610px) 100vw, 610px\" \/>  <\/div>\n  <div class=\"content\">\n    <div>\n\t          <div class=\"rich-text\">\n        <strong class=\"d-block mb-5 h3\">Mathieu Girard<\/strong>\n\t\t\t\t<p>Responsable du service interne de la location Suisse romande<\/p>              <\/div>\n    <\/div>\n  <\/div>\n<\/div>        <\/div>\n\t\t\t        <div class=\"col-md-4 col-lg-3 mb-20 mb-md-50\">\n        <div class=\"employees\">\n  <div class=\"img-wrapper image-space-bottom\">\n\t\t<img width=\"610\" height=\"610\" src=\"https:\/\/www.mateco.ch\/wp-content\/uploads\/2026\/04\/Djordjevic_Jelena_610x610.jpg\" class=\"w-full h-auto\" alt=\"\" loading=\"lazy\" decoding=\"async\" srcset=\"https:\/\/www.mateco.ch\/wp-content\/uploads\/2026\/04\/Djordjevic_Jelena_610x610.jpg 610w, https:\/\/www.mateco.ch\/wp-content\/uploads\/2026\/04\/Djordjevic_Jelena_610x610-150x150.jpg 150w, https:\/\/www.mateco.ch\/wp-content\/uploads\/2026\/04\/Djordjevic_Jelena_610x610-300x300.jpg 300w\" sizes=\"auto, (max-width: 610px) 100vw, 610px\" \/>  <\/div>\n  <div class=\"content\">\n    <div>\n\t          <div class=\"rich-text\">\n        <strong class=\"d-block mb-5 h3\">Jelena Djordjevic<\/strong>\n\t\t\t\t<p>Responsable du service interne academy<\/p>              <\/div>\n    <\/div>\n  <\/div>\n<\/div>        <\/div>\n\t\t\t    <\/div>\n\t<\/div>\n\n\n<div class=\"container\">\n  <div class=\"row\">\n    <div class=\"col-md-4 offset-md-1\">\n\t            <div class=\"img-wrapper\">\n\t\t\t    <img width=\"610\" height=\"610\" src=\"https:\/\/www.mateco.ch\/wp-content\/uploads\/2024\/03\/patrick-moser-610x610-1.jpg\" class=\"h-100\" alt=\"\" loading=\"lazy\" decoding=\"async\" srcset=\"https:\/\/www.mateco.ch\/wp-content\/uploads\/2024\/03\/patrick-moser-610x610-1.jpg 610w, https:\/\/www.mateco.ch\/wp-content\/uploads\/2024\/03\/patrick-moser-610x610-1-150x150.jpg 150w, https:\/\/www.mateco.ch\/wp-content\/uploads\/2024\/03\/patrick-moser-610x610-1-300x300.jpg 300w\" sizes=\"auto, (max-width: 610px) 100vw, 610px\" \/>        <\/div>\n\t        <\/div>\n    <div class=\"col-md-6 d-flex align-items-center mt-30 mt-md-0\">\n\t    <div>\n\t\t    <h2 class=\"h2\">10 Questions \u00e0 : Patrick Moser<\/h2>\n\n\t\t    <div class=\"rich-text\"><p>CEO<\/p><\/div>\n\t\t              <div class=\"button-group justify-content-start mt-0\">\n\t\t\t\t    <a href=\"\/fr\/interviews\/?employee=5652\" target=\"\" title=\"Lire l\u2019entretien\" class=\"btn btn btn-bg-mateco_red mt-30 mt-md-60 \" >\n\n  \n      <span class=\"btn-text\">Lire l\u2019entretien<\/span>\n  \n  \n<\/a>\n          <\/div>\n\t\t          <\/div>\n    <\/div>\n  <\/div>\n<\/div>","protected":false},"excerpt":{"rendered":"","protected":false},"author":1,"featured_media":3066,"parent":6555,"menu_order":1,"comment_status":"closed","ping_status":"closed","template":"","meta":{"_acf_changed":false,"footnotes":""},"class_list":["post-6556","page","type-page","status-publish","has-post-thumbnail","hentry"],"acf":[],"yoast_head":"<title>La direction - mateco AG<\/title>\n<meta name=\"robots\" content=\"index, follow, max-snippet:-1, max-image-preview:large, max-video-preview:-1\" \/>\n<link rel=\"canonical\" href=\"https:\/\/www.mateco.ch\/fr\/societe\/la-direction\/\" \/>\n<meta property=\"og:locale\" content=\"fr_FR\" \/>\n<meta property=\"og:type\" content=\"article\" \/>\n<meta property=\"og:title\" content=\"La direction - mateco AG\" \/>\n<meta property=\"og:url\" content=\"https:\/\/www.mateco.ch\/fr\/societe\/la-direction\/\" \/>\n<meta property=\"og:site_name\" content=\"mateco AG\" \/>\n<meta property=\"article:modified_time\" content=\"2026-08-28T09:06:16+00:00\" \/>\n<meta property=\"og:image\" content=\"https:\/\/www.mateco.ch\/wp-content\/uploads\/2024\/02\/bild_gl.png\" \/>\n\t<meta property=\"og:image:width\" content=\"997\" \/>\n\t<meta property=\"og:image:height\" content=\"997\" \/>\n\t<meta property=\"og:image:type\" content=\"image\/png\" \/>\n<meta name=\"twitter:card\" content=\"summary_large_image\" \/>\n<script type=\"application\/ld+json\" class=\"yoast-schema-graph\">{\"@context\":\"https:\\\/\\\/schema.org\",\"@graph\":[{\"@type\":\"WebPage\",\"@id\":\"https:\\\/\\\/www.mateco.ch\\\/fr\\\/societe\\\/la-direction\\\/\",\"url\":\"https:\\\/\\\/www.mateco.ch\\\/fr\\\/societe\\\/la-direction\\\/\",\"name\":\"La direction - mateco AG\",\"isPartOf\":{\"@id\":\"https:\\\/\\\/www.mateco.ch\\\/fr\\\/#website\"},\"primaryImageOfPage\":{\"@id\":\"https:\\\/\\\/www.mateco.ch\\\/fr\\\/societe\\\/la-direction\\\/#primaryimage\"},\"image\":{\"@id\":\"https:\\\/\\\/www.mateco.ch\\\/fr\\\/societe\\\/la-direction\\\/#primaryimage\"},\"thumbnailUrl\":\"https:\\\/\\\/www.mateco.ch\\\/wp-content\\\/uploads\\\/2024\\\/02\\\/bild_gl.png\",\"datePublished\":\"2024-02-12T08:03:09+00:00\",\"dateModified\":\"2026-08-28T09:06:16+00:00\",\"breadcrumb\":{\"@id\":\"https:\\\/\\\/www.mateco.ch\\\/fr\\\/societe\\\/la-direction\\\/#breadcrumb\"},\"inLanguage\":\"fr-FR\",\"potentialAction\":[{\"@type\":\"ReadAction\",\"target\":[\"https:\\\/\\\/www.mateco.ch\\\/fr\\\/societe\\\/la-direction\\\/\"]}]},{\"@type\":\"ImageObject\",\"inLanguage\":\"fr-FR\",\"@id\":\"https:\\\/\\\/www.mateco.ch\\\/fr\\\/societe\\\/la-direction\\\/#primaryimage\",\"url\":\"https:\\\/\\\/www.mateco.ch\\\/wp-content\\\/uploads\\\/2024\\\/02\\\/bild_gl.png\",\"contentUrl\":\"https:\\\/\\\/www.mateco.ch\\\/wp-content\\\/uploads\\\/2024\\\/02\\\/bild_gl.png\",\"width\":997,\"height\":997},{\"@type\":\"BreadcrumbList\",\"@id\":\"https:\\\/\\\/www.mateco.ch\\\/fr\\\/societe\\\/la-direction\\\/#breadcrumb\",\"itemListElement\":[{\"@type\":\"ListItem\",\"position\":1,\"name\":\"Home\",\"item\":\"https:\\\/\\\/www.mateco.ch\\\/fr\\\/home\\\/\"},{\"@type\":\"ListItem\",\"position\":2,\"name\":\"Soci\u00e9t\u00e9\",\"item\":\"https:\\\/\\\/www.mateco.ch\\\/fr\\\/societe\\\/\"},{\"@type\":\"ListItem\",\"position\":3,\"name\":\"La direction\"}]},{\"@type\":\"WebSite\",\"@id\":\"https:\\\/\\\/www.mateco.ch\\\/fr\\\/#website\",\"url\":\"https:\\\/\\\/www.mateco.ch\\\/fr\\\/\",\"name\":\"mateco AG\",\"description\":\"Ihr kompetenter Partner  rund um Arbeitsb\u00fchnen\",\"publisher\":{\"@id\":\"https:\\\/\\\/www.mateco.ch\\\/fr\\\/#organization\"},\"potentialAction\":[{\"@type\":\"SearchAction\",\"target\":{\"@type\":\"EntryPoint\",\"urlTemplate\":\"https:\\\/\\\/www.mateco.ch\\\/fr\\\/?s={search_term_string}\"},\"query-input\":{\"@type\":\"PropertyValueSpecification\",\"valueRequired\":true,\"valueName\":\"search_term_string\"}}],\"inLanguage\":\"fr-FR\"},{\"@type\":\"Organization\",\"@id\":\"https:\\\/\\\/www.mateco.ch\\\/fr\\\/#organization\",\"name\":\"mateco AG\",\"url\":\"https:\\\/\\\/www.mateco.ch\\\/fr\\\/\",\"logo\":{\"@type\":\"ImageObject\",\"inLanguage\":\"fr-FR\",\"@id\":\"https:\\\/\\\/www.mateco.ch\\\/fr\\\/#\\\/schema\\\/logo\\\/image\\\/\",\"url\":\"https:\\\/\\\/www.mateco.ch\\\/wp-content\\\/uploads\\\/2026\\\/07\\\/mateco_logo-scaled.png\",\"contentUrl\":\"https:\\\/\\\/www.mateco.ch\\\/wp-content\\\/uploads\\\/2026\\\/07\\\/mateco_logo-scaled.png\",\"width\":2560,\"height\":653,\"caption\":\"mateco AG\"},\"image\":{\"@id\":\"https:\\\/\\\/www.mateco.ch\\\/fr\\\/#\\\/schema\\\/logo\\\/image\\\/\"}}]}<\/script>","yoast_head_json":{"title":"La direction - mateco AG","robots":{"index":"index","follow":"follow","max-snippet":"max-snippet:-1","max-image-preview":"max-image-preview:large","max-video-preview":"max-video-preview:-1"},"canonical":"https:\/\/www.mateco.ch\/fr\/societe\/la-direction\/","og_locale":"fr_FR","og_type":"article","og_title":"La direction - mateco AG","og_url":"https:\/\/www.mateco.ch\/fr\/societe\/la-direction\/","og_site_name":"mateco AG","article_modified_time":"2026-08-28T09:06:16+00:00","og_image":[{"width":997,"height":997,"url":"https:\/\/www.mateco.ch\/wp-content\/uploads\/2024\/02\/bild_gl.png","type":"image\/png"}],"twitter_card":"summary_large_image","schema":{"@context":"https:\/\/schema.org","@graph":[{"@type":"WebPage","@id":"https:\/\/www.mateco.ch\/fr\/societe\/la-direction\/","url":"https:\/\/www.mateco.ch\/fr\/societe\/la-direction\/","name":"La direction - mateco AG","isPartOf":{"@id":"https:\/\/www.mateco.ch\/fr\/#website"},"primaryImageOfPage":{"@id":"https:\/\/www.mateco.ch\/fr\/societe\/la-direction\/#primaryimage"},"image":{"@id":"https:\/\/www.mateco.ch\/fr\/societe\/la-direction\/#primaryimage"},"thumbnailUrl":"https:\/\/www.mateco.ch\/wp-content\/uploads\/2024\/02\/bild_gl.png","datePublished":"2024-02-12T08:03:09+00:00","dateModified":"2026-08-28T09:06:16+00:00","breadcrumb":{"@id":"https:\/\/www.mateco.ch\/fr\/societe\/la-direction\/#breadcrumb"},"inLanguage":"fr-FR","potentialAction":[{"@type":"ReadAction","target":["https:\/\/www.mateco.ch\/fr\/societe\/la-direction\/"]}]},{"@type":"ImageObject","inLanguage":"fr-FR","@id":"https:\/\/www.mateco.ch\/fr\/societe\/la-direction\/#primaryimage","url":"https:\/\/www.mateco.ch\/wp-content\/uploads\/2024\/02\/bild_gl.png","contentUrl":"https:\/\/www.mateco.ch\/wp-content\/uploads\/2024\/02\/bild_gl.png","width":997,"height":997},{"@type":"BreadcrumbList","@id":"https:\/\/www.mateco.ch\/fr\/societe\/la-direction\/#breadcrumb","itemListElement":[{"@type":"ListItem","position":1,"name":"Home","item":"https:\/\/www.mateco.ch\/fr\/home\/"},{"@type":"ListItem","position":2,"name":"Soci\u00e9t\u00e9","item":"https:\/\/www.mateco.ch\/fr\/societe\/"},{"@type":"ListItem","position":3,"name":"La direction"}]},{"@type":"WebSite","@id":"https:\/\/www.mateco.ch\/fr\/#website","url":"https:\/\/www.mateco.ch\/fr\/","name":"mateco AG","description":"Ihr kompetenter Partner  rund um Arbeitsb\u00fchnen","publisher":{"@id":"https:\/\/www.mateco.ch\/fr\/#organization"},"potentialAction":[{"@type":"SearchAction","target":{"@type":"EntryPoint","urlTemplate":"https:\/\/www.mateco.ch\/fr\/?s={search_term_string}"},"query-input":{"@type":"PropertyValueSpecification","valueRequired":true,"valueName":"search_term_string"}}],"inLanguage":"fr-FR"},{"@type":"Organization","@id":"https:\/\/www.mateco.ch\/fr\/#organization","name":"mateco AG","url":"https:\/\/www.mateco.ch\/fr\/","logo":{"@type":"ImageObject","inLanguage":"fr-FR","@id":"https:\/\/www.mateco.ch\/fr\/#\/schema\/logo\/image\/","url":"https:\/\/www.mateco.ch\/wp-content\/uploads\/2026\/07\/mateco_logo-scaled.png","contentUrl":"https:\/\/www.mateco.ch\/wp-content\/uploads\/2026\/07\/mateco_logo-scaled.png","width":2560,"height":653,"caption":"mateco AG"},"image":{"@id":"https:\/\/www.mateco.ch\/fr\/#\/schema\/logo\/image\/"}}]}},"_links":{"self":[{"href":"https:\/\/www.mateco.ch\/fr\/wp-json\/wp\/v2\/pages\/6556","targetHints":{"allow":["GET"]}}],"collection":[{"href":"https:\/\/www.mateco.ch\/fr\/wp-json\/wp\/v2\/pages"}],"about":[{"href":"https:\/\/www.mateco.ch\/fr\/wp-json\/wp\/v2\/types\/page"}],"author":[{"embeddable":true,"href":"https:\/\/www.mateco.ch\/fr\/wp-json\/wp\/v2\/users\/1"}],"replies":[{"embeddable":true,"href":"https:\/\/www.mateco.ch\/fr\/wp-json\/wp\/v2\/comments?post=6556"}],"version-history":[{"count":25,"href":"https:\/\/www.mateco.ch\/fr\/wp-json\/wp\/v2\/pages\/6556\/revisions"}],"predecessor-version":[{"id":15113,"href":"https:\/\/www.mateco.ch\/fr\/wp-json\/wp\/v2\/pages\/6556\/revisions\/15113"}],"up":[{"embeddable":true,"href":"https:\/\/www.mateco.ch\/fr\/wp-json\/wp\/v2\/pages\/6555"}],"wp:featuredmedia":[{"embeddable":true,"href":"https:\/\/www.mateco.ch\/fr\/wp-json\/wp\/v2\/media\/3066"}],"wp:attachment":[{"href":"https:\/\/www.mateco.ch\/fr\/wp-json\/wp\/v2\/media?parent=6556"}],"curies":[{"name":"wp","href":"https:\/\/api.w.org\/{rel}","templated":true}]}}