{"id":6557,"date":"2024-02-12T09:04:00","date_gmt":"2024-02-12T08:04:00","guid":{"rendered":"https:\/\/staging.maltech.ch\/unternehmen\/referenzen\/"},"modified":"2026-08-26T16:39:32","modified_gmt":"2026-08-26T14:39:32","slug":"references","status":"publish","type":"page","link":"https:\/\/www.mateco.ch\/fr\/societe\/references\/","title":{"rendered":"R\u00e9f\u00e9rences"},"content":{"rendered":"<div class=\"container\">\n  <div class=\"row\">\n    <div class=\"col-md-10 offset-md-1 d-flex flex-column align-items-center text-center\">\n\n\t    <svg class=\"camera icon deco-icon\" xmlns=\"http:\/\/www.w3.org\/2000\/svg\" viewBox=\"0 0 1024 886.285\">\n  <path d=\"m953.097,111.808h0c39.542,0,70.903,32.725,70.903,70.903v632.671c0,39.542-32.724,70.903-70.903,70.903H70.903c-39.542,0-70.903-32.724-70.903-70.903V182.711c0-39.542,32.724-70.903,70.903-70.903h29.997V46.36h169.076v65.448h58.631C342.242,73.63,379.057,0,459.505,0h106.354c80.447,0,117.262,73.63,130.897,111.808h256.341M460.868,42.269h0c-47.723,0-73.63,39.542-87.265,70.903h280.884c-13.635-29.998-40.905-70.903-87.265-70.903h-106.354m-319.062,44.996h0v24.543h88.628v-24.543h-88.628m841.289,729.481h1.363V182.711c0-16.362-13.635-29.997-29.997-29.997H72.266c-16.362,0-29.997,13.635-29.997,29.997v634.035c0,16.362,13.635,29.997,29.997,29.997h880.831c16.362,0,29.998-13.635,29.998-29.997M512.682,245.433h0c140.442,0,253.614,115.899,253.614,254.977s-113.172,253.614-253.614,253.614-253.614-115.899-253.614-254.977,113.172-253.614,253.614-253.614m0,467.686h0c117.262,0,212.708-95.447,212.708-212.709s-95.446-212.708-212.708-212.708-212.709,95.446-212.709,212.708,95.446,212.709,212.709,212.709m286.338-94.083h0c32.724,0,59.995,27.27,59.995,59.995s-27.271,59.994-59.995,59.994-59.995-27.27-59.995-59.994,27.271-59.995,59.995-59.995m0,80.447h0c9.545,0,19.089-8.181,19.089-19.089s-8.181-19.089-19.089-19.089-19.089,8.181-19.089,19.089,8.181,19.089,19.089,19.089m-286.338-358.604h0c87.265,0,158.168,70.903,158.168,158.168s-70.903,158.167-158.168,158.167-158.168-70.902-158.168-158.167,70.903-158.168,158.168-158.168m0,275.43h0c64.085,0,117.262-53.177,117.262-117.262s-53.177-117.263-117.262-117.263-117.263,53.177-117.263,117.263,53.178,117.262,117.263,117.262\" stroke-width=\"0\"\/>\n<\/svg>\n      <h1 class=\"h2\">mateco part en mission<\/h1>\n\n\t            <div class=\"rich-text lead big-space-between\">\n\t\t\t    <p>mateco fait prendre de la hauteur \u00e0 la Suisse enti\u00e8re \u2013 et elle est constamment en mission dans des endroits spectaculaires. Que ce soit la r\u00e9novation d\u2019un tunnel soumise \u00e0 un \u00e9ch\u00e9ancier tr\u00e8s pr\u00e9cis ou encore les travaux d\u00e9licats sur un \u00e9difice historique: d\u00e9couvre nos op\u00e9rations quotidiennes au c\u0153ur de l\u2019action.<\/p>\n        <\/div>\n\t    \n\t    \n    <\/div>\n  <\/div>\n<\/div>\n\n\n<div id=\"reference-overview-content\" class=\"overview-content max-10\">\n  <div class=\"container\">\n\t  <div class=\"row references-teaser-row teaser-row \" data-filterable data-category=\"\">\n\n  <div class=\"col-md-6\">\n    <a href=\"https:\/\/www.mateco.ch\/fr\/societe\/references\/technique-du-batiment-buttisholz-lu\/\" class=\"img-wrapper picture-animation position-relative\" aria-label=\"Aller \u00e0 Technique du b\u00e2timent, Buttisholz LU\">\n\t\t\t<img width=\"1024\" height=\"1024\" src=\"https:\/\/www.mateco.ch\/wp-content\/uploads\/2026\/04\/anzeigebild-2.jpg\" class=\"w-full h-full object-cover\" alt=\"\" loading=\"lazy\" decoding=\"async\" srcset=\"https:\/\/www.mateco.ch\/wp-content\/uploads\/2026\/04\/anzeigebild-2.jpg 1024w, https:\/\/www.mateco.ch\/wp-content\/uploads\/2026\/04\/anzeigebild-2-150x150.jpg 150w, https:\/\/www.mateco.ch\/wp-content\/uploads\/2026\/04\/anzeigebild-2-300x300.jpg 300w, https:\/\/www.mateco.ch\/wp-content\/uploads\/2026\/04\/anzeigebild-2-768x768.jpg 768w\" sizes=\"auto, (max-width: 1024px) 100vw, 1024px\" \/>\n\t\t<aside class=\"reference-rebrand-notice reference-rebrand-notice--overview\" aria-label=\"Note concernant le changement de raison sociale\">\n\t<span class=\"reference-rebrand-notice__eyebrow\">Maltech est mateco.<\/span>\n\t<strong class=\"reference-rebrand-notice__title\">Tout reste meilleur.<\/strong>\n<\/aside>\n    <\/a>\n  <\/div>\n\n  <div class=\"col-md-5 offset-md-1 pt-20 py-md-40 d-flex align-items-center\">\n\n    <div class=\"content\">\n\t\t\t\n\t\t\t<h2 class=\"h3\">Technique du b\u00e2timent, Buttisholz LU<\/h2>\n\n      <div class=\"rich-text\">\n\t\t\t\tCertains projets sont tout sauf classiques, \u00e0 l&rsquo;image du nettoyage de l&rsquo;\u00e9glise de Buttisholz. Des man\u0153uvres au millim\u00e8tre pr\u00e8s, un espace restreint et l&rsquo;utilisation d\u2019un \u00e9l\u00e9vateur \u00e0 nacelle t\u00e9lescopique articul\u00e9 HR 17 NE ont fait de cette mission un v\u00e9ritable d\u00e9fi. D\u00e9couvrez dans ce reportage passionnant comment l&rsquo;\u00e9quipe a relev\u00e9 ce d\u00e9fi, quel r\u00f4le joue le choix du bon \u00e9quipement et pourquoi l&rsquo;exp\u00e9rience est ici indispensable.      <\/div>\n\n\t\t\t<div class=\"button-group\">\n\t<a href=\"https:\/\/www.mateco.ch\/fr\/societe\/references\/technique-du-batiment-buttisholz-lu\/\" target=\"\" title=\"Lire plus\" class=\"btn btn-bg-mateco_red text \" >\n\n  \n      <span class=\"btn-text\">Lire plus<span class=\"visually-hidden\">: Technique du b\u00e2timent, Buttisholz LU<\/span><\/span>\n  \n  \n<\/a>\n<\/div>\n    <\/div>\n\n  <\/div>\n\n<\/div>\n<div class=\"row references-teaser-row teaser-row  flex-row-reverse\" data-filterable data-category=\"\">\n\n  <div class=\"col-md-6 offset-md-1\">\n    <a href=\"https:\/\/www.mateco.ch\/fr\/societe\/references\/technique-du-batiment-winterthour\/\" class=\"img-wrapper picture-animation position-relative\" aria-label=\"Aller \u00e0 Technique du b\u00e2timent, Winterthour\">\n\t\t\t<img width=\"1024\" height=\"1024\" src=\"https:\/\/www.mateco.ch\/wp-content\/uploads\/2026\/01\/FullSizeRender-1-3-1024x1024.jpg\" class=\"w-full h-full object-cover\" alt=\"\" loading=\"lazy\" decoding=\"async\" srcset=\"https:\/\/www.mateco.ch\/wp-content\/uploads\/2026\/01\/FullSizeRender-1-3-e1769090774941.jpg 1024w, https:\/\/www.mateco.ch\/wp-content\/uploads\/2026\/01\/FullSizeRender-1-3-150x150.jpg 150w, https:\/\/www.mateco.ch\/wp-content\/uploads\/2026\/01\/FullSizeRender-1-3-300x300.jpg 300w, https:\/\/www.mateco.ch\/wp-content\/uploads\/2026\/01\/FullSizeRender-1-3-768x768.jpg 768w\" sizes=\"auto, (max-width: 1024px) 100vw, 1024px\" \/>\n\t\t<aside class=\"reference-rebrand-notice reference-rebrand-notice--overview\" aria-label=\"Note concernant le changement de raison sociale\">\n\t<span class=\"reference-rebrand-notice__eyebrow\">Maltech est mateco.<\/span>\n\t<strong class=\"reference-rebrand-notice__title\">Tout reste meilleur.<\/strong>\n<\/aside>\n    <\/a>\n  <\/div>\n\n  <div class=\"col-md-5 pt-20 py-md-40 d-flex align-items-center\">\n\n    <div class=\"content\">\n\t\t\t\n\t\t\t<h2 class=\"h3\">Technique du b\u00e2timent, Winterthour<\/h2>\n\n      <div class=\"rich-text\">\n\t\t\t\tQuand un b\u00e2timent s&rsquo;oriente vers le soleil, c&rsquo;est le fruit d&rsquo;un travail d&rsquo;ing\u00e9nierie consid\u00e9rable. Dans le nouveau b\u00e2timent \u00ab Diamant \u00bb de KELLER Druckmesstechnik SA \u00e0 Winterthour, Z\u00fcrich Soft Robotics installe une fa\u00e7ade solaire adaptative qui ajuste dynamiquement sa position en fonction de la lumi\u00e8re et de l&rsquo;environnement. La pr\u00e9cision \u00e0 toutes les hauteurs est ici d\u00e9terminante, et c&rsquo;est pr\u00e9cis\u00e9ment l\u00e0 qu&rsquo;interviennent les \u00e9l\u00e9vateurs \u00e0 nacelle articul\u00e9s t\u00e9lescopiques de mateco. Samuel Bernet, responsable de la production et de l&rsquo;installation chez Z\u00fcrich Soft Robotics, explique pourquoi ce projet est une \u00e9tape importante.       <\/div>\n\n\t\t\t<div class=\"button-group\">\n\t<a href=\"https:\/\/www.mateco.ch\/fr\/societe\/references\/technique-du-batiment-winterthour\/\" target=\"\" title=\"Lire plus\" class=\"btn btn-bg-mateco_red text \" >\n\n  \n      <span class=\"btn-text\">Lire plus<span class=\"visually-hidden\">: Technique du b\u00e2timent, Winterthour<\/span><\/span>\n  \n  \n<\/a>\n<\/div>\n    <\/div>\n\n  <\/div>\n\n<\/div>\n<div class=\"row references-teaser-row teaser-row \" data-filterable data-category=\"\">\n\n  <div class=\"col-md-6\">\n    <a href=\"https:\/\/www.mateco.ch\/fr\/societe\/references\/hebebuehnen-schulung-iss-facility-services-ag\/\" class=\"img-wrapper picture-animation position-relative\" aria-label=\"Aller \u00e0 Formation, ISS Facility Services SA\">\n\t\t\t<img width=\"1024\" height=\"576\" src=\"https:\/\/www.mateco.ch\/wp-content\/uploads\/2025\/10\/Schulung_ISS_93-Lernende-Maltech-23_bearbeitet-1-1024x576.jpg\" class=\"w-full h-full object-cover\" alt=\"\" loading=\"lazy\" decoding=\"async\" srcset=\"https:\/\/www.mateco.ch\/wp-content\/uploads\/2025\/10\/Schulung_ISS_93-Lernende-Maltech-23_bearbeitet-1-1024x576.jpg 1024w, https:\/\/www.mateco.ch\/wp-content\/uploads\/2025\/10\/Schulung_ISS_93-Lernende-Maltech-23_bearbeitet-1-300x169.jpg 300w, https:\/\/www.mateco.ch\/wp-content\/uploads\/2025\/10\/Schulung_ISS_93-Lernende-Maltech-23_bearbeitet-1-768x432.jpg 768w, https:\/\/www.mateco.ch\/wp-content\/uploads\/2025\/10\/Schulung_ISS_93-Lernende-Maltech-23_bearbeitet-1-1536x864.jpg 1536w, https:\/\/www.mateco.ch\/wp-content\/uploads\/2025\/10\/Schulung_ISS_93-Lernende-Maltech-23_bearbeitet-1-2048x1152.jpg 2048w\" sizes=\"auto, (max-width: 1024px) 100vw, 1024px\" \/>\n\t\t<aside class=\"reference-rebrand-notice reference-rebrand-notice--overview\" aria-label=\"Note concernant le changement de raison sociale\">\n\t<span class=\"reference-rebrand-notice__eyebrow\">Maltech est mateco.<\/span>\n\t<strong class=\"reference-rebrand-notice__title\">Tout reste meilleur.<\/strong>\n<\/aside>\n    <\/a>\n  <\/div>\n\n  <div class=\"col-md-5 offset-md-1 pt-20 py-md-40 d-flex align-items-center\">\n\n    <div class=\"content\">\n\t\t\t\n\t\t\t<h2 class=\"h3\">Formation, ISS Facility Services SA<\/h2>\n\n      <div class=\"rich-text\">\n\t\t\t\tL&rsquo;entr\u00e9e dans la vie professionnelle comporte de nombreux d\u00e9fis, et parfois m\u00eame des hauteurs vertigineuses. Pour les apprentis d&rsquo;ISS Facility Services AG, une formation sur les \u00e9l\u00e9vateurs \u00e0 nacelle chez mateco fait partie de la semaine d&rsquo;introduction. Slavischa Nikolic, responsable Young Talents chez ISS Suisse, explique pourquoi cette journ\u00e9e permet non seulement d&rsquo;acqu\u00e9rir des connaissances en mati\u00e8re de s\u00e9curit\u00e9, mais aussi de renforcer la confiance en soi.      <\/div>\n\n\t\t\t<div class=\"button-group\">\n\t<a href=\"https:\/\/www.mateco.ch\/fr\/societe\/references\/hebebuehnen-schulung-iss-facility-services-ag\/\" target=\"\" title=\"Lire plus\" class=\"btn btn-bg-mateco_red text \" >\n\n  \n      <span class=\"btn-text\">Lire plus<span class=\"visually-hidden\">: Formation, ISS Facility Services SA<\/span><\/span>\n  \n  \n<\/a>\n<\/div>\n    <\/div>\n\n  <\/div>\n\n<\/div>\n<div class=\"row references-teaser-row teaser-row  flex-row-reverse\" data-filterable data-category=\"\">\n\n  <div class=\"col-md-6 offset-md-1\">\n    <a href=\"https:\/\/www.mateco.ch\/fr\/societe\/references\/plateformes-elevatrices-construction-metallique-zurich-hb-cff\/\" class=\"img-wrapper picture-animation position-relative\" aria-label=\"Aller \u00e0 Construction m\u00e9tallique, Zurich\">\n\t\t\t<img width=\"1024\" height=\"683\" src=\"https:\/\/www.mateco.ch\/wp-content\/uploads\/2025\/08\/Hans-Gassler-AG_A7R4905-1-1024x683.jpg\" class=\"w-full h-full object-cover\" alt=\"\" loading=\"lazy\" decoding=\"async\" srcset=\"https:\/\/www.mateco.ch\/wp-content\/uploads\/2025\/08\/Hans-Gassler-AG_A7R4905-1-1024x683.jpg 1024w, https:\/\/www.mateco.ch\/wp-content\/uploads\/2025\/08\/Hans-Gassler-AG_A7R4905-1-300x200.jpg 300w, https:\/\/www.mateco.ch\/wp-content\/uploads\/2025\/08\/Hans-Gassler-AG_A7R4905-1-768x512.jpg 768w\" sizes=\"auto, (max-width: 1024px) 100vw, 1024px\" \/>\n\t\t<aside class=\"reference-rebrand-notice reference-rebrand-notice--overview\" aria-label=\"Note concernant le changement de raison sociale\">\n\t<span class=\"reference-rebrand-notice__eyebrow\">Maltech est mateco.<\/span>\n\t<strong class=\"reference-rebrand-notice__title\">Tout reste meilleur.<\/strong>\n<\/aside>\n    <\/a>\n  <\/div>\n\n  <div class=\"col-md-5 pt-20 py-md-40 d-flex align-items-center\">\n\n    <div class=\"content\">\n\t\t\t\n\t\t\t<h2 class=\"h3\">Construction m\u00e9tallique, Zurich<\/h2>\n\n      <div class=\"rich-text\">\n\t\t\t\tLorsque les derniers trains quittent la gare centrale de Zurich, Labinot Jolla commence son service. Le responsable de la protection anticorrosion chez Hans Gassler SA est charg\u00e9 de la r\u00e9novation complexe de la structure m\u00e9tallique historique, \u00e0 une hauteur pouvant attein-dre 14 m\u00e8tres et dans des d\u00e9lais tr\u00e8s courts. Dans cette interview, cet homme de 36 ans explique pourquoi chaque minute compte et quel r\u00f4le joue mateco dans ce projet.      <\/div>\n\n\t\t\t<div class=\"button-group\">\n\t<a href=\"https:\/\/www.mateco.ch\/fr\/societe\/references\/plateformes-elevatrices-construction-metallique-zurich-hb-cff\/\" target=\"\" title=\"Lire plus\" class=\"btn btn-bg-mateco_red text \" >\n\n  \n      <span class=\"btn-text\">Lire plus<span class=\"visually-hidden\">: Construction m\u00e9tallique, Zurich<\/span><\/span>\n  \n  \n<\/a>\n<\/div>\n    <\/div>\n\n  <\/div>\n\n<\/div>\n<div class=\"row references-teaser-row teaser-row \" data-filterable data-category=\"\">\n\n  <div class=\"col-md-6\">\n    <a href=\"https:\/\/www.mateco.ch\/fr\/societe\/references\/plateformes-elevatrices-construction-en-bois-uznach\/\" class=\"img-wrapper picture-animation position-relative\" aria-label=\"Aller \u00e0 Toiture pour entrep\u00f4t \u00e0 fumier, Uznach\">\n\t\t\t<img width=\"768\" height=\"1024\" src=\"https:\/\/www.mateco.ch\/wp-content\/uploads\/2025\/09\/W-Rueegg-AG_IMG_0919_bearbeitet-1-768x1024.jpeg\" class=\"w-full h-full object-cover\" alt=\"\" loading=\"lazy\" decoding=\"async\" srcset=\"https:\/\/www.mateco.ch\/wp-content\/uploads\/2025\/09\/W-Rueegg-AG_IMG_0919_bearbeitet-1-768x1024.jpeg 768w, https:\/\/www.mateco.ch\/wp-content\/uploads\/2025\/09\/W-Rueegg-AG_IMG_0919_bearbeitet-1-225x300.jpeg 225w, https:\/\/www.mateco.ch\/wp-content\/uploads\/2025\/09\/W-Rueegg-AG_IMG_0919_bearbeitet-1-1152x1536.jpeg 1152w, https:\/\/www.mateco.ch\/wp-content\/uploads\/2025\/09\/W-Rueegg-AG_IMG_0919_bearbeitet-1-1536x2048.jpeg 1536w, https:\/\/www.mateco.ch\/wp-content\/uploads\/2025\/09\/W-Rueegg-AG_IMG_0919_bearbeitet-1-scaled.jpeg 1920w\" sizes=\"auto, (max-width: 768px) 100vw, 768px\" \/>\n\t\t<aside class=\"reference-rebrand-notice reference-rebrand-notice--overview\" aria-label=\"Note concernant le changement de raison sociale\">\n\t<span class=\"reference-rebrand-notice__eyebrow\">Maltech est mateco.<\/span>\n\t<strong class=\"reference-rebrand-notice__title\">Tout reste meilleur.<\/strong>\n<\/aside>\n    <\/a>\n  <\/div>\n\n  <div class=\"col-md-5 offset-md-1 pt-20 py-md-40 d-flex align-items-center\">\n\n    <div class=\"content\">\n\t\t\t\n\t\t\t<h2 class=\"h3\">Toiture pour entrep\u00f4t \u00e0 fumier, Uznach<\/h2>\n\n      <div class=\"rich-text\">\n\t\t\t\tUn objet original : toiture d&rsquo;un entrep\u00f4t \u00e0 fumier et abri pour veaux. W. R\u00fcegg AG \u00e9tait charg\u00e9e ici de lier et d&rsquo;\u00e9riger les constructions des murs, du sol et du toit. Ce n&rsquo;\u00e9tait pas une t\u00e2che facile, car le sol \u00e0 l&rsquo;int\u00e9rieur et autour du b\u00e2timent \u00e9tait tr\u00e8s irr\u00e9gulier et n\u00e9cessitait une machine sp\u00e9ciale.      <\/div>\n\n\t\t\t<div class=\"button-group\">\n\t<a href=\"https:\/\/www.mateco.ch\/fr\/societe\/references\/plateformes-elevatrices-construction-en-bois-uznach\/\" target=\"\" title=\"Lire plus\" class=\"btn btn-bg-mateco_red text \" >\n\n  \n      <span class=\"btn-text\">Lire plus<span class=\"visually-hidden\">: Toiture pour entrep\u00f4t \u00e0 fumier, Uznach<\/span><\/span>\n  \n  \n<\/a>\n<\/div>\n    <\/div>\n\n  <\/div>\n\n<\/div>\n<div class=\"row references-teaser-row teaser-row  flex-row-reverse\" data-filterable data-category=\"\">\n\n  <div class=\"col-md-6 offset-md-1\">\n    <a href=\"https:\/\/www.mateco.ch\/fr\/societe\/references\/plateformes-elevatrices-art-basel\/\" class=\"img-wrapper picture-animation position-relative\" aria-label=\"Aller \u00e0 Construction de foire, B\u00e2le\">\n\t\t\t<img width=\"1024\" height=\"592\" src=\"https:\/\/www.mateco.ch\/wp-content\/uploads\/2025\/08\/IMG_0294_bearbeitet-1024x592.jpg\" class=\"w-full h-full object-cover\" alt=\"\" loading=\"lazy\" decoding=\"async\" srcset=\"https:\/\/www.mateco.ch\/wp-content\/uploads\/2025\/08\/IMG_0294_bearbeitet-1024x592.jpg 1024w, https:\/\/www.mateco.ch\/wp-content\/uploads\/2025\/08\/IMG_0294_bearbeitet-1536x888.jpg 1536w, https:\/\/www.mateco.ch\/wp-content\/uploads\/2025\/08\/IMG_0294_bearbeitet-300x174.jpg 300w, https:\/\/www.mateco.ch\/wp-content\/uploads\/2025\/08\/IMG_0294_bearbeitet-768x444.jpg 768w, https:\/\/www.mateco.ch\/wp-content\/uploads\/2025\/08\/IMG_0294_bearbeitet-2048x1185.jpg 2048w\" sizes=\"auto, (max-width: 1024px) 100vw, 1024px\" \/>\n\t\t<aside class=\"reference-rebrand-notice reference-rebrand-notice--overview\" aria-label=\"Note concernant le changement de raison sociale\">\n\t<span class=\"reference-rebrand-notice__eyebrow\">Maltech est mateco.<\/span>\n\t<strong class=\"reference-rebrand-notice__title\">Tout reste meilleur.<\/strong>\n<\/aside>\n    <\/a>\n  <\/div>\n\n  <div class=\"col-md-5 pt-20 py-md-40 d-flex align-items-center\">\n\n    <div class=\"content\">\n\t\t\t\n\t\t\t<h2 class=\"h3\">Construction de foire, B\u00e2le<\/h2>\n\n      <div class=\"rich-text\">\n\t\t\t\tDes plateformes \u00e9l\u00e9vatrices parmi les chefs-d\u2019\u0153uvre. Comment mateco facilite le montage et le d\u00e9montage \u00e0 Art Basel et garantit encore plus d\u2019efficacit\u00e9 gr\u00e2ce \u00e0 un nouveau stand. Martin Etter, responsable Key Account Management chez mateco, explique comment cela fonctionne.      <\/div>\n\n\t\t\t<div class=\"button-group\">\n\t<a href=\"https:\/\/www.mateco.ch\/fr\/societe\/references\/plateformes-elevatrices-art-basel\/\" target=\"\" title=\"Lire plus\" class=\"btn btn-bg-mateco_red text \" >\n\n  \n      <span class=\"btn-text\">Lire plus<span class=\"visually-hidden\">: Construction de foire, B\u00e2le<\/span><\/span>\n  \n  \n<\/a>\n<\/div>\n    <\/div>\n\n  <\/div>\n\n<\/div>\n<div class=\"row references-teaser-row teaser-row \" data-filterable data-category=\"\">\n\n  <div class=\"col-md-6\">\n    <a href=\"https:\/\/www.mateco.ch\/fr\/societe\/references\/formation-plates-formes-elevatrices-muenchenstein-bl\/\" class=\"img-wrapper picture-animation position-relative\" aria-label=\"Aller \u00e0 Formation, M\u00fcnchenstein BL\">\n\t\t\t<img width=\"1024\" height=\"682\" src=\"https:\/\/www.mateco.ch\/wp-content\/uploads\/2025\/06\/BG-Schulung_034_Bossard-Geiser-1024x682.jpg\" class=\"w-full h-full object-cover\" alt=\"\" loading=\"lazy\" decoding=\"async\" srcset=\"https:\/\/www.mateco.ch\/wp-content\/uploads\/2025\/06\/BG-Schulung_034_Bossard-Geiser-1024x682.jpg 1024w, https:\/\/www.mateco.ch\/wp-content\/uploads\/2025\/06\/BG-Schulung_034_Bossard-Geiser-300x200.jpg 300w, https:\/\/www.mateco.ch\/wp-content\/uploads\/2025\/06\/BG-Schulung_034_Bossard-Geiser-768x512.jpg 768w, https:\/\/www.mateco.ch\/wp-content\/uploads\/2025\/06\/BG-Schulung_034_Bossard-Geiser-1536x1024.jpg 1536w, https:\/\/www.mateco.ch\/wp-content\/uploads\/2025\/06\/BG-Schulung_034_Bossard-Geiser.jpg 2000w\" sizes=\"auto, (max-width: 1024px) 100vw, 1024px\" \/>\n\t\t<aside class=\"reference-rebrand-notice reference-rebrand-notice--overview\" aria-label=\"Note concernant le changement de raison sociale\">\n\t<span class=\"reference-rebrand-notice__eyebrow\">Maltech est mateco.<\/span>\n\t<strong class=\"reference-rebrand-notice__title\">Tout reste meilleur.<\/strong>\n<\/aside>\n    <\/a>\n  <\/div>\n\n  <div class=\"col-md-5 offset-md-1 pt-20 py-md-40 d-flex align-items-center\">\n\n    <div class=\"content\">\n\t\t\t\n\t\t\t<h2 class=\"h3\">Formation, M\u00fcnchenstein BL<\/h2>\n\n      <div class=\"rich-text\">\n\t\t\t\tDepuis 2019, mateco et Bossard &#038; Geiser entretiennent une solide coop\u00e9ration dans le domaine de la formation, avec un objectif commun : promouvoir la s\u00e9curit\u00e9 au travail en hauteur et proposer des formations pratiques. Anastasia Trentos, responsable de l\u2019organisation des formations et des ressources humaines chez Bossard &#038; Geiser, nous donne un aper\u00e7u de cette coop\u00e9ration et de leurs perspectives communes.      <\/div>\n\n\t\t\t<div class=\"button-group\">\n\t<a href=\"https:\/\/www.mateco.ch\/fr\/societe\/references\/formation-plates-formes-elevatrices-muenchenstein-bl\/\" target=\"\" title=\"Lire plus\" class=\"btn btn-bg-mateco_red text \" >\n\n  \n      <span class=\"btn-text\">Lire plus<span class=\"visually-hidden\">: Formation, M\u00fcnchenstein BL<\/span><\/span>\n  \n  \n<\/a>\n<\/div>\n    <\/div>\n\n  <\/div>\n\n<\/div>\n<div class=\"row references-teaser-row teaser-row  flex-row-reverse\" data-filterable data-category=\"\">\n\n  <div class=\"col-md-6 offset-md-1\">\n    <a href=\"https:\/\/www.mateco.ch\/fr\/societe\/references\/formation-baumann-koelliker\/\" class=\"img-wrapper picture-animation position-relative\" aria-label=\"Aller \u00e0 Formation, Zurich\">\n\t\t\t<img width=\"1024\" height=\"683\" src=\"https:\/\/www.mateco.ch\/wp-content\/uploads\/2025\/04\/Maltech_NL_Gruppenbild_1720x1147-1024x683.jpg\" class=\"w-full h-full object-cover\" alt=\"\" loading=\"lazy\" decoding=\"async\" srcset=\"https:\/\/www.mateco.ch\/wp-content\/uploads\/2025\/04\/Maltech_NL_Gruppenbild_1720x1147-1024x683.jpg 1024w, https:\/\/www.mateco.ch\/wp-content\/uploads\/2025\/04\/Maltech_NL_Gruppenbild_1720x1147-300x200.jpg 300w, https:\/\/www.mateco.ch\/wp-content\/uploads\/2025\/04\/Maltech_NL_Gruppenbild_1720x1147-768x512.jpg 768w, https:\/\/www.mateco.ch\/wp-content\/uploads\/2025\/04\/Maltech_NL_Gruppenbild_1720x1147-1536x1024.jpg 1536w, https:\/\/www.mateco.ch\/wp-content\/uploads\/2025\/04\/Maltech_NL_Gruppenbild_1720x1147.jpg 1720w\" sizes=\"auto, (max-width: 1024px) 100vw, 1024px\" \/>\n\t\t<aside class=\"reference-rebrand-notice reference-rebrand-notice--overview\" aria-label=\"Note concernant le changement de raison sociale\">\n\t<span class=\"reference-rebrand-notice__eyebrow\">Maltech est mateco.<\/span>\n\t<strong class=\"reference-rebrand-notice__title\">Tout reste meilleur.<\/strong>\n<\/aside>\n    <\/a>\n  <\/div>\n\n  <div class=\"col-md-5 pt-20 py-md-40 d-flex align-items-center\">\n\n    <div class=\"content\">\n\t\t\t\n\t\t\t<h2 class=\"h3\">Formation, Zurich<\/h2>\n\n      <div class=\"rich-text\">\n\t\t\t\t900 collaborateurs et une grande compr\u00e9hension de la s\u00e9curit\u00e9 : Fabian Cribari, responsable de la formation continue, explique comment le groupe Baumann Koelliker organise efficacement sa formation continue dans l&rsquo;utilisation des plateformes \u00e9l\u00e9vatrices et pourquoi la collaboration avec mateco joue un r\u00f4le important dans ce domaine.      <\/div>\n\n\t\t\t<div class=\"button-group\">\n\t<a href=\"https:\/\/www.mateco.ch\/fr\/societe\/references\/formation-baumann-koelliker\/\" target=\"\" title=\"Lire plus\" class=\"btn btn-bg-mateco_red text \" >\n\n  \n      <span class=\"btn-text\">Lire plus<span class=\"visually-hidden\">: Formation, Zurich<\/span><\/span>\n  \n  \n<\/a>\n<\/div>\n    <\/div>\n\n  <\/div>\n\n<\/div>\n<div class=\"row references-teaser-row teaser-row \" data-filterable data-category=\"\">\n\n  <div class=\"col-md-6\">\n    <a href=\"https:\/\/www.mateco.ch\/fr\/societe\/references\/technique-publicitaire-rothenburg-lu\/\" class=\"img-wrapper picture-animation position-relative\" aria-label=\"Aller \u00e0 Technique publicitaire, Rothenburg LU\">\n\t\t\t<img width=\"1024\" height=\"576\" src=\"https:\/\/www.mateco.ch\/wp-content\/uploads\/2024\/03\/maltech_timmermahn_2-1024x576.png\" class=\"w-full h-full object-cover\" alt=\"\" loading=\"lazy\" decoding=\"async\" srcset=\"https:\/\/www.mateco.ch\/wp-content\/uploads\/2024\/03\/maltech_timmermahn_2-1024x576.png 1024w, https:\/\/www.mateco.ch\/wp-content\/uploads\/2024\/03\/maltech_timmermahn_2-300x169.png 300w, https:\/\/www.mateco.ch\/wp-content\/uploads\/2024\/03\/maltech_timmermahn_2-768x432.png 768w, https:\/\/www.mateco.ch\/wp-content\/uploads\/2024\/03\/maltech_timmermahn_2.png 1145w\" sizes=\"auto, (max-width: 1024px) 100vw, 1024px\" \/>\n\t\t<aside class=\"reference-rebrand-notice reference-rebrand-notice--overview\" aria-label=\"Note concernant le changement de raison sociale\">\n\t<span class=\"reference-rebrand-notice__eyebrow\">Maltech est mateco.<\/span>\n\t<strong class=\"reference-rebrand-notice__title\">Tout reste meilleur.<\/strong>\n<\/aside>\n    <\/a>\n  <\/div>\n\n  <div class=\"col-md-5 offset-md-1 pt-20 py-md-40 d-flex align-items-center\">\n\n    <div class=\"content\">\n\t\t\t\n\t\t\t<h2 class=\"h3\">Technique publicitaire, Rothenburg LU<\/h2>\n\n      <div class=\"rich-text\">\n\t\t\t\tLa tour en b\u00e9ton de 45 m de haut de Niederh\u00e4user Futter AG \u00e0 Rothenburg est d\u00e9sormais la plus grande fresque murale de Suisse. L&rsquo;id\u00e9e du projet : rendre hommage \u00e0 l&rsquo;\u0153uvre cr\u00e9atrice de l&rsquo;artiste \u00abTimmermahn\u00bb, n\u00e9 en 1942. L&rsquo;octog\u00e9naire compte parmi les figures les plus brillantes de la sc\u00e8ne artistique et culturelle suisse. L&rsquo;action a \u00e9t\u00e9 lanc\u00e9e par le label Kathamusic, que nous soutenons avec notre expertise en hauteur. Et le meilleur : l&rsquo;\u0153uvre d&rsquo;art achev\u00e9e et les voix sur le projet sont \u00e0 d\u00e9couvrir dans notre derni\u00e8re vid\u00e9o. Cela vaut la peine de la regarder !      <\/div>\n\n\t\t\t<div class=\"button-group\">\n\t<a href=\"https:\/\/www.mateco.ch\/fr\/societe\/references\/technique-publicitaire-rothenburg-lu\/\" target=\"\" title=\"Lire plus\" class=\"btn btn-bg-mateco_red text \" >\n\n  \n      <span class=\"btn-text\">Lire plus<span class=\"visually-hidden\">: Technique publicitaire, Rothenburg LU<\/span><\/span>\n  \n  \n<\/a>\n<\/div>\n    <\/div>\n\n  <\/div>\n\n<\/div>\n<div class=\"row references-teaser-row teaser-row  flex-row-reverse\" data-filterable data-category=\"\">\n\n  <div class=\"col-md-6 offset-md-1\">\n    <a href=\"https:\/\/www.mateco.ch\/fr\/societe\/references\/construction-en-bois-epf-zurich\/\" class=\"img-wrapper picture-animation position-relative\" aria-label=\"Aller \u00e0 Construction en bois, EPF Zurich\">\n\t\t\t<img width=\"1024\" height=\"847\" src=\"https:\/\/www.mateco.ch\/wp-content\/uploads\/2025\/04\/Maltech_NL_Holzbalken_1600x1200_02-e1744186426204-1024x847.jpg\" class=\"w-full h-full object-cover\" alt=\"\" loading=\"lazy\" decoding=\"async\" srcset=\"https:\/\/www.mateco.ch\/wp-content\/uploads\/2025\/04\/Maltech_NL_Holzbalken_1600x1200_02-e1744186426204-1024x847.jpg 1024w, https:\/\/www.mateco.ch\/wp-content\/uploads\/2025\/04\/Maltech_NL_Holzbalken_1600x1200_02-e1744186426204-300x248.jpg 300w, https:\/\/www.mateco.ch\/wp-content\/uploads\/2025\/04\/Maltech_NL_Holzbalken_1600x1200_02-e1744186426204-768x635.jpg 768w, https:\/\/www.mateco.ch\/wp-content\/uploads\/2025\/04\/Maltech_NL_Holzbalken_1600x1200_02-e1744186426204.jpg 1140w\" sizes=\"auto, (max-width: 1024px) 100vw, 1024px\" \/>\n\t\t<aside class=\"reference-rebrand-notice reference-rebrand-notice--overview\" aria-label=\"Note concernant le changement de raison sociale\">\n\t<span class=\"reference-rebrand-notice__eyebrow\">Maltech est mateco.<\/span>\n\t<strong class=\"reference-rebrand-notice__title\">Tout reste meilleur.<\/strong>\n<\/aside>\n    <\/a>\n  <\/div>\n\n  <div class=\"col-md-5 pt-20 py-md-40 d-flex align-items-center\">\n\n    <div class=\"content\">\n\t\t\t\n\t\t\t<h2 class=\"h3\">Construction en bois, EPF Zurich<\/h2>\n\n      <div class=\"rich-text\">\n\t\t\t\tUne planification pr\u00e9cise, un espace restreint et des \u00e9l\u00e9vateurs \u00e0 nacelle adapt\u00e9s &#8211; l&rsquo;intervention \u00e0 l&rsquo;EPF de Zurich a pos\u00e9 des d\u00e9fis particuliers \u00e0 Beer Holzbau. Le directeur d&rsquo;exploitation Stefan Beer explique comment son \u00e9quipe et mateco les ont surmont\u00e9s et pourquoi la poussi\u00e8re de b\u00e9ton est devenue un d\u00e9fi quotidien      <\/div>\n\n\t\t\t<div class=\"button-group\">\n\t<a href=\"https:\/\/www.mateco.ch\/fr\/societe\/references\/construction-en-bois-epf-zurich\/\" target=\"\" title=\"Lire plus\" class=\"btn btn-bg-mateco_red text \" >\n\n  \n      <span class=\"btn-text\">Lire plus<span class=\"visually-hidden\">: Construction en bois, EPF Zurich<\/span><\/span>\n  \n  \n<\/a>\n<\/div>\n    <\/div>\n\n  <\/div>\n\n<\/div>\n<div class=\"row references-teaser-row teaser-row \" data-filterable data-category=\"\">\n\n  <div class=\"col-md-6\">\n    <a href=\"https:\/\/www.mateco.ch\/fr\/societe\/references\/formation-faro-bern\/\" class=\"img-wrapper picture-animation position-relative\" aria-label=\"Aller \u00e0 Formation, Berne\">\n\t\t\t<img width=\"1024\" height=\"635\" src=\"https:\/\/www.mateco.ch\/wp-content\/uploads\/2025\/03\/Bild-Schulung-FARO_2_bearbeitet-e1741881820624-1024x635.jpg\" class=\"w-full h-full object-cover\" alt=\"\" loading=\"lazy\" decoding=\"async\" srcset=\"https:\/\/www.mateco.ch\/wp-content\/uploads\/2025\/03\/Bild-Schulung-FARO_2_bearbeitet-e1741881820624-1024x635.jpg 1024w, https:\/\/www.mateco.ch\/wp-content\/uploads\/2025\/03\/Bild-Schulung-FARO_2_bearbeitet-e1741881820624-300x186.jpg 300w, https:\/\/www.mateco.ch\/wp-content\/uploads\/2025\/03\/Bild-Schulung-FARO_2_bearbeitet-e1741881820624-768x476.jpg 768w, https:\/\/www.mateco.ch\/wp-content\/uploads\/2025\/03\/Bild-Schulung-FARO_2_bearbeitet-e1741881820624.jpg 1137w\" sizes=\"auto, (max-width: 1024px) 100vw, 1024px\" \/>\n\t\t<aside class=\"reference-rebrand-notice reference-rebrand-notice--overview\" aria-label=\"Note concernant le changement de raison sociale\">\n\t<span class=\"reference-rebrand-notice__eyebrow\">Maltech est mateco.<\/span>\n\t<strong class=\"reference-rebrand-notice__title\">Tout reste meilleur.<\/strong>\n<\/aside>\n    <\/a>\n  <\/div>\n\n  <div class=\"col-md-5 offset-md-1 pt-20 py-md-40 d-flex align-items-center\">\n\n    <div class=\"content\">\n\t\t\t\n\t\t\t<h2 class=\"h3\">Formation, Berne<\/h2>\n\n      <div class=\"rich-text\">\n\t\t\t\tL&rsquo;\u00e9quipe de FARO Facility Services SA s&rsquo;est r\u00e9unie \u00e0 Berne pour une formation pratique sur les \u00e9l\u00e9vateurs \u00e0 nacelle. Pourquoi une formation r\u00e9guli\u00e8re est-elle indispensable ? Markus Fankhauser, chef d&rsquo;intervention nettoyage sp\u00e9cial &#038; charg\u00e9 de s\u00e9curit\u00e9, nous donne un aper\u00e7u passionnant.      <\/div>\n\n\t\t\t<div class=\"button-group\">\n\t<a href=\"https:\/\/www.mateco.ch\/fr\/societe\/references\/formation-faro-bern\/\" target=\"\" title=\"Lire plus\" class=\"btn btn-bg-mateco_red text \" >\n\n  \n      <span class=\"btn-text\">Lire plus<span class=\"visually-hidden\">: Formation, Berne<\/span><\/span>\n  \n  \n<\/a>\n<\/div>\n    <\/div>\n\n  <\/div>\n\n<\/div>\n<div class=\"row references-teaser-row teaser-row  flex-row-reverse\" data-filterable data-category=\"\">\n\n  <div class=\"col-md-6 offset-md-1\">\n    <a href=\"https:\/\/www.mateco.ch\/fr\/societe\/references\/inspection-nidwalden\/\" class=\"img-wrapper picture-animation position-relative\" aria-label=\"Aller \u00e0 Inspection, Nidwald\">\n\t\t\t<img width=\"1024\" height=\"768\" src=\"https:\/\/www.mateco.ch\/wp-content\/uploads\/2025\/01\/IMG_8596_bearbeitet-1024x768.jpg\" class=\"w-full h-full object-cover\" alt=\"\" loading=\"lazy\" decoding=\"async\" srcset=\"https:\/\/www.mateco.ch\/wp-content\/uploads\/2025\/01\/IMG_8596_bearbeitet-1024x768.jpg 1024w, https:\/\/www.mateco.ch\/wp-content\/uploads\/2025\/01\/IMG_8596_bearbeitet-300x225.jpg 300w, https:\/\/www.mateco.ch\/wp-content\/uploads\/2025\/01\/IMG_8596_bearbeitet-768x576.jpg 768w, https:\/\/www.mateco.ch\/wp-content\/uploads\/2025\/01\/IMG_8596_bearbeitet-1536x1152.jpg 1536w, https:\/\/www.mateco.ch\/wp-content\/uploads\/2025\/01\/IMG_8596_bearbeitet-2048x1536.jpg 2048w\" sizes=\"auto, (max-width: 1024px) 100vw, 1024px\" \/>\n\t\t<aside class=\"reference-rebrand-notice reference-rebrand-notice--overview\" aria-label=\"Note concernant le changement de raison sociale\">\n\t<span class=\"reference-rebrand-notice__eyebrow\">Maltech est mateco.<\/span>\n\t<strong class=\"reference-rebrand-notice__title\">Tout reste meilleur.<\/strong>\n<\/aside>\n    <\/a>\n  <\/div>\n\n  <div class=\"col-md-5 pt-20 py-md-40 d-flex align-items-center\">\n\n    <div class=\"content\">\n\t\t\t\n\t\t\t<h2 class=\"h3\">Inspection, Nidwald<\/h2>\n\n      <div class=\"rich-text\">\n\t\t\t\tL&rsquo;OFROU doit contr\u00f4ler r\u00e9guli\u00e8rement les ancrages sur la partie rocheuse \u00e0 c\u00f4t\u00e9 du pont de l&rsquo;A2. Ces ancrages s\u00e9curisent la roche et garantissent la stabilit\u00e9 du viaduc. En raison de l&rsquo;acc\u00e8s difficile et des conditions de terrain exigeantes, le mandat a n\u00e9cessit\u00e9 \u00e0 la fois une planification pr\u00e9cise et l&rsquo;utilisation d&rsquo;une machine sp\u00e9cialement adapt\u00e9. Et c&rsquo;est l\u00e0 que mateco intervient.      <\/div>\n\n\t\t\t<div class=\"button-group\">\n\t<a href=\"https:\/\/www.mateco.ch\/fr\/societe\/references\/inspection-nidwalden\/\" target=\"\" title=\"Lire plus\" class=\"btn btn-bg-mateco_red text \" >\n\n  \n      <span class=\"btn-text\">Lire plus<span class=\"visually-hidden\">: Inspection, Nidwald<\/span><\/span>\n  \n  \n<\/a>\n<\/div>\n    <\/div>\n\n  <\/div>\n\n<\/div>\n<div class=\"row references-teaser-row teaser-row \" data-filterable data-category=\"\">\n\n  <div class=\"col-md-6\">\n    <a href=\"https:\/\/www.mateco.ch\/fr\/societe\/references\/nettoyage-zurich-haegni\/\" class=\"img-wrapper picture-animation position-relative\" aria-label=\"Aller \u00e0 Nettoyage, Zurich\">\n\t\t\t<img width=\"1024\" height=\"678\" src=\"https:\/\/www.mateco.ch\/wp-content\/uploads\/2024\/10\/DSC_0094-1-1024x678.jpg\" class=\"w-full h-full object-cover\" alt=\"\" loading=\"lazy\" decoding=\"async\" srcset=\"https:\/\/www.mateco.ch\/wp-content\/uploads\/2024\/10\/DSC_0094-1-1024x678.jpg 1024w, https:\/\/www.mateco.ch\/wp-content\/uploads\/2024\/10\/DSC_0094-1-1536x1017.jpg 1536w, https:\/\/www.mateco.ch\/wp-content\/uploads\/2024\/10\/DSC_0094-1-2048x1356.jpg 2048w, https:\/\/www.mateco.ch\/wp-content\/uploads\/2024\/10\/DSC_0094-1-300x199.jpg 300w, https:\/\/www.mateco.ch\/wp-content\/uploads\/2024\/10\/DSC_0094-1-768x509.jpg 768w\" sizes=\"auto, (max-width: 1024px) 100vw, 1024px\" \/>\n\t\t<aside class=\"reference-rebrand-notice reference-rebrand-notice--overview\" aria-label=\"Note concernant le changement de raison sociale\">\n\t<span class=\"reference-rebrand-notice__eyebrow\">Maltech est mateco.<\/span>\n\t<strong class=\"reference-rebrand-notice__title\">Tout reste meilleur.<\/strong>\n<\/aside>\n    <\/a>\n  <\/div>\n\n  <div class=\"col-md-5 offset-md-1 pt-20 py-md-40 d-flex align-items-center\">\n\n    <div class=\"content\">\n\t\t\t\n\t\t\t<h2 class=\"h3\">Nettoyage, Zurich<\/h2>\n\n      <div class=\"rich-text\">\n\t\t\t\tEn tant que responsable du nettoyage sp\u00e9cial chez H\u00e4gni AG, Stefan Wagner rel\u00e8ve tous les d\u00e9fis et trouve une solution \u00e0 tout. Dans cette interview, il nous donne un aper\u00e7u de son quotidien professionnel, du nettoyage sp\u00e9cial et nous explique pourquoi le bon \u00e9quipement fait la diff\u00e9rence.      <\/div>\n\n\t\t\t<div class=\"button-group\">\n\t<a href=\"https:\/\/www.mateco.ch\/fr\/societe\/references\/nettoyage-zurich-haegni\/\" target=\"\" title=\"Lire plus\" class=\"btn btn-bg-mateco_red text \" >\n\n  \n      <span class=\"btn-text\">Lire plus<span class=\"visually-hidden\">: Nettoyage, Zurich<\/span><\/span>\n  \n  \n<\/a>\n<\/div>\n    <\/div>\n\n  <\/div>\n\n<\/div>\n<div class=\"row references-teaser-row teaser-row  flex-row-reverse\" data-filterable data-category=\"\">\n\n  <div class=\"col-md-6 offset-md-1\">\n    <a href=\"https:\/\/www.mateco.ch\/fr\/societe\/references\/technique-de-batiment-berne\/\" class=\"img-wrapper picture-animation position-relative\" aria-label=\"Aller \u00e0 Technique du b\u00e2timent, Berne\">\n\t\t\t<img width=\"1024\" height=\"683\" src=\"https:\/\/www.mateco.ch\/wp-content\/uploads\/2024\/10\/DSC09286-1-1024x683.jpg\" class=\"w-full h-full object-cover\" alt=\"\" loading=\"lazy\" decoding=\"async\" srcset=\"https:\/\/www.mateco.ch\/wp-content\/uploads\/2024\/10\/DSC09286-1-1024x683.jpg 1024w, https:\/\/www.mateco.ch\/wp-content\/uploads\/2024\/10\/DSC09286-1-2048x1365.jpg 2048w, https:\/\/www.mateco.ch\/wp-content\/uploads\/2024\/10\/DSC09286-1-300x200.jpg 300w, https:\/\/www.mateco.ch\/wp-content\/uploads\/2024\/10\/DSC09286-1-768x512.jpg 768w, https:\/\/www.mateco.ch\/wp-content\/uploads\/2024\/10\/DSC09286-1-1536x1024.jpg 1536w\" sizes=\"auto, (max-width: 1024px) 100vw, 1024px\" \/>\n\t\t<aside class=\"reference-rebrand-notice reference-rebrand-notice--overview\" aria-label=\"Note concernant le changement de raison sociale\">\n\t<span class=\"reference-rebrand-notice__eyebrow\">Maltech est mateco.<\/span>\n\t<strong class=\"reference-rebrand-notice__title\">Tout reste meilleur.<\/strong>\n<\/aside>\n    <\/a>\n  <\/div>\n\n  <div class=\"col-md-5 pt-20 py-md-40 d-flex align-items-center\">\n\n    <div class=\"content\">\n\t\t\t\n\t\t\t<h2 class=\"h3\">Technique du b\u00e2timent, Berne<\/h2>\n\n      <div class=\"rich-text\">\n\t\t\t\tLa mise \u00e0 niveau du syst\u00e8me de t\u00e9l\u00e9phonie mobile du stade du Wankdorf exigeait une pr\u00e9cision et une efficacit\u00e9 maximales. Dans cette interview, Michael Dietze, chef de chantier chez Axians Suisse SA, donne un aper\u00e7u passionnant de l&rsquo;intervention et de la collaboration avec mateco &#8211; des montages d&rsquo;antennes exigeants aux solutions de plateformes flexibles.      <\/div>\n\n\t\t\t<div class=\"button-group\">\n\t<a href=\"https:\/\/www.mateco.ch\/fr\/societe\/references\/technique-de-batiment-berne\/\" target=\"\" title=\"Lire plus\" class=\"btn btn-bg-mateco_red text \" >\n\n  \n      <span class=\"btn-text\">Lire plus<span class=\"visually-hidden\">: Technique du b\u00e2timent, Berne<\/span><\/span>\n  \n  \n<\/a>\n<\/div>\n    <\/div>\n\n  <\/div>\n\n<\/div>\n<div class=\"row references-teaser-row teaser-row \" data-filterable data-category=\"\">\n\n  <div class=\"col-md-6\">\n    <a href=\"https:\/\/www.mateco.ch\/fr\/societe\/references\/technique-du-batiment-spalentor-bale\/\" class=\"img-wrapper picture-animation position-relative\" aria-label=\"Aller \u00e0 Technique du b\u00e2timent, Spalentor B\u00e2le\">\n\t\t\t<img width=\"1024\" height=\"484\" src=\"https:\/\/www.mateco.ch\/wp-content\/uploads\/2024\/06\/Spalentor_IMG_3198_bearbeitet-1024x484.jpeg\" class=\"w-full h-full object-cover\" alt=\"\" loading=\"lazy\" decoding=\"async\" srcset=\"https:\/\/www.mateco.ch\/wp-content\/uploads\/2024\/06\/Spalentor_IMG_3198_bearbeitet-1024x484.jpeg 1024w, https:\/\/www.mateco.ch\/wp-content\/uploads\/2024\/06\/Spalentor_IMG_3198_bearbeitet-300x142.jpeg 300w, https:\/\/www.mateco.ch\/wp-content\/uploads\/2024\/06\/Spalentor_IMG_3198_bearbeitet-768x363.jpeg 768w, https:\/\/www.mateco.ch\/wp-content\/uploads\/2024\/06\/Spalentor_IMG_3198_bearbeitet-1536x726.jpeg 1536w, https:\/\/www.mateco.ch\/wp-content\/uploads\/2024\/06\/Spalentor_IMG_3198_bearbeitet-2048x968.jpeg 2048w\" sizes=\"auto, (max-width: 1024px) 100vw, 1024px\" \/>\n\t\t<aside class=\"reference-rebrand-notice reference-rebrand-notice--overview\" aria-label=\"Note concernant le changement de raison sociale\">\n\t<span class=\"reference-rebrand-notice__eyebrow\">Maltech est mateco.<\/span>\n\t<strong class=\"reference-rebrand-notice__title\">Tout reste meilleur.<\/strong>\n<\/aside>\n    <\/a>\n  <\/div>\n\n  <div class=\"col-md-5 offset-md-1 pt-20 py-md-40 d-flex align-items-center\">\n\n    <div class=\"content\">\n\t\t\t\n\t\t\t<h2 class=\"h3\">Technique du b\u00e2timent, Spalentor B\u00e2le<\/h2>\n\n      <div class=\"rich-text\">\n\t\t\t\tAdil Ibrahim, chef de projet chez mateco, nous parle d&rsquo;un projet en cours \u00e0 B\u00e2le. Dans une interview, cet homme de 43 ans donne un aper\u00e7u d&rsquo;un projet passionnant et de la collaboration \u00e9prouv\u00e9e avec la ville de B\u00e2le, qui mise sur la flexibilit\u00e9 et l&rsquo;offre compl\u00e8te de mateco.      <\/div>\n\n\t\t\t<div class=\"button-group\">\n\t<a href=\"https:\/\/www.mateco.ch\/fr\/societe\/references\/technique-du-batiment-spalentor-bale\/\" target=\"\" title=\"Lire plus\" class=\"btn btn-bg-mateco_red text \" >\n\n  \n      <span class=\"btn-text\">Lire plus<span class=\"visually-hidden\">: Technique du b\u00e2timent, Spalentor B\u00e2le<\/span><\/span>\n  \n  \n<\/a>\n<\/div>\n    <\/div>\n\n  <\/div>\n\n<\/div>\n<div class=\"row references-teaser-row teaser-row  flex-row-reverse\" data-filterable data-category=\"\">\n\n  <div class=\"col-md-6 offset-md-1\">\n    <a href=\"https:\/\/www.mateco.ch\/fr\/societe\/references\/technique-du-batiment-maison-de-ville-zurich\/\" class=\"img-wrapper picture-animation position-relative\" aria-label=\"Aller \u00e0 Technique du b\u00e2timent, Maison de ville Zurich\">\n\t\t\t<img width=\"1024\" height=\"725\" src=\"https:\/\/www.mateco.ch\/wp-content\/uploads\/2024\/06\/1_KockumSonics-Sirenenmontage-mit-Hebebuehne_print-1-1-1024x725.jpg\" class=\"w-full h-full object-cover\" alt=\"\" loading=\"lazy\" decoding=\"async\" srcset=\"https:\/\/www.mateco.ch\/wp-content\/uploads\/2024\/06\/1_KockumSonics-Sirenenmontage-mit-Hebebuehne_print-1-1-1024x725.jpg 1024w, https:\/\/www.mateco.ch\/wp-content\/uploads\/2024\/06\/1_KockumSonics-Sirenenmontage-mit-Hebebuehne_print-1-1-300x212.jpg 300w, https:\/\/www.mateco.ch\/wp-content\/uploads\/2024\/06\/1_KockumSonics-Sirenenmontage-mit-Hebebuehne_print-1-1-768x544.jpg 768w, https:\/\/www.mateco.ch\/wp-content\/uploads\/2024\/06\/1_KockumSonics-Sirenenmontage-mit-Hebebuehne_print-1-1-1536x1088.jpg 1536w, https:\/\/www.mateco.ch\/wp-content\/uploads\/2024\/06\/1_KockumSonics-Sirenenmontage-mit-Hebebuehne_print-1-1-2048x1450.jpg 2048w\" sizes=\"auto, (max-width: 1024px) 100vw, 1024px\" \/>\n\t\t<aside class=\"reference-rebrand-notice reference-rebrand-notice--overview\" aria-label=\"Note concernant le changement de raison sociale\">\n\t<span class=\"reference-rebrand-notice__eyebrow\">Maltech est mateco.<\/span>\n\t<strong class=\"reference-rebrand-notice__title\">Tout reste meilleur.<\/strong>\n<\/aside>\n    <\/a>\n  <\/div>\n\n  <div class=\"col-md-5 pt-20 py-md-40 d-flex align-items-center\">\n\n    <div class=\"content\">\n\t\t\t\n\t\t\t<h2 class=\"h3\">Technique du b\u00e2timent, Maison de ville Zurich<\/h2>\n\n      <div class=\"rich-text\">\n\t\t\t\tKockum Sonics AG a plus de 60 ans d\u2019exp\u00e9rience. Son directeur, Pascal Loretz, actif dans l\u2019entreprise depuis pr\u00e8s de 14 ans, nous d\u00e9voile les coulisses passionnantes de sa collaboration avec mateco et explique le r\u00f4le essentiel des \u00e9l\u00e9vateurs \u00e0 nacelle pour la s\u00e9curit\u00e9 et l\u2019efficicacit\u00e9 des installations de syst\u00e8mes d\u2019alarme et d\u2019avertissement.      <\/div>\n\n\t\t\t<div class=\"button-group\">\n\t<a href=\"https:\/\/www.mateco.ch\/fr\/societe\/references\/technique-du-batiment-maison-de-ville-zurich\/\" target=\"\" title=\"Lire plus\" class=\"btn btn-bg-mateco_red text \" >\n\n  \n      <span class=\"btn-text\">Lire plus<span class=\"visually-hidden\">: Technique du b\u00e2timent, Maison de ville Zurich<\/span><\/span>\n  \n  \n<\/a>\n<\/div>\n    <\/div>\n\n  <\/div>\n\n<\/div>\n<div class=\"row references-teaser-row teaser-row \" data-filterable data-category=\"\">\n\n  <div class=\"col-md-6\">\n    <a href=\"https:\/\/www.mateco.ch\/fr\/societe\/references\/nettoyage-zurich\/\" class=\"img-wrapper picture-animation position-relative\" aria-label=\"Aller \u00e0 Nettoyage, Zurich\">\n\t\t\t<img width=\"999\" height=\"1024\" src=\"https:\/\/www.mateco.ch\/wp-content\/uploads\/2024\/05\/Einsatzbild-Vebego_Bank-Vontobel-ZH_17_bearbeitet-999x1024.png\" class=\"w-full h-full object-cover\" alt=\"\" loading=\"lazy\" decoding=\"async\" srcset=\"https:\/\/www.mateco.ch\/wp-content\/uploads\/2024\/05\/Einsatzbild-Vebego_Bank-Vontobel-ZH_17_bearbeitet-999x1024.png 999w, https:\/\/www.mateco.ch\/wp-content\/uploads\/2024\/05\/Einsatzbild-Vebego_Bank-Vontobel-ZH_17_bearbeitet-293x300.png 293w, https:\/\/www.mateco.ch\/wp-content\/uploads\/2024\/05\/Einsatzbild-Vebego_Bank-Vontobel-ZH_17_bearbeitet-768x788.png 768w, https:\/\/www.mateco.ch\/wp-content\/uploads\/2024\/05\/Einsatzbild-Vebego_Bank-Vontobel-ZH_17_bearbeitet-1498x1536.png 1498w, https:\/\/www.mateco.ch\/wp-content\/uploads\/2024\/05\/Einsatzbild-Vebego_Bank-Vontobel-ZH_17_bearbeitet.png 1536w\" sizes=\"auto, (max-width: 999px) 100vw, 999px\" \/>\n\t\t<aside class=\"reference-rebrand-notice reference-rebrand-notice--overview\" aria-label=\"Note concernant le changement de raison sociale\">\n\t<span class=\"reference-rebrand-notice__eyebrow\">Maltech est mateco.<\/span>\n\t<strong class=\"reference-rebrand-notice__title\">Tout reste meilleur.<\/strong>\n<\/aside>\n    <\/a>\n  <\/div>\n\n  <div class=\"col-md-5 offset-md-1 pt-20 py-md-40 d-flex align-items-center\">\n\n    <div class=\"content\">\n\t\t\t\n\t\t\t<h2 class=\"h3\">Nettoyage, Zurich<\/h2>\n\n      <div class=\"rich-text\">\n\t\t\t\t\u00c0 Zurich, Vebego a pris en charge le nettoyage des fa\u00e7ades de la banque Vontobel. Resmidin Ljiko, chef d&rsquo;exploitation pour le nettoyage sp\u00e9cial chez Vebego, parle dans l&rsquo;interview des d\u00e9fis de ce projet, des raisons pour lesquelles cette commande a pu \u00eatre r\u00e9alis\u00e9e de mani\u00e8re respectueuse de l&rsquo;environnement et comment il voit la collaboration de longue date avec mateco.      <\/div>\n\n\t\t\t<div class=\"button-group\">\n\t<a href=\"https:\/\/www.mateco.ch\/fr\/societe\/references\/nettoyage-zurich\/\" target=\"\" title=\"Lire plus\" class=\"btn btn-bg-mateco_red text \" >\n\n  \n      <span class=\"btn-text\">Lire plus<span class=\"visually-hidden\">: Nettoyage, Zurich<\/span><\/span>\n  \n  \n<\/a>\n<\/div>\n    <\/div>\n\n  <\/div>\n\n<\/div>\n<div class=\"row references-teaser-row teaser-row  flex-row-reverse\" data-filterable data-category=\"\">\n\n  <div class=\"col-md-6 offset-md-1\">\n    <a href=\"https:\/\/www.mateco.ch\/fr\/societe\/references\/gebaeudetechnik-grossmuenster-zuerich\/\" class=\"img-wrapper picture-animation position-relative\" aria-label=\"Aller \u00e0 Technique du b\u00e2timent, \u00e9glise Grossm\u00fcnster \u00e0 Zurich\">\n\t\t\t<img width=\"1024\" height=\"683\" src=\"https:\/\/www.mateco.ch\/wp-content\/uploads\/2024\/05\/Maltech_Grossmuenster_2_web-1024x683.jpg\" class=\"w-full h-full object-cover\" alt=\"\" loading=\"lazy\" decoding=\"async\" srcset=\"https:\/\/www.mateco.ch\/wp-content\/uploads\/2024\/05\/Maltech_Grossmuenster_2_web-1024x683.jpg 1024w, https:\/\/www.mateco.ch\/wp-content\/uploads\/2024\/05\/Maltech_Grossmuenster_2_web-300x200.jpg 300w, https:\/\/www.mateco.ch\/wp-content\/uploads\/2024\/05\/Maltech_Grossmuenster_2_web-768x512.jpg 768w, https:\/\/www.mateco.ch\/wp-content\/uploads\/2024\/05\/Maltech_Grossmuenster_2_web-1536x1025.jpg 1536w, https:\/\/www.mateco.ch\/wp-content\/uploads\/2024\/05\/Maltech_Grossmuenster_2_web.jpg 2000w\" sizes=\"auto, (max-width: 1024px) 100vw, 1024px\" \/>\n\t\t<aside class=\"reference-rebrand-notice reference-rebrand-notice--overview\" aria-label=\"Note concernant le changement de raison sociale\">\n\t<span class=\"reference-rebrand-notice__eyebrow\">Maltech est mateco.<\/span>\n\t<strong class=\"reference-rebrand-notice__title\">Tout reste meilleur.<\/strong>\n<\/aside>\n    <\/a>\n  <\/div>\n\n  <div class=\"col-md-5 pt-20 py-md-40 d-flex align-items-center\">\n\n    <div class=\"content\">\n\t\t\t\n\t\t\t<h2 class=\"h3\">Technique du b\u00e2timent, \u00e9glise Grossm\u00fcnster \u00e0 Zurich<\/h2>\n\n      <div class=\"rich-text\">\n\t\t\t\tTravailler la pierre naturelle n\u00e9cessite beaucoup de doigt\u00e9 et de technicit\u00e9. Quand il s\u2019agit d\u2019examiner l\u2019\u00e9tat d\u2019un monument historique, Frehner G\u00f6rner AG est l\u2019entreprise id\u00e9ale. Mais que viennent faire l\u2019\u00e9glise Grossm\u00fcnster de Zurich et mateco l\u00e0-dedans ? Wolfgang G\u00f6rner, le directeur, vous dira tout. Nous nous sommes entretenus avec le tailleur de pierre, restaurateur et ing\u00e9nieur civil.      <\/div>\n\n\t\t\t<div class=\"button-group\">\n\t<a href=\"https:\/\/www.mateco.ch\/fr\/societe\/references\/gebaeudetechnik-grossmuenster-zuerich\/\" target=\"\" title=\"Lire plus\" class=\"btn btn-bg-mateco_red text \" >\n\n  \n      <span class=\"btn-text\">Lire plus<span class=\"visually-hidden\">: Technique du b\u00e2timent, \u00e9glise Grossm\u00fcnster \u00e0 Zurich<\/span><\/span>\n  \n  \n<\/a>\n<\/div>\n    <\/div>\n\n  <\/div>\n\n<\/div>\n<div class=\"row references-teaser-row teaser-row \" data-filterable data-category=\"\">\n\n  <div class=\"col-md-6\">\n    <a href=\"https:\/\/www.mateco.ch\/fr\/societe\/references\/nettoyage-frauenfeld-tg\/\" class=\"img-wrapper picture-animation position-relative\" aria-label=\"Aller \u00e0 Nettoyage, Frauenfeld TG\">\n\t\t\t<img width=\"1024\" height=\"768\" src=\"https:\/\/www.mateco.ch\/wp-content\/uploads\/2024\/03\/bearbeitet_img-20230511-wa0023_1_-1024x768.jpg\" class=\"w-full h-full object-cover\" alt=\"\" loading=\"lazy\" decoding=\"async\" srcset=\"https:\/\/www.mateco.ch\/wp-content\/uploads\/2024\/03\/bearbeitet_img-20230511-wa0023_1_-1024x768.jpg 1024w, https:\/\/www.mateco.ch\/wp-content\/uploads\/2024\/03\/bearbeitet_img-20230511-wa0023_1_-300x225.jpg 300w, https:\/\/www.mateco.ch\/wp-content\/uploads\/2024\/03\/bearbeitet_img-20230511-wa0023_1_-768x576.jpg 768w, https:\/\/www.mateco.ch\/wp-content\/uploads\/2024\/03\/bearbeitet_img-20230511-wa0023_1_-1536x1152.jpg 1536w, https:\/\/www.mateco.ch\/wp-content\/uploads\/2024\/03\/bearbeitet_img-20230511-wa0023_1_.jpg 1600w\" sizes=\"auto, (max-width: 1024px) 100vw, 1024px\" \/>\n\t\t<aside class=\"reference-rebrand-notice reference-rebrand-notice--overview\" aria-label=\"Note concernant le changement de raison sociale\">\n\t<span class=\"reference-rebrand-notice__eyebrow\">Maltech est mateco.<\/span>\n\t<strong class=\"reference-rebrand-notice__title\">Tout reste meilleur.<\/strong>\n<\/aside>\n    <\/a>\n  <\/div>\n\n  <div class=\"col-md-5 offset-md-1 pt-20 py-md-40 d-flex align-items-center\">\n\n    <div class=\"content\">\n\t\t\t\n\t\t\t<h2 class=\"h3\">Nettoyage, Frauenfeld TG<\/h2>\n\n      <div class=\"rich-text\">\n\t\t\t\tDepuis onze ans chez Buff Geb\u00e4udereinigung GmbH et depuis juillet 2022 en tant que directeur &#8211; Fabio Regalo conna\u00eet parfaitement le monde du nettoyage industriel et a d\u00e9j\u00e0 relev\u00e9 divers d\u00e9fis. Il nous raconte dans cette interview quelles sont les tendances qui se dessinent et comment se d\u00e9roule la collaboration avec mateco.      <\/div>\n\n\t\t\t<div class=\"button-group\">\n\t<a href=\"https:\/\/www.mateco.ch\/fr\/societe\/references\/nettoyage-frauenfeld-tg\/\" target=\"\" title=\"Lire plus\" class=\"btn btn-bg-mateco_red text \" >\n\n  \n      <span class=\"btn-text\">Lire plus<span class=\"visually-hidden\">: Nettoyage, Frauenfeld TG<\/span><\/span>\n  \n  \n<\/a>\n<\/div>\n    <\/div>\n\n  <\/div>\n\n<\/div>\n<div class=\"row references-teaser-row teaser-row  flex-row-reverse\" data-filterable data-category=\"\">\n\n  <div class=\"col-md-6 offset-md-1\">\n    <a href=\"https:\/\/www.mateco.ch\/fr\/societe\/references\/technique-du-batiment-chietres\/\" class=\"img-wrapper picture-animation position-relative\" aria-label=\"Aller \u00e0 Technique du b\u00e2timent, Chi\u00e8tres\">\n\t\t\t<img width=\"1024\" height=\"683\" src=\"https:\/\/www.mateco.ch\/wp-content\/uploads\/2024\/03\/dscf7044-4-1024x683.jpeg\" class=\"w-full h-full object-cover\" alt=\"\" loading=\"lazy\" decoding=\"async\" srcset=\"https:\/\/www.mateco.ch\/wp-content\/uploads\/2024\/03\/dscf7044-4-1024x683.jpeg 1024w, https:\/\/www.mateco.ch\/wp-content\/uploads\/2024\/03\/dscf7044-4-2048x1365.jpeg 2048w, https:\/\/www.mateco.ch\/wp-content\/uploads\/2024\/03\/dscf7044-4-300x200.jpeg 300w, https:\/\/www.mateco.ch\/wp-content\/uploads\/2024\/03\/dscf7044-4-768x512.jpeg 768w, https:\/\/www.mateco.ch\/wp-content\/uploads\/2024\/03\/dscf7044-4-1536x1024.jpeg 1536w\" sizes=\"auto, (max-width: 1024px) 100vw, 1024px\" \/>\n\t\t<aside class=\"reference-rebrand-notice reference-rebrand-notice--overview\" aria-label=\"Note concernant le changement de raison sociale\">\n\t<span class=\"reference-rebrand-notice__eyebrow\">Maltech est mateco.<\/span>\n\t<strong class=\"reference-rebrand-notice__title\">Tout reste meilleur.<\/strong>\n<\/aside>\n    <\/a>\n  <\/div>\n\n  <div class=\"col-md-5 pt-20 py-md-40 d-flex align-items-center\">\n\n    <div class=\"content\">\n\t\t\t\n\t\t\t<h2 class=\"h3\">Technique du b\u00e2timent, Chi\u00e8tres<\/h2>\n\n      <div class=\"rich-text\">\n\t\t\t\tApr\u00e8s 34 ans de service, trois changements de propri\u00e9taire et six nouveaux noms de soci\u00e9t\u00e9, Ernst Simmen est toujours fid\u00e8le au poste dans la m\u00eame entreprise. V\u00e9ritable force tranquille et plaque tournante dans sa fonction de responsable de projet et de montage, cet homme de 53 ans a acquis une grande exp\u00e9rience dans l\u2019installation de syst\u00e8mes de chauffage et de climatisation. Il nous parle aujourd\u2019hui d\u2019une commande relative \u00e0 l\u2019automation de b\u00e2timent qu\u2019il a pu r\u00e9aliser avec EQUANS Services SA pour la soci\u00e9t\u00e9 Terraviva sa.       <\/div>\n\n\t\t\t<div class=\"button-group\">\n\t<a href=\"https:\/\/www.mateco.ch\/fr\/societe\/references\/technique-du-batiment-chietres\/\" target=\"\" title=\"Lire plus\" class=\"btn btn-bg-mateco_red text \" >\n\n  \n      <span class=\"btn-text\">Lire plus<span class=\"visually-hidden\">: Technique du b\u00e2timent, Chi\u00e8tres<\/span><\/span>\n  \n  \n<\/a>\n<\/div>\n    <\/div>\n\n  <\/div>\n\n<\/div>\n<div class=\"row references-teaser-row teaser-row \" data-filterable data-category=\"\">\n\n  <div class=\"col-md-6\">\n    <a href=\"https:\/\/www.mateco.ch\/fr\/societe\/references\/nettoyage-schlieren-zh\/\" class=\"img-wrapper picture-animation position-relative\" aria-label=\"Aller \u00e0 Nettoyage, Schlieren ZH\">\n\t\t\t<img width=\"1024\" height=\"768\" src=\"https:\/\/www.mateco.ch\/wp-content\/uploads\/2024\/03\/einsatzbericht-reinigung-dbu-2_comp-1024x768.jpg\" class=\"w-full h-full object-cover\" alt=\"\" loading=\"lazy\" decoding=\"async\" srcset=\"https:\/\/www.mateco.ch\/wp-content\/uploads\/2024\/03\/einsatzbericht-reinigung-dbu-2_comp-1024x768.jpg 1024w, https:\/\/www.mateco.ch\/wp-content\/uploads\/2024\/03\/einsatzbericht-reinigung-dbu-2_comp-300x225.jpg 300w, https:\/\/www.mateco.ch\/wp-content\/uploads\/2024\/03\/einsatzbericht-reinigung-dbu-2_comp-768x576.jpg 768w, https:\/\/www.mateco.ch\/wp-content\/uploads\/2024\/03\/einsatzbericht-reinigung-dbu-2_comp-1536x1152.jpg 1536w, https:\/\/www.mateco.ch\/wp-content\/uploads\/2024\/03\/einsatzbericht-reinigung-dbu-2_comp.jpg 2048w\" sizes=\"auto, (max-width: 1024px) 100vw, 1024px\" \/>\n\t\t<aside class=\"reference-rebrand-notice reference-rebrand-notice--overview\" aria-label=\"Note concernant le changement de raison sociale\">\n\t<span class=\"reference-rebrand-notice__eyebrow\">Maltech est mateco.<\/span>\n\t<strong class=\"reference-rebrand-notice__title\">Tout reste meilleur.<\/strong>\n<\/aside>\n    <\/a>\n  <\/div>\n\n  <div class=\"col-md-5 offset-md-1 pt-20 py-md-40 d-flex align-items-center\">\n\n    <div class=\"content\">\n\t\t\t\n\t\t\t<h2 class=\"h3\">Nettoyage, Schlieren ZH<\/h2>\n\n      <div class=\"rich-text\">\n\t\t\t\tLa polyvalence est le principal atout de l\u2019\u00e9l\u00e9vateur \u00e0 nacelle sur camionnette 3,5 t MTE 270 EX, une qualit\u00e9 qu\u2019appr\u00e9cie aussi DBU Facility Services AG. L\u2019entreprise a lou\u00e9 cette machine pour la saison. Dans cet entretien, Patrick Berger, directeur de DBU, nous parle de l\u2019utilisation de l\u2019\u00e9l\u00e9vateur \u00e0 nacelle sur camionnette, de ses avantages \u00e0 l\u2019usage et de la collaboration avec mateco.       <\/div>\n\n\t\t\t<div class=\"button-group\">\n\t<a href=\"https:\/\/www.mateco.ch\/fr\/societe\/references\/nettoyage-schlieren-zh\/\" target=\"\" title=\"Lire plus\" class=\"btn btn-bg-mateco_red text \" >\n\n  \n      <span class=\"btn-text\">Lire plus<span class=\"visually-hidden\">: Nettoyage, Schlieren ZH<\/span><\/span>\n  \n  \n<\/a>\n<\/div>\n    <\/div>\n\n  <\/div>\n\n<\/div>\n<div class=\"row references-teaser-row teaser-row  flex-row-reverse\" data-filterable data-category=\"\">\n\n  <div class=\"col-md-6 offset-md-1\">\n    <a href=\"https:\/\/www.mateco.ch\/fr\/societe\/references\/formation-zurich\/\" class=\"img-wrapper picture-animation position-relative\" aria-label=\"Aller \u00e0 Formation, Zurich\">\n\t\t\t<img width=\"1024\" height=\"683\" src=\"https:\/\/www.mateco.ch\/wp-content\/uploads\/2024\/03\/maltech_einsatzbericht_ekz-eltop-1024x683.jpg\" class=\"w-full h-full object-cover\" alt=\"\" loading=\"lazy\" decoding=\"async\" srcset=\"https:\/\/www.mateco.ch\/wp-content\/uploads\/2024\/03\/maltech_einsatzbericht_ekz-eltop-1024x683.jpg 1024w, https:\/\/www.mateco.ch\/wp-content\/uploads\/2024\/03\/maltech_einsatzbericht_ekz-eltop-300x200.jpg 300w, https:\/\/www.mateco.ch\/wp-content\/uploads\/2024\/03\/maltech_einsatzbericht_ekz-eltop-768x512.jpg 768w, https:\/\/www.mateco.ch\/wp-content\/uploads\/2024\/03\/maltech_einsatzbericht_ekz-eltop-1536x1024.jpg 1536w, https:\/\/www.mateco.ch\/wp-content\/uploads\/2024\/03\/maltech_einsatzbericht_ekz-eltop-2048x1366.jpg 2048w\" sizes=\"auto, (max-width: 1024px) 100vw, 1024px\" \/>\n\t\t<aside class=\"reference-rebrand-notice reference-rebrand-notice--overview\" aria-label=\"Note concernant le changement de raison sociale\">\n\t<span class=\"reference-rebrand-notice__eyebrow\">Maltech est mateco.<\/span>\n\t<strong class=\"reference-rebrand-notice__title\">Tout reste meilleur.<\/strong>\n<\/aside>\n    <\/a>\n  <\/div>\n\n  <div class=\"col-md-5 pt-20 py-md-40 d-flex align-items-center\">\n\n    <div class=\"content\">\n\t\t\t\n\t\t\t<h2 class=\"h3\">Formation, Zurich<\/h2>\n\n      <div class=\"rich-text\">\n\t\t\t\tLa s\u00e9curit\u00e9 au travail est d&rsquo;une importance capitale quand on travaille en hauteur. C&rsquo;est pourquoi mateco propose des formations professionnelles sur l&rsquo;utilisation des \u00e9l\u00e9vateurs \u00e0 nacelle. Maurizio Mancuso, responsable de la gestion de la qualit\u00e9 et de la s\u00e9curit\u00e9 au travail chez EKZ Eltop AG, fait \u00e9galement former ses \u00e9quipes chez mateco. Dans l&rsquo;interview, il explique qu&rsquo;il a choisi de suivre un cours chez mateco parce qu&rsquo;il est convaincu de la qualit\u00e9 des formations.      <\/div>\n\n\t\t\t<div class=\"button-group\">\n\t<a href=\"https:\/\/www.mateco.ch\/fr\/societe\/references\/formation-zurich\/\" target=\"\" title=\"Lire plus\" class=\"btn btn-bg-mateco_red text \" >\n\n  \n      <span class=\"btn-text\">Lire plus<span class=\"visually-hidden\">: Formation, Zurich<\/span><\/span>\n  \n  \n<\/a>\n<\/div>\n    <\/div>\n\n  <\/div>\n\n<\/div>\n<div class=\"row references-teaser-row teaser-row \" data-filterable data-category=\"\">\n\n  <div class=\"col-md-6\">\n    <a href=\"https:\/\/www.mateco.ch\/fr\/societe\/references\/technique-du-batiment-zurich\/\" class=\"img-wrapper picture-animation position-relative\" aria-label=\"Aller \u00e0 Technique du b\u00e2timent, Zurich\">\n\t\t\t<img width=\"768\" height=\"1024\" src=\"https:\/\/www.mateco.ch\/wp-content\/uploads\/2024\/03\/maltech-einsatzbericht-gebaeudetechnik-zuerich-2-768x1024.jpg\" class=\"w-full h-full object-cover\" alt=\"\" loading=\"lazy\" decoding=\"async\" srcset=\"https:\/\/www.mateco.ch\/wp-content\/uploads\/2024\/03\/maltech-einsatzbericht-gebaeudetechnik-zuerich-2-768x1024.jpg 768w, https:\/\/www.mateco.ch\/wp-content\/uploads\/2024\/03\/maltech-einsatzbericht-gebaeudetechnik-zuerich-2-225x300.jpg 225w, https:\/\/www.mateco.ch\/wp-content\/uploads\/2024\/03\/maltech-einsatzbericht-gebaeudetechnik-zuerich-2-1152x1536.jpg 1152w, https:\/\/www.mateco.ch\/wp-content\/uploads\/2024\/03\/maltech-einsatzbericht-gebaeudetechnik-zuerich-2-1536x2048.jpg 1536w, https:\/\/www.mateco.ch\/wp-content\/uploads\/2024\/03\/maltech-einsatzbericht-gebaeudetechnik-zuerich-2-scaled.jpg 1920w\" sizes=\"auto, (max-width: 768px) 100vw, 768px\" \/>\n\t\t<aside class=\"reference-rebrand-notice reference-rebrand-notice--overview\" aria-label=\"Note concernant le changement de raison sociale\">\n\t<span class=\"reference-rebrand-notice__eyebrow\">Maltech est mateco.<\/span>\n\t<strong class=\"reference-rebrand-notice__title\">Tout reste meilleur.<\/strong>\n<\/aside>\n    <\/a>\n  <\/div>\n\n  <div class=\"col-md-5 offset-md-1 pt-20 py-md-40 d-flex align-items-center\">\n\n    <div class=\"content\">\n\t\t\t\n\t\t\t<h2 class=\"h3\">Technique du b\u00e2timent, Zurich<\/h2>\n\n      <div class=\"rich-text\">\n\t\t\t\tManquant de peu les 100 m, l\u2019\u00e9glise \u00ab Predigerkirche \u00bb de Zurich Niederdorf pr\u00e9sente quand m\u00eame une hauteur vertigineuse de 97 m. Pour pr\u00e9server cet \u00e9difice ancien, un bon entretien est n\u00e9cessaire. C\u2019est pr\u00e9cis\u00e9ment la mission de l\u2019entreprise Muff Kirchturmtechnik AG. D\u00e9couvrez dans cet entretien avec Roger Bertschi, chef de l\u2019\u00e9quipe Montage, pourquoi cette soci\u00e9t\u00e9 de Suisse centrale fait confiance aux \u00e9l\u00e9vateurs \u00e0 nacelle de mateco pour cette mission.      <\/div>\n\n\t\t\t<div class=\"button-group\">\n\t<a href=\"https:\/\/www.mateco.ch\/fr\/societe\/references\/technique-du-batiment-zurich\/\" target=\"\" title=\"Lire plus\" class=\"btn btn-bg-mateco_red text \" >\n\n  \n      <span class=\"btn-text\">Lire plus<span class=\"visually-hidden\">: Technique du b\u00e2timent, Zurich<\/span><\/span>\n  \n  \n<\/a>\n<\/div>\n    <\/div>\n\n  <\/div>\n\n<\/div>\n<div class=\"row references-teaser-row teaser-row  flex-row-reverse\" data-filterable data-category=\"\">\n\n  <div class=\"col-md-6 offset-md-1\">\n    <a href=\"https:\/\/www.mateco.ch\/fr\/societe\/references\/installation-des-decorations-de-noel-a-l-hotel-lausanne-palace\/\" class=\"img-wrapper picture-animation position-relative\" aria-label=\"Aller \u00e0 Installation des d\u00e9corations de No\u00ebl \u00e0 l\u2019h\u00f4tel Lausanne Palace\">\n\t\t\t<img width=\"1024\" height=\"589\" src=\"https:\/\/www.mateco.ch\/wp-content\/uploads\/2024\/03\/maltech_3-1024x589.jpg\" class=\"w-full h-full object-cover\" alt=\"\" loading=\"lazy\" decoding=\"async\" srcset=\"https:\/\/www.mateco.ch\/wp-content\/uploads\/2024\/03\/maltech_3-1024x589.jpg 1024w, https:\/\/www.mateco.ch\/wp-content\/uploads\/2024\/03\/maltech_3-300x173.jpg 300w, https:\/\/www.mateco.ch\/wp-content\/uploads\/2024\/03\/maltech_3-768x442.jpg 768w, https:\/\/www.mateco.ch\/wp-content\/uploads\/2024\/03\/maltech_3-1536x884.jpg 1536w, https:\/\/www.mateco.ch\/wp-content\/uploads\/2024\/03\/maltech_3.jpg 1940w\" sizes=\"auto, (max-width: 1024px) 100vw, 1024px\" \/>\n\t\t<aside class=\"reference-rebrand-notice reference-rebrand-notice--overview\" aria-label=\"Note concernant le changement de raison sociale\">\n\t<span class=\"reference-rebrand-notice__eyebrow\">Maltech est mateco.<\/span>\n\t<strong class=\"reference-rebrand-notice__title\">Tout reste meilleur.<\/strong>\n<\/aside>\n    <\/a>\n  <\/div>\n\n  <div class=\"col-md-5 pt-20 py-md-40 d-flex align-items-center\">\n\n    <div class=\"content\">\n\t\t\t\n\t\t\t<h2 class=\"h3\">Installation des d\u00e9corations de No\u00ebl \u00e0 l\u2019h\u00f4tel Lausanne Palace<\/h2>\n\n      <div class=\"rich-text\">\n\t\t\t\tD\u00e8s la fin novembre, l\u2019h\u00f4tel Lausanne Palace rev\u00eat chaque ann\u00e9e son \u00e9clatant habit de lumi\u00e8re festif. mateco participe \u00e0 la cr\u00e9ation de cet effet enchanteur.       <\/div>\n\n\t\t\t<div class=\"button-group\">\n\t<a href=\"https:\/\/www.mateco.ch\/fr\/societe\/references\/installation-des-decorations-de-noel-a-l-hotel-lausanne-palace\/\" target=\"\" title=\"Lire plus\" class=\"btn btn-bg-mateco_red text \" >\n\n  \n      <span class=\"btn-text\">Lire plus<span class=\"visually-hidden\">: Installation des d\u00e9corations de No\u00ebl \u00e0 l\u2019h\u00f4tel Lausanne Palace<\/span><\/span>\n  \n  \n<\/a>\n<\/div>\n    <\/div>\n\n  <\/div>\n\n<\/div>\n<div class=\"row references-teaser-row teaser-row \" data-filterable data-category=\"\">\n\n  <div class=\"col-md-6\">\n    <a href=\"https:\/\/www.mateco.ch\/fr\/societe\/references\/service-lenzburg-ag\/\" class=\"img-wrapper picture-animation position-relative\" aria-label=\"Aller \u00e0 Service, Lenzburg AG\">\n\t\t\t<img width=\"1024\" height=\"768\" src=\"https:\/\/www.mateco.ch\/wp-content\/uploads\/2024\/03\/referenz_symalit-ag_jahresservice-mit-guenther-schneider_1-1024x768.jpeg\" class=\"w-full h-full object-cover\" alt=\"\" loading=\"lazy\" decoding=\"async\" srcset=\"https:\/\/www.mateco.ch\/wp-content\/uploads\/2024\/03\/referenz_symalit-ag_jahresservice-mit-guenther-schneider_1-1024x768.jpeg 1024w, https:\/\/www.mateco.ch\/wp-content\/uploads\/2024\/03\/referenz_symalit-ag_jahresservice-mit-guenther-schneider_1-300x225.jpeg 300w, https:\/\/www.mateco.ch\/wp-content\/uploads\/2024\/03\/referenz_symalit-ag_jahresservice-mit-guenther-schneider_1-768x576.jpeg 768w, https:\/\/www.mateco.ch\/wp-content\/uploads\/2024\/03\/referenz_symalit-ag_jahresservice-mit-guenther-schneider_1-1536x1152.jpeg 1536w, https:\/\/www.mateco.ch\/wp-content\/uploads\/2024\/03\/referenz_symalit-ag_jahresservice-mit-guenther-schneider_1-2048x1536.jpeg 2048w\" sizes=\"auto, (max-width: 1024px) 100vw, 1024px\" \/>\n\t\t<aside class=\"reference-rebrand-notice reference-rebrand-notice--overview\" aria-label=\"Note concernant le changement de raison sociale\">\n\t<span class=\"reference-rebrand-notice__eyebrow\">Maltech est mateco.<\/span>\n\t<strong class=\"reference-rebrand-notice__title\">Tout reste meilleur.<\/strong>\n<\/aside>\n    <\/a>\n  <\/div>\n\n  <div class=\"col-md-5 offset-md-1 pt-20 py-md-40 d-flex align-items-center\">\n\n    <div class=\"content\">\n\t\t\t\n\t\t\t<h2 class=\"h3\">Service, Lenzburg AG<\/h2>\n\n      <div class=\"rich-text\">\n\t\t\t\tNos techniciens de service sont sur la route dans toute la Suisse pour examiner soigneusement des \u00e9l\u00e9vateurs \u00e0 nacelle de toutes les marques. Comment se d\u00e9roule un service typique ? Le technicien de service mateco G\u00fcnther Schneider peut nous r\u00e9pondre. Nous l\u2019avons accompagn\u00e9 en mission chez MCAM Symalit AG.      <\/div>\n\n\t\t\t<div class=\"button-group\">\n\t<a href=\"https:\/\/www.mateco.ch\/fr\/societe\/references\/service-lenzburg-ag\/\" target=\"\" title=\"Lire plus\" class=\"btn btn-bg-mateco_red text \" >\n\n  \n      <span class=\"btn-text\">Lire plus<span class=\"visually-hidden\">: Service, Lenzburg AG<\/span><\/span>\n  \n  \n<\/a>\n<\/div>\n    <\/div>\n\n  <\/div>\n\n<\/div>\n<div class=\"row references-teaser-row teaser-row  flex-row-reverse\" data-filterable data-category=\"\">\n\n  <div class=\"col-md-6 offset-md-1\">\n    <a href=\"https:\/\/www.mateco.ch\/fr\/societe\/references\/nettoyage-baar-zg\/\" class=\"img-wrapper picture-animation position-relative\" aria-label=\"Aller \u00e0 Nettoyage, Baar (ZG)\">\n\t\t\t<img width=\"1024\" height=\"768\" src=\"https:\/\/www.mateco.ch\/wp-content\/uploads\/2024\/03\/einsatz_rohr_ag_7_kopie_headerbild_nl_1-1024x768.jpg\" class=\"w-full h-full object-cover\" alt=\"\" loading=\"lazy\" decoding=\"async\" srcset=\"https:\/\/www.mateco.ch\/wp-content\/uploads\/2024\/03\/einsatz_rohr_ag_7_kopie_headerbild_nl_1-1024x768.jpg 1024w, https:\/\/www.mateco.ch\/wp-content\/uploads\/2024\/03\/einsatz_rohr_ag_7_kopie_headerbild_nl_1-300x225.jpg 300w, https:\/\/www.mateco.ch\/wp-content\/uploads\/2024\/03\/einsatz_rohr_ag_7_kopie_headerbild_nl_1-768x576.jpg 768w, https:\/\/www.mateco.ch\/wp-content\/uploads\/2024\/03\/einsatz_rohr_ag_7_kopie_headerbild_nl_1-1536x1152.jpg 1536w, https:\/\/www.mateco.ch\/wp-content\/uploads\/2024\/03\/einsatz_rohr_ag_7_kopie_headerbild_nl_1.jpg 2016w\" sizes=\"auto, (max-width: 1024px) 100vw, 1024px\" \/>\n\t\t<aside class=\"reference-rebrand-notice reference-rebrand-notice--overview\" aria-label=\"Note concernant le changement de raison sociale\">\n\t<span class=\"reference-rebrand-notice__eyebrow\">Maltech est mateco.<\/span>\n\t<strong class=\"reference-rebrand-notice__title\">Tout reste meilleur.<\/strong>\n<\/aside>\n    <\/a>\n  <\/div>\n\n  <div class=\"col-md-5 pt-20 py-md-40 d-flex align-items-center\">\n\n    <div class=\"content\">\n\t\t\t\n\t\t\t<h2 class=\"h3\">Nettoyage, Baar (ZG)<\/h2>\n\n      <div class=\"rich-text\">\n\t\t\t\tRohr AG fait confiance \u00e0 mateco depuis pr\u00e8s de 20 ans. L\u2019entreprise de Hausen (AG) est sp\u00e9cialis\u00e9e dans les travaux de nettoyage en tout genre. Qu\u2019il s\u2019agisse d\u2019un nettoyage d\u2019entretien, sp\u00e9cial ou de fa\u00e7ade, Rohr AG se distingue par sa longue exp\u00e9rience et la bonne formation de son personnel.       <\/div>\n\n\t\t\t<div class=\"button-group\">\n\t<a href=\"https:\/\/www.mateco.ch\/fr\/societe\/references\/nettoyage-baar-zg\/\" target=\"\" title=\"Lire plus\" class=\"btn btn-bg-mateco_red text \" >\n\n  \n      <span class=\"btn-text\">Lire plus<span class=\"visually-hidden\">: Nettoyage, Baar (ZG)<\/span><\/span>\n  \n  \n<\/a>\n<\/div>\n    <\/div>\n\n  <\/div>\n\n<\/div>\n<div class=\"row references-teaser-row teaser-row \" data-filterable data-category=\"\">\n\n  <div class=\"col-md-6\">\n    <a href=\"https:\/\/www.mateco.ch\/fr\/societe\/references\/maintenance-et-service-burgdorf-be\/\" class=\"img-wrapper picture-animation position-relative\" aria-label=\"Aller \u00e0 Maintenance et Service, Burgdorf BE\">\n\t\t\t<img width=\"640\" height=\"480\" src=\"https:\/\/www.mateco.ch\/wp-content\/uploads\/2024\/03\/7-1.jpg\" class=\"w-full h-full object-cover\" alt=\"\" loading=\"lazy\" decoding=\"async\" srcset=\"https:\/\/www.mateco.ch\/wp-content\/uploads\/2024\/03\/7-1.jpg 640w, https:\/\/www.mateco.ch\/wp-content\/uploads\/2024\/03\/7-1-300x225.jpg 300w\" sizes=\"auto, (max-width: 640px) 100vw, 640px\" \/>\n\t\t<aside class=\"reference-rebrand-notice reference-rebrand-notice--overview\" aria-label=\"Note concernant le changement de raison sociale\">\n\t<span class=\"reference-rebrand-notice__eyebrow\">Maltech est mateco.<\/span>\n\t<strong class=\"reference-rebrand-notice__title\">Tout reste meilleur.<\/strong>\n<\/aside>\n    <\/a>\n  <\/div>\n\n  <div class=\"col-md-5 offset-md-1 pt-20 py-md-40 d-flex align-items-center\">\n\n    <div class=\"content\">\n\t\t\t\n\t\t\t<h2 class=\"h3\">Maintenance et Service, Burgdorf BE<\/h2>\n\n      <div class=\"rich-text\">\n\t\t\t\tL\u2019inspection de la voirie de Burgdorf \u2013 rattach\u00e9e \u00e0 l\u2019Office du g\u00e9nie civil de Berne \u2013 est responsable de l\u2019exploitation et de l\u2019entretien de quelque 145 km de routes cantonales (sur les 2&rsquo;100 km du canton). Elle veille \u00e0 la s\u00e9curit\u00e9, \u00e0 la qualit\u00e9 et \u00e0 l\u2019accessibilit\u00e9 du r\u00e9seau routier.\n      <\/div>\n\n\t\t\t<div class=\"button-group\">\n\t<a href=\"https:\/\/www.mateco.ch\/fr\/societe\/references\/maintenance-et-service-burgdorf-be\/\" target=\"\" title=\"Lire plus\" class=\"btn btn-bg-mateco_red text \" >\n\n  \n      <span class=\"btn-text\">Lire plus<span class=\"visually-hidden\">: Maintenance et Service, Burgdorf BE<\/span><\/span>\n  \n  \n<\/a>\n<\/div>\n    <\/div>\n\n  <\/div>\n\n<\/div>\n<div class=\"row references-teaser-row teaser-row  flex-row-reverse\" data-filterable data-category=\"\">\n\n  <div class=\"col-md-6 offset-md-1\">\n    <a href=\"https:\/\/www.mateco.ch\/fr\/societe\/references\/technique-du-batiment-baar-zg\/\" class=\"img-wrapper picture-animation position-relative\" aria-label=\"Aller \u00e0 Technique du b\u00e2timent, Baar ZG\">\n\t\t\t<img width=\"1024\" height=\"768\" src=\"https:\/\/www.mateco.ch\/wp-content\/uploads\/2024\/03\/8853a9a1-87cd-4071-b333-69cce01d5a95-1024x768.jpg\" class=\"w-full h-full object-cover\" alt=\"\" loading=\"lazy\" decoding=\"async\" srcset=\"https:\/\/www.mateco.ch\/wp-content\/uploads\/2024\/03\/8853a9a1-87cd-4071-b333-69cce01d5a95-1024x768.jpg 1024w, https:\/\/www.mateco.ch\/wp-content\/uploads\/2024\/03\/8853a9a1-87cd-4071-b333-69cce01d5a95-300x225.jpg 300w, https:\/\/www.mateco.ch\/wp-content\/uploads\/2024\/03\/8853a9a1-87cd-4071-b333-69cce01d5a95-768x576.jpg 768w, https:\/\/www.mateco.ch\/wp-content\/uploads\/2024\/03\/8853a9a1-87cd-4071-b333-69cce01d5a95-1536x1152.jpg 1536w, https:\/\/www.mateco.ch\/wp-content\/uploads\/2024\/03\/8853a9a1-87cd-4071-b333-69cce01d5a95.jpg 2016w\" sizes=\"auto, (max-width: 1024px) 100vw, 1024px\" \/>\n\t\t<aside class=\"reference-rebrand-notice reference-rebrand-notice--overview\" aria-label=\"Note concernant le changement de raison sociale\">\n\t<span class=\"reference-rebrand-notice__eyebrow\">Maltech est mateco.<\/span>\n\t<strong class=\"reference-rebrand-notice__title\">Tout reste meilleur.<\/strong>\n<\/aside>\n    <\/a>\n  <\/div>\n\n  <div class=\"col-md-5 pt-20 py-md-40 d-flex align-items-center\">\n\n    <div class=\"content\">\n\t\t\t\n\t\t\t<h2 class=\"h3\">Technique du b\u00e2timent, Baar ZG<\/h2>\n\n      <div class=\"rich-text\">\n\t\t\t\tLa soci\u00e9t\u00e9 Lippuner Energie- und Metallbautechnik AG est une entreprise familiale qui s&rsquo;est sp\u00e9cialis\u00e9e comme fournisseur global dans le domaine de la technique du b\u00e2timent.       <\/div>\n\n\t\t\t<div class=\"button-group\">\n\t<a href=\"https:\/\/www.mateco.ch\/fr\/societe\/references\/technique-du-batiment-baar-zg\/\" target=\"\" title=\"Lire plus\" class=\"btn btn-bg-mateco_red text \" >\n\n  \n      <span class=\"btn-text\">Lire plus<span class=\"visually-hidden\">: Technique du b\u00e2timent, Baar ZG<\/span><\/span>\n  \n  \n<\/a>\n<\/div>\n    <\/div>\n\n  <\/div>\n\n<\/div>\n<div class=\"row references-teaser-row teaser-row \" data-filterable data-category=\"\">\n\n  <div class=\"col-md-6\">\n    <a href=\"https:\/\/www.mateco.ch\/fr\/societe\/references\/ormation-securite-au-travail-eitzuerich\/\" class=\"img-wrapper picture-animation position-relative\" aria-label=\"Aller \u00e0 Formation s\u00e9curit\u00e9 au travail, EIT.z\u00fcrich\">\n\t\t\t<img width=\"1024\" height=\"768\" src=\"https:\/\/www.mateco.ch\/wp-content\/uploads\/2024\/03\/img_0587-1024x768.jpg\" class=\"w-full h-full object-cover\" alt=\"\" loading=\"lazy\" decoding=\"async\" srcset=\"https:\/\/www.mateco.ch\/wp-content\/uploads\/2024\/03\/img_0587-1024x768.jpg 1024w, https:\/\/www.mateco.ch\/wp-content\/uploads\/2024\/03\/img_0587-300x225.jpg 300w, https:\/\/www.mateco.ch\/wp-content\/uploads\/2024\/03\/img_0587-768x576.jpg 768w, https:\/\/www.mateco.ch\/wp-content\/uploads\/2024\/03\/img_0587-1536x1152.jpg 1536w, https:\/\/www.mateco.ch\/wp-content\/uploads\/2024\/03\/img_0587-2048x1536.jpg 2048w\" sizes=\"auto, (max-width: 1024px) 100vw, 1024px\" \/>\n\t\t<aside class=\"reference-rebrand-notice reference-rebrand-notice--overview\" aria-label=\"Note concernant le changement de raison sociale\">\n\t<span class=\"reference-rebrand-notice__eyebrow\">Maltech est mateco.<\/span>\n\t<strong class=\"reference-rebrand-notice__title\">Tout reste meilleur.<\/strong>\n<\/aside>\n    <\/a>\n  <\/div>\n\n  <div class=\"col-md-5 offset-md-1 pt-20 py-md-40 d-flex align-items-center\">\n\n    <div class=\"content\">\n\t\t\t\n\t\t\t<h2 class=\"h3\">Formation s\u00e9curit\u00e9 au travail, EIT.z\u00fcrich<\/h2>\n\n      <div class=\"rich-text\">\n\t\t\t\tmateco a pour ambition de proposer une formation pratique dans le domaine des \u00e9l\u00e9vateurs \u00e0 nacelle. C\u2019est pourquoi nous avons d\u00e9velopp\u00e9, en collaboration avec EIT.z\u00fcrich, une offre de formations qui met en avant la s\u00e9curit\u00e9 du travail en hauteur.      <\/div>\n\n\t\t\t<div class=\"button-group\">\n\t<a href=\"https:\/\/www.mateco.ch\/fr\/societe\/references\/ormation-securite-au-travail-eitzuerich\/\" target=\"\" title=\"Lire plus\" class=\"btn btn-bg-mateco_red text \" >\n\n  \n      <span class=\"btn-text\">Lire plus<span class=\"visually-hidden\">: Formation s\u00e9curit\u00e9 au travail, EIT.z\u00fcrich<\/span><\/span>\n  \n  \n<\/a>\n<\/div>\n    <\/div>\n\n  <\/div>\n\n<\/div>\n<div class=\"row references-teaser-row teaser-row  flex-row-reverse\" data-filterable data-category=\"\">\n\n  <div class=\"col-md-6 offset-md-1\">\n    <a href=\"https:\/\/www.mateco.ch\/fr\/societe\/references\/illuminations-de-noel-zurich\/\" class=\"img-wrapper picture-animation position-relative\" aria-label=\"Aller \u00e0 Illuminations de No\u00ebl, Zurich\">\n\t\t\t<img width=\"1024\" height=\"683\" src=\"https:\/\/www.mateco.ch\/wp-content\/uploads\/2024\/03\/lucy_headerbild_2_dsc09985-1-1024x683.jpg\" class=\"w-full h-full object-cover\" alt=\"\" loading=\"lazy\" decoding=\"async\" srcset=\"https:\/\/www.mateco.ch\/wp-content\/uploads\/2024\/03\/lucy_headerbild_2_dsc09985-1-1024x683.jpg 1024w, https:\/\/www.mateco.ch\/wp-content\/uploads\/2024\/03\/lucy_headerbild_2_dsc09985-1-300x200.jpg 300w, https:\/\/www.mateco.ch\/wp-content\/uploads\/2024\/03\/lucy_headerbild_2_dsc09985-1-768x512.jpg 768w, https:\/\/www.mateco.ch\/wp-content\/uploads\/2024\/03\/lucy_headerbild_2_dsc09985-1-1536x1025.jpg 1536w, https:\/\/www.mateco.ch\/wp-content\/uploads\/2024\/03\/lucy_headerbild_2_dsc09985-1-2048x1366.jpg 2048w\" sizes=\"auto, (max-width: 1024px) 100vw, 1024px\" \/>\n\t\t<aside class=\"reference-rebrand-notice reference-rebrand-notice--overview\" aria-label=\"Note concernant le changement de raison sociale\">\n\t<span class=\"reference-rebrand-notice__eyebrow\">Maltech est mateco.<\/span>\n\t<strong class=\"reference-rebrand-notice__title\">Tout reste meilleur.<\/strong>\n<\/aside>\n    <\/a>\n  <\/div>\n\n  <div class=\"col-md-5 pt-20 py-md-40 d-flex align-items-center\">\n\n    <div class=\"content\">\n\t\t\t\n\t\t\t<h2 class=\"h3\">Illuminations de No\u00ebl, Zurich<\/h2>\n\n      <div class=\"rich-text\">\n\t\t\t\tLorsque Kummler+Matter EVT SA accroche les illuminations de No\u00ebl de la Bahnhofstrasse \u00e0 Zurich, des appareils de mateco sont \u00e9galement utilis\u00e9s.       <\/div>\n\n\t\t\t<div class=\"button-group\">\n\t<a href=\"https:\/\/www.mateco.ch\/fr\/societe\/references\/illuminations-de-noel-zurich\/\" target=\"\" title=\"Lire plus\" class=\"btn btn-bg-mateco_red text \" >\n\n  \n      <span class=\"btn-text\">Lire plus<span class=\"visually-hidden\">: Illuminations de No\u00ebl, Zurich<\/span><\/span>\n  \n  \n<\/a>\n<\/div>\n    <\/div>\n\n  <\/div>\n\n<\/div>\n<div class=\"row references-teaser-row teaser-row \" data-filterable data-category=\"\">\n\n  <div class=\"col-md-6\">\n    <a href=\"https:\/\/www.mateco.ch\/fr\/societe\/references\/rebranding-coop-jumbo-toute-la-suisse\/\" class=\"img-wrapper picture-animation position-relative\" aria-label=\"Aller \u00e0 Rebranding Coop\/Jumbo, toute la Suisse\">\n\t\t\t<img width=\"970\" height=\"615\" src=\"https:\/\/www.mateco.ch\/wp-content\/uploads\/2024\/03\/maltech_newsbild_coop-jumbo1_1.jpg\" class=\"w-full h-full object-cover\" alt=\"\" loading=\"lazy\" decoding=\"async\" srcset=\"https:\/\/www.mateco.ch\/wp-content\/uploads\/2024\/03\/maltech_newsbild_coop-jumbo1_1.jpg 970w, https:\/\/www.mateco.ch\/wp-content\/uploads\/2024\/03\/maltech_newsbild_coop-jumbo1_1-300x190.jpg 300w, https:\/\/www.mateco.ch\/wp-content\/uploads\/2024\/03\/maltech_newsbild_coop-jumbo1_1-768x487.jpg 768w\" sizes=\"auto, (max-width: 970px) 100vw, 970px\" \/>\n\t\t<aside class=\"reference-rebrand-notice reference-rebrand-notice--overview\" aria-label=\"Note concernant le changement de raison sociale\">\n\t<span class=\"reference-rebrand-notice__eyebrow\">Maltech est mateco.<\/span>\n\t<strong class=\"reference-rebrand-notice__title\">Tout reste meilleur.<\/strong>\n<\/aside>\n    <\/a>\n  <\/div>\n\n  <div class=\"col-md-5 offset-md-1 pt-20 py-md-40 d-flex align-items-center\">\n\n    <div class=\"content\">\n\t\t\t\n\t\t\t<h2 class=\"h3\">Rebranding Coop\/Jumbo, toute la Suisse<\/h2>\n\n      <div class=\"rich-text\">\n\t\t\t\tJUMBO appartient depuis 2021 \u00e0 la soci\u00e9t\u00e9 coop\u00e9rative Coop. Coop Brico+Loisirs et JUMBO sont ainsi devenues deux soci\u00e9t\u00e9s s\u0153urs. Depuis l\u2019automne 2022, les deux magasins de bricolage et jardinage se pr\u00e9sentent sous une enseigne commune : JUMBO. Divers clients de mateco ont \u00e9t\u00e9 charg\u00e9s d\u2019adapter la signal\u00e9tique de 84 filiales.      <\/div>\n\n\t\t\t<div class=\"button-group\">\n\t<a href=\"https:\/\/www.mateco.ch\/fr\/societe\/references\/rebranding-coop-jumbo-toute-la-suisse\/\" target=\"\" title=\"Lire plus\" class=\"btn btn-bg-mateco_red text \" >\n\n  \n      <span class=\"btn-text\">Lire plus<span class=\"visually-hidden\">: Rebranding Coop\/Jumbo, toute la Suisse<\/span><\/span>\n  \n  \n<\/a>\n<\/div>\n    <\/div>\n\n  <\/div>\n\n<\/div>\n<div class=\"row references-teaser-row teaser-row  flex-row-reverse\" data-filterable data-category=\"\">\n\n  <div class=\"col-md-6 offset-md-1\">\n    <a href=\"https:\/\/www.mateco.ch\/fr\/societe\/references\/reparation-des-stores-de-lhopital-de-lile-de-berne\/\" class=\"img-wrapper picture-animation position-relative\" aria-label=\"Aller \u00e0 R\u00e9paration des stores de l&#039;h\u00f4pital de l&#039;\u00cele de Berne\">\n\t\t\t<img width=\"1024\" height=\"768\" src=\"https:\/\/www.mateco.ch\/wp-content\/uploads\/2024\/03\/22-04_repavit_025_klein.jpg\" class=\"w-full h-full object-cover\" alt=\"\" loading=\"lazy\" decoding=\"async\" srcset=\"https:\/\/www.mateco.ch\/wp-content\/uploads\/2024\/03\/22-04_repavit_025_klein.jpg 1024w, https:\/\/www.mateco.ch\/wp-content\/uploads\/2024\/03\/22-04_repavit_025_klein-300x225.jpg 300w, https:\/\/www.mateco.ch\/wp-content\/uploads\/2024\/03\/22-04_repavit_025_klein-768x576.jpg 768w\" sizes=\"auto, (max-width: 1024px) 100vw, 1024px\" \/>\n\t\t<aside class=\"reference-rebrand-notice reference-rebrand-notice--overview\" aria-label=\"Note concernant le changement de raison sociale\">\n\t<span class=\"reference-rebrand-notice__eyebrow\">Maltech est mateco.<\/span>\n\t<strong class=\"reference-rebrand-notice__title\">Tout reste meilleur.<\/strong>\n<\/aside>\n    <\/a>\n  <\/div>\n\n  <div class=\"col-md-5 pt-20 py-md-40 d-flex align-items-center\">\n\n    <div class=\"content\">\n\t\t\t\n\t\t\t<h2 class=\"h3\">R\u00e9paration des stores de l&rsquo;h\u00f4pital de l&rsquo;\u00cele de Berne<\/h2>\n\n      <div class=\"rich-text\">\n\t\t\t\tEin bisschen Schatten muss immer sein \u2013 f\u00fcr diesen sorgte unser Kunde Repavit am Inselspital in Bern.      <\/div>\n\n\t\t\t<div class=\"button-group\">\n\t<a href=\"https:\/\/www.mateco.ch\/fr\/societe\/references\/reparation-des-stores-de-lhopital-de-lile-de-berne\/\" target=\"\" title=\"Lire plus\" class=\"btn btn-bg-mateco_red text \" >\n\n  \n      <span class=\"btn-text\">Lire plus<span class=\"visually-hidden\">: R\u00e9paration des stores de l&#039;h\u00f4pital de l&#039;\u00cele de Berne<\/span><\/span>\n  \n  \n<\/a>\n<\/div>\n    <\/div>\n\n  <\/div>\n\n<\/div>\n<div class=\"row references-teaser-row teaser-row \" data-filterable data-category=\"\">\n\n  <div class=\"col-md-6\">\n    <a href=\"https:\/\/www.mateco.ch\/fr\/societe\/references\/elagage-darbres-bale\/\" class=\"img-wrapper picture-animation position-relative\" aria-label=\"Aller \u00e0 \u00c9lagage d&#039;arbres, B\u00e2le\">\n\t\t\t<img width=\"768\" height=\"1024\" src=\"https:\/\/www.mateco.ch\/wp-content\/uploads\/2024\/03\/img_1152_1-768x1024.jpg\" class=\"w-full h-full object-cover\" alt=\"\" loading=\"lazy\" decoding=\"async\" srcset=\"https:\/\/www.mateco.ch\/wp-content\/uploads\/2024\/03\/img_1152_1-768x1024.jpg 768w, https:\/\/www.mateco.ch\/wp-content\/uploads\/2024\/03\/img_1152_1-225x300.jpg 225w, https:\/\/www.mateco.ch\/wp-content\/uploads\/2024\/03\/img_1152_1-1152x1536.jpg 1152w, https:\/\/www.mateco.ch\/wp-content\/uploads\/2024\/03\/img_1152_1-1536x2048.jpg 1536w, https:\/\/www.mateco.ch\/wp-content\/uploads\/2024\/03\/img_1152_1-scaled.jpg 1920w\" sizes=\"auto, (max-width: 768px) 100vw, 768px\" \/>\n\t\t<aside class=\"reference-rebrand-notice reference-rebrand-notice--overview\" aria-label=\"Note concernant le changement de raison sociale\">\n\t<span class=\"reference-rebrand-notice__eyebrow\">Maltech est mateco.<\/span>\n\t<strong class=\"reference-rebrand-notice__title\">Tout reste meilleur.<\/strong>\n<\/aside>\n    <\/a>\n  <\/div>\n\n  <div class=\"col-md-5 offset-md-1 pt-20 py-md-40 d-flex align-items-center\">\n\n    <div class=\"content\">\n\t\t\t\n\t\t\t<h2 class=\"h3\">\u00c9lagage d&rsquo;arbres, B\u00e2le<\/h2>\n\n      <div class=\"rich-text\">\n\t\t\t\t\u200bAu d\u00e9but de chaque nouvelle ann\u00e9e, beaucoup de nos \u00e9l\u00e9vateurs \u00e0 nacelle circulent en ville de B\u00e2le. Pourquoi ? La r\u00e9ponse est simple : C&rsquo;est la saison de l&rsquo;\u00e9lagage. Pour relever ce d\u00e9fi exigeant, les jardiniers de la ville de B\u00e2le misent sur mateco. Au total, environ 3&rsquo;500 arbres sont \u00e9lagu\u00e9s chaque ann\u00e9e de janvier \u00e0 f\u00e9vrier. Il s&rsquo;agit principalement d&rsquo;une taille de d\u00e9limitation de la couronne d&rsquo;arbres se trouvant en bordure des routes.      <\/div>\n\n\t\t\t<div class=\"button-group\">\n\t<a href=\"https:\/\/www.mateco.ch\/fr\/societe\/references\/elagage-darbres-bale\/\" target=\"\" title=\"Lire plus\" class=\"btn btn-bg-mateco_red text \" >\n\n  \n      <span class=\"btn-text\">Lire plus<span class=\"visually-hidden\">: \u00c9lagage d&#039;arbres, B\u00e2le<\/span><\/span>\n  \n  \n<\/a>\n<\/div>\n    <\/div>\n\n  <\/div>\n\n<\/div>\n<div class=\"row references-teaser-row teaser-row  flex-row-reverse\" data-filterable data-category=\"\">\n\n  <div class=\"col-md-6 offset-md-1\">\n    <a href=\"https:\/\/www.mateco.ch\/fr\/societe\/references\/nettoyages-dans-toute-la-suisse\/\" class=\"img-wrapper picture-animation position-relative\" aria-label=\"Aller \u00e0 Nettoyages dans toute la Suisse\">\n\t\t\t<img width=\"1024\" height=\"768\" src=\"https:\/\/www.mateco.ch\/wp-content\/uploads\/2024\/03\/bild_einsatz_gammarenax_1_1.jpg\" class=\"w-full h-full object-cover\" alt=\"\" loading=\"lazy\" decoding=\"async\" srcset=\"https:\/\/www.mateco.ch\/wp-content\/uploads\/2024\/03\/bild_einsatz_gammarenax_1_1.jpg 1024w, https:\/\/www.mateco.ch\/wp-content\/uploads\/2024\/03\/bild_einsatz_gammarenax_1_1-300x225.jpg 300w, https:\/\/www.mateco.ch\/wp-content\/uploads\/2024\/03\/bild_einsatz_gammarenax_1_1-768x576.jpg 768w\" sizes=\"auto, (max-width: 1024px) 100vw, 1024px\" \/>\n\t\t<aside class=\"reference-rebrand-notice reference-rebrand-notice--overview\" aria-label=\"Note concernant le changement de raison sociale\">\n\t<span class=\"reference-rebrand-notice__eyebrow\">Maltech est mateco.<\/span>\n\t<strong class=\"reference-rebrand-notice__title\">Tout reste meilleur.<\/strong>\n<\/aside>\n    <\/a>\n  <\/div>\n\n  <div class=\"col-md-5 pt-20 py-md-40 d-flex align-items-center\">\n\n    <div class=\"content\">\n\t\t\t\n\t\t\t<h2 class=\"h3\">Nettoyages dans toute la Suisse<\/h2>\n\n      <div class=\"rich-text\">\n\t\t\t\t\u00ab mateco sait fixer les priorit\u00e9s de mani\u00e8re optimale. La qualit\u00e9 de leurs prestations est excellente \u00bb, estime Fabio Abate, responsable Facility Services chez gammaRenax. Cette entreprise, active dans toute la Suisse, travaille depuis plus de dix ans avec mateco pour ses missions de nettoyage.       <\/div>\n\n\t\t\t<div class=\"button-group\">\n\t<a href=\"https:\/\/www.mateco.ch\/fr\/societe\/references\/nettoyages-dans-toute-la-suisse\/\" target=\"\" title=\"Lire plus\" class=\"btn btn-bg-mateco_red text \" >\n\n  \n      <span class=\"btn-text\">Lire plus<span class=\"visually-hidden\">: Nettoyages dans toute la Suisse<\/span><\/span>\n  \n  \n<\/a>\n<\/div>\n    <\/div>\n\n  <\/div>\n\n<\/div>\n<div class=\"row references-teaser-row teaser-row \" data-filterable data-category=\"\">\n\n  <div class=\"col-md-6\">\n    <a href=\"https:\/\/www.mateco.ch\/fr\/societe\/references\/poster-geant-frenkendorf\/\" class=\"img-wrapper picture-animation position-relative\" aria-label=\"Aller \u00e0 Poster g\u00e9ant, Frenkendorf\">\n\t\t\t<img width=\"750\" height=\"1000\" src=\"https:\/\/www.mateco.ch\/wp-content\/uploads\/2024\/03\/mibelle-tower-2-750x1000-1.jpg\" class=\"w-full h-full object-cover\" alt=\"\" loading=\"lazy\" decoding=\"async\" srcset=\"https:\/\/www.mateco.ch\/wp-content\/uploads\/2024\/03\/mibelle-tower-2-750x1000-1.jpg 750w, https:\/\/www.mateco.ch\/wp-content\/uploads\/2024\/03\/mibelle-tower-2-750x1000-1-225x300.jpg 225w\" sizes=\"auto, (max-width: 750px) 100vw, 750px\" \/>\n\t\t<aside class=\"reference-rebrand-notice reference-rebrand-notice--overview\" aria-label=\"Note concernant le changement de raison sociale\">\n\t<span class=\"reference-rebrand-notice__eyebrow\">Maltech est mateco.<\/span>\n\t<strong class=\"reference-rebrand-notice__title\">Tout reste meilleur.<\/strong>\n<\/aside>\n    <\/a>\n  <\/div>\n\n  <div class=\"col-md-5 offset-md-1 pt-20 py-md-40 d-flex align-items-center\">\n\n    <div class=\"content\">\n\t\t\t\n\t\t\t<h2 class=\"h3\">Poster g\u00e9ant, Frenkendorf<\/h2>\n\n      <div class=\"rich-text\">\n\t\t\t\tCette mission nous a amen\u00e9 \u00e0 la Mibelle Tower \u00e0 Frenkendorf, B\u00e2le-campagne. L&rsquo;entreprise Makro AG a pu y accrocher un poster g\u00e9ant pour la Migros.      <\/div>\n\n\t\t\t<div class=\"button-group\">\n\t<a href=\"https:\/\/www.mateco.ch\/fr\/societe\/references\/poster-geant-frenkendorf\/\" target=\"\" title=\"Lire plus\" class=\"btn btn-bg-mateco_red text \" >\n\n  \n      <span class=\"btn-text\">Lire plus<span class=\"visually-hidden\">: Poster g\u00e9ant, Frenkendorf<\/span><\/span>\n  \n  \n<\/a>\n<\/div>\n    <\/div>\n\n  <\/div>\n\n<\/div>\n<div class=\"row references-teaser-row teaser-row  flex-row-reverse\" data-filterable data-category=\"\">\n\n  <div class=\"col-md-6 offset-md-1\">\n    <a href=\"https:\/\/www.mateco.ch\/fr\/societe\/references\/reparation-de-stores-zurich\/\" class=\"img-wrapper picture-animation position-relative\" aria-label=\"Aller \u00e0 R\u00e9paration de stores, Zurich\">\n\t\t\t<img width=\"1024\" height=\"768\" src=\"https:\/\/www.mateco.ch\/wp-content\/uploads\/2024\/03\/bilder_einsatz_1_.jpg\" class=\"w-full h-full object-cover\" alt=\"\" loading=\"lazy\" decoding=\"async\" srcset=\"https:\/\/www.mateco.ch\/wp-content\/uploads\/2024\/03\/bilder_einsatz_1_.jpg 1024w, https:\/\/www.mateco.ch\/wp-content\/uploads\/2024\/03\/bilder_einsatz_1_-300x225.jpg 300w, https:\/\/www.mateco.ch\/wp-content\/uploads\/2024\/03\/bilder_einsatz_1_-768x576.jpg 768w\" sizes=\"auto, (max-width: 1024px) 100vw, 1024px\" \/>\n\t\t<aside class=\"reference-rebrand-notice reference-rebrand-notice--overview\" aria-label=\"Note concernant le changement de raison sociale\">\n\t<span class=\"reference-rebrand-notice__eyebrow\">Maltech est mateco.<\/span>\n\t<strong class=\"reference-rebrand-notice__title\">Tout reste meilleur.<\/strong>\n<\/aside>\n    <\/a>\n  <\/div>\n\n  <div class=\"col-md-5 pt-20 py-md-40 d-flex align-items-center\">\n\n    <div class=\"content\">\n\t\t\t\n\t\t\t<h2 class=\"h3\">R\u00e9paration de stores, Zurich<\/h2>\n\n      <div class=\"rich-text\">\n\t\t\t\tA la route de Giessh\u00fcbelstrasse 62 \u00e0 Zurich &#8211; non loin du Brunaupark, de la Saalsporthalle et du centre commercial Sihlcity &#8211; la soci\u00e9t\u00e9 Schenker Stores SA a pu effectuer des travaux de r\u00e9paration sur les installations de stores.      <\/div>\n\n\t\t\t<div class=\"button-group\">\n\t<a href=\"https:\/\/www.mateco.ch\/fr\/societe\/references\/reparation-de-stores-zurich\/\" target=\"\" title=\"Lire plus\" class=\"btn btn-bg-mateco_red text \" >\n\n  \n      <span class=\"btn-text\">Lire plus<span class=\"visually-hidden\">: R\u00e9paration de stores, Zurich<\/span><\/span>\n  \n  \n<\/a>\n<\/div>\n    <\/div>\n\n  <\/div>\n\n<\/div>\n<div class=\"row references-teaser-row teaser-row \" data-filterable data-category=\"\">\n\n  <div class=\"col-md-6\">\n    <a href=\"https:\/\/www.mateco.ch\/fr\/societe\/references\/en-mission-de-noel-a-berne\/\" class=\"img-wrapper picture-animation position-relative\" aria-label=\"Aller \u00e0 En mission de No\u00ebl \u00e0 Berne\">\n\t\t\t<img width=\"1024\" height=\"683\" src=\"https:\/\/www.mateco.ch\/wp-content\/uploads\/2024\/03\/dsc08298_website_hauptbild_interview-1024x683.jpg\" class=\"w-full h-full object-cover\" alt=\"\" loading=\"lazy\" decoding=\"async\" srcset=\"https:\/\/www.mateco.ch\/wp-content\/uploads\/2024\/03\/dsc08298_website_hauptbild_interview-1024x683.jpg 1024w, https:\/\/www.mateco.ch\/wp-content\/uploads\/2024\/03\/dsc08298_website_hauptbild_interview-300x200.jpg 300w, https:\/\/www.mateco.ch\/wp-content\/uploads\/2024\/03\/dsc08298_website_hauptbild_interview-768x512.jpg 768w, https:\/\/www.mateco.ch\/wp-content\/uploads\/2024\/03\/dsc08298_website_hauptbild_interview-1536x1024.jpg 1536w, https:\/\/www.mateco.ch\/wp-content\/uploads\/2024\/03\/dsc08298_website_hauptbild_interview.jpg 1635w\" sizes=\"auto, (max-width: 1024px) 100vw, 1024px\" \/>\n\t\t<aside class=\"reference-rebrand-notice reference-rebrand-notice--overview\" aria-label=\"Note concernant le changement de raison sociale\">\n\t<span class=\"reference-rebrand-notice__eyebrow\">Maltech est mateco.<\/span>\n\t<strong class=\"reference-rebrand-notice__title\">Tout reste meilleur.<\/strong>\n<\/aside>\n    <\/a>\n  <\/div>\n\n  <div class=\"col-md-5 offset-md-1 pt-20 py-md-40 d-flex align-items-center\">\n\n    <div class=\"content\">\n\t\t\t\n\t\t\t<h2 class=\"h3\">En mission de No\u00ebl \u00e0 Berne<\/h2>\n\n      <div class=\"rich-text\">\n\t\t\t\tChaque ann\u00e9e le \u00ab\u00a0coin Loeb\u00a0\u00bb, au coeur du centre-ville de Berne, brille de mille feux \u00e0 No\u00ebl.       <\/div>\n\n\t\t\t<div class=\"button-group\">\n\t<a href=\"https:\/\/www.mateco.ch\/fr\/societe\/references\/en-mission-de-noel-a-berne\/\" target=\"\" title=\"Lire plus\" class=\"btn btn-bg-mateco_red text \" >\n\n  \n      <span class=\"btn-text\">Lire plus<span class=\"visually-hidden\">: En mission de No\u00ebl \u00e0 Berne<\/span><\/span>\n  \n  \n<\/a>\n<\/div>\n    <\/div>\n\n  <\/div>\n\n<\/div>\n<div class=\"row references-teaser-row teaser-row  flex-row-reverse\" data-filterable data-category=\"\">\n\n  <div class=\"col-md-6 offset-md-1\">\n    <a href=\"https:\/\/www.mateco.ch\/fr\/societe\/references\/so-sieht-eine-gute-zusammenarbeit-aus\/\" class=\"img-wrapper picture-animation position-relative\" aria-label=\"Aller \u00e0 Voil\u00e0 \u00e0 quoi ressemble une bonne collaboration.\">\n\t\t\t<img width=\"1024\" height=\"768\" src=\"https:\/\/www.mateco.ch\/wp-content\/uploads\/2024\/03\/img_3283_1-1024x768.jpg\" class=\"w-full h-full object-cover\" alt=\"\" loading=\"lazy\" decoding=\"async\" srcset=\"https:\/\/www.mateco.ch\/wp-content\/uploads\/2024\/03\/img_3283_1-1024x768.jpg 1024w, https:\/\/www.mateco.ch\/wp-content\/uploads\/2024\/03\/img_3283_1-300x225.jpg 300w, https:\/\/www.mateco.ch\/wp-content\/uploads\/2024\/03\/img_3283_1-768x576.jpg 768w, https:\/\/www.mateco.ch\/wp-content\/uploads\/2024\/03\/img_3283_1-1536x1152.jpg 1536w, https:\/\/www.mateco.ch\/wp-content\/uploads\/2024\/03\/img_3283_1.jpg 1600w\" sizes=\"auto, (max-width: 1024px) 100vw, 1024px\" \/>\n\t\t<aside class=\"reference-rebrand-notice reference-rebrand-notice--overview\" aria-label=\"Note concernant le changement de raison sociale\">\n\t<span class=\"reference-rebrand-notice__eyebrow\">Maltech est mateco.<\/span>\n\t<strong class=\"reference-rebrand-notice__title\">Tout reste meilleur.<\/strong>\n<\/aside>\n    <\/a>\n  <\/div>\n\n  <div class=\"col-md-5 pt-20 py-md-40 d-flex align-items-center\">\n\n    <div class=\"content\">\n\t\t\t\n\t\t\t<h2 class=\"h3\">Voil\u00e0 \u00e0 quoi ressemble une bonne collaboration.<\/h2>\n\n      <div class=\"rich-text\">\n\t\t\t\tChaque ann\u00e9e, en janvier et f\u00e9vrier, nous rencontrons de nombreux \u00e9l\u00e9vateurs \u00e0 nacelle de mateco dans toute la ville de B\u00e2le.      <\/div>\n\n\t\t\t<div class=\"button-group\">\n\t<a href=\"https:\/\/www.mateco.ch\/fr\/societe\/references\/so-sieht-eine-gute-zusammenarbeit-aus\/\" target=\"\" title=\"Lire plus\" class=\"btn btn-bg-mateco_red text \" >\n\n  \n      <span class=\"btn-text\">Lire plus<span class=\"visually-hidden\">: Voil\u00e0 \u00e0 quoi ressemble une bonne collaboration.<\/span><\/span>\n  \n  \n<\/a>\n<\/div>\n    <\/div>\n\n  <\/div>\n\n<\/div>\n<div class=\"row references-teaser-row teaser-row \" data-filterable data-category=\"\">\n\n  <div class=\"col-md-6\">\n    <a href=\"https:\/\/www.mateco.ch\/fr\/societe\/references\/tunnel-routier-du-gothard-goeschenen\/\" class=\"img-wrapper picture-animation position-relative\" aria-label=\"Aller \u00e0 Tunnel routier du Gothard, G\u00f6schenen\">\n\t\t\t<img width=\"1024\" height=\"650\" src=\"https:\/\/www.mateco.ch\/wp-content\/uploads\/2024\/03\/gotthardtunnel_4_3-1024x650.jpg\" class=\"w-full h-full object-cover\" alt=\"\" loading=\"lazy\" decoding=\"async\" srcset=\"https:\/\/www.mateco.ch\/wp-content\/uploads\/2024\/03\/gotthardtunnel_4_3-1024x650.jpg 1024w, https:\/\/www.mateco.ch\/wp-content\/uploads\/2024\/03\/gotthardtunnel_4_3-300x190.jpg 300w, https:\/\/www.mateco.ch\/wp-content\/uploads\/2024\/03\/gotthardtunnel_4_3-768x487.jpg 768w, https:\/\/www.mateco.ch\/wp-content\/uploads\/2024\/03\/gotthardtunnel_4_3-1536x974.jpg 1536w, https:\/\/www.mateco.ch\/wp-content\/uploads\/2024\/03\/gotthardtunnel_4_3.jpg 2048w\" sizes=\"auto, (max-width: 1024px) 100vw, 1024px\" \/>\n\t\t<aside class=\"reference-rebrand-notice reference-rebrand-notice--overview\" aria-label=\"Note concernant le changement de raison sociale\">\n\t<span class=\"reference-rebrand-notice__eyebrow\">Maltech est mateco.<\/span>\n\t<strong class=\"reference-rebrand-notice__title\">Tout reste meilleur.<\/strong>\n<\/aside>\n    <\/a>\n  <\/div>\n\n  <div class=\"col-md-5 offset-md-1 pt-20 py-md-40 d-flex align-items-center\">\n\n    <div class=\"content\">\n\t\t\t\n\t\t\t<h2 class=\"h3\">Tunnel routier du Gothard, G\u00f6schenen<\/h2>\n\n      <div class=\"rich-text\">\n\t\t\t\tApr\u00e8s la construction du deuxi\u00e8me tunnel routier du Gothard \u2013 pr\u00e9vu en 2030 \u2013 le tunnel routier actuel du Saint-Gothard sera totalement r\u00e9nov\u00e9.      <\/div>\n\n\t\t\t<div class=\"button-group\">\n\t<a href=\"https:\/\/www.mateco.ch\/fr\/societe\/references\/tunnel-routier-du-gothard-goeschenen\/\" target=\"\" title=\"Lire plus\" class=\"btn btn-bg-mateco_red text \" >\n\n  \n      <span class=\"btn-text\">Lire plus<span class=\"visually-hidden\">: Tunnel routier du Gothard, G\u00f6schenen<\/span><\/span>\n  \n  \n<\/a>\n<\/div>\n    <\/div>\n\n  <\/div>\n\n<\/div>\n<div class=\"row references-teaser-row teaser-row  flex-row-reverse\" data-filterable data-category=\"\">\n\n  <div class=\"col-md-6 offset-md-1\">\n    <a href=\"https:\/\/www.mateco.ch\/fr\/societe\/references\/tour-de-sauvabelin-lausanne\/\" class=\"img-wrapper picture-animation position-relative\" aria-label=\"Aller \u00e0 Tour de Sauvabelin, Lausanne\">\n\t\t\t<img width=\"768\" height=\"1024\" src=\"https:\/\/www.mateco.ch\/wp-content\/uploads\/2024\/03\/tour_de_sauvebelin_5-768x1024.jpg\" class=\"w-full h-full object-cover\" alt=\"\" loading=\"lazy\" decoding=\"async\" srcset=\"https:\/\/www.mateco.ch\/wp-content\/uploads\/2024\/03\/tour_de_sauvebelin_5-768x1024.jpg 768w, https:\/\/www.mateco.ch\/wp-content\/uploads\/2024\/03\/tour_de_sauvebelin_5-225x300.jpg 225w, https:\/\/www.mateco.ch\/wp-content\/uploads\/2024\/03\/tour_de_sauvebelin_5.jpg 1128w\" sizes=\"auto, (max-width: 768px) 100vw, 768px\" \/>\n\t\t<aside class=\"reference-rebrand-notice reference-rebrand-notice--overview\" aria-label=\"Note concernant le changement de raison sociale\">\n\t<span class=\"reference-rebrand-notice__eyebrow\">Maltech est mateco.<\/span>\n\t<strong class=\"reference-rebrand-notice__title\">Tout reste meilleur.<\/strong>\n<\/aside>\n    <\/a>\n  <\/div>\n\n  <div class=\"col-md-5 pt-20 py-md-40 d-flex align-items-center\">\n\n    <div class=\"content\">\n\t\t\t\n\t\t\t<h2 class=\"h3\">Tour de Sauvabelin, Lausanne<\/h2>\n\n      <div class=\"rich-text\">\n\t\t\t\tC\u2019est bien connu que Lausanne a des attractions touristiques int\u00e9ressantes \u00e0 offrir.       <\/div>\n\n\t\t\t<div class=\"button-group\">\n\t<a href=\"https:\/\/www.mateco.ch\/fr\/societe\/references\/tour-de-sauvabelin-lausanne\/\" target=\"\" title=\"Lire plus\" class=\"btn btn-bg-mateco_red text \" >\n\n  \n      <span class=\"btn-text\">Lire plus<span class=\"visually-hidden\">: Tour de Sauvabelin, Lausanne<\/span><\/span>\n  \n  \n<\/a>\n<\/div>\n    <\/div>\n\n  <\/div>\n\n<\/div>\n<div class=\"row references-teaser-row teaser-row \" data-filterable data-category=\"\">\n\n  <div class=\"col-md-6\">\n    <a href=\"https:\/\/www.mateco.ch\/fr\/societe\/references\/chemin-des-cimes-a-laax\/\" class=\"img-wrapper picture-animation position-relative\" aria-label=\"Aller \u00e0 Chemin des cimes \u00e0 Laax\">\n\t\t\t<img width=\"1024\" height=\"649\" src=\"https:\/\/www.mateco.ch\/wp-content\/uploads\/2024\/03\/maltech_nl_baumwipfelpfad2-1024x649.jpg\" class=\"w-full h-full object-cover\" alt=\"\" loading=\"lazy\" decoding=\"async\" srcset=\"https:\/\/www.mateco.ch\/wp-content\/uploads\/2024\/03\/maltech_nl_baumwipfelpfad2-1024x649.jpg 1024w, https:\/\/www.mateco.ch\/wp-content\/uploads\/2024\/03\/maltech_nl_baumwipfelpfad2-300x190.jpg 300w, https:\/\/www.mateco.ch\/wp-content\/uploads\/2024\/03\/maltech_nl_baumwipfelpfad2-768x487.jpg 768w, https:\/\/www.mateco.ch\/wp-content\/uploads\/2024\/03\/maltech_nl_baumwipfelpfad2.jpg 1200w\" sizes=\"auto, (max-width: 1024px) 100vw, 1024px\" \/>\n\t\t<aside class=\"reference-rebrand-notice reference-rebrand-notice--overview\" aria-label=\"Note concernant le changement de raison sociale\">\n\t<span class=\"reference-rebrand-notice__eyebrow\">Maltech est mateco.<\/span>\n\t<strong class=\"reference-rebrand-notice__title\">Tout reste meilleur.<\/strong>\n<\/aside>\n    <\/a>\n  <\/div>\n\n  <div class=\"col-md-5 offset-md-1 pt-20 py-md-40 d-flex align-items-center\">\n\n    <div class=\"content\">\n\t\t\t\n\t\t\t<h2 class=\"h3\">Chemin des cimes \u00e0 Laax<\/h2>\n\n      <div class=\"rich-text\">\n\t\t\t\t\u00c0 partir de l&rsquo;\u00e9t\u00e9 2021, Laax aura une attraction de plus : la \u00ab\u00a0Senda dil Dragun\u00a0\u00bb. Le plus long chemin des cimes sera ouvert au public. D\u2019une longueur totale de 1,5 kilom\u00e8tre,  il se situe \u00e0 la cime des arbres dans la zone foresti\u00e8re.      <\/div>\n\n\t\t\t<div class=\"button-group\">\n\t<a href=\"https:\/\/www.mateco.ch\/fr\/societe\/references\/chemin-des-cimes-a-laax\/\" target=\"\" title=\"Lire plus\" class=\"btn btn-bg-mateco_red text \" >\n\n  \n      <span class=\"btn-text\">Lire plus<span class=\"visually-hidden\">: Chemin des cimes \u00e0 Laax<\/span><\/span>\n  \n  \n<\/a>\n<\/div>\n    <\/div>\n\n  <\/div>\n\n<\/div>\n<div class=\"row references-teaser-row teaser-row  flex-row-reverse\" data-filterable data-category=\"\">\n\n  <div class=\"col-md-6 offset-md-1\">\n    <a href=\"https:\/\/www.mateco.ch\/fr\/societe\/references\/le-palais-federal-a-berne\/\" class=\"img-wrapper picture-animation position-relative\" aria-label=\"Aller \u00e0 Le Palais f\u00e9d\u00e9ral \u00e0 Berne\">\n\t\t\t<img width=\"1024\" height=\"768\" src=\"https:\/\/www.mateco.ch\/wp-content\/uploads\/2024\/03\/einsatz-bundeshaus-rfa_2_web-1024x768.jpg\" class=\"w-full h-full object-cover\" alt=\"\" loading=\"lazy\" decoding=\"async\" srcset=\"https:\/\/www.mateco.ch\/wp-content\/uploads\/2024\/03\/einsatz-bundeshaus-rfa_2_web-1024x768.jpg 1024w, https:\/\/www.mateco.ch\/wp-content\/uploads\/2024\/03\/einsatz-bundeshaus-rfa_2_web-300x225.jpg 300w, https:\/\/www.mateco.ch\/wp-content\/uploads\/2024\/03\/einsatz-bundeshaus-rfa_2_web-768x576.jpg 768w, https:\/\/www.mateco.ch\/wp-content\/uploads\/2024\/03\/einsatz-bundeshaus-rfa_2_web-1536x1152.jpg 1536w, https:\/\/www.mateco.ch\/wp-content\/uploads\/2024\/03\/einsatz-bundeshaus-rfa_2_web-2048x1536.jpg 2048w\" sizes=\"auto, (max-width: 1024px) 100vw, 1024px\" \/>\n\t\t<aside class=\"reference-rebrand-notice reference-rebrand-notice--overview\" aria-label=\"Note concernant le changement de raison sociale\">\n\t<span class=\"reference-rebrand-notice__eyebrow\">Maltech est mateco.<\/span>\n\t<strong class=\"reference-rebrand-notice__title\">Tout reste meilleur.<\/strong>\n<\/aside>\n    <\/a>\n  <\/div>\n\n  <div class=\"col-md-5 pt-20 py-md-40 d-flex align-items-center\">\n\n    <div class=\"content\">\n\t\t\t\n\t\t\t<h2 class=\"h3\">Le Palais f\u00e9d\u00e9ral \u00e0 Berne<\/h2>\n\n      <div class=\"rich-text\">\n\t\t\t\tVisiteurs de la ville de Berne, politiciens nationaux et internationaux, m\u00e9dias &#8211; le Palais f\u00e9d\u00e9ral est en permanence au centre de l&rsquo;attention du public.      <\/div>\n\n\t\t\t<div class=\"button-group\">\n\t<a href=\"https:\/\/www.mateco.ch\/fr\/societe\/references\/le-palais-federal-a-berne\/\" target=\"\" title=\"Lire plus\" class=\"btn btn-bg-mateco_red text \" >\n\n  \n      <span class=\"btn-text\">Lire plus<span class=\"visually-hidden\">: Le Palais f\u00e9d\u00e9ral \u00e0 Berne<\/span><\/span>\n  \n  \n<\/a>\n<\/div>\n    <\/div>\n\n  <\/div>\n\n<\/div>\n<div class=\"row references-teaser-row teaser-row \" data-filterable data-category=\"\">\n\n  <div class=\"col-md-6\">\n    <a href=\"https:\/\/www.mateco.ch\/fr\/societe\/references\/festival-images-vevey\/\" class=\"img-wrapper picture-animation position-relative\" aria-label=\"Aller \u00e0 Festival Images, Vevey\">\n\t\t\t<img width=\"1024\" height=\"981\" src=\"https:\/\/www.mateco.ch\/wp-content\/uploads\/2024\/03\/maltech_im_einsatz_master_1940x1090_festivalvevey1-1-1024x981.jpg\" class=\"w-full h-full object-cover\" alt=\"\" loading=\"lazy\" decoding=\"async\" srcset=\"https:\/\/www.mateco.ch\/wp-content\/uploads\/2024\/03\/maltech_im_einsatz_master_1940x1090_festivalvevey1-1-1024x981.jpg 1024w, https:\/\/www.mateco.ch\/wp-content\/uploads\/2024\/03\/maltech_im_einsatz_master_1940x1090_festivalvevey1-1-300x287.jpg 300w, https:\/\/www.mateco.ch\/wp-content\/uploads\/2024\/03\/maltech_im_einsatz_master_1940x1090_festivalvevey1-1-768x736.jpg 768w, https:\/\/www.mateco.ch\/wp-content\/uploads\/2024\/03\/maltech_im_einsatz_master_1940x1090_festivalvevey1-1.jpg 1138w\" sizes=\"auto, (max-width: 1024px) 100vw, 1024px\" \/>\n\t\t<aside class=\"reference-rebrand-notice reference-rebrand-notice--overview\" aria-label=\"Note concernant le changement de raison sociale\">\n\t<span class=\"reference-rebrand-notice__eyebrow\">Maltech est mateco.<\/span>\n\t<strong class=\"reference-rebrand-notice__title\">Tout reste meilleur.<\/strong>\n<\/aside>\n    <\/a>\n  <\/div>\n\n  <div class=\"col-md-5 offset-md-1 pt-20 py-md-40 d-flex align-items-center\">\n\n    <div class=\"content\">\n\t\t\t\n\t\t\t<h2 class=\"h3\">Festival Images, Vevey<\/h2>\n\n      <div class=\"rich-text\">\n\t\t\t\tVevey accueille tous les deux ans, en septembre, une exposition unique et devient \u00ab Ville d\u2019images \u00bb. En effet, de nombreux artistes exposent leurs \u0153uvres d\u2019art extraordinaires sur des supports tr\u00e8s vari\u00e9s, dans des maisons et dans les rues, tout au long du mois. Chaque \u00e9dition attire plus de 35\u2019000 visiteurs qui viennent s\u2019immerger dans ce monde d\u2019images tr\u00e8s vari\u00e9es.       <\/div>\n\n\t\t\t<div class=\"button-group\">\n\t<a href=\"https:\/\/www.mateco.ch\/fr\/societe\/references\/festival-images-vevey\/\" target=\"\" title=\"Lire plus\" class=\"btn btn-bg-mateco_red text \" >\n\n  \n      <span class=\"btn-text\">Lire plus<span class=\"visually-hidden\">: Festival Images, Vevey<\/span><\/span>\n  \n  \n<\/a>\n<\/div>\n    <\/div>\n\n  <\/div>\n\n<\/div>\n<div class=\"row references-teaser-row teaser-row  flex-row-reverse\" data-filterable data-category=\"\">\n\n  <div class=\"col-md-6 offset-md-1\">\n    <a href=\"https:\/\/www.mateco.ch\/fr\/societe\/references\/hopital-cantonal-lucerne\/\" class=\"img-wrapper picture-animation position-relative\" aria-label=\"Aller \u00e0 H\u00f4pital cantonal, Lucerne\">\n\t\t\t<img width=\"1024\" height=\"768\" src=\"https:\/\/www.mateco.ch\/wp-content\/uploads\/2024\/03\/img_5831-1024x768.jpg\" class=\"w-full h-full object-cover\" alt=\"\" loading=\"lazy\" decoding=\"async\" srcset=\"https:\/\/www.mateco.ch\/wp-content\/uploads\/2024\/03\/img_5831-1024x768.jpg 1024w, https:\/\/www.mateco.ch\/wp-content\/uploads\/2024\/03\/img_5831-300x225.jpg 300w, https:\/\/www.mateco.ch\/wp-content\/uploads\/2024\/03\/img_5831-768x576.jpg 768w, https:\/\/www.mateco.ch\/wp-content\/uploads\/2024\/03\/img_5831-1536x1152.jpg 1536w, https:\/\/www.mateco.ch\/wp-content\/uploads\/2024\/03\/img_5831-2048x1536.jpg 2048w\" sizes=\"auto, (max-width: 1024px) 100vw, 1024px\" \/>\n\t\t<aside class=\"reference-rebrand-notice reference-rebrand-notice--overview\" aria-label=\"Note concernant le changement de raison sociale\">\n\t<span class=\"reference-rebrand-notice__eyebrow\">Maltech est mateco.<\/span>\n\t<strong class=\"reference-rebrand-notice__title\">Tout reste meilleur.<\/strong>\n<\/aside>\n    <\/a>\n  <\/div>\n\n  <div class=\"col-md-5 pt-20 py-md-40 d-flex align-items-center\">\n\n    <div class=\"content\">\n\t\t\t\n\t\t\t<h2 class=\"h3\">H\u00f4pital cantonal, Lucerne<\/h2>\n\n      <div class=\"rich-text\">\n\t\t\t\tLe monde appartient \u00e0 ceux qui se l\u00e8vent t\u00f4t \u2013 l&rsquo;intervention de mateco \u00e0 Lucerne donne tout son sens \u00e0 ce proverbe. Le mandat consistait \u00e0 r\u00e9parer les stores de l&rsquo;h\u00f4pital cantonal de Lucerne.       <\/div>\n\n\t\t\t<div class=\"button-group\">\n\t<a href=\"https:\/\/www.mateco.ch\/fr\/societe\/references\/hopital-cantonal-lucerne\/\" target=\"\" title=\"Lire plus\" class=\"btn btn-bg-mateco_red text \" >\n\n  \n      <span class=\"btn-text\">Lire plus<span class=\"visually-hidden\">: H\u00f4pital cantonal, Lucerne<\/span><\/span>\n  \n  \n<\/a>\n<\/div>\n    <\/div>\n\n  <\/div>\n\n<\/div>\n<div class=\"row references-teaser-row teaser-row \" data-filterable data-category=\"\">\n\n  <div class=\"col-md-6\">\n    <a href=\"https:\/\/www.mateco.ch\/fr\/societe\/references\/barrage-sur-la-limmat-dietlikon\/\" class=\"img-wrapper picture-animation position-relative\" aria-label=\"Aller \u00e0 Barrage sur la Limmat, Dietikon\">\n\t\t\t<img width=\"1024\" height=\"768\" src=\"https:\/\/www.mateco.ch\/wp-content\/uploads\/2024\/03\/s56_einsatz_stauwehr_dietikon_4.jpg\" class=\"w-full h-full object-cover\" alt=\"\" loading=\"lazy\" decoding=\"async\" srcset=\"https:\/\/www.mateco.ch\/wp-content\/uploads\/2024\/03\/s56_einsatz_stauwehr_dietikon_4.jpg 1024w, https:\/\/www.mateco.ch\/wp-content\/uploads\/2024\/03\/s56_einsatz_stauwehr_dietikon_4-300x225.jpg 300w, https:\/\/www.mateco.ch\/wp-content\/uploads\/2024\/03\/s56_einsatz_stauwehr_dietikon_4-768x576.jpg 768w\" sizes=\"auto, (max-width: 1024px) 100vw, 1024px\" \/>\n\t\t<aside class=\"reference-rebrand-notice reference-rebrand-notice--overview\" aria-label=\"Note concernant le changement de raison sociale\">\n\t<span class=\"reference-rebrand-notice__eyebrow\">Maltech est mateco.<\/span>\n\t<strong class=\"reference-rebrand-notice__title\">Tout reste meilleur.<\/strong>\n<\/aside>\n    <\/a>\n  <\/div>\n\n  <div class=\"col-md-5 offset-md-1 pt-20 py-md-40 d-flex align-items-center\">\n\n    <div class=\"content\">\n\t\t\t\n\t\t\t<h2 class=\"h3\">Barrage sur la Limmat, Dietikon<\/h2>\n\n      <div class=\"rich-text\">\n\t\t\t\tmateco a eu l&rsquo;honneur de r\u00e9aliser une mission passionnante pour la compagnie \u00e9lectrique Elektrizit\u00e4tswerke Z\u00fcrich.       <\/div>\n\n\t\t\t<div class=\"button-group\">\n\t<a href=\"https:\/\/www.mateco.ch\/fr\/societe\/references\/barrage-sur-la-limmat-dietlikon\/\" target=\"\" title=\"Lire plus\" class=\"btn btn-bg-mateco_red text \" >\n\n  \n      <span class=\"btn-text\">Lire plus<span class=\"visually-hidden\">: Barrage sur la Limmat, Dietikon<\/span><\/span>\n  \n  \n<\/a>\n<\/div>\n    <\/div>\n\n  <\/div>\n\n<\/div>\n<div class=\"row references-teaser-row teaser-row  flex-row-reverse\" data-filterable data-category=\"\">\n\n  <div class=\"col-md-6 offset-md-1\">\n    <a href=\"https:\/\/www.mateco.ch\/fr\/societe\/references\/pont-rouge-lancy\/\" class=\"img-wrapper picture-animation position-relative\" aria-label=\"Aller \u00e0 Pont Rouge, Lancy\">\n\t\t\t<img width=\"1024\" height=\"768\" src=\"https:\/\/www.mateco.ch\/wp-content\/uploads\/2024\/03\/lancy_pont_rouge_westiform_9.jpg\" class=\"w-full h-full object-cover\" alt=\"\" loading=\"lazy\" decoding=\"async\" srcset=\"https:\/\/www.mateco.ch\/wp-content\/uploads\/2024\/03\/lancy_pont_rouge_westiform_9.jpg 1024w, https:\/\/www.mateco.ch\/wp-content\/uploads\/2024\/03\/lancy_pont_rouge_westiform_9-300x225.jpg 300w, https:\/\/www.mateco.ch\/wp-content\/uploads\/2024\/03\/lancy_pont_rouge_westiform_9-768x576.jpg 768w\" sizes=\"auto, (max-width: 1024px) 100vw, 1024px\" \/>\n\t\t<aside class=\"reference-rebrand-notice reference-rebrand-notice--overview\" aria-label=\"Note concernant le changement de raison sociale\">\n\t<span class=\"reference-rebrand-notice__eyebrow\">Maltech est mateco.<\/span>\n\t<strong class=\"reference-rebrand-notice__title\">Tout reste meilleur.<\/strong>\n<\/aside>\n    <\/a>\n  <\/div>\n\n  <div class=\"col-md-5 pt-20 py-md-40 d-flex align-items-center\">\n\n    <div class=\"content\">\n\t\t\t\n\t\t\t<h2 class=\"h3\">Pont Rouge, Lancy<\/h2>\n\n      <div class=\"rich-text\">\n\t\t\t\tLe quartier de Pont-Rouge est bien plus qu&rsquo;un projet d&rsquo;urbanisme : am\u00e9nag\u00e9 par CFF Immobilier, il s&rsquo;agit d&rsquo;un nouveau p\u00f4le urbain qui prend forme \u00e0 Gen\u00e8ve, \u00e0 seulement cinq minutes du centre-ville.       <\/div>\n\n\t\t\t<div class=\"button-group\">\n\t<a href=\"https:\/\/www.mateco.ch\/fr\/societe\/references\/pont-rouge-lancy\/\" target=\"\" title=\"Lire plus\" class=\"btn btn-bg-mateco_red text \" >\n\n  \n      <span class=\"btn-text\">Lire plus<span class=\"visually-hidden\">: Pont Rouge, Lancy<\/span><\/span>\n  \n  \n<\/a>\n<\/div>\n    <\/div>\n\n  <\/div>\n\n<\/div>\n<div class=\"row references-teaser-row teaser-row \" data-filterable data-category=\"\">\n\n  <div class=\"col-md-6\">\n    <a href=\"https:\/\/www.mateco.ch\/fr\/societe\/references\/depannage-glacier-de-l-eiger\/\" class=\"img-wrapper picture-animation position-relative\" aria-label=\"Aller \u00e0 D\u00e9pannage, Glacier de l&#039;Eiger\">\n\t\t\t<img width=\"970\" height=\"546\" src=\"https:\/\/www.mateco.ch\/wp-content\/uploads\/2024\/03\/2_eigergletscher_1.jpg\" class=\"w-full h-full object-cover\" alt=\"\" loading=\"lazy\" decoding=\"async\" srcset=\"https:\/\/www.mateco.ch\/wp-content\/uploads\/2024\/03\/2_eigergletscher_1.jpg 970w, https:\/\/www.mateco.ch\/wp-content\/uploads\/2024\/03\/2_eigergletscher_1-300x169.jpg 300w, https:\/\/www.mateco.ch\/wp-content\/uploads\/2024\/03\/2_eigergletscher_1-768x432.jpg 768w\" sizes=\"auto, (max-width: 970px) 100vw, 970px\" \/>\n\t\t<aside class=\"reference-rebrand-notice reference-rebrand-notice--overview\" aria-label=\"Note concernant le changement de raison sociale\">\n\t<span class=\"reference-rebrand-notice__eyebrow\">Maltech est mateco.<\/span>\n\t<strong class=\"reference-rebrand-notice__title\">Tout reste meilleur.<\/strong>\n<\/aside>\n    <\/a>\n  <\/div>\n\n  <div class=\"col-md-5 offset-md-1 pt-20 py-md-40 d-flex align-items-center\">\n\n    <div class=\"content\">\n\t\t\t\n\t\t\t<h2 class=\"h3\">D\u00e9pannage, Glacier de l&rsquo;Eiger<\/h2>\n\n      <div class=\"rich-text\">\n\t\t\t\tPour cette intervention, nous avons pris la route des sommets, jusqu&rsquo;\u00e0 2&rsquo;350 m d&rsquo;altitude, sous la neige qui tombait.      <\/div>\n\n\t\t\t<div class=\"button-group\">\n\t<a href=\"https:\/\/www.mateco.ch\/fr\/societe\/references\/depannage-glacier-de-l-eiger\/\" target=\"\" title=\"Lire plus\" class=\"btn btn-bg-mateco_red text \" >\n\n  \n      <span class=\"btn-text\">Lire plus<span class=\"visually-hidden\">: D\u00e9pannage, Glacier de l&#039;Eiger<\/span><\/span>\n  \n  \n<\/a>\n<\/div>\n    <\/div>\n\n  <\/div>\n\n<\/div>\n<div class=\"row references-teaser-row teaser-row  flex-row-reverse\" data-filterable data-category=\"\">\n\n  <div class=\"col-md-6 offset-md-1\">\n    <a href=\"https:\/\/www.mateco.ch\/fr\/societe\/references\/st-jakob-park-bale\/\" class=\"img-wrapper picture-animation position-relative\" aria-label=\"Aller \u00e0 St. Jakob-Park, B\u00e2le\">\n\t\t\t<img width=\"1000\" height=\"750\" src=\"https:\/\/www.mateco.ch\/wp-content\/uploads\/2024\/03\/img_2251_oliver-hurni.jpg\" class=\"w-full h-full object-cover\" alt=\"\" loading=\"lazy\" decoding=\"async\" srcset=\"https:\/\/www.mateco.ch\/wp-content\/uploads\/2024\/03\/img_2251_oliver-hurni.jpg 1000w, https:\/\/www.mateco.ch\/wp-content\/uploads\/2024\/03\/img_2251_oliver-hurni-300x225.jpg 300w, https:\/\/www.mateco.ch\/wp-content\/uploads\/2024\/03\/img_2251_oliver-hurni-768x576.jpg 768w\" sizes=\"auto, (max-width: 1000px) 100vw, 1000px\" \/>\n\t\t<aside class=\"reference-rebrand-notice reference-rebrand-notice--overview\" aria-label=\"Note concernant le changement de raison sociale\">\n\t<span class=\"reference-rebrand-notice__eyebrow\">Maltech est mateco.<\/span>\n\t<strong class=\"reference-rebrand-notice__title\">Tout reste meilleur.<\/strong>\n<\/aside>\n    <\/a>\n  <\/div>\n\n  <div class=\"col-md-5 pt-20 py-md-40 d-flex align-items-center\">\n\n    <div class=\"content\">\n\t\t\t\n\t\t\t<h2 class=\"h3\">St. Jakob-Park, B\u00e2le<\/h2>\n\n      <div class=\"rich-text\">\n\t\t\t\t\u200bVoil\u00e0 qui a \u00e9t\u00e9 franchement spectaculaire : une intervention de mateco dans le plus grand stade de football de Suisse.      <\/div>\n\n\t\t\t<div class=\"button-group\">\n\t<a href=\"https:\/\/www.mateco.ch\/fr\/societe\/references\/st-jakob-park-bale\/\" target=\"\" title=\"Lire plus\" class=\"btn btn-bg-mateco_red text \" >\n\n  \n      <span class=\"btn-text\">Lire plus<span class=\"visually-hidden\">: St. Jakob-Park, B\u00e2le<\/span><\/span>\n  \n  \n<\/a>\n<\/div>\n    <\/div>\n\n  <\/div>\n\n<\/div>\n<div class=\"row references-teaser-row teaser-row \" data-filterable data-category=\"\">\n\n  <div class=\"col-md-6\">\n    <a href=\"https:\/\/www.mateco.ch\/fr\/societe\/references\/immeuble-locatif-berne\/\" class=\"img-wrapper picture-animation position-relative\" aria-label=\"Aller \u00e0 Immeuble locatif, Berne\">\n\t\t\t<img width=\"848\" height=\"480\" src=\"https:\/\/www.mateco.ch\/wp-content\/uploads\/2024\/03\/mehrfamilienhaus_bern.jpg\" class=\"w-full h-full object-cover\" alt=\"\" loading=\"lazy\" decoding=\"async\" srcset=\"https:\/\/www.mateco.ch\/wp-content\/uploads\/2024\/03\/mehrfamilienhaus_bern.jpg 848w, https:\/\/www.mateco.ch\/wp-content\/uploads\/2024\/03\/mehrfamilienhaus_bern-300x170.jpg 300w, https:\/\/www.mateco.ch\/wp-content\/uploads\/2024\/03\/mehrfamilienhaus_bern-768x435.jpg 768w\" sizes=\"auto, (max-width: 848px) 100vw, 848px\" \/>\n\t\t<aside class=\"reference-rebrand-notice reference-rebrand-notice--overview\" aria-label=\"Note concernant le changement de raison sociale\">\n\t<span class=\"reference-rebrand-notice__eyebrow\">Maltech est mateco.<\/span>\n\t<strong class=\"reference-rebrand-notice__title\">Tout reste meilleur.<\/strong>\n<\/aside>\n    <\/a>\n  <\/div>\n\n  <div class=\"col-md-5 offset-md-1 pt-20 py-md-40 d-flex align-items-center\">\n\n    <div class=\"content\">\n\t\t\t\n\t\t\t<h2 class=\"h3\">Immeuble locatif, Berne<\/h2>\n\n      <div class=\"rich-text\">\n\t\t\t\t\u200bQuel panorama ! La vue d\u00e9gag\u00e9e sur toute la ville de Berne, de la montagne \u00ab\u00a0Gurten\u00a0\u00bb au Palais f\u00e9d\u00e9ral, \u00e9tait sans conteste le point fort de ce projet. Les travaux proprement dits, r\u00e9alis\u00e9s \u00e0 des hauteurs vertigineuses, \u00e9taient loin d\u2019\u00eatre habituels.      <\/div>\n\n\t\t\t<div class=\"button-group\">\n\t<a href=\"https:\/\/www.mateco.ch\/fr\/societe\/references\/immeuble-locatif-berne\/\" target=\"\" title=\"Lire plus\" class=\"btn btn-bg-mateco_red text \" >\n\n  \n      <span class=\"btn-text\">Lire plus<span class=\"visually-hidden\">: Immeuble locatif, Berne<\/span><\/span>\n  \n  \n<\/a>\n<\/div>\n    <\/div>\n\n  <\/div>\n\n<\/div>\n<div class=\"row references-teaser-row teaser-row  flex-row-reverse\" data-filterable data-category=\"\">\n\n  <div class=\"col-md-6 offset-md-1\">\n    <a href=\"https:\/\/www.mateco.ch\/fr\/societe\/references\/hopital-de-l-ile-berne\/\" class=\"img-wrapper picture-animation position-relative\" aria-label=\"Aller \u00e0 H\u00f4pital de l\u2019Ile, Berne\">\n\t\t\t<img width=\"768\" height=\"1024\" src=\"https:\/\/www.mateco.ch\/wp-content\/uploads\/2024\/03\/img_2110-768x1024.jpg\" class=\"w-full h-full object-cover\" alt=\"\" loading=\"lazy\" decoding=\"async\" srcset=\"https:\/\/www.mateco.ch\/wp-content\/uploads\/2024\/03\/img_2110-768x1024.jpg 768w, https:\/\/www.mateco.ch\/wp-content\/uploads\/2024\/03\/img_2110-225x300.jpg 225w, https:\/\/www.mateco.ch\/wp-content\/uploads\/2024\/03\/img_2110-1152x1536.jpg 1152w, https:\/\/www.mateco.ch\/wp-content\/uploads\/2024\/03\/img_2110-rotated.jpg 1512w\" sizes=\"auto, (max-width: 768px) 100vw, 768px\" \/>\n\t\t<aside class=\"reference-rebrand-notice reference-rebrand-notice--overview\" aria-label=\"Note concernant le changement de raison sociale\">\n\t<span class=\"reference-rebrand-notice__eyebrow\">Maltech est mateco.<\/span>\n\t<strong class=\"reference-rebrand-notice__title\">Tout reste meilleur.<\/strong>\n<\/aside>\n    <\/a>\n  <\/div>\n\n  <div class=\"col-md-5 pt-20 py-md-40 d-flex align-items-center\">\n\n    <div class=\"content\">\n\t\t\t\n\t\t\t<h2 class=\"h3\">H\u00f4pital de l\u2019Ile, Berne<\/h2>\n\n      <div class=\"rich-text\">\n\t\t\t\t\u200b\u200bL\u2019h\u00f4pital universitaire de Berne, l\u2019H\u00f4pital de l\u2019Ile, compte au total 8\u2019300 collaborateurs, dispose d\u2019environ 900 lits et traite chaque ann\u00e9e 44\u2019000 patients hospitalis\u00e9s.      <\/div>\n\n\t\t\t<div class=\"button-group\">\n\t<a href=\"https:\/\/www.mateco.ch\/fr\/societe\/references\/hopital-de-l-ile-berne\/\" target=\"\" title=\"Lire plus\" class=\"btn btn-bg-mateco_red text \" >\n\n  \n      <span class=\"btn-text\">Lire plus<span class=\"visually-hidden\">: H\u00f4pital de l\u2019Ile, Berne<\/span><\/span>\n  \n  \n<\/a>\n<\/div>\n    <\/div>\n\n  <\/div>\n\n<\/div>\n<div class=\"row references-teaser-row teaser-row \" data-filterable data-category=\"\">\n\n  <div class=\"col-md-6\">\n    <a href=\"https:\/\/www.mateco.ch\/fr\/societe\/references\/illuminations-de-noel-zurich-2\/\" class=\"img-wrapper picture-animation position-relative\" aria-label=\"Aller \u00e0 Illuminations de No\u00ebl, Zurich\">\n\t\t\t<img width=\"1024\" height=\"683\" src=\"https:\/\/www.mateco.ch\/wp-content\/uploads\/2024\/03\/lucy_headerbild_2_dsc09985-1024x683.jpg\" class=\"w-full h-full object-cover\" alt=\"\" loading=\"lazy\" decoding=\"async\" srcset=\"https:\/\/www.mateco.ch\/wp-content\/uploads\/2024\/03\/lucy_headerbild_2_dsc09985-1024x683.jpg 1024w, https:\/\/www.mateco.ch\/wp-content\/uploads\/2024\/03\/lucy_headerbild_2_dsc09985-300x200.jpg 300w, https:\/\/www.mateco.ch\/wp-content\/uploads\/2024\/03\/lucy_headerbild_2_dsc09985-768x512.jpg 768w, https:\/\/www.mateco.ch\/wp-content\/uploads\/2024\/03\/lucy_headerbild_2_dsc09985-1536x1025.jpg 1536w, https:\/\/www.mateco.ch\/wp-content\/uploads\/2024\/03\/lucy_headerbild_2_dsc09985-2048x1366.jpg 2048w\" sizes=\"auto, (max-width: 1024px) 100vw, 1024px\" \/>\n\t\t<aside class=\"reference-rebrand-notice reference-rebrand-notice--overview\" aria-label=\"Note concernant le changement de raison sociale\">\n\t<span class=\"reference-rebrand-notice__eyebrow\">Maltech est mateco.<\/span>\n\t<strong class=\"reference-rebrand-notice__title\">Tout reste meilleur.<\/strong>\n<\/aside>\n    <\/a>\n  <\/div>\n\n  <div class=\"col-md-5 offset-md-1 pt-20 py-md-40 d-flex align-items-center\">\n\n    <div class=\"content\">\n\t\t\t\n\t\t\t<h2 class=\"h3\">Illuminations de No\u00ebl, Zurich<\/h2>\n\n      <div class=\"rich-text\">\n\t\t\t\tWenn die Kummler+Matter EVT AG die Weihnachtsbeleuchtung der Z\u00fcrcher Bahnhofstrasse aufh\u00e4ngt, kommen auch Ger\u00e4te von mateco zum Einsatz.      <\/div>\n\n\t\t\t<div class=\"button-group\">\n\t<a href=\"https:\/\/www.mateco.ch\/fr\/societe\/references\/illuminations-de-noel-zurich-2\/\" target=\"\" title=\"Lire plus\" class=\"btn btn-bg-mateco_red text \" >\n\n  \n      <span class=\"btn-text\">Lire plus<span class=\"visually-hidden\">: Illuminations de No\u00ebl, Zurich<\/span><\/span>\n  \n  \n<\/a>\n<\/div>\n    <\/div>\n\n  <\/div>\n\n<\/div>\n<div class=\"row references-teaser-row teaser-row  flex-row-reverse\" data-filterable data-category=\"\">\n\n  <div class=\"col-md-6 offset-md-1\">\n    <a href=\"https:\/\/www.mateco.ch\/fr\/societe\/references\/saint-nicolas-dans-la-foret-meggen\/\" class=\"img-wrapper picture-animation position-relative\" aria-label=\"Aller \u00e0 Saint-Nicolas dans la for\u00eat, Meggen\">\n\t\t\t<img width=\"1024\" height=\"768\" src=\"https:\/\/www.mateco.ch\/wp-content\/uploads\/2024\/03\/img_4700-1024x768.jpg\" class=\"w-full h-full object-cover\" alt=\"\" loading=\"lazy\" decoding=\"async\" srcset=\"https:\/\/www.mateco.ch\/wp-content\/uploads\/2024\/03\/img_4700-1024x768.jpg 1024w, https:\/\/www.mateco.ch\/wp-content\/uploads\/2024\/03\/img_4700-300x225.jpg 300w, https:\/\/www.mateco.ch\/wp-content\/uploads\/2024\/03\/img_4700-768x576.jpg 768w, https:\/\/www.mateco.ch\/wp-content\/uploads\/2024\/03\/img_4700-1536x1152.jpg 1536w, https:\/\/www.mateco.ch\/wp-content\/uploads\/2024\/03\/img_4700-2048x1536.jpg 2048w\" sizes=\"auto, (max-width: 1024px) 100vw, 1024px\" \/>\n\t\t<aside class=\"reference-rebrand-notice reference-rebrand-notice--overview\" aria-label=\"Note concernant le changement de raison sociale\">\n\t<span class=\"reference-rebrand-notice__eyebrow\">Maltech est mateco.<\/span>\n\t<strong class=\"reference-rebrand-notice__title\">Tout reste meilleur.<\/strong>\n<\/aside>\n    <\/a>\n  <\/div>\n\n  <div class=\"col-md-5 pt-20 py-md-40 d-flex align-items-center\">\n\n    <div class=\"content\">\n\t\t\t\n\t\t\t<h2 class=\"h3\">Saint-Nicolas dans la for\u00eat, Meggen<\/h2>\n\n      <div class=\"rich-text\">\n\t\t\t\tTous les cinq ans, Saint-Nicolas s\u2019installe dans le Meggerwald. C\u2019est l\u2019occasion pour les enfants de lui rendre visite dans sa jolie maisonnette en bois et de lui dire leurs v\u0153ux.      <\/div>\n\n\t\t\t<div class=\"button-group\">\n\t<a href=\"https:\/\/www.mateco.ch\/fr\/societe\/references\/saint-nicolas-dans-la-foret-meggen\/\" target=\"\" title=\"Lire plus\" class=\"btn btn-bg-mateco_red text \" >\n\n  \n      <span class=\"btn-text\">Lire plus<span class=\"visually-hidden\">: Saint-Nicolas dans la for\u00eat, Meggen<\/span><\/span>\n  \n  \n<\/a>\n<\/div>\n    <\/div>\n\n  <\/div>\n\n<\/div>\n<div class=\"row references-teaser-row teaser-row \" data-filterable data-category=\"\">\n\n  <div class=\"col-md-6\">\n    <a href=\"https:\/\/www.mateco.ch\/fr\/societe\/references\/chateau-trachselwald\/\" class=\"img-wrapper picture-animation position-relative\" aria-label=\"Aller \u00e0 Ch\u00e2teau d. Trachselwald, Trachselwald\">\n\t\t\t<img width=\"1024\" height=\"768\" src=\"https:\/\/www.mateco.ch\/wp-content\/uploads\/2024\/03\/bild_6-1024x768.jpg\" class=\"w-full h-full object-cover\" alt=\"\" loading=\"lazy\" decoding=\"async\" srcset=\"https:\/\/www.mateco.ch\/wp-content\/uploads\/2024\/03\/bild_6-1024x768.jpg 1024w, https:\/\/www.mateco.ch\/wp-content\/uploads\/2024\/03\/bild_6-300x225.jpg 300w, https:\/\/www.mateco.ch\/wp-content\/uploads\/2024\/03\/bild_6-768x576.jpg 768w, https:\/\/www.mateco.ch\/wp-content\/uploads\/2024\/03\/bild_6.jpg 1504w\" sizes=\"auto, (max-width: 1024px) 100vw, 1024px\" \/>\n\t\t<aside class=\"reference-rebrand-notice reference-rebrand-notice--overview\" aria-label=\"Note concernant le changement de raison sociale\">\n\t<span class=\"reference-rebrand-notice__eyebrow\">Maltech est mateco.<\/span>\n\t<strong class=\"reference-rebrand-notice__title\">Tout reste meilleur.<\/strong>\n<\/aside>\n    <\/a>\n  <\/div>\n\n  <div class=\"col-md-5 offset-md-1 pt-20 py-md-40 d-flex align-items-center\">\n\n    <div class=\"content\">\n\t\t\t\n\t\t\t<h2 class=\"h3\">Ch\u00e2teau d. Trachselwald, Trachselwald<\/h2>\n\n      <div class=\"rich-text\">\n\t\t\t\tLe ch\u00e2teau de Trachselwald dans le canton de Berne date du XIIIe si\u00e8cle. Il fait office de symbole de l\u2019extension du canton autour du Haut-Emmental\nHier, an diesem historischen Ort, war mateco im Einsatz. Grund daf\u00fcr war das besch\u00e4digte Unterdach, das repariert werden musste. Aufgrund der Lage des Schlosses mitten auf der H\u00fcgelkuppe, umgeben von zahlreichen hohen Laubb\u00e4umen, gestaltete sich das Projekt als relativ schwierig. Eingesetzt wurde die LKW-B\u00fchne S 56 XR mit einer hervorragenden seitlichen Reichweite von 39 Metern, was ganz knapp ausreichte. Die Hebeb\u00fchne wurde so nah wie m\u00f6glich am Schloss platziert. Um sie dort abst\u00fctzen zu k\u00f6nnen, musste mit einem Kleinbagger ein St\u00fcck der B\u00f6schung abgetragen werden. Das Fazit: Ein komplexer Einsatz mit perfektem Resultat \u2013 vor wunderbarer Kulisse.      <\/div>\n\n\t\t\t<div class=\"button-group\">\n\t<a href=\"https:\/\/www.mateco.ch\/fr\/societe\/references\/chateau-trachselwald\/\" target=\"\" title=\"Lire plus\" class=\"btn btn-bg-mateco_red text \" >\n\n  \n      <span class=\"btn-text\">Lire plus<span class=\"visually-hidden\">: Ch\u00e2teau d. Trachselwald, Trachselwald<\/span><\/span>\n  \n  \n<\/a>\n<\/div>\n    <\/div>\n\n  <\/div>\n\n<\/div>\n<div class=\"row references-teaser-row teaser-row  flex-row-reverse\" data-filterable data-category=\"\">\n\n  <div class=\"col-md-6 offset-md-1\">\n    <a href=\"https:\/\/www.mateco.ch\/fr\/societe\/references\/centre-commercial-volkiland-volketswil\/\" class=\"img-wrapper picture-animation position-relative\" aria-label=\"Aller \u00e0 Centre commercial Volkiland, Volketswil\">\n\t\t\t<img width=\"1024\" height=\"768\" src=\"https:\/\/www.mateco.ch\/wp-content\/uploads\/2024\/03\/coop_volketswil_2.jpg\" class=\"w-full h-full object-cover\" alt=\"\" loading=\"lazy\" decoding=\"async\" srcset=\"https:\/\/www.mateco.ch\/wp-content\/uploads\/2024\/03\/coop_volketswil_2.jpg 1024w, https:\/\/www.mateco.ch\/wp-content\/uploads\/2024\/03\/coop_volketswil_2-300x225.jpg 300w, https:\/\/www.mateco.ch\/wp-content\/uploads\/2024\/03\/coop_volketswil_2-768x576.jpg 768w\" sizes=\"auto, (max-width: 1024px) 100vw, 1024px\" \/>\n\t\t<aside class=\"reference-rebrand-notice reference-rebrand-notice--overview\" aria-label=\"Note concernant le changement de raison sociale\">\n\t<span class=\"reference-rebrand-notice__eyebrow\">Maltech est mateco.<\/span>\n\t<strong class=\"reference-rebrand-notice__title\">Tout reste meilleur.<\/strong>\n<\/aside>\n    <\/a>\n  <\/div>\n\n  <div class=\"col-md-5 pt-20 py-md-40 d-flex align-items-center\">\n\n    <div class=\"content\">\n\t\t\t\n\t\t\t<h2 class=\"h3\">Centre commercial Volkiland, Volketswil<\/h2>\n\n      <div class=\"rich-text\">\n\t\t\t\tLe centre commercial Volkiland au c\u0153ur de la zone industrielle de Volketswil a rouvert ses portes en novembre 2019      <\/div>\n\n\t\t\t<div class=\"button-group\">\n\t<a href=\"https:\/\/www.mateco.ch\/fr\/societe\/references\/centre-commercial-volkiland-volketswil\/\" target=\"\" title=\"Lire plus\" class=\"btn btn-bg-mateco_red text \" >\n\n  \n      <span class=\"btn-text\">Lire plus<span class=\"visually-hidden\">: Centre commercial Volkiland, Volketswil<\/span><\/span>\n  \n  \n<\/a>\n<\/div>\n    <\/div>\n\n  <\/div>\n\n<\/div>\n<div class=\"row references-teaser-row teaser-row \" data-filterable data-category=\"\">\n\n  <div class=\"col-md-6\">\n    <a href=\"https:\/\/www.mateco.ch\/fr\/societe\/references\/eglise-sentikirche-lucerne\/\" class=\"img-wrapper picture-animation position-relative\" aria-label=\"Aller \u00e0 \u00c9glise \u00abSentikirche\u00bb, Lucerne\">\n\t\t\t<img width=\"768\" height=\"1024\" src=\"https:\/\/www.mateco.ch\/wp-content\/uploads\/2024\/03\/img_4362-768x1024.jpg\" class=\"w-full h-full object-cover\" alt=\"\" loading=\"lazy\" decoding=\"async\" srcset=\"https:\/\/www.mateco.ch\/wp-content\/uploads\/2024\/03\/img_4362-768x1024.jpg 768w, https:\/\/www.mateco.ch\/wp-content\/uploads\/2024\/03\/img_4362-225x300.jpg 225w, https:\/\/www.mateco.ch\/wp-content\/uploads\/2024\/03\/img_4362-1152x1536.jpg 1152w, https:\/\/www.mateco.ch\/wp-content\/uploads\/2024\/03\/img_4362-1536x2048.jpg 1536w, https:\/\/www.mateco.ch\/wp-content\/uploads\/2024\/03\/img_4362-scaled.jpg 1920w\" sizes=\"auto, (max-width: 768px) 100vw, 768px\" \/>\n\t\t<aside class=\"reference-rebrand-notice reference-rebrand-notice--overview\" aria-label=\"Note concernant le changement de raison sociale\">\n\t<span class=\"reference-rebrand-notice__eyebrow\">Maltech est mateco.<\/span>\n\t<strong class=\"reference-rebrand-notice__title\">Tout reste meilleur.<\/strong>\n<\/aside>\n    <\/a>\n  <\/div>\n\n  <div class=\"col-md-5 offset-md-1 pt-20 py-md-40 d-flex align-items-center\">\n\n    <div class=\"content\">\n\t\t\t\n\t\t\t<h2 class=\"h3\">\u00c9glise \u00abSentikirche\u00bb, Lucerne<\/h2>\n\n      <div class=\"rich-text\">\n\t\t\t\tSelon les annales, l\u2019existence de la \u00abSentikirche\u00bb \u00e0 Lucerne remonte au Moyen \u00c2ge. L&rsquo;\u00e9difice actuel s\u2019int\u00e8gre de fa\u00e7on \u00e9l\u00e9gante dans le lieu et les b\u00e2timents adjacents. Dans le cadre de r\u00e9cents travaux de r\u00e9novation, il s\u2019agissait entre autres de repeindre le clocher.      <\/div>\n\n\t\t\t<div class=\"button-group\">\n\t<a href=\"https:\/\/www.mateco.ch\/fr\/societe\/references\/eglise-sentikirche-lucerne\/\" target=\"\" title=\"Lire plus\" class=\"btn btn-bg-mateco_red text \" >\n\n  \n      <span class=\"btn-text\">Lire plus<span class=\"visually-hidden\">: \u00c9glise \u00abSentikirche\u00bb, Lucerne<\/span><\/span>\n  \n  \n<\/a>\n<\/div>\n    <\/div>\n\n  <\/div>\n\n<\/div>\n<div class=\"row references-teaser-row teaser-row  flex-row-reverse\" data-filterable data-category=\"\">\n\n  <div class=\"col-md-6 offset-md-1\">\n    <a href=\"https:\/\/www.mateco.ch\/fr\/societe\/references\/bateau-a-moteur-lac-des-quatre-cantons\/\" class=\"img-wrapper picture-animation position-relative\" aria-label=\"Aller \u00e0 Bateau \u00e0 moteur, Lac des Quatre-Cantons\">\n\t\t\t<img width=\"1024\" height=\"768\" src=\"https:\/\/www.mateco.ch\/wp-content\/uploads\/2024\/03\/img_4112-1-1024x768.jpg\" class=\"w-full h-full object-cover\" alt=\"\" loading=\"lazy\" decoding=\"async\" srcset=\"https:\/\/www.mateco.ch\/wp-content\/uploads\/2024\/03\/img_4112-1-1024x768.jpg 1024w, https:\/\/www.mateco.ch\/wp-content\/uploads\/2024\/03\/img_4112-1-300x225.jpg 300w, https:\/\/www.mateco.ch\/wp-content\/uploads\/2024\/03\/img_4112-1-768x576.jpg 768w, https:\/\/www.mateco.ch\/wp-content\/uploads\/2024\/03\/img_4112-1-1536x1152.jpg 1536w, https:\/\/www.mateco.ch\/wp-content\/uploads\/2024\/03\/img_4112-1-2048x1536.jpg 2048w\" sizes=\"auto, (max-width: 1024px) 100vw, 1024px\" \/>\n\t\t<aside class=\"reference-rebrand-notice reference-rebrand-notice--overview\" aria-label=\"Note concernant le changement de raison sociale\">\n\t<span class=\"reference-rebrand-notice__eyebrow\">Maltech est mateco.<\/span>\n\t<strong class=\"reference-rebrand-notice__title\">Tout reste meilleur.<\/strong>\n<\/aside>\n    <\/a>\n  <\/div>\n\n  <div class=\"col-md-5 pt-20 py-md-40 d-flex align-items-center\">\n\n    <div class=\"content\">\n\t\t\t\n\t\t\t<h2 class=\"h3\">Bateau \u00e0 moteur, Lac des Quatre-Cantons<\/h2>\n\n      <div class=\"rich-text\">\n\t\t\t\t\u200bAfin d\u2019offrir aux passagers du bateau \u00e0 moteur Diamant toujours une vue d\u00e9gag\u00e9e sur le lac des Quatre-Cantons et le magnifique panorama, les grandes surfaces vitr\u00e9es doivent \u00eatre nettoy\u00e9es r\u00e9guli\u00e8rement.      <\/div>\n\n\t\t\t<div class=\"button-group\">\n\t<a href=\"https:\/\/www.mateco.ch\/fr\/societe\/references\/bateau-a-moteur-lac-des-quatre-cantons\/\" target=\"\" title=\"Lire plus\" class=\"btn btn-bg-mateco_red text \" >\n\n  \n      <span class=\"btn-text\">Lire plus<span class=\"visually-hidden\">: Bateau \u00e0 moteur, Lac des Quatre-Cantons<\/span><\/span>\n  \n  \n<\/a>\n<\/div>\n    <\/div>\n\n  <\/div>\n\n<\/div>\n<div class=\"row references-teaser-row teaser-row \" data-filterable data-category=\"\">\n\n  <div class=\"col-md-6\">\n    <a href=\"https:\/\/www.mateco.ch\/fr\/societe\/references\/immeuble-locatif-et-de-bureaux-emmenbruecke\/\" class=\"img-wrapper picture-animation position-relative\" aria-label=\"Aller \u00e0 Immeuble locatif et de bureaux, Emmenbr\u00fccke\">\n\t\t\t<img width=\"768\" height=\"1024\" src=\"https:\/\/www.mateco.ch\/wp-content\/uploads\/2024\/03\/img_3886-768x1024.jpg\" class=\"w-full h-full object-cover\" alt=\"\" loading=\"lazy\" decoding=\"async\" srcset=\"https:\/\/www.mateco.ch\/wp-content\/uploads\/2024\/03\/img_3886-768x1024.jpg 768w, https:\/\/www.mateco.ch\/wp-content\/uploads\/2024\/03\/img_3886-225x300.jpg 225w, https:\/\/www.mateco.ch\/wp-content\/uploads\/2024\/03\/img_3886-1152x1536.jpg 1152w, https:\/\/www.mateco.ch\/wp-content\/uploads\/2024\/03\/img_3886-1536x2048.jpg 1536w, https:\/\/www.mateco.ch\/wp-content\/uploads\/2024\/03\/img_3886-scaled.jpg 1920w\" sizes=\"auto, (max-width: 768px) 100vw, 768px\" \/>\n\t\t<aside class=\"reference-rebrand-notice reference-rebrand-notice--overview\" aria-label=\"Note concernant le changement de raison sociale\">\n\t<span class=\"reference-rebrand-notice__eyebrow\">Maltech est mateco.<\/span>\n\t<strong class=\"reference-rebrand-notice__title\">Tout reste meilleur.<\/strong>\n<\/aside>\n    <\/a>\n  <\/div>\n\n  <div class=\"col-md-5 offset-md-1 pt-20 py-md-40 d-flex align-items-center\">\n\n    <div class=\"content\">\n\t\t\t\n\t\t\t<h2 class=\"h3\">Immeuble locatif et de bureaux, Emmenbr\u00fccke<\/h2>\n\n      <div class=\"rich-text\">\n\t\t\t\tLe conduit d\u2019a\u00e9ration d&rsquo;un immeuble locatif et de bureaux \u00e0 Emmenbr\u00fccke devait \u00eatre r\u00e9par\u00e9.      <\/div>\n\n\t\t\t<div class=\"button-group\">\n\t<a href=\"https:\/\/www.mateco.ch\/fr\/societe\/references\/immeuble-locatif-et-de-bureaux-emmenbruecke\/\" target=\"\" title=\"Lire plus\" class=\"btn btn-bg-mateco_red text \" >\n\n  \n      <span class=\"btn-text\">Lire plus<span class=\"visually-hidden\">: Immeuble locatif et de bureaux, Emmenbr\u00fccke<\/span><\/span>\n  \n  \n<\/a>\n<\/div>\n    <\/div>\n\n  <\/div>\n\n<\/div>\n<div class=\"row references-teaser-row teaser-row  flex-row-reverse\" data-filterable data-category=\"\">\n\n  <div class=\"col-md-6 offset-md-1\">\n    <a href=\"https:\/\/www.mateco.ch\/fr\/societe\/references\/monument-int-de-la-reformation-geneve\/\" class=\"img-wrapper picture-animation position-relative\" aria-label=\"Aller \u00e0 Monument int. de la R\u00e9formation, Gen\u00e8ve\">\n\t\t\t<img width=\"480\" height=\"640\" src=\"https:\/\/www.mateco.ch\/wp-content\/uploads\/2024\/03\/img_2756-rotated.jpg\" class=\"w-full h-full object-cover\" alt=\"\" loading=\"lazy\" decoding=\"async\" srcset=\"https:\/\/www.mateco.ch\/wp-content\/uploads\/2024\/03\/img_2756-rotated.jpg 480w, https:\/\/www.mateco.ch\/wp-content\/uploads\/2024\/03\/img_2756-225x300.jpg 225w\" sizes=\"auto, (max-width: 480px) 100vw, 480px\" \/>\n\t\t<aside class=\"reference-rebrand-notice reference-rebrand-notice--overview\" aria-label=\"Note concernant le changement de raison sociale\">\n\t<span class=\"reference-rebrand-notice__eyebrow\">Maltech est mateco.<\/span>\n\t<strong class=\"reference-rebrand-notice__title\">Tout reste meilleur.<\/strong>\n<\/aside>\n    <\/a>\n  <\/div>\n\n  <div class=\"col-md-5 pt-20 py-md-40 d-flex align-items-center\">\n\n    <div class=\"content\">\n\t\t\t\n\t\t\t<h2 class=\"h3\">Monument int. de la R\u00e9formation, Gen\u00e8ve<\/h2>\n\n      <div class=\"rich-text\">\n\t\t\t\tLe Mur des r\u00e9formateurs rappelle le rayonnement international de Gen\u00e8ve \u00e0 l\u2019\u00e9poque de la R\u00e9forme. Malheureusement, le monument a \u00e9t\u00e9 souill\u00e9 par des jets de peinture en juin 2019.       <\/div>\n\n\t\t\t<div class=\"button-group\">\n\t<a href=\"https:\/\/www.mateco.ch\/fr\/societe\/references\/monument-int-de-la-reformation-geneve\/\" target=\"\" title=\"Lire plus\" class=\"btn btn-bg-mateco_red text \" >\n\n  \n      <span class=\"btn-text\">Lire plus<span class=\"visually-hidden\">: Monument int. de la R\u00e9formation, Gen\u00e8ve<\/span><\/span>\n  \n  \n<\/a>\n<\/div>\n    <\/div>\n\n  <\/div>\n\n<\/div>\n<div class=\"row references-teaser-row teaser-row \" data-filterable data-category=\"\">\n\n  <div class=\"col-md-6\">\n    <a href=\"https:\/\/www.mateco.ch\/fr\/societe\/references\/conference-erfa-zoug\/\" class=\"img-wrapper picture-animation position-relative\" aria-label=\"Aller \u00e0 Conf\u00e9rence ERFA, canton de Zoug\">\n\t\t\t<img width=\"1024\" height=\"768\" src=\"https:\/\/www.mateco.ch\/wp-content\/uploads\/2024\/03\/erfa-1024x768.jpg\" class=\"w-full h-full object-cover\" alt=\"\" loading=\"lazy\" decoding=\"async\" srcset=\"https:\/\/www.mateco.ch\/wp-content\/uploads\/2024\/03\/erfa-1024x768.jpg 1024w, https:\/\/www.mateco.ch\/wp-content\/uploads\/2024\/03\/erfa-300x225.jpg 300w, https:\/\/www.mateco.ch\/wp-content\/uploads\/2024\/03\/erfa-768x576.jpg 768w, https:\/\/www.mateco.ch\/wp-content\/uploads\/2024\/03\/erfa-1536x1152.jpg 1536w, https:\/\/www.mateco.ch\/wp-content\/uploads\/2024\/03\/erfa.jpg 2040w\" sizes=\"auto, (max-width: 1024px) 100vw, 1024px\" \/>\n\t\t<aside class=\"reference-rebrand-notice reference-rebrand-notice--overview\" aria-label=\"Note concernant le changement de raison sociale\">\n\t<span class=\"reference-rebrand-notice__eyebrow\">Maltech est mateco.<\/span>\n\t<strong class=\"reference-rebrand-notice__title\">Tout reste meilleur.<\/strong>\n<\/aside>\n    <\/a>\n  <\/div>\n\n  <div class=\"col-md-5 offset-md-1 pt-20 py-md-40 d-flex align-items-center\">\n\n    <div class=\"content\">\n\t\t\t\n\t\t\t<h2 class=\"h3\">Conf\u00e9rence ERFA, canton de Zoug<\/h2>\n\n      <div class=\"rich-text\">\n\t\t\t\tLes quelque 40 concierges de l&rsquo;administration cantonale zougoise se r\u00e9unissent chaque ann\u00e9e pour la conf\u00e9rence ERFA.      <\/div>\n\n\t\t\t<div class=\"button-group\">\n\t<a href=\"https:\/\/www.mateco.ch\/fr\/societe\/references\/conference-erfa-zoug\/\" target=\"\" title=\"Lire plus\" class=\"btn btn-bg-mateco_red text \" >\n\n  \n      <span class=\"btn-text\">Lire plus<span class=\"visually-hidden\">: Conf\u00e9rence ERFA, canton de Zoug<\/span><\/span>\n  \n  \n<\/a>\n<\/div>\n    <\/div>\n\n  <\/div>\n\n<\/div>\n<div class=\"row references-teaser-row teaser-row  flex-row-reverse\" data-filterable data-category=\"\">\n\n  <div class=\"col-md-6 offset-md-1\">\n    <a href=\"https:\/\/www.mateco.ch\/fr\/societe\/references\/tour-de-romandie-romandie\/\" class=\"img-wrapper picture-animation position-relative\" aria-label=\"Aller \u00e0 Tour de Romandie, Romandie\">\n\t\t\t<img width=\"1024\" height=\"768\" src=\"https:\/\/www.mateco.ch\/wp-content\/uploads\/2024\/03\/tour_de_romandie1-1024x768.jpg\" class=\"w-full h-full object-cover\" alt=\"\" loading=\"lazy\" decoding=\"async\" srcset=\"https:\/\/www.mateco.ch\/wp-content\/uploads\/2024\/03\/tour_de_romandie1-1024x768.jpg 1024w, https:\/\/www.mateco.ch\/wp-content\/uploads\/2024\/03\/tour_de_romandie1-300x225.jpg 300w, https:\/\/www.mateco.ch\/wp-content\/uploads\/2024\/03\/tour_de_romandie1-768x576.jpg 768w, https:\/\/www.mateco.ch\/wp-content\/uploads\/2024\/03\/tour_de_romandie1-1536x1152.jpg 1536w, https:\/\/www.mateco.ch\/wp-content\/uploads\/2024\/03\/tour_de_romandie1.jpg 2040w\" sizes=\"auto, (max-width: 1024px) 100vw, 1024px\" \/>\n\t\t<aside class=\"reference-rebrand-notice reference-rebrand-notice--overview\" aria-label=\"Note concernant le changement de raison sociale\">\n\t<span class=\"reference-rebrand-notice__eyebrow\">Maltech est mateco.<\/span>\n\t<strong class=\"reference-rebrand-notice__title\">Tout reste meilleur.<\/strong>\n<\/aside>\n    <\/a>\n  <\/div>\n\n  <div class=\"col-md-5 pt-20 py-md-40 d-flex align-items-center\">\n\n    <div class=\"content\">\n\t\t\t\n\t\t\t<h2 class=\"h3\">Tour de Romandie, Romandie<\/h2>\n\n      <div class=\"rich-text\">\n\t\t\t\tLe Tour de Romandie est sans doute le plus grand \u00e9v\u00e9nement cycliste de Suisse romande. Durant 6 jours, de nombreux coureurs du monde entier s&rsquo;affrontent devant un public enthousiaste. mateco \u00e9tait de la partie du 30 avril au 5 mai.      <\/div>\n\n\t\t\t<div class=\"button-group\">\n\t<a href=\"https:\/\/www.mateco.ch\/fr\/societe\/references\/tour-de-romandie-romandie\/\" target=\"\" title=\"Lire plus\" class=\"btn btn-bg-mateco_red text \" >\n\n  \n      <span class=\"btn-text\">Lire plus<span class=\"visually-hidden\">: Tour de Romandie, Romandie<\/span><\/span>\n  \n  \n<\/a>\n<\/div>\n    <\/div>\n\n  <\/div>\n\n<\/div>\n<div class=\"row references-teaser-row teaser-row \" data-filterable data-category=\"\">\n\n  <div class=\"col-md-6\">\n    <a href=\"https:\/\/www.mateco.ch\/fr\/societe\/references\/immeuble-residentiel-en-ville-de-lausanne\/\" class=\"img-wrapper picture-animation position-relative\" aria-label=\"Aller \u00e0 Immeuble r\u00e9sidentiel en ville de Lausanne\">\n\t\t\t<img width=\"928\" height=\"1024\" src=\"https:\/\/www.mateco.ch\/wp-content\/uploads\/2024\/03\/maltechlausanne-928x1024.jpg\" class=\"w-full h-full object-cover\" alt=\"\" loading=\"lazy\" decoding=\"async\" srcset=\"https:\/\/www.mateco.ch\/wp-content\/uploads\/2024\/03\/maltechlausanne-928x1024.jpg 928w, https:\/\/www.mateco.ch\/wp-content\/uploads\/2024\/03\/maltechlausanne-272x300.jpg 272w, https:\/\/www.mateco.ch\/wp-content\/uploads\/2024\/03\/maltechlausanne-768x847.jpg 768w, https:\/\/www.mateco.ch\/wp-content\/uploads\/2024\/03\/maltechlausanne-1392x1536.jpg 1392w, https:\/\/www.mateco.ch\/wp-content\/uploads\/2024\/03\/maltechlausanne-1856x2048.jpg 1856w\" sizes=\"auto, (max-width: 928px) 100vw, 928px\" \/>\n\t\t<aside class=\"reference-rebrand-notice reference-rebrand-notice--overview\" aria-label=\"Note concernant le changement de raison sociale\">\n\t<span class=\"reference-rebrand-notice__eyebrow\">Maltech est mateco.<\/span>\n\t<strong class=\"reference-rebrand-notice__title\">Tout reste meilleur.<\/strong>\n<\/aside>\n    <\/a>\n  <\/div>\n\n  <div class=\"col-md-5 offset-md-1 pt-20 py-md-40 d-flex align-items-center\">\n\n    <div class=\"content\">\n\t\t\t\n\t\t\t<h2 class=\"h3\">Immeuble r\u00e9sidentiel en ville de Lausanne<\/h2>\n\n      <div class=\"rich-text\">\n\t\t\t\tEn plein c\u0153ur de Lausanne, \u00e0 quelques pas de la cath\u00e9drale, mateco a pu mener \u00e0 bien une intervention extr\u00eamement urgente ce printemps.      <\/div>\n\n\t\t\t<div class=\"button-group\">\n\t<a href=\"https:\/\/www.mateco.ch\/fr\/societe\/references\/immeuble-residentiel-en-ville-de-lausanne\/\" target=\"\" title=\"Lire plus\" class=\"btn btn-bg-mateco_red text \" >\n\n  \n      <span class=\"btn-text\">Lire plus<span class=\"visually-hidden\">: Immeuble r\u00e9sidentiel en ville de Lausanne<\/span><\/span>\n  \n  \n<\/a>\n<\/div>\n    <\/div>\n\n  <\/div>\n\n<\/div>\n<div class=\"row references-teaser-row teaser-row  flex-row-reverse\" data-filterable data-category=\"\">\n\n  <div class=\"col-md-6 offset-md-1\">\n    <a href=\"https:\/\/www.mateco.ch\/fr\/societe\/references\/service-municipal-des-espaces-verts-bale\/\" class=\"img-wrapper picture-animation position-relative\" aria-label=\"Aller \u00e0 Service municipal des espaces verts, B\u00e2le\">\n\t\t\t<img width=\"640\" height=\"480\" src=\"https:\/\/www.mateco.ch\/wp-content\/uploads\/2024\/03\/s_46_kraftwerkinsel_24.9.2014_2_.jpg\" class=\"w-full h-full object-cover\" alt=\"\" loading=\"lazy\" decoding=\"async\" srcset=\"https:\/\/www.mateco.ch\/wp-content\/uploads\/2024\/03\/s_46_kraftwerkinsel_24.9.2014_2_.jpg 640w, https:\/\/www.mateco.ch\/wp-content\/uploads\/2024\/03\/s_46_kraftwerkinsel_24.9.2014_2_-300x225.jpg 300w\" sizes=\"auto, (max-width: 640px) 100vw, 640px\" \/>\n\t\t<aside class=\"reference-rebrand-notice reference-rebrand-notice--overview\" aria-label=\"Note concernant le changement de raison sociale\">\n\t<span class=\"reference-rebrand-notice__eyebrow\">Maltech est mateco.<\/span>\n\t<strong class=\"reference-rebrand-notice__title\">Tout reste meilleur.<\/strong>\n<\/aside>\n    <\/a>\n  <\/div>\n\n  <div class=\"col-md-5 pt-20 py-md-40 d-flex align-items-center\">\n\n    <div class=\"content\">\n\t\t\t\n\t\t\t<h2 class=\"h3\">Service municipal des espaces verts, B\u00e2le<\/h2>\n\n      <div class=\"rich-text\">\n\t\t\t\t\u00c0 B\u00e2le, le Service municipal des espaces verts mise depuis longtemps sur l\u2019entretien professionnel des arbres. Depuis 1980, l&rsquo;\u00e9tat sanitaire des 26\u2019000 arbres recens\u00e9s a fait l&rsquo;objet de contr\u00f4les r\u00e9guliers et al\u00e9atoires.      <\/div>\n\n\t\t\t<div class=\"button-group\">\n\t<a href=\"https:\/\/www.mateco.ch\/fr\/societe\/references\/service-municipal-des-espaces-verts-bale\/\" target=\"\" title=\"Lire plus\" class=\"btn btn-bg-mateco_red text \" >\n\n  \n      <span class=\"btn-text\">Lire plus<span class=\"visually-hidden\">: Service municipal des espaces verts, B\u00e2le<\/span><\/span>\n  \n  \n<\/a>\n<\/div>\n    <\/div>\n\n  <\/div>\n\n<\/div>\n<div class=\"row references-teaser-row teaser-row \" data-filterable data-category=\"\">\n\n  <div class=\"col-md-6\">\n    <a href=\"https:\/\/www.mateco.ch\/fr\/societe\/references\/cloitre-du-monastere-st-gall\/\" class=\"img-wrapper picture-animation position-relative\" aria-label=\"Aller \u00e0 Clo\u00eetre du monast\u00e8re, St-Gall\">\n\t\t\t<img width=\"1024\" height=\"768\" src=\"https:\/\/www.mateco.ch\/wp-content\/uploads\/2024\/03\/20190204_mgr_43_-1024x768.jpg\" class=\"w-full h-full object-cover\" alt=\"\" loading=\"lazy\" decoding=\"async\" srcset=\"https:\/\/www.mateco.ch\/wp-content\/uploads\/2024\/03\/20190204_mgr_43_-1024x768.jpg 1024w, https:\/\/www.mateco.ch\/wp-content\/uploads\/2024\/03\/20190204_mgr_43_-300x225.jpg 300w, https:\/\/www.mateco.ch\/wp-content\/uploads\/2024\/03\/20190204_mgr_43_-768x576.jpg 768w, https:\/\/www.mateco.ch\/wp-content\/uploads\/2024\/03\/20190204_mgr_43_-1536x1152.jpg 1536w, https:\/\/www.mateco.ch\/wp-content\/uploads\/2024\/03\/20190204_mgr_43_.jpg 2016w\" sizes=\"auto, (max-width: 1024px) 100vw, 1024px\" \/>\n\t\t<aside class=\"reference-rebrand-notice reference-rebrand-notice--overview\" aria-label=\"Note concernant le changement de raison sociale\">\n\t<span class=\"reference-rebrand-notice__eyebrow\">Maltech est mateco.<\/span>\n\t<strong class=\"reference-rebrand-notice__title\">Tout reste meilleur.<\/strong>\n<\/aside>\n    <\/a>\n  <\/div>\n\n  <div class=\"col-md-5 offset-md-1 pt-20 py-md-40 d-flex align-items-center\">\n\n    <div class=\"content\">\n\t\t\t\n\t\t\t<h2 class=\"h3\">Clo\u00eetre du monast\u00e8re, St-Gall<\/h2>\n\n      <div class=\"rich-text\">\n\t\t\t\tDurant la nuit d\u00e9j\u00e0, la neige promettait d\u2019engendrer un beau chaos. En \u00e9tat d\u2019alerte, nous \u00e9tions au bureau bien plus t\u00f4t que d\u2019habitude le lendemain matin.      <\/div>\n\n\t\t\t<div class=\"button-group\">\n\t<a href=\"https:\/\/www.mateco.ch\/fr\/societe\/references\/cloitre-du-monastere-st-gall\/\" target=\"\" title=\"Lire plus\" class=\"btn btn-bg-mateco_red text \" >\n\n  \n      <span class=\"btn-text\">Lire plus<span class=\"visually-hidden\">: Clo\u00eetre du monast\u00e8re, St-Gall<\/span><\/span>\n  \n  \n<\/a>\n<\/div>\n    <\/div>\n\n  <\/div>\n\n<\/div>\n<div class=\"row references-teaser-row teaser-row  flex-row-reverse\" data-filterable data-category=\"\">\n\n  <div class=\"col-md-6 offset-md-1\">\n    <a href=\"https:\/\/www.mateco.ch\/fr\/societe\/references\/coeur-de-la-ville-st-gall\/\" class=\"img-wrapper picture-animation position-relative\" aria-label=\"Aller \u00e0 C\u0153ur de la ville, St-Gall\">\n\t\t\t<img width=\"1024\" height=\"768\" src=\"https:\/\/www.mateco.ch\/wp-content\/uploads\/2024\/03\/einsatz_goethestrasse_sg-1024x768.jpg\" class=\"w-full h-full object-cover\" alt=\"\" loading=\"lazy\" decoding=\"async\" srcset=\"https:\/\/www.mateco.ch\/wp-content\/uploads\/2024\/03\/einsatz_goethestrasse_sg-1024x768.jpg 1024w, https:\/\/www.mateco.ch\/wp-content\/uploads\/2024\/03\/einsatz_goethestrasse_sg-300x225.jpg 300w, https:\/\/www.mateco.ch\/wp-content\/uploads\/2024\/03\/einsatz_goethestrasse_sg-768x576.jpg 768w, https:\/\/www.mateco.ch\/wp-content\/uploads\/2024\/03\/einsatz_goethestrasse_sg-1536x1152.jpg 1536w, https:\/\/www.mateco.ch\/wp-content\/uploads\/2024\/03\/einsatz_goethestrasse_sg.jpg 2016w\" sizes=\"auto, (max-width: 1024px) 100vw, 1024px\" \/>\n\t\t<aside class=\"reference-rebrand-notice reference-rebrand-notice--overview\" aria-label=\"Note concernant le changement de raison sociale\">\n\t<span class=\"reference-rebrand-notice__eyebrow\">Maltech est mateco.<\/span>\n\t<strong class=\"reference-rebrand-notice__title\">Tout reste meilleur.<\/strong>\n<\/aside>\n    <\/a>\n  <\/div>\n\n  <div class=\"col-md-5 pt-20 py-md-40 d-flex align-items-center\">\n\n    <div class=\"content\">\n\t\t\t\n\t\t\t<h2 class=\"h3\">C\u0153ur de la ville, St-Gall<\/h2>\n\n      <div class=\"rich-text\">\n\t\t\t\tUne \u00e9troite collaboration et un bon travail d\u2019\u00e9quipe se r\u00e9v\u00e8lent toujours payants \u2013 surtout pour nos clients. Une fois de plus, les autorit\u00e9s comp\u00e9tentes de St-Gall et mateco ont op\u00e9r\u00e9 main dans la main.       <\/div>\n\n\t\t\t<div class=\"button-group\">\n\t<a href=\"https:\/\/www.mateco.ch\/fr\/societe\/references\/coeur-de-la-ville-st-gall\/\" target=\"\" title=\"Lire plus\" class=\"btn btn-bg-mateco_red text \" >\n\n  \n      <span class=\"btn-text\">Lire plus<span class=\"visually-hidden\">: C\u0153ur de la ville, St-Gall<\/span><\/span>\n  \n  \n<\/a>\n<\/div>\n    <\/div>\n\n  <\/div>\n\n<\/div>\n<div class=\"row references-teaser-row teaser-row \" data-filterable data-category=\"\">\n\n  <div class=\"col-md-6\">\n    <a href=\"https:\/\/www.mateco.ch\/fr\/societe\/references\/hotel-einstein-st-gall\/\" class=\"img-wrapper picture-animation position-relative\" aria-label=\"Aller \u00e0 Hotel Einstein, St-Gall\">\n\t\t\t<img width=\"1024\" height=\"731\" src=\"https:\/\/www.mateco.ch\/wp-content\/uploads\/2024\/03\/turmzimmer_hotel_einstein_st._gallen-1024x731.png\" class=\"w-full h-full object-cover\" alt=\"\" loading=\"lazy\" decoding=\"async\" srcset=\"https:\/\/www.mateco.ch\/wp-content\/uploads\/2024\/03\/turmzimmer_hotel_einstein_st._gallen-1024x731.png 1024w, https:\/\/www.mateco.ch\/wp-content\/uploads\/2024\/03\/turmzimmer_hotel_einstein_st._gallen-300x214.png 300w, https:\/\/www.mateco.ch\/wp-content\/uploads\/2024\/03\/turmzimmer_hotel_einstein_st._gallen-768x548.png 768w, https:\/\/www.mateco.ch\/wp-content\/uploads\/2024\/03\/turmzimmer_hotel_einstein_st._gallen.png 1473w\" sizes=\"auto, (max-width: 1024px) 100vw, 1024px\" \/>\n\t\t<aside class=\"reference-rebrand-notice reference-rebrand-notice--overview\" aria-label=\"Note concernant le changement de raison sociale\">\n\t<span class=\"reference-rebrand-notice__eyebrow\">Maltech est mateco.<\/span>\n\t<strong class=\"reference-rebrand-notice__title\">Tout reste meilleur.<\/strong>\n<\/aside>\n    <\/a>\n  <\/div>\n\n  <div class=\"col-md-5 offset-md-1 pt-20 py-md-40 d-flex align-items-center\">\n\n    <div class=\"content\">\n\t\t\t\n\t\t\t<h2 class=\"h3\">Hotel Einstein, St-Gall<\/h2>\n\n      <div class=\"rich-text\">\n\t\t\t\tQuand il s\u2019agit de travailler au plafond de la chambre la plus majestueuse du meilleur h\u00f4tel de la ville, un acteur ne peut manquer \u00e0 l\u2019appel : mateco.      <\/div>\n\n\t\t\t<div class=\"button-group\">\n\t<a href=\"https:\/\/www.mateco.ch\/fr\/societe\/references\/hotel-einstein-st-gall\/\" target=\"\" title=\"Lire plus\" class=\"btn btn-bg-mateco_red text \" >\n\n  \n      <span class=\"btn-text\">Lire plus<span class=\"visually-hidden\">: Hotel Einstein, St-Gall<\/span><\/span>\n  \n  \n<\/a>\n<\/div>\n    <\/div>\n\n  <\/div>\n\n<\/div>\n<div class=\"row references-teaser-row teaser-row  flex-row-reverse\" data-filterable data-category=\"\">\n\n  <div class=\"col-md-6 offset-md-1\">\n    <a href=\"https:\/\/www.mateco.ch\/fr\/societe\/references\/viaduc-de-necker-canton-de-st-gall\/\" class=\"img-wrapper picture-animation position-relative\" aria-label=\"Aller \u00e0 Viaduc de Necker, canton de St-Gall\">\n\t\t\t<img width=\"1024\" height=\"576\" src=\"https:\/\/www.mateco.ch\/wp-content\/uploads\/2024\/03\/maltech_im_einsatz_master_viadukt_necker_3-1024x576.jpg\" class=\"w-full h-full object-cover\" alt=\"\" loading=\"lazy\" decoding=\"async\" srcset=\"https:\/\/www.mateco.ch\/wp-content\/uploads\/2024\/03\/maltech_im_einsatz_master_viadukt_necker_3-1024x576.jpg 1024w, https:\/\/www.mateco.ch\/wp-content\/uploads\/2024\/03\/maltech_im_einsatz_master_viadukt_necker_3-300x169.jpg 300w, https:\/\/www.mateco.ch\/wp-content\/uploads\/2024\/03\/maltech_im_einsatz_master_viadukt_necker_3-768x432.jpg 768w, https:\/\/www.mateco.ch\/wp-content\/uploads\/2024\/03\/maltech_im_einsatz_master_viadukt_necker_3-1536x864.jpg 1536w, https:\/\/www.mateco.ch\/wp-content\/uploads\/2024\/03\/maltech_im_einsatz_master_viadukt_necker_3.jpg 1937w\" sizes=\"auto, (max-width: 1024px) 100vw, 1024px\" \/>\n\t\t<aside class=\"reference-rebrand-notice reference-rebrand-notice--overview\" aria-label=\"Note concernant le changement de raison sociale\">\n\t<span class=\"reference-rebrand-notice__eyebrow\">Maltech est mateco.<\/span>\n\t<strong class=\"reference-rebrand-notice__title\">Tout reste meilleur.<\/strong>\n<\/aside>\n    <\/a>\n  <\/div>\n\n  <div class=\"col-md-5 pt-20 py-md-40 d-flex align-items-center\">\n\n    <div class=\"content\">\n\t\t\t\n\t\t\t<h2 class=\"h3\">Viaduc de Necker, canton de St-Gall<\/h2>\n\n      <div class=\"rich-text\">\n\t\t\t\tVieux de plus de 100 ans, la structure du viaduc de Necker situ\u00e9 dans le canton de Saint-Gall doit \u00eatre contr\u00f4l\u00e9e r\u00e9guli\u00e8rement. Cette intervention exige une flexibilit\u00e9 toute particuli\u00e8re.       <\/div>\n\n\t\t\t<div class=\"button-group\">\n\t<a href=\"https:\/\/www.mateco.ch\/fr\/societe\/references\/viaduc-de-necker-canton-de-st-gall\/\" target=\"\" title=\"Lire plus\" class=\"btn btn-bg-mateco_red text \" >\n\n  \n      <span class=\"btn-text\">Lire plus<span class=\"visually-hidden\">: Viaduc de Necker, canton de St-Gall<\/span><\/span>\n  \n  \n<\/a>\n<\/div>\n    <\/div>\n\n  <\/div>\n\n<\/div>\n<div class=\"row references-teaser-row teaser-row \" data-filterable data-category=\"\">\n\n  <div class=\"col-md-6\">\n    <a href=\"https:\/\/www.mateco.ch\/fr\/societe\/references\/pont-emmenbruecke\/\" class=\"img-wrapper picture-animation position-relative\" aria-label=\"Aller \u00e0 Br\u00fccke, Emmenbr\u00fccke\">\n\t\t\t<img width=\"1024\" height=\"576\" src=\"https:\/\/www.mateco.ch\/wp-content\/uploads\/2024\/03\/maltech_im_einsatz_master_bruecke_emme_2-1024x576.jpg\" class=\"w-full h-full object-cover\" alt=\"\" loading=\"lazy\" decoding=\"async\" srcset=\"https:\/\/www.mateco.ch\/wp-content\/uploads\/2024\/03\/maltech_im_einsatz_master_bruecke_emme_2-1024x576.jpg 1024w, https:\/\/www.mateco.ch\/wp-content\/uploads\/2024\/03\/maltech_im_einsatz_master_bruecke_emme_2-300x169.jpg 300w, https:\/\/www.mateco.ch\/wp-content\/uploads\/2024\/03\/maltech_im_einsatz_master_bruecke_emme_2-768x432.jpg 768w, https:\/\/www.mateco.ch\/wp-content\/uploads\/2024\/03\/maltech_im_einsatz_master_bruecke_emme_2-1536x864.jpg 1536w, https:\/\/www.mateco.ch\/wp-content\/uploads\/2024\/03\/maltech_im_einsatz_master_bruecke_emme_2.jpg 1937w\" sizes=\"auto, (max-width: 1024px) 100vw, 1024px\" \/>\n\t\t<aside class=\"reference-rebrand-notice reference-rebrand-notice--overview\" aria-label=\"Note concernant le changement de raison sociale\">\n\t<span class=\"reference-rebrand-notice__eyebrow\">Maltech est mateco.<\/span>\n\t<strong class=\"reference-rebrand-notice__title\">Tout reste meilleur.<\/strong>\n<\/aside>\n    <\/a>\n  <\/div>\n\n  <div class=\"col-md-5 offset-md-1 pt-20 py-md-40 d-flex align-items-center\">\n\n    <div class=\"content\">\n\t\t\t\n\t\t\t<h2 class=\"h3\">Br\u00fccke, Emmenbr\u00fccke<\/h2>\n\n      <div class=\"rich-text\">\n\t\t\t\tLa capacit\u00e9 de charge de diff\u00e9rents ponts sur l\u2019Emme est en cours de v\u00e9rification. Pour atteindre les faces inf\u00e9rieures et les parapets des ponts, le mod\u00e8le novateur de l\u2019\u00e9l\u00e9vateur \u00e0 nacelle sur camion FE 28 s\u2019av\u00e8re id\u00e9al.      <\/div>\n\n\t\t\t<div class=\"button-group\">\n\t<a href=\"https:\/\/www.mateco.ch\/fr\/societe\/references\/pont-emmenbruecke\/\" target=\"\" title=\"Lire plus\" class=\"btn btn-bg-mateco_red text \" >\n\n  \n      <span class=\"btn-text\">Lire plus<span class=\"visually-hidden\">: Br\u00fccke, Emmenbr\u00fccke<\/span><\/span>\n  \n  \n<\/a>\n<\/div>\n    <\/div>\n\n  <\/div>\n\n<\/div>\n<div class=\"row references-teaser-row teaser-row  flex-row-reverse\" data-filterable data-category=\"\">\n\n  <div class=\"col-md-6 offset-md-1\">\n    <a href=\"https:\/\/www.mateco.ch\/fr\/societe\/references\/schloss-lenzburg-lenzburg\/\" class=\"img-wrapper picture-animation position-relative\" aria-label=\"Aller \u00e0 Ch\u00e2teau Lenzburg, Lenzburg\">\n\t\t\t<img width=\"1024\" height=\"576\" src=\"https:\/\/www.mateco.ch\/wp-content\/uploads\/2024\/03\/maltech_im_einsatz_master_1940x1090-1024x576.jpg\" class=\"w-full h-full object-cover\" alt=\"\" loading=\"lazy\" decoding=\"async\" srcset=\"https:\/\/www.mateco.ch\/wp-content\/uploads\/2024\/03\/maltech_im_einsatz_master_1940x1090-1024x576.jpg 1024w, https:\/\/www.mateco.ch\/wp-content\/uploads\/2024\/03\/maltech_im_einsatz_master_1940x1090-300x169.jpg 300w, https:\/\/www.mateco.ch\/wp-content\/uploads\/2024\/03\/maltech_im_einsatz_master_1940x1090-768x432.jpg 768w, https:\/\/www.mateco.ch\/wp-content\/uploads\/2024\/03\/maltech_im_einsatz_master_1940x1090-1536x864.jpg 1536w, https:\/\/www.mateco.ch\/wp-content\/uploads\/2024\/03\/maltech_im_einsatz_master_1940x1090.jpg 1937w\" sizes=\"auto, (max-width: 1024px) 100vw, 1024px\" \/>\n\t\t<aside class=\"reference-rebrand-notice reference-rebrand-notice--overview\" aria-label=\"Note concernant le changement de raison sociale\">\n\t<span class=\"reference-rebrand-notice__eyebrow\">Maltech est mateco.<\/span>\n\t<strong class=\"reference-rebrand-notice__title\">Tout reste meilleur.<\/strong>\n<\/aside>\n    <\/a>\n  <\/div>\n\n  <div class=\"col-md-5 pt-20 py-md-40 d-flex align-items-center\">\n\n    <div class=\"content\">\n\t\t\t\n\t\t\t<h2 class=\"h3\">Ch\u00e2teau Lenzburg, Lenzburg<\/h2>\n\n      <div class=\"rich-text\">\n\t\t\t\tLe toit et la chemin\u00e9e du ch\u00e2teau Lenzbourg sont soumis \u00e0 un assainissement. Le d\u00e9fi : la cour int\u00e9rieure du ch\u00e2teau n\u2019est pas accessible aux \u00e9l\u00e9vateurs \u00e0 nacelle. mateco a la solution.      <\/div>\n\n\t\t\t<div class=\"button-group\">\n\t<a href=\"https:\/\/www.mateco.ch\/fr\/societe\/references\/schloss-lenzburg-lenzburg\/\" target=\"\" title=\"Lire plus\" class=\"btn btn-bg-mateco_red text \" >\n\n  \n      <span class=\"btn-text\">Lire plus<span class=\"visually-hidden\">: Ch\u00e2teau Lenzburg, Lenzburg<\/span><\/span>\n  \n  \n<\/a>\n<\/div>\n    <\/div>\n\n  <\/div>\n\n<\/div>\n<div class=\"row references-teaser-row teaser-row \" data-filterable data-category=\"\">\n\n  <div class=\"col-md-6\">\n    <a href=\"https:\/\/www.mateco.ch\/fr\/societe\/references\/wohnhaus-zuerich\/\" class=\"img-wrapper picture-animation position-relative\" aria-label=\"Aller \u00e0 Immeuble r\u00e9sidentiel, Zurich\">\n\t\t\t<img width=\"1024\" height=\"768\" src=\"https:\/\/www.mateco.ch\/wp-content\/uploads\/2024\/03\/bild_wohnhaus_stadt_zuerich_201810_schweighofstr_zh-1024x768.jpg\" class=\"w-full h-full object-cover\" alt=\"\" loading=\"lazy\" decoding=\"async\" srcset=\"https:\/\/www.mateco.ch\/wp-content\/uploads\/2024\/03\/bild_wohnhaus_stadt_zuerich_201810_schweighofstr_zh-1024x768.jpg 1024w, https:\/\/www.mateco.ch\/wp-content\/uploads\/2024\/03\/bild_wohnhaus_stadt_zuerich_201810_schweighofstr_zh-300x225.jpg 300w, https:\/\/www.mateco.ch\/wp-content\/uploads\/2024\/03\/bild_wohnhaus_stadt_zuerich_201810_schweighofstr_zh-768x576.jpg 768w, https:\/\/www.mateco.ch\/wp-content\/uploads\/2024\/03\/bild_wohnhaus_stadt_zuerich_201810_schweighofstr_zh-1536x1152.jpg 1536w, https:\/\/www.mateco.ch\/wp-content\/uploads\/2024\/03\/bild_wohnhaus_stadt_zuerich_201810_schweighofstr_zh-2048x1536.jpg 2048w\" sizes=\"auto, (max-width: 1024px) 100vw, 1024px\" \/>\n\t\t<aside class=\"reference-rebrand-notice reference-rebrand-notice--overview\" aria-label=\"Note concernant le changement de raison sociale\">\n\t<span class=\"reference-rebrand-notice__eyebrow\">Maltech est mateco.<\/span>\n\t<strong class=\"reference-rebrand-notice__title\">Tout reste meilleur.<\/strong>\n<\/aside>\n    <\/a>\n  <\/div>\n\n  <div class=\"col-md-5 offset-md-1 pt-20 py-md-40 d-flex align-items-center\">\n\n    <div class=\"content\">\n\t\t\t\n\t\t\t<h2 class=\"h3\">Immeuble r\u00e9sidentiel, Zurich<\/h2>\n\n      <div class=\"rich-text\">\n\t\t\t\tLa fa\u00e7ade d\u2019un immeuble fait l\u2019objet d&rsquo;une mise en valeur artistique. Afin que l&rsquo;artiste ait le plus de libert\u00e9 de mouvement possible lors de sa performance \u00e0 des hauteurs vertigineuses, l\u2019intervention de mateco est sollicit\u00e9e.      <\/div>\n\n\t\t\t<div class=\"button-group\">\n\t<a href=\"https:\/\/www.mateco.ch\/fr\/societe\/references\/wohnhaus-zuerich\/\" target=\"\" title=\"Lire plus\" class=\"btn btn-bg-mateco_red text \" >\n\n  \n      <span class=\"btn-text\">Lire plus<span class=\"visually-hidden\">: Immeuble r\u00e9sidentiel, Zurich<\/span><\/span>\n  \n  \n<\/a>\n<\/div>\n    <\/div>\n\n  <\/div>\n\n<\/div>\n<div class=\"row references-teaser-row teaser-row  flex-row-reverse\" data-filterable data-category=\"\">\n\n  <div class=\"col-md-6 offset-md-1\">\n    <a href=\"https:\/\/www.mateco.ch\/fr\/societe\/references\/grosspeter-tower-basel\/\" class=\"img-wrapper picture-animation position-relative\" aria-label=\"Aller \u00e0 Grosspeter Tower, Basel\">\n\t\t\t<img width=\"1024\" height=\"576\" src=\"https:\/\/www.mateco.ch\/wp-content\/uploads\/2024\/03\/maltech_im_einsatz_master_grosspeter2-1024x576.jpg\" class=\"w-full h-full object-cover\" alt=\"\" loading=\"lazy\" decoding=\"async\" srcset=\"https:\/\/www.mateco.ch\/wp-content\/uploads\/2024\/03\/maltech_im_einsatz_master_grosspeter2-1024x576.jpg 1024w, https:\/\/www.mateco.ch\/wp-content\/uploads\/2024\/03\/maltech_im_einsatz_master_grosspeter2-300x169.jpg 300w, https:\/\/www.mateco.ch\/wp-content\/uploads\/2024\/03\/maltech_im_einsatz_master_grosspeter2-768x432.jpg 768w, https:\/\/www.mateco.ch\/wp-content\/uploads\/2024\/03\/maltech_im_einsatz_master_grosspeter2-1536x864.jpg 1536w, https:\/\/www.mateco.ch\/wp-content\/uploads\/2024\/03\/maltech_im_einsatz_master_grosspeter2.jpg 1937w\" sizes=\"auto, (max-width: 1024px) 100vw, 1024px\" \/>\n\t\t<aside class=\"reference-rebrand-notice reference-rebrand-notice--overview\" aria-label=\"Note concernant le changement de raison sociale\">\n\t<span class=\"reference-rebrand-notice__eyebrow\">Maltech est mateco.<\/span>\n\t<strong class=\"reference-rebrand-notice__title\">Tout reste meilleur.<\/strong>\n<\/aside>\n    <\/a>\n  <\/div>\n\n  <div class=\"col-md-5 pt-20 py-md-40 d-flex align-items-center\">\n\n    <div class=\"content\">\n\t\t\t\n\t\t\t<h2 class=\"h3\">Grosspeter Tower, Basel<\/h2>\n\n      <div class=\"rich-text\">\n\t\t\t\tLa \u00ab Grosspeter Tower \u00bb est situ\u00e9e directement au niveau de l\u2019entr\u00e9e d\u2019autoroute \u00ab B\u00e2le City \u00bb, l\u2019un des acc\u00e8s les plus utilis\u00e9s de B\u00e2le. Pour assurer l\u2019entretien et les r\u00e9parations de l\u2019installation des stores de cette tour, mateco choisit les mod\u00e8les S 70 XDT, S56 XR et WT530.      <\/div>\n\n\t\t\t<div class=\"button-group\">\n\t<a href=\"https:\/\/www.mateco.ch\/fr\/societe\/references\/grosspeter-tower-basel\/\" target=\"\" title=\"Lire plus\" class=\"btn btn-bg-mateco_red text \" >\n\n  \n      <span class=\"btn-text\">Lire plus<span class=\"visually-hidden\">: Grosspeter Tower, Basel<\/span><\/span>\n  \n  \n<\/a>\n<\/div>\n    <\/div>\n\n  <\/div>\n\n<\/div>\n<div class=\"row references-teaser-row teaser-row \" data-filterable data-category=\"\">\n\n  <div class=\"col-md-6\">\n    <a href=\"https:\/\/www.mateco.ch\/fr\/societe\/references\/loewendenkmal-luzern\/\" class=\"img-wrapper picture-animation position-relative\" aria-label=\"Aller \u00e0 Monument Lion, Lucerne\">\n\t\t\t<img width=\"999\" height=\"1024\" src=\"https:\/\/www.mateco.ch\/wp-content\/uploads\/2024\/03\/maltech_im_einsatz_master_loewendenkmal_3-999x1024.jpg\" class=\"w-full h-full object-cover\" alt=\"\" loading=\"lazy\" decoding=\"async\" srcset=\"https:\/\/www.mateco.ch\/wp-content\/uploads\/2024\/03\/maltech_im_einsatz_master_loewendenkmal_3-999x1024.jpg 999w, https:\/\/www.mateco.ch\/wp-content\/uploads\/2024\/03\/maltech_im_einsatz_master_loewendenkmal_3-293x300.jpg 293w, https:\/\/www.mateco.ch\/wp-content\/uploads\/2024\/03\/maltech_im_einsatz_master_loewendenkmal_3-768x788.jpg 768w, https:\/\/www.mateco.ch\/wp-content\/uploads\/2024\/03\/maltech_im_einsatz_master_loewendenkmal_3.jpg 1063w\" sizes=\"auto, (max-width: 999px) 100vw, 999px\" \/>\n\t\t<aside class=\"reference-rebrand-notice reference-rebrand-notice--overview\" aria-label=\"Note concernant le changement de raison sociale\">\n\t<span class=\"reference-rebrand-notice__eyebrow\">Maltech est mateco.<\/span>\n\t<strong class=\"reference-rebrand-notice__title\">Tout reste meilleur.<\/strong>\n<\/aside>\n    <\/a>\n  <\/div>\n\n  <div class=\"col-md-5 offset-md-1 pt-20 py-md-40 d-flex align-items-center\">\n\n    <div class=\"content\">\n\t\t\t\n\t\t\t<h2 class=\"h3\">Monument Lion, Lucerne<\/h2>\n\n      <div class=\"rich-text\">\n\t\t\t\tCe monument est r\u00e9nov\u00e9 tous les cinq ans. L&rsquo;eau de l&rsquo;\u00e9tang situ\u00e9 devant le monument est alors drain\u00e9e durant la p\u00e9riode des travaux pour que l\u2019\u00e9l\u00e9vateur \u00e0 nacelle puisse acc\u00e9der au bassin de l\u2019\u00e9tang via une rampe sp\u00e9cialement construite \u00e0 cet effet.      <\/div>\n\n\t\t\t<div class=\"button-group\">\n\t<a href=\"https:\/\/www.mateco.ch\/fr\/societe\/references\/loewendenkmal-luzern\/\" target=\"\" title=\"Lire plus\" class=\"btn btn-bg-mateco_red text \" >\n\n  \n      <span class=\"btn-text\">Lire plus<span class=\"visually-hidden\">: Monument Lion, Lucerne<\/span><\/span>\n  \n  \n<\/a>\n<\/div>\n    <\/div>\n\n  <\/div>\n\n<\/div>\n<div class=\"row references-teaser-row teaser-row  flex-row-reverse\" data-filterable data-category=\"\">\n\n  <div class=\"col-md-6 offset-md-1\">\n    <a href=\"https:\/\/www.mateco.ch\/fr\/societe\/references\/russmatten-haerkingen\/\" class=\"img-wrapper picture-animation position-relative\" aria-label=\"Aller \u00e0 Russmatten, H\u00e4rkingen\">\n\t\t\t<img width=\"1024\" height=\"576\" src=\"https:\/\/www.mateco.ch\/wp-content\/uploads\/2024\/03\/haerkingen_maltech_im_einsatz-1024x576.jpg\" class=\"w-full h-full object-cover\" alt=\"\" loading=\"lazy\" decoding=\"async\" srcset=\"https:\/\/www.mateco.ch\/wp-content\/uploads\/2024\/03\/haerkingen_maltech_im_einsatz-1024x576.jpg 1024w, https:\/\/www.mateco.ch\/wp-content\/uploads\/2024\/03\/haerkingen_maltech_im_einsatz-300x169.jpg 300w, https:\/\/www.mateco.ch\/wp-content\/uploads\/2024\/03\/haerkingen_maltech_im_einsatz-768x432.jpg 768w, https:\/\/www.mateco.ch\/wp-content\/uploads\/2024\/03\/haerkingen_maltech_im_einsatz-1536x864.jpg 1536w, https:\/\/www.mateco.ch\/wp-content\/uploads\/2024\/03\/haerkingen_maltech_im_einsatz.jpg 1937w\" sizes=\"auto, (max-width: 1024px) 100vw, 1024px\" \/>\n\t\t<aside class=\"reference-rebrand-notice reference-rebrand-notice--overview\" aria-label=\"Note concernant le changement de raison sociale\">\n\t<span class=\"reference-rebrand-notice__eyebrow\">Maltech est mateco.<\/span>\n\t<strong class=\"reference-rebrand-notice__title\">Tout reste meilleur.<\/strong>\n<\/aside>\n    <\/a>\n  <\/div>\n\n  <div class=\"col-md-5 pt-20 py-md-40 d-flex align-items-center\">\n\n    <div class=\"content\">\n\t\t\t\n\t\t\t<h2 class=\"h3\">Russmatten, H\u00e4rkingen<\/h2>\n\n      <div class=\"rich-text\">\n\t\t\t\tLe site mateco de H\u00e4rkingen s\u2019agrandit avec un nouveau hall et un garage souterrain pour le parc des \u00e9l\u00e9vateurs \u00e0 nacelle, ainsi qu\u2019un centre de formation \u00e9largi.      <\/div>\n\n\t\t\t<div class=\"button-group\">\n\t<a href=\"https:\/\/www.mateco.ch\/fr\/societe\/references\/russmatten-haerkingen\/\" target=\"\" title=\"Lire plus\" class=\"btn btn-bg-mateco_red text \" >\n\n  \n      <span class=\"btn-text\">Lire plus<span class=\"visually-hidden\">: Russmatten, H\u00e4rkingen<\/span><\/span>\n  \n  \n<\/a>\n<\/div>\n    <\/div>\n\n  <\/div>\n\n<\/div>\n<div class=\"row references-teaser-row teaser-row \" data-filterable data-category=\"\">\n\n  <div class=\"col-md-6\">\n    <a href=\"https:\/\/www.mateco.ch\/fr\/societe\/references\/tunnel-schaenzli-muttenz\/\" class=\"img-wrapper picture-animation position-relative\" aria-label=\"Aller \u00e0 Tunnel \u00abSch\u00e4nzli\u00bb, Muttenz\">\n\t\t\t<img width=\"1024\" height=\"576\" src=\"https:\/\/www.mateco.ch\/wp-content\/uploads\/2024\/03\/maltech_im_einsatz_master_1940x1090_tunnelschaenzli-1024x576.jpg\" class=\"w-full h-full object-cover\" alt=\"\" loading=\"lazy\" decoding=\"async\" srcset=\"https:\/\/www.mateco.ch\/wp-content\/uploads\/2024\/03\/maltech_im_einsatz_master_1940x1090_tunnelschaenzli-1024x576.jpg 1024w, https:\/\/www.mateco.ch\/wp-content\/uploads\/2024\/03\/maltech_im_einsatz_master_1940x1090_tunnelschaenzli-300x169.jpg 300w, https:\/\/www.mateco.ch\/wp-content\/uploads\/2024\/03\/maltech_im_einsatz_master_1940x1090_tunnelschaenzli-768x432.jpg 768w, https:\/\/www.mateco.ch\/wp-content\/uploads\/2024\/03\/maltech_im_einsatz_master_1940x1090_tunnelschaenzli-1536x864.jpg 1536w, https:\/\/www.mateco.ch\/wp-content\/uploads\/2024\/03\/maltech_im_einsatz_master_1940x1090_tunnelschaenzli.jpg 1937w\" sizes=\"auto, (max-width: 1024px) 100vw, 1024px\" \/>\n\t\t<aside class=\"reference-rebrand-notice reference-rebrand-notice--overview\" aria-label=\"Note concernant le changement de raison sociale\">\n\t<span class=\"reference-rebrand-notice__eyebrow\">Maltech est mateco.<\/span>\n\t<strong class=\"reference-rebrand-notice__title\">Tout reste meilleur.<\/strong>\n<\/aside>\n    <\/a>\n  <\/div>\n\n  <div class=\"col-md-5 offset-md-1 pt-20 py-md-40 d-flex align-items-center\">\n\n    <div class=\"content\">\n\t\t\t\n\t\t\t<h2 class=\"h3\">Tunnel \u00abSch\u00e4nzli\u00bb, Muttenz<\/h2>\n\n      <div class=\"rich-text\">\n\t\t\t\tUne gestion du temps parfaite, une planification fiable et un maximum de flexibilit\u00e9 : c\u2019est dans le cadre de la r\u00e9novation du tunnel \u00ab Sch\u00e4nzli \u00bb, un v\u00e9ritable carrefour nord-ouest de la Suisse, que nous pouvons faire preuve de nos comp\u00e9tences.      <\/div>\n\n\t\t\t<div class=\"button-group\">\n\t<a href=\"https:\/\/www.mateco.ch\/fr\/societe\/references\/tunnel-schaenzli-muttenz\/\" target=\"\" title=\"Lire plus\" class=\"btn btn-bg-mateco_red text \" >\n\n  \n      <span class=\"btn-text\">Lire plus<span class=\"visually-hidden\">: Tunnel \u00abSch\u00e4nzli\u00bb, Muttenz<\/span><\/span>\n  \n  \n<\/a>\n<\/div>\n    <\/div>\n\n  <\/div>\n\n<\/div>\n<div class=\"row references-teaser-row teaser-row  flex-row-reverse\" data-filterable data-category=\"\">\n\n  <div class=\"col-md-6 offset-md-1\">\n    <a href=\"https:\/\/www.mateco.ch\/fr\/societe\/references\/festival-images-vevey-21\/\" class=\"img-wrapper picture-animation position-relative\" aria-label=\"Aller \u00e0 Festival Images Vevey 21\">\n\t\t\t<img width=\"610\" height=\"610\" src=\"https:\/\/www.mateco.ch\/wp-content\/uploads\/2024\/03\/maltech_im_einsatz_master_1940x1090_festivalvevey1.jpg\" class=\"w-full h-full object-cover\" alt=\"\" loading=\"lazy\" decoding=\"async\" srcset=\"https:\/\/www.mateco.ch\/wp-content\/uploads\/2024\/03\/maltech_im_einsatz_master_1940x1090_festivalvevey1.jpg 610w, https:\/\/www.mateco.ch\/wp-content\/uploads\/2024\/03\/maltech_im_einsatz_master_1940x1090_festivalvevey1-150x150.jpg 150w, https:\/\/www.mateco.ch\/wp-content\/uploads\/2024\/03\/maltech_im_einsatz_master_1940x1090_festivalvevey1-300x300.jpg 300w\" sizes=\"auto, (max-width: 610px) 100vw, 610px\" \/>\n\t\t<aside class=\"reference-rebrand-notice reference-rebrand-notice--overview\" aria-label=\"Note concernant le changement de raison sociale\">\n\t<span class=\"reference-rebrand-notice__eyebrow\">Maltech est mateco.<\/span>\n\t<strong class=\"reference-rebrand-notice__title\">Tout reste meilleur.<\/strong>\n<\/aside>\n    <\/a>\n  <\/div>\n\n  <div class=\"col-md-5 pt-20 py-md-40 d-flex align-items-center\">\n\n    <div class=\"content\">\n\t\t\t\n\t\t\t<h2 class=\"h3\">Festival Images Vevey 21<\/h2>\n\n      <div class=\"rich-text\">\n\t\t\t\tGr\u00e2ce \u00e0 un concept sanitaire bien \u00e9labor\u00e9, le festival Images Vevey a pu se tenir malgr\u00e9 les restrictions dues au coronavirus.       <\/div>\n\n\t\t\t<div class=\"button-group\">\n\t<a href=\"https:\/\/www.mateco.ch\/fr\/societe\/references\/festival-images-vevey-21\/\" target=\"\" title=\"Lire plus\" class=\"btn btn-bg-mateco_red text \" >\n\n  \n      <span class=\"btn-text\">Lire plus<span class=\"visually-hidden\">: Festival Images Vevey 21<\/span><\/span>\n  \n  \n<\/a>\n<\/div>\n    <\/div>\n\n  <\/div>\n\n<\/div>\n<div class=\"button-group mt-0 justify-content-center\">\n\t<span    class=\"btn show-more-btn cursor-pointer btn-bg-mateco_darkgrey \" >\n\n  \n      <span class=\"btn-text\">Voir plus<\/span>\n  \n  \n<\/span>\n<\/div>  <\/div>\n<\/div>","protected":false},"excerpt":{"rendered":"","protected":false},"author":1,"featured_media":14503,"parent":6555,"menu_order":3,"comment_status":"closed","ping_status":"closed","template":"","meta":{"_acf_changed":false,"footnotes":""},"class_list":["post-6557","page","type-page","status-publish","has-post-thumbnail","hentry"],"acf":[],"yoast_head":"<title>R\u00e9f\u00e9rences - mateco AG<\/title>\n<meta name=\"robots\" content=\"index, follow, max-snippet:-1, max-image-preview:large, max-video-preview:-1\" \/>\n<link rel=\"canonical\" href=\"https:\/\/www.mateco.ch\/fr\/societe\/references\/\" \/>\n<meta property=\"og:locale\" content=\"fr_FR\" \/>\n<meta property=\"og:type\" content=\"article\" \/>\n<meta property=\"og:title\" content=\"R\u00e9f\u00e9rences - mateco AG\" \/>\n<meta property=\"og:url\" content=\"https:\/\/www.mateco.ch\/fr\/societe\/references\/\" \/>\n<meta property=\"og:site_name\" content=\"mateco AG\" \/>\n<meta property=\"article:modified_time\" content=\"2026-08-26T14:39:32+00:00\" \/>\n<meta property=\"og:image\" content=\"https:\/\/www.mateco.ch\/wp-content\/uploads\/2026\/08\/attachment-3089__maltech.jpg\" \/>\n\t<meta property=\"og:image:width\" content=\"1200\" \/>\n\t<meta property=\"og:image:height\" content=\"900\" \/>\n\t<meta property=\"og:image:type\" content=\"image\/jpeg\" \/>\n<meta name=\"twitter:card\" content=\"summary_large_image\" \/>\n<script type=\"application\/ld+json\" class=\"yoast-schema-graph\">{\"@context\":\"https:\\\/\\\/schema.org\",\"@graph\":[{\"@type\":\"WebPage\",\"@id\":\"https:\\\/\\\/www.mateco.ch\\\/fr\\\/societe\\\/references\\\/\",\"url\":\"https:\\\/\\\/www.mateco.ch\\\/fr\\\/societe\\\/references\\\/\",\"name\":\"R\u00e9f\u00e9rences - mateco AG\",\"isPartOf\":{\"@id\":\"https:\\\/\\\/www.mateco.ch\\\/fr\\\/#website\"},\"primaryImageOfPage\":{\"@id\":\"https:\\\/\\\/www.mateco.ch\\\/fr\\\/societe\\\/references\\\/#primaryimage\"},\"image\":{\"@id\":\"https:\\\/\\\/www.mateco.ch\\\/fr\\\/societe\\\/references\\\/#primaryimage\"},\"thumbnailUrl\":\"https:\\\/\\\/www.mateco.ch\\\/wp-content\\\/uploads\\\/2026\\\/08\\\/attachment-3089__maltech.jpg\",\"datePublished\":\"2024-02-12T08:04:00+00:00\",\"dateModified\":\"2026-08-26T14:39:32+00:00\",\"breadcrumb\":{\"@id\":\"https:\\\/\\\/www.mateco.ch\\\/fr\\\/societe\\\/references\\\/#breadcrumb\"},\"inLanguage\":\"fr-FR\",\"potentialAction\":[{\"@type\":\"ReadAction\",\"target\":[\"https:\\\/\\\/www.mateco.ch\\\/fr\\\/societe\\\/references\\\/\"]}]},{\"@type\":\"ImageObject\",\"inLanguage\":\"fr-FR\",\"@id\":\"https:\\\/\\\/www.mateco.ch\\\/fr\\\/societe\\\/references\\\/#primaryimage\",\"url\":\"https:\\\/\\\/www.mateco.ch\\\/wp-content\\\/uploads\\\/2026\\\/08\\\/attachment-3089__maltech.jpg\",\"contentUrl\":\"https:\\\/\\\/www.mateco.ch\\\/wp-content\\\/uploads\\\/2026\\\/08\\\/attachment-3089__maltech.jpg\",\"width\":1200,\"height\":900},{\"@type\":\"BreadcrumbList\",\"@id\":\"https:\\\/\\\/www.mateco.ch\\\/fr\\\/societe\\\/references\\\/#breadcrumb\",\"itemListElement\":[{\"@type\":\"ListItem\",\"position\":1,\"name\":\"Home\",\"item\":\"https:\\\/\\\/www.mateco.ch\\\/fr\\\/home\\\/\"},{\"@type\":\"ListItem\",\"position\":2,\"name\":\"Soci\u00e9t\u00e9\",\"item\":\"https:\\\/\\\/www.mateco.ch\\\/fr\\\/societe\\\/\"},{\"@type\":\"ListItem\",\"position\":3,\"name\":\"R\u00e9f\u00e9rences\"}]},{\"@type\":\"WebSite\",\"@id\":\"https:\\\/\\\/www.mateco.ch\\\/fr\\\/#website\",\"url\":\"https:\\\/\\\/www.mateco.ch\\\/fr\\\/\",\"name\":\"mateco AG\",\"description\":\"Ihr kompetenter Partner  rund um Arbeitsb\u00fchnen\",\"publisher\":{\"@id\":\"https:\\\/\\\/www.mateco.ch\\\/fr\\\/#organization\"},\"potentialAction\":[{\"@type\":\"SearchAction\",\"target\":{\"@type\":\"EntryPoint\",\"urlTemplate\":\"https:\\\/\\\/www.mateco.ch\\\/fr\\\/?s={search_term_string}\"},\"query-input\":{\"@type\":\"PropertyValueSpecification\",\"valueRequired\":true,\"valueName\":\"search_term_string\"}}],\"inLanguage\":\"fr-FR\"},{\"@type\":\"Organization\",\"@id\":\"https:\\\/\\\/www.mateco.ch\\\/fr\\\/#organization\",\"name\":\"mateco AG\",\"url\":\"https:\\\/\\\/www.mateco.ch\\\/fr\\\/\",\"logo\":{\"@type\":\"ImageObject\",\"inLanguage\":\"fr-FR\",\"@id\":\"https:\\\/\\\/www.mateco.ch\\\/fr\\\/#\\\/schema\\\/logo\\\/image\\\/\",\"url\":\"https:\\\/\\\/www.mateco.ch\\\/wp-content\\\/uploads\\\/2026\\\/07\\\/mateco_logo-scaled.png\",\"contentUrl\":\"https:\\\/\\\/www.mateco.ch\\\/wp-content\\\/uploads\\\/2026\\\/07\\\/mateco_logo-scaled.png\",\"width\":2560,\"height\":653,\"caption\":\"mateco AG\"},\"image\":{\"@id\":\"https:\\\/\\\/www.mateco.ch\\\/fr\\\/#\\\/schema\\\/logo\\\/image\\\/\"}}]}<\/script>","yoast_head_json":{"title":"R\u00e9f\u00e9rences - mateco AG","robots":{"index":"index","follow":"follow","max-snippet":"max-snippet:-1","max-image-preview":"max-image-preview:large","max-video-preview":"max-video-preview:-1"},"canonical":"https:\/\/www.mateco.ch\/fr\/societe\/references\/","og_locale":"fr_FR","og_type":"article","og_title":"R\u00e9f\u00e9rences - mateco AG","og_url":"https:\/\/www.mateco.ch\/fr\/societe\/references\/","og_site_name":"mateco AG","article_modified_time":"2026-08-26T14:39:32+00:00","og_image":[{"width":1200,"height":900,"url":"https:\/\/www.mateco.ch\/wp-content\/uploads\/2026\/08\/attachment-3089__maltech.jpg","type":"image\/jpeg"}],"twitter_card":"summary_large_image","schema":{"@context":"https:\/\/schema.org","@graph":[{"@type":"WebPage","@id":"https:\/\/www.mateco.ch\/fr\/societe\/references\/","url":"https:\/\/www.mateco.ch\/fr\/societe\/references\/","name":"R\u00e9f\u00e9rences - mateco AG","isPartOf":{"@id":"https:\/\/www.mateco.ch\/fr\/#website"},"primaryImageOfPage":{"@id":"https:\/\/www.mateco.ch\/fr\/societe\/references\/#primaryimage"},"image":{"@id":"https:\/\/www.mateco.ch\/fr\/societe\/references\/#primaryimage"},"thumbnailUrl":"https:\/\/www.mateco.ch\/wp-content\/uploads\/2026\/08\/attachment-3089__maltech.jpg","datePublished":"2024-02-12T08:04:00+00:00","dateModified":"2026-08-26T14:39:32+00:00","breadcrumb":{"@id":"https:\/\/www.mateco.ch\/fr\/societe\/references\/#breadcrumb"},"inLanguage":"fr-FR","potentialAction":[{"@type":"ReadAction","target":["https:\/\/www.mateco.ch\/fr\/societe\/references\/"]}]},{"@type":"ImageObject","inLanguage":"fr-FR","@id":"https:\/\/www.mateco.ch\/fr\/societe\/references\/#primaryimage","url":"https:\/\/www.mateco.ch\/wp-content\/uploads\/2026\/08\/attachment-3089__maltech.jpg","contentUrl":"https:\/\/www.mateco.ch\/wp-content\/uploads\/2026\/08\/attachment-3089__maltech.jpg","width":1200,"height":900},{"@type":"BreadcrumbList","@id":"https:\/\/www.mateco.ch\/fr\/societe\/references\/#breadcrumb","itemListElement":[{"@type":"ListItem","position":1,"name":"Home","item":"https:\/\/www.mateco.ch\/fr\/home\/"},{"@type":"ListItem","position":2,"name":"Soci\u00e9t\u00e9","item":"https:\/\/www.mateco.ch\/fr\/societe\/"},{"@type":"ListItem","position":3,"name":"R\u00e9f\u00e9rences"}]},{"@type":"WebSite","@id":"https:\/\/www.mateco.ch\/fr\/#website","url":"https:\/\/www.mateco.ch\/fr\/","name":"mateco AG","description":"Ihr kompetenter Partner  rund um Arbeitsb\u00fchnen","publisher":{"@id":"https:\/\/www.mateco.ch\/fr\/#organization"},"potentialAction":[{"@type":"SearchAction","target":{"@type":"EntryPoint","urlTemplate":"https:\/\/www.mateco.ch\/fr\/?s={search_term_string}"},"query-input":{"@type":"PropertyValueSpecification","valueRequired":true,"valueName":"search_term_string"}}],"inLanguage":"fr-FR"},{"@type":"Organization","@id":"https:\/\/www.mateco.ch\/fr\/#organization","name":"mateco AG","url":"https:\/\/www.mateco.ch\/fr\/","logo":{"@type":"ImageObject","inLanguage":"fr-FR","@id":"https:\/\/www.mateco.ch\/fr\/#\/schema\/logo\/image\/","url":"https:\/\/www.mateco.ch\/wp-content\/uploads\/2026\/07\/mateco_logo-scaled.png","contentUrl":"https:\/\/www.mateco.ch\/wp-content\/uploads\/2026\/07\/mateco_logo-scaled.png","width":2560,"height":653,"caption":"mateco AG"},"image":{"@id":"https:\/\/www.mateco.ch\/fr\/#\/schema\/logo\/image\/"}}]}},"_links":{"self":[{"href":"https:\/\/www.mateco.ch\/fr\/wp-json\/wp\/v2\/pages\/6557","targetHints":{"allow":["GET"]}}],"collection":[{"href":"https:\/\/www.mateco.ch\/fr\/wp-json\/wp\/v2\/pages"}],"about":[{"href":"https:\/\/www.mateco.ch\/fr\/wp-json\/wp\/v2\/types\/page"}],"author":[{"embeddable":true,"href":"https:\/\/www.mateco.ch\/fr\/wp-json\/wp\/v2\/users\/1"}],"replies":[{"embeddable":true,"href":"https:\/\/www.mateco.ch\/fr\/wp-json\/wp\/v2\/comments?post=6557"}],"version-history":[{"count":5,"href":"https:\/\/www.mateco.ch\/fr\/wp-json\/wp\/v2\/pages\/6557\/revisions"}],"predecessor-version":[{"id":15018,"href":"https:\/\/www.mateco.ch\/fr\/wp-json\/wp\/v2\/pages\/6557\/revisions\/15018"}],"up":[{"embeddable":true,"href":"https:\/\/www.mateco.ch\/fr\/wp-json\/wp\/v2\/pages\/6555"}],"wp:featuredmedia":[{"embeddable":true,"href":"https:\/\/www.mateco.ch\/fr\/wp-json\/wp\/v2\/media\/14503"}],"wp:attachment":[{"href":"https:\/\/www.mateco.ch\/fr\/wp-json\/wp\/v2\/media?parent=6557"}],"curies":[{"name":"wp","href":"https:\/\/api.w.org\/{rel}","templated":true}]}}