{"id":6559,"date":"2024-02-12T09:04:26","date_gmt":"2024-02-12T08:04:26","guid":{"rendered":"https:\/\/staging.maltech.ch\/unternehmen\/news\/"},"modified":"2026-08-28T08:33:55","modified_gmt":"2026-08-28T06:33:55","slug":"news","status":"publish","type":"page","link":"https:\/\/www.mateco.ch\/fr\/societe\/news\/","title":{"rendered":"News"},"content":{"rendered":"<div class=\"container\">\n  <div class=\"row\">\n    <div class=\"col-md-10 offset-md-1 d-flex flex-column align-items-center text-center\">\n\n\t    <svg class=\"star icon deco-icon\" xmlns=\"http:\/\/www.w3.org\/2000\/svg\" viewBox=\"0 0 1024 971.991\">\n  <path d=\"m827.521,971.991h0l-60.099-351.35,256.578-249.643-353.661-50.854L512,0l-158.339,320.144L0,370.998l255.422,249.643-60.099,351.35,316.677-165.273,315.521,165.273M75.124,395.269h0l301.653-43.919,135.223-272.759,134.068,272.759,302.808,45.074-218.438,212.66,52.009,300.496-270.447-142.158-270.447,141.002,52.009-300.496-218.438-212.659\" stroke-width=\"0\"\/>\n<\/svg>\n      <h1 class=\"h2\">Actualit\u00e9s de mateco<\/h1>\n\n\t    \n\t    \n    <\/div>\n  <\/div>\n<\/div>\n\n\n<div id=\"news-overview-content\" class=\"overview-content max-10\">\n  <div class=\"container\">\n\t\t<div class=\"row news-teaser-row teaser-row \" data-filterable data-category=\"\">\n\n  <div class=\"col-md-6\">\n    <a href=\"https:\/\/www.mateco.ch\/fr\/news\/nous-nous-appelons-desormais-mateco\/\" class=\"img-wrapper picture-animation position-relative\" aria-label=\"Aller \u00e0 Nous nous appelons d\u00e9sormais mateco\">\n\t\t  <img width=\"1024\" height=\"576\" src=\"https:\/\/www.mateco.ch\/wp-content\/uploads\/2026\/08\/Visual_maler_fr_2560x1440px-1024x576.jpg\" class=\"w-full h-full object-cover\" alt=\"\" loading=\"lazy\" decoding=\"async\" srcset=\"https:\/\/www.mateco.ch\/wp-content\/uploads\/2026\/08\/Visual_maler_fr_2560x1440px-1024x576.jpg 1024w, https:\/\/www.mateco.ch\/wp-content\/uploads\/2026\/08\/Visual_maler_fr_2560x1440px-300x169.jpg 300w, https:\/\/www.mateco.ch\/wp-content\/uploads\/2026\/08\/Visual_maler_fr_2560x1440px-768x432.jpg 768w, https:\/\/www.mateco.ch\/wp-content\/uploads\/2026\/08\/Visual_maler_fr_2560x1440px-1536x864.jpg 1536w, https:\/\/www.mateco.ch\/wp-content\/uploads\/2026\/08\/Visual_maler_fr_2560x1440px-2048x1152.jpg 2048w\" sizes=\"auto, (max-width: 1024px) 100vw, 1024px\" \/>    <\/a>\n  <\/div>\n\n  <div class=\"col-md-5 offset-md-1 pt-20 py-md-40 d-flex align-items-center\">\n\n    <div class=\"content\">\n      \n      <h2 class=\"h3\">Nous nous appelons d\u00e9sormais mateco<\/h2>\n\n      <div class=\"rich-text\">\n        \u00c0 compter du 1er septembre 2026, Maltech op\u00e8re sous le nom de mateco Suisse SA. Le march\u00e9 prend ainsi conscience de ce qui est une r\u00e9alit\u00e9 depuis 2023 : nous faisons partie du groupe familial mateco, l\u2019un des principaux loueurs d\u2019\u00e9quipements mobiles d\u2019acc\u00e8s en hauteur en Europe, en Am\u00e9rique centrale et en Am\u00e9rique du Sud. Cela nous permet d\u2019assurer notre continuit\u00e9 et notre croissance en Suisse. Qu\u2019est-ce qui ne change pas ? Nous restons un partenaire local fiable, gage de qualit\u00e9.       <\/div>\n\n      \t      <div class=\"button-group\">\n\t<a href=\"https:\/\/www.mateco.ch\/fr\/news\/nous-nous-appelons-desormais-mateco\/\" target=\"\" title=\"Lire plus\" class=\"btn text \" >\n\n  \n      <span class=\"btn-text\">Lire plus<span class=\"visually-hidden\">: Nous nous appelons d\u00e9sormais mateco<\/span><\/span>\n  \n  \n<\/a>\n<\/div>      \n    <\/div>\n\n  <\/div>\n\n<\/div><div class=\"row news-teaser-row teaser-row  flex-row-reverse\" data-filterable data-category=\"\">\n\n  <div class=\"col-md-6 offset-md-1\">\n    <a href=\"https:\/\/www.mateco.ch\/fr\/news\/une-journee-inoubliable-la-journee-familiale-mateco\/\" class=\"img-wrapper picture-animation position-relative\" aria-label=\"Aller \u00e0 Une journ\u00e9e inoubliable : la journ\u00e9e familiale mateco\">\n\t\t  <img width=\"1024\" height=\"576\" src=\"https:\/\/www.mateco.ch\/wp-content\/uploads\/2026\/08\/P1014901_1920x1080-1024x576.jpg\" class=\"w-full h-full object-cover\" alt=\"\" loading=\"lazy\" decoding=\"async\" srcset=\"https:\/\/www.mateco.ch\/wp-content\/uploads\/2026\/08\/P1014901_1920x1080-1024x576.jpg 1024w, https:\/\/www.mateco.ch\/wp-content\/uploads\/2026\/08\/P1014901_1920x1080-300x169.jpg 300w, https:\/\/www.mateco.ch\/wp-content\/uploads\/2026\/08\/P1014901_1920x1080-768x432.jpg 768w, https:\/\/www.mateco.ch\/wp-content\/uploads\/2026\/08\/P1014901_1920x1080-1536x864.jpg 1536w, https:\/\/www.mateco.ch\/wp-content\/uploads\/2026\/08\/P1014901_1920x1080.jpg 2048w\" sizes=\"auto, (max-width: 1024px) 100vw, 1024px\" \/>    <\/a>\n  <\/div>\n\n  <div class=\"col-md-5 pt-20 py-md-40 d-flex align-items-center\">\n\n    <div class=\"content\">\n      \n      <h2 class=\"h3\">Une journ\u00e9e inoubliable : la journ\u00e9e familiale mateco<\/h2>\n\n      <div class=\"rich-text\">\n        Quelle journ\u00e9e ! Le mateco Family-Day restera longtemps grav\u00e9 dans nos m\u00e9moires. Maltech existe depuis 60 ans et s&rsquo;appelle d\u00e9sormais mateco \u2013 nous voulions c\u00e9l\u00e9brer comme il se doit ces \u00e9tapes importantes avec tous les membres de notre \u00e9quipe et leurs familles. Nous y sommes parvenus haut la main. Mais d\u00e9couvre-le par toi-m\u00eame dans notre vid\u00e9o qui regorge d&rsquo;images de cette superbe f\u00eate aux attractions passionnantes.      <\/div>\n\n      \t      <div class=\"button-group\">\n\t<a href=\"https:\/\/www.mateco.ch\/fr\/news\/une-journee-inoubliable-la-journee-familiale-mateco\/\" target=\"\" title=\"Lire plus\" class=\"btn text \" >\n\n  \n      <span class=\"btn-text\">Lire plus<span class=\"visually-hidden\">: Une journ\u00e9e inoubliable : la journ\u00e9e familiale mateco<\/span><\/span>\n  \n  \n<\/a>\n<\/div>      \n    <\/div>\n\n  <\/div>\n\n<\/div><div class=\"row news-teaser-row teaser-row \" data-filterable data-category=\"\">\n\n  <div class=\"col-md-6\">\n    <a href=\"https:\/\/www.mateco.ch\/fr\/news\/les-nouvelles-offres-de-lacademy\/\" class=\"img-wrapper picture-animation position-relative\" aria-label=\"Aller \u00e0 Profite d\u00e8s maintenant de notre offre Academy\">\n\t\t  <img width=\"1024\" height=\"576\" src=\"https:\/\/www.mateco.ch\/wp-content\/uploads\/2026\/08\/mateco_web_banner_1920x1080_11-1024x576.jpg\" class=\"w-full h-full object-cover\" alt=\"\" loading=\"lazy\" decoding=\"async\" srcset=\"https:\/\/www.mateco.ch\/wp-content\/uploads\/2026\/08\/mateco_web_banner_1920x1080_11-1024x576.jpg 1024w, https:\/\/www.mateco.ch\/wp-content\/uploads\/2026\/08\/mateco_web_banner_1920x1080_11-300x169.jpg 300w, https:\/\/www.mateco.ch\/wp-content\/uploads\/2026\/08\/mateco_web_banner_1920x1080_11-768x432.jpg 768w, https:\/\/www.mateco.ch\/wp-content\/uploads\/2026\/08\/mateco_web_banner_1920x1080_11-1536x864.jpg 1536w, https:\/\/www.mateco.ch\/wp-content\/uploads\/2026\/08\/mateco_web_banner_1920x1080_11.jpg 1920w\" sizes=\"auto, (max-width: 1024px) 100vw, 1024px\" \/>    <\/a>\n  <\/div>\n\n  <div class=\"col-md-5 offset-md-1 pt-20 py-md-40 d-flex align-items-center\">\n\n    <div class=\"content\">\n      \n      <h2 class=\"h3\">Profite d\u00e8s maintenant de notre offre Academy<\/h2>\n\n      <div class=\"rich-text\">\n        Avec le passage de \u00ab Formation \u00bb \u00e0 \u00ab Academy \u00bb, notre offre de formation \u00e9volue \u00e9galement. Ce que tu appr\u00e9cies chez nous reste toutefois inchang\u00e9 : une offre de formation de haute qualit\u00e9, des formations ax\u00e9es sur la pratique et un service personnalis\u00e9. Dans nos huit centres de formation et chez toi sur place, nous continuerons \u00e0 proposer des formations de base et compl\u00e9mentaires VSAA et IPAF. \nEn accord avec ce nouveau nom, nous te proposons d\u00e9sormais des offres attractives qui en valent vraiment la peine. Clique ici pour en savoir plus.      <\/div>\n\n      \t      <div class=\"button-group\">\n\t<a href=\"https:\/\/www.mateco.ch\/fr\/news\/les-nouvelles-offres-de-lacademy\/\" target=\"\" title=\"Lire plus\" class=\"btn text \" >\n\n  \n      <span class=\"btn-text\">Lire plus<span class=\"visually-hidden\">: Profite d\u00e8s maintenant de notre offre Academy<\/span><\/span>\n  \n  \n<\/a>\n<\/div>      \n    <\/div>\n\n  <\/div>\n\n<\/div><div class=\"row news-teaser-row teaser-row  flex-row-reverse\" data-filterable data-category=\"\">\n\n  <div class=\"col-md-6 offset-md-1\">\n    <a href=\"https:\/\/www.mateco.ch\/fr\/news\/renovation-du-site-de-birsfelden\/\" class=\"img-wrapper picture-animation position-relative\" aria-label=\"Aller \u00e0 R\u00e9novation du site de Birsfelden\">\n\t\t  <img width=\"1024\" height=\"1024\" src=\"https:\/\/www.mateco.ch\/wp-content\/uploads\/2026\/04\/anzeigebild-1.jpg\" class=\"w-full h-full object-cover\" alt=\"\" loading=\"lazy\" decoding=\"async\" srcset=\"https:\/\/www.mateco.ch\/wp-content\/uploads\/2026\/04\/anzeigebild-1.jpg 1024w, https:\/\/www.mateco.ch\/wp-content\/uploads\/2026\/04\/anzeigebild-1-150x150.jpg 150w, https:\/\/www.mateco.ch\/wp-content\/uploads\/2026\/04\/anzeigebild-1-300x300.jpg 300w, https:\/\/www.mateco.ch\/wp-content\/uploads\/2026\/04\/anzeigebild-1-768x768.jpg 768w\" sizes=\"auto, (max-width: 1024px) 100vw, 1024px\" \/>    <\/a>\n  <\/div>\n\n  <div class=\"col-md-5 pt-20 py-md-40 d-flex align-items-center\">\n\n    <div class=\"content\">\n      \n      <h2 class=\"h3\">R\u00e9novation du site de Birsfelden<\/h2>\n\n      <div class=\"rich-text\">\n        La r\u00e9gion de B\u00e2le compte parmi les sites strat\u00e9giquement les plus importants pour mateco \u2013 et les choses prennent d\u00e9sormais une toute autre dimension. La r\u00e9novation de notre site permet de cr\u00e9er une infrastructure ultramoderne pour le traitement, la formation et la logistique. D\u00e9couvrez dans cette interview passionnante l\u2019impact des nouveaux processus sur l\u2019\u00e9quipe et la client\u00e8le, les d\u00e9fis pos\u00e9s par la r\u00e9novation et les avantages offerts par le nouveau concept.       <\/div>\n\n      \t      <div class=\"button-group\">\n\t<a href=\"https:\/\/www.mateco.ch\/fr\/news\/renovation-du-site-de-birsfelden\/\" target=\"\" title=\"Lire plus\" class=\"btn text \" >\n\n  \n      <span class=\"btn-text\">Lire plus<span class=\"visually-hidden\">: R\u00e9novation du site de Birsfelden<\/span><\/span>\n  \n  \n<\/a>\n<\/div>      \n    <\/div>\n\n  <\/div>\n\n<\/div><div class=\"row news-teaser-row teaser-row \" data-filterable data-category=\"\">\n\n  <div class=\"col-md-6\">\n    <a href=\"https:\/\/www.mateco.ch\/fr\/news\/le-nouveau-bronto-s47-xr-vient-renforcer-la-flotte-delevateur-a-nacelle-sur-camion-de-maltech\/\" class=\"img-wrapper picture-animation position-relative\" aria-label=\"Aller \u00e0 Le nouveau Bronto S47 XR vient renforcer la flotte d\u2019\u00e9l\u00e9vateur \u00e0 nacelle sur camion de mateco\">\n\t\t  <img width=\"1024\" height=\"1024\" src=\"https:\/\/www.mateco.ch\/wp-content\/uploads\/2026\/04\/anzeigebild-3.jpg\" class=\"w-full h-full object-cover\" alt=\"\" loading=\"lazy\" decoding=\"async\" srcset=\"https:\/\/www.mateco.ch\/wp-content\/uploads\/2026\/04\/anzeigebild-3.jpg 1024w, https:\/\/www.mateco.ch\/wp-content\/uploads\/2026\/04\/anzeigebild-3-150x150.jpg 150w, https:\/\/www.mateco.ch\/wp-content\/uploads\/2026\/04\/anzeigebild-3-300x300.jpg 300w, https:\/\/www.mateco.ch\/wp-content\/uploads\/2026\/04\/anzeigebild-3-768x768.jpg 768w\" sizes=\"auto, (max-width: 1024px) 100vw, 1024px\" \/>    <\/a>\n  <\/div>\n\n  <div class=\"col-md-5 offset-md-1 pt-20 py-md-40 d-flex align-items-center\">\n\n    <div class=\"content\">\n      \n      <h2 class=\"h3\">Le nouveau Bronto S47 XR vient renforcer la flotte d\u2019\u00e9l\u00e9vateur \u00e0 nacelle sur camion de mateco<\/h2>\n\n      <div class=\"rich-text\">\n        mateco renouvelle sa flotte d\u2019\u00e9l\u00e9vateurs \u00e0 nacelle sur camion et investit dans cinq nouveaux Bronto S47 XR. La derni\u00e8re g\u00e9n\u00e9ration s\u00e9duit par sa structure de ch\u00e2ssis optimis\u00e9e, sa technologie de stabilisation am\u00e9lior\u00e9e et son diagramme de travail perfectionn\u00e9 \u2013 id\u00e9al pour les interventions exigeantes. \n\nApr\u00e8s une \u00e9valuation approfondie et des essais pratiques concluants, les nouveaux \u00e9l\u00e9vateurs \u00e0 nacelle sur camion sont d\u00e9sormais en service en Suisse, arborant le nouveau look mateco. Nous nous r\u00e9jouissons de ce qui nous attend \u2013 le changement de nom \u2013 et sommes impatients de le rendre visible.        <\/div>\n\n      \t      <div class=\"button-group\">\n\t<a href=\"https:\/\/www.mateco.ch\/fr\/news\/le-nouveau-bronto-s47-xr-vient-renforcer-la-flotte-delevateur-a-nacelle-sur-camion-de-maltech\/\" target=\"\" title=\"Lire plus\" class=\"btn text \" >\n\n  \n      <span class=\"btn-text\">Lire plus<span class=\"visually-hidden\">: Le nouveau Bronto S47 XR vient renforcer la flotte d\u2019\u00e9l\u00e9vateur \u00e0 nacelle sur camion de mateco<\/span><\/span>\n  \n  \n<\/a>\n<\/div>      \n    <\/div>\n\n  <\/div>\n\n<\/div><div class=\"row news-teaser-row teaser-row  flex-row-reverse\" data-filterable data-category=\"\">\n\n  <div class=\"col-md-6 offset-md-1\">\n    <a href=\"https:\/\/www.mateco.ch\/fr\/news\/retrospective-de-lannee-avec-patrick-moser-pdg-de-maltech\/\" class=\"img-wrapper picture-animation position-relative\" aria-label=\"Aller \u00e0 R\u00e9trospective de l&#039;ann\u00e9e avec Patrick Moser, PDG de mateco\">\n\t\t  <img width=\"1024\" height=\"875\" src=\"https:\/\/www.mateco.ch\/wp-content\/uploads\/2025\/12\/Patrick-Moser_024A1852_final_726x620-1024x875.jpg\" class=\"w-full h-full object-cover\" alt=\"\" loading=\"lazy\" decoding=\"async\" srcset=\"https:\/\/www.mateco.ch\/wp-content\/uploads\/2025\/12\/Patrick-Moser_024A1852_final_726x620-1024x875.jpg 1024w, https:\/\/www.mateco.ch\/wp-content\/uploads\/2025\/12\/Patrick-Moser_024A1852_final_726x620-300x256.jpg 300w, https:\/\/www.mateco.ch\/wp-content\/uploads\/2025\/12\/Patrick-Moser_024A1852_final_726x620-768x656.jpg 768w, https:\/\/www.mateco.ch\/wp-content\/uploads\/2025\/12\/Patrick-Moser_024A1852_final_726x620-1536x1312.jpg 1536w, https:\/\/www.mateco.ch\/wp-content\/uploads\/2025\/12\/Patrick-Moser_024A1852_final_726x620-2048x1749.jpg 2048w\" sizes=\"auto, (max-width: 1024px) 100vw, 1024px\" \/>    <\/a>\n  <\/div>\n\n  <div class=\"col-md-5 pt-20 py-md-40 d-flex align-items-center\">\n\n    <div class=\"content\">\n      \n      <h2 class=\"h3\">R\u00e9trospective de l&rsquo;ann\u00e9e avec Patrick Moser, PDG de mateco<\/h2>\n\n      <div class=\"rich-text\">\n        Patrick Moser revient sur une ann\u00e9e 2025 couronn\u00e9e de succ\u00e8s. mateco a renforc\u00e9 sa position sur le march\u00e9, approfondi sa collaboration avec le groupe mateco et pos\u00e9 des jalons importants pour l&rsquo;avenir. Au cours de l&rsquo;entretien, il raconte ce qui a marqu\u00e9 l&rsquo;ann\u00e9e et ce qu&rsquo;il attend avec impatience en 2026.      <\/div>\n\n      \t      <div class=\"button-group\">\n\t<a href=\"https:\/\/www.mateco.ch\/fr\/news\/retrospective-de-lannee-avec-patrick-moser-pdg-de-maltech\/\" target=\"\" title=\"Lire plus\" class=\"btn text \" >\n\n  \n      <span class=\"btn-text\">Lire plus<span class=\"visually-hidden\">: R\u00e9trospective de l&#039;ann\u00e9e avec Patrick Moser, PDG de mateco<\/span><\/span>\n  \n  \n<\/a>\n<\/div>      \n    <\/div>\n\n  <\/div>\n\n<\/div><div class=\"row news-teaser-row teaser-row \" data-filterable data-category=\"\">\n\n  <div class=\"col-md-6\">\n    <a href=\"https:\/\/www.mateco.ch\/fr\/news\/maltech-soutient-leducation-des-enfants-dans-le-monde-entier\/\" class=\"img-wrapper picture-animation position-relative\" aria-label=\"Aller \u00e0 mateco soutient l&#039;\u00e9ducation des enfants dans le monde entier\">\n\t\t  <img width=\"1024\" height=\"683\" src=\"https:\/\/www.mateco.ch\/wp-content\/uploads\/2025\/11\/guinea-bissau-2-1-1024x683.jpg\" class=\"w-full h-full object-cover\" alt=\"\" loading=\"lazy\" decoding=\"async\" srcset=\"https:\/\/www.mateco.ch\/wp-content\/uploads\/2025\/11\/guinea-bissau-2-1-1024x683.jpg 1024w, https:\/\/www.mateco.ch\/wp-content\/uploads\/2025\/11\/guinea-bissau-2-1-300x200.jpg 300w, https:\/\/www.mateco.ch\/wp-content\/uploads\/2025\/11\/guinea-bissau-2-1-768x512.jpg 768w, https:\/\/www.mateco.ch\/wp-content\/uploads\/2025\/11\/guinea-bissau-2-1-1536x1024.jpg 1536w, https:\/\/www.mateco.ch\/wp-content\/uploads\/2025\/11\/guinea-bissau-2-1-2048x1365.jpg 2048w\" sizes=\"auto, (max-width: 1024px) 100vw, 1024px\" \/>    <\/a>\n  <\/div>\n\n  <div class=\"col-md-5 offset-md-1 pt-20 py-md-40 d-flex align-items-center\">\n\n    <div class=\"content\">\n      \n      <h2 class=\"h3\">mateco soutient l&rsquo;\u00e9ducation des enfants dans le monde entier<\/h2>\n\n      <div class=\"rich-text\">\n        Contribuer \u00e0 une solution. En partageant. C&rsquo;est exactement ce qui lie mateco au projet d&rsquo;aide \u00e0 but non lucratif \u00ab Labdoo \u00bb. Labdoo permet aux jardins d&rsquo;enfants, \u00e9coles, orphelinats et foyers de r\u00e9fugi\u00e9s en Suisse et \u00e0 l&rsquo;\u00e9tranger d&rsquo;acc\u00e9der \u00e0 l&rsquo;informatique et \u00e0 l&rsquo;\u00e9ducation gr\u00e2ce \u00e0 des ordinateurs portables. Frank Geisler, pr\u00e9sident de l&rsquo;association Labdoo.org Suisse, explique comment mateco apporte sa contribution et quelle diff\u00e9rence peut faire un don.      <\/div>\n\n      \t      <div class=\"button-group\">\n\t<a href=\"https:\/\/www.mateco.ch\/fr\/news\/maltech-soutient-leducation-des-enfants-dans-le-monde-entier\/\" target=\"\" title=\"Lire plus\" class=\"btn text \" >\n\n  \n      <span class=\"btn-text\">Lire plus<span class=\"visually-hidden\">: mateco soutient l&#039;\u00e9ducation des enfants dans le monde entier<\/span><\/span>\n  \n  \n<\/a>\n<\/div>      \n    <\/div>\n\n  <\/div>\n\n<\/div><div class=\"row news-teaser-row teaser-row  flex-row-reverse\" data-filterable data-category=\"\">\n\n  <div class=\"col-md-6 offset-md-1\">\n    <a href=\"\/fr\/societe\/references\/formation-plates-formes-elevatrices-muenchenstein-bl\/\" class=\"img-wrapper picture-animation position-relative\" aria-label=\"Aller \u00e0 Une coop\u00e9ration d&#039;avenir\">\n\t\t  <img width=\"1024\" height=\"682\" src=\"https:\/\/www.mateco.ch\/wp-content\/uploads\/2025\/06\/BG-Schulung_093_Bossard-Geiser-1024x682.jpg\" class=\"w-full h-full object-cover\" alt=\"\" loading=\"lazy\" decoding=\"async\" srcset=\"https:\/\/www.mateco.ch\/wp-content\/uploads\/2025\/06\/BG-Schulung_093_Bossard-Geiser-1024x682.jpg 1024w, https:\/\/www.mateco.ch\/wp-content\/uploads\/2025\/06\/BG-Schulung_093_Bossard-Geiser-300x200.jpg 300w, https:\/\/www.mateco.ch\/wp-content\/uploads\/2025\/06\/BG-Schulung_093_Bossard-Geiser-768x512.jpg 768w, https:\/\/www.mateco.ch\/wp-content\/uploads\/2025\/06\/BG-Schulung_093_Bossard-Geiser-1536x1024.jpg 1536w, https:\/\/www.mateco.ch\/wp-content\/uploads\/2025\/06\/BG-Schulung_093_Bossard-Geiser.jpg 2000w\" sizes=\"auto, (max-width: 1024px) 100vw, 1024px\" \/>    <\/a>\n  <\/div>\n\n  <div class=\"col-md-5 pt-20 py-md-40 d-flex align-items-center\">\n\n    <div class=\"content\">\n      \n      <h2 class=\"h3\">Une coop\u00e9ration d&rsquo;avenir<\/h2>\n\n      <div class=\"rich-text\">\n        Depuis 2019, mateco et Bossard &#038; Geiser entretiennent une solide coop\u00e9ration dans le domaine de la formation, avec un objectif commun : promouvoir la s\u00e9curit\u00e9 au travail en hauteur et proposer des formations pratiques. Anastasia Trentos, responsable de l\u2019organisation des formations et des ressources humaines chez Bossard &#038; Geiser, nous donne un aper\u00e7u de cette coop\u00e9ration et de leurs perspectives communes.      <\/div>\n\n      \t      <div class=\"button-group\">\n\t<a href=\"\/fr\/societe\/references\/formation-plates-formes-elevatrices-muenchenstein-bl\/\" target=\"\" title=\"Lire plus\" class=\"btn text \" >\n\n  \n      <span class=\"btn-text\">Lire plus<span class=\"visually-hidden\">: Une coop\u00e9ration d&#039;avenir<\/span><\/span>\n  \n  \n<\/a>\n<\/div>      \n    <\/div>\n\n  <\/div>\n\n<\/div><div class=\"row news-teaser-row teaser-row \" data-filterable data-category=\"\">\n\n  <div class=\"col-md-6\">\n    <a href=\"\/fr\/societe\/references\/plateformes-elevatrices-art-basel\/\" class=\"img-wrapper picture-animation position-relative\" aria-label=\"Aller \u00e0 Du grand art en effet\">\n\t\t  <img width=\"1024\" height=\"592\" src=\"https:\/\/www.mateco.ch\/wp-content\/uploads\/2025\/08\/IMG_0294_bearbeitet-1024x592.jpg\" class=\"w-full h-full object-cover\" alt=\"\" loading=\"lazy\" decoding=\"async\" srcset=\"https:\/\/www.mateco.ch\/wp-content\/uploads\/2025\/08\/IMG_0294_bearbeitet-1024x592.jpg 1024w, https:\/\/www.mateco.ch\/wp-content\/uploads\/2025\/08\/IMG_0294_bearbeitet-1536x888.jpg 1536w, https:\/\/www.mateco.ch\/wp-content\/uploads\/2025\/08\/IMG_0294_bearbeitet-300x174.jpg 300w, https:\/\/www.mateco.ch\/wp-content\/uploads\/2025\/08\/IMG_0294_bearbeitet-768x444.jpg 768w, https:\/\/www.mateco.ch\/wp-content\/uploads\/2025\/08\/IMG_0294_bearbeitet-2048x1185.jpg 2048w\" sizes=\"auto, (max-width: 1024px) 100vw, 1024px\" \/>    <\/a>\n  <\/div>\n\n  <div class=\"col-md-5 offset-md-1 pt-20 py-md-40 d-flex align-items-center\">\n\n    <div class=\"content\">\n      \n      <h2 class=\"h3\">Du grand art en effet<\/h2>\n\n      <div class=\"rich-text\">\n        Des plateformes \u00e9l\u00e9vatrices parmi les chefs-d\u2019\u0153uvre. Comment mateco facilite le montage et le d\u00e9montage \u00e0 Art Basel et garantit encore plus d\u2019efficacit\u00e9 gr\u00e2ce \u00e0 un nouveau stand. Martin Etter, responsable Key Account Management chez mateco, explique comment cela fonctionne.      <\/div>\n\n      \t      <div class=\"button-group\">\n\t<a href=\"\/fr\/societe\/references\/plateformes-elevatrices-art-basel\/\" target=\"\" title=\"Lire plus\" class=\"btn text \" >\n\n  \n      <span class=\"btn-text\">Lire plus<span class=\"visually-hidden\">: Du grand art en effet<\/span><\/span>\n  \n  \n<\/a>\n<\/div>      \n    <\/div>\n\n  <\/div>\n\n<\/div><div class=\"row news-teaser-row teaser-row  flex-row-reverse\" data-filterable data-category=\"\">\n\n  <div class=\"col-md-6 offset-md-1\">\n    <a href=\"https:\/\/www.mateco.ch\/fr\/news\/team-talk-avec-kilian-villiger\/\" class=\"img-wrapper picture-animation position-relative\" aria-label=\"Aller \u00e0 Team Talk avec Kilian Villiger\">\n\t\t  <img width=\"1024\" height=\"875\" src=\"https:\/\/www.mateco.ch\/wp-content\/uploads\/2025\/07\/Maltech_NL-01-2025_Mitarbeiterfilm-Kilian_v2_Vorschaubild-1024x875.jpg\" class=\"w-full h-full object-cover\" alt=\"\" loading=\"lazy\" decoding=\"async\" srcset=\"https:\/\/www.mateco.ch\/wp-content\/uploads\/2025\/07\/Maltech_NL-01-2025_Mitarbeiterfilm-Kilian_v2_Vorschaubild-1024x875.jpg 1024w, https:\/\/www.mateco.ch\/wp-content\/uploads\/2025\/07\/Maltech_NL-01-2025_Mitarbeiterfilm-Kilian_v2_Vorschaubild-300x256.jpg 300w, https:\/\/www.mateco.ch\/wp-content\/uploads\/2025\/07\/Maltech_NL-01-2025_Mitarbeiterfilm-Kilian_v2_Vorschaubild-768x656.jpg 768w, https:\/\/www.mateco.ch\/wp-content\/uploads\/2025\/07\/Maltech_NL-01-2025_Mitarbeiterfilm-Kilian_v2_Vorschaubild.jpg 1404w\" sizes=\"auto, (max-width: 1024px) 100vw, 1024px\" \/>    <\/a>\n  <\/div>\n\n  <div class=\"col-md-5 pt-20 py-md-40 d-flex align-items-center\">\n\n    <div class=\"content\">\n      \n      <h2 class=\"h3\">Team Talk avec Kilian Villiger<\/h2>\n\n      <div class=\"rich-text\">\n        Dans le nouveau Team Talk, notre responsable de succursale de Perlen vous emm\u00e8ne dans son quotidien et vous parle de sa passion pour les tracteurs anciens. En toute franchise.      <\/div>\n\n      \t      <div class=\"button-group\">\n\t<a href=\"https:\/\/www.mateco.ch\/fr\/news\/team-talk-avec-kilian-villiger\/\" target=\"\" title=\"Lire plus\" class=\"btn text \" >\n\n  \n      <span class=\"btn-text\">Lire plus<span class=\"visually-hidden\">: Team Talk avec Kilian Villiger<\/span><\/span>\n  \n  \n<\/a>\n<\/div>      \n    <\/div>\n\n  <\/div>\n\n<\/div><div class=\"row news-teaser-row teaser-row \" data-filterable data-category=\"\">\n\n  <div class=\"col-md-6\">\n    <a href=\"https:\/\/www.mateco.ch\/fr\/news\/scene-libre-pour-ruben\/\" class=\"img-wrapper picture-animation position-relative\" aria-label=\"Aller \u00e0 Sc\u00e8ne libre pour Ruben\">\n\t\t  <img width=\"1024\" height=\"875\" src=\"https:\/\/www.mateco.ch\/wp-content\/uploads\/2025\/07\/Maltech_News_Mitarbeiterfilm-Ruben_v2_vorschaubild-1024x875.jpg\" class=\"w-full h-full object-cover\" alt=\"\" loading=\"lazy\" decoding=\"async\" srcset=\"https:\/\/www.mateco.ch\/wp-content\/uploads\/2025\/07\/Maltech_News_Mitarbeiterfilm-Ruben_v2_vorschaubild-1024x875.jpg 1024w, https:\/\/www.mateco.ch\/wp-content\/uploads\/2025\/07\/Maltech_News_Mitarbeiterfilm-Ruben_v2_vorschaubild-300x256.jpg 300w, https:\/\/www.mateco.ch\/wp-content\/uploads\/2025\/07\/Maltech_News_Mitarbeiterfilm-Ruben_v2_vorschaubild-768x656.jpg 768w, https:\/\/www.mateco.ch\/wp-content\/uploads\/2025\/07\/Maltech_News_Mitarbeiterfilm-Ruben_v2_vorschaubild.jpg 1404w\" sizes=\"auto, (max-width: 1024px) 100vw, 1024px\" \/>    <\/a>\n  <\/div>\n\n  <div class=\"col-md-5 offset-md-1 pt-20 py-md-40 d-flex align-items-center\">\n\n    <div class=\"content\">\n      \n      <h2 class=\"h3\">Sc\u00e8ne libre pour Ruben<\/h2>\n\n      <div class=\"rich-text\">\n        Qu&rsquo;est-ce qui relie un chauffeur de camion \u00e0 la hauteur ? Dans ce portrait vid\u00e9o, Ruben parle de sa passion pour son m\u00e9tier, de ce qui le rend sp\u00e9cial et des raisons pour lesquelles chaque jour est diff\u00e9rent.      <\/div>\n\n      \t      <div class=\"button-group\">\n\t<a href=\"https:\/\/www.mateco.ch\/fr\/news\/scene-libre-pour-ruben\/\" target=\"\" title=\"Lire plus\" class=\"btn text \" >\n\n  \n      <span class=\"btn-text\">Lire plus<span class=\"visually-hidden\">: Sc\u00e8ne libre pour Ruben<\/span><\/span>\n  \n  \n<\/a>\n<\/div>      \n    <\/div>\n\n  <\/div>\n\n<\/div><div class=\"row news-teaser-row teaser-row  flex-row-reverse\" data-filterable data-category=\"\">\n\n  <div class=\"col-md-6 offset-md-1\">\n    <a href=\"https:\/\/www.mateco.ch\/fr\/news\/team-talk-romandie-des-hommes-des-machines-des-interactions\/\" class=\"img-wrapper picture-animation position-relative\" aria-label=\"Aller \u00e0 Team Talk Romandie : des hommes, des machines, des interactions\">\n\t\t  <img width=\"1024\" height=\"875\" src=\"https:\/\/www.mateco.ch\/wp-content\/uploads\/2025\/04\/Maltech_NL_Stills-Filmen_MIT_Playbutton_1404x1200_03-1024x875.jpg\" class=\"w-full h-full object-cover\" alt=\"\" loading=\"lazy\" decoding=\"async\" srcset=\"https:\/\/www.mateco.ch\/wp-content\/uploads\/2025\/04\/Maltech_NL_Stills-Filmen_MIT_Playbutton_1404x1200_03-1024x875.jpg 1024w, https:\/\/www.mateco.ch\/wp-content\/uploads\/2025\/04\/Maltech_NL_Stills-Filmen_MIT_Playbutton_1404x1200_03-300x256.jpg 300w, https:\/\/www.mateco.ch\/wp-content\/uploads\/2025\/04\/Maltech_NL_Stills-Filmen_MIT_Playbutton_1404x1200_03-768x656.jpg 768w, https:\/\/www.mateco.ch\/wp-content\/uploads\/2025\/04\/Maltech_NL_Stills-Filmen_MIT_Playbutton_1404x1200_03.jpg 1404w\" sizes=\"auto, (max-width: 1024px) 100vw, 1024px\" \/>    <\/a>\n  <\/div>\n\n  <div class=\"col-md-5 pt-20 py-md-40 d-flex align-items-center\">\n\n    <div class=\"content\">\n      \n      <h2 class=\"h3\">Team Talk Romandie : des hommes, des machines, des interactions<\/h2>\n\n      <div class=\"rich-text\">\n        Beaucoup d&rsquo;exp\u00e9rience et un esprit d&rsquo;\u00e9quipe vraiment g\u00e9nial. Nos coll\u00e8gues parlent de leur collaboration dans notre environnement dynamique. Regardez la vid\u00e9o et d\u00e9couvrez l&rsquo;\u00e9quipe.       <\/div>\n\n      \t      <div class=\"button-group\">\n\t<a href=\"https:\/\/www.mateco.ch\/fr\/news\/team-talk-romandie-des-hommes-des-machines-des-interactions\/\" target=\"\" title=\"Lire plus\" class=\"btn text \" >\n\n  \n      <span class=\"btn-text\">Lire plus<span class=\"visually-hidden\">: Team Talk Romandie : des hommes, des machines, des interactions<\/span><\/span>\n  \n  \n<\/a>\n<\/div>      \n    <\/div>\n\n  <\/div>\n\n<\/div><div class=\"row news-teaser-row teaser-row \" data-filterable data-category=\"\">\n\n  <div class=\"col-md-6\">\n    <a href=\"https:\/\/www.mateco.ch\/fr\/news\/extension-de-la-flotte-delevateurs-a-nacelle-articules-et-telescopiques\/\" class=\"img-wrapper picture-animation position-relative\" aria-label=\"Aller \u00e0 Extension de la flotte d\u2019\u00e9l\u00e9vateurs \u00e0 nacelle articul\u00e9s et t\u00e9lescopiques\">\n\t\t  <img width=\"1024\" height=\"768\" src=\"https:\/\/www.mateco.ch\/wp-content\/uploads\/2025\/05\/Maltech_NL_Collage_ZA20J-ZA16JERT-Li_1600x1200-1024x768.jpg\" class=\"w-full h-full object-cover\" alt=\"\" loading=\"lazy\" decoding=\"async\" srcset=\"https:\/\/www.mateco.ch\/wp-content\/uploads\/2025\/05\/Maltech_NL_Collage_ZA20J-ZA16JERT-Li_1600x1200-1024x768.jpg 1024w, https:\/\/www.mateco.ch\/wp-content\/uploads\/2025\/05\/Maltech_NL_Collage_ZA20J-ZA16JERT-Li_1600x1200-300x225.jpg 300w, https:\/\/www.mateco.ch\/wp-content\/uploads\/2025\/05\/Maltech_NL_Collage_ZA20J-ZA16JERT-Li_1600x1200-768x576.jpg 768w, https:\/\/www.mateco.ch\/wp-content\/uploads\/2025\/05\/Maltech_NL_Collage_ZA20J-ZA16JERT-Li_1600x1200-1536x1152.jpg 1536w, https:\/\/www.mateco.ch\/wp-content\/uploads\/2025\/05\/Maltech_NL_Collage_ZA20J-ZA16JERT-Li_1600x1200.jpg 1600w\" sizes=\"auto, (max-width: 1024px) 100vw, 1024px\" \/>    <\/a>\n  <\/div>\n\n  <div class=\"col-md-5 offset-md-1 pt-20 py-md-40 d-flex align-items-center\">\n\n    <div class=\"content\">\n      \n      <h2 class=\"h3\">Extension de la flotte d\u2019\u00e9l\u00e9vateurs \u00e0 nacelle articul\u00e9s et t\u00e9lescopiques<\/h2>\n\n      <div class=\"rich-text\">\n        Nous avons consid\u00e9rablement \u00e9largi le choix d\u2018\u00e9l\u00e9vateurs \u00e0 nacelle articul\u00e9s et t\u00e9lescopiques dans notre flotte. Outre l\u2019ajout de nouvelles cat\u00e9gories de hauteur de travail, comme par exemple les \u00e9l\u00e9vateurs \u00e0 nacelle t\u00e9lescopiques articul\u00e9es de 18 m, nous avons \u00e9largi la flotte existante avec des machines de la derni\u00e8re g\u00e9n\u00e9ration. Nous avons renouvel\u00e9 des machines tr\u00e8s appr\u00e9ci\u00e9es comme le Manitou 160ATJ Plus et avons \u00e9galement \u00e9largi la flotte avec la version enti\u00e8rement \u00e9lectrique du mod\u00e8le.      <\/div>\n\n      \t      <div class=\"button-group\">\n\t<a href=\"https:\/\/www.mateco.ch\/fr\/news\/extension-de-la-flotte-delevateurs-a-nacelle-articules-et-telescopiques\/\" target=\"\" title=\"Lire plus\" class=\"btn text \" >\n\n  \n      <span class=\"btn-text\">Lire plus<span class=\"visually-hidden\">: Extension de la flotte d\u2019\u00e9l\u00e9vateurs \u00e0 nacelle articul\u00e9s et t\u00e9lescopiques<\/span><\/span>\n  \n  \n<\/a>\n<\/div>      \n    <\/div>\n\n  <\/div>\n\n<\/div><div class=\"row news-teaser-row teaser-row  flex-row-reverse\" data-filterable data-category=\"\">\n\n  <div class=\"col-md-6 offset-md-1\">\n    <a href=\"https:\/\/www.mateco.ch\/fr\/societe\/references\/construction-en-bois-epf-zurich\/\" class=\"img-wrapper picture-animation position-relative\" aria-label=\"Aller \u00e0 Du doigt\u00e9 en hauteur\">\n\t\t  <img width=\"1024\" height=\"847\" src=\"https:\/\/www.mateco.ch\/wp-content\/uploads\/2025\/04\/Maltech_NL_Holzbalken_1600x1200_02-e1744186426204-1024x847.jpg\" class=\"w-full h-full object-cover\" alt=\"\" loading=\"lazy\" decoding=\"async\" srcset=\"https:\/\/www.mateco.ch\/wp-content\/uploads\/2025\/04\/Maltech_NL_Holzbalken_1600x1200_02-e1744186426204-1024x847.jpg 1024w, https:\/\/www.mateco.ch\/wp-content\/uploads\/2025\/04\/Maltech_NL_Holzbalken_1600x1200_02-e1744186426204-300x248.jpg 300w, https:\/\/www.mateco.ch\/wp-content\/uploads\/2025\/04\/Maltech_NL_Holzbalken_1600x1200_02-e1744186426204-768x635.jpg 768w, https:\/\/www.mateco.ch\/wp-content\/uploads\/2025\/04\/Maltech_NL_Holzbalken_1600x1200_02-e1744186426204.jpg 1140w\" sizes=\"auto, (max-width: 1024px) 100vw, 1024px\" \/>    <\/a>\n  <\/div>\n\n  <div class=\"col-md-5 pt-20 py-md-40 d-flex align-items-center\">\n\n    <div class=\"content\">\n      \n      <h2 class=\"h3\">Du doigt\u00e9 en hauteur<\/h2>\n\n      <div class=\"rich-text\">\n        Une planification pr\u00e9cise, un espace restreint et des plateformes de travail adapt\u00e9es \u2013 l\u2019intervention \u00e0 l\u2019EPF de Zurich a pos\u00e9 des d\u00e9fis particuliers \u00e0 Beer Holzbau SA. Le directeur d\u2019exploitation Stefan Beer explique comment son \u00e9quipe les a surmont\u00e9s avec le soutien de mateco.      <\/div>\n\n      \t      <div class=\"button-group\">\n\t<a href=\"https:\/\/www.mateco.ch\/fr\/societe\/references\/construction-en-bois-epf-zurich\/\" target=\"\" title=\"Lire plus\" class=\"btn text \" >\n\n  \n      <span class=\"btn-text\">Lire plus<span class=\"visually-hidden\">: Du doigt\u00e9 en hauteur<\/span><\/span>\n  \n  \n<\/a>\n<\/div>      \n    <\/div>\n\n  <\/div>\n\n<\/div><div class=\"row news-teaser-row teaser-row \" data-filterable data-category=\"\">\n\n  <div class=\"col-md-6\">\n    <a href=\"https:\/\/www.mateco.ch\/fr\/societe\/references\/formation-baumann-koelliker\/\" class=\"img-wrapper picture-animation position-relative\" aria-label=\"Aller \u00e0 Form\u00e9 efficacement, en toute s\u00e9curit\u00e9 sur le terrain\">\n\t\t  <img width=\"1024\" height=\"768\" src=\"https:\/\/www.mateco.ch\/wp-content\/uploads\/2025\/04\/Maltech_NL_Gruppenbild_1600x1200-1024x768.jpg\" class=\"w-full h-full object-cover\" alt=\"\" loading=\"lazy\" decoding=\"async\" srcset=\"https:\/\/www.mateco.ch\/wp-content\/uploads\/2025\/04\/Maltech_NL_Gruppenbild_1600x1200-1024x768.jpg 1024w, https:\/\/www.mateco.ch\/wp-content\/uploads\/2025\/04\/Maltech_NL_Gruppenbild_1600x1200-300x225.jpg 300w, https:\/\/www.mateco.ch\/wp-content\/uploads\/2025\/04\/Maltech_NL_Gruppenbild_1600x1200-768x576.jpg 768w, https:\/\/www.mateco.ch\/wp-content\/uploads\/2025\/04\/Maltech_NL_Gruppenbild_1600x1200-1536x1152.jpg 1536w, https:\/\/www.mateco.ch\/wp-content\/uploads\/2025\/04\/Maltech_NL_Gruppenbild_1600x1200.jpg 1600w\" sizes=\"auto, (max-width: 1024px) 100vw, 1024px\" \/>    <\/a>\n  <\/div>\n\n  <div class=\"col-md-5 offset-md-1 pt-20 py-md-40 d-flex align-items-center\">\n\n    <div class=\"content\">\n      \n      <h2 class=\"h3\">Form\u00e9 efficacement, en toute s\u00e9curit\u00e9 sur le terrain<\/h2>\n\n      <div class=\"rich-text\">\n        900 collaborateurs et une grande compr\u00e9hension de la s\u00e9curit\u00e9 : Fabian Cribari, responsable de la formation continue, explique comment le groupe Baumann Koelliker organise efficacement sa formation continue dans l\u2019utilisation des plateformes \u00e9l\u00e9vatrices et pourquoi la collaboration avec mateco joue un r\u00f4le important dans ce domaine.      <\/div>\n\n      \t      <div class=\"button-group\">\n\t<a href=\"https:\/\/www.mateco.ch\/fr\/societe\/references\/formation-baumann-koelliker\/\" target=\"\" title=\"Lire plus\" class=\"btn text \" >\n\n  \n      <span class=\"btn-text\">Lire plus<span class=\"visually-hidden\">: Form\u00e9 efficacement, en toute s\u00e9curit\u00e9 sur le terrain<\/span><\/span>\n  \n  \n<\/a>\n<\/div>      \n    <\/div>\n\n  <\/div>\n\n<\/div><div class=\"row news-teaser-row teaser-row  flex-row-reverse\" data-filterable data-category=\"\">\n\n  <div class=\"col-md-6 offset-md-1\">\n    <a href=\"https:\/\/www.mateco.ch\/fr\/news\/nos-chariots-telescopiques-rotatifs-et-a-fourche\/\" class=\"img-wrapper picture-animation position-relative\" aria-label=\"Aller \u00e0 Louez nos chariots t\u00e9lescopiques, rotatifs et \u00e0 fourche maintenant\">\n\t\t  <img width=\"1024\" height=\"601\" src=\"https:\/\/www.mateco.ch\/wp-content\/uploads\/2024\/10\/Website_Image_Maltech-e1742462113722-1024x601.png\" class=\"w-full h-full object-cover\" alt=\"\" loading=\"lazy\" decoding=\"async\" srcset=\"https:\/\/www.mateco.ch\/wp-content\/uploads\/2024\/10\/Website_Image_Maltech-e1742462113722-1024x601.png 1024w, https:\/\/www.mateco.ch\/wp-content\/uploads\/2024\/10\/Website_Image_Maltech-e1742462113722-300x176.png 300w, https:\/\/www.mateco.ch\/wp-content\/uploads\/2024\/10\/Website_Image_Maltech-e1742462113722-768x451.png 768w, https:\/\/www.mateco.ch\/wp-content\/uploads\/2024\/10\/Website_Image_Maltech-e1742462113722-1536x901.png 1536w, https:\/\/www.mateco.ch\/wp-content\/uploads\/2024\/10\/Website_Image_Maltech-e1742462113722.png 1847w\" sizes=\"auto, (max-width: 1024px) 100vw, 1024px\" \/>    <\/a>\n  <\/div>\n\n  <div class=\"col-md-5 pt-20 py-md-40 d-flex align-items-center\">\n\n    <div class=\"content\">\n      \n      <h2 class=\"h3\">Louez nos chariots t\u00e9lescopiques, rotatifs et \u00e0 fourche maintenant<\/h2>\n\n      <div class=\"rich-text\">\n        Indiquez simplement le code de r\u00e9duction* \u00ab Stapler 25 \u00bb lors de votre commande et profitez du prix sp\u00e9cial unique. Disponibles d\u00e8s maintenant : les chariots t\u00e9lescopiques et rotatifs Manitou et les chariots \u00e9l\u00e9vateurs tout \u00e9lectriques Still.      <\/div>\n\n      \t      <div class=\"button-group\">\n\t<a href=\"https:\/\/www.mateco.ch\/fr\/news\/nos-chariots-telescopiques-rotatifs-et-a-fourche\/\" target=\"\" title=\"Lire plus\" class=\"btn text \" >\n\n  \n      <span class=\"btn-text\">Lire plus<span class=\"visually-hidden\">: Louez nos chariots t\u00e9lescopiques, rotatifs et \u00e0 fourche maintenant<\/span><\/span>\n  \n  \n<\/a>\n<\/div>      \n    <\/div>\n\n  <\/div>\n\n<\/div><div class=\"row news-teaser-row teaser-row \" data-filterable data-category=\"\">\n\n  <div class=\"col-md-6\">\n    <a href=\"https:\/\/www.mateco.ch\/fr\/news\/retrospective-de-lannee-avec-patrick-moser-ceo-de-maltech\/\" class=\"img-wrapper picture-animation position-relative\" aria-label=\"Aller \u00e0 R\u00e9trospective de l&#039;ann\u00e9e avec Patrick Moser, CEO de mateco\">\n\t\t  <img width=\"1024\" height=\"683\" src=\"https:\/\/www.mateco.ch\/wp-content\/uploads\/2024\/03\/patrick-moser_1-1024x683.jpg\" class=\"w-full h-full object-cover\" alt=\"\" loading=\"lazy\" decoding=\"async\" srcset=\"https:\/\/www.mateco.ch\/wp-content\/uploads\/2024\/03\/patrick-moser_1-1024x683.jpg 1024w, https:\/\/www.mateco.ch\/wp-content\/uploads\/2024\/03\/patrick-moser_1-2048x1365.jpg 2048w, https:\/\/www.mateco.ch\/wp-content\/uploads\/2024\/03\/patrick-moser_1-300x200.jpg 300w, https:\/\/www.mateco.ch\/wp-content\/uploads\/2024\/03\/patrick-moser_1-768x512.jpg 768w, https:\/\/www.mateco.ch\/wp-content\/uploads\/2024\/03\/patrick-moser_1-1536x1024.jpg 1536w\" sizes=\"auto, (max-width: 1024px) 100vw, 1024px\" \/>    <\/a>\n  <\/div>\n\n  <div class=\"col-md-5 offset-md-1 pt-20 py-md-40 d-flex align-items-center\">\n\n    <div class=\"content\">\n      \n      <h2 class=\"h3\">R\u00e9trospective de l&rsquo;ann\u00e9e avec Patrick Moser, CEO de mateco<\/h2>\n\n      <div class=\"rich-text\">\n        Patrick Moser jette un regard sur l&rsquo;ann\u00e9e \u00e9coul\u00e9e, qui a \u00e9t\u00e9 mouvement\u00e9e. Dans cet entretien, il nous d\u00e9voile ses objectifs pour l&rsquo;ann\u00e9e \u00e0 venir et nous dit ce dont il se r\u00e9jouit le plus pendant les f\u00eates de fin d&rsquo;ann\u00e9e.      <\/div>\n\n      \t      <div class=\"button-group\">\n\t<a href=\"https:\/\/www.mateco.ch\/fr\/news\/retrospective-de-lannee-avec-patrick-moser-ceo-de-maltech\/\" target=\"\" title=\"Lire plus\" class=\"btn text \" >\n\n  \n      <span class=\"btn-text\">Lire plus<span class=\"visually-hidden\">: R\u00e9trospective de l&#039;ann\u00e9e avec Patrick Moser, CEO de mateco<\/span><\/span>\n  \n  \n<\/a>\n<\/div>      \n    <\/div>\n\n  <\/div>\n\n<\/div><div class=\"row news-teaser-row teaser-row  flex-row-reverse\" data-filterable data-category=\"\">\n\n  <div class=\"col-md-6 offset-md-1\">\n    <a href=\"https:\/\/www.mateco.ch\/fr\/news\/scene-libre-pour-adi\/\" class=\"img-wrapper picture-animation position-relative\" aria-label=\"Aller \u00e0 Sc\u00e8ne libre pour Adi\">\n\t\t  <img width=\"800\" height=\"600\" src=\"https:\/\/www.mateco.ch\/wp-content\/uploads\/2024\/11\/Adrian_800x600_Maltech.jpg\" class=\"w-full h-full object-cover\" alt=\"\" loading=\"lazy\" decoding=\"async\" srcset=\"https:\/\/www.mateco.ch\/wp-content\/uploads\/2024\/11\/Adrian_800x600_Maltech.jpg 800w, https:\/\/www.mateco.ch\/wp-content\/uploads\/2024\/11\/Adrian_800x600_Maltech-300x225.jpg 300w, https:\/\/www.mateco.ch\/wp-content\/uploads\/2024\/11\/Adrian_800x600_Maltech-768x576.jpg 768w\" sizes=\"auto, (max-width: 800px) 100vw, 800px\" \/>    <\/a>\n  <\/div>\n\n  <div class=\"col-md-5 pt-20 py-md-40 d-flex align-items-center\">\n\n    <div class=\"content\">\n      \n      <h2 class=\"h3\">Sc\u00e8ne libre pour Adi<\/h2>\n\n      <div class=\"rich-text\">\n        Chez mateco, la s\u00e9curit\u00e9 est une priorit\u00e9 absolue \u2013 mais les formations peuvent aussi \u00eatre amusantes. D\u00e9couvrez ce que les participants \u00e0 nos formations vivent chez nous pendant notre formation ax\u00e9e sur la pratique.      <\/div>\n\n      \t      <div class=\"button-group\">\n\t<a href=\"https:\/\/www.mateco.ch\/fr\/news\/scene-libre-pour-adi\/\" target=\"\" title=\"Lire plus\" class=\"btn text \" >\n\n  \n      <span class=\"btn-text\">Lire plus<span class=\"visually-hidden\">: Sc\u00e8ne libre pour Adi<\/span><\/span>\n  \n  \n<\/a>\n<\/div>      \n    <\/div>\n\n  <\/div>\n\n<\/div><div class=\"row news-teaser-row teaser-row \" data-filterable data-category=\"\">\n\n  <div class=\"col-md-6\">\n    <a href=\"https:\/\/www.mateco.ch\/fr\/news\/team-talk-avec-isabelle\/\" class=\"img-wrapper picture-animation position-relative\" aria-label=\"Aller \u00e0 Team Talk avec Isabelle\">\n\t\t  <img width=\"800\" height=\"600\" src=\"https:\/\/www.mateco.ch\/wp-content\/uploads\/2024\/11\/Isabelle_800x600_Maltech.jpg\" class=\"w-full h-full object-cover\" alt=\"\" loading=\"lazy\" decoding=\"async\" srcset=\"https:\/\/www.mateco.ch\/wp-content\/uploads\/2024\/11\/Isabelle_800x600_Maltech.jpg 800w, https:\/\/www.mateco.ch\/wp-content\/uploads\/2024\/11\/Isabelle_800x600_Maltech-300x225.jpg 300w, https:\/\/www.mateco.ch\/wp-content\/uploads\/2024\/11\/Isabelle_800x600_Maltech-768x576.jpg 768w\" sizes=\"auto, (max-width: 800px) 100vw, 800px\" \/>    <\/a>\n  <\/div>\n\n  <div class=\"col-md-5 offset-md-1 pt-20 py-md-40 d-flex align-items-center\">\n\n    <div class=\"content\">\n      \n      <h2 class=\"h3\">Team Talk avec Isabelle<\/h2>\n\n      <div class=\"rich-text\">\n        Notre responsable RH nous donne un aper\u00e7u des valeurs et de la culture qui nous caract\u00e9risent. D\u00e9couvrez comment nous motivons et soutenons notre \u00e9quipe &#8211; et ce qui rend notre climat de travail si unique.      <\/div>\n\n      \t      <div class=\"button-group\">\n\t<a href=\"https:\/\/www.mateco.ch\/fr\/news\/team-talk-avec-isabelle\/\" target=\"\" title=\"Lire plus\" class=\"btn text \" >\n\n  \n      <span class=\"btn-text\">Lire plus<span class=\"visually-hidden\">: Team Talk avec Isabelle<\/span><\/span>\n  \n  \n<\/a>\n<\/div>      \n    <\/div>\n\n  <\/div>\n\n<\/div><div class=\"row news-teaser-row teaser-row  flex-row-reverse\" data-filterable data-category=\"\">\n\n  <div class=\"col-md-6 offset-md-1\">\n    <a href=\"https:\/\/www.mateco.ch\/fr\/news\/flotte-elevateurs-a-nacelle-electriques\/\" class=\"img-wrapper picture-animation position-relative\" aria-label=\"Aller \u00e0 \u00c9l\u00e9vateurs \u00e0 nacelle 100\u00a0% \u00e9lectriques pour une utilisation sans \u00e9missions\">\n\t\t  <img width=\"968\" height=\"804\" src=\"https:\/\/www.mateco.ch\/wp-content\/uploads\/2024\/06\/maltech-news-vollelektrische-emissionsfreie-hebebuehnen.jpg\" class=\"w-full h-full object-cover\" alt=\"\" loading=\"lazy\" decoding=\"async\" srcset=\"https:\/\/www.mateco.ch\/wp-content\/uploads\/2024\/06\/maltech-news-vollelektrische-emissionsfreie-hebebuehnen.jpg 968w, https:\/\/www.mateco.ch\/wp-content\/uploads\/2024\/06\/maltech-news-vollelektrische-emissionsfreie-hebebuehnen-300x249.jpg 300w, https:\/\/www.mateco.ch\/wp-content\/uploads\/2024\/06\/maltech-news-vollelektrische-emissionsfreie-hebebuehnen-768x638.jpg 768w\" sizes=\"auto, (max-width: 968px) 100vw, 968px\" \/>    <\/a>\n  <\/div>\n\n  <div class=\"col-md-5 pt-20 py-md-40 d-flex align-items-center\">\n\n    <div class=\"content\">\n      \n      <h2 class=\"h3\">\u00c9l\u00e9vateurs \u00e0 nacelle 100\u00a0% \u00e9lectriques pour une utilisation sans \u00e9missions<\/h2>\n\n      <div class=\"rich-text\">\n        Au cours des derni\u00e8res semaines, nous avons consid\u00e9rablement \u00e9largi notre offre de nacelles \u00e9l\u00e9vatrices enti\u00e8rement \u00e9lectriques. C&rsquo;est avec enthousiasme que nous avons \u00e9largi notre flotte de location avec des machines de derni\u00e8re g\u00e9n\u00e9ration. Les nombreux retours positifs de nos clients issus des domaines d&rsquo;application les plus divers, comme par exemple le secteur du nettoyage, la technique du b\u00e2timent et \u00e9galement le domaine de la construction de fa\u00e7ades, nous procurent une grande satisfaction.       <\/div>\n\n      \t      <div class=\"button-group\">\n\t<a href=\"https:\/\/www.mateco.ch\/fr\/news\/flotte-elevateurs-a-nacelle-electriques\/\" target=\"\" title=\"Lire plus\" class=\"btn text \" >\n\n  \n      <span class=\"btn-text\">Lire plus<span class=\"visually-hidden\">: \u00c9l\u00e9vateurs \u00e0 nacelle 100\u00a0% \u00e9lectriques pour une utilisation sans \u00e9missions<\/span><\/span>\n  \n  \n<\/a>\n<\/div>      \n    <\/div>\n\n  <\/div>\n\n<\/div><div class=\"row news-teaser-row teaser-row \" data-filterable data-category=\"\">\n\n  <div class=\"col-md-6\">\n    <a href=\"https:\/\/www.mateco.ch\/fr\/news\/team-talk-avec-tobias-leibundgut\/\" class=\"img-wrapper picture-animation position-relative\" aria-label=\"Aller \u00e0 Team Talk avec Tobias Leibundgut\">\n\t\t  <img width=\"800\" height=\"506\" src=\"https:\/\/www.mateco.ch\/wp-content\/uploads\/2024\/08\/maltech-news-vorschau-interview-thobias-leibundgut.jpg\" class=\"w-full h-full object-cover\" alt=\"\" loading=\"lazy\" decoding=\"async\" srcset=\"https:\/\/www.mateco.ch\/wp-content\/uploads\/2024\/08\/maltech-news-vorschau-interview-thobias-leibundgut.jpg 800w, https:\/\/www.mateco.ch\/wp-content\/uploads\/2024\/08\/maltech-news-vorschau-interview-thobias-leibundgut-300x190.jpg 300w, https:\/\/www.mateco.ch\/wp-content\/uploads\/2024\/08\/maltech-news-vorschau-interview-thobias-leibundgut-768x486.jpg 768w\" sizes=\"auto, (max-width: 800px) 100vw, 800px\" \/>    <\/a>\n  <\/div>\n\n  <div class=\"col-md-5 offset-md-1 pt-20 py-md-40 d-flex align-items-center\">\n\n    <div class=\"content\">\n      \n      <h2 class=\"h3\">Team Talk avec Tobias Leibundgut<\/h2>\n\n      <div class=\"rich-text\">\n        Notre responsable de site \u00e0 Berne nous r\u00e9v\u00e8le pourquoi il compare son travail \u00e0 l&rsquo;huile dans les rouages et comment l&rsquo;esprit d&rsquo;\u00e9quipe et le dynamisme sont \u00e0 l&rsquo;origine du succ\u00e8s.      <\/div>\n\n      \t      <div class=\"button-group\">\n\t<a href=\"https:\/\/www.mateco.ch\/fr\/news\/team-talk-avec-tobias-leibundgut\/\" target=\"\" title=\"Lire plus\" class=\"btn text \" >\n\n  \n      <span class=\"btn-text\">Lire plus<span class=\"visually-hidden\">: Team Talk avec Tobias Leibundgut<\/span><\/span>\n  \n  \n<\/a>\n<\/div>      \n    <\/div>\n\n  <\/div>\n\n<\/div><div class=\"row news-teaser-row teaser-row  flex-row-reverse\" data-filterable data-category=\"\">\n\n  <div class=\"col-md-6 offset-md-1\">\n    <a href=\"https:\/\/www.mateco.ch\/fr\/news\/technique-du-batiment-maison-de-ville-zurich\/\" class=\"img-wrapper picture-animation position-relative\" aria-label=\"Aller \u00e0 Technique du b\u00e2timent, Maison de ville Zurich\">\n\t\t  <img width=\"1024\" height=\"725\" src=\"https:\/\/www.mateco.ch\/wp-content\/uploads\/2024\/06\/1_KockumSonics-Sirenenmontage-mit-Hebebuehne_print-1-1-1024x725.jpg\" class=\"w-full h-full object-cover\" alt=\"\" loading=\"lazy\" decoding=\"async\" srcset=\"https:\/\/www.mateco.ch\/wp-content\/uploads\/2024\/06\/1_KockumSonics-Sirenenmontage-mit-Hebebuehne_print-1-1-1024x725.jpg 1024w, https:\/\/www.mateco.ch\/wp-content\/uploads\/2024\/06\/1_KockumSonics-Sirenenmontage-mit-Hebebuehne_print-1-1-300x212.jpg 300w, https:\/\/www.mateco.ch\/wp-content\/uploads\/2024\/06\/1_KockumSonics-Sirenenmontage-mit-Hebebuehne_print-1-1-768x544.jpg 768w, https:\/\/www.mateco.ch\/wp-content\/uploads\/2024\/06\/1_KockumSonics-Sirenenmontage-mit-Hebebuehne_print-1-1-1536x1088.jpg 1536w, https:\/\/www.mateco.ch\/wp-content\/uploads\/2024\/06\/1_KockumSonics-Sirenenmontage-mit-Hebebuehne_print-1-1-2048x1450.jpg 2048w\" sizes=\"auto, (max-width: 1024px) 100vw, 1024px\" \/>    <\/a>\n  <\/div>\n\n  <div class=\"col-md-5 pt-20 py-md-40 d-flex align-items-center\">\n\n    <div class=\"content\">\n      \n      <h2 class=\"h3\">Technique du b\u00e2timent, Maison de ville Zurich<\/h2>\n\n      <div class=\"rich-text\">\n        Kockum Sonics AG a plus de 60\u00a0ans d\u2019exp\u00e9rience. Son directeur, Pascal Loretz, actif dans l\u2019entreprise depuis pr\u00e8s de 14\u00a0ans, nous d\u00e9voile les coulisses passionnantes de sa collaboration avec mateco et explique le r\u00f4le essentiel des \u00e9l\u00e9vateurs \u00e0 nacelle pour la s\u00e9curit\u00e9 et l\u2019efficicacit\u00e9 des installations de syst\u00e8mes d\u2019alarme et d\u2019avertissement.      <\/div>\n\n      \t      <div class=\"button-group\">\n\t<a href=\"https:\/\/www.mateco.ch\/fr\/news\/technique-du-batiment-maison-de-ville-zurich\/\" target=\"\" title=\"Lire plus\" class=\"btn text \" >\n\n  \n      <span class=\"btn-text\">Lire plus<span class=\"visually-hidden\">: Technique du b\u00e2timent, Maison de ville Zurich<\/span><\/span>\n  \n  \n<\/a>\n<\/div>      \n    <\/div>\n\n  <\/div>\n\n<\/div><div class=\"row news-teaser-row teaser-row \" data-filterable data-category=\"\">\n\n  <div class=\"col-md-6\">\n    <a href=\"https:\/\/www.mateco.ch\/fr\/news\/nous-sommes-fiers-detre-maltech\/\" class=\"img-wrapper picture-animation position-relative\" aria-label=\"Aller \u00e0 Nous sommes fiers d\u2019\u00eatre mateco\">\n\t\t  <img width=\"1000\" height=\"750\" src=\"https:\/\/www.mateco.ch\/wp-content\/uploads\/2024\/03\/Gruendung-mateco-1973-news.jpg\" class=\"w-full h-full object-cover\" alt=\"\" loading=\"lazy\" decoding=\"async\" srcset=\"https:\/\/www.mateco.ch\/wp-content\/uploads\/2024\/03\/Gruendung-mateco-1973-news.jpg 1000w, https:\/\/www.mateco.ch\/wp-content\/uploads\/2024\/03\/Gruendung-mateco-1973-news-300x225.jpg 300w, https:\/\/www.mateco.ch\/wp-content\/uploads\/2024\/03\/Gruendung-mateco-1973-news-768x576.jpg 768w\" sizes=\"auto, (max-width: 1000px) 100vw, 1000px\" \/>    <\/a>\n  <\/div>\n\n  <div class=\"col-md-5 offset-md-1 pt-20 py-md-40 d-flex align-items-center\">\n\n    <div class=\"content\">\n      \n      <h2 class=\"h3\">Nous sommes fiers d\u2019\u00eatre mateco<\/h2>\n\n      <div class=\"rich-text\">\n        Fin novembre 2023, nous avons annonc\u00e9 notre union historique avec la soci\u00e9t\u00e9 mateco. C\u2019est avec beaucoup d\u2019enthousiasme que nous avons int\u00e9gr\u00e9 ces derniers mois mateco Suisse et Skyworker Trade au sein de mateco.      <\/div>\n\n      \t      <div class=\"button-group\">\n\t<a href=\"https:\/\/www.mateco.ch\/fr\/news\/nous-sommes-fiers-detre-maltech\/\" target=\"\" title=\"Lire plus\" class=\"btn text \" >\n\n  \n      <span class=\"btn-text\">Lire plus<span class=\"visually-hidden\">: Nous sommes fiers d\u2019\u00eatre mateco<\/span><\/span>\n  \n  \n<\/a>\n<\/div>      \n    <\/div>\n\n  <\/div>\n\n<\/div><div class=\"row news-teaser-row teaser-row  flex-row-reverse\" data-filterable data-category=\"\">\n\n  <div class=\"col-md-6 offset-md-1\">\n    <a href=\"https:\/\/www.mateco.ch\/fr\/news\/en-route-avec-raini\/\" class=\"img-wrapper picture-animation position-relative\" aria-label=\"Aller \u00e0 En route avec Raini\">\n\t\t  <img width=\"1024\" height=\"648\" src=\"https:\/\/www.mateco.ch\/wp-content\/uploads\/2024\/03\/Maltech_Newsletter_Bild_Reini_800x506-1024x648.jpg\" class=\"w-full h-full object-cover\" alt=\"\" loading=\"lazy\" decoding=\"async\" srcset=\"https:\/\/www.mateco.ch\/wp-content\/uploads\/2024\/03\/Maltech_Newsletter_Bild_Reini_800x506-1024x648.jpg 1024w, https:\/\/www.mateco.ch\/wp-content\/uploads\/2024\/03\/Maltech_Newsletter_Bild_Reini_800x506-300x190.jpg 300w, https:\/\/www.mateco.ch\/wp-content\/uploads\/2024\/03\/Maltech_Newsletter_Bild_Reini_800x506-768x486.jpg 768w, https:\/\/www.mateco.ch\/wp-content\/uploads\/2024\/03\/Maltech_Newsletter_Bild_Reini_800x506-1536x971.jpg 1536w, https:\/\/www.mateco.ch\/wp-content\/uploads\/2024\/03\/Maltech_Newsletter_Bild_Reini_800x506-2048x1295.jpg 2048w\" sizes=\"auto, (max-width: 1024px) 100vw, 1024px\" \/>    <\/a>\n  <\/div>\n\n  <div class=\"col-md-5 pt-20 py-md-40 d-flex align-items-center\">\n\n    <div class=\"content\">\n      \n      <h2 class=\"h3\">En route avec Raini<\/h2>\n\n      <div class=\"rich-text\">\n        Ce camionneur est consacr\u00e9 corps et \u00e2me \u00e0 sa passion : Notre chauffeur poids lourds Rainer Baumann parcourt les routes chaque jour avec une grande motivation. Il n\u2019y a pas de mots pour dire \u00e0 quel point cet homme de 63 ans aime son m\u00e9tier. Nous l\u2019avons accompagn\u00e9 toute une journ\u00e9e avec une cam\u00e9ra.\n      <\/div>\n\n      \t      <div class=\"button-group\">\n\t<a href=\"https:\/\/www.mateco.ch\/fr\/news\/en-route-avec-raini\/\" target=\"\" title=\"Lire plus\" class=\"btn text \" >\n\n  \n      <span class=\"btn-text\">Lire plus<span class=\"visually-hidden\">: En route avec Raini<\/span><\/span>\n  \n  \n<\/a>\n<\/div>      \n    <\/div>\n\n  <\/div>\n\n<\/div><div class=\"row news-teaser-row teaser-row \" data-filterable data-category=\"\">\n\n  <div class=\"col-md-6\">\n    <a href=\"https:\/\/www.mateco.ch\/fr\/news\/certificats-de-formation-numeriques\/\" class=\"img-wrapper picture-animation position-relative\" aria-label=\"Aller \u00e0 Certificats de formation num\u00e9riques\">\n\t\t  <img width=\"1024\" height=\"683\" src=\"https:\/\/www.mateco.ch\/wp-content\/uploads\/2024\/03\/maltech-schulungen-1024x683.jpg\" class=\"w-full h-full object-cover\" alt=\"\" loading=\"lazy\" decoding=\"async\" srcset=\"https:\/\/www.mateco.ch\/wp-content\/uploads\/2024\/03\/maltech-schulungen-1024x683.jpg 1024w, https:\/\/www.mateco.ch\/wp-content\/uploads\/2024\/03\/maltech-schulungen-300x200.jpg 300w, https:\/\/www.mateco.ch\/wp-content\/uploads\/2024\/03\/maltech-schulungen-768x512.jpg 768w, https:\/\/www.mateco.ch\/wp-content\/uploads\/2024\/03\/maltech-schulungen-1536x1024.jpg 1536w, https:\/\/www.mateco.ch\/wp-content\/uploads\/2024\/03\/maltech-schulungen-2048x1366.jpg 2048w\" sizes=\"auto, (max-width: 1024px) 100vw, 1024px\" \/>    <\/a>\n  <\/div>\n\n  <div class=\"col-md-5 offset-md-1 pt-20 py-md-40 d-flex align-items-center\">\n\n    <div class=\"content\">\n      \n      <h2 class=\"h3\">Certificats de formation num\u00e9riques<\/h2>\n\n      <div class=\"rich-text\">\n        Depuis janvier 2024, les certificats\/cartes de cours au format num\u00e9rique sont la nouvelle norme. Ce pas vers la digitalisation promet une transmission rapide de ces documents importants et des avantages pour l\u2019environnement. En outre, nous en attendons de nombreux avantages tant pour nos clients que pour les participants.      <\/div>\n\n      \t      <div class=\"button-group\">\n\t<a href=\"https:\/\/www.mateco.ch\/fr\/news\/certificats-de-formation-numeriques\/\" target=\"\" title=\"Lire plus\" class=\"btn text \" >\n\n  \n      <span class=\"btn-text\">Lire plus<span class=\"visually-hidden\">: Certificats de formation num\u00e9riques<\/span><\/span>\n  \n  \n<\/a>\n<\/div>      \n    <\/div>\n\n  <\/div>\n\n<\/div><div class=\"row news-teaser-row teaser-row  flex-row-reverse\" data-filterable data-category=\"\">\n\n  <div class=\"col-md-6 offset-md-1\">\n    <a href=\"https:\/\/www.mateco.ch\/fr\/news\/nouveautes-sur-nos-sites\/\" class=\"img-wrapper picture-animation position-relative\" aria-label=\"Aller \u00e0 Nouveaut\u00e9s sur nos sites\">\n\t\t  <img width=\"1024\" height=\"512\" src=\"https:\/\/www.mateco.ch\/wp-content\/uploads\/2024\/03\/newsbeitrag-neue-standorte-kirchdorf-sursee_v3.jpg-1024x512.jpg\" class=\"w-full h-full object-cover\" alt=\"\" loading=\"lazy\" decoding=\"async\" srcset=\"https:\/\/www.mateco.ch\/wp-content\/uploads\/2024\/03\/newsbeitrag-neue-standorte-kirchdorf-sursee_v3.jpg-1024x512.jpg 1024w, https:\/\/www.mateco.ch\/wp-content\/uploads\/2024\/03\/newsbeitrag-neue-standorte-kirchdorf-sursee_v3.jpg-300x150.jpg 300w, https:\/\/www.mateco.ch\/wp-content\/uploads\/2024\/03\/newsbeitrag-neue-standorte-kirchdorf-sursee_v3.jpg-768x384.jpg 768w, https:\/\/www.mateco.ch\/wp-content\/uploads\/2024\/03\/newsbeitrag-neue-standorte-kirchdorf-sursee_v3.jpg-1536x768.jpg 1536w, https:\/\/www.mateco.ch\/wp-content\/uploads\/2024\/03\/newsbeitrag-neue-standorte-kirchdorf-sursee_v3.jpg.jpg 1920w\" sizes=\"auto, (max-width: 1024px) 100vw, 1024px\" \/>    <\/a>\n  <\/div>\n\n  <div class=\"col-md-5 pt-20 py-md-40 d-flex align-items-center\">\n\n    <div class=\"content\">\n      \n      <h2 class=\"h3\">Nouveaut\u00e9s sur nos sites<\/h2>\n\n      <div class=\"rich-text\">\n        Il y a du nouveau concernant nos sites. Le point d\u2019enl\u00e8vement de nos \u00e9l\u00e9vateurs \u00e0 nacelle sur camionnette 3.5 sera transf\u00e9r\u00e9 \u00e0 Kirchdorf. Notre r\u00e9seau dans la R\u00e9gion Suisse centrale sera \u00e9toff\u00e9 avec un nouvel agent \u00e0 Sursee.      <\/div>\n\n      \t      <div class=\"button-group\">\n\t<a href=\"https:\/\/www.mateco.ch\/fr\/news\/nouveautes-sur-nos-sites\/\" target=\"\" title=\"Lire plus\" class=\"btn text \" >\n\n  \n      <span class=\"btn-text\">Lire plus<span class=\"visually-hidden\">: Nouveaut\u00e9s sur nos sites<\/span><\/span>\n  \n  \n<\/a>\n<\/div>      \n    <\/div>\n\n  <\/div>\n\n<\/div><div class=\"row news-teaser-row teaser-row \" data-filterable data-category=\"\">\n\n  <div class=\"col-md-6\">\n    <a href=\"https:\/\/www.mateco.ch\/fr\/news\/maltech-et-mateco-sunissent\/\" class=\"img-wrapper picture-animation position-relative\" aria-label=\"Aller \u00e0 Maltech et mateco s&#039;unissent\">\n\t\t  <img width=\"1024\" height=\"647\" src=\"https:\/\/www.mateco.ch\/wp-content\/uploads\/2024\/03\/newsletter-header-highres-2-1024x647.jpg\" class=\"w-full h-full object-cover\" alt=\"\" loading=\"lazy\" decoding=\"async\" srcset=\"https:\/\/www.mateco.ch\/wp-content\/uploads\/2024\/03\/newsletter-header-highres-2-1024x647.jpg 1024w, https:\/\/www.mateco.ch\/wp-content\/uploads\/2024\/03\/newsletter-header-highres-2-300x190.jpg 300w, https:\/\/www.mateco.ch\/wp-content\/uploads\/2024\/03\/newsletter-header-highres-2-768x485.jpg 768w, https:\/\/www.mateco.ch\/wp-content\/uploads\/2024\/03\/newsletter-header-highres-2-1536x971.jpg 1536w, https:\/\/www.mateco.ch\/wp-content\/uploads\/2024\/03\/newsletter-header-highres-2.jpg 1543w\" sizes=\"auto, (max-width: 1024px) 100vw, 1024px\" \/>    <\/a>\n  <\/div>\n\n  <div class=\"col-md-5 offset-md-1 pt-20 py-md-40 d-flex align-items-center\">\n\n    <div class=\"content\">\n      \n      <h2 class=\"h3\">Maltech et mateco s&rsquo;unissent<\/h2>\n\n      <div class=\"rich-text\">\n        Nous sommes heureux d\u2019annoncer notre union historique avec la soci\u00e9t\u00e9 mateco. Ensemble, nous ouvrons de nouvelles perspectives d\u2019avenir en misant sur la proximit\u00e9 avec le client, la qualit\u00e9, l\u2019innovation et les forces conjugu\u00e9es de deux entreprises dirig\u00e9es par leur propri\u00e9taire. \n      <\/div>\n\n      \t      <div class=\"button-group\">\n\t<a href=\"https:\/\/www.mateco.ch\/fr\/news\/maltech-et-mateco-sunissent\/\" target=\"\" title=\"Lire plus\" class=\"btn text \" >\n\n  \n      <span class=\"btn-text\">Lire plus<span class=\"visually-hidden\">: Maltech et mateco s&#039;unissent<\/span><\/span>\n  \n  \n<\/a>\n<\/div>      \n    <\/div>\n\n  <\/div>\n\n<\/div><div class=\"row news-teaser-row teaser-row  flex-row-reverse\" data-filterable data-category=\"\">\n\n  <div class=\"col-md-6 offset-md-1\">\n    <a href=\"https:\/\/www.mateco.ch\/fr\/news\/faisons-la-fete-ensemble\/\" class=\"img-wrapper picture-animation position-relative\" aria-label=\"Aller \u00e0 Faisons la f\u00eate ensemble\">\n\t\t  <img width=\"1000\" height=\"633\" src=\"https:\/\/www.mateco.ch\/wp-content\/uploads\/2024\/03\/maltech-weihnachten-news-beitrag.jpg\" class=\"w-full h-full object-cover\" alt=\"\" loading=\"lazy\" decoding=\"async\" srcset=\"https:\/\/www.mateco.ch\/wp-content\/uploads\/2024\/03\/maltech-weihnachten-news-beitrag.jpg 1000w, https:\/\/www.mateco.ch\/wp-content\/uploads\/2024\/03\/maltech-weihnachten-news-beitrag-300x190.jpg 300w, https:\/\/www.mateco.ch\/wp-content\/uploads\/2024\/03\/maltech-weihnachten-news-beitrag-768x486.jpg 768w\" sizes=\"auto, (max-width: 1000px) 100vw, 1000px\" \/>    <\/a>\n  <\/div>\n\n  <div class=\"col-md-5 pt-20 py-md-40 d-flex align-items-center\">\n\n    <div class=\"content\">\n      \n      <h2 class=\"h3\">Faisons la f\u00eate ensemble<\/h2>\n\n      <div class=\"rich-text\">\n        Le 15 d\u00e9cembre 2023, nos \u00e9l\u00e9vateurs \u00e0 nacelle redescendront un peu plus t\u00f4t que d\u2019habitude. C\u2019est en effet la date que nous avons choisie pour organiser notre \u00e9v\u00e9nement de No\u00ebl, raison pour laquelle nous serons joignables exceptionnellement que jusqu\u2019\u00e0 midi. L\u2019apr\u00e8s-midi, les collaborateurs de toutes les r\u00e9gions se r\u00e9uniront \u00e0 Berne pour inaugurer notre nouveau site lors de notre f\u00eate de No\u00ebl. Le cadre est parfait pour exprimer \u00e0 toute l\u2019\u00e9quipe notre consid\u00e9ration et notre gratitude pour cette ann\u00e9e bien remplie et prosp\u00e8re. Nous nous r\u00e9jouissons de ce bel \u00e9v\u00e9nement.\n      <\/div>\n\n      \n    <\/div>\n\n  <\/div>\n\n<\/div><div class=\"row news-teaser-row teaser-row \" data-filterable data-category=\"\">\n\n  <div class=\"col-md-6\">\n    <a href=\"https:\/\/www.mateco.ch\/fr\/news\/berne-gagne-en-efficacite-et-se-rapproche-de-ses-clients\/\" class=\"img-wrapper picture-animation position-relative\" aria-label=\"Aller \u00e0 Berne gagne en efficacit\u00e9 et se rapproche de ses clients\">\n\t\t  <img width=\"800\" height=\"506\" src=\"https:\/\/www.mateco.ch\/wp-content\/uploads\/2024\/03\/maltech-news-standort-bern.jpg\" class=\"w-full h-full object-cover\" alt=\"\" loading=\"lazy\" decoding=\"async\" srcset=\"https:\/\/www.mateco.ch\/wp-content\/uploads\/2024\/03\/maltech-news-standort-bern.jpg 800w, https:\/\/www.mateco.ch\/wp-content\/uploads\/2024\/03\/maltech-news-standort-bern-300x190.jpg 300w, https:\/\/www.mateco.ch\/wp-content\/uploads\/2024\/03\/maltech-news-standort-bern-768x486.jpg 768w\" sizes=\"auto, (max-width: 800px) 100vw, 800px\" \/>    <\/a>\n  <\/div>\n\n  <div class=\"col-md-5 offset-md-1 pt-20 py-md-40 d-flex align-items-center\">\n\n    <div class=\"content\">\n      \n      <h2 class=\"h3\">Berne gagne en efficacit\u00e9 et se rapproche de ses clients<\/h2>\n\n      <div class=\"rich-text\">\n        Avec l\u2019ouverture prochaine de son nouveau site de Berne, mateco pose de nouveaux jalons en mati\u00e8re de service client\u00e8le, de technologie et de d\u00e9veloppement durable. Admir Abazi, Responsable R\u00e9gion Centre, nous d\u00e9voile l\u2019orientation strat\u00e9gique et les synergies qui se d\u00e9ploieront sur le site moderne d\u00e8s janvier 2024. Dans cet entretien, il parle des d\u00e9fis rencontr\u00e9s dans ce projet de construction, de l\u2019importance de la relation client\u00e8le et de ce qui attend l\u2019\u00e9quipe et les clients.      <\/div>\n\n      \t      <div class=\"button-group\">\n\t<a href=\"https:\/\/www.mateco.ch\/fr\/news\/berne-gagne-en-efficacite-et-se-rapproche-de-ses-clients\/\" target=\"\" title=\"Lire plus\" class=\"btn text \" >\n\n  \n      <span class=\"btn-text\">Lire plus<span class=\"visually-hidden\">: Berne gagne en efficacit\u00e9 et se rapproche de ses clients<\/span><\/span>\n  \n  \n<\/a>\n<\/div>      \n    <\/div>\n\n  <\/div>\n\n<\/div><div class=\"row news-teaser-row teaser-row  flex-row-reverse\" data-filterable data-category=\"\">\n\n  <div class=\"col-md-6 offset-md-1\">\n    <a href=\"https:\/\/www.mateco.ch\/fr\/news\/participation-de-maltech-a-la-plus-grande-fresque-murale-de-suisse\/\" class=\"img-wrapper picture-animation position-relative\" aria-label=\"Aller \u00e0 Participation de mateco \u00e0 la plus grande fresque murale de Suisse\">\n\t\t  <img width=\"1024\" height=\"574\" src=\"https:\/\/www.mateco.ch\/wp-content\/uploads\/2024\/03\/maltech-newsletter-2-wandbild-schweiz-play-1024x574.jpg\" class=\"w-full h-full object-cover\" alt=\"\" loading=\"lazy\" decoding=\"async\" srcset=\"https:\/\/www.mateco.ch\/wp-content\/uploads\/2024\/03\/maltech-newsletter-2-wandbild-schweiz-play-1024x574.jpg 1024w, https:\/\/www.mateco.ch\/wp-content\/uploads\/2024\/03\/maltech-newsletter-2-wandbild-schweiz-play-300x168.jpg 300w, https:\/\/www.mateco.ch\/wp-content\/uploads\/2024\/03\/maltech-newsletter-2-wandbild-schweiz-play-768x431.jpg 768w, https:\/\/www.mateco.ch\/wp-content\/uploads\/2024\/03\/maltech-newsletter-2-wandbild-schweiz-play.jpg 1537w\" sizes=\"auto, (max-width: 1024px) 100vw, 1024px\" \/>    <\/a>\n  <\/div>\n\n  <div class=\"col-md-5 pt-20 py-md-40 d-flex align-items-center\">\n\n    <div class=\"content\">\n      \n      <h2 class=\"h3\">Participation de mateco \u00e0 la plus grande fresque murale de Suisse<\/h2>\n\n      <div class=\"rich-text\">\n        La tour de b\u00e9ton de 45 m de Niederh\u00e4user Futter AG \u00e0 Rothenburg est d\u00e9sormais la plus grande fresque murale de Suisse. Le projet avait pour ambition de mettre \u00e0 l\u2019honneur l\u2019\u0153uvre de l\u2019artiste \u00ab Timmermahn \u00bb n\u00e9 en 1942. L&rsquo;octog\u00e9naire compte parmi les personnalit\u00e9s les plus embl\u00e9matiques de la sc\u00e8ne artistique et culturelle suisse. Le projet est r\u00e9alis\u00e9e sur initiative du label Kathamusic que nous avons soutenu activement et avec enthousiasme tant lors de la planification que de l&rsquo;ex\u00e9cution. Et la cerise sur le g\u00e2teau : l\u2019\u0153uvre termin\u00e9e et les acteurs du projet sont r\u00e9unis dans notre derni\u00e8re vid\u00e9o \u00e0 ne pas manquer !\n      <\/div>\n\n      \t      <div class=\"button-group\">\n\t<a href=\"https:\/\/www.mateco.ch\/fr\/news\/participation-de-maltech-a-la-plus-grande-fresque-murale-de-suisse\/\" target=\"\" title=\"Lire plus\" class=\"btn text \" >\n\n  \n      <span class=\"btn-text\">Lire plus<span class=\"visually-hidden\">: Participation de mateco \u00e0 la plus grande fresque murale de Suisse<\/span><\/span>\n  \n  \n<\/a>\n<\/div>      \n    <\/div>\n\n  <\/div>\n\n<\/div><div class=\"row news-teaser-row teaser-row \" data-filterable data-category=\"\">\n\n  <div class=\"col-md-6\">\n    <a href=\"https:\/\/www.mateco.ch\/fr\/news\/maltech-team-talk-avec-bruno-schneider\/\" class=\"img-wrapper picture-animation position-relative\" aria-label=\"Aller \u00e0 mateco Team Talk\">\n\t\t  <img width=\"1024\" height=\"574\" src=\"https:\/\/www.mateco.ch\/wp-content\/uploads\/2024\/03\/maltech_interview_bruno_1_play-1024x574.jpg\" class=\"w-full h-full object-cover\" alt=\"\" loading=\"lazy\" decoding=\"async\" srcset=\"https:\/\/www.mateco.ch\/wp-content\/uploads\/2024\/03\/maltech_interview_bruno_1_play-1024x574.jpg 1024w, https:\/\/www.mateco.ch\/wp-content\/uploads\/2024\/03\/maltech_interview_bruno_1_play-300x168.jpg 300w, https:\/\/www.mateco.ch\/wp-content\/uploads\/2024\/03\/maltech_interview_bruno_1_play-768x431.jpg 768w, https:\/\/www.mateco.ch\/wp-content\/uploads\/2024\/03\/maltech_interview_bruno_1_play.jpg 1537w\" sizes=\"auto, (max-width: 1024px) 100vw, 1024px\" \/>    <\/a>\n  <\/div>\n\n  <div class=\"col-md-5 offset-md-1 pt-20 py-md-40 d-flex align-items-center\">\n\n    <div class=\"content\">\n      \n      <h2 class=\"h3\">mateco Team Talk<\/h2>\n\n      <div class=\"rich-text\">\n        Faites connaissance avec l\u2019\u00e9quipe mateco au travers de notre nouveau format. Aujourd\u2019hui : Bruno Schneider. Qui est Bruno Schneider en priv\u00e9 ? Quels sont ses objectifs concrets dans sa fonction de responsable des ventes r\u00e9gion Est ? Comment a-t-il v\u00e9cu ses premiers mois chez mateco ? Il r\u00e9pond personnellement \u00e0 ces questions, bri\u00e8vement et sans d\u00e9tour, dans l\u2019entretien film\u00e9 Team Talk.       <\/div>\n\n      \t      <div class=\"button-group\">\n\t<a href=\"https:\/\/www.mateco.ch\/fr\/news\/maltech-team-talk-avec-bruno-schneider\/\" target=\"\" title=\"Lire plus\" class=\"btn text \" >\n\n  \n      <span class=\"btn-text\">Lire plus<span class=\"visually-hidden\">: mateco Team Talk<\/span><\/span>\n  \n  \n<\/a>\n<\/div>      \n    <\/div>\n\n  <\/div>\n\n<\/div><div class=\"row news-teaser-row teaser-row  flex-row-reverse\" data-filterable data-category=\"\">\n\n  <div class=\"col-md-6 offset-md-1\">\n    <a href=\"https:\/\/www.mateco.ch\/fr\/news\/formations-professionnelles-chez-ekz-eltop\/\" class=\"img-wrapper picture-animation position-relative\" aria-label=\"Aller \u00e0 \u00ab R\u00e9alisation professionnelle, enseignement pratique, efficacit\u00e9 \u00e9lev\u00e9e. \u00bb\">\n\t\t  <img width=\"1024\" height=\"683\" src=\"https:\/\/www.mateco.ch\/wp-content\/uploads\/2024\/03\/maltech_einsatzbericht_ekz-eltop-1-1024x683.jpg\" class=\"w-full h-full object-cover\" alt=\"\" loading=\"lazy\" decoding=\"async\" srcset=\"https:\/\/www.mateco.ch\/wp-content\/uploads\/2024\/03\/maltech_einsatzbericht_ekz-eltop-1-1024x683.jpg 1024w, https:\/\/www.mateco.ch\/wp-content\/uploads\/2024\/03\/maltech_einsatzbericht_ekz-eltop-1-300x200.jpg 300w, https:\/\/www.mateco.ch\/wp-content\/uploads\/2024\/03\/maltech_einsatzbericht_ekz-eltop-1-768x512.jpg 768w, https:\/\/www.mateco.ch\/wp-content\/uploads\/2024\/03\/maltech_einsatzbericht_ekz-eltop-1-1536x1024.jpg 1536w, https:\/\/www.mateco.ch\/wp-content\/uploads\/2024\/03\/maltech_einsatzbericht_ekz-eltop-1-2048x1366.jpg 2048w\" sizes=\"auto, (max-width: 1024px) 100vw, 1024px\" \/>    <\/a>\n  <\/div>\n\n  <div class=\"col-md-5 pt-20 py-md-40 d-flex align-items-center\">\n\n    <div class=\"content\">\n      \n      <h2 class=\"h3\">\u00ab R\u00e9alisation professionnelle, enseignement pratique, efficacit\u00e9 \u00e9lev\u00e9e. \u00bb<\/h2>\n\n      <div class=\"rich-text\">\n        Une chose est essentielle dans le travail en hauteur : la s\u00e9curit\u00e9. C\u2019est pourquoi nous proposons des formations professionnelles sur l\u2019utilisation des \u00e9l\u00e9vateurs \u00e0 nacelle. Maurizio Mancuso fait partie des clients qui nous font confiance pour la formation de ses \u00e9quipes. Il est responsable de la gestion de la qualit\u00e9 et de la s\u00e9curit\u00e9 au travail chez EKZ Eltop AG. Pourquoi pr\u00e9cis\u00e9ment une formation mateco ? Nous en avons discut\u00e9 avec ce Zurichois de 46 ans.        <\/div>\n\n      \t      <div class=\"button-group\">\n\t<a href=\"https:\/\/www.mateco.ch\/fr\/news\/formations-professionnelles-chez-ekz-eltop\/\" target=\"\" title=\"Lire plus\" class=\"btn text \" >\n\n  \n      <span class=\"btn-text\">Lire plus<span class=\"visually-hidden\">: \u00ab R\u00e9alisation professionnelle, enseignement pratique, efficacit\u00e9 \u00e9lev\u00e9e. \u00bb<\/span><\/span>\n  \n  \n<\/a>\n<\/div>      \n    <\/div>\n\n  <\/div>\n\n<\/div><div class=\"row news-teaser-row teaser-row \" data-filterable data-category=\"\">\n\n  <div class=\"col-md-6\">\n    <a href=\"https:\/\/www.mateco.ch\/fr\/news\/journee-de-linnovation-quoi-de-neuf-dans-le-secteur-du-nettoyage\/\" class=\"img-wrapper picture-animation position-relative\" aria-label=\"Aller \u00e0 Quoi de neuf dans le secteur du nettoyage ?\">\n\t\t  <img width=\"1014\" height=\"400\" src=\"https:\/\/www.mateco.ch\/wp-content\/uploads\/2024\/03\/news-allpura-innovationstag_1.jpg\" class=\"w-full h-full object-cover\" alt=\"\" loading=\"lazy\" decoding=\"async\" srcset=\"https:\/\/www.mateco.ch\/wp-content\/uploads\/2024\/03\/news-allpura-innovationstag_1.jpg 1014w, https:\/\/www.mateco.ch\/wp-content\/uploads\/2024\/03\/news-allpura-innovationstag_1-300x118.jpg 300w, https:\/\/www.mateco.ch\/wp-content\/uploads\/2024\/03\/news-allpura-innovationstag_1-768x303.jpg 768w\" sizes=\"auto, (max-width: 1014px) 100vw, 1014px\" \/>    <\/a>\n  <\/div>\n\n  <div class=\"col-md-5 offset-md-1 pt-20 py-md-40 d-flex align-items-center\">\n\n    <div class=\"content\">\n      \n      <h2 class=\"h3\">Quoi de neuf dans le secteur du nettoyage ?<\/h2>\n\n      <div class=\"rich-text\">\n        Une fois par an, Allpura, l\u2019Association des entreprises suisses de nettoyage, organise sa journ\u00e9e de l\u2019innovation. Cette ann\u00e9e, elle a eu lieu le 24 mars, au centre de formation sur le nettoyage AZR \u00e0 Rickenbach. Martin Etter, notre Responsable Key Account Management (\u00e0 gauche sur la photo) a pr\u00e9sent\u00e9 \u00e0 cette occasion la toute derni\u00e8re nouveaut\u00e9 de notre flotte : l\u2019\u00e9l\u00e9vateur \u00e0 nacelle sur camionnette 3,5 t MTE 230 Hybrid, avec un raccordement \u00e0 l\u2019eau directement dans la nacelle. Quelles ont \u00e9t\u00e9 les r\u00e9actions face \u00e0 cette nouvelle machine ? Et quelles sont les actualit\u00e9s les plus int\u00e9ressantes du secteur du nettoyage ? Martin Etter vous dit tout.      <\/div>\n\n      \t      <div class=\"button-group\">\n\t<a href=\"https:\/\/www.mateco.ch\/fr\/news\/journee-de-linnovation-quoi-de-neuf-dans-le-secteur-du-nettoyage\/\" target=\"\" title=\"Lire plus\" class=\"btn text \" >\n\n  \n      <span class=\"btn-text\">Lire plus<span class=\"visually-hidden\">: Quoi de neuf dans le secteur du nettoyage ?<\/span><\/span>\n  \n  \n<\/a>\n<\/div>      \n    <\/div>\n\n  <\/div>\n\n<\/div><div class=\"row news-teaser-row teaser-row  flex-row-reverse\" data-filterable data-category=\"\">\n\n  <div class=\"col-md-6 offset-md-1\">\n    <a href=\"https:\/\/www.mateco.ch\/fr\/news\/service-en-mission-avec-guenther-schneider\/\" class=\"img-wrapper picture-animation position-relative\" aria-label=\"Aller \u00e0 Service : en mission avec G\u00fcnther Schneider\">\n\t\t  <img width=\"1024\" height=\"768\" src=\"https:\/\/www.mateco.ch\/wp-content\/uploads\/2024\/03\/referenz_symalit-ag_jahresservice-mit-guenther-schneider_1-1024x768.jpeg\" class=\"w-full h-full object-cover\" alt=\"\" loading=\"lazy\" decoding=\"async\" srcset=\"https:\/\/www.mateco.ch\/wp-content\/uploads\/2024\/03\/referenz_symalit-ag_jahresservice-mit-guenther-schneider_1-1024x768.jpeg 1024w, https:\/\/www.mateco.ch\/wp-content\/uploads\/2024\/03\/referenz_symalit-ag_jahresservice-mit-guenther-schneider_1-300x225.jpeg 300w, https:\/\/www.mateco.ch\/wp-content\/uploads\/2024\/03\/referenz_symalit-ag_jahresservice-mit-guenther-schneider_1-768x576.jpeg 768w, https:\/\/www.mateco.ch\/wp-content\/uploads\/2024\/03\/referenz_symalit-ag_jahresservice-mit-guenther-schneider_1-1536x1152.jpeg 1536w, https:\/\/www.mateco.ch\/wp-content\/uploads\/2024\/03\/referenz_symalit-ag_jahresservice-mit-guenther-schneider_1-2048x1536.jpeg 2048w\" sizes=\"auto, (max-width: 1024px) 100vw, 1024px\" \/>    <\/a>\n  <\/div>\n\n  <div class=\"col-md-5 pt-20 py-md-40 d-flex align-items-center\">\n\n    <div class=\"content\">\n      \n      <h2 class=\"h3\">Service : en mission avec G\u00fcnther Schneider<\/h2>\n\n      <div class=\"rich-text\">\n        Nos techniciens de service sont sur la route dans toute la Suisse pour examiner soigneusement des \u00e9l\u00e9vateurs \u00e0 nacelle de toutes les marques. Comment se d\u00e9roule un service typique ? Le technicien de service mateco G\u00fcnther Schneider peut nous r\u00e9pondre. Nous l\u2019avons accompagn\u00e9 en mission chez MCAM Symalit AG.      <\/div>\n\n      \t      <div class=\"button-group\">\n\t<a href=\"https:\/\/www.mateco.ch\/fr\/news\/service-en-mission-avec-guenther-schneider\/\" target=\"\" title=\"Lire plus\" class=\"btn text \" >\n\n  \n      <span class=\"btn-text\">Lire plus<span class=\"visually-hidden\">: Service : en mission avec G\u00fcnther Schneider<\/span><\/span>\n  \n  \n<\/a>\n<\/div>      \n    <\/div>\n\n  <\/div>\n\n<\/div><div class=\"row news-teaser-row teaser-row \" data-filterable data-category=\"\">\n\n  <div class=\"col-md-6\">\n    <a href=\"https:\/\/www.mateco.ch\/fr\/news\/changement-de-role-au-sein-de-la-direction\/\" class=\"img-wrapper picture-animation position-relative\" aria-label=\"Aller \u00e0 Changement de r\u00f4le au sein de la direction\">\n\t\t  <img width=\"1024\" height=\"853\" src=\"https:\/\/www.mateco.ch\/wp-content\/uploads\/2024\/03\/DSC09790_web-1024x853.jpg\" class=\"w-full h-full object-cover\" alt=\"\" loading=\"lazy\" decoding=\"async\" srcset=\"https:\/\/www.mateco.ch\/wp-content\/uploads\/2024\/03\/DSC09790_web-1024x853.jpg 1024w, https:\/\/www.mateco.ch\/wp-content\/uploads\/2024\/03\/DSC09790_web-300x250.jpg 300w, https:\/\/www.mateco.ch\/wp-content\/uploads\/2024\/03\/DSC09790_web-768x640.jpg 768w, https:\/\/www.mateco.ch\/wp-content\/uploads\/2024\/03\/DSC09790_web-1536x1280.jpg 1536w, https:\/\/www.mateco.ch\/wp-content\/uploads\/2024\/03\/DSC09790_web-2048x1706.jpg 2048w\" sizes=\"auto, (max-width: 1024px) 100vw, 1024px\" \/>    <\/a>\n  <\/div>\n\n  <div class=\"col-md-5 offset-md-1 pt-20 py-md-40 d-flex align-items-center\">\n\n    <div class=\"content\">\n      \n      <h2 class=\"h3\">Changement de r\u00f4le au sein de la direction<\/h2>\n\n      <div class=\"rich-text\">\n        Dans l\u2019optique d\u2019un d\u00e9veloppement durable de l\u2019entreprise, Patrick Moser, jusqu\u2019ici directeur des ventes chez mateco, reprendra la fonction de CEO du groupe mateco au 1er mai 2023. Eric Hunziker, qui a dirig\u00e9 l\u2019entreprise avec succ\u00e8s pendant de nombreuses ann\u00e9es, interviendra d\u00e9sormais en tant que pr\u00e9sident actif du conseil d\u2019administration de mateco SA et de Skyworker Trade SA. Parall\u00e8lement, les deux soci\u00e9t\u00e9s intensifient leur collaboration.      <\/div>\n\n      \t      <div class=\"button-group\">\n\t<a href=\"https:\/\/www.mateco.ch\/fr\/news\/changement-de-role-au-sein-de-la-direction\/\" target=\"\" title=\"Lire plus\" class=\"btn text \" >\n\n  \n      <span class=\"btn-text\">Lire plus<span class=\"visually-hidden\">: Changement de r\u00f4le au sein de la direction<\/span><\/span>\n  \n  \n<\/a>\n<\/div>      \n    <\/div>\n\n  <\/div>\n\n<\/div><div class=\"row news-teaser-row teaser-row  flex-row-reverse\" data-filterable data-category=\"\">\n\n  <div class=\"col-md-6 offset-md-1\">\n    <a href=\"https:\/\/www.mateco.ch\/fr\/news\/la-formation-de-sven-sur-le-nouveau-fleuron-de-lentreprise\/\" class=\"img-wrapper picture-animation position-relative\" aria-label=\"Aller \u00e0 La formation de Sven sur le nouveau fleuron de l\u2019entreprise\">\n\t\t  <img width=\"1024\" height=\"652\" src=\"https:\/\/www.mateco.ch\/wp-content\/uploads\/2024\/03\/img_20230120_141216_kopie-1024x652.jpg\" class=\"w-full h-full object-cover\" alt=\"\" loading=\"lazy\" decoding=\"async\" srcset=\"https:\/\/www.mateco.ch\/wp-content\/uploads\/2024\/03\/img_20230120_141216_kopie-1024x652.jpg 1024w, https:\/\/www.mateco.ch\/wp-content\/uploads\/2024\/03\/img_20230120_141216_kopie-300x191.jpg 300w, https:\/\/www.mateco.ch\/wp-content\/uploads\/2024\/03\/img_20230120_141216_kopie-768x489.jpg 768w, https:\/\/www.mateco.ch\/wp-content\/uploads\/2024\/03\/img_20230120_141216_kopie-1536x978.jpg 1536w, https:\/\/www.mateco.ch\/wp-content\/uploads\/2024\/03\/img_20230120_141216_kopie-2048x1304.jpg 2048w\" sizes=\"auto, (max-width: 1024px) 100vw, 1024px\" \/>    <\/a>\n  <\/div>\n\n  <div class=\"col-md-5 pt-20 py-md-40 d-flex align-items-center\">\n\n    <div class=\"content\">\n      \n      <h2 class=\"h3\">La formation de Sven sur le nouveau fleuron de l\u2019entreprise<\/h2>\n\n      <div class=\"rich-text\">\n        Lorsque nous int\u00e9grons une nouvelle machine \u00e0 notre flotte, notre personnel suit une formation professionnelle. Quelles sont les particularit\u00e9s du nouvel \u00e9l\u00e9vateur ? Quelles sont ses nouvelles fonctions ? Notre chauffeur Sven Saxer, qui a particip\u00e9 \u00e0 la formation avec un sp\u00e9cialiste Bronto, conna\u00eet la r\u00e9ponse \u00e0 ces questions et \u00e0 bien d\u2019autres.        <\/div>\n\n      \t      <div class=\"button-group\">\n\t<a href=\"https:\/\/www.mateco.ch\/fr\/news\/la-formation-de-sven-sur-le-nouveau-fleuron-de-lentreprise\/\" target=\"\" title=\"Lire plus\" class=\"btn text \" >\n\n  \n      <span class=\"btn-text\">Lire plus<span class=\"visually-hidden\">: La formation de Sven sur le nouveau fleuron de l\u2019entreprise<\/span><\/span>\n  \n  \n<\/a>\n<\/div>      \n    <\/div>\n\n  <\/div>\n\n<\/div><div class=\"row news-teaser-row teaser-row \" data-filterable data-category=\"\">\n\n  <div class=\"col-md-6\">\n    <a href=\"https:\/\/www.mateco.ch\/fr\/news\/nouveaute-chez-nous-elevateur-a-nacelle-sur-camionnette-mte-230-hybrid\/\" class=\"img-wrapper picture-animation position-relative\" aria-label=\"Aller \u00e0 Nouveaut\u00e9 chez nous : l\u2019\u00e9l\u00e9vateur \u00e0 nacelle sur camionnette 3,5 t MTE 230 Hybrid\">\n\t\t  <img width=\"612\" height=\"388\" src=\"https:\/\/www.mateco.ch\/wp-content\/uploads\/2024\/03\/mte-230-hybrid-_6_headerbild-nl_crop2.jpg\" class=\"w-full h-full object-cover\" alt=\"\" loading=\"lazy\" decoding=\"async\" srcset=\"https:\/\/www.mateco.ch\/wp-content\/uploads\/2024\/03\/mte-230-hybrid-_6_headerbild-nl_crop2.jpg 612w, https:\/\/www.mateco.ch\/wp-content\/uploads\/2024\/03\/mte-230-hybrid-_6_headerbild-nl_crop2-300x190.jpg 300w\" sizes=\"auto, (max-width: 612px) 100vw, 612px\" \/>    <\/a>\n  <\/div>\n\n  <div class=\"col-md-5 offset-md-1 pt-20 py-md-40 d-flex align-items-center\">\n\n    <div class=\"content\">\n      \n      <h2 class=\"h3\">Nouveaut\u00e9 chez nous : l\u2019\u00e9l\u00e9vateur \u00e0 nacelle sur camionnette 3,5 t MTE 230 Hybrid<\/h2>\n\n      <div class=\"rich-text\">\n        La nouveaut\u00e9 dans la flotte polyvalente de mateco : D\u00e8s maintenant, vous pouvez louer notre nouvel \u00e9l\u00e9vateur \u00e0 nacelle sur camionnette 3,5 t MTE 230 Hybrid. Cette machine est parfaitement adapt\u00e9e aux utilisations les plus diverses qui exigent un travail \u00e0 faibles \u00e9missions. Tous les mouvements peuvent s&rsquo;effectuer au moteur \u00e9lectrique, sans \u00e9missions ni nuisances sonores.      <\/div>\n\n      \t      <div class=\"button-group\">\n\t<a href=\"https:\/\/www.mateco.ch\/fr\/news\/nouveaute-chez-nous-elevateur-a-nacelle-sur-camionnette-mte-230-hybrid\/\" target=\"\" title=\"Lire plus\" class=\"btn text \" >\n\n  \n      <span class=\"btn-text\">Lire plus<span class=\"visually-hidden\">: Nouveaut\u00e9 chez nous : l\u2019\u00e9l\u00e9vateur \u00e0 nacelle sur camionnette 3,5 t MTE 230 Hybrid<\/span><\/span>\n  \n  \n<\/a>\n<\/div>      \n    <\/div>\n\n  <\/div>\n\n<\/div><div class=\"row news-teaser-row teaser-row  flex-row-reverse\" data-filterable data-category=\"\">\n\n  <div class=\"col-md-6 offset-md-1\">\n    <a href=\"https:\/\/www.mateco.ch\/fr\/news\/le-but-est-de-trouver-la-machine-optimale-pour-vous\/\" class=\"img-wrapper picture-animation position-relative\" aria-label=\"Aller \u00e0 \u00ab Le but est de trouver la machine optimale pour le client. \u00bb\">\n\t\t  <img width=\"672\" height=\"448\" src=\"https:\/\/www.mateco.ch\/wp-content\/uploads\/2024\/03\/newsletter-maerz2023-interview-baschung.jpg\" class=\"w-full h-full object-cover\" alt=\"\" loading=\"lazy\" decoding=\"async\" srcset=\"https:\/\/www.mateco.ch\/wp-content\/uploads\/2024\/03\/newsletter-maerz2023-interview-baschung.jpg 672w, https:\/\/www.mateco.ch\/wp-content\/uploads\/2024\/03\/newsletter-maerz2023-interview-baschung-300x200.jpg 300w\" sizes=\"auto, (max-width: 672px) 100vw, 672px\" \/>    <\/a>\n  <\/div>\n\n  <div class=\"col-md-5 pt-20 py-md-40 d-flex align-items-center\">\n\n    <div class=\"content\">\n      \n      <h2 class=\"h3\">\u00ab Le but est de trouver la machine optimale pour le client. \u00bb<\/h2>\n\n      <div class=\"rich-text\">\n        Il n\u2019a pas toujours \u00e9t\u00e9 chef de projet. Alors \u00e2g\u00e9 de 33 ans, il a d\u00e9marr\u00e9 sa carri\u00e8re chez mateco en tant que chauffeur, il y a pr\u00e8s de quatre ans. Nous voulions savoir ce que Michael Baschung, de Niederhasli, aime dans son travail et ce dont il a besoin pour planifier correctement les interventions &#8211; voici son interview.       <\/div>\n\n      \t      <div class=\"button-group\">\n\t<a href=\"https:\/\/www.mateco.ch\/fr\/news\/le-but-est-de-trouver-la-machine-optimale-pour-vous\/\" target=\"\" title=\"Lire plus\" class=\"btn text \" >\n\n  \n      <span class=\"btn-text\">Lire plus<span class=\"visually-hidden\">: \u00ab Le but est de trouver la machine optimale pour le client. \u00bb<\/span><\/span>\n  \n  \n<\/a>\n<\/div>      \n    <\/div>\n\n  <\/div>\n\n<\/div><div class=\"row news-teaser-row teaser-row \" data-filterable data-category=\"\">\n\n  <div class=\"col-md-6\">\n    <a href=\"\/schulung\/\" class=\"img-wrapper picture-animation position-relative\" aria-label=\"Aller \u00e0 Formations mateco: la licence d&#039;op\u00e9rateur ax\u00e9e sur la pratique\">\n\t\t  <img width=\"1024\" height=\"768\" src=\"https:\/\/www.mateco.ch\/wp-content\/uploads\/2024\/03\/img_12912-1024x768.jpg\" class=\"w-full h-full object-cover\" alt=\"\" loading=\"lazy\" decoding=\"async\" srcset=\"https:\/\/www.mateco.ch\/wp-content\/uploads\/2024\/03\/img_12912-1024x768.jpg 1024w, https:\/\/www.mateco.ch\/wp-content\/uploads\/2024\/03\/img_12912-300x225.jpg 300w, https:\/\/www.mateco.ch\/wp-content\/uploads\/2024\/03\/img_12912-768x576.jpg 768w, https:\/\/www.mateco.ch\/wp-content\/uploads\/2024\/03\/img_12912-1536x1152.jpg 1536w, https:\/\/www.mateco.ch\/wp-content\/uploads\/2024\/03\/img_12912-2048x1536.jpg 2048w\" sizes=\"auto, (max-width: 1024px) 100vw, 1024px\" \/>    <\/a>\n  <\/div>\n\n  <div class=\"col-md-5 offset-md-1 pt-20 py-md-40 d-flex align-items-center\">\n\n    <div class=\"content\">\n      \n      <h2 class=\"h3\">Formations mateco: la licence d&rsquo;op\u00e9rateur ax\u00e9e sur la pratique<\/h2>\n\n      <div class=\"rich-text\">\n        Au sein du quotidien professionnel, l&rsquo;efficience op\u00e9rative est d\u00e9cisive, sans discussion. Mais celui qui travaille en hauteur sait aussi \u00e0 quel point la s\u00e9curit\u00e9 l&rsquo;est aussi. D&rsquo;autant plus que les missions avec les nacelles \u00e9levatrices requi\u00e8rent de grandes responsabilit\u00e9s. Dans le but de bien mettre en relation tous ces \u00e9l\u00e9ments, nos formateurs exp\u00e9riment\u00e9s vous proposent des formations professionnelles de base ou compl\u00e9mentaires, dans 8 centres de formation dans toute la Suisse et m\u00eame directement en petits groupes dans vos locaux, o\u00f9 th\u00e9orie et pratique se combinent et s&rsquo;utilisent avec efficacit\u00e9. Bon \u00e0 savoir ! Nos dates de formations sont souvent vite r\u00e9serv\u00e9es. Cela vaut la peine de s&rsquo;y prendre \u00e0 l&rsquo;avance et de s&rsquo;inscrire pour nos cours cetifi\u00e9s (ASFP, IPAF, PSAgA).       <\/div>\n\n      \t      <div class=\"button-group\">\n\t<a href=\"\/schulung\/\" target=\"\" title=\" D\u00e9couvrez notre offre de formation et r\u00e9servez rapidement la date de votre premier choix\" class=\"btn text \" >\n\n  \n      <span class=\"btn-text\"> D\u00e9couvrez notre offre de formation et r\u00e9servez rapidement la date de votre premier choix<span class=\"visually-hidden\">: Formations mateco: la licence d&#039;op\u00e9rateur ax\u00e9e sur la pratique<\/span><\/span>\n  \n  \n<\/a>\n<\/div>      \n    <\/div>\n\n  <\/div>\n\n<\/div><div class=\"row news-teaser-row teaser-row  flex-row-reverse\" data-filterable data-category=\"\">\n\n  <div class=\"col-md-6 offset-md-1\">\n    <a href=\"https:\/\/www.mateco.ch\/fr\/news\/la-formation-est-obligatoire-lors-du-travail-avec-des-elevateurs-a-nacelle\/\" class=\"img-wrapper picture-animation position-relative\" aria-label=\"Aller \u00e0 \u00abLa formation est obligatoire lors du travail avec des \u00e9l\u00e9vateurs \u00e0 nacelle.\u00bb\">\n\t\t  <img width=\"1024\" height=\"650\" src=\"https:\/\/www.mateco.ch\/wp-content\/uploads\/2024\/03\/interview-abazi-asmir-1024x650.jpg\" class=\"w-full h-full object-cover\" alt=\"\" loading=\"lazy\" decoding=\"async\" srcset=\"https:\/\/www.mateco.ch\/wp-content\/uploads\/2024\/03\/interview-abazi-asmir-1024x650.jpg 1024w, https:\/\/www.mateco.ch\/wp-content\/uploads\/2024\/03\/interview-abazi-asmir-300x190.jpg 300w, https:\/\/www.mateco.ch\/wp-content\/uploads\/2024\/03\/interview-abazi-asmir-768x487.jpg 768w, https:\/\/www.mateco.ch\/wp-content\/uploads\/2024\/03\/interview-abazi-asmir-1536x974.jpg 1536w, https:\/\/www.mateco.ch\/wp-content\/uploads\/2024\/03\/interview-abazi-asmir.jpg 1551w\" sizes=\"auto, (max-width: 1024px) 100vw, 1024px\" \/>    <\/a>\n  <\/div>\n\n  <div class=\"col-md-5 pt-20 py-md-40 d-flex align-items-center\">\n\n    <div class=\"content\">\n      \n      <h2 class=\"h3\">\u00abLa formation est obligatoire lors du travail avec des \u00e9l\u00e9vateurs \u00e0 nacelle.\u00bb<\/h2>\n\n      <div class=\"rich-text\">\n        Depuis octobre 2020, Admir Abazi travaille comme responsable de r\u00e9gion chez mateco, dans la r\u00e9gion de Berne. Outre la direction de sa propre \u00e9quipe, il est en charge de l\u2019acquisition et de la fid\u00e9lisation de la client\u00e8le. Il assiste ses coll\u00e8gues dans les domaines de la location, du service et de la formation. Nous avons \u00e9voqu\u00e9 cette activit\u00e9 et son importance avec lui dans cet entretien.       <\/div>\n\n      \t      <div class=\"button-group\">\n\t<a href=\"https:\/\/www.mateco.ch\/fr\/news\/la-formation-est-obligatoire-lors-du-travail-avec-des-elevateurs-a-nacelle\/\" target=\"\" title=\"Lire plus\" class=\"btn text \" >\n\n  \n      <span class=\"btn-text\">Lire plus<span class=\"visually-hidden\">: \u00abLa formation est obligatoire lors du travail avec des \u00e9l\u00e9vateurs \u00e0 nacelle.\u00bb<\/span><\/span>\n  \n  \n<\/a>\n<\/div>      \n    <\/div>\n\n  <\/div>\n\n<\/div><div class=\"row news-teaser-row teaser-row \" data-filterable data-category=\"\">\n\n  <div class=\"col-md-6\">\n    <a href=\"https:\/\/www.mateco.ch\/fr\/news\/engage-pour-la-releve-et-la-securite\/\" class=\"img-wrapper picture-animation position-relative\" aria-label=\"Aller \u00e0 Engag\u00e9 pour la rel\u00e8ve et la s\u00e9curit\u00e9\">\n\t\t  <img width=\"1024\" height=\"768\" src=\"https:\/\/www.mateco.ch\/wp-content\/uploads\/2024\/03\/img_0313_1-1024x768.jpg\" class=\"w-full h-full object-cover\" alt=\"\" loading=\"lazy\" decoding=\"async\" srcset=\"https:\/\/www.mateco.ch\/wp-content\/uploads\/2024\/03\/img_0313_1-1024x768.jpg 1024w, https:\/\/www.mateco.ch\/wp-content\/uploads\/2024\/03\/img_0313_1-300x225.jpg 300w, https:\/\/www.mateco.ch\/wp-content\/uploads\/2024\/03\/img_0313_1-768x576.jpg 768w, https:\/\/www.mateco.ch\/wp-content\/uploads\/2024\/03\/img_0313_1-1536x1152.jpg 1536w, https:\/\/www.mateco.ch\/wp-content\/uploads\/2024\/03\/img_0313_1-2048x1536.jpg 2048w\" sizes=\"auto, (max-width: 1024px) 100vw, 1024px\" \/>    <\/a>\n  <\/div>\n\n  <div class=\"col-md-5 offset-md-1 pt-20 py-md-40 d-flex align-items-center\">\n\n    <div class=\"content\">\n      \n      <h2 class=\"h3\">Engag\u00e9 pour la rel\u00e8ve et la s\u00e9curit\u00e9<\/h2>\n\n      <div class=\"rich-text\">\n        Nous avons pour ambition de proposer une formation pratique dans le domaine des \u00e9l\u00e9vateurs \u00e0 nacelle. C\u2019est pourquoi nous avons d\u00e9velopp\u00e9, en collaboration avec EIT.z\u00fcrich, une offre de formations qui met en avant la s\u00e9curit\u00e9 du travail en hauteur.      <\/div>\n\n      \t      <div class=\"button-group\">\n\t<a href=\"https:\/\/www.mateco.ch\/fr\/news\/engage-pour-la-releve-et-la-securite\/\" target=\"\" title=\"Lire plus\" class=\"btn text \" >\n\n  \n      <span class=\"btn-text\">Lire plus<span class=\"visually-hidden\">: Engag\u00e9 pour la rel\u00e8ve et la s\u00e9curit\u00e9<\/span><\/span>\n  \n  \n<\/a>\n<\/div>      \n    <\/div>\n\n  <\/div>\n\n<\/div><div class=\"row news-teaser-row teaser-row  flex-row-reverse\" data-filterable data-category=\"\">\n\n  <div class=\"col-md-6 offset-md-1\">\n    <a href=\"https:\/\/www.mateco.ch\/fr\/news\/nos-ateliers-sont-recertifies\/\" class=\"img-wrapper picture-animation position-relative\" aria-label=\"Aller \u00e0 Nos ateliers sont recertifi\u00e9s\">\n\t\t  <img width=\"1024\" height=\"683\" src=\"https:\/\/www.mateco.ch\/wp-content\/uploads\/2024\/03\/rezertifizierung_img_3469_web_1940x1230-1024x683.jpg\" class=\"w-full h-full object-cover\" alt=\"\" loading=\"lazy\" decoding=\"async\" srcset=\"https:\/\/www.mateco.ch\/wp-content\/uploads\/2024\/03\/rezertifizierung_img_3469_web_1940x1230-1024x683.jpg 1024w, https:\/\/www.mateco.ch\/wp-content\/uploads\/2024\/03\/rezertifizierung_img_3469_web_1940x1230-300x200.jpg 300w, https:\/\/www.mateco.ch\/wp-content\/uploads\/2024\/03\/rezertifizierung_img_3469_web_1940x1230-768x512.jpg 768w, https:\/\/www.mateco.ch\/wp-content\/uploads\/2024\/03\/rezertifizierung_img_3469_web_1940x1230-1536x1024.jpg 1536w, https:\/\/www.mateco.ch\/wp-content\/uploads\/2024\/03\/rezertifizierung_img_3469_web_1940x1230.jpg 1845w\" sizes=\"auto, (max-width: 1024px) 100vw, 1024px\" \/>    <\/a>\n  <\/div>\n\n  <div class=\"col-md-5 pt-20 py-md-40 d-flex align-items-center\">\n\n    <div class=\"content\">\n      \n      <h2 class=\"h3\">Nos ateliers sont recertifi\u00e9s<\/h2>\n\n      <div class=\"rich-text\">\n        Suivant la recommandation technique de l\u2019ASFP, nos ateliers principaux de R\u00fcmlang, H\u00e4rkingen et Cheseaux devaient se soumettre cette ann\u00e9e \u00e0 la proc\u00e9dure de recertification. Celle-ci a \u00e9t\u00e9 effectu\u00e9e par NSBIV SA, organisme de certification ind\u00e9pendant, qui a examin\u00e9 nos \u00e9tablissements sous toutes les coutures. Tous les ateliers ont obtenu le certificat sans aucune constestation.      <\/div>\n\n      \t      <div class=\"button-group\">\n\t<a href=\"https:\/\/www.mateco.ch\/fr\/news\/nos-ateliers-sont-recertifies\/\" target=\"\" title=\"Lire plus\" class=\"btn text \" >\n\n  \n      <span class=\"btn-text\">Lire plus<span class=\"visually-hidden\">: Nos ateliers sont recertifi\u00e9s<\/span><\/span>\n  \n  \n<\/a>\n<\/div>      \n    <\/div>\n\n  <\/div>\n\n<\/div><div class=\"button-group mt-0 justify-content-center\">\n\t<span    class=\"btn show-more-btn cursor-pointer \" >\n\n  \n      <span class=\"btn-text\">Voir plus<\/span>\n  \n  \n<\/span>\n<\/div>  <\/div>\n<\/div>","protected":false},"excerpt":{"rendered":"","protected":false},"author":1,"featured_media":14503,"parent":6555,"menu_order":4,"comment_status":"closed","ping_status":"closed","template":"","meta":{"_acf_changed":false,"footnotes":""},"class_list":["post-6559","page","type-page","status-publish","has-post-thumbnail","hentry"],"acf":[],"yoast_head":"<title>News - mateco AG<\/title>\n<meta name=\"robots\" content=\"index, follow, max-snippet:-1, max-image-preview:large, max-video-preview:-1\" \/>\n<link rel=\"canonical\" href=\"https:\/\/www.mateco.ch\/fr\/societe\/news\/\" \/>\n<meta property=\"og:locale\" content=\"fr_FR\" \/>\n<meta property=\"og:type\" content=\"article\" \/>\n<meta property=\"og:title\" content=\"News - mateco AG\" \/>\n<meta property=\"og:url\" content=\"https:\/\/www.mateco.ch\/fr\/societe\/news\/\" \/>\n<meta property=\"og:site_name\" content=\"mateco AG\" \/>\n<meta property=\"article:modified_time\" content=\"2026-08-28T06:33:55+00:00\" \/>\n<meta property=\"og:image\" content=\"https:\/\/www.mateco.ch\/wp-content\/uploads\/2026\/08\/attachment-3089__maltech.jpg\" \/>\n\t<meta property=\"og:image:width\" content=\"1200\" \/>\n\t<meta property=\"og:image:height\" content=\"900\" \/>\n\t<meta property=\"og:image:type\" content=\"image\/jpeg\" \/>\n<meta name=\"twitter:card\" content=\"summary_large_image\" \/>\n<script type=\"application\/ld+json\" class=\"yoast-schema-graph\">{\"@context\":\"https:\\\/\\\/schema.org\",\"@graph\":[{\"@type\":\"WebPage\",\"@id\":\"https:\\\/\\\/www.mateco.ch\\\/fr\\\/societe\\\/news\\\/\",\"url\":\"https:\\\/\\\/www.mateco.ch\\\/fr\\\/societe\\\/news\\\/\",\"name\":\"News - mateco AG\",\"isPartOf\":{\"@id\":\"https:\\\/\\\/www.mateco.ch\\\/fr\\\/#website\"},\"primaryImageOfPage\":{\"@id\":\"https:\\\/\\\/www.mateco.ch\\\/fr\\\/societe\\\/news\\\/#primaryimage\"},\"image\":{\"@id\":\"https:\\\/\\\/www.mateco.ch\\\/fr\\\/societe\\\/news\\\/#primaryimage\"},\"thumbnailUrl\":\"https:\\\/\\\/www.mateco.ch\\\/wp-content\\\/uploads\\\/2026\\\/08\\\/attachment-3089__maltech.jpg\",\"datePublished\":\"2024-02-12T08:04:26+00:00\",\"dateModified\":\"2026-08-28T06:33:55+00:00\",\"breadcrumb\":{\"@id\":\"https:\\\/\\\/www.mateco.ch\\\/fr\\\/societe\\\/news\\\/#breadcrumb\"},\"inLanguage\":\"fr-FR\",\"potentialAction\":[{\"@type\":\"ReadAction\",\"target\":[\"https:\\\/\\\/www.mateco.ch\\\/fr\\\/societe\\\/news\\\/\"]}]},{\"@type\":\"ImageObject\",\"inLanguage\":\"fr-FR\",\"@id\":\"https:\\\/\\\/www.mateco.ch\\\/fr\\\/societe\\\/news\\\/#primaryimage\",\"url\":\"https:\\\/\\\/www.mateco.ch\\\/wp-content\\\/uploads\\\/2026\\\/08\\\/attachment-3089__maltech.jpg\",\"contentUrl\":\"https:\\\/\\\/www.mateco.ch\\\/wp-content\\\/uploads\\\/2026\\\/08\\\/attachment-3089__maltech.jpg\",\"width\":1200,\"height\":900},{\"@type\":\"BreadcrumbList\",\"@id\":\"https:\\\/\\\/www.mateco.ch\\\/fr\\\/societe\\\/news\\\/#breadcrumb\",\"itemListElement\":[{\"@type\":\"ListItem\",\"position\":1,\"name\":\"Home\",\"item\":\"https:\\\/\\\/www.mateco.ch\\\/fr\\\/home\\\/\"},{\"@type\":\"ListItem\",\"position\":2,\"name\":\"Soci\u00e9t\u00e9\",\"item\":\"https:\\\/\\\/www.mateco.ch\\\/fr\\\/societe\\\/\"},{\"@type\":\"ListItem\",\"position\":3,\"name\":\"News\"}]},{\"@type\":\"WebSite\",\"@id\":\"https:\\\/\\\/www.mateco.ch\\\/fr\\\/#website\",\"url\":\"https:\\\/\\\/www.mateco.ch\\\/fr\\\/\",\"name\":\"mateco AG\",\"description\":\"Ihr kompetenter Partner  rund um Arbeitsb\u00fchnen\",\"publisher\":{\"@id\":\"https:\\\/\\\/www.mateco.ch\\\/fr\\\/#organization\"},\"potentialAction\":[{\"@type\":\"SearchAction\",\"target\":{\"@type\":\"EntryPoint\",\"urlTemplate\":\"https:\\\/\\\/www.mateco.ch\\\/fr\\\/?s={search_term_string}\"},\"query-input\":{\"@type\":\"PropertyValueSpecification\",\"valueRequired\":true,\"valueName\":\"search_term_string\"}}],\"inLanguage\":\"fr-FR\"},{\"@type\":\"Organization\",\"@id\":\"https:\\\/\\\/www.mateco.ch\\\/fr\\\/#organization\",\"name\":\"mateco AG\",\"url\":\"https:\\\/\\\/www.mateco.ch\\\/fr\\\/\",\"logo\":{\"@type\":\"ImageObject\",\"inLanguage\":\"fr-FR\",\"@id\":\"https:\\\/\\\/www.mateco.ch\\\/fr\\\/#\\\/schema\\\/logo\\\/image\\\/\",\"url\":\"https:\\\/\\\/www.mateco.ch\\\/wp-content\\\/uploads\\\/2026\\\/07\\\/mateco_logo-scaled.png\",\"contentUrl\":\"https:\\\/\\\/www.mateco.ch\\\/wp-content\\\/uploads\\\/2026\\\/07\\\/mateco_logo-scaled.png\",\"width\":2560,\"height\":653,\"caption\":\"mateco AG\"},\"image\":{\"@id\":\"https:\\\/\\\/www.mateco.ch\\\/fr\\\/#\\\/schema\\\/logo\\\/image\\\/\"}}]}<\/script>","yoast_head_json":{"title":"News - mateco AG","robots":{"index":"index","follow":"follow","max-snippet":"max-snippet:-1","max-image-preview":"max-image-preview:large","max-video-preview":"max-video-preview:-1"},"canonical":"https:\/\/www.mateco.ch\/fr\/societe\/news\/","og_locale":"fr_FR","og_type":"article","og_title":"News - mateco AG","og_url":"https:\/\/www.mateco.ch\/fr\/societe\/news\/","og_site_name":"mateco AG","article_modified_time":"2026-08-28T06:33:55+00:00","og_image":[{"width":1200,"height":900,"url":"https:\/\/www.mateco.ch\/wp-content\/uploads\/2026\/08\/attachment-3089__maltech.jpg","type":"image\/jpeg"}],"twitter_card":"summary_large_image","schema":{"@context":"https:\/\/schema.org","@graph":[{"@type":"WebPage","@id":"https:\/\/www.mateco.ch\/fr\/societe\/news\/","url":"https:\/\/www.mateco.ch\/fr\/societe\/news\/","name":"News - mateco AG","isPartOf":{"@id":"https:\/\/www.mateco.ch\/fr\/#website"},"primaryImageOfPage":{"@id":"https:\/\/www.mateco.ch\/fr\/societe\/news\/#primaryimage"},"image":{"@id":"https:\/\/www.mateco.ch\/fr\/societe\/news\/#primaryimage"},"thumbnailUrl":"https:\/\/www.mateco.ch\/wp-content\/uploads\/2026\/08\/attachment-3089__maltech.jpg","datePublished":"2024-02-12T08:04:26+00:00","dateModified":"2026-08-28T06:33:55+00:00","breadcrumb":{"@id":"https:\/\/www.mateco.ch\/fr\/societe\/news\/#breadcrumb"},"inLanguage":"fr-FR","potentialAction":[{"@type":"ReadAction","target":["https:\/\/www.mateco.ch\/fr\/societe\/news\/"]}]},{"@type":"ImageObject","inLanguage":"fr-FR","@id":"https:\/\/www.mateco.ch\/fr\/societe\/news\/#primaryimage","url":"https:\/\/www.mateco.ch\/wp-content\/uploads\/2026\/08\/attachment-3089__maltech.jpg","contentUrl":"https:\/\/www.mateco.ch\/wp-content\/uploads\/2026\/08\/attachment-3089__maltech.jpg","width":1200,"height":900},{"@type":"BreadcrumbList","@id":"https:\/\/www.mateco.ch\/fr\/societe\/news\/#breadcrumb","itemListElement":[{"@type":"ListItem","position":1,"name":"Home","item":"https:\/\/www.mateco.ch\/fr\/home\/"},{"@type":"ListItem","position":2,"name":"Soci\u00e9t\u00e9","item":"https:\/\/www.mateco.ch\/fr\/societe\/"},{"@type":"ListItem","position":3,"name":"News"}]},{"@type":"WebSite","@id":"https:\/\/www.mateco.ch\/fr\/#website","url":"https:\/\/www.mateco.ch\/fr\/","name":"mateco AG","description":"Ihr kompetenter Partner  rund um Arbeitsb\u00fchnen","publisher":{"@id":"https:\/\/www.mateco.ch\/fr\/#organization"},"potentialAction":[{"@type":"SearchAction","target":{"@type":"EntryPoint","urlTemplate":"https:\/\/www.mateco.ch\/fr\/?s={search_term_string}"},"query-input":{"@type":"PropertyValueSpecification","valueRequired":true,"valueName":"search_term_string"}}],"inLanguage":"fr-FR"},{"@type":"Organization","@id":"https:\/\/www.mateco.ch\/fr\/#organization","name":"mateco AG","url":"https:\/\/www.mateco.ch\/fr\/","logo":{"@type":"ImageObject","inLanguage":"fr-FR","@id":"https:\/\/www.mateco.ch\/fr\/#\/schema\/logo\/image\/","url":"https:\/\/www.mateco.ch\/wp-content\/uploads\/2026\/07\/mateco_logo-scaled.png","contentUrl":"https:\/\/www.mateco.ch\/wp-content\/uploads\/2026\/07\/mateco_logo-scaled.png","width":2560,"height":653,"caption":"mateco AG"},"image":{"@id":"https:\/\/www.mateco.ch\/fr\/#\/schema\/logo\/image\/"}}]}},"_links":{"self":[{"href":"https:\/\/www.mateco.ch\/fr\/wp-json\/wp\/v2\/pages\/6559","targetHints":{"allow":["GET"]}}],"collection":[{"href":"https:\/\/www.mateco.ch\/fr\/wp-json\/wp\/v2\/pages"}],"about":[{"href":"https:\/\/www.mateco.ch\/fr\/wp-json\/wp\/v2\/types\/page"}],"author":[{"embeddable":true,"href":"https:\/\/www.mateco.ch\/fr\/wp-json\/wp\/v2\/users\/1"}],"replies":[{"embeddable":true,"href":"https:\/\/www.mateco.ch\/fr\/wp-json\/wp\/v2\/comments?post=6559"}],"version-history":[{"count":6,"href":"https:\/\/www.mateco.ch\/fr\/wp-json\/wp\/v2\/pages\/6559\/revisions"}],"predecessor-version":[{"id":15058,"href":"https:\/\/www.mateco.ch\/fr\/wp-json\/wp\/v2\/pages\/6559\/revisions\/15058"}],"up":[{"embeddable":true,"href":"https:\/\/www.mateco.ch\/fr\/wp-json\/wp\/v2\/pages\/6555"}],"wp:featuredmedia":[{"embeddable":true,"href":"https:\/\/www.mateco.ch\/fr\/wp-json\/wp\/v2\/media\/14503"}],"wp:attachment":[{"href":"https:\/\/www.mateco.ch\/fr\/wp-json\/wp\/v2\/media?parent=6559"}],"curies":[{"name":"wp","href":"https:\/\/api.w.org\/{rel}","templated":true}]}}