{"id":6561,"date":"2026-08-17T09:13:31","date_gmt":"2026-08-17T07:13:31","guid":{"rendered":"https:\/\/staging.maltech.ch\/unternehmen\/geschichte\/"},"modified":"2026-08-31T17:36:53","modified_gmt":"2026-08-31T15:36:53","slug":"historique","status":"publish","type":"page","link":"https:\/\/www.mateco.ch\/fr\/societe\/historique\/","title":{"rendered":"Historique"},"content":{"rendered":"<div class=\"container\">\n  <div class=\"row\">\n    <div class=\"col-md-10 offset-md-1 d-flex flex-column align-items-center text-center\">\n\n\t    <svg version=\"1.1\" class=\"facility_management icon deco-icon\" xmlns=\"http:\/\/www.w3.org\/2000\/svg\" xmlns:xlink=\"http:\/\/www.w3.org\/1999\/xlink\" x=\"0px\"\n\t y=\"0px\" viewBox=\"0 0 53.8 57.4\" enable-background=\"new 0 0 53.8 57.4\" xml:space=\"preserve\">\n<g>\n\t<path d=\"M26.9,47.8c0.6,0,1.1-0.5,1.1-1.1s-0.5-1.1-1.1-1.1s-1.1,0.5-1.1,1.1S26.3,47.8,26.9,47.8z\"\/>\n\t<path d=\"M37,50h6.7c0.6,0,1.1-0.5,1.1-1.1v-6.7c0-0.6-0.5-1.1-1.1-1.1l0,0H37c-0.6,0-1.1,0.5-1.1,1.1v6.7C35.9,49.5,36.4,50,37,50z\n\t\t M38.1,43.3h4.5v4.5h-4.5V43.3z\"\/>\n\t<path d=\"M10.1,23.1h6.7c0.6,0,1.1-0.5,1.1-1.1v-6.7c0-0.6-0.5-1.1-1.1-1.1h-6.7c-0.6,0-1.1,0.5-1.1,1.1V22\n\t\tC9,22.6,9.5,23.1,10.1,23.1z M11.2,16.4h4.5v4.5h-4.5V16.4z\"\/>\n\t<path d=\"M23.5,23.1h6.7c0.6,0,1.1-0.5,1.1-1.1v-6.7c0-0.6-0.5-1.1-1.1-1.1h-6.7c-0.6,0-1.1,0.5-1.1,1.1V22\n\t\tC22.4,22.6,22.9,23.1,23.5,23.1z M24.7,16.4h4.5v4.5h-4.5V16.4z\"\/>\n\t<path d=\"M37,23.1h6.7c0.6,0,1.1-0.5,1.1-1.1v-6.7c0-0.6-0.5-1.1-1.1-1.1l0,0H37c-0.6,0-1.1,0.5-1.1,1.1V22\n\t\tC35.9,22.6,36.4,23.1,37,23.1z M38.1,16.4h4.5v4.5h-4.5V16.4z\"\/>\n\t<path d=\"M10.1,36.5h6.7c0.6,0,1.1-0.5,1.1-1.1v-6.7c0-0.6-0.5-1.1-1.1-1.1h-6.7c-0.6,0-1.1,0.5-1.1,1.1v6.7\n\t\tC9,36,9.5,36.5,10.1,36.5z M11.2,29.8h4.5v4.5h-4.5V29.8z\"\/>\n\t<path d=\"M23.5,36.5h6.7c0.6,0,1.1-0.5,1.1-1.1v-6.7c0-0.6-0.5-1.1-1.1-1.1h-6.7c-0.6,0-1.1,0.5-1.1,1.1v6.7\n\t\tC22.4,36,22.9,36.5,23.5,36.5z M24.7,29.8h4.5v4.5h-4.5V29.8z\"\/>\n\t<path d=\"M37,36.5h6.7c0.6,0,1.1-0.5,1.1-1.1v-6.7c0-0.6-0.5-1.1-1.1-1.1l0,0H37c-0.6,0-1.1,0.5-1.1,1.1v6.7\n\t\tC35.9,36,36.4,36.5,37,36.5z M38.1,29.8h4.5v4.5h-4.5V29.8z\"\/>\n\t<path d=\"M10.1,50h6.7c0.6,0,1.1-0.5,1.1-1.1v-6.7c0-0.6-0.5-1.1-1.1-1.1h-6.7C9.5,41,9,41.5,9,42.2v6.7C9,49.5,9.5,50,10.1,50z\n\t\t M11.2,43.3h4.5v4.5h-4.5V43.3z\"\/>\n\t<path d=\"M52.7,55.2h-3.4V8.5c0-0.6-0.5-1.1-1.1-1.1l0,0h-5.6V1.1c0-0.6-0.5-1.1-1.1-1.1l0,0H12.3c-0.6,0-1.1,0.5-1.1,1.1v6.3H5.6\n\t\tC5,7.4,4.5,7.9,4.5,8.5v46.6H1.1c-0.6,0-1.1,0.5-1.1,1.1s0.5,1.1,1.1,1.1h51.6c0.6,0,1.1-0.5,1.1-1.1\n\t\tC53.8,55.7,53.3,55.2,52.7,55.2z M13.5,2.2h26.9v5.2H13.5V2.2z M31.4,55.2H28v-4c0-0.6-0.5-1.1-1.1-1.1s-1.1,0.5-1.1,1.1v4h-3.4\n\t\tV43.3h9V55.2z M47.1,55.2H33.6v-13c0-0.6-0.5-1.1-1.1-1.1l0,0H21.3c-0.6,0-1.1,0.5-1.1,1.1v13H6.7V9.6h40.4\n\t\tC47.1,9.6,47.1,55.2,47.1,55.2z\"\/>\n<\/g>\n<\/svg>\n\n      <h1 class=\"h2\">Notre histoire: un regard vers l&rsquo;avenir.<\/h1>\n\n\t            <div class=\"rich-text lead big-space-between\">\n\t\t\t    <p>Il faut savoir d&rsquo;o\u00f9 l&rsquo;on vient. Pour savoir o\u00f9 l&rsquo;on veut aller. Et pour cela, nous avons toujours regard\u00e9 vers l&rsquo;avenir \u2013 depuis pr\u00e8s de 60 ans. Nous sommes fiers des d\u00e9cennies \u00e9coul\u00e9es. Mais nous sommes encore plus heureux d&rsquo;ouvrir de nouveaux chapitres \u00e0 tes c\u00f4t\u00e9s.<\/p>\n        <\/div>\n\t    \n\t    \n    <\/div>\n  <\/div>\n<\/div>\n\n\n<div class=\"container\">\n\t<div class=\"history-timeline\">\n\t\t\n\t\t<div class=\"history-timeline__entries\">\n\t\t\t\t\t\t\t<article class=\"history-timeline__item history-timeline__item--right\">\n\t\t\t\t\t<div class=\"history-timeline__year-wrap\" aria-label=\"2026\">\n\t\t\t\t\t\t<span class=\"history-timeline__year\" aria-hidden=\"true\">2026<\/span>\n\t\t\t\t\t<\/div>\n\n\t\t\t\t\t<div class=\"history-timeline__content\">\n\t\t\t\t\t\t\n\t\t\t\t\t\t\n\t\t\t\t\t\t\t\t\t\t\t\t\t<div class=\"history-timeline__text rich-text\"><p>Maltech devient mateco. Tout reste meilleur.<br \/>\nPlus de puissance. Plus de possibilit\u00e9s. Plus de hauteur.<\/p>\n<p>\u00c0 compter du 1er septembre 2026, Maltech s&rsquo;appellera d\u00e9sormais mateco Suisse SA. Une nouvelle identit\u00e9 visuelle qui concr\u00e9tise ce qui est d\u00e9j\u00e0 une r\u00e9alit\u00e9 depuis novembre 2023. Nous faisons partie de la soci\u00e9t\u00e9 familiale mateco.<\/p>\n<\/div>\n\t\t\t\t\t\t\n\t\t\t\t\t\t\t\t\t\t\t<\/div>\n\t\t\t\t<\/article>\n\t\t\t\t\t\t\t<article class=\"history-timeline__item history-timeline__item--left\">\n\t\t\t\t\t<div class=\"history-timeline__year-wrap\" aria-label=\"2023\">\n\t\t\t\t\t\t<span class=\"history-timeline__year\" aria-hidden=\"true\">2023<\/span>\n\t\t\t\t\t<\/div>\n\n\t\t\t\t\t<div class=\"history-timeline__content\">\n\t\t\t\t\t\t\n\t\t\t\t\t\t\n\t\t\t\t\t\t\t\t\t\t\t\t\t<div class=\"history-timeline__text rich-text\"><p>Fusion de Maltech et de mateco. mateco est une entreprise familiale. Avec plus de 45 000 machines r\u00e9parties sur plus de 200 sites en Europe, ainsi qu\u2019au Panama, au Chili et au Mexique, le groupe exploite l\u2019une des plus grandes flottes de location de plateformes \u00e9l\u00e9vatrices d\u2019Europe. Ensemble, nous ouvrons une nouvelle voie vers l\u2019avenir, fond\u00e9e sur la proximit\u00e9 avec nos clients, la qualit\u00e9 et l\u2019innovation.<\/p>\n<\/div>\n\t\t\t\t\t\t\n\t\t\t\t\t\t\t\t\t\t\t<\/div>\n\t\t\t\t<\/article>\n\t\t\t\t\t\t\t<article class=\"history-timeline__item history-timeline__item--right\">\n\t\t\t\t\t<div class=\"history-timeline__year-wrap\" aria-label=\"2023\">\n\t\t\t\t\t\t<span class=\"history-timeline__year\" aria-hidden=\"true\">2023<\/span>\n\t\t\t\t\t<\/div>\n\n\t\t\t\t\t<div class=\"history-timeline__content\">\n\t\t\t\t\t\t\n\t\t\t\t\t\t\n\t\t\t\t\t\t\t\t\t\t\t\t\t<div class=\"history-timeline__text rich-text\"><p>Changement de r\u00f4le au sein de la direction. Au 1er mai 2023, Patrick Moser reprendra la fonction de CEO du groupe Maltech.<\/p>\n<\/div>\n\t\t\t\t\t\t\n\t\t\t\t\t\t\t\t\t\t\t<\/div>\n\t\t\t\t<\/article>\n\t\t\t\t\t\t\t<article class=\"history-timeline__item history-timeline__item--left\">\n\t\t\t\t\t<div class=\"history-timeline__year-wrap\" aria-label=\"2018\">\n\t\t\t\t\t\t<span class=\"history-timeline__year\" aria-hidden=\"true\">2018<\/span>\n\t\t\t\t\t<\/div>\n\n\t\t\t\t\t<div class=\"history-timeline__content\">\n\t\t\t\t\t\t\n\t\t\t\t\t\t\n\t\t\t\t\t\t\t\t\t\t\t\t\t<div class=\"history-timeline__text rich-text\"><p>L\u2019\u00e9quipe d\u2019assistance mobile est disponible d\u00e8s maintenant dans toute la Suisse, pour des travaux de maintenance, les services et les r\u00e9parations, ind\u00e9pendamment des marques. Service de piquet 24\/7 compris.<\/p>\n<\/div>\n\t\t\t\t\t\t\n\t\t\t\t\t\t\t\t\t\t\t<\/div>\n\t\t\t\t<\/article>\n\t\t\t\t\t\t\t<article class=\"history-timeline__item history-timeline__item--right\">\n\t\t\t\t\t<div class=\"history-timeline__year-wrap\" aria-label=\"2016\">\n\t\t\t\t\t\t<span class=\"history-timeline__year\" aria-hidden=\"true\">2016<\/span>\n\t\t\t\t\t<\/div>\n\n\t\t\t\t\t<div class=\"history-timeline__content\">\n\t\t\t\t\t\t\n\t\t\t\t\t\t\n\t\t\t\t\t\t\t\t\t\t\t\t\t<div class=\"history-timeline__text rich-text\"><p>Maltech f\u00eate ses 50 ans : depuis sa cr\u00e9ation, nous sommes pass\u00e9s d\u2019une entreprise artisanale r\u00e9gionale au statut de leader suisse du march\u00e9 dans le domaine des plates-formes \u00e9l\u00e9vatrices. De plus, mateco se voit d\u00e9cerner cette ann\u00e9e-l\u00e0 par un jury d&rsquo;experts renomm\u00e9 la distinction internationale \u00ab IAPA \u00bb (International Award of Powered Access) dans la cat\u00e9gorie \u00ab Training Centre of the Year \u00bb.<\/p>\n<\/div>\n\t\t\t\t\t\t\n\t\t\t\t\t\t\t\t\t\t\t<\/div>\n\t\t\t\t<\/article>\n\t\t\t\t\t\t\t<article class=\"history-timeline__item history-timeline__item--left\">\n\t\t\t\t\t<div class=\"history-timeline__year-wrap\" aria-label=\"2014\">\n\t\t\t\t\t\t<span class=\"history-timeline__year\" aria-hidden=\"true\">2014<\/span>\n\t\t\t\t\t<\/div>\n\n\t\t\t\t\t<div class=\"history-timeline__content\">\n\t\t\t\t\t\t\n\t\t\t\t\t\t\n\t\t\t\t\t\t\t\t\t\t\t\t\t<div class=\"history-timeline__text rich-text\"><p>Le nouveau centre de comp\u00e9tence de R\u00fcmlang est inaugur\u00e9 solennellement.<\/p>\n<\/div>\n\t\t\t\t\t\t\n\t\t\t\t\t\t\t\t\t\t\t<\/div>\n\t\t\t\t<\/article>\n\t\t\t\t\t\t\t<article class=\"history-timeline__item history-timeline__item--right\">\n\t\t\t\t\t<div class=\"history-timeline__year-wrap\" aria-label=\"2011\">\n\t\t\t\t\t\t<span class=\"history-timeline__year\" aria-hidden=\"true\">2011<\/span>\n\t\t\t\t\t<\/div>\n\n\t\t\t\t\t<div class=\"history-timeline__content\">\n\t\t\t\t\t\t\n\t\t\t\t\t\t\n\t\t\t\t\t\t\t\t\t\t\t\t\t<div class=\"history-timeline__text rich-text\"><p>La base strat\u00e9gique \u00abCENTRO\u00bb est inaugur\u00e9e dans la zone industrielle de H\u00e4rkingen, avec une infrastructure des superlatifs.<\/p>\n<\/div>\n\t\t\t\t\t\t\n\t\t\t\t\t\t\t\t\t\t\t<\/div>\n\t\t\t\t<\/article>\n\t\t\t\t\t\t\t<article class=\"history-timeline__item history-timeline__item--left\">\n\t\t\t\t\t<div class=\"history-timeline__year-wrap\" aria-label=\"2009\">\n\t\t\t\t\t\t<span class=\"history-timeline__year\" aria-hidden=\"true\">2009<\/span>\n\t\t\t\t\t<\/div>\n\n\t\t\t\t\t<div class=\"history-timeline__content\">\n\t\t\t\t\t\t\n\t\t\t\t\t\t\n\t\t\t\t\t\t\t\t\t\t\t\t\t<div class=\"history-timeline__text rich-text\"><p>Le 25 ao\u00fbt 2009 , l\u2019Association suisse des fournisseurs de plateformes de travail (ASFP) est fond\u00e9e \u00e0 partir du groupement Mobilift.<\/p>\n<\/div>\n\t\t\t\t\t\t\n\t\t\t\t\t\t\t\t\t\t\t<\/div>\n\t\t\t\t<\/article>\n\t\t\t\t\t\t\t<article class=\"history-timeline__item history-timeline__item--right\">\n\t\t\t\t\t<div class=\"history-timeline__year-wrap\" aria-label=\"2008\">\n\t\t\t\t\t\t<span class=\"history-timeline__year\" aria-hidden=\"true\">2008<\/span>\n\t\t\t\t\t<\/div>\n\n\t\t\t\t\t<div class=\"history-timeline__content\">\n\t\t\t\t\t\t\n\t\t\t\t\t\t\n\t\t\t\t\t\t\t\t\t\t\t\t\t<div class=\"history-timeline__text rich-text\"><p>Toutes les soci\u00e9t\u00e9s Maltech, qui \u00e9taient jusqu\u2019alors propri\u00e9t\u00e9 de la famille Hunziker et de sa holding, fusionnent pour constituer la soci\u00e9t\u00e9 anonyme mateco Z\u00fcrich AG. Toutes les filiales portent d\u00e9sormais le nom de maltech.ch AG.<\/p>\n<\/div>\n\t\t\t\t\t\t\n\t\t\t\t\t\t\t\t\t\t\t<\/div>\n\t\t\t\t<\/article>\n\t\t\t\t\t\t\t<article class=\"history-timeline__item history-timeline__item--left\">\n\t\t\t\t\t<div class=\"history-timeline__year-wrap\" aria-label=\"2007\">\n\t\t\t\t\t\t<span class=\"history-timeline__year\" aria-hidden=\"true\">2007<\/span>\n\t\t\t\t\t<\/div>\n\n\t\t\t\t\t<div class=\"history-timeline__content\">\n\t\t\t\t\t\t\n\t\t\t\t\t\t\n\t\t\t\t\t\t\t\t\t\t\t\t\t<div class=\"history-timeline__text rich-text\"><p>\u00c0 l\u2019initiative de Maltech, le groupement Mobilift voit le jour le 15.02.2017.<\/p>\n<\/div>\n\t\t\t\t\t\t\n\t\t\t\t\t\t\t\t\t\t\t<\/div>\n\t\t\t\t<\/article>\n\t\t\t\t\t\t\t<article class=\"history-timeline__item history-timeline__item--right\">\n\t\t\t\t\t<div class=\"history-timeline__year-wrap\" aria-label=\"2006\">\n\t\t\t\t\t\t<span class=\"history-timeline__year\" aria-hidden=\"true\">2006<\/span>\n\t\t\t\t\t<\/div>\n\n\t\t\t\t\t<div class=\"history-timeline__content\">\n\t\t\t\t\t\t\n\t\t\t\t\t\t\n\t\t\t\t\t\t\t\t\t\t\t\t\t<div class=\"history-timeline__text rich-text\"><p>Les v\u00e9hicules de la soci\u00e9t\u00e9 Hunziker Hebeb\u00fchnen AG portent d\u00e9sormais le logo Maltech AG. L\u2019entreprise reste toutefois totalement en mains de la famille Hunziker.<\/p>\n<\/div>\n\t\t\t\t\t\t\n\t\t\t\t\t\t\t\t\t\t\t<\/div>\n\t\t\t\t<\/article>\n\t\t\t\t\t\t\t<article class=\"history-timeline__item history-timeline__item--left\">\n\t\t\t\t\t<div class=\"history-timeline__year-wrap\" aria-label=\"1999\">\n\t\t\t\t\t\t<span class=\"history-timeline__year\" aria-hidden=\"true\">1999<\/span>\n\t\t\t\t\t<\/div>\n\n\t\t\t\t\t<div class=\"history-timeline__content\">\n\t\t\t\t\t\t\n\t\t\t\t\t\t\n\t\t\t\t\t\t\t\t\t\t\t\t\t<div class=\"history-timeline__text rich-text\"><p>La soci\u00e9t\u00e9 Hunziker Hebeb\u00fchnen AG construit \u00e0 R\u00fcmlang en l\u2019espace de quatre mois un hangar pour 20 plateformes \u00e9l\u00e9vatrices.<\/p>\n<\/div>\n\t\t\t\t\t\t\n\t\t\t\t\t\t\t\t\t\t\t<\/div>\n\t\t\t\t<\/article>\n\t\t\t\t\t\t\t<article class=\"history-timeline__item history-timeline__item--right\">\n\t\t\t\t\t<div class=\"history-timeline__year-wrap\" aria-label=\"1971\">\n\t\t\t\t\t\t<span class=\"history-timeline__year\" aria-hidden=\"true\">1971<\/span>\n\t\t\t\t\t<\/div>\n\n\t\t\t\t\t<div class=\"history-timeline__content\">\n\t\t\t\t\t\t\n\t\t\t\t\t\t\n\t\t\t\t\t\t\t\t\t\t\t\t\t<div class=\"history-timeline__text rich-text\"><p>Fondation de l\u2019organisation Maltech (Suisse) en tant que groupe d\u2019\u00e9change d\u2019exp\u00e9rience et information de ses membres sur l\u2019utilisation de plates-formes \u00e9l\u00e9vatrices hydrauliques.<\/p>\n<\/div>\n\t\t\t\t\t\t\n\t\t\t\t\t\t\t\t\t\t\t<\/div>\n\t\t\t\t<\/article>\n\t\t\t\t\t\t\t<article class=\"history-timeline__item history-timeline__item--left\">\n\t\t\t\t\t<div class=\"history-timeline__year-wrap\" aria-label=\"1966\">\n\t\t\t\t\t\t<span class=\"history-timeline__year\" aria-hidden=\"true\">1966<\/span>\n\t\t\t\t\t<\/div>\n\n\t\t\t\t\t<div class=\"history-timeline__content\">\n\t\t\t\t\t\t\n\t\t\t\t\t\t\n\t\t\t\t\t\t\t\t\t\t\t\t\t<div class=\"history-timeline__text rich-text\"><p>La soci\u00e9t\u00e9 Maltech trouve son origine en 1966 dans l&rsquo;entreprise de peinture Armin Hunziker AG \u00e0 Zurich. Les premi\u00e8res plates-formes \u00e9l\u00e9vatrices sont mises en service principalement pour r\u00e9aliser des travaux de peinture techniques, en allemand \u00ab TECHnisches MALen \u00bb. C\u2019est de l\u00e0 qu\u2019a d\u00e9coul\u00e9 plus tard le nom Maltech.<\/p>\n<\/div>\n\t\t\t\t\t\t\n\t\t\t\t\t\t\t\t\t\t\t<\/div>\n\t\t\t\t<\/article>\n\t\t\t\t\t<\/div>\n\t<\/div>\n<\/div>\n","protected":false},"excerpt":{"rendered":"","protected":false},"author":1,"featured_media":14503,"parent":6555,"menu_order":6,"comment_status":"closed","ping_status":"closed","template":"","meta":{"_acf_changed":false,"footnotes":""},"class_list":["post-6561","page","type-page","status-publish","has-post-thumbnail","hentry"],"acf":[],"yoast_head":"<title>Historique - mateco AG<\/title>\n<meta name=\"robots\" content=\"index, follow, max-snippet:-1, max-image-preview:large, max-video-preview:-1\" \/>\n<link rel=\"canonical\" href=\"https:\/\/www.mateco.ch\/fr\/societe\/historique\/\" \/>\n<meta property=\"og:locale\" content=\"fr_FR\" \/>\n<meta property=\"og:type\" content=\"article\" \/>\n<meta property=\"og:title\" content=\"Historique - mateco AG\" \/>\n<meta property=\"og:url\" content=\"https:\/\/www.mateco.ch\/fr\/societe\/historique\/\" \/>\n<meta property=\"og:site_name\" content=\"mateco AG\" \/>\n<meta property=\"article:modified_time\" content=\"2026-08-31T15:36:53+00:00\" \/>\n<meta property=\"og:image\" content=\"https:\/\/www.mateco.ch\/wp-content\/uploads\/2026\/08\/attachment-3089__maltech.jpg\" \/>\n\t<meta property=\"og:image:width\" content=\"1200\" \/>\n\t<meta property=\"og:image:height\" content=\"900\" \/>\n\t<meta property=\"og:image:type\" content=\"image\/jpeg\" \/>\n<meta name=\"twitter:card\" content=\"summary_large_image\" \/>\n<script type=\"application\/ld+json\" class=\"yoast-schema-graph\">{\"@context\":\"https:\\\/\\\/schema.org\",\"@graph\":[{\"@type\":\"WebPage\",\"@id\":\"https:\\\/\\\/www.mateco.ch\\\/fr\\\/societe\\\/historique\\\/\",\"url\":\"https:\\\/\\\/www.mateco.ch\\\/fr\\\/societe\\\/historique\\\/\",\"name\":\"Historique - mateco AG\",\"isPartOf\":{\"@id\":\"https:\\\/\\\/www.mateco.ch\\\/fr\\\/#website\"},\"primaryImageOfPage\":{\"@id\":\"https:\\\/\\\/www.mateco.ch\\\/fr\\\/societe\\\/historique\\\/#primaryimage\"},\"image\":{\"@id\":\"https:\\\/\\\/www.mateco.ch\\\/fr\\\/societe\\\/historique\\\/#primaryimage\"},\"thumbnailUrl\":\"https:\\\/\\\/www.mateco.ch\\\/wp-content\\\/uploads\\\/2026\\\/08\\\/attachment-3089__maltech.jpg\",\"datePublished\":\"2026-08-17T07:13:31+00:00\",\"dateModified\":\"2026-08-31T15:36:53+00:00\",\"breadcrumb\":{\"@id\":\"https:\\\/\\\/www.mateco.ch\\\/fr\\\/societe\\\/historique\\\/#breadcrumb\"},\"inLanguage\":\"fr-FR\",\"potentialAction\":[{\"@type\":\"ReadAction\",\"target\":[\"https:\\\/\\\/www.mateco.ch\\\/fr\\\/societe\\\/historique\\\/\"]}]},{\"@type\":\"ImageObject\",\"inLanguage\":\"fr-FR\",\"@id\":\"https:\\\/\\\/www.mateco.ch\\\/fr\\\/societe\\\/historique\\\/#primaryimage\",\"url\":\"https:\\\/\\\/www.mateco.ch\\\/wp-content\\\/uploads\\\/2026\\\/08\\\/attachment-3089__maltech.jpg\",\"contentUrl\":\"https:\\\/\\\/www.mateco.ch\\\/wp-content\\\/uploads\\\/2026\\\/08\\\/attachment-3089__maltech.jpg\",\"width\":1200,\"height\":900},{\"@type\":\"BreadcrumbList\",\"@id\":\"https:\\\/\\\/www.mateco.ch\\\/fr\\\/societe\\\/historique\\\/#breadcrumb\",\"itemListElement\":[{\"@type\":\"ListItem\",\"position\":1,\"name\":\"Home\",\"item\":\"https:\\\/\\\/www.mateco.ch\\\/fr\\\/home\\\/\"},{\"@type\":\"ListItem\",\"position\":2,\"name\":\"Soci\u00e9t\u00e9\",\"item\":\"https:\\\/\\\/www.mateco.ch\\\/fr\\\/societe\\\/\"},{\"@type\":\"ListItem\",\"position\":3,\"name\":\"Historique\"}]},{\"@type\":\"WebSite\",\"@id\":\"https:\\\/\\\/www.mateco.ch\\\/fr\\\/#website\",\"url\":\"https:\\\/\\\/www.mateco.ch\\\/fr\\\/\",\"name\":\"mateco AG\",\"description\":\"Ihr kompetenter Partner  rund um Arbeitsb\u00fchnen\",\"publisher\":{\"@id\":\"https:\\\/\\\/www.mateco.ch\\\/fr\\\/#organization\"},\"potentialAction\":[{\"@type\":\"SearchAction\",\"target\":{\"@type\":\"EntryPoint\",\"urlTemplate\":\"https:\\\/\\\/www.mateco.ch\\\/fr\\\/?s={search_term_string}\"},\"query-input\":{\"@type\":\"PropertyValueSpecification\",\"valueRequired\":true,\"valueName\":\"search_term_string\"}}],\"inLanguage\":\"fr-FR\"},{\"@type\":\"Organization\",\"@id\":\"https:\\\/\\\/www.mateco.ch\\\/fr\\\/#organization\",\"name\":\"mateco AG\",\"url\":\"https:\\\/\\\/www.mateco.ch\\\/fr\\\/\",\"logo\":{\"@type\":\"ImageObject\",\"inLanguage\":\"fr-FR\",\"@id\":\"https:\\\/\\\/www.mateco.ch\\\/fr\\\/#\\\/schema\\\/logo\\\/image\\\/\",\"url\":\"https:\\\/\\\/www.mateco.ch\\\/wp-content\\\/uploads\\\/2026\\\/07\\\/mateco_logo-scaled.png\",\"contentUrl\":\"https:\\\/\\\/www.mateco.ch\\\/wp-content\\\/uploads\\\/2026\\\/07\\\/mateco_logo-scaled.png\",\"width\":2560,\"height\":653,\"caption\":\"mateco AG\"},\"image\":{\"@id\":\"https:\\\/\\\/www.mateco.ch\\\/fr\\\/#\\\/schema\\\/logo\\\/image\\\/\"}}]}<\/script>","yoast_head_json":{"title":"Historique - mateco AG","robots":{"index":"index","follow":"follow","max-snippet":"max-snippet:-1","max-image-preview":"max-image-preview:large","max-video-preview":"max-video-preview:-1"},"canonical":"https:\/\/www.mateco.ch\/fr\/societe\/historique\/","og_locale":"fr_FR","og_type":"article","og_title":"Historique - mateco AG","og_url":"https:\/\/www.mateco.ch\/fr\/societe\/historique\/","og_site_name":"mateco AG","article_modified_time":"2026-08-31T15:36:53+00:00","og_image":[{"width":1200,"height":900,"url":"https:\/\/www.mateco.ch\/wp-content\/uploads\/2026\/08\/attachment-3089__maltech.jpg","type":"image\/jpeg"}],"twitter_card":"summary_large_image","schema":{"@context":"https:\/\/schema.org","@graph":[{"@type":"WebPage","@id":"https:\/\/www.mateco.ch\/fr\/societe\/historique\/","url":"https:\/\/www.mateco.ch\/fr\/societe\/historique\/","name":"Historique - mateco AG","isPartOf":{"@id":"https:\/\/www.mateco.ch\/fr\/#website"},"primaryImageOfPage":{"@id":"https:\/\/www.mateco.ch\/fr\/societe\/historique\/#primaryimage"},"image":{"@id":"https:\/\/www.mateco.ch\/fr\/societe\/historique\/#primaryimage"},"thumbnailUrl":"https:\/\/www.mateco.ch\/wp-content\/uploads\/2026\/08\/attachment-3089__maltech.jpg","datePublished":"2026-08-17T07:13:31+00:00","dateModified":"2026-08-31T15:36:53+00:00","breadcrumb":{"@id":"https:\/\/www.mateco.ch\/fr\/societe\/historique\/#breadcrumb"},"inLanguage":"fr-FR","potentialAction":[{"@type":"ReadAction","target":["https:\/\/www.mateco.ch\/fr\/societe\/historique\/"]}]},{"@type":"ImageObject","inLanguage":"fr-FR","@id":"https:\/\/www.mateco.ch\/fr\/societe\/historique\/#primaryimage","url":"https:\/\/www.mateco.ch\/wp-content\/uploads\/2026\/08\/attachment-3089__maltech.jpg","contentUrl":"https:\/\/www.mateco.ch\/wp-content\/uploads\/2026\/08\/attachment-3089__maltech.jpg","width":1200,"height":900},{"@type":"BreadcrumbList","@id":"https:\/\/www.mateco.ch\/fr\/societe\/historique\/#breadcrumb","itemListElement":[{"@type":"ListItem","position":1,"name":"Home","item":"https:\/\/www.mateco.ch\/fr\/home\/"},{"@type":"ListItem","position":2,"name":"Soci\u00e9t\u00e9","item":"https:\/\/www.mateco.ch\/fr\/societe\/"},{"@type":"ListItem","position":3,"name":"Historique"}]},{"@type":"WebSite","@id":"https:\/\/www.mateco.ch\/fr\/#website","url":"https:\/\/www.mateco.ch\/fr\/","name":"mateco AG","description":"Ihr kompetenter Partner  rund um Arbeitsb\u00fchnen","publisher":{"@id":"https:\/\/www.mateco.ch\/fr\/#organization"},"potentialAction":[{"@type":"SearchAction","target":{"@type":"EntryPoint","urlTemplate":"https:\/\/www.mateco.ch\/fr\/?s={search_term_string}"},"query-input":{"@type":"PropertyValueSpecification","valueRequired":true,"valueName":"search_term_string"}}],"inLanguage":"fr-FR"},{"@type":"Organization","@id":"https:\/\/www.mateco.ch\/fr\/#organization","name":"mateco AG","url":"https:\/\/www.mateco.ch\/fr\/","logo":{"@type":"ImageObject","inLanguage":"fr-FR","@id":"https:\/\/www.mateco.ch\/fr\/#\/schema\/logo\/image\/","url":"https:\/\/www.mateco.ch\/wp-content\/uploads\/2026\/07\/mateco_logo-scaled.png","contentUrl":"https:\/\/www.mateco.ch\/wp-content\/uploads\/2026\/07\/mateco_logo-scaled.png","width":2560,"height":653,"caption":"mateco AG"},"image":{"@id":"https:\/\/www.mateco.ch\/fr\/#\/schema\/logo\/image\/"}}]}},"_links":{"self":[{"href":"https:\/\/www.mateco.ch\/fr\/wp-json\/wp\/v2\/pages\/6561","targetHints":{"allow":["GET"]}}],"collection":[{"href":"https:\/\/www.mateco.ch\/fr\/wp-json\/wp\/v2\/pages"}],"about":[{"href":"https:\/\/www.mateco.ch\/fr\/wp-json\/wp\/v2\/types\/page"}],"author":[{"embeddable":true,"href":"https:\/\/www.mateco.ch\/fr\/wp-json\/wp\/v2\/users\/1"}],"replies":[{"embeddable":true,"href":"https:\/\/www.mateco.ch\/fr\/wp-json\/wp\/v2\/comments?post=6561"}],"version-history":[{"count":25,"href":"https:\/\/www.mateco.ch\/fr\/wp-json\/wp\/v2\/pages\/6561\/revisions"}],"predecessor-version":[{"id":15134,"href":"https:\/\/www.mateco.ch\/fr\/wp-json\/wp\/v2\/pages\/6561\/revisions\/15134"}],"up":[{"embeddable":true,"href":"https:\/\/www.mateco.ch\/fr\/wp-json\/wp\/v2\/pages\/6555"}],"wp:featuredmedia":[{"embeddable":true,"href":"https:\/\/www.mateco.ch\/fr\/wp-json\/wp\/v2\/media\/14503"}],"wp:attachment":[{"href":"https:\/\/www.mateco.ch\/fr\/wp-json\/wp\/v2\/media?parent=6561"}],"curies":[{"name":"wp","href":"https:\/\/api.w.org\/{rel}","templated":true}]}}