{"id":6563,"date":"2024-02-12T09:05:08","date_gmt":"2024-02-12T08:05:08","guid":{"rendered":"https:\/\/staging.maltech.ch\/unternehmen\/nachhaltigkeit\/"},"modified":"2026-08-28T15:42:30","modified_gmt":"2026-08-28T13:42:30","slug":"responsabilite","status":"publish","type":"page","link":"https:\/\/www.mateco.ch\/fr\/societe\/responsabilite\/","title":{"rendered":"Responsabilit\u00e9"},"content":{"rendered":"<div class=\"container\">\n  <div class=\"row\">\n    <div class=\"col-md-10 offset-md-1 d-flex flex-column align-items-center text-center\">\n\n\t    \n      <h1 class=\"h1\">Notre responsabilit\u00e9<\/h1>\n\n\t            <div class=\"rich-text lead big-space-between\">\n\t\t\t    <p>Nos valeurs fondamentales sont bas\u00e9es sur le courage, le travail d&rsquo;\u00e9quipe, l&rsquo;int\u00e9grit\u00e9 &amp; le respect, tourn\u00e9 vers l&rsquo;avenir et l&rsquo;excellence. Cela vaut \u00e9galement pour notre engagement en faveur de l&rsquo;Homme et l\u2019environnement.<\/p>\n        <\/div>\n\t    \n\t    \n    <\/div>\n  <\/div>\n<\/div>\n\n<div class=\"container\">\n  <div class=\"row\">\n    <div class=\"col-md-10 offset-md-1 d-flex flex-column align-items-center text-center\">\n\n\t    \n      <h2 class=\"h2\">Tous nos objectifs tiennent compte des dimensions sociales, environnementales et \u00e9conomiques \u2013 de mani\u00e8re \u00e9quilibr\u00e9e.<\/h2>\n\n\t            <div class=\"rich-text lead big-space-between\">\n\t\t\t    <p>Nous d\u00e9finissons ces trois dimensions comme des messages dont nous assumons la responsabilit\u00e9 en interne et en externe.<\/p>\n        <\/div>\n\t    \n\t    \n    <\/div>\n  <\/div>\n<\/div>\n\n<div class=\"container\">\n\t<div class=\"row mt-n30 mt-md-n50 align-items-center \">\n\t\t\t\t\t<div class=\"mt-30 mt-md-50 col-lg-3 offset-lg-1\">\n\t\t\t\t\t\t\t\t\t\t\t\t<div class=\"rich-text    \">\n\t\t\t\t\t\t\t\t\t<p><img decoding=\"async\" src=\"\/wp-content\/uploads\/2026\/08\/maltech_Nachhaltikgeit_sozialeVerantwortung.svg\" alt=\"SVG\" \/><\/p>\n\t\t\t\t\t\t\t\t<\/div>\n\t\t\t\t\t\t\t\t\t\t\t<\/div>\n\t\t\t\t\t\t<div class=\"mt-30 mt-md-50 col-lg-7 \">\n\t\t\t\t<h2 class=\"h2  fw-700\">Notre responsabilit\u00e9 sociale<\/h2>\n\t\t\t\t\t\t\t\t<div class=\"rich-text    \">\n\t\t\t\t\t\t\t\t\t<p>Notre responsabilit\u00e9 <b>sociale<\/b> se traduit, par exemple, par l\u2019\u00e9galit\u00e9 salariale et notre offre de formation compl\u00e8te.<\/p>\n\t\t\t\t\t\t\t\t<\/div>\n\t\t\t\t\t\t\t\t\t\t\t<\/div>\n\t\t\t\t<\/div>\n<\/div>\n\n<div class=\"container\">\n\t  <div class=\"row mb-n30 mb-md-n60 facts_figures justify-content-center\">\n\t          <div class=\"col-6 col-md-4 offset-md-0 fact-with-figure rich-text text-center mb-30 mb-md-60\">\n          <p class=\"figure mb-10\" data-start=\"0\" data-end=\"5267\" data-duration=\"1600\">\n            <span><\/span>\n            <span class=\"value\"><\/span>\n            <span><\/span>\n          <\/p>\n          <p class=\"m-0\">participants aux formations en 2025<\/p>\n        <\/div>\n\t\t          <div class=\"col-6 col-md-4 offset-md-0 fact-with-figure rich-text text-center mb-30 mb-md-60\">\n          <p class=\"figure mb-10\" data-start=\"0\" data-end=\"447\" data-duration=\"1600\">\n            <span><\/span>\n            <span class=\"value\"><\/span>\n            <span><\/span>\n          <\/p>\n          <p class=\"m-0\">jours de formation en 2025 pour notre personnel<\/p>\n        <\/div>\n\t\t    <\/div>\n<\/div>\n\n\n<div class=\"container\">\n\t<div class=\"row mt-n30 mt-md-n50 align-items-center \">\n\t\t\t\t\t<div class=\"mt-30 mt-md-50 col-lg-3 offset-lg-1\">\n\t\t\t\t\t\t\t\t\t\t\t\t<div class=\"rich-text    \">\n\t\t\t\t\t\t\t\t\t<p><img decoding=\"async\" src=\"\/wp-content\/uploads\/2026\/08\/maltech_Nachhaltikgeit_oekologischesEngagement.svg\" alt=\"SVG\" \/><\/p>\n\t\t\t\t\t\t\t\t<\/div>\n\t\t\t\t\t\t\t\t\t\t\t<\/div>\n\t\t\t\t\t\t<div class=\"mt-30 mt-md-50 col-lg-7 \">\n\t\t\t\t<h2 class=\"h2  fw-700\">Notre engagement \u00e9cologique<\/h2>\n\t\t\t\t\t\t\t\t<div class=\"rich-text    \">\n\t\t\t\t\t\t\t\t\t<p>Notre engagement <b>\u00e9cologique<\/b> s\u2019exprime, par exemple, par une \u00e9conomie de papier rigoureuse et par nos installations solaires efficaces.<\/p>\n\t\t\t\t\t\t\t\t<\/div>\n\t\t\t\t\t\t\t\t\t\t\t<\/div>\n\t\t\t\t<\/div>\n<\/div>\n\n<div class=\"container\">\n\t  <div class=\"row mb-n30 mb-md-n60 facts_figures justify-content-center\">\n\t          <div class=\"col-6 col-md-4 offset-md-0 fact-with-figure rich-text text-center mb-30 mb-md-60\">\n          <p class=\"figure mb-10\" data-start=\"0\" data-end=\"70\" data-duration=\"1600\">\n            <span><\/span>\n            <span class=\"value\"><\/span>\n            <span>%<\/span>\n          <\/p>\n          <p class=\"m-0\">de notre flotte est hybride ou enti\u00e8rement \u00e9lectrique<\/p>\n        <\/div>\n\t\t          <div class=\"col-6 col-md-4 offset-md-0 fact-with-figure rich-text text-center mb-30 mb-md-60\">\n          <p class=\"figure mb-10\" data-start=\"0\" data-end=\"500\" data-duration=\"1600\">\n            <span><\/span>\n            <span class=\"value\"><\/span>\n            <span>m2<\/span>\n          <\/p>\n          <p class=\"m-0\">d\u2019installations photovolta\u00efques produisent de l&rsquo;\u00e9lectricit\u00e9 renouvelable<\/p>\n        <\/div>\n\t\t    <\/div>\n<\/div>\n\n\n<div class=\"container\">\n\t<div class=\"row mt-n30 mt-md-n50 align-items-center \">\n\t\t\t\t\t<div class=\"mt-30 mt-md-50 col-lg-3 offset-lg-1\">\n\t\t\t\t\t\t\t\t\t\t\t\t<div class=\"rich-text    \">\n\t\t\t\t\t\t\t\t\t<p><img decoding=\"async\" src=\"\/wp-content\/uploads\/2026\/08\/maltech_Nachhaltikgeit_wirtschaftlicheKompetenz.svg\" alt=\"SVG\" \/><\/p>\n\t\t\t\t\t\t\t\t<\/div>\n\t\t\t\t\t\t\t\t\t\t\t<\/div>\n\t\t\t\t\t\t<div class=\"mt-30 mt-md-50 col-lg-7 \">\n\t\t\t\t<h2 class=\"h2  fw-700\">Notre comp\u00e9tence \u00e9conomique<\/h2>\n\t\t\t\t\t\t\t\t<div class=\"rich-text    \">\n\t\t\t\t\t\t\t\t\t<p>Notre comp\u00e9tence\u00a0<b>\u00e9conomique<\/b>\u00a0se refl\u00e8te dans l\u2019achat de machines durables et dans le taux de r\u00e9investissement.<\/p>\n\t\t\t\t\t\t\t\t<\/div>\n\t\t\t\t\t\t\t\t\t\t\t<\/div>\n\t\t\t\t<\/div>\n<\/div>\n\n<div class=\"container\">\n\t  <div class=\"row mb-n30 mb-md-n60 facts_figures justify-content-center\">\n\t          <div class=\"col-6 col-md-4 offset-md-0 fact-with-figure rich-text text-center mb-30 mb-md-60\">\n          <p class=\"figure mb-10\" data-start=\"0\" data-end=\"100000\" data-duration=\"1600\">\n            <span><\/span>\n            <span class=\"value\"><\/span>\n            <span>kWh<\/span>\n          <\/p>\n          <p class=\"m-0\">d\u2019\u00e9lectrict\u00e9 solaire produits et directement inject\u00e9s<\/p>\n        <\/div>\n\t\t          <div class=\"col-6 col-md-4 offset-md-0 fact-with-figure rich-text text-center mb-30 mb-md-60\">\n          <p class=\"figure mb-10\" data-start=\"0\" data-end=\"90\" data-duration=\"1600\">\n            <span><\/span>\n            <span class=\"value\"><\/span>\n            <span>%<\/span>\n          <\/p>\n          <p class=\"m-0\">pourcent de nos factures sont num\u00e9riques<\/p>\n        <\/div>\n\t\t    <\/div>\n<\/div>\n\n\n<div class=\"container\">\n\t<div class=\"row mt-n30 mt-md-n50  \">\n\t\t\t\t\t<div class=\"mt-30 mt-md-50 col-lg-4 \">\n\t\t\t\t\t\t\t\t\t\t\t<a class=\"picture d-block\" >\n\t\t\t\t\t\t\t\t<figure>\n\t\t\t\t\t\t\t\t\t\t\t<picture>\n\t\t\t\n\t\t\t<img width=\"610\" height=\"610\" src=\"https:\/\/www.mateco.ch\/wp-content\/uploads\/2024\/03\/patrick-moser-610x610-1.jpg\" class=\"w-full h-auto\" alt=\"\" loading=\"lazy\" decoding=\"async\" srcset=\"https:\/\/www.mateco.ch\/wp-content\/uploads\/2024\/03\/patrick-moser-610x610-1.jpg 610w, https:\/\/www.mateco.ch\/wp-content\/uploads\/2024\/03\/patrick-moser-610x610-1-150x150.jpg 150w, https:\/\/www.mateco.ch\/wp-content\/uploads\/2024\/03\/patrick-moser-610x610-1-300x300.jpg 300w\" sizes=\"auto, (max-width: 610px) 100vw, 610px\" \/>\t\t<\/picture>\n\t\t\t\t\t\t\t\t\t\t\t\t\t\t\t\t\t\t\t<\/figure>\n\t\t\t\t\t\t\t<\/a>\n\t\t\t\t\t\t\t\t\t\t<\/div>\n\t\t\t\t\t\t<div class=\"mt-30 mt-md-50 col-lg-7 offset-lg-1\">\n\t\t\t\t\t\t\t\t\t\t\t\t<div class=\"rich-text    \">\n\t\t\t\t\t\t\t\t\t<div class=\"rich-text lead\">\n<p>\u00ab La responsabilit\u00e9 et le respect se refl\u00e8tent depuis de nombreuses ann\u00e9es dans nos activit\u00e9s comme entreprise. Dans le cadre du d\u00e9veloppement de notre strat\u00e9gie, nous avons d\u00e9fini des objectifs concrets de durabilit\u00e9 dont nous profiterons tous.<\/p>\n<p>Nous abordons la question de l&rsquo;engagement entrepreneurial en mati\u00e8re de durabilit\u00e9 sous trois dimensions : les aspects \u00e9cologiques, sociaux et \u00e9conomiques. Je suis fier de vous dire que plus de 70 % de notre flotte de machines de location sont hybrides ou \u00e9lectriques et que nous produisons notre courant \u00e9lectrique via des installations photovolta\u00efques. Nous organisons en outre plus de 500 jours de formation par an avec nos collaborateurs. Ce ne sont l\u00e0 que quelques-unes des mesures mises en \u0153uvre dans le cadre de notre engagement. Et nous faisons contr\u00f4ler notre engagement chaque ann\u00e9e par l\u2019agence de notation ecovadis.\u00bb<\/p>\n<p>Patrick Moser, PDG<\/p>\n<\/div>\n\t\t\t\t\t\t\t\t<\/div>\n\t\t\t\t\t\t\t\t\t\t\t<\/div>\n\t\t\t\t<\/div>\n<\/div>","protected":false},"excerpt":{"rendered":"","protected":false},"author":1,"featured_media":14503,"parent":6555,"menu_order":6,"comment_status":"closed","ping_status":"closed","template":"","meta":{"_acf_changed":false,"footnotes":""},"class_list":["post-6563","page","type-page","status-publish","has-post-thumbnail","hentry"],"acf":[],"yoast_head":"<title>Responsabilit\u00e9 - mateco AG<\/title>\n<meta name=\"robots\" content=\"index, follow, max-snippet:-1, max-image-preview:large, max-video-preview:-1\" \/>\n<link rel=\"canonical\" href=\"https:\/\/www.mateco.ch\/fr\/societe\/responsabilite\/\" \/>\n<meta property=\"og:locale\" content=\"fr_FR\" \/>\n<meta property=\"og:type\" content=\"article\" \/>\n<meta property=\"og:title\" content=\"Responsabilit\u00e9 - mateco AG\" \/>\n<meta property=\"og:url\" content=\"https:\/\/www.mateco.ch\/fr\/societe\/responsabilite\/\" \/>\n<meta property=\"og:site_name\" content=\"mateco AG\" \/>\n<meta property=\"article:modified_time\" content=\"2026-08-28T13:42:30+00:00\" \/>\n<meta property=\"og:image\" content=\"https:\/\/www.mateco.ch\/wp-content\/uploads\/2026\/08\/attachment-3089__maltech.jpg\" \/>\n\t<meta property=\"og:image:width\" content=\"1200\" \/>\n\t<meta property=\"og:image:height\" content=\"900\" \/>\n\t<meta property=\"og:image:type\" content=\"image\/jpeg\" \/>\n<meta name=\"twitter:card\" content=\"summary_large_image\" \/>\n<script type=\"application\/ld+json\" class=\"yoast-schema-graph\">{\"@context\":\"https:\\\/\\\/schema.org\",\"@graph\":[{\"@type\":\"WebPage\",\"@id\":\"https:\\\/\\\/www.mateco.ch\\\/fr\\\/societe\\\/responsabilite\\\/\",\"url\":\"https:\\\/\\\/www.mateco.ch\\\/fr\\\/societe\\\/responsabilite\\\/\",\"name\":\"Responsabilit\u00e9 - mateco AG\",\"isPartOf\":{\"@id\":\"https:\\\/\\\/www.mateco.ch\\\/fr\\\/#website\"},\"primaryImageOfPage\":{\"@id\":\"https:\\\/\\\/www.mateco.ch\\\/fr\\\/societe\\\/responsabilite\\\/#primaryimage\"},\"image\":{\"@id\":\"https:\\\/\\\/www.mateco.ch\\\/fr\\\/societe\\\/responsabilite\\\/#primaryimage\"},\"thumbnailUrl\":\"https:\\\/\\\/www.mateco.ch\\\/wp-content\\\/uploads\\\/2026\\\/08\\\/attachment-3089__maltech.jpg\",\"datePublished\":\"2024-02-12T08:05:08+00:00\",\"dateModified\":\"2026-08-28T13:42:30+00:00\",\"breadcrumb\":{\"@id\":\"https:\\\/\\\/www.mateco.ch\\\/fr\\\/societe\\\/responsabilite\\\/#breadcrumb\"},\"inLanguage\":\"fr-FR\",\"potentialAction\":[{\"@type\":\"ReadAction\",\"target\":[\"https:\\\/\\\/www.mateco.ch\\\/fr\\\/societe\\\/responsabilite\\\/\"]}]},{\"@type\":\"ImageObject\",\"inLanguage\":\"fr-FR\",\"@id\":\"https:\\\/\\\/www.mateco.ch\\\/fr\\\/societe\\\/responsabilite\\\/#primaryimage\",\"url\":\"https:\\\/\\\/www.mateco.ch\\\/wp-content\\\/uploads\\\/2026\\\/08\\\/attachment-3089__maltech.jpg\",\"contentUrl\":\"https:\\\/\\\/www.mateco.ch\\\/wp-content\\\/uploads\\\/2026\\\/08\\\/attachment-3089__maltech.jpg\",\"width\":1200,\"height\":900},{\"@type\":\"BreadcrumbList\",\"@id\":\"https:\\\/\\\/www.mateco.ch\\\/fr\\\/societe\\\/responsabilite\\\/#breadcrumb\",\"itemListElement\":[{\"@type\":\"ListItem\",\"position\":1,\"name\":\"Home\",\"item\":\"https:\\\/\\\/www.mateco.ch\\\/fr\\\/home\\\/\"},{\"@type\":\"ListItem\",\"position\":2,\"name\":\"Soci\u00e9t\u00e9\",\"item\":\"https:\\\/\\\/www.mateco.ch\\\/fr\\\/societe\\\/\"},{\"@type\":\"ListItem\",\"position\":3,\"name\":\"Responsabilit\u00e9\"}]},{\"@type\":\"WebSite\",\"@id\":\"https:\\\/\\\/www.mateco.ch\\\/fr\\\/#website\",\"url\":\"https:\\\/\\\/www.mateco.ch\\\/fr\\\/\",\"name\":\"mateco AG\",\"description\":\"Ihr kompetenter Partner  rund um Arbeitsb\u00fchnen\",\"publisher\":{\"@id\":\"https:\\\/\\\/www.mateco.ch\\\/fr\\\/#organization\"},\"potentialAction\":[{\"@type\":\"SearchAction\",\"target\":{\"@type\":\"EntryPoint\",\"urlTemplate\":\"https:\\\/\\\/www.mateco.ch\\\/fr\\\/?s={search_term_string}\"},\"query-input\":{\"@type\":\"PropertyValueSpecification\",\"valueRequired\":true,\"valueName\":\"search_term_string\"}}],\"inLanguage\":\"fr-FR\"},{\"@type\":\"Organization\",\"@id\":\"https:\\\/\\\/www.mateco.ch\\\/fr\\\/#organization\",\"name\":\"mateco AG\",\"url\":\"https:\\\/\\\/www.mateco.ch\\\/fr\\\/\",\"logo\":{\"@type\":\"ImageObject\",\"inLanguage\":\"fr-FR\",\"@id\":\"https:\\\/\\\/www.mateco.ch\\\/fr\\\/#\\\/schema\\\/logo\\\/image\\\/\",\"url\":\"https:\\\/\\\/www.mateco.ch\\\/wp-content\\\/uploads\\\/2026\\\/07\\\/mateco_logo-scaled.png\",\"contentUrl\":\"https:\\\/\\\/www.mateco.ch\\\/wp-content\\\/uploads\\\/2026\\\/07\\\/mateco_logo-scaled.png\",\"width\":2560,\"height\":653,\"caption\":\"mateco AG\"},\"image\":{\"@id\":\"https:\\\/\\\/www.mateco.ch\\\/fr\\\/#\\\/schema\\\/logo\\\/image\\\/\"}}]}<\/script>","yoast_head_json":{"title":"Responsabilit\u00e9 - mateco AG","robots":{"index":"index","follow":"follow","max-snippet":"max-snippet:-1","max-image-preview":"max-image-preview:large","max-video-preview":"max-video-preview:-1"},"canonical":"https:\/\/www.mateco.ch\/fr\/societe\/responsabilite\/","og_locale":"fr_FR","og_type":"article","og_title":"Responsabilit\u00e9 - mateco AG","og_url":"https:\/\/www.mateco.ch\/fr\/societe\/responsabilite\/","og_site_name":"mateco AG","article_modified_time":"2026-08-28T13:42:30+00:00","og_image":[{"width":1200,"height":900,"url":"https:\/\/www.mateco.ch\/wp-content\/uploads\/2026\/08\/attachment-3089__maltech.jpg","type":"image\/jpeg"}],"twitter_card":"summary_large_image","schema":{"@context":"https:\/\/schema.org","@graph":[{"@type":"WebPage","@id":"https:\/\/www.mateco.ch\/fr\/societe\/responsabilite\/","url":"https:\/\/www.mateco.ch\/fr\/societe\/responsabilite\/","name":"Responsabilit\u00e9 - mateco AG","isPartOf":{"@id":"https:\/\/www.mateco.ch\/fr\/#website"},"primaryImageOfPage":{"@id":"https:\/\/www.mateco.ch\/fr\/societe\/responsabilite\/#primaryimage"},"image":{"@id":"https:\/\/www.mateco.ch\/fr\/societe\/responsabilite\/#primaryimage"},"thumbnailUrl":"https:\/\/www.mateco.ch\/wp-content\/uploads\/2026\/08\/attachment-3089__maltech.jpg","datePublished":"2024-02-12T08:05:08+00:00","dateModified":"2026-08-28T13:42:30+00:00","breadcrumb":{"@id":"https:\/\/www.mateco.ch\/fr\/societe\/responsabilite\/#breadcrumb"},"inLanguage":"fr-FR","potentialAction":[{"@type":"ReadAction","target":["https:\/\/www.mateco.ch\/fr\/societe\/responsabilite\/"]}]},{"@type":"ImageObject","inLanguage":"fr-FR","@id":"https:\/\/www.mateco.ch\/fr\/societe\/responsabilite\/#primaryimage","url":"https:\/\/www.mateco.ch\/wp-content\/uploads\/2026\/08\/attachment-3089__maltech.jpg","contentUrl":"https:\/\/www.mateco.ch\/wp-content\/uploads\/2026\/08\/attachment-3089__maltech.jpg","width":1200,"height":900},{"@type":"BreadcrumbList","@id":"https:\/\/www.mateco.ch\/fr\/societe\/responsabilite\/#breadcrumb","itemListElement":[{"@type":"ListItem","position":1,"name":"Home","item":"https:\/\/www.mateco.ch\/fr\/home\/"},{"@type":"ListItem","position":2,"name":"Soci\u00e9t\u00e9","item":"https:\/\/www.mateco.ch\/fr\/societe\/"},{"@type":"ListItem","position":3,"name":"Responsabilit\u00e9"}]},{"@type":"WebSite","@id":"https:\/\/www.mateco.ch\/fr\/#website","url":"https:\/\/www.mateco.ch\/fr\/","name":"mateco AG","description":"Ihr kompetenter Partner  rund um Arbeitsb\u00fchnen","publisher":{"@id":"https:\/\/www.mateco.ch\/fr\/#organization"},"potentialAction":[{"@type":"SearchAction","target":{"@type":"EntryPoint","urlTemplate":"https:\/\/www.mateco.ch\/fr\/?s={search_term_string}"},"query-input":{"@type":"PropertyValueSpecification","valueRequired":true,"valueName":"search_term_string"}}],"inLanguage":"fr-FR"},{"@type":"Organization","@id":"https:\/\/www.mateco.ch\/fr\/#organization","name":"mateco AG","url":"https:\/\/www.mateco.ch\/fr\/","logo":{"@type":"ImageObject","inLanguage":"fr-FR","@id":"https:\/\/www.mateco.ch\/fr\/#\/schema\/logo\/image\/","url":"https:\/\/www.mateco.ch\/wp-content\/uploads\/2026\/07\/mateco_logo-scaled.png","contentUrl":"https:\/\/www.mateco.ch\/wp-content\/uploads\/2026\/07\/mateco_logo-scaled.png","width":2560,"height":653,"caption":"mateco AG"},"image":{"@id":"https:\/\/www.mateco.ch\/fr\/#\/schema\/logo\/image\/"}}]}},"_links":{"self":[{"href":"https:\/\/www.mateco.ch\/fr\/wp-json\/wp\/v2\/pages\/6563","targetHints":{"allow":["GET"]}}],"collection":[{"href":"https:\/\/www.mateco.ch\/fr\/wp-json\/wp\/v2\/pages"}],"about":[{"href":"https:\/\/www.mateco.ch\/fr\/wp-json\/wp\/v2\/types\/page"}],"author":[{"embeddable":true,"href":"https:\/\/www.mateco.ch\/fr\/wp-json\/wp\/v2\/users\/1"}],"replies":[{"embeddable":true,"href":"https:\/\/www.mateco.ch\/fr\/wp-json\/wp\/v2\/comments?post=6563"}],"version-history":[{"count":135,"href":"https:\/\/www.mateco.ch\/fr\/wp-json\/wp\/v2\/pages\/6563\/revisions"}],"predecessor-version":[{"id":15140,"href":"https:\/\/www.mateco.ch\/fr\/wp-json\/wp\/v2\/pages\/6563\/revisions\/15140"}],"up":[{"embeddable":true,"href":"https:\/\/www.mateco.ch\/fr\/wp-json\/wp\/v2\/pages\/6555"}],"wp:featuredmedia":[{"embeddable":true,"href":"https:\/\/www.mateco.ch\/fr\/wp-json\/wp\/v2\/media\/14503"}],"wp:attachment":[{"href":"https:\/\/www.mateco.ch\/fr\/wp-json\/wp\/v2\/media?parent=6563"}],"curies":[{"name":"wp","href":"https:\/\/api.w.org\/{rel}","templated":true}]}}