{"id":10171,"date":"2024-05-14T08:44:23","date_gmt":"2024-05-14T06:44:23","guid":{"rendered":"https:\/\/www.maltech.ch\/?post_type=references&#038;p=10171"},"modified":"2025-01-06T10:30:32","modified_gmt":"2025-01-06T09:30:32","slug":"nettoyage-zurich-haegni","status":"publish","type":"references","link":"https:\/\/www.mateco.ch\/fr\/societe\/references\/nettoyage-zurich-haegni\/","title":{"rendered":"Nettoyage, Zurich"},"content":{"rendered":"<div class=\"container global-content-styles\">\n\n\t<div class=\"button-group d-inline-flex mt-0 mb-30\">\n\t<a href=\"\/fr\/societe-2\/references\/\" target=\"\" title=\"Retour aux r\u00e9sultats\" class=\"btn btn-primary btn-bg-mateco_red \" >\n\n  <i class=\"icon-chevron\"><\/i>\n      <span class=\"btn-text\">Retour aux r\u00e9sultats<\/span>\n  \n  \n<\/a>\n<\/div>\n\t    <div class=\"reference-media\">\n              <div class=\"img-wrapper one-image\">\n\t\t\t\t\t\t<picture>\n\t\t\t\n\t\t\t<img width=\"1024\" height=\"678\" src=\"https:\/\/www.mateco.ch\/wp-content\/uploads\/2024\/10\/DSC_0094-1-1024x678.jpg\" class=\"w-full h-auto\" alt=\"\" loading=\"lazy\" decoding=\"async\" srcset=\"https:\/\/www.mateco.ch\/wp-content\/uploads\/2024\/10\/DSC_0094-1-1024x678.jpg 1024w, https:\/\/www.mateco.ch\/wp-content\/uploads\/2024\/10\/DSC_0094-1-1536x1017.jpg 1536w, https:\/\/www.mateco.ch\/wp-content\/uploads\/2024\/10\/DSC_0094-1-2048x1356.jpg 2048w, https:\/\/www.mateco.ch\/wp-content\/uploads\/2024\/10\/DSC_0094-1-300x199.jpg 300w, https:\/\/www.mateco.ch\/wp-content\/uploads\/2024\/10\/DSC_0094-1-768x509.jpg 768w\" sizes=\"auto, (max-width: 1024px) 100vw, 1024px\" \/>\t\t<\/picture>\n\t\t        <\/div>\n      \n      <aside class=\"reference-rebrand-notice reference-rebrand-notice--detail\" aria-label=\"Note concernant le changement de raison sociale\">\n\t<span class=\"reference-rebrand-notice__eyebrow\">Maltech est mateco.<\/span>\n\t<strong class=\"reference-rebrand-notice__title\">Tout reste meilleur.<\/strong>\n<\/aside>\n    <\/div>\n\t\n\t<h1 class=\"text-md-center mt-50\">Nettoyage, Zurich<\/h1>\n\n\t    <div class=\"row\">\n      <div class=\"col-md-10 offset-md-1 col-lg-8 offset-lg-2\">\n        <div class=\"rich-text lead mb-60 mb-md-100\">\n            <p>En tant que responsable du nettoyage sp\u00e9cial chez <a href=\"http:\/\/www.haegni.ch\">H\u00e4gni AG<\/a>, Stefan Wagner (ci-dessus dans la galerie d&rsquo;images) rel\u00e8ve tous les d\u00e9fis et trouve une solution \u00e0 tout. Dans cette interview, il nous donne un aper\u00e7u de son quotidien professionnel, du nettoyage sp\u00e9cial et nous explique pourquoi le bon \u00e9quipement fait la diff\u00e9rence.<\/p>\n        <\/div>\n      <\/div>\n    <\/div>\n\t\n\t    <div class=\"row\">\n      <div class=\"col-12 mb-n40 mb-md-n60\">\n                  <div class=\"row mb-40 mb-md-60\">\n            <div class=\"text col-md-10 offset-md-1 col-lg-8 offset-lg-2\">\n\n\t<h2 >L\u2019essentiel en quelques faits et chiffres <\/h2>\n\n\t    <div class=\"rich-text big-space-between\">\n\t\t\t<ul>\n<li>H\u00e4gni AG est une entreprise familiale depuis 1981<\/li>\n<li>L&rsquo;entreprise est sp\u00e9cialis\u00e9e dans les Facility Services, le nettoyage sp\u00e9cial et la finition de la pierre.<\/li>\n<li>Elle emploie environ 250 personnes<\/li>\n<li>Collabore depuis plusieurs ann\u00e9es avec mateco<\/li>\n<li>Pour l&rsquo;intervention de sept heures \u00e0 Zurich, elle a mis\u00e9 sur un <a href=\"https:\/\/www.mateco.ch\/geraete\/mz-250\/\">\u00e9l\u00e9vateur \u00e0 nacelle sur camionnette MZ 250<\/a><\/li>\n<\/ul>\n    <\/div>\n\t\n\t\n<\/div>          <\/div>\n                  <div class=\"row mb-40 mb-md-60\">\n            <div class=\"image col-md-10 offset-md-1 col-lg-8 offset-lg-2\">\n  <a class=\"img-wrapper mx-n30 mx-lg-0\"  title=\"D\u00e9couvrir plus\" href=\"https:\/\/www.linkedin.com\/posts\/haegni-ag_haegniag-justclean-spezialreinigung-activity-7236669496940232704-TiVT\/?utm_source=share&#038;utm_medium=member_desktop\" target=\"_blank\">\n\t\t\t\t<picture>\n\t\t\t\n\t\t\t<img width=\"1024\" height=\"576\" src=\"https:\/\/www.mateco.ch\/wp-content\/uploads\/2024\/10\/V1_Thumbnail_Maltech-1024x576.png\" class=\"w-full h-auto\" alt=\"\" loading=\"lazy\" decoding=\"async\" srcset=\"https:\/\/www.mateco.ch\/wp-content\/uploads\/2024\/10\/V1_Thumbnail_Maltech-1024x576.png 1024w, https:\/\/www.mateco.ch\/wp-content\/uploads\/2024\/10\/V1_Thumbnail_Maltech-300x169.png 300w, https:\/\/www.mateco.ch\/wp-content\/uploads\/2024\/10\/V1_Thumbnail_Maltech-768x432.png 768w, https:\/\/www.mateco.ch\/wp-content\/uploads\/2024\/10\/V1_Thumbnail_Maltech-1536x864.png 1536w, https:\/\/www.mateco.ch\/wp-content\/uploads\/2024\/10\/V1_Thumbnail_Maltech-2048x1152.png 2048w\" sizes=\"auto, (max-width: 1024px) 100vw, 1024px\" \/>\t\t<\/picture>\n\t\t  <\/a>\n  <div class=\"rich-text legende mt-10\">\n    <p><\/p>\n  <\/div>\n<\/div>          <\/div>\n                  <div class=\"row mb-40 mb-md-60\">\n            <div class=\"interview col-md-10 offset-md-1 col-lg-8 offset-lg-2\">\n\t        <div class=\"rich-text\">\n          <p class=\"strong\"><strong>Monsieur Wagner, quelle est la comp\u00e9tence principale de H\u00e4gni AG ?<\/strong><\/p>\n\t\t\t\t\t<p>En plus de 40 ans, H\u00e4gni s&rsquo;est \u00e9tablie comme une entreprise de Facility Service fiable, loyale et surtout soucieuse de la qualit\u00e9. Outre le nettoyage d&rsquo;entretien, l&rsquo;affinage des pierres et l&rsquo;entretien des sols, nous sommes sp\u00e9cialis\u00e9s dans les nettoyages sp\u00e9ciaux tels que le nettoyage des fa\u00e7ades, des ascenseurs et des installations solaires ainsi que l&rsquo;\u00e9limination des graffitis.<\/p>\n        <\/div>\n\t\t\t        <div class=\"rich-text\">\n          <p class=\"strong\"><strong>Et qu&rsquo;est-ce qui caract\u00e9rise la soci\u00e9t\u00e9 H\u00e4gni AG ?<\/strong><\/p>\n\t\t\t\t\t<p>Depuis la cr\u00e9ation de l&rsquo;entreprise en 1981, la durabilit\u00e9 fait partie de notre responsabilit\u00e9 d&rsquo;entreprise. Avec notre credo \u00ab\u00a0just clean, just green\u00a0\u00bb, nous accordons une grande importance \u00e0 l&rsquo;\u00e9cologie. Mais nous sommes surtout fiers de notre culture d&rsquo;entreprise v\u00e9cue au quotidien, dont les \u00e9l\u00e9ments centraux sont l&rsquo;appr\u00e9ciation, l&rsquo;\u00e9galit\u00e9 des chances et la promotion des collaborateurs. En tant qu&rsquo;entreprise familiale, H\u00e4gni investit beaucoup dans ce domaine, ce qui porte ses fruits avec une \u00e9quipe tr\u00e8s motiv\u00e9e compos\u00e9e de collaborateurs de longue date.<\/p>\n        <\/div>\n\t\t\t        <div class=\"rich-text\">\n          <p class=\"strong\"><strong>Qu&rsquo;est-ce qui vous passionne dans votre travail ?<\/strong><\/p>\n\t\t\t\t\t<p>Depuis 25 ans, je travaille avec grand plaisir dans le secteur du nettoyage. Un secteur souvent sous-estim\u00e9 en termes de diversit\u00e9 et de d\u00e9veloppement. J&rsquo;appr\u00e9cie particuli\u00e8rement les succ\u00e8s toujours visibles et le contact intensif avec nos collaborateurs et nos clients. Chez H\u00e4gni, c&rsquo;est surtout la force d&rsquo;innovation qui m&rsquo;enthousiasme &#8211; que ce soit dans la num\u00e9risation ou dans les appareils et les produits.<\/p>\n        <\/div>\n\t\t\t        <div class=\"rich-text\">\n          <p class=\"strong\"><strong>Quelle \u00e9tait la mission concr\u00e8te de la soci\u00e9t\u00e9 Immobilien AG Riesbach ?<\/strong><\/p>\n\t\t\t\t\t<p>Le nettoyage int\u00e9rieur et ext\u00e9rieur d&rsquo;un ascenseur de verre. Ce qui semblait assez simple au d\u00e9part s&rsquo;est av\u00e9r\u00e9 \u00eatre un v\u00e9ritable d\u00e9fi en raison de l&rsquo;\u00e9troitesse de la cour int\u00e9rieure. Heureusement, la plate-forme \u00e9l\u00e9vatrice correspondante de mateco \u00e9tait id\u00e9ale pour cette mission.<\/p>\n        <\/div>\n\t\t\t        <div class=\"rich-text\">\n          <p class=\"strong\"><strong>Comment s&rsquo;est d\u00e9roul\u00e9e l&rsquo;intervention ? Y a-t-il eu des d\u00e9fis ?<\/strong><\/p>\n\t\t\t\t\t<p>L&rsquo;espace disponible n&rsquo;\u00e9tait pas le seul d\u00e9fi \u00e0 relever. La cour avec l&rsquo;ascenseur central se trouvait directement entre deux immeubles et deux rues, ce qui a n\u00e9cessit\u00e9 plusieurs autorisations pour une fermeture temporaire. Parall\u00e8lement, nous avons d\u00fb informer \u00e0 temps les locataires du parking. Bref, la planification a \u00e9t\u00e9 tr\u00e8s laborieuse, mais c&rsquo;est pr\u00e9cis\u00e9ment ce qui fait notre force. Au final, nous avons men\u00e9 \u00e0 bien le nettoyage en quelques heures.<\/p>\n        <\/div>\n\t\t\t        <div class=\"rich-text\">\n          <p class=\"strong\"><strong>Comment s&rsquo;est pass\u00e9e la collaboration avec les locataires et le voisinage ? <\/strong><\/p>\n\t\t\t\t\t<p>Toutes les personnes concern\u00e9es se sont montr\u00e9es extr\u00eamement coop\u00e9ratives et serviables &#8211; ce qui ne va pas de soi lorsqu&rsquo;il s&rsquo;agit de d\u00e9gager des places de parking.<\/p>\n        <\/div>\n\t\t\t        <div class=\"rich-text\">\n          <p class=\"strong\"><strong>Pourquoi avoir lou\u00e9 une plate-forme \u00e9l\u00e9vatrice chez mateco pour une mission de nettoyage ?<\/strong><\/p>\n\t\t\t\t\t<p>Lorsque nous avons besoin d&rsquo;une plate-forme \u00e9l\u00e9vatrice, nous travaillons volontiers avec mateco depuis des ann\u00e9es. Avec leur grand choix de machines ultramodernes, ils ont la solution adapt\u00e9e \u00e0 chaque utilisation. Et c&rsquo;est pratique.<\/p>\n        <\/div>\n\t\t\t        <div class=\"rich-text\">\n          <p class=\"strong\"><strong>Pourquoi avez-vous choisi un \u00e9l\u00e9vateur \u00e0 nacelle sur camionnette ?<\/strong><\/p>\n\t\t\t\t\t<p>D&rsquo;une part en raison du faible encombrement, d&rsquo;autre part pour des raisons de co\u00fbts. Et il ne faut pas oublier : L&rsquo;utilisation des machines est extr\u00eamement simple.<\/p>\n        <\/div>\n\t\t\t        <div class=\"rich-text\">\n          <p class=\"strong\"><strong>Et la collaboration avec mateco ? Qu&rsquo;est-ce qui vous vient spontan\u00e9ment \u00e0 l&rsquo;esprit ?<\/strong><\/p>\n\t\t\t\t\t<p>Avant tout des collaborateurs comp\u00e9tents et un service de pointe. Ils viennent toujours voir l&rsquo;intervention sur place avant de faire une offre &#8211; et celle-ci arrive toujours tr\u00e8s rapidement.<\/p>\n        <\/div>\n\t\t\t<\/div>          <\/div>\n                  <div class=\"row mb-40 mb-md-60\">\n            <div class=\"cta-team col-12\">\n\n  \n  <div class=\"bg-yellow\">\n\t  \t  <div class=\"cta-team d-flex flex-column flex-md-row\">\n      <div class=\"img-wrapper\">\n\t\t  <img width=\"610\" height=\"610\" src=\"https:\/\/www.mateco.ch\/wp-content\/uploads\/2024\/03\/dietmar-sauerbeck-610x610-1.jpg\" class=\"h-100\" alt=\"\" loading=\"lazy\" decoding=\"async\" srcset=\"https:\/\/www.mateco.ch\/wp-content\/uploads\/2024\/03\/dietmar-sauerbeck-610x610-1.jpg 610w, https:\/\/www.mateco.ch\/wp-content\/uploads\/2024\/03\/dietmar-sauerbeck-610x610-1-150x150.jpg 150w, https:\/\/www.mateco.ch\/wp-content\/uploads\/2024\/03\/dietmar-sauerbeck-610x610-1-300x300.jpg 300w\" sizes=\"auto, (max-width: 610px) 100vw, 610px\" \/>    <\/div>\n  \t<div class=\"content p-20 p-md-40 p-lg-60 yellow d-flex align-items-center flex-fill\">\n    <div>\n\t    <h3 class=\"mb-10\">Chef de projet<\/h3>\n      <div class=\"rich-text\">\n                <p><span class=\"fw-700\">Dietmar Sauerbeck, <\/span>Chef de projet<\/p>\n      <\/div>\n\t    <div class=\"button-group d-flex flex-column flex-lg-row mt-30\">\n\t<a href=\"mailto:projektleiter-ost@mateco.ch\" target=\"\" title=\"projektleiter-ost@mateco.ch\" class=\"btn btn-bg-mateco_red \" >\n\n  <i class=\"icon-mail\"><\/i>\n      <span class=\"btn-text\">projektleiter-ost@mateco.ch<\/span>\n  \n  \n<\/a>\n<a href=\"tel:0448187061\" target=\"\" title=\"044 818 70 61\" class=\"btn btn-bg-blue \" >\n\n  <i class=\"icon-phone\"><\/i>\n      <span class=\"btn-text\">044 818 70 61<\/span>\n  \n  \n<\/a>\n<\/div>    <\/div>\n\t<\/div>\n<\/div>\n  <\/div>\n<\/div>          <\/div>\n              <\/div>\n    <\/div>\n\t\n<\/div>\n","protected":false},"excerpt":{"rendered":"<p>En tant que responsable du nettoyage sp\u00e9cial chez H\u00e4gni AG, Stefan Wagner rel\u00e8ve tous les d\u00e9fis et trouve une solution \u00e0 tout. Dans cette interview, il nous donne un aper\u00e7u de son quotidien professionnel, du nettoyage sp\u00e9cial et nous explique pourquoi le bon \u00e9quipement fait la diff\u00e9rence.<\/p>\n","protected":false},"featured_media":10174,"template":"","application_areas_category":[104],"class_list":["post-10171","references","type-references","status-publish","has-post-thumbnail","hentry","application_areas_category-reinigung-fr"],"acf":[],"yoast_head":"<title>Nettoyage, Zurich - mateco AG<\/title>\n<meta name=\"description\" content=\"En tant que responsable du nettoyage sp\u00e9cial chez H\u00e4gni AG, Stefan Wagner trouve une solution \u00e0 tout. Dans cette interview, il nous donne un aper\u00e7u de son quotidien professionnel, du nettoyage sp\u00e9cial et nous explique pourquoi le bon \u00e9quipement fait la diff\u00e9rence.\" \/>\n<meta name=\"robots\" content=\"index, follow, max-snippet:-1, max-image-preview:large, max-video-preview:-1\" \/>\n<link rel=\"canonical\" href=\"https:\/\/www.mateco.ch\/fr\/societe\/references\/nettoyage-zurich-haegni\/\" \/>\n<meta property=\"og:locale\" content=\"fr_FR\" \/>\n<meta property=\"og:type\" content=\"article\" \/>\n<meta property=\"og:title\" content=\"Nettoyage, Zurich - mateco AG\" \/>\n<meta property=\"og:description\" content=\"En tant que responsable du nettoyage sp\u00e9cial chez H\u00e4gni AG, Stefan Wagner trouve une solution \u00e0 tout. Dans cette interview, il nous donne un aper\u00e7u de son quotidien professionnel, du nettoyage sp\u00e9cial et nous explique pourquoi le bon \u00e9quipement fait la diff\u00e9rence.\" \/>\n<meta property=\"og:url\" content=\"https:\/\/www.mateco.ch\/fr\/societe\/references\/nettoyage-zurich-haegni\/\" \/>\n<meta property=\"og:site_name\" content=\"mateco AG\" \/>\n<meta property=\"article:modified_time\" content=\"2025-01-06T09:30:32+00:00\" \/>\n<meta property=\"og:image\" content=\"https:\/\/www.mateco.ch\/wp-content\/uploads\/2024\/10\/DSC_0094-1-scaled.jpg\" \/>\n\t<meta property=\"og:image:width\" content=\"2560\" \/>\n\t<meta property=\"og:image:height\" content=\"1696\" \/>\n\t<meta property=\"og:image:type\" content=\"image\/jpeg\" \/>\n<meta name=\"twitter:card\" content=\"summary_large_image\" \/>\n<script type=\"application\/ld+json\" class=\"yoast-schema-graph\">{\"@context\":\"https:\\\/\\\/schema.org\",\"@graph\":[{\"@type\":\"WebPage\",\"@id\":\"https:\\\/\\\/www.mateco.ch\\\/fr\\\/societe\\\/references\\\/nettoyage-zurich-haegni\\\/\",\"url\":\"https:\\\/\\\/www.mateco.ch\\\/fr\\\/societe\\\/references\\\/nettoyage-zurich-haegni\\\/\",\"name\":\"Nettoyage, Zurich - mateco AG\",\"isPartOf\":{\"@id\":\"https:\\\/\\\/www.mateco.ch\\\/fr\\\/#website\"},\"primaryImageOfPage\":{\"@id\":\"https:\\\/\\\/www.mateco.ch\\\/fr\\\/societe\\\/references\\\/nettoyage-zurich-haegni\\\/#primaryimage\"},\"image\":{\"@id\":\"https:\\\/\\\/www.mateco.ch\\\/fr\\\/societe\\\/references\\\/nettoyage-zurich-haegni\\\/#primaryimage\"},\"thumbnailUrl\":\"https:\\\/\\\/www.mateco.ch\\\/wp-content\\\/uploads\\\/2024\\\/10\\\/DSC_0094-1-scaled.jpg\",\"datePublished\":\"2024-05-14T06:44:23+00:00\",\"dateModified\":\"2025-01-06T09:30:32+00:00\",\"description\":\"En tant que responsable du nettoyage sp\u00e9cial chez H\u00e4gni AG, Stefan Wagner trouve une solution \u00e0 tout. Dans cette interview, il nous donne un aper\u00e7u de son quotidien professionnel, du nettoyage sp\u00e9cial et nous explique pourquoi le bon \u00e9quipement fait la diff\u00e9rence.\",\"breadcrumb\":{\"@id\":\"https:\\\/\\\/www.mateco.ch\\\/fr\\\/societe\\\/references\\\/nettoyage-zurich-haegni\\\/#breadcrumb\"},\"inLanguage\":\"fr-FR\",\"potentialAction\":[{\"@type\":\"ReadAction\",\"target\":[\"https:\\\/\\\/www.mateco.ch\\\/fr\\\/societe\\\/references\\\/nettoyage-zurich-haegni\\\/\"]}]},{\"@type\":\"ImageObject\",\"inLanguage\":\"fr-FR\",\"@id\":\"https:\\\/\\\/www.mateco.ch\\\/fr\\\/societe\\\/references\\\/nettoyage-zurich-haegni\\\/#primaryimage\",\"url\":\"https:\\\/\\\/www.mateco.ch\\\/wp-content\\\/uploads\\\/2024\\\/10\\\/DSC_0094-1-scaled.jpg\",\"contentUrl\":\"https:\\\/\\\/www.mateco.ch\\\/wp-content\\\/uploads\\\/2024\\\/10\\\/DSC_0094-1-scaled.jpg\",\"width\":2560,\"height\":1696},{\"@type\":\"BreadcrumbList\",\"@id\":\"https:\\\/\\\/www.mateco.ch\\\/fr\\\/societe\\\/references\\\/nettoyage-zurich-haegni\\\/#breadcrumb\",\"itemListElement\":[{\"@type\":\"ListItem\",\"position\":1,\"name\":\"Home\",\"item\":\"https:\\\/\\\/www.mateco.ch\\\/fr\\\/home\\\/\"},{\"@type\":\"ListItem\",\"position\":2,\"name\":\"Nettoyage, Zurich\"}]},{\"@type\":\"WebSite\",\"@id\":\"https:\\\/\\\/www.mateco.ch\\\/fr\\\/#website\",\"url\":\"https:\\\/\\\/www.mateco.ch\\\/fr\\\/\",\"name\":\"mateco AG\",\"description\":\"Ihr kompetenter Partner  rund um Arbeitsb\u00fchnen\",\"publisher\":{\"@id\":\"https:\\\/\\\/www.mateco.ch\\\/fr\\\/#organization\"},\"potentialAction\":[{\"@type\":\"SearchAction\",\"target\":{\"@type\":\"EntryPoint\",\"urlTemplate\":\"https:\\\/\\\/www.mateco.ch\\\/fr\\\/?s={search_term_string}\"},\"query-input\":{\"@type\":\"PropertyValueSpecification\",\"valueRequired\":true,\"valueName\":\"search_term_string\"}}],\"inLanguage\":\"fr-FR\"},{\"@type\":\"Organization\",\"@id\":\"https:\\\/\\\/www.mateco.ch\\\/fr\\\/#organization\",\"name\":\"mateco AG\",\"url\":\"https:\\\/\\\/www.mateco.ch\\\/fr\\\/\",\"logo\":{\"@type\":\"ImageObject\",\"inLanguage\":\"fr-FR\",\"@id\":\"https:\\\/\\\/www.mateco.ch\\\/fr\\\/#\\\/schema\\\/logo\\\/image\\\/\",\"url\":\"https:\\\/\\\/www.mateco.ch\\\/wp-content\\\/uploads\\\/2026\\\/07\\\/mateco_logo-scaled.png\",\"contentUrl\":\"https:\\\/\\\/www.mateco.ch\\\/wp-content\\\/uploads\\\/2026\\\/07\\\/mateco_logo-scaled.png\",\"width\":2560,\"height\":653,\"caption\":\"mateco AG\"},\"image\":{\"@id\":\"https:\\\/\\\/www.mateco.ch\\\/fr\\\/#\\\/schema\\\/logo\\\/image\\\/\"}}]}<\/script>","yoast_head_json":{"title":"Nettoyage, Zurich - mateco AG","description":"En tant que responsable du nettoyage sp\u00e9cial chez H\u00e4gni AG, Stefan Wagner trouve une solution \u00e0 tout. Dans cette interview, il nous donne un aper\u00e7u de son quotidien professionnel, du nettoyage sp\u00e9cial et nous explique pourquoi le bon \u00e9quipement fait la diff\u00e9rence.","robots":{"index":"index","follow":"follow","max-snippet":"max-snippet:-1","max-image-preview":"max-image-preview:large","max-video-preview":"max-video-preview:-1"},"canonical":"https:\/\/www.mateco.ch\/fr\/societe\/references\/nettoyage-zurich-haegni\/","og_locale":"fr_FR","og_type":"article","og_title":"Nettoyage, Zurich - mateco AG","og_description":"En tant que responsable du nettoyage sp\u00e9cial chez H\u00e4gni AG, Stefan Wagner trouve une solution \u00e0 tout. Dans cette interview, il nous donne un aper\u00e7u de son quotidien professionnel, du nettoyage sp\u00e9cial et nous explique pourquoi le bon \u00e9quipement fait la diff\u00e9rence.","og_url":"https:\/\/www.mateco.ch\/fr\/societe\/references\/nettoyage-zurich-haegni\/","og_site_name":"mateco AG","article_modified_time":"2025-01-06T09:30:32+00:00","og_image":[{"width":2560,"height":1696,"url":"https:\/\/www.mateco.ch\/wp-content\/uploads\/2024\/10\/DSC_0094-1-scaled.jpg","type":"image\/jpeg"}],"twitter_card":"summary_large_image","schema":{"@context":"https:\/\/schema.org","@graph":[{"@type":"WebPage","@id":"https:\/\/www.mateco.ch\/fr\/societe\/references\/nettoyage-zurich-haegni\/","url":"https:\/\/www.mateco.ch\/fr\/societe\/references\/nettoyage-zurich-haegni\/","name":"Nettoyage, Zurich - mateco AG","isPartOf":{"@id":"https:\/\/www.mateco.ch\/fr\/#website"},"primaryImageOfPage":{"@id":"https:\/\/www.mateco.ch\/fr\/societe\/references\/nettoyage-zurich-haegni\/#primaryimage"},"image":{"@id":"https:\/\/www.mateco.ch\/fr\/societe\/references\/nettoyage-zurich-haegni\/#primaryimage"},"thumbnailUrl":"https:\/\/www.mateco.ch\/wp-content\/uploads\/2024\/10\/DSC_0094-1-scaled.jpg","datePublished":"2024-05-14T06:44:23+00:00","dateModified":"2025-01-06T09:30:32+00:00","description":"En tant que responsable du nettoyage sp\u00e9cial chez H\u00e4gni AG, Stefan Wagner trouve une solution \u00e0 tout. Dans cette interview, il nous donne un aper\u00e7u de son quotidien professionnel, du nettoyage sp\u00e9cial et nous explique pourquoi le bon \u00e9quipement fait la diff\u00e9rence.","breadcrumb":{"@id":"https:\/\/www.mateco.ch\/fr\/societe\/references\/nettoyage-zurich-haegni\/#breadcrumb"},"inLanguage":"fr-FR","potentialAction":[{"@type":"ReadAction","target":["https:\/\/www.mateco.ch\/fr\/societe\/references\/nettoyage-zurich-haegni\/"]}]},{"@type":"ImageObject","inLanguage":"fr-FR","@id":"https:\/\/www.mateco.ch\/fr\/societe\/references\/nettoyage-zurich-haegni\/#primaryimage","url":"https:\/\/www.mateco.ch\/wp-content\/uploads\/2024\/10\/DSC_0094-1-scaled.jpg","contentUrl":"https:\/\/www.mateco.ch\/wp-content\/uploads\/2024\/10\/DSC_0094-1-scaled.jpg","width":2560,"height":1696},{"@type":"BreadcrumbList","@id":"https:\/\/www.mateco.ch\/fr\/societe\/references\/nettoyage-zurich-haegni\/#breadcrumb","itemListElement":[{"@type":"ListItem","position":1,"name":"Home","item":"https:\/\/www.mateco.ch\/fr\/home\/"},{"@type":"ListItem","position":2,"name":"Nettoyage, Zurich"}]},{"@type":"WebSite","@id":"https:\/\/www.mateco.ch\/fr\/#website","url":"https:\/\/www.mateco.ch\/fr\/","name":"mateco AG","description":"Ihr kompetenter Partner  rund um Arbeitsb\u00fchnen","publisher":{"@id":"https:\/\/www.mateco.ch\/fr\/#organization"},"potentialAction":[{"@type":"SearchAction","target":{"@type":"EntryPoint","urlTemplate":"https:\/\/www.mateco.ch\/fr\/?s={search_term_string}"},"query-input":{"@type":"PropertyValueSpecification","valueRequired":true,"valueName":"search_term_string"}}],"inLanguage":"fr-FR"},{"@type":"Organization","@id":"https:\/\/www.mateco.ch\/fr\/#organization","name":"mateco AG","url":"https:\/\/www.mateco.ch\/fr\/","logo":{"@type":"ImageObject","inLanguage":"fr-FR","@id":"https:\/\/www.mateco.ch\/fr\/#\/schema\/logo\/image\/","url":"https:\/\/www.mateco.ch\/wp-content\/uploads\/2026\/07\/mateco_logo-scaled.png","contentUrl":"https:\/\/www.mateco.ch\/wp-content\/uploads\/2026\/07\/mateco_logo-scaled.png","width":2560,"height":653,"caption":"mateco AG"},"image":{"@id":"https:\/\/www.mateco.ch\/fr\/#\/schema\/logo\/image\/"}}]}},"_links":{"self":[{"href":"https:\/\/www.mateco.ch\/fr\/wp-json\/wp\/v2\/references\/10171","targetHints":{"allow":["GET"]}}],"collection":[{"href":"https:\/\/www.mateco.ch\/fr\/wp-json\/wp\/v2\/references"}],"about":[{"href":"https:\/\/www.mateco.ch\/fr\/wp-json\/wp\/v2\/types\/references"}],"version-history":[{"count":8,"href":"https:\/\/www.mateco.ch\/fr\/wp-json\/wp\/v2\/references\/10171\/revisions"}],"predecessor-version":[{"id":10752,"href":"https:\/\/www.mateco.ch\/fr\/wp-json\/wp\/v2\/references\/10171\/revisions\/10752"}],"wp:featuredmedia":[{"embeddable":true,"href":"https:\/\/www.mateco.ch\/fr\/wp-json\/wp\/v2\/media\/10174"}],"wp:attachment":[{"href":"https:\/\/www.mateco.ch\/fr\/wp-json\/wp\/v2\/media?parent=10171"}],"wp:term":[{"taxonomy":"application_areas_category","embeddable":true,"href":"https:\/\/www.mateco.ch\/fr\/wp-json\/wp\/v2\/application_areas_category?post=10171"}],"curies":[{"name":"wp","href":"https:\/\/api.w.org\/{rel}","templated":true}]}}