{"id":11213,"date":"2025-01-06T11:16:00","date_gmt":"2025-01-06T10:16:00","guid":{"rendered":"https:\/\/www.maltech.ch\/?post_type=references&#038;p=11213"},"modified":"2025-03-20T13:48:16","modified_gmt":"2025-03-20T12:48:16","slug":"formation-faro-bern","status":"publish","type":"references","link":"https:\/\/www.mateco.ch\/fr\/societe\/references\/formation-faro-bern\/","title":{"rendered":"Formation, Berne"},"content":{"rendered":"<div class=\"container global-content-styles\">\n\n\t<div class=\"button-group d-inline-flex mt-0 mb-30\">\n\t<a href=\"\/fr\/societe-2\/references\/\" target=\"\" title=\"Retour aux r\u00e9sultats\" class=\"btn btn-primary btn-bg-mateco_red \" >\n\n  <i class=\"icon-chevron\"><\/i>\n      <span class=\"btn-text\">Retour aux r\u00e9sultats<\/span>\n  \n  \n<\/a>\n<\/div>\n\t    <div class=\"reference-media\">\n              <div class=\"position-relative swiper-maltech-style reference-detail-slider\">\n          <div class=\"swiper news-header-swiper\">\n            <div class=\"swiper-wrapper\">\n                              <div class=\"swiper-slide\">\n                                      <div class=\"img-wrapper\">\n                      \t\t<picture>\n\t\t\t\n\t\t\t<img width=\"1024\" height=\"577\" src=\"https:\/\/www.mateco.ch\/wp-content\/uploads\/2025\/03\/Bild-Schulung-FARO_6_bearbeitet-1024x577.jpg\" class=\"w-full h-auto\" alt=\"\" loading=\"lazy\" decoding=\"async\" srcset=\"https:\/\/www.mateco.ch\/wp-content\/uploads\/2025\/03\/Bild-Schulung-FARO_6_bearbeitet-1024x577.jpg 1024w, https:\/\/www.mateco.ch\/wp-content\/uploads\/2025\/03\/Bild-Schulung-FARO_6_bearbeitet-300x169.jpg 300w, https:\/\/www.mateco.ch\/wp-content\/uploads\/2025\/03\/Bild-Schulung-FARO_6_bearbeitet-768x433.jpg 768w, https:\/\/www.mateco.ch\/wp-content\/uploads\/2025\/03\/Bild-Schulung-FARO_6_bearbeitet.jpg 1386w\" sizes=\"auto, (max-width: 1024px) 100vw, 1024px\" \/>\t\t<\/picture>\n\t\t                    <\/div>\n                                  <\/div>\n                              <div class=\"swiper-slide\">\n                                      <div class=\"img-wrapper\">\n                      \t\t<picture>\n\t\t\t\n\t\t\t<img width=\"1024\" height=\"577\" src=\"https:\/\/www.mateco.ch\/wp-content\/uploads\/2025\/03\/Bild-Schulung-FARO_1_bearbeitet-1024x577.jpg\" class=\"w-full h-auto\" alt=\"\" loading=\"lazy\" decoding=\"async\" srcset=\"https:\/\/www.mateco.ch\/wp-content\/uploads\/2025\/03\/Bild-Schulung-FARO_1_bearbeitet-1024x577.jpg 1024w, https:\/\/www.mateco.ch\/wp-content\/uploads\/2025\/03\/Bild-Schulung-FARO_1_bearbeitet-300x169.jpg 300w, https:\/\/www.mateco.ch\/wp-content\/uploads\/2025\/03\/Bild-Schulung-FARO_1_bearbeitet-768x433.jpg 768w, https:\/\/www.mateco.ch\/wp-content\/uploads\/2025\/03\/Bild-Schulung-FARO_1_bearbeitet.jpg 1386w\" sizes=\"auto, (max-width: 1024px) 100vw, 1024px\" \/>\t\t<\/picture>\n\t\t                    <\/div>\n                                  <\/div>\n                              <div class=\"swiper-slide\">\n                                      <div class=\"img-wrapper\">\n                      \t\t<picture>\n\t\t\t\n\t\t\t<img width=\"577\" height=\"1024\" src=\"https:\/\/www.mateco.ch\/wp-content\/uploads\/2025\/03\/Bild-Schulung-FARO_5_bearbeitet-577x1024.jpg\" class=\"w-full h-auto\" alt=\"\" loading=\"lazy\" decoding=\"async\" srcset=\"https:\/\/www.mateco.ch\/wp-content\/uploads\/2025\/03\/Bild-Schulung-FARO_5_bearbeitet-577x1024.jpg 577w, https:\/\/www.mateco.ch\/wp-content\/uploads\/2025\/03\/Bild-Schulung-FARO_5_bearbeitet-169x300.jpg 169w, https:\/\/www.mateco.ch\/wp-content\/uploads\/2025\/03\/Bild-Schulung-FARO_5_bearbeitet-768x1363.jpg 768w, https:\/\/www.mateco.ch\/wp-content\/uploads\/2025\/03\/Bild-Schulung-FARO_5_bearbeitet.jpg 781w\" sizes=\"auto, (max-width: 577px) 100vw, 577px\" \/>\t\t<\/picture>\n\t\t                    <\/div>\n                                  <\/div>\n                              <div class=\"swiper-slide\">\n                                      <div class=\"img-wrapper\">\n                      \t\t<picture>\n\t\t\t\n\t\t\t<img width=\"577\" height=\"1024\" src=\"https:\/\/www.mateco.ch\/wp-content\/uploads\/2025\/03\/Bild-Schulung-FARO_4_bearbeitet-577x1024.jpg\" class=\"w-full h-auto\" alt=\"\" loading=\"lazy\" decoding=\"async\" srcset=\"https:\/\/www.mateco.ch\/wp-content\/uploads\/2025\/03\/Bild-Schulung-FARO_4_bearbeitet-577x1024.jpg 577w, https:\/\/www.mateco.ch\/wp-content\/uploads\/2025\/03\/Bild-Schulung-FARO_4_bearbeitet-169x300.jpg 169w, https:\/\/www.mateco.ch\/wp-content\/uploads\/2025\/03\/Bild-Schulung-FARO_4_bearbeitet-768x1363.jpg 768w, https:\/\/www.mateco.ch\/wp-content\/uploads\/2025\/03\/Bild-Schulung-FARO_4_bearbeitet.jpg 781w\" sizes=\"auto, (max-width: 577px) 100vw, 577px\" \/>\t\t<\/picture>\n\t\t                    <\/div>\n                                  <\/div>\n                              <div class=\"swiper-slide\">\n                                      <div class=\"img-wrapper\">\n                      \t\t<picture>\n\t\t\t\n\t\t\t<img width=\"1024\" height=\"635\" src=\"https:\/\/www.mateco.ch\/wp-content\/uploads\/2025\/03\/Bild-Schulung-FARO_2_bearbeitet-e1741881820624-1024x635.jpg\" class=\"w-full h-auto\" alt=\"\" loading=\"lazy\" decoding=\"async\" srcset=\"https:\/\/www.mateco.ch\/wp-content\/uploads\/2025\/03\/Bild-Schulung-FARO_2_bearbeitet-e1741881820624-1024x635.jpg 1024w, https:\/\/www.mateco.ch\/wp-content\/uploads\/2025\/03\/Bild-Schulung-FARO_2_bearbeitet-e1741881820624-300x186.jpg 300w, https:\/\/www.mateco.ch\/wp-content\/uploads\/2025\/03\/Bild-Schulung-FARO_2_bearbeitet-e1741881820624-768x476.jpg 768w, https:\/\/www.mateco.ch\/wp-content\/uploads\/2025\/03\/Bild-Schulung-FARO_2_bearbeitet-e1741881820624.jpg 1137w\" sizes=\"auto, (max-width: 1024px) 100vw, 1024px\" \/>\t\t<\/picture>\n\t\t                    <\/div>\n                                  <\/div>\n                              <div class=\"swiper-slide\">\n                                      <div class=\"img-wrapper\">\n                      \t\t<picture>\n\t\t\t\n\t\t\t<img width=\"577\" height=\"1024\" src=\"https:\/\/www.mateco.ch\/wp-content\/uploads\/2025\/03\/Bild-Schulung-FARO_7_bearbeitet-577x1024.jpg\" class=\"w-full h-auto\" alt=\"\" loading=\"lazy\" decoding=\"async\" srcset=\"https:\/\/www.mateco.ch\/wp-content\/uploads\/2025\/03\/Bild-Schulung-FARO_7_bearbeitet-577x1024.jpg 577w, https:\/\/www.mateco.ch\/wp-content\/uploads\/2025\/03\/Bild-Schulung-FARO_7_bearbeitet-169x300.jpg 169w, https:\/\/www.mateco.ch\/wp-content\/uploads\/2025\/03\/Bild-Schulung-FARO_7_bearbeitet-768x1363.jpg 768w, https:\/\/www.mateco.ch\/wp-content\/uploads\/2025\/03\/Bild-Schulung-FARO_7_bearbeitet.jpg 781w\" sizes=\"auto, (max-width: 577px) 100vw, 577px\" \/>\t\t<\/picture>\n\t\t                    <\/div>\n                                  <\/div>\n                          <\/div>\n            <div class=\"swiper-pagination\"><\/div>\n          <\/div>\n          <div class=\"swiper-prev swiper-nav-btn news-header-swiper-btn\"><\/div>\n          <div class=\"swiper-next swiper-nav-btn news-header-swiper-btn\"><\/div>\n        <\/div>\n      \n      <aside class=\"reference-rebrand-notice reference-rebrand-notice--detail\" aria-label=\"Note concernant le changement de raison sociale\">\n\t<span class=\"reference-rebrand-notice__eyebrow\">Maltech est mateco.<\/span>\n\t<strong class=\"reference-rebrand-notice__title\">Tout reste meilleur.<\/strong>\n<\/aside>\n    <\/div>\n\t\n\t<h1 class=\"text-md-center mt-50\">Formation, Berne<\/h1>\n\n\t    <div class=\"row\">\n      <div class=\"col-md-10 offset-md-1 col-lg-8 offset-lg-2\">\n        <div class=\"rich-text lead mb-60 mb-md-100\">\n            <p>L&rsquo;\u00e9quipe de FARO Facility Services SA s&rsquo;est r\u00e9unie \u00e0 Berne pour une formation pratique sur les \u00e9l\u00e9vateurs \u00e0 nacelle. Pourquoi une formation r\u00e9guli\u00e8re est-elle indispensable ? Markus Fankhauser, chef d&rsquo;intervention nettoyage sp\u00e9cial &amp; charg\u00e9 de s\u00e9curit\u00e9, nous donne un aper\u00e7u passionnant.<\/p>\n        <\/div>\n      <\/div>\n    <\/div>\n\t\n\t    <div class=\"row\">\n      <div class=\"col-12 mb-n40 mb-md-n60\">\n                  <div class=\"row mb-40 mb-md-60\">\n            <div class=\"text col-md-10 offset-md-1 col-lg-8 offset-lg-2\">\n\n\t<h2 >L\u2019essentiel en quelques faits et chiffres <\/h2>\n\n\t    <div class=\"rich-text big-space-between\">\n\t\t\t<ul>\n<li>Depuis 1982<a href=\"https:\/\/www.faro.ch\/home\">, FARO <\/a>propose des services fiables en mati\u00e8re de propret\u00e9 et de pr\u00e9servation de la valeur.<\/li>\n<li>Cela comprend une offre compl\u00e8te de Facility Services, de prestations de nettoyage, de pr\u00e9servation de la valeur et de FM<\/li>\n<li>Lieu de formation : Berne<\/li>\n<li>Contenu de la formation : Utilisation s\u00fbre, possibilit\u00e9s d&rsquo;utilisation et maintenance des \u00e9l\u00e9vateurs \u00e0 nacelle<\/li>\n<li>Particularit\u00e9s de la formation : Formation pratique ax\u00e9e sur la s\u00e9curit\u00e9 au travail<\/li>\n<\/ul>\n    <\/div>\n\t\n\t\n<\/div>          <\/div>\n                  <div class=\"row mb-40 mb-md-60\">\n            <div class=\"interview col-md-10 offset-md-1 col-lg-8 offset-lg-2\">\n\t        <div class=\"rich-text\">\n          <p class=\"strong\"><strong>Markus Fankhauser, qu&rsquo;est-ce qui est particuli\u00e8rement important pour vous lorsque vous travaillez avec des \u00e9l\u00e9vateurs \u00e0 nacelle ?<\/strong><\/p>\n\t\t\t\t\t<p>La s\u00e9curit\u00e9 au travail est une priorit\u00e9 absolue. Nous sommes particuli\u00e8rement attentifs \u00e0 la qualit\u00e9 des machines que nous louons chez mateco &#8211; car elle contribue directement \u00e0 la s\u00e9curit\u00e9 de nos collaborateurs.<\/p>\n        <\/div>\n\t\t\t        <div class=\"rich-text\">\n          <p class=\"strong\"><strong>Comment mettez-vous cela en \u0153uvre dans votre travail quotidien ?<\/strong><\/p>\n\t\t\t\t\t<p>Les directives de s\u00e9curit\u00e9 sont fermement int\u00e9gr\u00e9es dans nos proc\u00e9dures. De plus, nous organisons r\u00e9guli\u00e8rement des formations d&rsquo;op\u00e9rateurs pour tous les collaborateurs.<\/p>\n        <\/div>\n\t\t\t        <div class=\"rich-text\">\n          <p class=\"strong\"><strong>Quels sont les d\u00e9fis auxquels vous \u00eates confront\u00e9s en mati\u00e8re d\u2019\u00e9l\u00e9vateurs \u00e0 nacelle ?<\/strong><\/p>\n\t\t\t\t\t<p>Sans aucun doute les exigences sp\u00e9cifiques des diff\u00e9rents lieux d&rsquo;intervention. Parfois, il faut aussi r\u00e9agir rapidement &#8211; c&rsquo;est pourquoi il est essentiel pour nous d&rsquo;avoir un partenaire flexible comme mateco \u00e0 nos c\u00f4t\u00e9s.<\/p>\n        <\/div>\n\t\t\t        <div class=\"rich-text\">\n          <p class=\"strong\"><strong>Qu&rsquo;appr\u00e9ciez-vous particuli\u00e8rement dans la collaboration avec mateco ?<\/strong><\/p>\n\t\t\t\t\t<p>L&rsquo;ensemble : l&rsquo;\u00e9troite collaboration et le soutien fiable sont d\u00e9cisifs pour nous. Nous appr\u00e9cions les interlocuteurs directs pour les visites ou les demandes, ainsi que la flexibilit\u00e9 et le temps de r\u00e9action rapide de mateco.<\/p>\n        <\/div>\n\t\t\t        <div class=\"rich-text\">\n          <p class=\"strong\"><strong>Quelle est l&rsquo;importance de la formation sur les \u00e9l\u00e9vateurs \u00e0 nacelle pour vos collaborateurs ?<\/strong><\/p>\n\t\t\t\t\t<p>C&rsquo;est essentiel pour nous. Cela am\u00e9liore non seulement la s\u00e9curit\u00e9, mais aussi l&rsquo;efficacit\u00e9 de nos processus.<\/p>\n        <\/div>\n\t\t\t        <div class=\"rich-text\">\n          <p class=\"strong\"><strong>Quelle est l&rsquo;exp\u00e9rience la plus passionnante que vous ayez v\u00e9cue avec mateco ?<\/strong><\/p>\n\t\t\t\t\t<p>Nous avons d\u00e9j\u00e0 eu l&rsquo;occasion de r\u00e9aliser ensemble de nombreux projets particuliers. Et il ne faut pas oublier : J&rsquo;ai pu faire la connaissance de T\u00f6bu et de S\u00e4schu.<\/p>\n        <\/div>\n\t\t\t<\/div>          <\/div>\n                  <div class=\"row mb-40 mb-md-60\">\n            <div class=\"cta-team col-12\">\n\n  \n  <div class=\"bg-yellow\">\n\t  \t  <div class=\"cta-team d-flex flex-column flex-md-row\">\n      <div class=\"img-wrapper\">\n\t\t  <img width=\"610\" height=\"610\" src=\"https:\/\/www.mateco.ch\/wp-content\/uploads\/2024\/03\/sascha-bieri_610x610px.jpg\" class=\"h-100\" alt=\"\" loading=\"lazy\" decoding=\"async\" srcset=\"https:\/\/www.mateco.ch\/wp-content\/uploads\/2024\/03\/sascha-bieri_610x610px.jpg 610w, https:\/\/www.mateco.ch\/wp-content\/uploads\/2024\/03\/sascha-bieri_610x610px-150x150.jpg 150w, https:\/\/www.mateco.ch\/wp-content\/uploads\/2024\/03\/sascha-bieri_610x610px-300x300.jpg 300w\" sizes=\"auto, (max-width: 610px) 100vw, 610px\" \/>    <\/div>\n  \t<div class=\"content p-20 p-md-40 p-lg-60 yellow d-flex align-items-center flex-fill\">\n    <div>\n\t    <h3 class=\"mb-10\">Chef de projet<\/h3>\n      <div class=\"rich-text\">\n                <p><span class=\"fw-700\">Sascha Bieri, <\/span>Conseiller client\u00e8le<\/p>\n      <\/div>\n\t    <div class=\"button-group d-flex flex-column flex-lg-row mt-30\">\n\t<a href=\"mailto:sascha.bieri@mateco.ch\" target=\"\" title=\"sascha.bieri@mateco.ch\" class=\"btn btn-bg-mateco_red \" >\n\n  <i class=\"icon-mail\"><\/i>\n      <span class=\"btn-text\">sascha.bieri@mateco.ch<\/span>\n  \n  \n<\/a>\n<a href=\"tel:0316884011\" target=\"\" title=\"031 688 40 11\" class=\"btn btn-bg-blue \" >\n\n  <i class=\"icon-phone\"><\/i>\n      <span class=\"btn-text\">031 688 40 11<\/span>\n  \n  \n<\/a>\n<\/div>    <\/div>\n\t<\/div>\n<\/div>\n  <\/div>\n<\/div>          <\/div>\n              <\/div>\n    <\/div>\n\t\n<\/div>\n","protected":false},"excerpt":{"rendered":"<p>L&rsquo;\u00e9quipe de FARO Facility Services SA s&rsquo;est r\u00e9unie \u00e0 Berne pour une formation pratique sur les \u00e9l\u00e9vateurs \u00e0 nacelle. Pourquoi une formation r\u00e9guli\u00e8re est-elle indispensable ? Markus Fankhauser, chef d&rsquo;intervention nettoyage sp\u00e9cial &#038; charg\u00e9 de s\u00e9curit\u00e9, nous donne un aper\u00e7u passionnant.<\/p>\n","protected":false},"featured_media":11218,"template":"","application_areas_category":[106],"class_list":["post-11213","references","type-references","status-publish","has-post-thumbnail","hentry","application_areas_category-facility-management-und-gebaeudetechnik-fr"],"acf":[],"yoast_head":"<title>Formation, Berne - mateco AG<\/title>\n<meta name=\"description\" content=\"L&#039;\u00e9quipe de FARO Facility Services SA s&#039;est r\u00e9unie \u00e0 Berne pour une formation pratique sur les \u00e9l\u00e9vateurs \u00e0 nacelle. Pourquoi une formation r\u00e9guli\u00e8re est-elle indispensable ? Markus Fankhauser, chef d&#039;intervention nettoyage sp\u00e9cial &amp; charg\u00e9 de s\u00e9curit\u00e9, nous donne un aper\u00e7u passionnant.\" \/>\n<meta name=\"robots\" content=\"index, follow, max-snippet:-1, max-image-preview:large, max-video-preview:-1\" \/>\n<link rel=\"canonical\" href=\"https:\/\/www.mateco.ch\/fr\/societe\/references\/formation-faro-bern\/\" \/>\n<meta property=\"og:locale\" content=\"fr_FR\" \/>\n<meta property=\"og:type\" content=\"article\" \/>\n<meta property=\"og:title\" content=\"Formation, Berne - mateco AG\" \/>\n<meta property=\"og:description\" content=\"L&#039;\u00e9quipe de FARO Facility Services SA s&#039;est r\u00e9unie \u00e0 Berne pour une formation pratique sur les \u00e9l\u00e9vateurs \u00e0 nacelle. Pourquoi une formation r\u00e9guli\u00e8re est-elle indispensable ? Markus Fankhauser, chef d&#039;intervention nettoyage sp\u00e9cial &amp; charg\u00e9 de s\u00e9curit\u00e9, nous donne un aper\u00e7u passionnant.\" \/>\n<meta property=\"og:url\" content=\"https:\/\/www.mateco.ch\/fr\/societe\/references\/formation-faro-bern\/\" \/>\n<meta property=\"og:site_name\" content=\"mateco AG\" \/>\n<meta property=\"article:modified_time\" content=\"2025-03-20T12:48:16+00:00\" \/>\n<meta property=\"og:image\" content=\"https:\/\/www.mateco.ch\/wp-content\/uploads\/2025\/03\/Bild-Schulung-FARO_2_bearbeitet-e1741881820624.jpg\" \/>\n\t<meta property=\"og:image:width\" content=\"1137\" \/>\n\t<meta property=\"og:image:height\" content=\"705\" \/>\n\t<meta property=\"og:image:type\" content=\"image\/jpeg\" \/>\n<meta name=\"twitter:card\" content=\"summary_large_image\" \/>\n<script type=\"application\/ld+json\" class=\"yoast-schema-graph\">{\"@context\":\"https:\\\/\\\/schema.org\",\"@graph\":[{\"@type\":\"WebPage\",\"@id\":\"https:\\\/\\\/www.mateco.ch\\\/fr\\\/societe\\\/references\\\/formation-faro-bern\\\/\",\"url\":\"https:\\\/\\\/www.mateco.ch\\\/fr\\\/societe\\\/references\\\/formation-faro-bern\\\/\",\"name\":\"Formation, Berne - mateco AG\",\"isPartOf\":{\"@id\":\"https:\\\/\\\/www.mateco.ch\\\/fr\\\/#website\"},\"primaryImageOfPage\":{\"@id\":\"https:\\\/\\\/www.mateco.ch\\\/fr\\\/societe\\\/references\\\/formation-faro-bern\\\/#primaryimage\"},\"image\":{\"@id\":\"https:\\\/\\\/www.mateco.ch\\\/fr\\\/societe\\\/references\\\/formation-faro-bern\\\/#primaryimage\"},\"thumbnailUrl\":\"https:\\\/\\\/www.mateco.ch\\\/wp-content\\\/uploads\\\/2025\\\/03\\\/Bild-Schulung-FARO_2_bearbeitet-e1741881820624.jpg\",\"datePublished\":\"2025-01-06T10:16:00+00:00\",\"dateModified\":\"2025-03-20T12:48:16+00:00\",\"description\":\"L'\u00e9quipe de FARO Facility Services SA s'est r\u00e9unie \u00e0 Berne pour une formation pratique sur les \u00e9l\u00e9vateurs \u00e0 nacelle. Pourquoi une formation r\u00e9guli\u00e8re est-elle indispensable ? Markus Fankhauser, chef d'intervention nettoyage sp\u00e9cial & charg\u00e9 de s\u00e9curit\u00e9, nous donne un aper\u00e7u passionnant.\",\"breadcrumb\":{\"@id\":\"https:\\\/\\\/www.mateco.ch\\\/fr\\\/societe\\\/references\\\/formation-faro-bern\\\/#breadcrumb\"},\"inLanguage\":\"fr-FR\",\"potentialAction\":[{\"@type\":\"ReadAction\",\"target\":[\"https:\\\/\\\/www.mateco.ch\\\/fr\\\/societe\\\/references\\\/formation-faro-bern\\\/\"]}]},{\"@type\":\"ImageObject\",\"inLanguage\":\"fr-FR\",\"@id\":\"https:\\\/\\\/www.mateco.ch\\\/fr\\\/societe\\\/references\\\/formation-faro-bern\\\/#primaryimage\",\"url\":\"https:\\\/\\\/www.mateco.ch\\\/wp-content\\\/uploads\\\/2025\\\/03\\\/Bild-Schulung-FARO_2_bearbeitet-e1741881820624.jpg\",\"contentUrl\":\"https:\\\/\\\/www.mateco.ch\\\/wp-content\\\/uploads\\\/2025\\\/03\\\/Bild-Schulung-FARO_2_bearbeitet-e1741881820624.jpg\",\"width\":1137,\"height\":705},{\"@type\":\"BreadcrumbList\",\"@id\":\"https:\\\/\\\/www.mateco.ch\\\/fr\\\/societe\\\/references\\\/formation-faro-bern\\\/#breadcrumb\",\"itemListElement\":[{\"@type\":\"ListItem\",\"position\":1,\"name\":\"Home\",\"item\":\"https:\\\/\\\/www.mateco.ch\\\/fr\\\/home\\\/\"},{\"@type\":\"ListItem\",\"position\":2,\"name\":\"Formation, Berne\"}]},{\"@type\":\"WebSite\",\"@id\":\"https:\\\/\\\/www.mateco.ch\\\/fr\\\/#website\",\"url\":\"https:\\\/\\\/www.mateco.ch\\\/fr\\\/\",\"name\":\"mateco AG\",\"description\":\"Ihr kompetenter Partner  rund um Arbeitsb\u00fchnen\",\"publisher\":{\"@id\":\"https:\\\/\\\/www.mateco.ch\\\/fr\\\/#organization\"},\"potentialAction\":[{\"@type\":\"SearchAction\",\"target\":{\"@type\":\"EntryPoint\",\"urlTemplate\":\"https:\\\/\\\/www.mateco.ch\\\/fr\\\/?s={search_term_string}\"},\"query-input\":{\"@type\":\"PropertyValueSpecification\",\"valueRequired\":true,\"valueName\":\"search_term_string\"}}],\"inLanguage\":\"fr-FR\"},{\"@type\":\"Organization\",\"@id\":\"https:\\\/\\\/www.mateco.ch\\\/fr\\\/#organization\",\"name\":\"mateco AG\",\"url\":\"https:\\\/\\\/www.mateco.ch\\\/fr\\\/\",\"logo\":{\"@type\":\"ImageObject\",\"inLanguage\":\"fr-FR\",\"@id\":\"https:\\\/\\\/www.mateco.ch\\\/fr\\\/#\\\/schema\\\/logo\\\/image\\\/\",\"url\":\"https:\\\/\\\/www.mateco.ch\\\/wp-content\\\/uploads\\\/2026\\\/07\\\/mateco_logo-scaled.png\",\"contentUrl\":\"https:\\\/\\\/www.mateco.ch\\\/wp-content\\\/uploads\\\/2026\\\/07\\\/mateco_logo-scaled.png\",\"width\":2560,\"height\":653,\"caption\":\"mateco AG\"},\"image\":{\"@id\":\"https:\\\/\\\/www.mateco.ch\\\/fr\\\/#\\\/schema\\\/logo\\\/image\\\/\"}}]}<\/script>","yoast_head_json":{"title":"Formation, Berne - mateco AG","description":"L'\u00e9quipe de FARO Facility Services SA s'est r\u00e9unie \u00e0 Berne pour une formation pratique sur les \u00e9l\u00e9vateurs \u00e0 nacelle. Pourquoi une formation r\u00e9guli\u00e8re est-elle indispensable ? Markus Fankhauser, chef d'intervention nettoyage sp\u00e9cial & charg\u00e9 de s\u00e9curit\u00e9, nous donne un aper\u00e7u passionnant.","robots":{"index":"index","follow":"follow","max-snippet":"max-snippet:-1","max-image-preview":"max-image-preview:large","max-video-preview":"max-video-preview:-1"},"canonical":"https:\/\/www.mateco.ch\/fr\/societe\/references\/formation-faro-bern\/","og_locale":"fr_FR","og_type":"article","og_title":"Formation, Berne - mateco AG","og_description":"L'\u00e9quipe de FARO Facility Services SA s'est r\u00e9unie \u00e0 Berne pour une formation pratique sur les \u00e9l\u00e9vateurs \u00e0 nacelle. Pourquoi une formation r\u00e9guli\u00e8re est-elle indispensable ? Markus Fankhauser, chef d'intervention nettoyage sp\u00e9cial & charg\u00e9 de s\u00e9curit\u00e9, nous donne un aper\u00e7u passionnant.","og_url":"https:\/\/www.mateco.ch\/fr\/societe\/references\/formation-faro-bern\/","og_site_name":"mateco AG","article_modified_time":"2025-03-20T12:48:16+00:00","og_image":[{"width":1137,"height":705,"url":"https:\/\/www.mateco.ch\/wp-content\/uploads\/2025\/03\/Bild-Schulung-FARO_2_bearbeitet-e1741881820624.jpg","type":"image\/jpeg"}],"twitter_card":"summary_large_image","schema":{"@context":"https:\/\/schema.org","@graph":[{"@type":"WebPage","@id":"https:\/\/www.mateco.ch\/fr\/societe\/references\/formation-faro-bern\/","url":"https:\/\/www.mateco.ch\/fr\/societe\/references\/formation-faro-bern\/","name":"Formation, Berne - mateco AG","isPartOf":{"@id":"https:\/\/www.mateco.ch\/fr\/#website"},"primaryImageOfPage":{"@id":"https:\/\/www.mateco.ch\/fr\/societe\/references\/formation-faro-bern\/#primaryimage"},"image":{"@id":"https:\/\/www.mateco.ch\/fr\/societe\/references\/formation-faro-bern\/#primaryimage"},"thumbnailUrl":"https:\/\/www.mateco.ch\/wp-content\/uploads\/2025\/03\/Bild-Schulung-FARO_2_bearbeitet-e1741881820624.jpg","datePublished":"2025-01-06T10:16:00+00:00","dateModified":"2025-03-20T12:48:16+00:00","description":"L'\u00e9quipe de FARO Facility Services SA s'est r\u00e9unie \u00e0 Berne pour une formation pratique sur les \u00e9l\u00e9vateurs \u00e0 nacelle. Pourquoi une formation r\u00e9guli\u00e8re est-elle indispensable ? Markus Fankhauser, chef d'intervention nettoyage sp\u00e9cial & charg\u00e9 de s\u00e9curit\u00e9, nous donne un aper\u00e7u passionnant.","breadcrumb":{"@id":"https:\/\/www.mateco.ch\/fr\/societe\/references\/formation-faro-bern\/#breadcrumb"},"inLanguage":"fr-FR","potentialAction":[{"@type":"ReadAction","target":["https:\/\/www.mateco.ch\/fr\/societe\/references\/formation-faro-bern\/"]}]},{"@type":"ImageObject","inLanguage":"fr-FR","@id":"https:\/\/www.mateco.ch\/fr\/societe\/references\/formation-faro-bern\/#primaryimage","url":"https:\/\/www.mateco.ch\/wp-content\/uploads\/2025\/03\/Bild-Schulung-FARO_2_bearbeitet-e1741881820624.jpg","contentUrl":"https:\/\/www.mateco.ch\/wp-content\/uploads\/2025\/03\/Bild-Schulung-FARO_2_bearbeitet-e1741881820624.jpg","width":1137,"height":705},{"@type":"BreadcrumbList","@id":"https:\/\/www.mateco.ch\/fr\/societe\/references\/formation-faro-bern\/#breadcrumb","itemListElement":[{"@type":"ListItem","position":1,"name":"Home","item":"https:\/\/www.mateco.ch\/fr\/home\/"},{"@type":"ListItem","position":2,"name":"Formation, Berne"}]},{"@type":"WebSite","@id":"https:\/\/www.mateco.ch\/fr\/#website","url":"https:\/\/www.mateco.ch\/fr\/","name":"mateco AG","description":"Ihr kompetenter Partner  rund um Arbeitsb\u00fchnen","publisher":{"@id":"https:\/\/www.mateco.ch\/fr\/#organization"},"potentialAction":[{"@type":"SearchAction","target":{"@type":"EntryPoint","urlTemplate":"https:\/\/www.mateco.ch\/fr\/?s={search_term_string}"},"query-input":{"@type":"PropertyValueSpecification","valueRequired":true,"valueName":"search_term_string"}}],"inLanguage":"fr-FR"},{"@type":"Organization","@id":"https:\/\/www.mateco.ch\/fr\/#organization","name":"mateco AG","url":"https:\/\/www.mateco.ch\/fr\/","logo":{"@type":"ImageObject","inLanguage":"fr-FR","@id":"https:\/\/www.mateco.ch\/fr\/#\/schema\/logo\/image\/","url":"https:\/\/www.mateco.ch\/wp-content\/uploads\/2026\/07\/mateco_logo-scaled.png","contentUrl":"https:\/\/www.mateco.ch\/wp-content\/uploads\/2026\/07\/mateco_logo-scaled.png","width":2560,"height":653,"caption":"mateco AG"},"image":{"@id":"https:\/\/www.mateco.ch\/fr\/#\/schema\/logo\/image\/"}}]}},"_links":{"self":[{"href":"https:\/\/www.mateco.ch\/fr\/wp-json\/wp\/v2\/references\/11213","targetHints":{"allow":["GET"]}}],"collection":[{"href":"https:\/\/www.mateco.ch\/fr\/wp-json\/wp\/v2\/references"}],"about":[{"href":"https:\/\/www.mateco.ch\/fr\/wp-json\/wp\/v2\/types\/references"}],"version-history":[{"count":6,"href":"https:\/\/www.mateco.ch\/fr\/wp-json\/wp\/v2\/references\/11213\/revisions"}],"predecessor-version":[{"id":11320,"href":"https:\/\/www.mateco.ch\/fr\/wp-json\/wp\/v2\/references\/11213\/revisions\/11320"}],"wp:featuredmedia":[{"embeddable":true,"href":"https:\/\/www.mateco.ch\/fr\/wp-json\/wp\/v2\/media\/11218"}],"wp:attachment":[{"href":"https:\/\/www.mateco.ch\/fr\/wp-json\/wp\/v2\/media?parent=11213"}],"wp:term":[{"taxonomy":"application_areas_category","embeddable":true,"href":"https:\/\/www.mateco.ch\/fr\/wp-json\/wp\/v2\/application_areas_category?post=11213"}],"curies":[{"name":"wp","href":"https:\/\/api.w.org\/{rel}","templated":true}]}}