{"id":11390,"date":"2025-01-06T11:17:00","date_gmt":"2025-01-06T10:17:00","guid":{"rendered":"https:\/\/www.maltech.ch\/?post_type=references&#038;p=11390"},"modified":"2026-09-01T09:02:41","modified_gmt":"2026-09-01T07:02:41","slug":"construction-en-bois-epf-zurich","status":"publish","type":"references","link":"https:\/\/www.mateco.ch\/fr\/societe\/references\/construction-en-bois-epf-zurich\/","title":{"rendered":"Construction en bois, EPF Zurich"},"content":{"rendered":"<div class=\"container global-content-styles\">\n\n\t<div class=\"button-group d-inline-flex mt-0 mb-30\">\n\t<a href=\"\/fr\/societe-2\/references\/\" target=\"\" title=\"Retour aux r\u00e9sultats\" class=\"btn btn-primary btn-bg-mateco_red \" >\n\n  <i class=\"icon-chevron\"><\/i>\n      <span class=\"btn-text\">Retour aux r\u00e9sultats<\/span>\n  \n  \n<\/a>\n<\/div>\n\t    <div class=\"reference-media\">\n              <div class=\"position-relative swiper-maltech-style reference-detail-slider\">\n          <div class=\"swiper news-header-swiper\">\n            <div class=\"swiper-wrapper\">\n                              <div class=\"swiper-slide\">\n                                      <div class=\"img-wrapper\">\n                      \t\t<picture>\n\t\t\t\n\t\t\t<img width=\"1024\" height=\"768\" src=\"https:\/\/www.mateco.ch\/wp-content\/uploads\/2025\/01\/Maltech_NL_Holzbalken_1600x1200_02-1024x768.jpg\" class=\"w-full h-auto\" alt=\"\" loading=\"lazy\" decoding=\"async\" srcset=\"https:\/\/www.mateco.ch\/wp-content\/uploads\/2025\/01\/Maltech_NL_Holzbalken_1600x1200_02-1024x768.jpg 1024w, https:\/\/www.mateco.ch\/wp-content\/uploads\/2025\/01\/Maltech_NL_Holzbalken_1600x1200_02-300x225.jpg 300w, https:\/\/www.mateco.ch\/wp-content\/uploads\/2025\/01\/Maltech_NL_Holzbalken_1600x1200_02-768x576.jpg 768w, https:\/\/www.mateco.ch\/wp-content\/uploads\/2025\/01\/Maltech_NL_Holzbalken_1600x1200_02-1536x1152.jpg 1536w, https:\/\/www.mateco.ch\/wp-content\/uploads\/2025\/01\/Maltech_NL_Holzbalken_1600x1200_02.jpg 1600w\" sizes=\"auto, (max-width: 1024px) 100vw, 1024px\" \/>\t\t<\/picture>\n\t\t                    <\/div>\n                                  <\/div>\n                              <div class=\"swiper-slide\">\n                                      <div class=\"img-wrapper\">\n                      \t\t<picture>\n\t\t\t\n\t\t\t<img width=\"1024\" height=\"768\" src=\"https:\/\/www.mateco.ch\/wp-content\/uploads\/2025\/04\/PHOTO-2025-03-07-12-22-18-1_bearbeitet-1024x768.jpg\" class=\"w-full h-auto\" alt=\"\" loading=\"lazy\" decoding=\"async\" srcset=\"https:\/\/www.mateco.ch\/wp-content\/uploads\/2025\/04\/PHOTO-2025-03-07-12-22-18-1_bearbeitet-1024x768.jpg 1024w, https:\/\/www.mateco.ch\/wp-content\/uploads\/2025\/04\/PHOTO-2025-03-07-12-22-18-1_bearbeitet-300x225.jpg 300w, https:\/\/www.mateco.ch\/wp-content\/uploads\/2025\/04\/PHOTO-2025-03-07-12-22-18-1_bearbeitet-768x576.jpg 768w, https:\/\/www.mateco.ch\/wp-content\/uploads\/2025\/04\/PHOTO-2025-03-07-12-22-18-1_bearbeitet-1536x1152.jpg 1536w, https:\/\/www.mateco.ch\/wp-content\/uploads\/2025\/04\/PHOTO-2025-03-07-12-22-18-1_bearbeitet.jpg 2048w\" sizes=\"auto, (max-width: 1024px) 100vw, 1024px\" \/>\t\t<\/picture>\n\t\t                    <\/div>\n                                  <\/div>\n                              <div class=\"swiper-slide\">\n                                      <div class=\"img-wrapper\">\n                      \t\t<picture>\n\t\t\t\n\t\t\t<img width=\"1024\" height=\"768\" src=\"https:\/\/www.mateco.ch\/wp-content\/uploads\/2025\/04\/PHOTO-2024-12-17-20-14-58_bearbeitet-1024x768.jpg\" class=\"w-full h-auto\" alt=\"\" loading=\"lazy\" decoding=\"async\" srcset=\"https:\/\/www.mateco.ch\/wp-content\/uploads\/2025\/04\/PHOTO-2024-12-17-20-14-58_bearbeitet-1024x768.jpg 1024w, https:\/\/www.mateco.ch\/wp-content\/uploads\/2025\/04\/PHOTO-2024-12-17-20-14-58_bearbeitet-300x225.jpg 300w, https:\/\/www.mateco.ch\/wp-content\/uploads\/2025\/04\/PHOTO-2024-12-17-20-14-58_bearbeitet-768x576.jpg 768w, https:\/\/www.mateco.ch\/wp-content\/uploads\/2025\/04\/PHOTO-2024-12-17-20-14-58_bearbeitet-1536x1152.jpg 1536w, https:\/\/www.mateco.ch\/wp-content\/uploads\/2025\/04\/PHOTO-2024-12-17-20-14-58_bearbeitet.jpg 2048w\" sizes=\"auto, (max-width: 1024px) 100vw, 1024px\" \/>\t\t<\/picture>\n\t\t                    <\/div>\n                                  <\/div>\n                              <div class=\"swiper-slide\">\n                                      <div class=\"img-wrapper\">\n                      \t\t<picture>\n\t\t\t\n\t\t\t<img width=\"1024\" height=\"768\" src=\"https:\/\/www.mateco.ch\/wp-content\/uploads\/2025\/04\/PHOTO-2025-03-07-12-22-17_bearbeitet-1024x768.jpg\" class=\"w-full h-auto\" alt=\"\" loading=\"lazy\" decoding=\"async\" srcset=\"https:\/\/www.mateco.ch\/wp-content\/uploads\/2025\/04\/PHOTO-2025-03-07-12-22-17_bearbeitet-1024x768.jpg 1024w, https:\/\/www.mateco.ch\/wp-content\/uploads\/2025\/04\/PHOTO-2025-03-07-12-22-17_bearbeitet-300x225.jpg 300w, https:\/\/www.mateco.ch\/wp-content\/uploads\/2025\/04\/PHOTO-2025-03-07-12-22-17_bearbeitet-768x576.jpg 768w, https:\/\/www.mateco.ch\/wp-content\/uploads\/2025\/04\/PHOTO-2025-03-07-12-22-17_bearbeitet-1536x1152.jpg 1536w, https:\/\/www.mateco.ch\/wp-content\/uploads\/2025\/04\/PHOTO-2025-03-07-12-22-17_bearbeitet.jpg 2048w\" sizes=\"auto, (max-width: 1024px) 100vw, 1024px\" \/>\t\t<\/picture>\n\t\t                    <\/div>\n                                  <\/div>\n                              <div class=\"swiper-slide\">\n                                      <div class=\"img-wrapper\">\n                      \t\t<picture>\n\t\t\t\n\t\t\t<img width=\"768\" height=\"1024\" src=\"https:\/\/www.mateco.ch\/wp-content\/uploads\/2025\/04\/PHOTO-2025-03-07-15-59-25-1_bearbeitet-768x1024.jpg\" class=\"w-full h-auto\" alt=\"\" loading=\"lazy\" decoding=\"async\" srcset=\"https:\/\/www.mateco.ch\/wp-content\/uploads\/2025\/04\/PHOTO-2025-03-07-15-59-25-1_bearbeitet-768x1024.jpg 768w, https:\/\/www.mateco.ch\/wp-content\/uploads\/2025\/04\/PHOTO-2025-03-07-15-59-25-1_bearbeitet-225x300.jpg 225w, https:\/\/www.mateco.ch\/wp-content\/uploads\/2025\/04\/PHOTO-2025-03-07-15-59-25-1_bearbeitet-1152x1536.jpg 1152w, https:\/\/www.mateco.ch\/wp-content\/uploads\/2025\/04\/PHOTO-2025-03-07-15-59-25-1_bearbeitet.jpg 1536w\" sizes=\"auto, (max-width: 768px) 100vw, 768px\" \/>\t\t<\/picture>\n\t\t                    <\/div>\n                                  <\/div>\n                              <div class=\"swiper-slide\">\n                                      <div class=\"img-wrapper\">\n                      \t\t<picture>\n\t\t\t\n\t\t\t<img width=\"1024\" height=\"768\" src=\"https:\/\/www.mateco.ch\/wp-content\/uploads\/2025\/04\/PHOTO-2024-12-17-16-01-29-1024x768.jpg\" class=\"w-full h-auto\" alt=\"\" loading=\"lazy\" decoding=\"async\" srcset=\"https:\/\/www.mateco.ch\/wp-content\/uploads\/2025\/04\/PHOTO-2024-12-17-16-01-29-1024x768.jpg 1024w, https:\/\/www.mateco.ch\/wp-content\/uploads\/2025\/04\/PHOTO-2024-12-17-16-01-29-300x225.jpg 300w, https:\/\/www.mateco.ch\/wp-content\/uploads\/2025\/04\/PHOTO-2024-12-17-16-01-29-768x576.jpg 768w, https:\/\/www.mateco.ch\/wp-content\/uploads\/2025\/04\/PHOTO-2024-12-17-16-01-29-1536x1152.jpg 1536w, https:\/\/www.mateco.ch\/wp-content\/uploads\/2025\/04\/PHOTO-2024-12-17-16-01-29.jpg 1600w\" sizes=\"auto, (max-width: 1024px) 100vw, 1024px\" \/>\t\t<\/picture>\n\t\t                    <\/div>\n                                  <\/div>\n                              <div class=\"swiper-slide\">\n                                      <div class=\"img-wrapper\">\n                      \t\t<picture>\n\t\t\t\n\t\t\t<img width=\"768\" height=\"1024\" src=\"https:\/\/www.mateco.ch\/wp-content\/uploads\/2025\/04\/PHOTO-2024-12-17-20-14-59-768x1024.jpg\" class=\"w-full h-auto\" alt=\"\" loading=\"lazy\" decoding=\"async\" srcset=\"https:\/\/www.mateco.ch\/wp-content\/uploads\/2025\/04\/PHOTO-2024-12-17-20-14-59-768x1024.jpg 768w, https:\/\/www.mateco.ch\/wp-content\/uploads\/2025\/04\/PHOTO-2024-12-17-20-14-59-225x300.jpg 225w, https:\/\/www.mateco.ch\/wp-content\/uploads\/2025\/04\/PHOTO-2024-12-17-20-14-59-1152x1536.jpg 1152w, https:\/\/www.mateco.ch\/wp-content\/uploads\/2025\/04\/PHOTO-2024-12-17-20-14-59.jpg 1536w\" sizes=\"auto, (max-width: 768px) 100vw, 768px\" \/>\t\t<\/picture>\n\t\t                    <\/div>\n                                  <\/div>\n                          <\/div>\n            <div class=\"swiper-pagination\"><\/div>\n          <\/div>\n          <div class=\"swiper-prev swiper-nav-btn news-header-swiper-btn\"><\/div>\n          <div class=\"swiper-next swiper-nav-btn news-header-swiper-btn\"><\/div>\n        <\/div>\n      \n      <aside class=\"reference-rebrand-notice reference-rebrand-notice--detail\" aria-label=\"Note concernant le changement de raison sociale\">\n\t<span class=\"reference-rebrand-notice__eyebrow\">Maltech est mateco.<\/span>\n\t<strong class=\"reference-rebrand-notice__title\">Tout reste meilleur.<\/strong>\n<\/aside>\n    <\/div>\n\t\n\t<h1 class=\"text-md-center mt-50\">Construction en bois, EPF Zurich<\/h1>\n\n\t    <div class=\"row\">\n      <div class=\"col-md-10 offset-md-1 col-lg-8 offset-lg-2\">\n        <div class=\"rich-text lead mb-60 mb-md-100\">\n            <p>Une planification pr\u00e9cise, un espace restreint et des plateformes de travail adapt\u00e9es &#8211; l&rsquo;intervention \u00e0 l&rsquo;EPF de Zurich a pos\u00e9 des d\u00e9fis particuliers \u00e0 <a href=\"https:\/\/beer-holzbau.ch\/\" target=\"_blank\" rel=\"noopener\">Beer Holzbau<\/a>. Le directeur d&rsquo;exploitation Stefan Beer explique comment son \u00e9quipe les ont surmont\u00e9s avec le soutien de mateco.<\/p>\n        <\/div>\n      <\/div>\n    <\/div>\n\t\n\t    <div class=\"row\">\n      <div class=\"col-12 mb-n40 mb-md-n60\">\n                  <div class=\"row mb-40 mb-md-60\">\n            <div class=\"text col-md-10 offset-md-1 col-lg-8 offset-lg-2\">\n\n\t<h2 >L\u2019essentiel en quelques faits et chiffres <\/h2>\n\n\t    <div class=\"rich-text big-space-between\">\n\t\t\t<ul>\n<li>L&rsquo;intervention de Beer Holzbau \u00e0 l&rsquo;EPF de Zurich s&rsquo;est d\u00e9roul\u00e9e de novembre 2024 \u00e0 avril 2025.<\/li>\n<li>Pour cela, il a fallu 2 <a href=\"https:\/\/www.mateco.ch\/geraete\/hr-21-h\/\">Niftylift HR21 Hybrid<\/a>, 1x <a href=\"https:\/\/www.mateco.ch\/geraete\/100-vjr\/\">Manitou 100VJR<\/a>, 1x <a href=\"https:\/\/www.mateco.ch\/geraete\/m0810je\/\">LGMG M0810JE<\/a> et 1x <a href=\"https:\/\/www.mateco.ch\/geraete\/leo-30t-plus\/\">Teupen Leo 30T Plus<\/a>.<\/li>\n<li>L&rsquo;espace restreint et la poussi\u00e8re de forage du b\u00e9ton ont constitu\u00e9 des d\u00e9fis particuliers.<\/li>\n<li>Beer Holzbau emploie 85 personnes et est consid\u00e9r\u00e9e depuis 1999 comme un pionnier de la construction durable en \u00e9l\u00e9ments de bois.<\/li>\n<\/ul>\n    <\/div>\n\t\n\t\n<\/div>          <\/div>\n                  <div class=\"row mb-40 mb-md-60\">\n            <div class=\"interview col-md-10 offset-md-1 col-lg-8 offset-lg-2\">\n\t        <div class=\"rich-text\">\n          <p class=\"strong\"><strong>Stefan, comment est n\u00e9e la collaboration entre Beer Holzbau et mateco pour ce projet ?<\/strong><\/p>\n\t\t\t\t\t<p>C&rsquo;est tr\u00e8s simple. Nous cherchions un partenaire fiable dans la r\u00e9gion de Zurich, qui travaille de mani\u00e8re flexible et propose un large choix de plateformes \u00e9l\u00e9vatrices.<\/p>\n        <\/div>\n\t\t\t        <div class=\"rich-text\">\n          <p class=\"strong\"><strong>Quelles \u00e9taient les exigences sp\u00e9cifiques de ces machines ?<\/strong><\/p>\n\t\t\t\t\t<p>Nous avions besoin de diff\u00e9rents \u00e9l\u00e9vateurs \u00e0 nacelle. Dans le b\u00e2timent, les machines devaient \u00eatre suffisamment l\u00e9g\u00e8res pour \u00eatre d\u00e9plac\u00e9es sur les planchers \u00e0 l&rsquo;aide de la grue de chantier. \u00c0 l&rsquo;ext\u00e9rieur, nous avions besoin d&rsquo;une plateforme \u00e9l\u00e9vatrice tout-terrain pour travailler \u00e0 20 m\u00e8tres de hauteur.<\/p>\n        <\/div>\n\t\t\t        <div class=\"rich-text\">\n          <p class=\"strong\"><strong>Comment le mod\u00e8le 3D a-t-il aid\u00e9 \u00e0 la planification de l&rsquo;intervention ?<\/strong><\/p>\n\t\t\t\t\t<p>Le mod\u00e8le 3D nous a aid\u00e9s \u00e0 d\u00e9terminer avec pr\u00e9cision les hauteurs et les port\u00e9es n\u00e9cessaires. Nous avons ainsi pu choisir tr\u00e8s t\u00f4t les plateformes \u00e9l\u00e9vatrices appropri\u00e9es et d\u00e9terminer leur emplacement optimal. Cette pr\u00e9paration a permis de r\u00e9duire les erreurs de planification et d&rsquo;assurer le bon d\u00e9roulement des op\u00e9rations.<\/p>\n        <\/div>\n\t\t\t        <div class=\"rich-text\">\n          <p class=\"strong\"><strong>Quels ont \u00e9t\u00e9 les d\u00e9fis rencontr\u00e9s lors de l&rsquo;utilisation des plateformes \u00e9l\u00e9vatrices ?<\/strong><\/p>\n\t\t\t\t\t<p>Nous avons mont\u00e9 de nombreuses pi\u00e8ces en acier directement \u00e0 partir de l&rsquo;\u00e9l\u00e9vateur \u00e0 nacelle. Le travail avec les machines de forage et de per\u00e7age exigeait une grande dext\u00e9rit\u00e9 et nous devions percer avec moins de force.<\/p>\n        <\/div>\n\t\t\t        <div class=\"rich-text\">\n          <p class=\"strong\"><strong>Comment votre \u00e9quipe a-t-elle utilis\u00e9 efficacement les plateformes \u00e9l\u00e9vatrices malgr\u00e9 l&rsquo;espace restreint ?<\/strong><\/p>\n\t\t\t\t\t<p>D\u00e8s le d\u00e9but, nous avons bien r\u00e9fl\u00e9chi \u00e0 l&rsquo;endroit o\u00f9 nous allions placer les plateformes avec la grue, car nous ne pouvions pas toujours les retourner dans le b\u00e2timent. Le d\u00e9roulement du montage et l&rsquo;utilisation des plateformes devaient \u00eatre parfaitement coordonn\u00e9s. Chaque \u00e9tape s&rsquo;est faite consciemment et dans le bon ordre pour que nous puissions travailler efficacement.<\/p>\n        <\/div>\n\t\t\t        <div class=\"rich-text\">\n          <p class=\"strong\"><strong>Comment l&rsquo;\u00e9quipe s&rsquo;est-elle coordonn\u00e9e avec mateco avant et pendant l&rsquo;intervention ?<\/strong><\/p>\n\t\t\t\t\t<p>La collaboration a \u00e9t\u00e9 tr\u00e8s simple. mateco a r\u00e9agi de mani\u00e8re flexible \u00e0 nos exigences de derni\u00e8re minute et a veill\u00e9 \u00e0 ce que nous ayons toujours la solution ad\u00e9quate.<\/p>\n        <\/div>\n\t\t\t        <div class=\"rich-text\">\n          <p class=\"strong\"><strong>Qu&rsquo;est-ce qui t&rsquo;a particuli\u00e8rement convaincu dans la collaboration avec mateco ?<\/strong><\/p>\n\t\t\t\t\t<p>Des conseils comp\u00e9tents et une offre vari\u00e9e de plateformes. mateco a mis \u00e0 disposition la machine optimale pour chaque d\u00e9fi.<\/p>\n        <\/div>\n\t\t\t        <div class=\"rich-text\">\n          <p class=\"strong\"><strong>Y a-t-il eu un moment particuli\u00e8rement stimulant ou excitant pendant l&rsquo;intervention ?<\/strong><\/p>\n\t\t\t\t\t<p>Oui, nous devions faire rouler les plateformes \u00e9l\u00e9vatrices \u00e0 l&rsquo;int\u00e9rieur sur un caillebotis. Pour que cela fonctionne en toute s\u00e9curit\u00e9, nous avons pos\u00e9 des plaques \u00e0 trois couches dans la zone de d\u00e9placement et avons ainsi stabilis\u00e9 le sol.<\/p>\n        <\/div>\n\t\t\t        <div class=\"rich-text\">\n          <p class=\"strong\"><strong>Quels enseignements tires-tu de ce projet pour tes futures interventions ?<\/strong><\/p>\n\t\t\t\t\t<p>Chaque intervention n\u00e9cessite une plateforme \u00e9l\u00e9vatrice parfaitement adapt\u00e9e aux besoins. Cela permet de gagner du temps et d&rsquo;\u00e9viter les surprises sur le chantier.<\/p>\n        <\/div>\n\t\t\t<\/div>          <\/div>\n                  <div class=\"row mb-40 mb-md-60\">\n            <div class=\"cta-team col-12\">\n\n  \n  <div class=\"bg-transparent\">\n\t  \t  <div class=\"cta-team d-flex flex-column flex-md-row\">\n      <div class=\"img-wrapper\">\n\t\t  <img width=\"610\" height=\"610\" src=\"https:\/\/www.mateco.ch\/wp-content\/uploads\/2023\/10\/tobias-leibundgut-610x610-1.jpg\" class=\"h-100\" alt=\"\" loading=\"lazy\" decoding=\"async\" srcset=\"https:\/\/www.mateco.ch\/wp-content\/uploads\/2023\/10\/tobias-leibundgut-610x610-1.jpg 610w, https:\/\/www.mateco.ch\/wp-content\/uploads\/2023\/10\/tobias-leibundgut-610x610-1-150x150.jpg 150w, https:\/\/www.mateco.ch\/wp-content\/uploads\/2023\/10\/tobias-leibundgut-610x610-1-300x300.jpg 300w\" sizes=\"auto, (max-width: 610px) 100vw, 610px\" \/>    <\/div>\n  \t<div class=\"content p-20 p-md-40 p-lg-60 transparent d-flex align-items-center flex-fill\">\n    <div>\n\t    <h3 class=\"mb-10\">Chef de projet<\/h3>\n      <div class=\"rich-text\">\n                <p><span class=\"fw-700\">Tobias Leibundgut, <\/span>Responsable des ateliers et de l&rsquo;infrastructure<\/p>\n      <\/div>\n\t    <div class=\"button-group d-flex flex-column flex-lg-row mt-30\">\n\t<a href=\"mailto:tobias.leibundgut@mateco.ch\" target=\"\" title=\"tobias.leibundgut@mateco.ch\" class=\"btn btn-bg-mateco_red \" >\n\n  <i class=\"icon-mail\"><\/i>\n      <span class=\"btn-text\">tobias.leibundgut@mateco.ch<\/span>\n  \n  \n<\/a>\n<a href=\"tel:0316884011\" target=\"\" title=\"031 688 40 11\" class=\"btn btn-bg-blue \" >\n\n  <i class=\"icon-phone\"><\/i>\n      <span class=\"btn-text\">031 688 40 11<\/span>\n  \n  \n<\/a>\n<\/div>    <\/div>\n\t<\/div>\n<\/div>\n  <\/div>\n<\/div>          <\/div>\n              <\/div>\n    <\/div>\n\t\n<\/div>\n","protected":false},"excerpt":{"rendered":"<p>Une planification pr\u00e9cise, un espace restreint et des \u00e9l\u00e9vateurs \u00e0 nacelle adapt\u00e9s &#8211; l&rsquo;intervention \u00e0 l&rsquo;EPF de Zurich a pos\u00e9 des d\u00e9fis particuliers \u00e0 Beer Holzbau. Le directeur d&rsquo;exploitation Stefan Beer explique comment son \u00e9quipe et mateco les ont surmont\u00e9s et pourquoi la poussi\u00e8re de b\u00e9ton est devenue un d\u00e9fi quotidien<\/p>\n","protected":false},"featured_media":11394,"template":"","application_areas_category":[109,168],"class_list":["post-11390","references","type-references","status-publish","has-post-thumbnail","hentry","application_areas_category-baubranche-fr","application_areas_category-holzbau-fr"],"acf":[],"yoast_head":"<title>Construction en bois, EPF Zurich - mateco AG<\/title>\n<meta name=\"description\" content=\"Une planification pr\u00e9cise, un espace restreint et des \u00e9l\u00e9vateurs \u00e0 nacelle adapt\u00e9s - l&#039;intervention \u00e0 l&#039;EPF de Zurich a pos\u00e9 des d\u00e9fis particuliers \u00e0 Beer Holzbau. Le directeur d&#039;exploitation Stefan Beer explique comment son \u00e9quipe et mateco les ont surmont\u00e9s et pourquoi la poussi\u00e8re de b\u00e9ton est devenue un d\u00e9fi quotidien\" \/>\n<meta name=\"robots\" content=\"index, follow, max-snippet:-1, max-image-preview:large, max-video-preview:-1\" \/>\n<link rel=\"canonical\" href=\"https:\/\/www.mateco.ch\/fr\/societe\/references\/construction-en-bois-epf-zurich\/\" \/>\n<meta property=\"og:locale\" content=\"fr_FR\" \/>\n<meta property=\"og:type\" content=\"article\" \/>\n<meta property=\"og:title\" content=\"Construction en bois, EPF Zurich - mateco AG\" \/>\n<meta property=\"og:description\" content=\"Une planification pr\u00e9cise, un espace restreint et des \u00e9l\u00e9vateurs \u00e0 nacelle adapt\u00e9s - l&#039;intervention \u00e0 l&#039;EPF de Zurich a pos\u00e9 des d\u00e9fis particuliers \u00e0 Beer Holzbau. Le directeur d&#039;exploitation Stefan Beer explique comment son \u00e9quipe et mateco les ont surmont\u00e9s et pourquoi la poussi\u00e8re de b\u00e9ton est devenue un d\u00e9fi quotidien\" \/>\n<meta property=\"og:url\" content=\"https:\/\/www.mateco.ch\/fr\/societe\/references\/construction-en-bois-epf-zurich\/\" \/>\n<meta property=\"og:site_name\" content=\"mateco AG\" \/>\n<meta property=\"article:modified_time\" content=\"2026-09-01T07:02:41+00:00\" \/>\n<meta property=\"og:image\" content=\"https:\/\/www.mateco.ch\/wp-content\/uploads\/2025\/04\/Maltech_NL_Holzbalken_1600x1200_02-e1744186426204.jpg\" \/>\n\t<meta property=\"og:image:width\" content=\"1140\" \/>\n\t<meta property=\"og:image:height\" content=\"943\" \/>\n\t<meta property=\"og:image:type\" content=\"image\/jpeg\" \/>\n<meta name=\"twitter:card\" content=\"summary_large_image\" \/>\n<script type=\"application\/ld+json\" class=\"yoast-schema-graph\">{\"@context\":\"https:\\\/\\\/schema.org\",\"@graph\":[{\"@type\":\"WebPage\",\"@id\":\"https:\\\/\\\/www.mateco.ch\\\/fr\\\/societe\\\/references\\\/construction-en-bois-epf-zurich\\\/\",\"url\":\"https:\\\/\\\/www.mateco.ch\\\/fr\\\/societe\\\/references\\\/construction-en-bois-epf-zurich\\\/\",\"name\":\"Construction en bois, EPF Zurich - mateco AG\",\"isPartOf\":{\"@id\":\"https:\\\/\\\/www.mateco.ch\\\/fr\\\/#website\"},\"primaryImageOfPage\":{\"@id\":\"https:\\\/\\\/www.mateco.ch\\\/fr\\\/societe\\\/references\\\/construction-en-bois-epf-zurich\\\/#primaryimage\"},\"image\":{\"@id\":\"https:\\\/\\\/www.mateco.ch\\\/fr\\\/societe\\\/references\\\/construction-en-bois-epf-zurich\\\/#primaryimage\"},\"thumbnailUrl\":\"https:\\\/\\\/www.mateco.ch\\\/wp-content\\\/uploads\\\/2025\\\/04\\\/Maltech_NL_Holzbalken_1600x1200_02-e1744186426204.jpg\",\"datePublished\":\"2025-01-06T10:17:00+00:00\",\"dateModified\":\"2026-09-01T07:02:41+00:00\",\"description\":\"Une planification pr\u00e9cise, un espace restreint et des \u00e9l\u00e9vateurs \u00e0 nacelle adapt\u00e9s - l'intervention \u00e0 l'EPF de Zurich a pos\u00e9 des d\u00e9fis particuliers \u00e0 Beer Holzbau. Le directeur d'exploitation Stefan Beer explique comment son \u00e9quipe et mateco les ont surmont\u00e9s et pourquoi la poussi\u00e8re de b\u00e9ton est devenue un d\u00e9fi quotidien\",\"breadcrumb\":{\"@id\":\"https:\\\/\\\/www.mateco.ch\\\/fr\\\/societe\\\/references\\\/construction-en-bois-epf-zurich\\\/#breadcrumb\"},\"inLanguage\":\"fr-FR\",\"potentialAction\":[{\"@type\":\"ReadAction\",\"target\":[\"https:\\\/\\\/www.mateco.ch\\\/fr\\\/societe\\\/references\\\/construction-en-bois-epf-zurich\\\/\"]}]},{\"@type\":\"ImageObject\",\"inLanguage\":\"fr-FR\",\"@id\":\"https:\\\/\\\/www.mateco.ch\\\/fr\\\/societe\\\/references\\\/construction-en-bois-epf-zurich\\\/#primaryimage\",\"url\":\"https:\\\/\\\/www.mateco.ch\\\/wp-content\\\/uploads\\\/2025\\\/04\\\/Maltech_NL_Holzbalken_1600x1200_02-e1744186426204.jpg\",\"contentUrl\":\"https:\\\/\\\/www.mateco.ch\\\/wp-content\\\/uploads\\\/2025\\\/04\\\/Maltech_NL_Holzbalken_1600x1200_02-e1744186426204.jpg\",\"width\":1140,\"height\":943},{\"@type\":\"BreadcrumbList\",\"@id\":\"https:\\\/\\\/www.mateco.ch\\\/fr\\\/societe\\\/references\\\/construction-en-bois-epf-zurich\\\/#breadcrumb\",\"itemListElement\":[{\"@type\":\"ListItem\",\"position\":1,\"name\":\"Home\",\"item\":\"https:\\\/\\\/www.mateco.ch\\\/fr\\\/home\\\/\"},{\"@type\":\"ListItem\",\"position\":2,\"name\":\"Construction en bois, EPF Zurich\"}]},{\"@type\":\"WebSite\",\"@id\":\"https:\\\/\\\/www.mateco.ch\\\/fr\\\/#website\",\"url\":\"https:\\\/\\\/www.mateco.ch\\\/fr\\\/\",\"name\":\"mateco AG\",\"description\":\"Ihr kompetenter Partner  rund um Arbeitsb\u00fchnen\",\"publisher\":{\"@id\":\"https:\\\/\\\/www.mateco.ch\\\/fr\\\/#organization\"},\"potentialAction\":[{\"@type\":\"SearchAction\",\"target\":{\"@type\":\"EntryPoint\",\"urlTemplate\":\"https:\\\/\\\/www.mateco.ch\\\/fr\\\/?s={search_term_string}\"},\"query-input\":{\"@type\":\"PropertyValueSpecification\",\"valueRequired\":true,\"valueName\":\"search_term_string\"}}],\"inLanguage\":\"fr-FR\"},{\"@type\":\"Organization\",\"@id\":\"https:\\\/\\\/www.mateco.ch\\\/fr\\\/#organization\",\"name\":\"mateco AG\",\"url\":\"https:\\\/\\\/www.mateco.ch\\\/fr\\\/\",\"logo\":{\"@type\":\"ImageObject\",\"inLanguage\":\"fr-FR\",\"@id\":\"https:\\\/\\\/www.mateco.ch\\\/fr\\\/#\\\/schema\\\/logo\\\/image\\\/\",\"url\":\"https:\\\/\\\/www.mateco.ch\\\/wp-content\\\/uploads\\\/2026\\\/07\\\/mateco_logo-scaled.png\",\"contentUrl\":\"https:\\\/\\\/www.mateco.ch\\\/wp-content\\\/uploads\\\/2026\\\/07\\\/mateco_logo-scaled.png\",\"width\":2560,\"height\":653,\"caption\":\"mateco AG\"},\"image\":{\"@id\":\"https:\\\/\\\/www.mateco.ch\\\/fr\\\/#\\\/schema\\\/logo\\\/image\\\/\"}}]}<\/script>","yoast_head_json":{"title":"Construction en bois, EPF Zurich - mateco AG","description":"Une planification pr\u00e9cise, un espace restreint et des \u00e9l\u00e9vateurs \u00e0 nacelle adapt\u00e9s - l'intervention \u00e0 l'EPF de Zurich a pos\u00e9 des d\u00e9fis particuliers \u00e0 Beer Holzbau. Le directeur d'exploitation Stefan Beer explique comment son \u00e9quipe et mateco les ont surmont\u00e9s et pourquoi la poussi\u00e8re de b\u00e9ton est devenue un d\u00e9fi quotidien","robots":{"index":"index","follow":"follow","max-snippet":"max-snippet:-1","max-image-preview":"max-image-preview:large","max-video-preview":"max-video-preview:-1"},"canonical":"https:\/\/www.mateco.ch\/fr\/societe\/references\/construction-en-bois-epf-zurich\/","og_locale":"fr_FR","og_type":"article","og_title":"Construction en bois, EPF Zurich - mateco AG","og_description":"Une planification pr\u00e9cise, un espace restreint et des \u00e9l\u00e9vateurs \u00e0 nacelle adapt\u00e9s - l'intervention \u00e0 l'EPF de Zurich a pos\u00e9 des d\u00e9fis particuliers \u00e0 Beer Holzbau. Le directeur d'exploitation Stefan Beer explique comment son \u00e9quipe et mateco les ont surmont\u00e9s et pourquoi la poussi\u00e8re de b\u00e9ton est devenue un d\u00e9fi quotidien","og_url":"https:\/\/www.mateco.ch\/fr\/societe\/references\/construction-en-bois-epf-zurich\/","og_site_name":"mateco AG","article_modified_time":"2026-09-01T07:02:41+00:00","og_image":[{"width":1140,"height":943,"url":"https:\/\/www.mateco.ch\/wp-content\/uploads\/2025\/04\/Maltech_NL_Holzbalken_1600x1200_02-e1744186426204.jpg","type":"image\/jpeg"}],"twitter_card":"summary_large_image","schema":{"@context":"https:\/\/schema.org","@graph":[{"@type":"WebPage","@id":"https:\/\/www.mateco.ch\/fr\/societe\/references\/construction-en-bois-epf-zurich\/","url":"https:\/\/www.mateco.ch\/fr\/societe\/references\/construction-en-bois-epf-zurich\/","name":"Construction en bois, EPF Zurich - mateco AG","isPartOf":{"@id":"https:\/\/www.mateco.ch\/fr\/#website"},"primaryImageOfPage":{"@id":"https:\/\/www.mateco.ch\/fr\/societe\/references\/construction-en-bois-epf-zurich\/#primaryimage"},"image":{"@id":"https:\/\/www.mateco.ch\/fr\/societe\/references\/construction-en-bois-epf-zurich\/#primaryimage"},"thumbnailUrl":"https:\/\/www.mateco.ch\/wp-content\/uploads\/2025\/04\/Maltech_NL_Holzbalken_1600x1200_02-e1744186426204.jpg","datePublished":"2025-01-06T10:17:00+00:00","dateModified":"2026-09-01T07:02:41+00:00","description":"Une planification pr\u00e9cise, un espace restreint et des \u00e9l\u00e9vateurs \u00e0 nacelle adapt\u00e9s - l'intervention \u00e0 l'EPF de Zurich a pos\u00e9 des d\u00e9fis particuliers \u00e0 Beer Holzbau. Le directeur d'exploitation Stefan Beer explique comment son \u00e9quipe et mateco les ont surmont\u00e9s et pourquoi la poussi\u00e8re de b\u00e9ton est devenue un d\u00e9fi quotidien","breadcrumb":{"@id":"https:\/\/www.mateco.ch\/fr\/societe\/references\/construction-en-bois-epf-zurich\/#breadcrumb"},"inLanguage":"fr-FR","potentialAction":[{"@type":"ReadAction","target":["https:\/\/www.mateco.ch\/fr\/societe\/references\/construction-en-bois-epf-zurich\/"]}]},{"@type":"ImageObject","inLanguage":"fr-FR","@id":"https:\/\/www.mateco.ch\/fr\/societe\/references\/construction-en-bois-epf-zurich\/#primaryimage","url":"https:\/\/www.mateco.ch\/wp-content\/uploads\/2025\/04\/Maltech_NL_Holzbalken_1600x1200_02-e1744186426204.jpg","contentUrl":"https:\/\/www.mateco.ch\/wp-content\/uploads\/2025\/04\/Maltech_NL_Holzbalken_1600x1200_02-e1744186426204.jpg","width":1140,"height":943},{"@type":"BreadcrumbList","@id":"https:\/\/www.mateco.ch\/fr\/societe\/references\/construction-en-bois-epf-zurich\/#breadcrumb","itemListElement":[{"@type":"ListItem","position":1,"name":"Home","item":"https:\/\/www.mateco.ch\/fr\/home\/"},{"@type":"ListItem","position":2,"name":"Construction en bois, EPF Zurich"}]},{"@type":"WebSite","@id":"https:\/\/www.mateco.ch\/fr\/#website","url":"https:\/\/www.mateco.ch\/fr\/","name":"mateco AG","description":"Ihr kompetenter Partner  rund um Arbeitsb\u00fchnen","publisher":{"@id":"https:\/\/www.mateco.ch\/fr\/#organization"},"potentialAction":[{"@type":"SearchAction","target":{"@type":"EntryPoint","urlTemplate":"https:\/\/www.mateco.ch\/fr\/?s={search_term_string}"},"query-input":{"@type":"PropertyValueSpecification","valueRequired":true,"valueName":"search_term_string"}}],"inLanguage":"fr-FR"},{"@type":"Organization","@id":"https:\/\/www.mateco.ch\/fr\/#organization","name":"mateco AG","url":"https:\/\/www.mateco.ch\/fr\/","logo":{"@type":"ImageObject","inLanguage":"fr-FR","@id":"https:\/\/www.mateco.ch\/fr\/#\/schema\/logo\/image\/","url":"https:\/\/www.mateco.ch\/wp-content\/uploads\/2026\/07\/mateco_logo-scaled.png","contentUrl":"https:\/\/www.mateco.ch\/wp-content\/uploads\/2026\/07\/mateco_logo-scaled.png","width":2560,"height":653,"caption":"mateco AG"},"image":{"@id":"https:\/\/www.mateco.ch\/fr\/#\/schema\/logo\/image\/"}}]}},"_links":{"self":[{"href":"https:\/\/www.mateco.ch\/fr\/wp-json\/wp\/v2\/references\/11390","targetHints":{"allow":["GET"]}}],"collection":[{"href":"https:\/\/www.mateco.ch\/fr\/wp-json\/wp\/v2\/references"}],"about":[{"href":"https:\/\/www.mateco.ch\/fr\/wp-json\/wp\/v2\/types\/references"}],"version-history":[{"count":11,"href":"https:\/\/www.mateco.ch\/fr\/wp-json\/wp\/v2\/references\/11390\/revisions"}],"predecessor-version":[{"id":15525,"href":"https:\/\/www.mateco.ch\/fr\/wp-json\/wp\/v2\/references\/11390\/revisions\/15525"}],"wp:featuredmedia":[{"embeddable":true,"href":"https:\/\/www.mateco.ch\/fr\/wp-json\/wp\/v2\/media\/11394"}],"wp:attachment":[{"href":"https:\/\/www.mateco.ch\/fr\/wp-json\/wp\/v2\/media?parent=11390"}],"wp:term":[{"taxonomy":"application_areas_category","embeddable":true,"href":"https:\/\/www.mateco.ch\/fr\/wp-json\/wp\/v2\/application_areas_category?post=11390"}],"curies":[{"name":"wp","href":"https:\/\/api.w.org\/{rel}","templated":true}]}}