{"id":11424,"date":"2025-05-06T13:25:44","date_gmt":"2025-05-06T11:25:44","guid":{"rendered":"https:\/\/www.maltech.ch\/?post_type=references&#038;p=11424"},"modified":"2025-05-07T22:09:49","modified_gmt":"2025-05-07T20:09:49","slug":"formation-baumann-koelliker","status":"publish","type":"references","link":"https:\/\/www.mateco.ch\/fr\/societe\/references\/formation-baumann-koelliker\/","title":{"rendered":"Formation, Zurich"},"content":{"rendered":"<div class=\"container global-content-styles\">\n\n\t<div class=\"button-group d-inline-flex mt-0 mb-30\">\n\t<a href=\"\/fr\/societe-2\/references\/\" target=\"\" title=\"Retour aux r\u00e9sultats\" class=\"btn btn-primary btn-bg-mateco_red \" >\n\n  <i class=\"icon-chevron\"><\/i>\n      <span class=\"btn-text\">Retour aux r\u00e9sultats<\/span>\n  \n  \n<\/a>\n<\/div>\n\t    <div class=\"reference-media\">\n              <div class=\"img-wrapper one-image\">\n\t\t\t\t\t\t<picture>\n\t\t\t\n\t\t\t<img width=\"1024\" height=\"683\" src=\"https:\/\/www.mateco.ch\/wp-content\/uploads\/2025\/04\/Maltech_Gruppenfoto_Lay1_1600x1200__1720x11472_fr-1024x683.jpg\" class=\"w-full h-auto\" alt=\"\" loading=\"lazy\" decoding=\"async\" srcset=\"https:\/\/www.mateco.ch\/wp-content\/uploads\/2025\/04\/Maltech_Gruppenfoto_Lay1_1600x1200__1720x11472_fr-1024x683.jpg 1024w, https:\/\/www.mateco.ch\/wp-content\/uploads\/2025\/04\/Maltech_Gruppenfoto_Lay1_1600x1200__1720x11472_fr-300x200.jpg 300w, https:\/\/www.mateco.ch\/wp-content\/uploads\/2025\/04\/Maltech_Gruppenfoto_Lay1_1600x1200__1720x11472_fr-768x512.jpg 768w, https:\/\/www.mateco.ch\/wp-content\/uploads\/2025\/04\/Maltech_Gruppenfoto_Lay1_1600x1200__1720x11472_fr-1536x1024.jpg 1536w, https:\/\/www.mateco.ch\/wp-content\/uploads\/2025\/04\/Maltech_Gruppenfoto_Lay1_1600x1200__1720x11472_fr.jpg 1720w\" sizes=\"auto, (max-width: 1024px) 100vw, 1024px\" \/>\t\t<\/picture>\n\t\t        <\/div>\n      \n      <aside class=\"reference-rebrand-notice reference-rebrand-notice--detail\" aria-label=\"Note concernant le changement de raison sociale\">\n\t<span class=\"reference-rebrand-notice__eyebrow\">Maltech est mateco.<\/span>\n\t<strong class=\"reference-rebrand-notice__title\">Tout reste meilleur.<\/strong>\n<\/aside>\n    <\/div>\n\t\n\t<h1 class=\"text-md-center mt-50\">Formation, Zurich<\/h1>\n\n\t    <div class=\"row\">\n      <div class=\"col-md-10 offset-md-1 col-lg-8 offset-lg-2\">\n        <div class=\"rich-text lead mb-60 mb-md-100\">\n            <p>900 collaborateurs et une grande compr\u00e9hension de la s\u00e9curit\u00e9 : Fabian Cribari, responsable de la formation continue, explique comment <a href=\"https:\/\/baumann-koelliker.ch\/\" target=\"_blank\" rel=\"noopener\">le groupe Baumann Koelliker<\/a> organise efficacement sa formation continue dans l&rsquo;utilisation des plateformes \u00e9l\u00e9vatrices et pourquoi la collaboration avec mateco joue un r\u00f4le important dans ce domaine.<\/p>\n        <\/div>\n      <\/div>\n    <\/div>\n\t\n\t    <div class=\"row\">\n      <div class=\"col-12 mb-n40 mb-md-n60\">\n                  <div class=\"row mb-40 mb-md-60\">\n            <div class=\"text col-md-10 offset-md-1 col-lg-8 offset-lg-2\">\n\n\t<h2 >Les principaux faits et chiffres en un coup d&rsquo;\u0153il <\/h2>\n\n\t    <div class=\"rich-text big-space-between\">\n\t\t\t<ul>\n<li>Le <a href=\"https:\/\/baumann-koelliker-gruppe.ch\/\" target=\"_blank\" rel=\"noopener\">groupe Baumann Koelliker <\/a>est une entreprise familiale depuis 1868 et trois g\u00e9n\u00e9rations.<\/li>\n<li>Une entreprise leader dans les domaines des installations \u00e9lectriques et de la technique du b\u00e2timent<\/li>\n<li>L&rsquo;entreprise zurichoise emploie au total environ 1 200 sp\u00e9cialistes<\/li>\n<li>500 personnes form\u00e9es au <a href=\"https:\/\/www.mateco.ch\/schulung\/#course-overview\">VSAA<\/a><\/li>\n<li>460 personnes suivent la <a href=\"https:\/\/www.mateco.ch\/fr\/formation\/#course-overview\">formation de base sur les EPI<\/a><\/li>\n<\/ul>\n    <\/div>\n\t\n\t\n<\/div>          <\/div>\n                  <div class=\"row mb-40 mb-md-60\">\n            <div class=\"interview col-md-10 offset-md-1 col-lg-8 offset-lg-2\">\n\t        <div class=\"rich-text\">\n          <p class=\"strong\"><strong>Pourquoi avez-vous choisi mateco comme partenaire de formation ?<\/strong><\/p>\n\t\t\t\t\t<p>Nous travaillons depuis plusieurs ann\u00e9es avec <a href=\"https:\/\/www.mateco.ch\/schulung\/\">mateco dans le domaine de la formation <\/a>et de la location de plateformes \u00e9l\u00e9vatrices et nous appr\u00e9cions beaucoup cette collaboration.<\/p>\n        <\/div>\n\t\t\t        <div class=\"rich-text\">\n          <p class=\"strong\"><strong>Qu&rsquo;est-ce qui rend cette collaboration si pr\u00e9cieuse pour vous ?<\/strong><\/p>\n\t\t\t\t\t<p>mateco est un partenaire fiable et nous permet de proposer des formations avec tr\u00e8s peu de frais administratifs.<\/p>\n        <\/div>\n\t\t\t        <div class=\"rich-text\">\n          <p class=\"strong\"><strong>500 personnes dans le domaine de l&rsquo;ASFP, 460 dans la formation de base sur les EPI \u2013 une t\u00e2che colossale &#8230;<\/strong><\/p>\n\t\t\t\t\t<p>La s\u00e9curit\u00e9 au travail est une priorit\u00e9 pour nous, c&rsquo;est pourquoi nous investissons de mani\u00e8re cibl\u00e9e dans la formation et le perfectionnement. Le plus grand d\u00e9fi est de r\u00e9partir les collaborateurs concern\u00e9s sur les nombreuses dates de cours et de tracer proprement les certificats par la suite. mateco nous soutient dans ce processus avec une administration fortement simplifi\u00e9e.<\/p>\n        <\/div>\n\t\t\t        <div class=\"rich-text\">\n          <p class=\"strong\"><strong>Comment avez-vous organis\u00e9 la formation de mani\u00e8re aussi efficace ?<\/strong><\/p>\n\t\t\t\t\t<p>Les cours sont en principe planifi\u00e9s en \u00e9change avec les activit\u00e9s op\u00e9rationnelles, tout est ainsi coordonn\u00e9.<\/p>\n        <\/div>\n\t\t\t        <div class=\"rich-text\">\n          <p class=\"strong\"><strong>Comment vous assurez-vous que vos collaborateurs mettent en pratique ce qu&rsquo;ils ont appris ?<\/strong><\/p>\n\t\t\t\t\t<p>La pratique fait le ma\u00eetre. Beaucoup de nos collaborateurs suivent les formations et appliquent r\u00e9guli\u00e8rement ce qu&rsquo;ils ont appris dans leur travail quotidien, ils sont confront\u00e9s tous les jours \u00e0 des situations correspondantes.<\/p>\n        <\/div>\n\t\t\t        <div class=\"rich-text\">\n          <p class=\"strong\"><strong>Comment votre \u00e9quipe r\u00e9agit-elle \u00e0 la formation \u2013 ressentez-vous l&rsquo;effet \u00ab\u00a0aha\u00a0\u00bb ?<\/strong><\/p>\n\t\t\t\t\t<p>Sans aucun doute. Notre \u00e9quipe sent qu&rsquo;en tant qu&#8217;employeur, nous investissons dans la s\u00e9curit\u00e9 au travail. Cela fait mouche. Car la s\u00e9curit\u00e9 de nos collaborateurs est pour nous une priorit\u00e9.<\/p>\n        <\/div>\n\t\t\t        <div class=\"rich-text\">\n          <p class=\"strong\"><strong>Si tu pouvais juste transmettre un conseil de s\u00e9curit\u00e9 d\u00e9cisif pour le travail avec des plateformes \u00e9l\u00e9vatrices &#8230;<\/strong><\/p>\n\t\t\t\t\t<p>Prendre le temps d&rsquo;analyser et d&rsquo;\u00e9valuer le lieu d&rsquo;intervention \u2013 et ne se lancer qu\u2019ensuite.<\/p>\n        <\/div>\n\t\t\t<\/div>          <\/div>\n                  <div class=\"row mb-40 mb-md-60\">\n            <div class=\"cta-team col-12\">\n\n  \n  <div class=\"bg-yellow\">\n\t  \t  <div class=\"cta-team d-flex flex-column flex-md-row\">\n      <div class=\"img-wrapper\">\n\t\t  <img width=\"610\" height=\"610\" src=\"https:\/\/www.mateco.ch\/wp-content\/uploads\/2025\/03\/Vanessa_Rieder_610x610.jpg\" class=\"h-100\" alt=\"\" loading=\"lazy\" decoding=\"async\" srcset=\"https:\/\/www.mateco.ch\/wp-content\/uploads\/2025\/03\/Vanessa_Rieder_610x610.jpg 610w, https:\/\/www.mateco.ch\/wp-content\/uploads\/2025\/03\/Vanessa_Rieder_610x610-150x150.jpg 150w, https:\/\/www.mateco.ch\/wp-content\/uploads\/2025\/03\/Vanessa_Rieder_610x610-300x300.jpg 300w\" sizes=\"auto, (max-width: 610px) 100vw, 610px\" \/>    <\/div>\n  \t<div class=\"content p-20 p-md-40 p-lg-60 yellow d-flex align-items-center flex-fill\">\n    <div>\n\t    <h3 class=\"mb-10\">Cheffe de projet <\/h3>\n      <div class=\"rich-text\">\n                <p><span class=\"fw-700\">Vanessa Rieder, <\/span>Responsable du service interne de la formation<\/p>\n      <\/div>\n\t    <div class=\"button-group d-flex flex-column flex-lg-row mt-30\">\n\t<a href=\"mailto:vanessa.rieder@mateco.ch\" target=\"\" title=\"vanessa.rieder@mateco.ch\" class=\"btn btn-bg-mateco_red \" >\n\n  <i class=\"icon-mail\"><\/i>\n      <span class=\"btn-text\">vanessa.rieder@mateco.ch<\/span>\n  \n  \n<\/a>\n<a href=\"tel:0448187096\" target=\"\" title=\"044 818 70 96\" class=\"btn btn-bg-blue \" >\n\n  <i class=\"icon-phone\"><\/i>\n      <span class=\"btn-text\">044 818 70 96<\/span>\n  \n  \n<\/a>\n<\/div>    <\/div>\n\t<\/div>\n<\/div>\n  <\/div>\n<\/div>          <\/div>\n              <\/div>\n    <\/div>\n\t\n<\/div>\n","protected":false},"excerpt":{"rendered":"<p>900 collaborateurs et une grande compr\u00e9hension de la s\u00e9curit\u00e9 : Fabian Cribari, responsable de la formation continue, explique comment le groupe Baumann Koelliker organise efficacement sa formation continue dans l&rsquo;utilisation des plateformes \u00e9l\u00e9vatrices et pourquoi la collaboration avec mateco joue un r\u00f4le important dans ce domaine.<\/p>\n","protected":false},"featured_media":11430,"template":"","application_areas_category":[106,110],"class_list":["post-11424","references","type-references","status-publish","has-post-thumbnail","hentry","application_areas_category-facility-management-und-gebaeudetechnik-fr","application_areas_category-schulungen-fr"],"acf":[],"yoast_head":"<title>Formation, Zurich - mateco AG<\/title>\n<meta name=\"description\" content=\"900 Mitarbeitende und ein hohes Sicherheitsverst\u00e4ndnis: Wie die Baumann Koelliker Gruppe ihre Weiterbildung im Umgang mit Hebeb\u00fchnen effizient organisiert und warum dabei die Zusammenarbeit mit mateco eine wichtige Rolle spielt, erkl\u00e4rt Fabian Cribari, Leiter Weiterbildung.\" \/>\n<meta name=\"robots\" content=\"index, follow, max-snippet:-1, max-image-preview:large, max-video-preview:-1\" \/>\n<link rel=\"canonical\" href=\"https:\/\/www.mateco.ch\/fr\/societe\/references\/formation-baumann-koelliker\/\" \/>\n<meta property=\"og:locale\" content=\"fr_FR\" \/>\n<meta property=\"og:type\" content=\"article\" \/>\n<meta property=\"og:title\" content=\"Formation, Zurich - mateco AG\" \/>\n<meta property=\"og:description\" content=\"900 Mitarbeitende und ein hohes Sicherheitsverst\u00e4ndnis: Wie die Baumann Koelliker Gruppe ihre Weiterbildung im Umgang mit Hebeb\u00fchnen effizient organisiert und warum dabei die Zusammenarbeit mit mateco eine wichtige Rolle spielt, erkl\u00e4rt Fabian Cribari, Leiter Weiterbildung.\" \/>\n<meta property=\"og:url\" content=\"https:\/\/www.mateco.ch\/fr\/societe\/references\/formation-baumann-koelliker\/\" \/>\n<meta property=\"og:site_name\" content=\"mateco AG\" \/>\n<meta property=\"article:modified_time\" content=\"2025-05-07T20:09:49+00:00\" \/>\n<meta property=\"og:image\" content=\"https:\/\/www.mateco.ch\/wp-content\/uploads\/2025\/04\/Maltech_NL_Gruppenbild_1720x1147.jpg\" \/>\n\t<meta property=\"og:image:width\" content=\"1720\" \/>\n\t<meta property=\"og:image:height\" content=\"1147\" \/>\n\t<meta property=\"og:image:type\" content=\"image\/jpeg\" \/>\n<meta name=\"twitter:card\" content=\"summary_large_image\" \/>\n<script type=\"application\/ld+json\" class=\"yoast-schema-graph\">{\"@context\":\"https:\\\/\\\/schema.org\",\"@graph\":[{\"@type\":\"WebPage\",\"@id\":\"https:\\\/\\\/www.mateco.ch\\\/fr\\\/societe\\\/references\\\/formation-baumann-koelliker\\\/\",\"url\":\"https:\\\/\\\/www.mateco.ch\\\/fr\\\/societe\\\/references\\\/formation-baumann-koelliker\\\/\",\"name\":\"Formation, Zurich - mateco AG\",\"isPartOf\":{\"@id\":\"https:\\\/\\\/www.mateco.ch\\\/fr\\\/#website\"},\"primaryImageOfPage\":{\"@id\":\"https:\\\/\\\/www.mateco.ch\\\/fr\\\/societe\\\/references\\\/formation-baumann-koelliker\\\/#primaryimage\"},\"image\":{\"@id\":\"https:\\\/\\\/www.mateco.ch\\\/fr\\\/societe\\\/references\\\/formation-baumann-koelliker\\\/#primaryimage\"},\"thumbnailUrl\":\"https:\\\/\\\/www.mateco.ch\\\/wp-content\\\/uploads\\\/2025\\\/04\\\/Maltech_NL_Gruppenbild_1720x1147.jpg\",\"datePublished\":\"2025-05-06T11:25:44+00:00\",\"dateModified\":\"2025-05-07T20:09:49+00:00\",\"description\":\"900 Mitarbeitende und ein hohes Sicherheitsverst\u00e4ndnis: Wie die Baumann Koelliker Gruppe ihre Weiterbildung im Umgang mit Hebeb\u00fchnen effizient organisiert und warum dabei die Zusammenarbeit mit mateco eine wichtige Rolle spielt, erkl\u00e4rt Fabian Cribari, Leiter Weiterbildung.\",\"breadcrumb\":{\"@id\":\"https:\\\/\\\/www.mateco.ch\\\/fr\\\/societe\\\/references\\\/formation-baumann-koelliker\\\/#breadcrumb\"},\"inLanguage\":\"fr-FR\",\"potentialAction\":[{\"@type\":\"ReadAction\",\"target\":[\"https:\\\/\\\/www.mateco.ch\\\/fr\\\/societe\\\/references\\\/formation-baumann-koelliker\\\/\"]}]},{\"@type\":\"ImageObject\",\"inLanguage\":\"fr-FR\",\"@id\":\"https:\\\/\\\/www.mateco.ch\\\/fr\\\/societe\\\/references\\\/formation-baumann-koelliker\\\/#primaryimage\",\"url\":\"https:\\\/\\\/www.mateco.ch\\\/wp-content\\\/uploads\\\/2025\\\/04\\\/Maltech_NL_Gruppenbild_1720x1147.jpg\",\"contentUrl\":\"https:\\\/\\\/www.mateco.ch\\\/wp-content\\\/uploads\\\/2025\\\/04\\\/Maltech_NL_Gruppenbild_1720x1147.jpg\",\"width\":1720,\"height\":1147},{\"@type\":\"BreadcrumbList\",\"@id\":\"https:\\\/\\\/www.mateco.ch\\\/fr\\\/societe\\\/references\\\/formation-baumann-koelliker\\\/#breadcrumb\",\"itemListElement\":[{\"@type\":\"ListItem\",\"position\":1,\"name\":\"Home\",\"item\":\"https:\\\/\\\/www.mateco.ch\\\/fr\\\/home\\\/\"},{\"@type\":\"ListItem\",\"position\":2,\"name\":\"Formation, Zurich\"}]},{\"@type\":\"WebSite\",\"@id\":\"https:\\\/\\\/www.mateco.ch\\\/fr\\\/#website\",\"url\":\"https:\\\/\\\/www.mateco.ch\\\/fr\\\/\",\"name\":\"mateco AG\",\"description\":\"Ihr kompetenter Partner  rund um Arbeitsb\u00fchnen\",\"publisher\":{\"@id\":\"https:\\\/\\\/www.mateco.ch\\\/fr\\\/#organization\"},\"potentialAction\":[{\"@type\":\"SearchAction\",\"target\":{\"@type\":\"EntryPoint\",\"urlTemplate\":\"https:\\\/\\\/www.mateco.ch\\\/fr\\\/?s={search_term_string}\"},\"query-input\":{\"@type\":\"PropertyValueSpecification\",\"valueRequired\":true,\"valueName\":\"search_term_string\"}}],\"inLanguage\":\"fr-FR\"},{\"@type\":\"Organization\",\"@id\":\"https:\\\/\\\/www.mateco.ch\\\/fr\\\/#organization\",\"name\":\"mateco AG\",\"url\":\"https:\\\/\\\/www.mateco.ch\\\/fr\\\/\",\"logo\":{\"@type\":\"ImageObject\",\"inLanguage\":\"fr-FR\",\"@id\":\"https:\\\/\\\/www.mateco.ch\\\/fr\\\/#\\\/schema\\\/logo\\\/image\\\/\",\"url\":\"https:\\\/\\\/www.mateco.ch\\\/wp-content\\\/uploads\\\/2026\\\/07\\\/mateco_logo-scaled.png\",\"contentUrl\":\"https:\\\/\\\/www.mateco.ch\\\/wp-content\\\/uploads\\\/2026\\\/07\\\/mateco_logo-scaled.png\",\"width\":2560,\"height\":653,\"caption\":\"mateco AG\"},\"image\":{\"@id\":\"https:\\\/\\\/www.mateco.ch\\\/fr\\\/#\\\/schema\\\/logo\\\/image\\\/\"}}]}<\/script>","yoast_head_json":{"title":"Formation, Zurich - mateco AG","description":"900 Mitarbeitende und ein hohes Sicherheitsverst\u00e4ndnis: Wie die Baumann Koelliker Gruppe ihre Weiterbildung im Umgang mit Hebeb\u00fchnen effizient organisiert und warum dabei die Zusammenarbeit mit mateco eine wichtige Rolle spielt, erkl\u00e4rt Fabian Cribari, Leiter Weiterbildung.","robots":{"index":"index","follow":"follow","max-snippet":"max-snippet:-1","max-image-preview":"max-image-preview:large","max-video-preview":"max-video-preview:-1"},"canonical":"https:\/\/www.mateco.ch\/fr\/societe\/references\/formation-baumann-koelliker\/","og_locale":"fr_FR","og_type":"article","og_title":"Formation, Zurich - mateco AG","og_description":"900 Mitarbeitende und ein hohes Sicherheitsverst\u00e4ndnis: Wie die Baumann Koelliker Gruppe ihre Weiterbildung im Umgang mit Hebeb\u00fchnen effizient organisiert und warum dabei die Zusammenarbeit mit mateco eine wichtige Rolle spielt, erkl\u00e4rt Fabian Cribari, Leiter Weiterbildung.","og_url":"https:\/\/www.mateco.ch\/fr\/societe\/references\/formation-baumann-koelliker\/","og_site_name":"mateco AG","article_modified_time":"2025-05-07T20:09:49+00:00","og_image":[{"width":1720,"height":1147,"url":"https:\/\/www.mateco.ch\/wp-content\/uploads\/2025\/04\/Maltech_NL_Gruppenbild_1720x1147.jpg","type":"image\/jpeg"}],"twitter_card":"summary_large_image","schema":{"@context":"https:\/\/schema.org","@graph":[{"@type":"WebPage","@id":"https:\/\/www.mateco.ch\/fr\/societe\/references\/formation-baumann-koelliker\/","url":"https:\/\/www.mateco.ch\/fr\/societe\/references\/formation-baumann-koelliker\/","name":"Formation, Zurich - mateco AG","isPartOf":{"@id":"https:\/\/www.mateco.ch\/fr\/#website"},"primaryImageOfPage":{"@id":"https:\/\/www.mateco.ch\/fr\/societe\/references\/formation-baumann-koelliker\/#primaryimage"},"image":{"@id":"https:\/\/www.mateco.ch\/fr\/societe\/references\/formation-baumann-koelliker\/#primaryimage"},"thumbnailUrl":"https:\/\/www.mateco.ch\/wp-content\/uploads\/2025\/04\/Maltech_NL_Gruppenbild_1720x1147.jpg","datePublished":"2025-05-06T11:25:44+00:00","dateModified":"2025-05-07T20:09:49+00:00","description":"900 Mitarbeitende und ein hohes Sicherheitsverst\u00e4ndnis: Wie die Baumann Koelliker Gruppe ihre Weiterbildung im Umgang mit Hebeb\u00fchnen effizient organisiert und warum dabei die Zusammenarbeit mit mateco eine wichtige Rolle spielt, erkl\u00e4rt Fabian Cribari, Leiter Weiterbildung.","breadcrumb":{"@id":"https:\/\/www.mateco.ch\/fr\/societe\/references\/formation-baumann-koelliker\/#breadcrumb"},"inLanguage":"fr-FR","potentialAction":[{"@type":"ReadAction","target":["https:\/\/www.mateco.ch\/fr\/societe\/references\/formation-baumann-koelliker\/"]}]},{"@type":"ImageObject","inLanguage":"fr-FR","@id":"https:\/\/www.mateco.ch\/fr\/societe\/references\/formation-baumann-koelliker\/#primaryimage","url":"https:\/\/www.mateco.ch\/wp-content\/uploads\/2025\/04\/Maltech_NL_Gruppenbild_1720x1147.jpg","contentUrl":"https:\/\/www.mateco.ch\/wp-content\/uploads\/2025\/04\/Maltech_NL_Gruppenbild_1720x1147.jpg","width":1720,"height":1147},{"@type":"BreadcrumbList","@id":"https:\/\/www.mateco.ch\/fr\/societe\/references\/formation-baumann-koelliker\/#breadcrumb","itemListElement":[{"@type":"ListItem","position":1,"name":"Home","item":"https:\/\/www.mateco.ch\/fr\/home\/"},{"@type":"ListItem","position":2,"name":"Formation, Zurich"}]},{"@type":"WebSite","@id":"https:\/\/www.mateco.ch\/fr\/#website","url":"https:\/\/www.mateco.ch\/fr\/","name":"mateco AG","description":"Ihr kompetenter Partner  rund um Arbeitsb\u00fchnen","publisher":{"@id":"https:\/\/www.mateco.ch\/fr\/#organization"},"potentialAction":[{"@type":"SearchAction","target":{"@type":"EntryPoint","urlTemplate":"https:\/\/www.mateco.ch\/fr\/?s={search_term_string}"},"query-input":{"@type":"PropertyValueSpecification","valueRequired":true,"valueName":"search_term_string"}}],"inLanguage":"fr-FR"},{"@type":"Organization","@id":"https:\/\/www.mateco.ch\/fr\/#organization","name":"mateco AG","url":"https:\/\/www.mateco.ch\/fr\/","logo":{"@type":"ImageObject","inLanguage":"fr-FR","@id":"https:\/\/www.mateco.ch\/fr\/#\/schema\/logo\/image\/","url":"https:\/\/www.mateco.ch\/wp-content\/uploads\/2026\/07\/mateco_logo-scaled.png","contentUrl":"https:\/\/www.mateco.ch\/wp-content\/uploads\/2026\/07\/mateco_logo-scaled.png","width":2560,"height":653,"caption":"mateco AG"},"image":{"@id":"https:\/\/www.mateco.ch\/fr\/#\/schema\/logo\/image\/"}}]}},"_links":{"self":[{"href":"https:\/\/www.mateco.ch\/fr\/wp-json\/wp\/v2\/references\/11424","targetHints":{"allow":["GET"]}}],"collection":[{"href":"https:\/\/www.mateco.ch\/fr\/wp-json\/wp\/v2\/references"}],"about":[{"href":"https:\/\/www.mateco.ch\/fr\/wp-json\/wp\/v2\/types\/references"}],"version-history":[{"count":4,"href":"https:\/\/www.mateco.ch\/fr\/wp-json\/wp\/v2\/references\/11424\/revisions"}],"predecessor-version":[{"id":11501,"href":"https:\/\/www.mateco.ch\/fr\/wp-json\/wp\/v2\/references\/11424\/revisions\/11501"}],"wp:featuredmedia":[{"embeddable":true,"href":"https:\/\/www.mateco.ch\/fr\/wp-json\/wp\/v2\/media\/11430"}],"wp:attachment":[{"href":"https:\/\/www.mateco.ch\/fr\/wp-json\/wp\/v2\/media?parent=11424"}],"wp:term":[{"taxonomy":"application_areas_category","embeddable":true,"href":"https:\/\/www.mateco.ch\/fr\/wp-json\/wp\/v2\/application_areas_category?post=11424"}],"curies":[{"name":"wp","href":"https:\/\/api.w.org\/{rel}","templated":true}]}}