{"id":11887,"date":"2025-07-01T17:00:40","date_gmt":"2025-07-01T15:00:40","guid":{"rendered":"https:\/\/www.maltech.ch\/?post_type=references&#038;p=11887"},"modified":"2025-08-18T16:04:25","modified_gmt":"2025-08-18T14:04:25","slug":"formation-plates-formes-elevatrices-muenchenstein-bl","status":"publish","type":"references","link":"https:\/\/www.mateco.ch\/fr\/societe\/references\/formation-plates-formes-elevatrices-muenchenstein-bl\/","title":{"rendered":"Formation, M\u00fcnchenstein BL"},"content":{"rendered":"<div class=\"container global-content-styles\">\n\n\t<div class=\"button-group d-inline-flex mt-0 mb-30\">\n\t<a href=\"\/fr\/societe-2\/references\/\" target=\"\" title=\"Retour aux r\u00e9sultats\" class=\"btn btn-primary btn-bg-mateco_red \" >\n\n  <i class=\"icon-chevron\"><\/i>\n      <span class=\"btn-text\">Retour aux r\u00e9sultats<\/span>\n  \n  \n<\/a>\n<\/div>\n\t    <div class=\"reference-media\">\n              <div class=\"position-relative swiper-maltech-style reference-detail-slider\">\n          <div class=\"swiper news-header-swiper\">\n            <div class=\"swiper-wrapper\">\n                              <div class=\"swiper-slide\">\n                                      <div class=\"img-wrapper\">\n                      \t\t<picture>\n\t\t\t\n\t\t\t<img width=\"1024\" height=\"682\" src=\"https:\/\/www.mateco.ch\/wp-content\/uploads\/2025\/06\/BG-Schulung_093_Bossard-Geiser-1024x682.jpg\" class=\"w-full h-auto\" alt=\"\" loading=\"lazy\" decoding=\"async\" srcset=\"https:\/\/www.mateco.ch\/wp-content\/uploads\/2025\/06\/BG-Schulung_093_Bossard-Geiser-1024x682.jpg 1024w, https:\/\/www.mateco.ch\/wp-content\/uploads\/2025\/06\/BG-Schulung_093_Bossard-Geiser-300x200.jpg 300w, https:\/\/www.mateco.ch\/wp-content\/uploads\/2025\/06\/BG-Schulung_093_Bossard-Geiser-768x512.jpg 768w, https:\/\/www.mateco.ch\/wp-content\/uploads\/2025\/06\/BG-Schulung_093_Bossard-Geiser-1536x1024.jpg 1536w, https:\/\/www.mateco.ch\/wp-content\/uploads\/2025\/06\/BG-Schulung_093_Bossard-Geiser.jpg 2000w\" sizes=\"auto, (max-width: 1024px) 100vw, 1024px\" \/>\t\t<\/picture>\n\t\t                    <\/div>\n                                  <\/div>\n                              <div class=\"swiper-slide\">\n                                      <div class=\"img-wrapper\">\n                      \t\t<picture>\n\t\t\t\n\t\t\t<img width=\"1024\" height=\"683\" src=\"https:\/\/www.mateco.ch\/wp-content\/uploads\/2025\/06\/R-G_Schulung-2015_007_Bossard-Geiser-1024x683.jpg\" class=\"w-full h-auto\" alt=\"\" loading=\"lazy\" decoding=\"async\" srcset=\"https:\/\/www.mateco.ch\/wp-content\/uploads\/2025\/06\/R-G_Schulung-2015_007_Bossard-Geiser-1024x683.jpg 1024w, https:\/\/www.mateco.ch\/wp-content\/uploads\/2025\/06\/R-G_Schulung-2015_007_Bossard-Geiser-300x200.jpg 300w, https:\/\/www.mateco.ch\/wp-content\/uploads\/2025\/06\/R-G_Schulung-2015_007_Bossard-Geiser-768x512.jpg 768w, https:\/\/www.mateco.ch\/wp-content\/uploads\/2025\/06\/R-G_Schulung-2015_007_Bossard-Geiser-1536x1024.jpg 1536w, https:\/\/www.mateco.ch\/wp-content\/uploads\/2025\/06\/R-G_Schulung-2015_007_Bossard-Geiser-2048x1365.jpg 2048w\" sizes=\"auto, (max-width: 1024px) 100vw, 1024px\" \/>\t\t<\/picture>\n\t\t                    <\/div>\n                                  <\/div>\n                              <div class=\"swiper-slide\">\n                                      <div class=\"img-wrapper\">\n                      \t\t<picture>\n\t\t\t\n\t\t\t<img width=\"1024\" height=\"682\" src=\"https:\/\/www.mateco.ch\/wp-content\/uploads\/2025\/06\/Schulung_056_Bossard-Geiser-1024x682.jpg\" class=\"w-full h-auto\" alt=\"\" loading=\"lazy\" decoding=\"async\" srcset=\"https:\/\/www.mateco.ch\/wp-content\/uploads\/2025\/06\/Schulung_056_Bossard-Geiser-1024x682.jpg 1024w, https:\/\/www.mateco.ch\/wp-content\/uploads\/2025\/06\/Schulung_056_Bossard-Geiser-300x200.jpg 300w, https:\/\/www.mateco.ch\/wp-content\/uploads\/2025\/06\/Schulung_056_Bossard-Geiser-768x512.jpg 768w, https:\/\/www.mateco.ch\/wp-content\/uploads\/2025\/06\/Schulung_056_Bossard-Geiser-1536x1024.jpg 1536w, https:\/\/www.mateco.ch\/wp-content\/uploads\/2025\/06\/Schulung_056_Bossard-Geiser.jpg 2000w\" sizes=\"auto, (max-width: 1024px) 100vw, 1024px\" \/>\t\t<\/picture>\n\t\t                    <\/div>\n                                  <\/div>\n                              <div class=\"swiper-slide\">\n                                      <div class=\"img-wrapper\">\n                      \t\t<picture>\n\t\t\t\n\t\t\t<img width=\"1024\" height=\"682\" src=\"https:\/\/www.mateco.ch\/wp-content\/uploads\/2025\/06\/MG_9414_Bossard-Geiser-1024x682.jpg\" class=\"w-full h-auto\" alt=\"\" loading=\"lazy\" decoding=\"async\" srcset=\"https:\/\/www.mateco.ch\/wp-content\/uploads\/2025\/06\/MG_9414_Bossard-Geiser-1024x682.jpg 1024w, https:\/\/www.mateco.ch\/wp-content\/uploads\/2025\/06\/MG_9414_Bossard-Geiser-300x200.jpg 300w, https:\/\/www.mateco.ch\/wp-content\/uploads\/2025\/06\/MG_9414_Bossard-Geiser-768x512.jpg 768w, https:\/\/www.mateco.ch\/wp-content\/uploads\/2025\/06\/MG_9414_Bossard-Geiser-1536x1024.jpg 1536w, https:\/\/www.mateco.ch\/wp-content\/uploads\/2025\/06\/MG_9414_Bossard-Geiser.jpg 2000w\" sizes=\"auto, (max-width: 1024px) 100vw, 1024px\" \/>\t\t<\/picture>\n\t\t                    <\/div>\n                                  <\/div>\n                              <div class=\"swiper-slide\">\n                                      <div class=\"img-wrapper\">\n                      \t\t<picture>\n\t\t\t\n\t\t\t<img width=\"1024\" height=\"682\" src=\"https:\/\/www.mateco.ch\/wp-content\/uploads\/2025\/06\/BG-Schulung_034_Bossard-Geiser-1024x682.jpg\" class=\"w-full h-auto\" alt=\"\" loading=\"lazy\" decoding=\"async\" srcset=\"https:\/\/www.mateco.ch\/wp-content\/uploads\/2025\/06\/BG-Schulung_034_Bossard-Geiser-1024x682.jpg 1024w, https:\/\/www.mateco.ch\/wp-content\/uploads\/2025\/06\/BG-Schulung_034_Bossard-Geiser-300x200.jpg 300w, https:\/\/www.mateco.ch\/wp-content\/uploads\/2025\/06\/BG-Schulung_034_Bossard-Geiser-768x512.jpg 768w, https:\/\/www.mateco.ch\/wp-content\/uploads\/2025\/06\/BG-Schulung_034_Bossard-Geiser-1536x1024.jpg 1536w, https:\/\/www.mateco.ch\/wp-content\/uploads\/2025\/06\/BG-Schulung_034_Bossard-Geiser.jpg 2000w\" sizes=\"auto, (max-width: 1024px) 100vw, 1024px\" \/>\t\t<\/picture>\n\t\t                    <\/div>\n                                  <\/div>\n                          <\/div>\n            <div class=\"swiper-pagination\"><\/div>\n          <\/div>\n          <div class=\"swiper-prev swiper-nav-btn news-header-swiper-btn\"><\/div>\n          <div class=\"swiper-next swiper-nav-btn news-header-swiper-btn\"><\/div>\n        <\/div>\n      \n      <aside class=\"reference-rebrand-notice reference-rebrand-notice--detail\" aria-label=\"Note concernant le changement de raison sociale\">\n\t<span class=\"reference-rebrand-notice__eyebrow\">Maltech est mateco.<\/span>\n\t<strong class=\"reference-rebrand-notice__title\">Tout reste meilleur.<\/strong>\n<\/aside>\n    <\/div>\n\t\n\t<h1 class=\"text-md-center mt-50\">Formation, M\u00fcnchenstein BL<\/h1>\n\n\t    <div class=\"row\">\n      <div class=\"col-md-10 offset-md-1 col-lg-8 offset-lg-2\">\n        <div class=\"rich-text lead mb-60 mb-md-100\">\n            <p>Depuis 2019, mateco et Bossard &amp; Geiser sont li\u00e9s par une solide coop\u00e9ration dans le <a href=\"https:\/\/www.mateco.ch\/schulung\/\">domaine de la formation<\/a> \u2013 avec un objectif commun : promouvoir la s\u00e9curit\u00e9 au travail en hauteur et proposer des formations pratiques. Anastasia Trentos, responsable de l&rsquo;organisation des formations et des RH chez Bossard &amp; Geiser, nous donne un aper\u00e7u de la collaboration et des perspectives communes.<\/p>\n        <\/div>\n      <\/div>\n    <\/div>\n\t\n\t    <div class=\"row\">\n      <div class=\"col-12 mb-n40 mb-md-n60\">\n                  <div class=\"row mb-40 mb-md-60\">\n            <div class=\"text col-md-10 offset-md-1 col-lg-8 offset-lg-2\">\n\n\t<h2 >Les principaux faits et chiffres en un coup d&rsquo;\u0153il<\/h2>\n\n\t    <div class=\"rich-text big-space-between\">\n\t\t\t<ul>\n<li><a href=\"https:\/\/bossard-geiser.ch\/\" target=\"_blank\" rel=\"noopener\">Bossard &amp; Geiser<\/a> est sp\u00e9cialis\u00e9 dans le travail en hauteur en toute s\u00e9curit\u00e9<\/li>\n<li>L&rsquo;entreprise de M\u00fcnchenstein emploie environ 10 personnes.<\/li>\n<li>A d\u00e9velopp\u00e9 avec mateco le cours combin\u00e9 EPI &amp; op\u00e9rateur<\/li>\n<li>Avec un accent sur les contenus pratiques et des formateurs certifi\u00e9s<\/li>\n<li>Groupe cible : Sp\u00e9cialistes de l&rsquo;acc\u00e8s en hauteur et de la s\u00e9curit\u00e9 en cas de risque de chute<\/li>\n<\/ul>\n    <\/div>\n\t\n\t\n<\/div>          <\/div>\n                  <div class=\"row mb-40 mb-md-60\">\n            <div class=\"image col-md-10 offset-md-1 col-lg-8 offset-lg-2\">\n  <div class=\"img-wrapper mx-n30 mx-lg-0\" >\n\t\t\t\t<picture>\n\t\t\t\n\t\t\t<img width=\"1024\" height=\"825\" src=\"https:\/\/www.mateco.ch\/wp-content\/uploads\/2025\/06\/2_20241028_084302665_iOS-1024x825.jpg\" class=\"w-full h-auto\" alt=\"\" loading=\"lazy\" decoding=\"async\" srcset=\"https:\/\/www.mateco.ch\/wp-content\/uploads\/2025\/06\/2_20241028_084302665_iOS-1024x825.jpg 1024w, https:\/\/www.mateco.ch\/wp-content\/uploads\/2025\/06\/2_20241028_084302665_iOS-300x242.jpg 300w, https:\/\/www.mateco.ch\/wp-content\/uploads\/2025\/06\/2_20241028_084302665_iOS-768x619.jpg 768w, https:\/\/www.mateco.ch\/wp-content\/uploads\/2025\/06\/2_20241028_084302665_iOS-1536x1238.jpg 1536w, https:\/\/www.mateco.ch\/wp-content\/uploads\/2025\/06\/2_20241028_084302665_iOS-2048x1650.jpg 2048w\" sizes=\"auto, (max-width: 1024px) 100vw, 1024px\" \/>\t\t<\/picture>\n\t\t  <\/div>\n  <div class=\"rich-text legende mt-10\">\n    <p>Anastasia Trentos \u2013 Direction de la formation et des Ressources humaines, Bossard &#038; Geiser<\/p>\n  <\/div>\n<\/div>          <\/div>\n                  <div class=\"row mb-40 mb-md-60\">\n            <div class=\"interview col-md-10 offset-md-1 col-lg-8 offset-lg-2\">\n\t        <div class=\"rich-text\">\n          <p class=\"strong\"><strong>Anastasia, qu&rsquo;est-ce qui fait de Bossard &#038; Geiser un partenaire de formation id\u00e9al pour mateco ?<\/strong><\/p>\n\t\t\t\t\t<p>Nous couvrons toute la gamme des syst\u00e8mes contre les chutes. Gr\u00e2ce \u00e0 notre travail quotidien avec des syst\u00e8mes de s\u00e9curit\u00e9, nous apportons un savoir-faire solide qui est directement int\u00e9gr\u00e9 dans nos formations. Gr\u00e2ce \u00e0 notre longue exp\u00e9rience, nous pouvons r\u00e9pondre de mani\u00e8re cibl\u00e9e aux exigences sp\u00e9cifiques du secteur et proposer des formations ax\u00e9es sur la pratique.<\/p>\n        <\/div>\n\t\t\t        <div class=\"rich-text\">\n          <p class=\"strong\"><strong>Qu&rsquo;est-ce qui caract\u00e9rise vos cours de base sur les EPI et vos formations combin\u00e9es (EPI et op\u00e9rateur) ?<\/strong><\/p>\n\t\t\t\t\t<p>Nos formateurs sont non seulement certifi\u00e9s en fonction des risques de chute, mais ils apportent aussi une grande exp\u00e9rience de la technique d&rsquo;acc\u00e8s en hauteur &#8211; c&rsquo;est pr\u00e9cis\u00e9ment ce qui rend les cours si pratiques. Dans le cours combin\u00e9 EPI\/op\u00e9rateur de deux jours, nous combinons les principales bases de la protection contre les chutes avec l&rsquo;utilisation s\u00fbre des plateformes \u00e9l\u00e9vatrices. Le cours est compact et adapt\u00e9 \u00e0 ce dont les participants ont vraiment besoin dans leur travail quotidien. Cette combinaison le rend particuli\u00e8rement efficace &#8211; et donc tr\u00e8s appr\u00e9ci\u00e9.<\/p>\n        <\/div>\n\t\t\t        <div class=\"rich-text\">\n          <p class=\"strong\"><strong>Comment les participants profitent-ils de la collaboration entre vos deux entreprises ?<\/strong><\/p>\n\t\t\t\t\t<p>Gr\u00e2ce \u00e0 la simplicit\u00e9 du processus de r\u00e9servation et \u00e0 l&rsquo;\u00e9troite collaboration entre nos deux entreprises. Les formations sont proches de la pratique &#8211; et il y a en outre des avantages financiers int\u00e9ressants.<\/p>\n        <\/div>\n\t\t\t        <div class=\"rich-text\">\n          <p class=\"strong\"><strong>Y a-t-il un moment fort ou une anecdote particuli\u00e8re de notre travail commun ?<\/strong><\/p>\n\t\t\t\t\t<p>La collaboration a \u00e9t\u00e9 tr\u00e8s agr\u00e9able d\u00e8s le d\u00e9but et s&rsquo;est d\u00e9roul\u00e9e dans un esprit de partenariat &#8211; ce qui constitue \u00e0 lui seul un point fort pour nous.<\/p>\n        <\/div>\n\t\t\t        <div class=\"rich-text\">\n          <p class=\"strong\"><strong>Comment vois-tu l&rsquo;importance des formations EPI dans les ann\u00e9es \u00e0 venir ?<\/strong><\/p>\n\t\t\t\t\t<p>Ces formations vont continuer \u00e0 gagner en importance. Notre objectif est de participer activement au d\u00e9veloppement et \u00e0 la d\u00e9finition de l&rsquo;\u00e9tat de la technique.<\/p>\n        <\/div>\n\t\t\t        <div class=\"rich-text\">\n          <p class=\"strong\"><strong>Quels sont les projets pour l&rsquo;avenir de la coop\u00e9ration en mati\u00e8re de formation ? <\/strong><\/p>\n\t\t\t\t\t<p>La prise de conscience de la n\u00e9cessit\u00e9 de suivre r\u00e9guli\u00e8rement des formations continues dans le domaine des EPI a nettement augment\u00e9 ces deux ou trois derni\u00e8res ann\u00e9es. Une r\u00e9p\u00e9tition pour le cours combin\u00e9 pourrait donc \u00eatre un sujet passionnant pour l&rsquo;avenir.<\/p>\n        <\/div>\n\t\t\t<\/div>          <\/div>\n                  <div class=\"row mb-40 mb-md-60\">\n            <div class=\"cta-team col-12\">\n\n  \n  <div class=\"bg-yellow\">\n\t  \t  <div class=\"cta-team d-flex flex-column flex-md-row\">\n      <div class=\"img-wrapper\">\n\t\t  <img width=\"610\" height=\"610\" src=\"https:\/\/www.mateco.ch\/wp-content\/uploads\/2025\/03\/Vanessa_Rieder_610x610.jpg\" class=\"h-100\" alt=\"\" loading=\"lazy\" decoding=\"async\" srcset=\"https:\/\/www.mateco.ch\/wp-content\/uploads\/2025\/03\/Vanessa_Rieder_610x610.jpg 610w, https:\/\/www.mateco.ch\/wp-content\/uploads\/2025\/03\/Vanessa_Rieder_610x610-150x150.jpg 150w, https:\/\/www.mateco.ch\/wp-content\/uploads\/2025\/03\/Vanessa_Rieder_610x610-300x300.jpg 300w\" sizes=\"auto, (max-width: 610px) 100vw, 610px\" \/>    <\/div>\n  \t<div class=\"content p-20 p-md-40 p-lg-60 yellow d-flex align-items-center flex-fill\">\n    <div>\n\t    <h3 class=\"mb-10\">Cheffe de projet<\/h3>\n      <div class=\"rich-text\">\n                <p><span class=\"fw-700\">Vanessa Rieder, <\/span>Responsable du service interne de la formation<\/p>\n      <\/div>\n\t    <div class=\"button-group d-flex flex-column flex-lg-row mt-30\">\n\t<a href=\"mailto:vanessa.rieder@mateco.ch\" target=\"\" title=\"vanessa.rieder@mateco.ch\" class=\"btn btn-bg-mateco_red \" >\n\n  <i class=\"icon-mail\"><\/i>\n      <span class=\"btn-text\">vanessa.rieder@mateco.ch<\/span>\n  \n  \n<\/a>\n<a href=\"tel:0448187096\" target=\"\" title=\"044 818 70 96\" class=\"btn btn-bg-blue \" >\n\n  <i class=\"icon-phone\"><\/i>\n      <span class=\"btn-text\">044 818 70 96<\/span>\n  \n  \n<\/a>\n<\/div>    <\/div>\n\t<\/div>\n<\/div>\n  <\/div>\n<\/div>          <\/div>\n              <\/div>\n    <\/div>\n\t\n<\/div>\n","protected":false},"excerpt":{"rendered":"<p>Depuis 2019, mateco et Bossard &#038; Geiser entretiennent une solide coop\u00e9ration dans le domaine de la formation, avec un objectif commun : promouvoir la s\u00e9curit\u00e9 au travail en hauteur et proposer des formations pratiques. Anastasia Trentos, responsable de l\u2019organisation des formations et des ressources humaines chez Bossard &#038; Geiser, nous donne un aper\u00e7u de cette coop\u00e9ration et de leurs perspectives communes.<\/p>\n","protected":false},"featured_media":12071,"template":"","application_areas_category":[110],"class_list":["post-11887","references","type-references","status-publish","has-post-thumbnail","hentry","application_areas_category-schulungen-fr"],"acf":[],"yoast_head":"<title>Formation, M\u00fcnchenstein BL - mateco AG<\/title>\n<meta name=\"description\" content=\"Depuis 2019, mateco &amp; Bossard &amp; Geiser encouragent la s\u00e9curit\u00e9 au travail sur les plateformes \u00e9l\u00e9vatrices \u2013 avec des formations pratiques. Lire l&#039;interview maintenant !\" \/>\n<meta name=\"robots\" content=\"index, follow, max-snippet:-1, max-image-preview:large, max-video-preview:-1\" \/>\n<link rel=\"canonical\" href=\"https:\/\/www.mateco.ch\/fr\/societe\/references\/formation-plates-formes-elevatrices-muenchenstein-bl\/\" \/>\n<meta property=\"og:locale\" content=\"fr_FR\" \/>\n<meta property=\"og:type\" content=\"article\" \/>\n<meta property=\"og:title\" content=\"Formation, M\u00fcnchenstein BL - mateco AG\" \/>\n<meta property=\"og:description\" content=\"Depuis 2019, mateco &amp; Bossard &amp; Geiser encouragent la s\u00e9curit\u00e9 au travail sur les plateformes \u00e9l\u00e9vatrices \u2013 avec des formations pratiques. Lire l&#039;interview maintenant !\" \/>\n<meta property=\"og:url\" content=\"https:\/\/www.mateco.ch\/fr\/societe\/references\/formation-plates-formes-elevatrices-muenchenstein-bl\/\" \/>\n<meta property=\"og:site_name\" content=\"mateco AG\" \/>\n<meta property=\"article:modified_time\" content=\"2025-08-18T14:04:25+00:00\" \/>\n<meta property=\"og:image\" content=\"https:\/\/www.mateco.ch\/wp-content\/uploads\/2025\/06\/BG-Schulung_034_Bossard-Geiser.jpg\" \/>\n\t<meta property=\"og:image:width\" content=\"2000\" \/>\n\t<meta property=\"og:image:height\" content=\"1333\" \/>\n\t<meta property=\"og:image:type\" content=\"image\/jpeg\" \/>\n<meta name=\"twitter:card\" content=\"summary_large_image\" \/>\n<script type=\"application\/ld+json\" class=\"yoast-schema-graph\">{\"@context\":\"https:\\\/\\\/schema.org\",\"@graph\":[{\"@type\":\"WebPage\",\"@id\":\"https:\\\/\\\/www.mateco.ch\\\/fr\\\/societe\\\/references\\\/formation-plates-formes-elevatrices-muenchenstein-bl\\\/\",\"url\":\"https:\\\/\\\/www.mateco.ch\\\/fr\\\/societe\\\/references\\\/formation-plates-formes-elevatrices-muenchenstein-bl\\\/\",\"name\":\"Formation, M\u00fcnchenstein BL - mateco AG\",\"isPartOf\":{\"@id\":\"https:\\\/\\\/www.mateco.ch\\\/fr\\\/#website\"},\"primaryImageOfPage\":{\"@id\":\"https:\\\/\\\/www.mateco.ch\\\/fr\\\/societe\\\/references\\\/formation-plates-formes-elevatrices-muenchenstein-bl\\\/#primaryimage\"},\"image\":{\"@id\":\"https:\\\/\\\/www.mateco.ch\\\/fr\\\/societe\\\/references\\\/formation-plates-formes-elevatrices-muenchenstein-bl\\\/#primaryimage\"},\"thumbnailUrl\":\"https:\\\/\\\/www.mateco.ch\\\/wp-content\\\/uploads\\\/2025\\\/06\\\/BG-Schulung_034_Bossard-Geiser.jpg\",\"datePublished\":\"2025-07-01T15:00:40+00:00\",\"dateModified\":\"2025-08-18T14:04:25+00:00\",\"description\":\"Depuis 2019, mateco & Bossard & Geiser encouragent la s\u00e9curit\u00e9 au travail sur les plateformes \u00e9l\u00e9vatrices \u2013 avec des formations pratiques. Lire l'interview maintenant !\",\"breadcrumb\":{\"@id\":\"https:\\\/\\\/www.mateco.ch\\\/fr\\\/societe\\\/references\\\/formation-plates-formes-elevatrices-muenchenstein-bl\\\/#breadcrumb\"},\"inLanguage\":\"fr-FR\",\"potentialAction\":[{\"@type\":\"ReadAction\",\"target\":[\"https:\\\/\\\/www.mateco.ch\\\/fr\\\/societe\\\/references\\\/formation-plates-formes-elevatrices-muenchenstein-bl\\\/\"]}]},{\"@type\":\"ImageObject\",\"inLanguage\":\"fr-FR\",\"@id\":\"https:\\\/\\\/www.mateco.ch\\\/fr\\\/societe\\\/references\\\/formation-plates-formes-elevatrices-muenchenstein-bl\\\/#primaryimage\",\"url\":\"https:\\\/\\\/www.mateco.ch\\\/wp-content\\\/uploads\\\/2025\\\/06\\\/BG-Schulung_034_Bossard-Geiser.jpg\",\"contentUrl\":\"https:\\\/\\\/www.mateco.ch\\\/wp-content\\\/uploads\\\/2025\\\/06\\\/BG-Schulung_034_Bossard-Geiser.jpg\",\"width\":2000,\"height\":1333},{\"@type\":\"BreadcrumbList\",\"@id\":\"https:\\\/\\\/www.mateco.ch\\\/fr\\\/societe\\\/references\\\/formation-plates-formes-elevatrices-muenchenstein-bl\\\/#breadcrumb\",\"itemListElement\":[{\"@type\":\"ListItem\",\"position\":1,\"name\":\"Home\",\"item\":\"https:\\\/\\\/www.mateco.ch\\\/fr\\\/home\\\/\"},{\"@type\":\"ListItem\",\"position\":2,\"name\":\"Formation, M\u00fcnchenstein BL\"}]},{\"@type\":\"WebSite\",\"@id\":\"https:\\\/\\\/www.mateco.ch\\\/fr\\\/#website\",\"url\":\"https:\\\/\\\/www.mateco.ch\\\/fr\\\/\",\"name\":\"mateco AG\",\"description\":\"Ihr kompetenter Partner  rund um Arbeitsb\u00fchnen\",\"publisher\":{\"@id\":\"https:\\\/\\\/www.mateco.ch\\\/fr\\\/#organization\"},\"potentialAction\":[{\"@type\":\"SearchAction\",\"target\":{\"@type\":\"EntryPoint\",\"urlTemplate\":\"https:\\\/\\\/www.mateco.ch\\\/fr\\\/?s={search_term_string}\"},\"query-input\":{\"@type\":\"PropertyValueSpecification\",\"valueRequired\":true,\"valueName\":\"search_term_string\"}}],\"inLanguage\":\"fr-FR\"},{\"@type\":\"Organization\",\"@id\":\"https:\\\/\\\/www.mateco.ch\\\/fr\\\/#organization\",\"name\":\"mateco AG\",\"url\":\"https:\\\/\\\/www.mateco.ch\\\/fr\\\/\",\"logo\":{\"@type\":\"ImageObject\",\"inLanguage\":\"fr-FR\",\"@id\":\"https:\\\/\\\/www.mateco.ch\\\/fr\\\/#\\\/schema\\\/logo\\\/image\\\/\",\"url\":\"https:\\\/\\\/www.mateco.ch\\\/wp-content\\\/uploads\\\/2026\\\/07\\\/mateco_logo-scaled.png\",\"contentUrl\":\"https:\\\/\\\/www.mateco.ch\\\/wp-content\\\/uploads\\\/2026\\\/07\\\/mateco_logo-scaled.png\",\"width\":2560,\"height\":653,\"caption\":\"mateco AG\"},\"image\":{\"@id\":\"https:\\\/\\\/www.mateco.ch\\\/fr\\\/#\\\/schema\\\/logo\\\/image\\\/\"}}]}<\/script>","yoast_head_json":{"title":"Formation, M\u00fcnchenstein BL - mateco AG","description":"Depuis 2019, mateco & Bossard & Geiser encouragent la s\u00e9curit\u00e9 au travail sur les plateformes \u00e9l\u00e9vatrices \u2013 avec des formations pratiques. Lire l'interview maintenant !","robots":{"index":"index","follow":"follow","max-snippet":"max-snippet:-1","max-image-preview":"max-image-preview:large","max-video-preview":"max-video-preview:-1"},"canonical":"https:\/\/www.mateco.ch\/fr\/societe\/references\/formation-plates-formes-elevatrices-muenchenstein-bl\/","og_locale":"fr_FR","og_type":"article","og_title":"Formation, M\u00fcnchenstein BL - mateco AG","og_description":"Depuis 2019, mateco & Bossard & Geiser encouragent la s\u00e9curit\u00e9 au travail sur les plateformes \u00e9l\u00e9vatrices \u2013 avec des formations pratiques. Lire l'interview maintenant !","og_url":"https:\/\/www.mateco.ch\/fr\/societe\/references\/formation-plates-formes-elevatrices-muenchenstein-bl\/","og_site_name":"mateco AG","article_modified_time":"2025-08-18T14:04:25+00:00","og_image":[{"width":2000,"height":1333,"url":"https:\/\/www.mateco.ch\/wp-content\/uploads\/2025\/06\/BG-Schulung_034_Bossard-Geiser.jpg","type":"image\/jpeg"}],"twitter_card":"summary_large_image","schema":{"@context":"https:\/\/schema.org","@graph":[{"@type":"WebPage","@id":"https:\/\/www.mateco.ch\/fr\/societe\/references\/formation-plates-formes-elevatrices-muenchenstein-bl\/","url":"https:\/\/www.mateco.ch\/fr\/societe\/references\/formation-plates-formes-elevatrices-muenchenstein-bl\/","name":"Formation, M\u00fcnchenstein BL - mateco AG","isPartOf":{"@id":"https:\/\/www.mateco.ch\/fr\/#website"},"primaryImageOfPage":{"@id":"https:\/\/www.mateco.ch\/fr\/societe\/references\/formation-plates-formes-elevatrices-muenchenstein-bl\/#primaryimage"},"image":{"@id":"https:\/\/www.mateco.ch\/fr\/societe\/references\/formation-plates-formes-elevatrices-muenchenstein-bl\/#primaryimage"},"thumbnailUrl":"https:\/\/www.mateco.ch\/wp-content\/uploads\/2025\/06\/BG-Schulung_034_Bossard-Geiser.jpg","datePublished":"2025-07-01T15:00:40+00:00","dateModified":"2025-08-18T14:04:25+00:00","description":"Depuis 2019, mateco & Bossard & Geiser encouragent la s\u00e9curit\u00e9 au travail sur les plateformes \u00e9l\u00e9vatrices \u2013 avec des formations pratiques. Lire l'interview maintenant !","breadcrumb":{"@id":"https:\/\/www.mateco.ch\/fr\/societe\/references\/formation-plates-formes-elevatrices-muenchenstein-bl\/#breadcrumb"},"inLanguage":"fr-FR","potentialAction":[{"@type":"ReadAction","target":["https:\/\/www.mateco.ch\/fr\/societe\/references\/formation-plates-formes-elevatrices-muenchenstein-bl\/"]}]},{"@type":"ImageObject","inLanguage":"fr-FR","@id":"https:\/\/www.mateco.ch\/fr\/societe\/references\/formation-plates-formes-elevatrices-muenchenstein-bl\/#primaryimage","url":"https:\/\/www.mateco.ch\/wp-content\/uploads\/2025\/06\/BG-Schulung_034_Bossard-Geiser.jpg","contentUrl":"https:\/\/www.mateco.ch\/wp-content\/uploads\/2025\/06\/BG-Schulung_034_Bossard-Geiser.jpg","width":2000,"height":1333},{"@type":"BreadcrumbList","@id":"https:\/\/www.mateco.ch\/fr\/societe\/references\/formation-plates-formes-elevatrices-muenchenstein-bl\/#breadcrumb","itemListElement":[{"@type":"ListItem","position":1,"name":"Home","item":"https:\/\/www.mateco.ch\/fr\/home\/"},{"@type":"ListItem","position":2,"name":"Formation, M\u00fcnchenstein BL"}]},{"@type":"WebSite","@id":"https:\/\/www.mateco.ch\/fr\/#website","url":"https:\/\/www.mateco.ch\/fr\/","name":"mateco AG","description":"Ihr kompetenter Partner  rund um Arbeitsb\u00fchnen","publisher":{"@id":"https:\/\/www.mateco.ch\/fr\/#organization"},"potentialAction":[{"@type":"SearchAction","target":{"@type":"EntryPoint","urlTemplate":"https:\/\/www.mateco.ch\/fr\/?s={search_term_string}"},"query-input":{"@type":"PropertyValueSpecification","valueRequired":true,"valueName":"search_term_string"}}],"inLanguage":"fr-FR"},{"@type":"Organization","@id":"https:\/\/www.mateco.ch\/fr\/#organization","name":"mateco AG","url":"https:\/\/www.mateco.ch\/fr\/","logo":{"@type":"ImageObject","inLanguage":"fr-FR","@id":"https:\/\/www.mateco.ch\/fr\/#\/schema\/logo\/image\/","url":"https:\/\/www.mateco.ch\/wp-content\/uploads\/2026\/07\/mateco_logo-scaled.png","contentUrl":"https:\/\/www.mateco.ch\/wp-content\/uploads\/2026\/07\/mateco_logo-scaled.png","width":2560,"height":653,"caption":"mateco AG"},"image":{"@id":"https:\/\/www.mateco.ch\/fr\/#\/schema\/logo\/image\/"}}]}},"_links":{"self":[{"href":"https:\/\/www.mateco.ch\/fr\/wp-json\/wp\/v2\/references\/11887","targetHints":{"allow":["GET"]}}],"collection":[{"href":"https:\/\/www.mateco.ch\/fr\/wp-json\/wp\/v2\/references"}],"about":[{"href":"https:\/\/www.mateco.ch\/fr\/wp-json\/wp\/v2\/types\/references"}],"version-history":[{"count":8,"href":"https:\/\/www.mateco.ch\/fr\/wp-json\/wp\/v2\/references\/11887\/revisions"}],"predecessor-version":[{"id":12315,"href":"https:\/\/www.mateco.ch\/fr\/wp-json\/wp\/v2\/references\/11887\/revisions\/12315"}],"wp:featuredmedia":[{"embeddable":true,"href":"https:\/\/www.mateco.ch\/fr\/wp-json\/wp\/v2\/media\/12071"}],"wp:attachment":[{"href":"https:\/\/www.mateco.ch\/fr\/wp-json\/wp\/v2\/media?parent=11887"}],"wp:term":[{"taxonomy":"application_areas_category","embeddable":true,"href":"https:\/\/www.mateco.ch\/fr\/wp-json\/wp\/v2\/application_areas_category?post=11887"}],"curies":[{"name":"wp","href":"https:\/\/api.w.org\/{rel}","templated":true}]}}