{"id":12216,"date":"2025-08-18T16:02:32","date_gmt":"2025-08-18T14:02:32","guid":{"rendered":"https:\/\/www.maltech.ch\/?post_type=references&#038;p=12216"},"modified":"2025-08-18T16:03:06","modified_gmt":"2025-08-18T14:03:06","slug":"plateformes-elevatrices-art-basel","status":"publish","type":"references","link":"https:\/\/www.mateco.ch\/fr\/societe\/references\/plateformes-elevatrices-art-basel\/","title":{"rendered":"Construction de foire, B\u00e2le"},"content":{"rendered":"<div class=\"container global-content-styles\">\n\n\t<div class=\"button-group d-inline-flex mt-0 mb-30\">\n\t<a href=\"\/fr\/societe-2\/references\/\" target=\"\" title=\"Retour aux r\u00e9sultats\" class=\"btn btn-primary btn-bg-mateco_red \" >\n\n  <i class=\"icon-chevron\"><\/i>\n      <span class=\"btn-text\">Retour aux r\u00e9sultats<\/span>\n  \n  \n<\/a>\n<\/div>\n\t    <div class=\"reference-media\">\n              <div class=\"position-relative swiper-maltech-style reference-detail-slider\">\n          <div class=\"swiper news-header-swiper\">\n            <div class=\"swiper-wrapper\">\n                              <div class=\"swiper-slide\">\n                                      <div class=\"img-wrapper\">\n                      \t\t<picture>\n\t\t\t\n\t\t\t<img width=\"1024\" height=\"592\" src=\"https:\/\/www.mateco.ch\/wp-content\/uploads\/2025\/08\/IMG_0294_bearbeitet-1024x592.jpg\" class=\"w-full h-auto\" alt=\"\" loading=\"lazy\" decoding=\"async\" srcset=\"https:\/\/www.mateco.ch\/wp-content\/uploads\/2025\/08\/IMG_0294_bearbeitet-1024x592.jpg 1024w, https:\/\/www.mateco.ch\/wp-content\/uploads\/2025\/08\/IMG_0294_bearbeitet-1536x888.jpg 1536w, https:\/\/www.mateco.ch\/wp-content\/uploads\/2025\/08\/IMG_0294_bearbeitet-300x174.jpg 300w, https:\/\/www.mateco.ch\/wp-content\/uploads\/2025\/08\/IMG_0294_bearbeitet-768x444.jpg 768w, https:\/\/www.mateco.ch\/wp-content\/uploads\/2025\/08\/IMG_0294_bearbeitet-2048x1185.jpg 2048w\" sizes=\"auto, (max-width: 1024px) 100vw, 1024px\" \/>\t\t<\/picture>\n\t\t                    <\/div>\n                                  <\/div>\n                              <div class=\"swiper-slide\">\n                                      <div class=\"img-wrapper\">\n                      \t\t<picture>\n\t\t\t\n\t\t\t<img width=\"768\" height=\"1024\" src=\"https:\/\/www.mateco.ch\/wp-content\/uploads\/2025\/08\/IMG_0278_bearbeitet-768x1024.jpg\" class=\"w-full h-auto\" alt=\"\" loading=\"lazy\" decoding=\"async\" srcset=\"https:\/\/www.mateco.ch\/wp-content\/uploads\/2025\/08\/IMG_0278_bearbeitet-768x1024.jpg 768w, https:\/\/www.mateco.ch\/wp-content\/uploads\/2025\/08\/IMG_0278_bearbeitet-225x300.jpg 225w, https:\/\/www.mateco.ch\/wp-content\/uploads\/2025\/08\/IMG_0278_bearbeitet-1152x1536.jpg 1152w, https:\/\/www.mateco.ch\/wp-content\/uploads\/2025\/08\/IMG_0278_bearbeitet-1536x2048.jpg 1536w, https:\/\/www.mateco.ch\/wp-content\/uploads\/2025\/08\/IMG_0278_bearbeitet-scaled.jpg 1920w\" sizes=\"auto, (max-width: 768px) 100vw, 768px\" \/>\t\t<\/picture>\n\t\t                    <\/div>\n                                  <\/div>\n                              <div class=\"swiper-slide\">\n                                      <div class=\"img-wrapper\">\n                      \t\t<picture>\n\t\t\t\n\t\t\t<img width=\"768\" height=\"1024\" src=\"https:\/\/www.mateco.ch\/wp-content\/uploads\/2025\/08\/IMG_0274_bearbeitet-768x1024.jpg\" class=\"w-full h-auto\" alt=\"\" loading=\"lazy\" decoding=\"async\" srcset=\"https:\/\/www.mateco.ch\/wp-content\/uploads\/2025\/08\/IMG_0274_bearbeitet-768x1024.jpg 768w, https:\/\/www.mateco.ch\/wp-content\/uploads\/2025\/08\/IMG_0274_bearbeitet-225x300.jpg 225w, https:\/\/www.mateco.ch\/wp-content\/uploads\/2025\/08\/IMG_0274_bearbeitet-1152x1536.jpg 1152w, https:\/\/www.mateco.ch\/wp-content\/uploads\/2025\/08\/IMG_0274_bearbeitet-1536x2048.jpg 1536w, https:\/\/www.mateco.ch\/wp-content\/uploads\/2025\/08\/IMG_0274_bearbeitet-scaled.jpg 1920w\" sizes=\"auto, (max-width: 768px) 100vw, 768px\" \/>\t\t<\/picture>\n\t\t                    <\/div>\n                                  <\/div>\n                              <div class=\"swiper-slide\">\n                                      <div class=\"img-wrapper\">\n                      \t\t<picture>\n\t\t\t\n\t\t\t<img width=\"1024\" height=\"768\" src=\"https:\/\/www.mateco.ch\/wp-content\/uploads\/2025\/08\/IMG_0272_bearbeitet-1024x768.jpg\" class=\"w-full h-auto\" alt=\"\" loading=\"lazy\" decoding=\"async\" srcset=\"https:\/\/www.mateco.ch\/wp-content\/uploads\/2025\/08\/IMG_0272_bearbeitet-1024x768.jpg 1024w, https:\/\/www.mateco.ch\/wp-content\/uploads\/2025\/08\/IMG_0272_bearbeitet-300x225.jpg 300w, https:\/\/www.mateco.ch\/wp-content\/uploads\/2025\/08\/IMG_0272_bearbeitet-768x576.jpg 768w, https:\/\/www.mateco.ch\/wp-content\/uploads\/2025\/08\/IMG_0272_bearbeitet-1536x1152.jpg 1536w, https:\/\/www.mateco.ch\/wp-content\/uploads\/2025\/08\/IMG_0272_bearbeitet-2048x1536.jpg 2048w\" sizes=\"auto, (max-width: 1024px) 100vw, 1024px\" \/>\t\t<\/picture>\n\t\t                    <\/div>\n                                  <\/div>\n                          <\/div>\n            <div class=\"swiper-pagination\"><\/div>\n          <\/div>\n          <div class=\"swiper-prev swiper-nav-btn news-header-swiper-btn\"><\/div>\n          <div class=\"swiper-next swiper-nav-btn news-header-swiper-btn\"><\/div>\n        <\/div>\n      \n      <aside class=\"reference-rebrand-notice reference-rebrand-notice--detail\" aria-label=\"Note concernant le changement de raison sociale\">\n\t<span class=\"reference-rebrand-notice__eyebrow\">Maltech est mateco.<\/span>\n\t<strong class=\"reference-rebrand-notice__title\">Tout reste meilleur.<\/strong>\n<\/aside>\n    <\/div>\n\t\n\t<h1 class=\"text-md-center mt-50\">Construction de foire, B\u00e2le<\/h1>\n\n\t    <div class=\"row\">\n      <div class=\"col-md-10 offset-md-1 col-lg-8 offset-lg-2\">\n        <div class=\"rich-text lead mb-60 mb-md-100\">\n            <p>Des plateformes \u00e9l\u00e9vatrices parmi les chefs-d&rsquo;\u0153uvre. Comment mateco facilite le montage et le d\u00e9montage \u00e0 Art Basel et garantit encore plus d&rsquo;efficacit\u00e9 gr\u00e2ce \u00e0 un nouveau stand. Martin Etter, responsable Key Account Management chez mateco, explique comment cela fonctionne.<\/p>\n        <\/div>\n      <\/div>\n    <\/div>\n\t\n\t    <div class=\"row\">\n      <div class=\"col-12 mb-n40 mb-md-n60\">\n                  <div class=\"row mb-40 mb-md-60\">\n            <div class=\"text col-md-10 offset-md-1 col-lg-8 offset-lg-2\">\n\n\t<h2 >Les principaux faits et chiffres en un coup d&rsquo;\u0153il<br \/>\r\n<\/h2>\n\n\t    <div class=\"rich-text big-space-between\">\n\t\t\t<ul>\n<li>Des dizaines de milliers de passionn\u00e9s d&rsquo;art du monde entier visitent chaque ann\u00e9e l&rsquo;<a href=\"https:\/\/www.artbasel.com\/?lang=fr\" target=\"_blank\" rel=\"noopener\">Art Basel<\/a><\/li>\n<li>Plus de 100 <a href=\"https:\/\/www.mateco.ch\/fr\/location\/nos-elevateurs-a-nacelle\/\">plateformes \u00e9l\u00e9vatrices<\/a> et <a href=\"https:\/\/www.mateco.ch\/fr\/news\/nos-chariots-telescopiques-rotatifs-et-a-fourche\/\">chariots \u00e9l\u00e9vateurs<\/a> en service<\/li>\n<li>Dur\u00e9e totale de location : 5 semaines<\/li>\n<li>Transport aller-retour en 3 jours ouvrables<\/li>\n<li>Jusqu&rsquo;\u00e0 40 mouvements par jour dans le stand<\/li>\n<\/ul>\n    <\/div>\n\t\n\t\n<\/div>          <\/div>\n                  <div class=\"row mb-40 mb-md-60\">\n            <div class=\"interview col-md-10 offset-md-1 col-lg-8 offset-lg-2\">\n\t        <div class=\"rich-text\">\n          <p class=\"strong\"><strong>Martin, quel a \u00e9t\u00e9 ton r\u00f4le lors de l\u2019\u00e9dition 2025 de l\u2019Art Basel ?<\/strong><\/p>\n\t\t\t\t\t<p>J\u2019ai d\u00e9fini les conditions-cadres avec les responsables de Messe Basel et d&rsquo;Art Basel, coordonn\u00e9 le projet et assur\u00e9 la communication avec toutes les parties prenantes.<\/p>\n        <\/div>\n\t\t\t        <div class=\"rich-text\">\n          <p class=\"strong\"><strong>Qu\u2019est-ce qui rend l\u2019Art Basel si sp\u00e9ciale \u00e0 tes yeux ?\r\n<\/strong><\/p>\n\t\t\t\t\t<p>C\u2019est un \u00e9v\u00e9nement artistique de renomm\u00e9e mondiale. Contribuer \u00e0 son succ\u00e8s avec mateco est une vraie fiert\u00e9. Ce n\u2019est pas quelque chose que l&rsquo;on vit tous les jours.<\/p>\n        <\/div>\n\t\t\t        <div class=\"rich-text\">\n          <p class=\"strong\"><strong>Quels sont les d\u00e9fis li\u00e9s \u00e0 un projet de cette ampleur ?<\/strong><\/p>\n\t\t\t\t\t<p>Plus de 100 <a href=\"https:\/\/www.mateco.ch\/fr\/location\/nos-elevateurs-a-nacelle\/\">plateformes de diff\u00e9rentes tailles et types<\/a> \u00e9taient n\u00e9cessaires pour le montage et le d\u00e9montage. Le d\u00e9lai de livraison court, la pr\u00e9paration et la remise des machines \u00e0 plus de 15 chefs de projet ainsi qu&rsquo;\u00e0 un coordinateur principal \u00e9taient exigeants. Mais gr\u00e2ce \u00e0 une communication claire, tout s\u2019est d\u00e9roul\u00e9 sans accroc.<\/p>\n        <\/div>\n\t\t\t        <div class=\"rich-text\">\n          <p class=\"strong\"><strong>En 2025, mateco a g\u00e9r\u00e9 pour la premi\u00e8re fois un stand sur place. De quoi s&rsquo;agit-il exactement ?<\/strong><\/p>\n\t\t\t\t\t<p>En plus de la location pour les constructeurs de stands, nous avons mis en place un kiosque central pour les exposants et artistes. Les plateformes ont pu \u00eatre r\u00e9utilis\u00e9es apr\u00e8s le montage, par exemple pour des installations artistiques. Pour cela, nous avons adapt\u00e9 notre syst\u00e8me afin de g\u00e9rer les commandes directement sur site et les planifier efficacement \u2013 jusqu&rsquo;\u00e0 40 mouvements par jour.<\/p>\n        <\/div>\n\t\t\t        <div class=\"rich-text\">\n          <p class=\"strong\"><strong>Comment s\u2019est d\u00e9roul\u00e9e la collaboration avec la direction de la foire ?<\/strong><\/p>\n\t\t\t\t\t<p data-pm-slice=\"1 1 []\">Les premiers entretiens ont eu lieu plusieurs mois avant l\u2019\u00e9v\u00e9nement. Ensemble, nous avons d\u00e9velopp\u00e9 des solutions sur mesure. Ce fut une collaboration dynamique et partenariale, avec un v\u00e9ritable esprit win-win.<\/p>\n        <\/div>\n\t\t\t        <div class=\"rich-text\">\n          <p class=\"strong\"><strong>Quels \u00e9quipements ont \u00e9t\u00e9 utilis\u00e9s concr\u00e8tement ?\r\n<\/strong><\/p>\n\t\t\t\t\t<p>Des plateformes \u00e0 m\u00e2t vertical, \u00e0 ciseaux, t\u00e9lescopiques et articul\u00e9es, des transpalettes \u00e9lectriques, tracteurs de chantier, chariots \u00e9l\u00e9vateurs \u00e9lectriques et diesel ainsi que divers accessoires. Nous avons ainsi pu proposer une solution adapt\u00e9e \u00e0 chaque exigence.<\/p>\n        <\/div>\n\t\t\t        <div class=\"rich-text\">\n          <p class=\"strong\"><strong>Quelle a \u00e9t\u00e9 la plus grande difficult\u00e9 rencontr\u00e9e ?\r\n<\/strong><\/p>\n\t\t\t\t\t<p>La gestion du stand. Nous ne savions pas \u00e0 l&rsquo;avance quelle serait la demande exacte. Sur place, nous avons conseill\u00e9 chaque client individuellement et fourni les \u00e9quipements ad\u00e9quats. Pour ceux sans formation, du personnel qualifi\u00e9 a \u00e9t\u00e9 mis \u00e0 disposition avec l&rsquo;aide de la direction de la foire.<\/p>\n        <\/div>\n\t\t\t        <div class=\"rich-text\">\n          <p class=\"strong\"><strong>Y a-t-il un moment marquant que vous gardez en m\u00e9moire ?<\/strong><\/p>\n\t\t\t\t\t<p>Nous avions un badge permanent, m\u00eame pendant l\u2019ouverture de la foire. Cela nous a permis de jeter un coup d\u2019\u0153il dans certains stands \u2013 un v\u00e9ritable privil\u00e8ge.<\/p>\n        <\/div>\n\t\t\t        <div class=\"rich-text\">\n          <p class=\"strong\"><strong>Et pour la prochaine \u00e9dition \u2013 qu\u2019attends-tu avec impatience ?\r\n<\/strong><\/p>\n\t\t\t\t\t<p>Nous avons fait nos preuves en tant que partenaire fiable. En 2026, nous reprendrons encore plus de t\u00e2ches et de prestations. C\u2019est un beau d\u00e9fi que j\u2019accueille avec enthousiasme.<\/p>\n        <\/div>\n\t\t\t<\/div>          <\/div>\n                  <div class=\"row mb-40 mb-md-60\">\n            <div class=\"cta-team col-12\">\n\n  \n  <div class=\"bg-yellow\">\n\t  \t  <div class=\"cta-team d-flex flex-column flex-md-row\">\n      <div class=\"img-wrapper\">\n\t\t  <img width=\"610\" height=\"610\" src=\"https:\/\/www.mateco.ch\/wp-content\/uploads\/2024\/03\/martin-etter-610x610-1.jpg\" class=\"h-100\" alt=\"\" loading=\"lazy\" decoding=\"async\" srcset=\"https:\/\/www.mateco.ch\/wp-content\/uploads\/2024\/03\/martin-etter-610x610-1.jpg 610w, https:\/\/www.mateco.ch\/wp-content\/uploads\/2024\/03\/martin-etter-610x610-1-150x150.jpg 150w, https:\/\/www.mateco.ch\/wp-content\/uploads\/2024\/03\/martin-etter-610x610-1-300x300.jpg 300w\" sizes=\"auto, (max-width: 610px) 100vw, 610px\" \/>    <\/div>\n  \t<div class=\"content p-20 p-md-40 p-lg-60 yellow d-flex align-items-center flex-fill\">\n    <div>\n\t    <h3 class=\"mb-10\">Responsable du projet<\/h3>\n      <div class=\"rich-text\">\n                <p><span class=\"fw-700\">Martin Etter, <\/span>Responsable Key Account Management<\/p>\n      <\/div>\n\t    <div class=\"button-group d-flex flex-column flex-lg-row mt-30\">\n\t<a href=\"mailto:martin.etter@mateco.ch\" target=\"\" title=\"martin.etter@mateco.ch\" class=\"btn btn-bg-mateco_red \" >\n\n  <i class=\"icon-mail\"><\/i>\n      <span class=\"btn-text\">martin.etter@mateco.ch<\/span>\n  \n  \n<\/a>\n<a href=\"tel:0622079061\" target=\"\" title=\"062 207 90 61\" class=\"btn btn-bg-blue \" >\n\n  <i class=\"icon-phone\"><\/i>\n      <span class=\"btn-text\">062 207 90 61<\/span>\n  \n  \n<\/a>\n<\/div>    <\/div>\n\t<\/div>\n<\/div>\n  <\/div>\n<\/div>          <\/div>\n              <\/div>\n    <\/div>\n\t\n<\/div>\n","protected":false},"excerpt":{"rendered":"<p>Des plateformes \u00e9l\u00e9vatrices parmi les chefs-d\u2019\u0153uvre. Comment mateco facilite le montage et le d\u00e9montage \u00e0 Art Basel et garantit encore plus d\u2019efficacit\u00e9 gr\u00e2ce \u00e0 un nouveau stand. Martin Etter, responsable Key Account Management chez mateco, explique comment cela fonctionne.<\/p>\n","protected":false},"featured_media":12224,"template":"","application_areas_category":[107],"class_list":["post-12216","references","type-references","status-publish","has-post-thumbnail","hentry","application_areas_category-event-und-werbetechnik-fr"],"acf":[],"yoast_head":"<title>Construction de foire, B\u00e2le - mateco AG<\/title>\n<meta name=\"description\" content=\"Comment mateco garantit un montage et un d\u00e9montage sans accroc \u00e0 l&#039;Art Basel et, gr\u00e2ce \u00e0 un nouveau kiosque op\u00e9rationnel, gagne encore en efficacit\u00e9. Lire maintenant!\" \/>\n<meta name=\"robots\" content=\"index, follow, max-snippet:-1, max-image-preview:large, max-video-preview:-1\" \/>\n<link rel=\"canonical\" href=\"https:\/\/www.mateco.ch\/fr\/societe\/references\/plateformes-elevatrices-art-basel\/\" \/>\n<meta property=\"og:locale\" content=\"fr_FR\" \/>\n<meta property=\"og:type\" content=\"article\" \/>\n<meta property=\"og:title\" content=\"Construction de foire, B\u00e2le - mateco AG\" \/>\n<meta property=\"og:description\" content=\"Comment mateco garantit un montage et un d\u00e9montage sans accroc \u00e0 l&#039;Art Basel et, gr\u00e2ce \u00e0 un nouveau kiosque op\u00e9rationnel, gagne encore en efficacit\u00e9. Lire maintenant!\" \/>\n<meta property=\"og:url\" content=\"https:\/\/www.mateco.ch\/fr\/societe\/references\/plateformes-elevatrices-art-basel\/\" \/>\n<meta property=\"og:site_name\" content=\"mateco AG\" \/>\n<meta property=\"article:modified_time\" content=\"2025-08-18T14:03:06+00:00\" \/>\n<meta property=\"og:image\" content=\"https:\/\/www.mateco.ch\/wp-content\/uploads\/2025\/08\/IMG_0294_bearbeitet-scaled.jpg\" \/>\n\t<meta property=\"og:image:width\" content=\"2560\" \/>\n\t<meta property=\"og:image:height\" content=\"1481\" \/>\n\t<meta property=\"og:image:type\" content=\"image\/jpeg\" \/>\n<meta name=\"twitter:card\" content=\"summary_large_image\" \/>\n<script type=\"application\/ld+json\" class=\"yoast-schema-graph\">{\"@context\":\"https:\\\/\\\/schema.org\",\"@graph\":[{\"@type\":\"WebPage\",\"@id\":\"https:\\\/\\\/www.mateco.ch\\\/fr\\\/societe\\\/references\\\/plateformes-elevatrices-art-basel\\\/\",\"url\":\"https:\\\/\\\/www.mateco.ch\\\/fr\\\/societe\\\/references\\\/plateformes-elevatrices-art-basel\\\/\",\"name\":\"Construction de foire, B\u00e2le - mateco AG\",\"isPartOf\":{\"@id\":\"https:\\\/\\\/www.mateco.ch\\\/fr\\\/#website\"},\"primaryImageOfPage\":{\"@id\":\"https:\\\/\\\/www.mateco.ch\\\/fr\\\/societe\\\/references\\\/plateformes-elevatrices-art-basel\\\/#primaryimage\"},\"image\":{\"@id\":\"https:\\\/\\\/www.mateco.ch\\\/fr\\\/societe\\\/references\\\/plateformes-elevatrices-art-basel\\\/#primaryimage\"},\"thumbnailUrl\":\"https:\\\/\\\/www.mateco.ch\\\/wp-content\\\/uploads\\\/2025\\\/08\\\/IMG_0294_bearbeitet-scaled.jpg\",\"datePublished\":\"2025-08-18T14:02:32+00:00\",\"dateModified\":\"2025-08-18T14:03:06+00:00\",\"description\":\"Comment mateco garantit un montage et un d\u00e9montage sans accroc \u00e0 l'Art Basel et, gr\u00e2ce \u00e0 un nouveau kiosque op\u00e9rationnel, gagne encore en efficacit\u00e9. Lire maintenant!\",\"breadcrumb\":{\"@id\":\"https:\\\/\\\/www.mateco.ch\\\/fr\\\/societe\\\/references\\\/plateformes-elevatrices-art-basel\\\/#breadcrumb\"},\"inLanguage\":\"fr-FR\",\"potentialAction\":[{\"@type\":\"ReadAction\",\"target\":[\"https:\\\/\\\/www.mateco.ch\\\/fr\\\/societe\\\/references\\\/plateformes-elevatrices-art-basel\\\/\"]}]},{\"@type\":\"ImageObject\",\"inLanguage\":\"fr-FR\",\"@id\":\"https:\\\/\\\/www.mateco.ch\\\/fr\\\/societe\\\/references\\\/plateformes-elevatrices-art-basel\\\/#primaryimage\",\"url\":\"https:\\\/\\\/www.mateco.ch\\\/wp-content\\\/uploads\\\/2025\\\/08\\\/IMG_0294_bearbeitet-scaled.jpg\",\"contentUrl\":\"https:\\\/\\\/www.mateco.ch\\\/wp-content\\\/uploads\\\/2025\\\/08\\\/IMG_0294_bearbeitet-scaled.jpg\",\"width\":2560,\"height\":1481},{\"@type\":\"BreadcrumbList\",\"@id\":\"https:\\\/\\\/www.mateco.ch\\\/fr\\\/societe\\\/references\\\/plateformes-elevatrices-art-basel\\\/#breadcrumb\",\"itemListElement\":[{\"@type\":\"ListItem\",\"position\":1,\"name\":\"Home\",\"item\":\"https:\\\/\\\/www.mateco.ch\\\/fr\\\/home\\\/\"},{\"@type\":\"ListItem\",\"position\":2,\"name\":\"Construction de foire, B\u00e2le\"}]},{\"@type\":\"WebSite\",\"@id\":\"https:\\\/\\\/www.mateco.ch\\\/fr\\\/#website\",\"url\":\"https:\\\/\\\/www.mateco.ch\\\/fr\\\/\",\"name\":\"mateco AG\",\"description\":\"Ihr kompetenter Partner  rund um Arbeitsb\u00fchnen\",\"publisher\":{\"@id\":\"https:\\\/\\\/www.mateco.ch\\\/fr\\\/#organization\"},\"potentialAction\":[{\"@type\":\"SearchAction\",\"target\":{\"@type\":\"EntryPoint\",\"urlTemplate\":\"https:\\\/\\\/www.mateco.ch\\\/fr\\\/?s={search_term_string}\"},\"query-input\":{\"@type\":\"PropertyValueSpecification\",\"valueRequired\":true,\"valueName\":\"search_term_string\"}}],\"inLanguage\":\"fr-FR\"},{\"@type\":\"Organization\",\"@id\":\"https:\\\/\\\/www.mateco.ch\\\/fr\\\/#organization\",\"name\":\"mateco AG\",\"url\":\"https:\\\/\\\/www.mateco.ch\\\/fr\\\/\",\"logo\":{\"@type\":\"ImageObject\",\"inLanguage\":\"fr-FR\",\"@id\":\"https:\\\/\\\/www.mateco.ch\\\/fr\\\/#\\\/schema\\\/logo\\\/image\\\/\",\"url\":\"https:\\\/\\\/www.mateco.ch\\\/wp-content\\\/uploads\\\/2026\\\/07\\\/mateco_logo-scaled.png\",\"contentUrl\":\"https:\\\/\\\/www.mateco.ch\\\/wp-content\\\/uploads\\\/2026\\\/07\\\/mateco_logo-scaled.png\",\"width\":2560,\"height\":653,\"caption\":\"mateco AG\"},\"image\":{\"@id\":\"https:\\\/\\\/www.mateco.ch\\\/fr\\\/#\\\/schema\\\/logo\\\/image\\\/\"}}]}<\/script>","yoast_head_json":{"title":"Construction de foire, B\u00e2le - mateco AG","description":"Comment mateco garantit un montage et un d\u00e9montage sans accroc \u00e0 l'Art Basel et, gr\u00e2ce \u00e0 un nouveau kiosque op\u00e9rationnel, gagne encore en efficacit\u00e9. Lire maintenant!","robots":{"index":"index","follow":"follow","max-snippet":"max-snippet:-1","max-image-preview":"max-image-preview:large","max-video-preview":"max-video-preview:-1"},"canonical":"https:\/\/www.mateco.ch\/fr\/societe\/references\/plateformes-elevatrices-art-basel\/","og_locale":"fr_FR","og_type":"article","og_title":"Construction de foire, B\u00e2le - mateco AG","og_description":"Comment mateco garantit un montage et un d\u00e9montage sans accroc \u00e0 l'Art Basel et, gr\u00e2ce \u00e0 un nouveau kiosque op\u00e9rationnel, gagne encore en efficacit\u00e9. Lire maintenant!","og_url":"https:\/\/www.mateco.ch\/fr\/societe\/references\/plateformes-elevatrices-art-basel\/","og_site_name":"mateco AG","article_modified_time":"2025-08-18T14:03:06+00:00","og_image":[{"width":2560,"height":1481,"url":"https:\/\/www.mateco.ch\/wp-content\/uploads\/2025\/08\/IMG_0294_bearbeitet-scaled.jpg","type":"image\/jpeg"}],"twitter_card":"summary_large_image","schema":{"@context":"https:\/\/schema.org","@graph":[{"@type":"WebPage","@id":"https:\/\/www.mateco.ch\/fr\/societe\/references\/plateformes-elevatrices-art-basel\/","url":"https:\/\/www.mateco.ch\/fr\/societe\/references\/plateformes-elevatrices-art-basel\/","name":"Construction de foire, B\u00e2le - mateco AG","isPartOf":{"@id":"https:\/\/www.mateco.ch\/fr\/#website"},"primaryImageOfPage":{"@id":"https:\/\/www.mateco.ch\/fr\/societe\/references\/plateformes-elevatrices-art-basel\/#primaryimage"},"image":{"@id":"https:\/\/www.mateco.ch\/fr\/societe\/references\/plateformes-elevatrices-art-basel\/#primaryimage"},"thumbnailUrl":"https:\/\/www.mateco.ch\/wp-content\/uploads\/2025\/08\/IMG_0294_bearbeitet-scaled.jpg","datePublished":"2025-08-18T14:02:32+00:00","dateModified":"2025-08-18T14:03:06+00:00","description":"Comment mateco garantit un montage et un d\u00e9montage sans accroc \u00e0 l'Art Basel et, gr\u00e2ce \u00e0 un nouveau kiosque op\u00e9rationnel, gagne encore en efficacit\u00e9. Lire maintenant!","breadcrumb":{"@id":"https:\/\/www.mateco.ch\/fr\/societe\/references\/plateformes-elevatrices-art-basel\/#breadcrumb"},"inLanguage":"fr-FR","potentialAction":[{"@type":"ReadAction","target":["https:\/\/www.mateco.ch\/fr\/societe\/references\/plateformes-elevatrices-art-basel\/"]}]},{"@type":"ImageObject","inLanguage":"fr-FR","@id":"https:\/\/www.mateco.ch\/fr\/societe\/references\/plateformes-elevatrices-art-basel\/#primaryimage","url":"https:\/\/www.mateco.ch\/wp-content\/uploads\/2025\/08\/IMG_0294_bearbeitet-scaled.jpg","contentUrl":"https:\/\/www.mateco.ch\/wp-content\/uploads\/2025\/08\/IMG_0294_bearbeitet-scaled.jpg","width":2560,"height":1481},{"@type":"BreadcrumbList","@id":"https:\/\/www.mateco.ch\/fr\/societe\/references\/plateformes-elevatrices-art-basel\/#breadcrumb","itemListElement":[{"@type":"ListItem","position":1,"name":"Home","item":"https:\/\/www.mateco.ch\/fr\/home\/"},{"@type":"ListItem","position":2,"name":"Construction de foire, B\u00e2le"}]},{"@type":"WebSite","@id":"https:\/\/www.mateco.ch\/fr\/#website","url":"https:\/\/www.mateco.ch\/fr\/","name":"mateco AG","description":"Ihr kompetenter Partner  rund um Arbeitsb\u00fchnen","publisher":{"@id":"https:\/\/www.mateco.ch\/fr\/#organization"},"potentialAction":[{"@type":"SearchAction","target":{"@type":"EntryPoint","urlTemplate":"https:\/\/www.mateco.ch\/fr\/?s={search_term_string}"},"query-input":{"@type":"PropertyValueSpecification","valueRequired":true,"valueName":"search_term_string"}}],"inLanguage":"fr-FR"},{"@type":"Organization","@id":"https:\/\/www.mateco.ch\/fr\/#organization","name":"mateco AG","url":"https:\/\/www.mateco.ch\/fr\/","logo":{"@type":"ImageObject","inLanguage":"fr-FR","@id":"https:\/\/www.mateco.ch\/fr\/#\/schema\/logo\/image\/","url":"https:\/\/www.mateco.ch\/wp-content\/uploads\/2026\/07\/mateco_logo-scaled.png","contentUrl":"https:\/\/www.mateco.ch\/wp-content\/uploads\/2026\/07\/mateco_logo-scaled.png","width":2560,"height":653,"caption":"mateco AG"},"image":{"@id":"https:\/\/www.mateco.ch\/fr\/#\/schema\/logo\/image\/"}}]}},"_links":{"self":[{"href":"https:\/\/www.mateco.ch\/fr\/wp-json\/wp\/v2\/references\/12216","targetHints":{"allow":["GET"]}}],"collection":[{"href":"https:\/\/www.mateco.ch\/fr\/wp-json\/wp\/v2\/references"}],"about":[{"href":"https:\/\/www.mateco.ch\/fr\/wp-json\/wp\/v2\/types\/references"}],"version-history":[{"count":5,"href":"https:\/\/www.mateco.ch\/fr\/wp-json\/wp\/v2\/references\/12216\/revisions"}],"predecessor-version":[{"id":12314,"href":"https:\/\/www.mateco.ch\/fr\/wp-json\/wp\/v2\/references\/12216\/revisions\/12314"}],"wp:featuredmedia":[{"embeddable":true,"href":"https:\/\/www.mateco.ch\/fr\/wp-json\/wp\/v2\/media\/12224"}],"wp:attachment":[{"href":"https:\/\/www.mateco.ch\/fr\/wp-json\/wp\/v2\/media?parent=12216"}],"wp:term":[{"taxonomy":"application_areas_category","embeddable":true,"href":"https:\/\/www.mateco.ch\/fr\/wp-json\/wp\/v2\/application_areas_category?post=12216"}],"curies":[{"name":"wp","href":"https:\/\/api.w.org\/{rel}","templated":true}]}}