{"id":12543,"date":"2025-09-11T17:54:58","date_gmt":"2025-09-11T15:54:58","guid":{"rendered":"https:\/\/www.maltech.ch\/?post_type=references&#038;p=12543"},"modified":"2025-09-11T17:54:58","modified_gmt":"2025-09-11T15:54:58","slug":"plateformes-elevatrices-construction-en-bois-uznach","status":"publish","type":"references","link":"https:\/\/www.mateco.ch\/fr\/societe\/references\/plateformes-elevatrices-construction-en-bois-uznach\/","title":{"rendered":"Toiture pour entrep\u00f4t \u00e0 fumier, Uznach"},"content":{"rendered":"<div class=\"container global-content-styles\">\n\n\t<div class=\"button-group d-inline-flex mt-0 mb-30\">\n\t<a href=\"\/fr\/societe-2\/references\/\" target=\"\" title=\"Retour aux r\u00e9sultats\" class=\"btn btn-primary btn-bg-mateco_red \" >\n\n  <i class=\"icon-chevron\"><\/i>\n      <span class=\"btn-text\">Retour aux r\u00e9sultats<\/span>\n  \n  \n<\/a>\n<\/div>\n\t    <div class=\"reference-media\">\n              <div class=\"position-relative swiper-maltech-style reference-detail-slider\">\n          <div class=\"swiper news-header-swiper\">\n            <div class=\"swiper-wrapper\">\n                              <div class=\"swiper-slide\">\n                                      <div class=\"img-wrapper\">\n                      \t\t<picture>\n\t\t\t\n\t\t\t<img width=\"768\" height=\"1024\" src=\"https:\/\/www.mateco.ch\/wp-content\/uploads\/2025\/09\/W-Rueegg-AG_IMG_0919_bearbeitet-2-768x1024.jpeg\" class=\"w-full h-auto\" alt=\"\" loading=\"lazy\" decoding=\"async\" srcset=\"https:\/\/www.mateco.ch\/wp-content\/uploads\/2025\/09\/W-Rueegg-AG_IMG_0919_bearbeitet-2-768x1024.jpeg 768w, https:\/\/www.mateco.ch\/wp-content\/uploads\/2025\/09\/W-Rueegg-AG_IMG_0919_bearbeitet-2-225x300.jpeg 225w, https:\/\/www.mateco.ch\/wp-content\/uploads\/2025\/09\/W-Rueegg-AG_IMG_0919_bearbeitet-2-1152x1536.jpeg 1152w, https:\/\/www.mateco.ch\/wp-content\/uploads\/2025\/09\/W-Rueegg-AG_IMG_0919_bearbeitet-2-1536x2048.jpeg 1536w, https:\/\/www.mateco.ch\/wp-content\/uploads\/2025\/09\/W-Rueegg-AG_IMG_0919_bearbeitet-2-scaled.jpeg 1920w\" sizes=\"auto, (max-width: 768px) 100vw, 768px\" \/>\t\t<\/picture>\n\t\t                    <\/div>\n                                  <\/div>\n                              <div class=\"swiper-slide\">\n                                      <div class=\"img-wrapper\">\n                      \t\t<picture>\n\t\t\t\n\t\t\t<img width=\"768\" height=\"1024\" src=\"https:\/\/www.mateco.ch\/wp-content\/uploads\/2025\/09\/W-Rueegg-AG_IMG_0920_bearbeitet-1-768x1024.jpeg\" class=\"w-full h-auto\" alt=\"\" loading=\"lazy\" decoding=\"async\" srcset=\"https:\/\/www.mateco.ch\/wp-content\/uploads\/2025\/09\/W-Rueegg-AG_IMG_0920_bearbeitet-1-768x1024.jpeg 768w, https:\/\/www.mateco.ch\/wp-content\/uploads\/2025\/09\/W-Rueegg-AG_IMG_0920_bearbeitet-1-225x300.jpeg 225w, https:\/\/www.mateco.ch\/wp-content\/uploads\/2025\/09\/W-Rueegg-AG_IMG_0920_bearbeitet-1-1152x1536.jpeg 1152w, https:\/\/www.mateco.ch\/wp-content\/uploads\/2025\/09\/W-Rueegg-AG_IMG_0920_bearbeitet-1-1536x2048.jpeg 1536w, https:\/\/www.mateco.ch\/wp-content\/uploads\/2025\/09\/W-Rueegg-AG_IMG_0920_bearbeitet-1-scaled.jpeg 1920w\" sizes=\"auto, (max-width: 768px) 100vw, 768px\" \/>\t\t<\/picture>\n\t\t                    <\/div>\n                                  <\/div>\n                              <div class=\"swiper-slide\">\n                                      <div class=\"img-wrapper\">\n                      \t\t<picture>\n\t\t\t\n\t\t\t<img width=\"768\" height=\"1024\" src=\"https:\/\/www.mateco.ch\/wp-content\/uploads\/2025\/09\/W-Rueegg-AG_IMG_0922_bearbeitet-1-768x1024.jpeg\" class=\"w-full h-auto\" alt=\"\" loading=\"lazy\" decoding=\"async\" srcset=\"https:\/\/www.mateco.ch\/wp-content\/uploads\/2025\/09\/W-Rueegg-AG_IMG_0922_bearbeitet-1-768x1024.jpeg 768w, https:\/\/www.mateco.ch\/wp-content\/uploads\/2025\/09\/W-Rueegg-AG_IMG_0922_bearbeitet-1-225x300.jpeg 225w, https:\/\/www.mateco.ch\/wp-content\/uploads\/2025\/09\/W-Rueegg-AG_IMG_0922_bearbeitet-1-1152x1536.jpeg 1152w, https:\/\/www.mateco.ch\/wp-content\/uploads\/2025\/09\/W-Rueegg-AG_IMG_0922_bearbeitet-1-1536x2048.jpeg 1536w, https:\/\/www.mateco.ch\/wp-content\/uploads\/2025\/09\/W-Rueegg-AG_IMG_0922_bearbeitet-1-scaled.jpeg 1920w\" sizes=\"auto, (max-width: 768px) 100vw, 768px\" \/>\t\t<\/picture>\n\t\t                    <\/div>\n                                  <\/div>\n                              <div class=\"swiper-slide\">\n                                      <div class=\"img-wrapper\">\n                      \t\t<picture>\n\t\t\t\n\t\t\t<img width=\"768\" height=\"1024\" src=\"https:\/\/www.mateco.ch\/wp-content\/uploads\/2025\/09\/W-Rueegg-AG_IMG_0918_bearbeitet-1-768x1024.jpeg\" class=\"w-full h-auto\" alt=\"\" loading=\"lazy\" decoding=\"async\" srcset=\"https:\/\/www.mateco.ch\/wp-content\/uploads\/2025\/09\/W-Rueegg-AG_IMG_0918_bearbeitet-1-768x1024.jpeg 768w, https:\/\/www.mateco.ch\/wp-content\/uploads\/2025\/09\/W-Rueegg-AG_IMG_0918_bearbeitet-1-225x300.jpeg 225w, https:\/\/www.mateco.ch\/wp-content\/uploads\/2025\/09\/W-Rueegg-AG_IMG_0918_bearbeitet-1-1152x1536.jpeg 1152w, https:\/\/www.mateco.ch\/wp-content\/uploads\/2025\/09\/W-Rueegg-AG_IMG_0918_bearbeitet-1-1536x2048.jpeg 1536w, https:\/\/www.mateco.ch\/wp-content\/uploads\/2025\/09\/W-Rueegg-AG_IMG_0918_bearbeitet-1-scaled.jpeg 1920w\" sizes=\"auto, (max-width: 768px) 100vw, 768px\" \/>\t\t<\/picture>\n\t\t                    <\/div>\n                                  <\/div>\n                          <\/div>\n            <div class=\"swiper-pagination\"><\/div>\n          <\/div>\n          <div class=\"swiper-prev swiper-nav-btn news-header-swiper-btn\"><\/div>\n          <div class=\"swiper-next swiper-nav-btn news-header-swiper-btn\"><\/div>\n        <\/div>\n      \n      <aside class=\"reference-rebrand-notice reference-rebrand-notice--detail\" aria-label=\"Note concernant le changement de raison sociale\">\n\t<span class=\"reference-rebrand-notice__eyebrow\">Maltech est mateco.<\/span>\n\t<strong class=\"reference-rebrand-notice__title\">Tout reste meilleur.<\/strong>\n<\/aside>\n    <\/div>\n\t\n\t<h1 class=\"text-md-center mt-50\">Toiture pour entrep\u00f4t \u00e0 fumier, Uznach<\/h1>\n\n\t    <div class=\"row\">\n      <div class=\"col-md-10 offset-md-1 col-lg-8 offset-lg-2\">\n        <div class=\"rich-text lead mb-60 mb-md-100\">\n            <p>Un objet original : toiture d&rsquo;un entrep\u00f4t \u00e0 fumier et abri pour veaux. <a href=\"https:\/\/www.ruegg-kaltbrunn.ch\/index.html\" target=\"_blank\" rel=\"noopener\">W. R\u00fcegg AG<\/a> \u00e9tait charg\u00e9e ici de lier et d&rsquo;\u00e9riger les constructions des murs, du sol et du toit. Ce n&rsquo;\u00e9tait pas une t\u00e2che facile, car le sol \u00e0 l&rsquo;int\u00e9rieur et autour du b\u00e2timent \u00e9tait tr\u00e8s irr\u00e9gulier et n\u00e9cessitait une machine sp\u00e9ciale.<\/p>\n        <\/div>\n      <\/div>\n    <\/div>\n\t\n\t    <div class=\"row\">\n      <div class=\"col-12 mb-n40 mb-md-n60\">\n                  <div class=\"row mb-40 mb-md-60\">\n            <div class=\"text col-md-10 offset-md-1 col-lg-8 offset-lg-2\">\n\n\t<h2 >Les chiffres et faits les plus importants en un coup d&rsquo;\u0153il<\/h2>\n\n\t    <div class=\"rich-text big-space-between\">\n\t\t\t<ul>\n<li>L&rsquo;ensemble de la construction en bois (environ 40 m\u00b3) a d\u00fb \u00eatre mont\u00e9 \u00e0 partir d&rsquo;une plateforme \u00e9l\u00e9vatrice.<\/li>\n<li>En raison du terrain accident\u00e9, l&rsquo;\u00e9l\u00e9vateur t\u00e9lescopique articul\u00e9 flexible <a href=\"https:\/\/www.mateco.ch\/geraete\/za16jert-li\/\">ZA16JERT-Li<\/a> a \u00e9t\u00e9 utilis\u00e9e.<\/li>\n<li>La soci\u00e9t\u00e9 W. R\u00fcegg AG a \u00e9t\u00e9 fond\u00e9e en 1905.<\/li>\n<li>Elle est aujourd&rsquo;hui une entreprise moderne de construction en bois qui propose toute la gamme des services, de l&rsquo;armoire de cuisine \u00e0 la construction compl\u00e8te de maisons en tant qu&rsquo;entrepreneur g\u00e9n\u00e9ral.<\/li>\n<\/ul>\n    <\/div>\n\t\n\t\n<\/div>          <\/div>\n                  <div class=\"row mb-40 mb-md-60\">\n            <div class=\"image col-md-10 offset-md-1 col-lg-8 offset-lg-2\">\n  <div class=\"img-wrapper mx-n30 mx-lg-0\" >\n\t\t\t\t<picture>\n\t\t\t\n\t\t\t<img width=\"902\" height=\"1024\" src=\"https:\/\/www.mateco.ch\/wp-content\/uploads\/2025\/09\/Portraet_Ricklin_Rueegg-AG-1-1-902x1024.jpg\" class=\"w-full h-auto\" alt=\"\" loading=\"lazy\" decoding=\"async\" srcset=\"https:\/\/www.mateco.ch\/wp-content\/uploads\/2025\/09\/Portraet_Ricklin_Rueegg-AG-1-1-902x1024.jpg 902w, https:\/\/www.mateco.ch\/wp-content\/uploads\/2025\/09\/Portraet_Ricklin_Rueegg-AG-1-1-264x300.jpg 264w, https:\/\/www.mateco.ch\/wp-content\/uploads\/2025\/09\/Portraet_Ricklin_Rueegg-AG-1-1-768x872.jpg 768w, https:\/\/www.mateco.ch\/wp-content\/uploads\/2025\/09\/Portraet_Ricklin_Rueegg-AG-1-1-1353x1536.jpg 1353w, https:\/\/www.mateco.ch\/wp-content\/uploads\/2025\/09\/Portraet_Ricklin_Rueegg-AG-1-1-1804x2048.jpg 1804w\" sizes=\"auto, (max-width: 902px) 100vw, 902px\" \/>\t\t<\/picture>\n\t\t  <\/div>\n  <div class=\"rich-text legende mt-10\">\n    <p>Ferdinand Ricklin, chef de projet et responsable de la s\u00e9curit\u00e9 chez W. R\u00fcegg AG<\/p>\n  <\/div>\n<\/div>          <\/div>\n                  <div class=\"row mb-40 mb-md-60\">\n            <div class=\"interview col-md-10 offset-md-1 col-lg-8 offset-lg-2\">\n\t        <div class=\"rich-text\">\n          <p class=\"strong\"><strong>Monsieur Ricklin, pouvez-vous vous pr\u00e9senter bri\u00e8vement ?<\/strong><\/p>\n\t\t\t\t\t<p>J&rsquo;ai 48 ans, je suis mari\u00e9 et p\u00e8re de deux enfants. J&rsquo;ai beaucoup de liens avec la soci\u00e9t\u00e9 W. R\u00fcegg AG. C&rsquo;est ici que j&rsquo;ai effectu\u00e9 mon apprentissage de charpentier en 1993. En 2001, j&rsquo;ai chang\u00e9 de poste pour devenir chef de projet et responsable de la s\u00e9curit\u00e9 au bureau. Depuis 2017, j&rsquo;exerce \u00e9galement une activit\u00e9 secondaire d&rsquo;enseignant dans une \u00e9cole professionnelle au BWZT de Wattwil.<\/p>\n        <\/div>\n\t\t\t        <div class=\"rich-text\">\n          <p class=\"strong\"><strong>D\u00e9crivez-nous le projet \u00e0 Uznach.<\/strong><\/p>\n\t\t\t\t\t<p>Nous avons \u00e9t\u00e9 charg\u00e9s de construire un toit pour un entrep\u00f4t \u00e0 fumier et un abri pour veaux. Concr\u00e8tement, il s&rsquo;agissait de fixer et d&rsquo;\u00e9riger les structures des murs, du sol et du toit. En tant que responsable de la s\u00e9curit\u00e9, je tenais absolument \u00e0 reprendre du service sur le terrain et, comme je venais d&rsquo;obtenir mon dipl\u00f4me d&rsquo;op\u00e9rateur de plateformes \u00e9l\u00e9vatrices, c&rsquo;\u00e9tait pour moi la mission id\u00e9ale.<\/p>\n        <\/div>\n\t\t\t        <div class=\"rich-text\">\n          <p class=\"strong\"><strong>Pourquoi avez-vous choisi l&rsquo;\u00e9l\u00e9vateur t\u00e9lescopique articul\u00e9 ZA16JERT-Li ?<\/strong><\/p>\n\t\t\t\t\t<p>Le sol \u00e0 l&rsquo;int\u00e9rieur et autour du b\u00e2timent \u00e9tait tr\u00e8s irr\u00e9gulier. Nous ne pouvions donc pas utiliser d&rsquo;\u00e9chafaudage roulant. Gr\u00e2ce au rayon lat\u00e9ral de plus de 9 m de la plateforme t\u00e9lescopique articul\u00e9e, les travaux ont pu \u00eatre effectu\u00e9s au-dessus du d\u00e9crochement du sol dans le b\u00e2timent et au-dessus du tas de fumier d\u00e9j\u00e0 rempli. La capacit\u00e9 de charge de la nacelle de 250 kg nous a \u00e9galement permis de transporter tout le mat\u00e9riel de travail et les moyens de fixation n\u00e9cessaires dans la nacelle.<\/p>\n        <\/div>\n\t\t\t        <div class=\"rich-text\">\n          <p class=\"strong\"><strong>Ce projet a-t-il pr\u00e9sent\u00e9 des d\u00e9fis particuliers ?<\/strong><\/p>\n\t\t\t\t\t<p>Comme nous avons mont\u00e9 toute la structure en bois \u00e0 partir de la plateforme \u00e9l\u00e9vatrice, nous avons d\u00fb faire tr\u00e8s attention \u00e0 ce que la nacelle de la plateforme \u00e9l\u00e9vatrice ne se coince pas sous la structure du toit. Cela m&rsquo;est tout de m\u00eame arriv\u00e9 une fois, et le syst\u00e8me de s\u00e9curit\u00e9 a bloqu\u00e9 la plateforme \u00e9l\u00e9vatrice. Gr\u00e2ce \u00e0 l&rsquo;assistance rapide de la hotline mateco, la machine a pu \u00eatre rapidement d\u00e9gag\u00e9.<\/p>\n        <\/div>\n\t\t\t        <div class=\"rich-text\">\n          <p class=\"strong\"><strong>Avez-vous bien ma\u00eetris\u00e9 la plateforme sur place et qu&rsquo;est-ce qui vous a convaincu ?<\/strong><\/p>\n\t\t\t\t\t<p>Son utilisation \u00e9tait tr\u00e8s simple et intuitive. Mais bien s\u00fbr, il faut toujours un certain temps pour s&rsquo;y habituer, surtout quand on n&rsquo;a pas conduit depuis longtemps. Le premier jour, nous avons pass\u00e9 plus de dix heures \u00e0 monter la structure. La batterie n&rsquo;\u00e9tait m\u00eame pas utilis\u00e9e aux deux tiers. Nous avons ainsi pu travailler tr\u00e8s confortablement, sans le bruit suppl\u00e9mentaire d&rsquo;un moteur \u00e0 combustion. L&rsquo;id\u00e9al serait que la vitesse des mouvements de rotation et de levage puisse \u00eatre encore mieux adapt\u00e9e \u00e0 la port\u00e9e et \u00e0 la hauteur. \u00c0 faible hauteur et faible port\u00e9e, la vitesse \u00e9tait \u00e0 mon avis trop faible.<\/p>\n        <\/div>\n\t\t\t        <div class=\"rich-text\">\n          <p class=\"strong\"><strong>La soci\u00e9t\u00e9 W. R\u00fcegg AG est depuis peu cliente de mateco. Comment cette collaboration a-t-elle vu le jour ?<\/strong><\/p>\n\t\t\t\t\t<p>Nous sommes clairement d&rsquo;avis que chaque charpentier devrait suivre une formation de conducteur de plateforme \u00e9l\u00e9vatrice afin que chacun puisse intervenir de mani\u00e8re flexible en cas de besoin. C&rsquo;est pourquoi nous avons envoy\u00e9 toute notre \u00e9quipe suivre cette formation. mateco nous a propos\u00e9 la meilleure offre.<\/p>\n        <\/div>\n\t\t\t        <div class=\"rich-text\">\n          <p class=\"strong\"><strong>Qu&rsquo;apprend-on pendant la formation ?<\/strong><\/p>\n\t\t\t\t\t<p>La <a href=\"https:\/\/www.mateco.ch\/fr\/formation\/\">formation<\/a> se compose de deux parties : la th\u00e9orie le matin et la pratique l&rsquo;apr\u00e8s-midi. Ce qui est toujours plus passionnant. Nous avons pu essayer diff\u00e9rents mod\u00e8les. Il est important que l&rsquo;op\u00e9rateur connaisse les dangers. Bien s\u00fbr, on n&rsquo;est pas encore totalement \u00e0 l&rsquo;aise apr\u00e8s le premier jour de cours.<\/p>\n        <\/div>\n\t\t\t        <div class=\"rich-text\">\n          <p class=\"strong\"><strong>En tant que chef de projet, y a-t-il certaines exigences que mateco doit remplir ?<\/strong><\/p>\n\t\t\t\t\t<p>La hotline est tr\u00e8s utile. M\u00eame si la plateforme \u00e9l\u00e9vatrice est bien expliqu\u00e9e lors de la remise, on oublie toujours quelque chose pendant l&rsquo;utilisation. Bien s\u00fbr, tous les cas particuliers ne peuvent pas \u00eatre expliqu\u00e9s \u00e0 l&rsquo;avance, cela prendrait trop de temps.<\/p>\n        <\/div>\n\t\t\t        <div class=\"rich-text\">\n          <p class=\"strong\"><strong>Qu&rsquo;est-ce qui est le plus important pour vous sur un chantier ?<\/strong><\/p>\n\t\t\t\t\t<p>En tant que responsable de la s\u00e9curit\u00e9, je souhaite bien s\u00fbr que tout se passe sans accident. Si le ma\u00eetre d&rsquo;ouvrage, tous les collaborateurs et mon chef sont en plus tr\u00e8s satisfaits, alors tout est parfait.<\/p>\n        <\/div>\n\t\t\t<\/div>          <\/div>\n                  <div class=\"row mb-40 mb-md-60\">\n            <div class=\"cta-team col-12\">\n\n  \n  <div class=\"bg-yellow\">\n\t  \t  <div class=\"cta-team d-flex flex-column flex-md-row\">\n      <div class=\"img-wrapper\">\n\t\t  <img width=\"610\" height=\"610\" src=\"https:\/\/www.mateco.ch\/wp-content\/uploads\/2024\/03\/bruno_schneider_610x610px.jpg\" class=\"h-100\" alt=\"\" loading=\"lazy\" decoding=\"async\" srcset=\"https:\/\/www.mateco.ch\/wp-content\/uploads\/2024\/03\/bruno_schneider_610x610px.jpg 610w, https:\/\/www.mateco.ch\/wp-content\/uploads\/2024\/03\/bruno_schneider_610x610px-150x150.jpg 150w, https:\/\/www.mateco.ch\/wp-content\/uploads\/2024\/03\/bruno_schneider_610x610px-300x300.jpg 300w\" sizes=\"auto, (max-width: 610px) 100vw, 610px\" \/>    <\/div>\n  \t<div class=\"content p-20 p-md-40 p-lg-60 yellow d-flex align-items-center flex-fill\">\n    <div>\n\t    <h3 class=\"mb-10\">Chef de projet<\/h3>\n      <div class=\"rich-text\">\n                <p><span class=\"fw-700\">Bruno Schneider, <\/span>Responsable des ventes region est<\/p>\n      <\/div>\n\t    <div class=\"button-group d-flex flex-column flex-lg-row mt-30\">\n\t<a href=\"mailto:bruno.schneider@mateco.ch\" target=\"\" title=\"bruno.schneider@mateco.ch\" class=\"btn btn-bg-mateco_red \" >\n\n  <i class=\"icon-mail\"><\/i>\n      <span class=\"btn-text\">bruno.schneider@mateco.ch<\/span>\n  \n  \n<\/a>\n<a href=\"tel:0448188002\" target=\"\" title=\"044 818 80 02\" class=\"btn btn-bg-blue \" >\n\n  <i class=\"icon-phone\"><\/i>\n      <span class=\"btn-text\">044 818 80 02<\/span>\n  \n  \n<\/a>\n<\/div>    <\/div>\n\t<\/div>\n<\/div>\n  <\/div>\n<\/div>          <\/div>\n              <\/div>\n    <\/div>\n\t\n<\/div>\n","protected":false},"excerpt":{"rendered":"<p>Un objet original : toiture d&rsquo;un entrep\u00f4t \u00e0 fumier et abri pour veaux. W. R\u00fcegg AG \u00e9tait charg\u00e9e ici de lier et d&rsquo;\u00e9riger les constructions des murs, du sol et du toit. Ce n&rsquo;\u00e9tait pas une t\u00e2che facile, car le sol \u00e0 l&rsquo;int\u00e9rieur et autour du b\u00e2timent \u00e9tait tr\u00e8s irr\u00e9gulier et n\u00e9cessitait une machine sp\u00e9ciale.<\/p>\n","protected":false},"featured_media":12562,"template":"","application_areas_category":[109,168],"class_list":["post-12543","references","type-references","status-publish","has-post-thumbnail","hentry","application_areas_category-baubranche-fr","application_areas_category-holzbau-fr"],"acf":[],"yoast_head":"<title>Toiture pour entrep\u00f4t \u00e0 fumier, Uznach - mateco AG<\/title>\n<meta name=\"description\" content=\"Un objet original : toiture d&#039;un entrep\u00f4t \u00e0 fumier et abri pour veaux. W. R\u00fcegg AG \u00e9tait charg\u00e9e ici de lier et d&#039;\u00e9riger les constructions des murs, du sol et du toit. Ce n&#039;\u00e9tait pas une t\u00e2che facile, car le sol \u00e0 l&#039;int\u00e9rieur et autour du b\u00e2timent \u00e9tait tr\u00e8s irr\u00e9gulier et n\u00e9cessitait une machine sp\u00e9ciale.\" \/>\n<meta name=\"robots\" content=\"index, follow, max-snippet:-1, max-image-preview:large, max-video-preview:-1\" \/>\n<link rel=\"canonical\" href=\"https:\/\/www.mateco.ch\/fr\/societe\/references\/plateformes-elevatrices-construction-en-bois-uznach\/\" \/>\n<meta property=\"og:locale\" content=\"fr_FR\" \/>\n<meta property=\"og:type\" content=\"article\" \/>\n<meta property=\"og:title\" content=\"Toiture pour entrep\u00f4t \u00e0 fumier, Uznach - mateco AG\" \/>\n<meta property=\"og:description\" content=\"Un objet original : toiture d&#039;un entrep\u00f4t \u00e0 fumier et abri pour veaux. W. R\u00fcegg AG \u00e9tait charg\u00e9e ici de lier et d&#039;\u00e9riger les constructions des murs, du sol et du toit. Ce n&#039;\u00e9tait pas une t\u00e2che facile, car le sol \u00e0 l&#039;int\u00e9rieur et autour du b\u00e2timent \u00e9tait tr\u00e8s irr\u00e9gulier et n\u00e9cessitait une machine sp\u00e9ciale.\" \/>\n<meta property=\"og:url\" content=\"https:\/\/www.mateco.ch\/fr\/societe\/references\/plateformes-elevatrices-construction-en-bois-uznach\/\" \/>\n<meta property=\"og:site_name\" content=\"mateco AG\" \/>\n<meta property=\"og:image\" content=\"https:\/\/www.mateco.ch\/wp-content\/uploads\/2025\/09\/W-Rueegg-AG_IMG_0919_bearbeitet-1-scaled.jpeg\" \/>\n\t<meta property=\"og:image:width\" content=\"1920\" \/>\n\t<meta property=\"og:image:height\" content=\"2560\" \/>\n\t<meta property=\"og:image:type\" content=\"image\/jpeg\" \/>\n<meta name=\"twitter:card\" content=\"summary_large_image\" \/>\n<script type=\"application\/ld+json\" class=\"yoast-schema-graph\">{\"@context\":\"https:\\\/\\\/schema.org\",\"@graph\":[{\"@type\":\"WebPage\",\"@id\":\"https:\\\/\\\/www.mateco.ch\\\/fr\\\/societe\\\/references\\\/plateformes-elevatrices-construction-en-bois-uznach\\\/\",\"url\":\"https:\\\/\\\/www.mateco.ch\\\/fr\\\/societe\\\/references\\\/plateformes-elevatrices-construction-en-bois-uznach\\\/\",\"name\":\"Toiture pour entrep\u00f4t \u00e0 fumier, Uznach - mateco AG\",\"isPartOf\":{\"@id\":\"https:\\\/\\\/www.mateco.ch\\\/fr\\\/#website\"},\"primaryImageOfPage\":{\"@id\":\"https:\\\/\\\/www.mateco.ch\\\/fr\\\/societe\\\/references\\\/plateformes-elevatrices-construction-en-bois-uznach\\\/#primaryimage\"},\"image\":{\"@id\":\"https:\\\/\\\/www.mateco.ch\\\/fr\\\/societe\\\/references\\\/plateformes-elevatrices-construction-en-bois-uznach\\\/#primaryimage\"},\"thumbnailUrl\":\"https:\\\/\\\/www.mateco.ch\\\/wp-content\\\/uploads\\\/2025\\\/09\\\/W-Rueegg-AG_IMG_0919_bearbeitet-1-scaled.jpeg\",\"datePublished\":\"2025-09-11T15:54:58+00:00\",\"description\":\"Un objet original : toiture d'un entrep\u00f4t \u00e0 fumier et abri pour veaux. W. R\u00fcegg AG \u00e9tait charg\u00e9e ici de lier et d'\u00e9riger les constructions des murs, du sol et du toit. Ce n'\u00e9tait pas une t\u00e2che facile, car le sol \u00e0 l'int\u00e9rieur et autour du b\u00e2timent \u00e9tait tr\u00e8s irr\u00e9gulier et n\u00e9cessitait une machine sp\u00e9ciale.\",\"breadcrumb\":{\"@id\":\"https:\\\/\\\/www.mateco.ch\\\/fr\\\/societe\\\/references\\\/plateformes-elevatrices-construction-en-bois-uznach\\\/#breadcrumb\"},\"inLanguage\":\"fr-FR\",\"potentialAction\":[{\"@type\":\"ReadAction\",\"target\":[\"https:\\\/\\\/www.mateco.ch\\\/fr\\\/societe\\\/references\\\/plateformes-elevatrices-construction-en-bois-uznach\\\/\"]}]},{\"@type\":\"ImageObject\",\"inLanguage\":\"fr-FR\",\"@id\":\"https:\\\/\\\/www.mateco.ch\\\/fr\\\/societe\\\/references\\\/plateformes-elevatrices-construction-en-bois-uznach\\\/#primaryimage\",\"url\":\"https:\\\/\\\/www.mateco.ch\\\/wp-content\\\/uploads\\\/2025\\\/09\\\/W-Rueegg-AG_IMG_0919_bearbeitet-1-scaled.jpeg\",\"contentUrl\":\"https:\\\/\\\/www.mateco.ch\\\/wp-content\\\/uploads\\\/2025\\\/09\\\/W-Rueegg-AG_IMG_0919_bearbeitet-1-scaled.jpeg\",\"width\":1920,\"height\":2560},{\"@type\":\"BreadcrumbList\",\"@id\":\"https:\\\/\\\/www.mateco.ch\\\/fr\\\/societe\\\/references\\\/plateformes-elevatrices-construction-en-bois-uznach\\\/#breadcrumb\",\"itemListElement\":[{\"@type\":\"ListItem\",\"position\":1,\"name\":\"Home\",\"item\":\"https:\\\/\\\/www.mateco.ch\\\/fr\\\/home\\\/\"},{\"@type\":\"ListItem\",\"position\":2,\"name\":\"Toiture pour entrep\u00f4t \u00e0 fumier, Uznach\"}]},{\"@type\":\"WebSite\",\"@id\":\"https:\\\/\\\/www.mateco.ch\\\/fr\\\/#website\",\"url\":\"https:\\\/\\\/www.mateco.ch\\\/fr\\\/\",\"name\":\"mateco AG\",\"description\":\"Ihr kompetenter Partner  rund um Arbeitsb\u00fchnen\",\"publisher\":{\"@id\":\"https:\\\/\\\/www.mateco.ch\\\/fr\\\/#organization\"},\"potentialAction\":[{\"@type\":\"SearchAction\",\"target\":{\"@type\":\"EntryPoint\",\"urlTemplate\":\"https:\\\/\\\/www.mateco.ch\\\/fr\\\/?s={search_term_string}\"},\"query-input\":{\"@type\":\"PropertyValueSpecification\",\"valueRequired\":true,\"valueName\":\"search_term_string\"}}],\"inLanguage\":\"fr-FR\"},{\"@type\":\"Organization\",\"@id\":\"https:\\\/\\\/www.mateco.ch\\\/fr\\\/#organization\",\"name\":\"mateco AG\",\"url\":\"https:\\\/\\\/www.mateco.ch\\\/fr\\\/\",\"logo\":{\"@type\":\"ImageObject\",\"inLanguage\":\"fr-FR\",\"@id\":\"https:\\\/\\\/www.mateco.ch\\\/fr\\\/#\\\/schema\\\/logo\\\/image\\\/\",\"url\":\"https:\\\/\\\/www.mateco.ch\\\/wp-content\\\/uploads\\\/2026\\\/07\\\/mateco_logo-scaled.png\",\"contentUrl\":\"https:\\\/\\\/www.mateco.ch\\\/wp-content\\\/uploads\\\/2026\\\/07\\\/mateco_logo-scaled.png\",\"width\":2560,\"height\":653,\"caption\":\"mateco AG\"},\"image\":{\"@id\":\"https:\\\/\\\/www.mateco.ch\\\/fr\\\/#\\\/schema\\\/logo\\\/image\\\/\"}}]}<\/script>","yoast_head_json":{"title":"Toiture pour entrep\u00f4t \u00e0 fumier, Uznach - mateco AG","description":"Un objet original : toiture d'un entrep\u00f4t \u00e0 fumier et abri pour veaux. W. R\u00fcegg AG \u00e9tait charg\u00e9e ici de lier et d'\u00e9riger les constructions des murs, du sol et du toit. Ce n'\u00e9tait pas une t\u00e2che facile, car le sol \u00e0 l'int\u00e9rieur et autour du b\u00e2timent \u00e9tait tr\u00e8s irr\u00e9gulier et n\u00e9cessitait une machine sp\u00e9ciale.","robots":{"index":"index","follow":"follow","max-snippet":"max-snippet:-1","max-image-preview":"max-image-preview:large","max-video-preview":"max-video-preview:-1"},"canonical":"https:\/\/www.mateco.ch\/fr\/societe\/references\/plateformes-elevatrices-construction-en-bois-uznach\/","og_locale":"fr_FR","og_type":"article","og_title":"Toiture pour entrep\u00f4t \u00e0 fumier, Uznach - mateco AG","og_description":"Un objet original : toiture d'un entrep\u00f4t \u00e0 fumier et abri pour veaux. W. R\u00fcegg AG \u00e9tait charg\u00e9e ici de lier et d'\u00e9riger les constructions des murs, du sol et du toit. Ce n'\u00e9tait pas une t\u00e2che facile, car le sol \u00e0 l'int\u00e9rieur et autour du b\u00e2timent \u00e9tait tr\u00e8s irr\u00e9gulier et n\u00e9cessitait une machine sp\u00e9ciale.","og_url":"https:\/\/www.mateco.ch\/fr\/societe\/references\/plateformes-elevatrices-construction-en-bois-uznach\/","og_site_name":"mateco AG","og_image":[{"width":1920,"height":2560,"url":"https:\/\/www.mateco.ch\/wp-content\/uploads\/2025\/09\/W-Rueegg-AG_IMG_0919_bearbeitet-1-scaled.jpeg","type":"image\/jpeg"}],"twitter_card":"summary_large_image","schema":{"@context":"https:\/\/schema.org","@graph":[{"@type":"WebPage","@id":"https:\/\/www.mateco.ch\/fr\/societe\/references\/plateformes-elevatrices-construction-en-bois-uznach\/","url":"https:\/\/www.mateco.ch\/fr\/societe\/references\/plateformes-elevatrices-construction-en-bois-uznach\/","name":"Toiture pour entrep\u00f4t \u00e0 fumier, Uznach - mateco AG","isPartOf":{"@id":"https:\/\/www.mateco.ch\/fr\/#website"},"primaryImageOfPage":{"@id":"https:\/\/www.mateco.ch\/fr\/societe\/references\/plateformes-elevatrices-construction-en-bois-uznach\/#primaryimage"},"image":{"@id":"https:\/\/www.mateco.ch\/fr\/societe\/references\/plateformes-elevatrices-construction-en-bois-uznach\/#primaryimage"},"thumbnailUrl":"https:\/\/www.mateco.ch\/wp-content\/uploads\/2025\/09\/W-Rueegg-AG_IMG_0919_bearbeitet-1-scaled.jpeg","datePublished":"2025-09-11T15:54:58+00:00","description":"Un objet original : toiture d'un entrep\u00f4t \u00e0 fumier et abri pour veaux. W. R\u00fcegg AG \u00e9tait charg\u00e9e ici de lier et d'\u00e9riger les constructions des murs, du sol et du toit. Ce n'\u00e9tait pas une t\u00e2che facile, car le sol \u00e0 l'int\u00e9rieur et autour du b\u00e2timent \u00e9tait tr\u00e8s irr\u00e9gulier et n\u00e9cessitait une machine sp\u00e9ciale.","breadcrumb":{"@id":"https:\/\/www.mateco.ch\/fr\/societe\/references\/plateformes-elevatrices-construction-en-bois-uznach\/#breadcrumb"},"inLanguage":"fr-FR","potentialAction":[{"@type":"ReadAction","target":["https:\/\/www.mateco.ch\/fr\/societe\/references\/plateformes-elevatrices-construction-en-bois-uznach\/"]}]},{"@type":"ImageObject","inLanguage":"fr-FR","@id":"https:\/\/www.mateco.ch\/fr\/societe\/references\/plateformes-elevatrices-construction-en-bois-uznach\/#primaryimage","url":"https:\/\/www.mateco.ch\/wp-content\/uploads\/2025\/09\/W-Rueegg-AG_IMG_0919_bearbeitet-1-scaled.jpeg","contentUrl":"https:\/\/www.mateco.ch\/wp-content\/uploads\/2025\/09\/W-Rueegg-AG_IMG_0919_bearbeitet-1-scaled.jpeg","width":1920,"height":2560},{"@type":"BreadcrumbList","@id":"https:\/\/www.mateco.ch\/fr\/societe\/references\/plateformes-elevatrices-construction-en-bois-uznach\/#breadcrumb","itemListElement":[{"@type":"ListItem","position":1,"name":"Home","item":"https:\/\/www.mateco.ch\/fr\/home\/"},{"@type":"ListItem","position":2,"name":"Toiture pour entrep\u00f4t \u00e0 fumier, Uznach"}]},{"@type":"WebSite","@id":"https:\/\/www.mateco.ch\/fr\/#website","url":"https:\/\/www.mateco.ch\/fr\/","name":"mateco AG","description":"Ihr kompetenter Partner  rund um Arbeitsb\u00fchnen","publisher":{"@id":"https:\/\/www.mateco.ch\/fr\/#organization"},"potentialAction":[{"@type":"SearchAction","target":{"@type":"EntryPoint","urlTemplate":"https:\/\/www.mateco.ch\/fr\/?s={search_term_string}"},"query-input":{"@type":"PropertyValueSpecification","valueRequired":true,"valueName":"search_term_string"}}],"inLanguage":"fr-FR"},{"@type":"Organization","@id":"https:\/\/www.mateco.ch\/fr\/#organization","name":"mateco AG","url":"https:\/\/www.mateco.ch\/fr\/","logo":{"@type":"ImageObject","inLanguage":"fr-FR","@id":"https:\/\/www.mateco.ch\/fr\/#\/schema\/logo\/image\/","url":"https:\/\/www.mateco.ch\/wp-content\/uploads\/2026\/07\/mateco_logo-scaled.png","contentUrl":"https:\/\/www.mateco.ch\/wp-content\/uploads\/2026\/07\/mateco_logo-scaled.png","width":2560,"height":653,"caption":"mateco AG"},"image":{"@id":"https:\/\/www.mateco.ch\/fr\/#\/schema\/logo\/image\/"}}]}},"_links":{"self":[{"href":"https:\/\/www.mateco.ch\/fr\/wp-json\/wp\/v2\/references\/12543","targetHints":{"allow":["GET"]}}],"collection":[{"href":"https:\/\/www.mateco.ch\/fr\/wp-json\/wp\/v2\/references"}],"about":[{"href":"https:\/\/www.mateco.ch\/fr\/wp-json\/wp\/v2\/types\/references"}],"version-history":[{"count":4,"href":"https:\/\/www.mateco.ch\/fr\/wp-json\/wp\/v2\/references\/12543\/revisions"}],"predecessor-version":[{"id":12574,"href":"https:\/\/www.mateco.ch\/fr\/wp-json\/wp\/v2\/references\/12543\/revisions\/12574"}],"wp:featuredmedia":[{"embeddable":true,"href":"https:\/\/www.mateco.ch\/fr\/wp-json\/wp\/v2\/media\/12562"}],"wp:attachment":[{"href":"https:\/\/www.mateco.ch\/fr\/wp-json\/wp\/v2\/media?parent=12543"}],"wp:term":[{"taxonomy":"application_areas_category","embeddable":true,"href":"https:\/\/www.mateco.ch\/fr\/wp-json\/wp\/v2\/application_areas_category?post=12543"}],"curies":[{"name":"wp","href":"https:\/\/api.w.org\/{rel}","templated":true}]}}