{"id":4154,"date":"2024-03-05T10:58:21","date_gmt":"2024-03-05T09:58:21","guid":{"rendered":"https:\/\/staging.maltech.ch\/unternehmen\/referenzen\/festival-images-vevey-21\/"},"modified":"2024-03-12T16:16:18","modified_gmt":"2024-03-12T15:16:18","slug":"festival-images-vevey-21","status":"publish","type":"references","link":"https:\/\/www.mateco.ch\/fr\/societe\/references\/festival-images-vevey-21\/","title":{"rendered":"Festival Images Vevey 21"},"content":{"rendered":"<div class=\"container global-content-styles\">\n\n\t<div class=\"button-group d-inline-flex mt-0 mb-30\">\n\t<a href=\"\/fr\/societe-2\/references\/\" target=\"\" title=\"Retour aux r\u00e9sultats\" class=\"btn btn-primary btn-bg-mateco_red \" >\n\n  <i class=\"icon-chevron\"><\/i>\n      <span class=\"btn-text\">Retour aux r\u00e9sultats<\/span>\n  \n  \n<\/a>\n<\/div>\n\t    <div class=\"reference-media\">\n              <div class=\"position-relative swiper-maltech-style reference-detail-slider\">\n          <div class=\"swiper news-header-swiper\">\n            <div class=\"swiper-wrapper\">\n                              <div class=\"swiper-slide\">\n                                      <div class=\"img-wrapper\">\n                      \t\t<picture>\n\t\t\t\n\t\t\t<img width=\"610\" height=\"610\" src=\"https:\/\/www.mateco.ch\/wp-content\/uploads\/2024\/03\/maltech_im_einsatz_master_1940x1090_festivalvevey1.jpg\" class=\"w-full h-auto\" alt=\"\" loading=\"lazy\" decoding=\"async\" srcset=\"https:\/\/www.mateco.ch\/wp-content\/uploads\/2024\/03\/maltech_im_einsatz_master_1940x1090_festivalvevey1.jpg 610w, https:\/\/www.mateco.ch\/wp-content\/uploads\/2024\/03\/maltech_im_einsatz_master_1940x1090_festivalvevey1-150x150.jpg 150w, https:\/\/www.mateco.ch\/wp-content\/uploads\/2024\/03\/maltech_im_einsatz_master_1940x1090_festivalvevey1-300x300.jpg 300w\" sizes=\"auto, (max-width: 610px) 100vw, 610px\" \/>\t\t<\/picture>\n\t\t                    <\/div>\n                                  <\/div>\n                              <div class=\"swiper-slide\">\n                                      <div class=\"img-wrapper\">\n                      \t\t<picture>\n\t\t\t\n\t\t\t<img width=\"1024\" height=\"768\" src=\"https:\/\/www.mateco.ch\/wp-content\/uploads\/2024\/03\/file_9_-1024x768.jpg\" class=\"w-full h-auto\" alt=\"\" loading=\"lazy\" decoding=\"async\" srcset=\"https:\/\/www.mateco.ch\/wp-content\/uploads\/2024\/03\/file_9_-1024x768.jpg 1024w, https:\/\/www.mateco.ch\/wp-content\/uploads\/2024\/03\/file_9_-300x225.jpg 300w, https:\/\/www.mateco.ch\/wp-content\/uploads\/2024\/03\/file_9_-768x576.jpg 768w, https:\/\/www.mateco.ch\/wp-content\/uploads\/2024\/03\/file_9_.jpg 1504w\" sizes=\"auto, (max-width: 1024px) 100vw, 1024px\" \/>\t\t<\/picture>\n\t\t                    <\/div>\n                                  <\/div>\n                              <div class=\"swiper-slide\">\n                                      <div class=\"img-wrapper\">\n                      \t\t<picture>\n\t\t\t\n\t\t\t<img width=\"768\" height=\"1024\" src=\"https:\/\/www.mateco.ch\/wp-content\/uploads\/2024\/03\/file_5_-768x1024.jpg\" class=\"w-full h-auto\" alt=\"\" loading=\"lazy\" decoding=\"async\" srcset=\"https:\/\/www.mateco.ch\/wp-content\/uploads\/2024\/03\/file_5_-768x1024.jpg 768w, https:\/\/www.mateco.ch\/wp-content\/uploads\/2024\/03\/file_5_-225x300.jpg 225w, https:\/\/www.mateco.ch\/wp-content\/uploads\/2024\/03\/file_5_.jpg 1128w\" sizes=\"auto, (max-width: 768px) 100vw, 768px\" \/>\t\t<\/picture>\n\t\t                    <\/div>\n                                  <\/div>\n                              <div class=\"swiper-slide\">\n                                      <div class=\"img-wrapper\">\n                      \t\t<picture>\n\t\t\t\n\t\t\t<img width=\"1024\" height=\"768\" src=\"https:\/\/www.mateco.ch\/wp-content\/uploads\/2024\/03\/file_10_-1024x768.jpg\" class=\"w-full h-auto\" alt=\"\" loading=\"lazy\" decoding=\"async\" srcset=\"https:\/\/www.mateco.ch\/wp-content\/uploads\/2024\/03\/file_10_-1024x768.jpg 1024w, https:\/\/www.mateco.ch\/wp-content\/uploads\/2024\/03\/file_10_-300x225.jpg 300w, https:\/\/www.mateco.ch\/wp-content\/uploads\/2024\/03\/file_10_-768x576.jpg 768w, https:\/\/www.mateco.ch\/wp-content\/uploads\/2024\/03\/file_10_.jpg 1504w\" sizes=\"auto, (max-width: 1024px) 100vw, 1024px\" \/>\t\t<\/picture>\n\t\t                    <\/div>\n                                  <\/div>\n                              <div class=\"swiper-slide\">\n                                      <div class=\"img-wrapper\">\n                      \t\t<picture>\n\t\t\t\n\t\t\t<img width=\"1024\" height=\"768\" src=\"https:\/\/www.mateco.ch\/wp-content\/uploads\/2024\/03\/file_3_-1024x768.jpg\" class=\"w-full h-auto\" alt=\"\" loading=\"lazy\" decoding=\"async\" srcset=\"https:\/\/www.mateco.ch\/wp-content\/uploads\/2024\/03\/file_3_-1024x768.jpg 1024w, https:\/\/www.mateco.ch\/wp-content\/uploads\/2024\/03\/file_3_-300x225.jpg 300w, https:\/\/www.mateco.ch\/wp-content\/uploads\/2024\/03\/file_3_-768x576.jpg 768w, https:\/\/www.mateco.ch\/wp-content\/uploads\/2024\/03\/file_3_.jpg 1504w\" sizes=\"auto, (max-width: 1024px) 100vw, 1024px\" \/>\t\t<\/picture>\n\t\t                    <\/div>\n                                  <\/div>\n                          <\/div>\n            <div class=\"swiper-pagination\"><\/div>\n          <\/div>\n          <div class=\"swiper-prev swiper-nav-btn news-header-swiper-btn\"><\/div>\n          <div class=\"swiper-next swiper-nav-btn news-header-swiper-btn\"><\/div>\n        <\/div>\n      \n      <aside class=\"reference-rebrand-notice reference-rebrand-notice--detail\" aria-label=\"Note concernant le changement de raison sociale\">\n\t<span class=\"reference-rebrand-notice__eyebrow\">Maltech est mateco.<\/span>\n\t<strong class=\"reference-rebrand-notice__title\">Tout reste meilleur.<\/strong>\n<\/aside>\n    <\/div>\n\t\n\t<h1 class=\"text-md-center mt-50\">Festival Images Vevey 21<\/h1>\n\n\t    <div class=\"row\">\n      <div class=\"col-md-10 offset-md-1 col-lg-8 offset-lg-2\">\n        <div class=\"rich-text lead mb-60 mb-md-100\">\n            <p>Gr\u00e2ce \u00e0 un concept sanitaire bien \u00e9labor\u00e9, le festival Images Vevey a pu se tenir malgr\u00e9 les restrictions dues au coronavirus. <\/p>\n        <\/div>\n      <\/div>\n    <\/div>\n\t\n\t    <div class=\"row\">\n      <div class=\"col-12 mb-n40 mb-md-n60\">\n                  <div class=\"row mb-40 mb-md-60\">\n            <div class=\"text col-md-10 offset-md-1 col-lg-8 offset-lg-2\">\n\n\t\n\t    <div class=\"rich-text big-space-between\">\n\t\t\t<p>Gr\u00e2ce \u00e0 un concept sanitaire bien \u00e9labor\u00e9, le festival Images Vevey a pu se tenir malgr\u00e9 les restrictions dues au coronavirus. Ainsi, \u00e0 l\u2019occasion du festival \u00ab Images Vevey \u00bb qui s&rsquo;est tenu en septembre, Vevey s\u2019est une fois de plus transform\u00e9 en un assortiment unique d\u2019images fascinantes. Des \u0153uvres d\u2019artistes de renom, mais aussi de jeunes talents, ont \u00e9t\u00e9 pr\u00e9sent\u00e9es dans toute la ville et ont ravi les passants, les touristes et les fans. Les photographies au format XXL, appos\u00e9es sur de nombreuses fa\u00e7ades de b\u00e2timents, sont particuli\u00e8rement impressionnantes.<\/p>\n<p>Mais comment ces \u0153uvres g\u00e9antes ont-elles \u00e9t\u00e9 mont\u00e9es ? L&rsquo;accrochage a \u00e9t\u00e9 rendu possible gr\u00e2ce au soutien de mateco, intervenue avec plusieurs de ses \u00e9l\u00e9vateurs \u00e0 nacelle sur camion S 38 XDT et sur camionnettes de type TB27 et TB29. Pour la troisi\u00e8me fois cons\u00e9cutive, l\u2019\u00e9quipe a \u0153uvr\u00e9 en tant que partenaire du festival et veill\u00e9 une nouvelle fois \u00e0 ce que les affiches g\u00e9antes aient pu \u00eatre mont\u00e9es et d\u00e9mont\u00e9es de mani\u00e8re s\u00fbre, efficace et m\u00e9ticuleuse. C\u2019est formidable qu\u2019un \u00e9v\u00e9nement artistique aussi enrichissant et vivant ait pu avoir lieu en cette ann\u00e9e si particuli\u00e8re.<\/p>\n    <\/div>\n\t\n\t\n<\/div>          <\/div>\n                  <div class=\"row mb-40 mb-md-60\">\n            <div class=\"cta-team col-12\">\n\n  \n  <div class=\"bg-yellow\">\n\t  \t  <div class=\"cta-team d-flex flex-column flex-md-row\">\n      <div class=\"img-wrapper\">\n\t\t  <img width=\"610\" height=\"610\" src=\"https:\/\/www.mateco.ch\/wp-content\/uploads\/2024\/03\/nicolas-lauper-610x610-1.jpg\" class=\"h-100\" alt=\"\" loading=\"lazy\" decoding=\"async\" srcset=\"https:\/\/www.mateco.ch\/wp-content\/uploads\/2024\/03\/nicolas-lauper-610x610-1.jpg 610w, https:\/\/www.mateco.ch\/wp-content\/uploads\/2024\/03\/nicolas-lauper-610x610-1-150x150.jpg 150w, https:\/\/www.mateco.ch\/wp-content\/uploads\/2024\/03\/nicolas-lauper-610x610-1-300x300.jpg 300w\" sizes=\"auto, (max-width: 610px) 100vw, 610px\" \/>    <\/div>\n  \t<div class=\"content p-20 p-md-40 p-lg-60 yellow d-flex align-items-center flex-fill\">\n    <div>\n\t          <div class=\"rich-text\">\n                <p><span class=\"fw-700\">Nicolas Lauper, <\/span>Responsable de succursale<\/p>\n      <\/div>\n\t    <div class=\"button-group d-flex flex-column flex-lg-row mt-30\">\n\t<a href=\"mailto:nicolas.lauper@mateco.ch\" target=\"\" title=\"nicolas.lauper@mateco.ch\" class=\"btn btn-bg-mateco_red \" >\n\n  <i class=\"icon-mail\"><\/i>\n      <span class=\"btn-text\">nicolas.lauper@mateco.ch<\/span>\n  \n  \n<\/a>\n<a href=\"tel:0218670599\" target=\"\" title=\"021 867 05 99\" class=\"btn btn-bg-blue \" >\n\n  <i class=\"icon-phone\"><\/i>\n      <span class=\"btn-text\">021 867 05 99<\/span>\n  \n  \n<\/a>\n<\/div>    <\/div>\n\t<\/div>\n<\/div>\n  <\/div>\n<\/div>          <\/div>\n              <\/div>\n    <\/div>\n\t\n<\/div>\n","protected":false},"excerpt":{"rendered":"<p>Gr\u00e2ce \u00e0 un concept sanitaire bien \u00e9labor\u00e9, le festival Images Vevey a pu se tenir malgr\u00e9 les restrictions dues au coronavirus. <\/p>\n","protected":false},"featured_media":4008,"template":"","application_areas_category":[107,105],"class_list":["post-4154","references","type-references","status-publish","has-post-thumbnail","hentry","application_areas_category-event-und-werbetechnik-fr","application_areas_category-oeffentliche-hand-fr"],"acf":[],"yoast_head":"<title>Festival Images Vevey 21 - mateco AG<\/title>\n<meta name=\"robots\" content=\"index, follow, max-snippet:-1, max-image-preview:large, max-video-preview:-1\" \/>\n<link rel=\"canonical\" href=\"https:\/\/www.mateco.ch\/fr\/societe\/references\/festival-images-vevey-21\/\" \/>\n<meta property=\"og:locale\" content=\"fr_FR\" \/>\n<meta property=\"og:type\" content=\"article\" \/>\n<meta property=\"og:title\" content=\"Festival Images Vevey 21 - mateco AG\" \/>\n<meta property=\"og:description\" content=\"Gr\u00e2ce \u00e0 un concept sanitaire bien \u00e9labor\u00e9, le festival Images Vevey a pu se tenir malgr\u00e9 les restrictions dues au coronavirus.\" \/>\n<meta property=\"og:url\" content=\"https:\/\/www.mateco.ch\/fr\/societe\/references\/festival-images-vevey-21\/\" \/>\n<meta property=\"og:site_name\" content=\"mateco AG\" \/>\n<meta property=\"article:modified_time\" content=\"2024-03-12T15:16:18+00:00\" \/>\n<meta property=\"og:image\" content=\"https:\/\/www.mateco.ch\/wp-content\/uploads\/2024\/03\/maltech_im_einsatz_master_1940x1090_festivalvevey1.jpg\" \/>\n\t<meta property=\"og:image:width\" content=\"610\" \/>\n\t<meta property=\"og:image:height\" content=\"610\" \/>\n\t<meta property=\"og:image:type\" content=\"image\/jpeg\" \/>\n<meta name=\"twitter:card\" content=\"summary_large_image\" \/>\n<script type=\"application\/ld+json\" class=\"yoast-schema-graph\">{\"@context\":\"https:\\\/\\\/schema.org\",\"@graph\":[{\"@type\":\"WebPage\",\"@id\":\"https:\\\/\\\/www.mateco.ch\\\/fr\\\/societe\\\/references\\\/festival-images-vevey-21\\\/\",\"url\":\"https:\\\/\\\/www.mateco.ch\\\/fr\\\/societe\\\/references\\\/festival-images-vevey-21\\\/\",\"name\":\"Festival Images Vevey 21 - mateco AG\",\"isPartOf\":{\"@id\":\"https:\\\/\\\/www.mateco.ch\\\/fr\\\/#website\"},\"primaryImageOfPage\":{\"@id\":\"https:\\\/\\\/www.mateco.ch\\\/fr\\\/societe\\\/references\\\/festival-images-vevey-21\\\/#primaryimage\"},\"image\":{\"@id\":\"https:\\\/\\\/www.mateco.ch\\\/fr\\\/societe\\\/references\\\/festival-images-vevey-21\\\/#primaryimage\"},\"thumbnailUrl\":\"https:\\\/\\\/www.mateco.ch\\\/wp-content\\\/uploads\\\/2024\\\/03\\\/maltech_im_einsatz_master_1940x1090_festivalvevey1.jpg\",\"datePublished\":\"2024-03-05T09:58:21+00:00\",\"dateModified\":\"2024-03-12T15:16:18+00:00\",\"breadcrumb\":{\"@id\":\"https:\\\/\\\/www.mateco.ch\\\/fr\\\/societe\\\/references\\\/festival-images-vevey-21\\\/#breadcrumb\"},\"inLanguage\":\"fr-FR\",\"potentialAction\":[{\"@type\":\"ReadAction\",\"target\":[\"https:\\\/\\\/www.mateco.ch\\\/fr\\\/societe\\\/references\\\/festival-images-vevey-21\\\/\"]}]},{\"@type\":\"ImageObject\",\"inLanguage\":\"fr-FR\",\"@id\":\"https:\\\/\\\/www.mateco.ch\\\/fr\\\/societe\\\/references\\\/festival-images-vevey-21\\\/#primaryimage\",\"url\":\"https:\\\/\\\/www.mateco.ch\\\/wp-content\\\/uploads\\\/2024\\\/03\\\/maltech_im_einsatz_master_1940x1090_festivalvevey1.jpg\",\"contentUrl\":\"https:\\\/\\\/www.mateco.ch\\\/wp-content\\\/uploads\\\/2024\\\/03\\\/maltech_im_einsatz_master_1940x1090_festivalvevey1.jpg\",\"width\":610,\"height\":610},{\"@type\":\"BreadcrumbList\",\"@id\":\"https:\\\/\\\/www.mateco.ch\\\/fr\\\/societe\\\/references\\\/festival-images-vevey-21\\\/#breadcrumb\",\"itemListElement\":[{\"@type\":\"ListItem\",\"position\":1,\"name\":\"Home\",\"item\":\"https:\\\/\\\/www.mateco.ch\\\/fr\\\/home\\\/\"},{\"@type\":\"ListItem\",\"position\":2,\"name\":\"Festival Images Vevey 21\"}]},{\"@type\":\"WebSite\",\"@id\":\"https:\\\/\\\/www.mateco.ch\\\/fr\\\/#website\",\"url\":\"https:\\\/\\\/www.mateco.ch\\\/fr\\\/\",\"name\":\"mateco AG\",\"description\":\"Ihr kompetenter Partner  rund um Arbeitsb\u00fchnen\",\"publisher\":{\"@id\":\"https:\\\/\\\/www.mateco.ch\\\/fr\\\/#organization\"},\"potentialAction\":[{\"@type\":\"SearchAction\",\"target\":{\"@type\":\"EntryPoint\",\"urlTemplate\":\"https:\\\/\\\/www.mateco.ch\\\/fr\\\/?s={search_term_string}\"},\"query-input\":{\"@type\":\"PropertyValueSpecification\",\"valueRequired\":true,\"valueName\":\"search_term_string\"}}],\"inLanguage\":\"fr-FR\"},{\"@type\":\"Organization\",\"@id\":\"https:\\\/\\\/www.mateco.ch\\\/fr\\\/#organization\",\"name\":\"mateco AG\",\"url\":\"https:\\\/\\\/www.mateco.ch\\\/fr\\\/\",\"logo\":{\"@type\":\"ImageObject\",\"inLanguage\":\"fr-FR\",\"@id\":\"https:\\\/\\\/www.mateco.ch\\\/fr\\\/#\\\/schema\\\/logo\\\/image\\\/\",\"url\":\"https:\\\/\\\/www.mateco.ch\\\/wp-content\\\/uploads\\\/2026\\\/07\\\/mateco_logo-scaled.png\",\"contentUrl\":\"https:\\\/\\\/www.mateco.ch\\\/wp-content\\\/uploads\\\/2026\\\/07\\\/mateco_logo-scaled.png\",\"width\":2560,\"height\":653,\"caption\":\"mateco AG\"},\"image\":{\"@id\":\"https:\\\/\\\/www.mateco.ch\\\/fr\\\/#\\\/schema\\\/logo\\\/image\\\/\"}}]}<\/script>","yoast_head_json":{"title":"Festival Images Vevey 21 - mateco AG","robots":{"index":"index","follow":"follow","max-snippet":"max-snippet:-1","max-image-preview":"max-image-preview:large","max-video-preview":"max-video-preview:-1"},"canonical":"https:\/\/www.mateco.ch\/fr\/societe\/references\/festival-images-vevey-21\/","og_locale":"fr_FR","og_type":"article","og_title":"Festival Images Vevey 21 - mateco AG","og_description":"Gr\u00e2ce \u00e0 un concept sanitaire bien \u00e9labor\u00e9, le festival Images Vevey a pu se tenir malgr\u00e9 les restrictions dues au coronavirus.","og_url":"https:\/\/www.mateco.ch\/fr\/societe\/references\/festival-images-vevey-21\/","og_site_name":"mateco AG","article_modified_time":"2024-03-12T15:16:18+00:00","og_image":[{"width":610,"height":610,"url":"https:\/\/www.mateco.ch\/wp-content\/uploads\/2024\/03\/maltech_im_einsatz_master_1940x1090_festivalvevey1.jpg","type":"image\/jpeg"}],"twitter_card":"summary_large_image","schema":{"@context":"https:\/\/schema.org","@graph":[{"@type":"WebPage","@id":"https:\/\/www.mateco.ch\/fr\/societe\/references\/festival-images-vevey-21\/","url":"https:\/\/www.mateco.ch\/fr\/societe\/references\/festival-images-vevey-21\/","name":"Festival Images Vevey 21 - mateco AG","isPartOf":{"@id":"https:\/\/www.mateco.ch\/fr\/#website"},"primaryImageOfPage":{"@id":"https:\/\/www.mateco.ch\/fr\/societe\/references\/festival-images-vevey-21\/#primaryimage"},"image":{"@id":"https:\/\/www.mateco.ch\/fr\/societe\/references\/festival-images-vevey-21\/#primaryimage"},"thumbnailUrl":"https:\/\/www.mateco.ch\/wp-content\/uploads\/2024\/03\/maltech_im_einsatz_master_1940x1090_festivalvevey1.jpg","datePublished":"2024-03-05T09:58:21+00:00","dateModified":"2024-03-12T15:16:18+00:00","breadcrumb":{"@id":"https:\/\/www.mateco.ch\/fr\/societe\/references\/festival-images-vevey-21\/#breadcrumb"},"inLanguage":"fr-FR","potentialAction":[{"@type":"ReadAction","target":["https:\/\/www.mateco.ch\/fr\/societe\/references\/festival-images-vevey-21\/"]}]},{"@type":"ImageObject","inLanguage":"fr-FR","@id":"https:\/\/www.mateco.ch\/fr\/societe\/references\/festival-images-vevey-21\/#primaryimage","url":"https:\/\/www.mateco.ch\/wp-content\/uploads\/2024\/03\/maltech_im_einsatz_master_1940x1090_festivalvevey1.jpg","contentUrl":"https:\/\/www.mateco.ch\/wp-content\/uploads\/2024\/03\/maltech_im_einsatz_master_1940x1090_festivalvevey1.jpg","width":610,"height":610},{"@type":"BreadcrumbList","@id":"https:\/\/www.mateco.ch\/fr\/societe\/references\/festival-images-vevey-21\/#breadcrumb","itemListElement":[{"@type":"ListItem","position":1,"name":"Home","item":"https:\/\/www.mateco.ch\/fr\/home\/"},{"@type":"ListItem","position":2,"name":"Festival Images Vevey 21"}]},{"@type":"WebSite","@id":"https:\/\/www.mateco.ch\/fr\/#website","url":"https:\/\/www.mateco.ch\/fr\/","name":"mateco AG","description":"Ihr kompetenter Partner  rund um Arbeitsb\u00fchnen","publisher":{"@id":"https:\/\/www.mateco.ch\/fr\/#organization"},"potentialAction":[{"@type":"SearchAction","target":{"@type":"EntryPoint","urlTemplate":"https:\/\/www.mateco.ch\/fr\/?s={search_term_string}"},"query-input":{"@type":"PropertyValueSpecification","valueRequired":true,"valueName":"search_term_string"}}],"inLanguage":"fr-FR"},{"@type":"Organization","@id":"https:\/\/www.mateco.ch\/fr\/#organization","name":"mateco AG","url":"https:\/\/www.mateco.ch\/fr\/","logo":{"@type":"ImageObject","inLanguage":"fr-FR","@id":"https:\/\/www.mateco.ch\/fr\/#\/schema\/logo\/image\/","url":"https:\/\/www.mateco.ch\/wp-content\/uploads\/2026\/07\/mateco_logo-scaled.png","contentUrl":"https:\/\/www.mateco.ch\/wp-content\/uploads\/2026\/07\/mateco_logo-scaled.png","width":2560,"height":653,"caption":"mateco AG"},"image":{"@id":"https:\/\/www.mateco.ch\/fr\/#\/schema\/logo\/image\/"}}]}},"_links":{"self":[{"href":"https:\/\/www.mateco.ch\/fr\/wp-json\/wp\/v2\/references\/4154","targetHints":{"allow":["GET"]}}],"collection":[{"href":"https:\/\/www.mateco.ch\/fr\/wp-json\/wp\/v2\/references"}],"about":[{"href":"https:\/\/www.mateco.ch\/fr\/wp-json\/wp\/v2\/types\/references"}],"version-history":[{"count":1,"href":"https:\/\/www.mateco.ch\/fr\/wp-json\/wp\/v2\/references\/4154\/revisions"}],"predecessor-version":[{"id":4155,"href":"https:\/\/www.mateco.ch\/fr\/wp-json\/wp\/v2\/references\/4154\/revisions\/4155"}],"wp:featuredmedia":[{"embeddable":true,"href":"https:\/\/www.mateco.ch\/fr\/wp-json\/wp\/v2\/media\/4008"}],"wp:attachment":[{"href":"https:\/\/www.mateco.ch\/fr\/wp-json\/wp\/v2\/media?parent=4154"}],"wp:term":[{"taxonomy":"application_areas_category","embeddable":true,"href":"https:\/\/www.mateco.ch\/fr\/wp-json\/wp\/v2\/application_areas_category?post=4154"}],"curies":[{"name":"wp","href":"https:\/\/api.w.org\/{rel}","templated":true}]}}