{"id":4216,"date":"2024-03-05T15:16:03","date_gmt":"2024-03-05T14:16:03","guid":{"rendered":"https:\/\/staging.maltech.ch\/unternehmen\/referenzen\/wohnhaus-zuerich\/"},"modified":"2024-03-12T16:15:54","modified_gmt":"2024-03-12T15:15:54","slug":"wohnhaus-zuerich","status":"publish","type":"references","link":"https:\/\/www.mateco.ch\/fr\/societe\/references\/wohnhaus-zuerich\/","title":{"rendered":"Immeuble r\u00e9sidentiel, Zurich"},"content":{"rendered":"<div class=\"container global-content-styles\">\n\n\t<div class=\"button-group d-inline-flex mt-0 mb-30\">\n\t<a href=\"\/fr\/societe-2\/references\/\" target=\"\" title=\"Retour aux r\u00e9sultats\" class=\"btn btn-primary btn-bg-mateco_red \" >\n\n  <i class=\"icon-chevron\"><\/i>\n      <span class=\"btn-text\">Retour aux r\u00e9sultats<\/span>\n  \n  \n<\/a>\n<\/div>\n\t    <div class=\"reference-media\">\n              <div class=\"img-wrapper one-image\">\n\t\t\t\t\t\t<picture>\n\t\t\t\n\t\t\t<img width=\"1024\" height=\"768\" src=\"https:\/\/www.mateco.ch\/wp-content\/uploads\/2024\/03\/bild_wohnhaus_stadt_zuerich_201810_schweighofstr_zh-1024x768.jpg\" class=\"w-full h-auto\" alt=\"\" loading=\"lazy\" decoding=\"async\" srcset=\"https:\/\/www.mateco.ch\/wp-content\/uploads\/2024\/03\/bild_wohnhaus_stadt_zuerich_201810_schweighofstr_zh-1024x768.jpg 1024w, https:\/\/www.mateco.ch\/wp-content\/uploads\/2024\/03\/bild_wohnhaus_stadt_zuerich_201810_schweighofstr_zh-300x225.jpg 300w, https:\/\/www.mateco.ch\/wp-content\/uploads\/2024\/03\/bild_wohnhaus_stadt_zuerich_201810_schweighofstr_zh-768x576.jpg 768w, https:\/\/www.mateco.ch\/wp-content\/uploads\/2024\/03\/bild_wohnhaus_stadt_zuerich_201810_schweighofstr_zh-1536x1152.jpg 1536w, https:\/\/www.mateco.ch\/wp-content\/uploads\/2024\/03\/bild_wohnhaus_stadt_zuerich_201810_schweighofstr_zh-2048x1536.jpg 2048w\" sizes=\"auto, (max-width: 1024px) 100vw, 1024px\" \/>\t\t<\/picture>\n\t\t        <\/div>\n      \n      <aside class=\"reference-rebrand-notice reference-rebrand-notice--detail\" aria-label=\"Note concernant le changement de raison sociale\">\n\t<span class=\"reference-rebrand-notice__eyebrow\">Maltech est mateco.<\/span>\n\t<strong class=\"reference-rebrand-notice__title\">Tout reste meilleur.<\/strong>\n<\/aside>\n    <\/div>\n\t\n\t<h1 class=\"text-md-center mt-50\">Immeuble r\u00e9sidentiel, Zurich<\/h1>\n\n\t    <div class=\"row\">\n      <div class=\"col-md-10 offset-md-1 col-lg-8 offset-lg-2\">\n        <div class=\"rich-text lead mb-60 mb-md-100\">\n            <p>La fa\u00e7ade d\u2019un immeuble fait l\u2019objet d&rsquo;une mise en valeur artistique. Afin que l&rsquo;artiste ait le plus de libert\u00e9 de mouvement possible lors de sa performance \u00e0 des hauteurs vertigineuses, l\u2019intervention de mateco est sollicit\u00e9e.<\/p>\n        <\/div>\n      <\/div>\n    <\/div>\n\t\n\t    <div class=\"row\">\n      <div class=\"col-12 mb-n40 mb-md-n60\">\n                  <div class=\"row mb-40 mb-md-60\">\n            <div class=\"text col-md-10 offset-md-1 col-lg-8 offset-lg-2\">\n\n\t\n\t    <div class=\"rich-text big-space-between\">\n\t\t\t<p>\u00c0 la demande de la ville de Zurich, la fa\u00e7ade d\u2019un immeuble fait l\u2019objet d&rsquo;une mise en valeur artistique. Afin que l&rsquo;artiste ait le plus de libert\u00e9 de mouvement possible lors de sa r\u00e9alisation \u00e0 des hauteurs vertigineuses, il a besoin d&rsquo;une plate-forme de grandes dimensions qui lui permette de travailler et se d\u00e9placer en toute libert\u00e9. Gr\u00e2ce \u00e0 son compensateur de variations de niveau, la plateforme \u00e9l\u00e9vatrice \u00e0 ciseaux 2684 RT de mateco a fait office de solution id\u00e9ale pour cette intervention sur une pente relativement raide. Tout se passe tr\u00e8s bien et le client est enti\u00e8rement satisfait !<\/p>\n    <\/div>\n\t\n\t\n<\/div>          <\/div>\n                  <div class=\"row mb-40 mb-md-60\">\n            <div class=\"cta-team col-12\">\n\n  \n  <div class=\"bg-yellow\">\n\t  \t  <div class=\"cta-team d-flex flex-column flex-md-row\">\n      <div class=\"img-wrapper\">\n\t\t  <img width=\"610\" height=\"610\" src=\"https:\/\/www.mateco.ch\/wp-content\/uploads\/2024\/03\/zwinggi_610x610.jpg\" class=\"h-100\" alt=\"\" loading=\"lazy\" decoding=\"async\" srcset=\"https:\/\/www.mateco.ch\/wp-content\/uploads\/2024\/03\/zwinggi_610x610.jpg 610w, https:\/\/www.mateco.ch\/wp-content\/uploads\/2024\/03\/zwinggi_610x610-150x150.jpg 150w, https:\/\/www.mateco.ch\/wp-content\/uploads\/2024\/03\/zwinggi_610x610-300x300.jpg 300w\" sizes=\"auto, (max-width: 610px) 100vw, 610px\" \/>    <\/div>\n  \t<div class=\"content p-20 p-md-40 p-lg-60 yellow d-flex align-items-center flex-fill\">\n    <div>\n\t    <h3 class=\"mb-10\">Chef de projet<\/h3>\n      <div class=\"rich-text\">\n                <p><span class=\"fw-700\">Gregor Zwinggi, <\/span>Responsable Suisse al\u00e9manique<\/p>\n      <\/div>\n\t    <div class=\"button-group d-flex flex-column flex-lg-row mt-30\">\n\t<a href=\"mailto:\" target=\"\" title=\"\" class=\"btn btn-bg-mateco_red \" >\n\n  <i class=\"icon-mail\"><\/i>\n  \n  \n<\/a>\n<a href=\"tel:0448187050\" target=\"\" title=\"044 818 70 50\" class=\"btn btn-bg-blue \" >\n\n  <i class=\"icon-phone\"><\/i>\n      <span class=\"btn-text\">044 818 70 50<\/span>\n  \n  \n<\/a>\n<\/div>    <\/div>\n\t<\/div>\n<\/div>\n  <\/div>\n<\/div>          <\/div>\n              <\/div>\n    <\/div>\n\t\n<\/div>\n","protected":false},"excerpt":{"rendered":"<p>La fa\u00e7ade d\u2019un immeuble fait l\u2019objet d&rsquo;une mise en valeur artistique. Afin que l&rsquo;artiste ait le plus de libert\u00e9 de mouvement possible lors de sa performance \u00e0 des hauteurs vertigineuses, l\u2019intervention de mateco est sollicit\u00e9e.<\/p>\n","protected":false},"featured_media":4211,"template":"","application_areas_category":[107,105],"class_list":["post-4216","references","type-references","status-publish","has-post-thumbnail","hentry","application_areas_category-event-und-werbetechnik-fr","application_areas_category-oeffentliche-hand-fr"],"acf":[],"yoast_head":"<title>Immeuble r\u00e9sidentiel, Zurich - mateco AG<\/title>\n<meta name=\"robots\" content=\"index, follow, max-snippet:-1, max-image-preview:large, max-video-preview:-1\" \/>\n<link rel=\"canonical\" href=\"https:\/\/www.mateco.ch\/fr\/societe\/references\/wohnhaus-zuerich\/\" \/>\n<meta property=\"og:locale\" content=\"fr_FR\" \/>\n<meta property=\"og:type\" content=\"article\" \/>\n<meta property=\"og:title\" content=\"Immeuble r\u00e9sidentiel, Zurich - mateco AG\" \/>\n<meta property=\"og:description\" content=\"La fa\u00e7ade d\u2019un immeuble fait l\u2019objet d&#039;une mise en valeur artistique. Afin que l&#039;artiste ait le plus de libert\u00e9 de mouvement possible lors de sa performance \u00e0 des hauteurs vertigineuses, l\u2019intervention de mateco est sollicit\u00e9e.\" \/>\n<meta property=\"og:url\" content=\"https:\/\/www.mateco.ch\/fr\/societe\/references\/wohnhaus-zuerich\/\" \/>\n<meta property=\"og:site_name\" content=\"mateco AG\" \/>\n<meta property=\"article:modified_time\" content=\"2024-03-12T15:15:54+00:00\" \/>\n<meta property=\"og:image\" content=\"https:\/\/www.mateco.ch\/wp-content\/uploads\/2024\/03\/bild_wohnhaus_stadt_zuerich_201810_schweighofstr_zh-scaled.jpg\" \/>\n\t<meta property=\"og:image:width\" content=\"2560\" \/>\n\t<meta property=\"og:image:height\" content=\"1920\" \/>\n\t<meta property=\"og:image:type\" content=\"image\/jpeg\" \/>\n<meta name=\"twitter:card\" content=\"summary_large_image\" \/>\n<script type=\"application\/ld+json\" class=\"yoast-schema-graph\">{\"@context\":\"https:\\\/\\\/schema.org\",\"@graph\":[{\"@type\":\"WebPage\",\"@id\":\"https:\\\/\\\/www.mateco.ch\\\/fr\\\/societe\\\/references\\\/wohnhaus-zuerich\\\/\",\"url\":\"https:\\\/\\\/www.mateco.ch\\\/fr\\\/societe\\\/references\\\/wohnhaus-zuerich\\\/\",\"name\":\"Immeuble r\u00e9sidentiel, Zurich - mateco AG\",\"isPartOf\":{\"@id\":\"https:\\\/\\\/www.mateco.ch\\\/fr\\\/#website\"},\"primaryImageOfPage\":{\"@id\":\"https:\\\/\\\/www.mateco.ch\\\/fr\\\/societe\\\/references\\\/wohnhaus-zuerich\\\/#primaryimage\"},\"image\":{\"@id\":\"https:\\\/\\\/www.mateco.ch\\\/fr\\\/societe\\\/references\\\/wohnhaus-zuerich\\\/#primaryimage\"},\"thumbnailUrl\":\"https:\\\/\\\/www.mateco.ch\\\/wp-content\\\/uploads\\\/2024\\\/03\\\/bild_wohnhaus_stadt_zuerich_201810_schweighofstr_zh-scaled.jpg\",\"datePublished\":\"2024-03-05T14:16:03+00:00\",\"dateModified\":\"2024-03-12T15:15:54+00:00\",\"breadcrumb\":{\"@id\":\"https:\\\/\\\/www.mateco.ch\\\/fr\\\/societe\\\/references\\\/wohnhaus-zuerich\\\/#breadcrumb\"},\"inLanguage\":\"fr-FR\",\"potentialAction\":[{\"@type\":\"ReadAction\",\"target\":[\"https:\\\/\\\/www.mateco.ch\\\/fr\\\/societe\\\/references\\\/wohnhaus-zuerich\\\/\"]}]},{\"@type\":\"ImageObject\",\"inLanguage\":\"fr-FR\",\"@id\":\"https:\\\/\\\/www.mateco.ch\\\/fr\\\/societe\\\/references\\\/wohnhaus-zuerich\\\/#primaryimage\",\"url\":\"https:\\\/\\\/www.mateco.ch\\\/wp-content\\\/uploads\\\/2024\\\/03\\\/bild_wohnhaus_stadt_zuerich_201810_schweighofstr_zh-scaled.jpg\",\"contentUrl\":\"https:\\\/\\\/www.mateco.ch\\\/wp-content\\\/uploads\\\/2024\\\/03\\\/bild_wohnhaus_stadt_zuerich_201810_schweighofstr_zh-scaled.jpg\",\"width\":2560,\"height\":1920},{\"@type\":\"BreadcrumbList\",\"@id\":\"https:\\\/\\\/www.mateco.ch\\\/fr\\\/societe\\\/references\\\/wohnhaus-zuerich\\\/#breadcrumb\",\"itemListElement\":[{\"@type\":\"ListItem\",\"position\":1,\"name\":\"Home\",\"item\":\"https:\\\/\\\/www.mateco.ch\\\/fr\\\/home\\\/\"},{\"@type\":\"ListItem\",\"position\":2,\"name\":\"Immeuble r\u00e9sidentiel, Zurich\"}]},{\"@type\":\"WebSite\",\"@id\":\"https:\\\/\\\/www.mateco.ch\\\/fr\\\/#website\",\"url\":\"https:\\\/\\\/www.mateco.ch\\\/fr\\\/\",\"name\":\"mateco AG\",\"description\":\"Ihr kompetenter Partner  rund um Arbeitsb\u00fchnen\",\"publisher\":{\"@id\":\"https:\\\/\\\/www.mateco.ch\\\/fr\\\/#organization\"},\"potentialAction\":[{\"@type\":\"SearchAction\",\"target\":{\"@type\":\"EntryPoint\",\"urlTemplate\":\"https:\\\/\\\/www.mateco.ch\\\/fr\\\/?s={search_term_string}\"},\"query-input\":{\"@type\":\"PropertyValueSpecification\",\"valueRequired\":true,\"valueName\":\"search_term_string\"}}],\"inLanguage\":\"fr-FR\"},{\"@type\":\"Organization\",\"@id\":\"https:\\\/\\\/www.mateco.ch\\\/fr\\\/#organization\",\"name\":\"mateco AG\",\"url\":\"https:\\\/\\\/www.mateco.ch\\\/fr\\\/\",\"logo\":{\"@type\":\"ImageObject\",\"inLanguage\":\"fr-FR\",\"@id\":\"https:\\\/\\\/www.mateco.ch\\\/fr\\\/#\\\/schema\\\/logo\\\/image\\\/\",\"url\":\"https:\\\/\\\/www.mateco.ch\\\/wp-content\\\/uploads\\\/2026\\\/07\\\/mateco_logo-scaled.png\",\"contentUrl\":\"https:\\\/\\\/www.mateco.ch\\\/wp-content\\\/uploads\\\/2026\\\/07\\\/mateco_logo-scaled.png\",\"width\":2560,\"height\":653,\"caption\":\"mateco AG\"},\"image\":{\"@id\":\"https:\\\/\\\/www.mateco.ch\\\/fr\\\/#\\\/schema\\\/logo\\\/image\\\/\"}}]}<\/script>","yoast_head_json":{"title":"Immeuble r\u00e9sidentiel, Zurich - mateco AG","robots":{"index":"index","follow":"follow","max-snippet":"max-snippet:-1","max-image-preview":"max-image-preview:large","max-video-preview":"max-video-preview:-1"},"canonical":"https:\/\/www.mateco.ch\/fr\/societe\/references\/wohnhaus-zuerich\/","og_locale":"fr_FR","og_type":"article","og_title":"Immeuble r\u00e9sidentiel, Zurich - mateco AG","og_description":"La fa\u00e7ade d\u2019un immeuble fait l\u2019objet d'une mise en valeur artistique. Afin que l'artiste ait le plus de libert\u00e9 de mouvement possible lors de sa performance \u00e0 des hauteurs vertigineuses, l\u2019intervention de mateco est sollicit\u00e9e.","og_url":"https:\/\/www.mateco.ch\/fr\/societe\/references\/wohnhaus-zuerich\/","og_site_name":"mateco AG","article_modified_time":"2024-03-12T15:15:54+00:00","og_image":[{"width":2560,"height":1920,"url":"https:\/\/www.mateco.ch\/wp-content\/uploads\/2024\/03\/bild_wohnhaus_stadt_zuerich_201810_schweighofstr_zh-scaled.jpg","type":"image\/jpeg"}],"twitter_card":"summary_large_image","schema":{"@context":"https:\/\/schema.org","@graph":[{"@type":"WebPage","@id":"https:\/\/www.mateco.ch\/fr\/societe\/references\/wohnhaus-zuerich\/","url":"https:\/\/www.mateco.ch\/fr\/societe\/references\/wohnhaus-zuerich\/","name":"Immeuble r\u00e9sidentiel, Zurich - mateco AG","isPartOf":{"@id":"https:\/\/www.mateco.ch\/fr\/#website"},"primaryImageOfPage":{"@id":"https:\/\/www.mateco.ch\/fr\/societe\/references\/wohnhaus-zuerich\/#primaryimage"},"image":{"@id":"https:\/\/www.mateco.ch\/fr\/societe\/references\/wohnhaus-zuerich\/#primaryimage"},"thumbnailUrl":"https:\/\/www.mateco.ch\/wp-content\/uploads\/2024\/03\/bild_wohnhaus_stadt_zuerich_201810_schweighofstr_zh-scaled.jpg","datePublished":"2024-03-05T14:16:03+00:00","dateModified":"2024-03-12T15:15:54+00:00","breadcrumb":{"@id":"https:\/\/www.mateco.ch\/fr\/societe\/references\/wohnhaus-zuerich\/#breadcrumb"},"inLanguage":"fr-FR","potentialAction":[{"@type":"ReadAction","target":["https:\/\/www.mateco.ch\/fr\/societe\/references\/wohnhaus-zuerich\/"]}]},{"@type":"ImageObject","inLanguage":"fr-FR","@id":"https:\/\/www.mateco.ch\/fr\/societe\/references\/wohnhaus-zuerich\/#primaryimage","url":"https:\/\/www.mateco.ch\/wp-content\/uploads\/2024\/03\/bild_wohnhaus_stadt_zuerich_201810_schweighofstr_zh-scaled.jpg","contentUrl":"https:\/\/www.mateco.ch\/wp-content\/uploads\/2024\/03\/bild_wohnhaus_stadt_zuerich_201810_schweighofstr_zh-scaled.jpg","width":2560,"height":1920},{"@type":"BreadcrumbList","@id":"https:\/\/www.mateco.ch\/fr\/societe\/references\/wohnhaus-zuerich\/#breadcrumb","itemListElement":[{"@type":"ListItem","position":1,"name":"Home","item":"https:\/\/www.mateco.ch\/fr\/home\/"},{"@type":"ListItem","position":2,"name":"Immeuble r\u00e9sidentiel, Zurich"}]},{"@type":"WebSite","@id":"https:\/\/www.mateco.ch\/fr\/#website","url":"https:\/\/www.mateco.ch\/fr\/","name":"mateco AG","description":"Ihr kompetenter Partner  rund um Arbeitsb\u00fchnen","publisher":{"@id":"https:\/\/www.mateco.ch\/fr\/#organization"},"potentialAction":[{"@type":"SearchAction","target":{"@type":"EntryPoint","urlTemplate":"https:\/\/www.mateco.ch\/fr\/?s={search_term_string}"},"query-input":{"@type":"PropertyValueSpecification","valueRequired":true,"valueName":"search_term_string"}}],"inLanguage":"fr-FR"},{"@type":"Organization","@id":"https:\/\/www.mateco.ch\/fr\/#organization","name":"mateco AG","url":"https:\/\/www.mateco.ch\/fr\/","logo":{"@type":"ImageObject","inLanguage":"fr-FR","@id":"https:\/\/www.mateco.ch\/fr\/#\/schema\/logo\/image\/","url":"https:\/\/www.mateco.ch\/wp-content\/uploads\/2026\/07\/mateco_logo-scaled.png","contentUrl":"https:\/\/www.mateco.ch\/wp-content\/uploads\/2026\/07\/mateco_logo-scaled.png","width":2560,"height":653,"caption":"mateco AG"},"image":{"@id":"https:\/\/www.mateco.ch\/fr\/#\/schema\/logo\/image\/"}}]}},"_links":{"self":[{"href":"https:\/\/www.mateco.ch\/fr\/wp-json\/wp\/v2\/references\/4216","targetHints":{"allow":["GET"]}}],"collection":[{"href":"https:\/\/www.mateco.ch\/fr\/wp-json\/wp\/v2\/references"}],"about":[{"href":"https:\/\/www.mateco.ch\/fr\/wp-json\/wp\/v2\/types\/references"}],"version-history":[{"count":2,"href":"https:\/\/www.mateco.ch\/fr\/wp-json\/wp\/v2\/references\/4216\/revisions"}],"predecessor-version":[{"id":4219,"href":"https:\/\/www.mateco.ch\/fr\/wp-json\/wp\/v2\/references\/4216\/revisions\/4219"}],"wp:featuredmedia":[{"embeddable":true,"href":"https:\/\/www.mateco.ch\/fr\/wp-json\/wp\/v2\/media\/4211"}],"wp:attachment":[{"href":"https:\/\/www.mateco.ch\/fr\/wp-json\/wp\/v2\/media?parent=4216"}],"wp:term":[{"taxonomy":"application_areas_category","embeddable":true,"href":"https:\/\/www.mateco.ch\/fr\/wp-json\/wp\/v2\/application_areas_category?post=4216"}],"curies":[{"name":"wp","href":"https:\/\/api.w.org\/{rel}","templated":true}]}}