{"id":4265,"date":"2024-03-05T15:34:03","date_gmt":"2024-03-05T14:34:03","guid":{"rendered":"https:\/\/staging.maltech.ch\/unternehmen\/referenzen\/viadukt-neckerkanton-st-gallen\/"},"modified":"2025-03-20T13:20:42","modified_gmt":"2025-03-20T12:20:42","slug":"viaduc-de-necker-canton-de-st-gall","status":"publish","type":"references","link":"https:\/\/www.mateco.ch\/fr\/societe\/references\/viaduc-de-necker-canton-de-st-gall\/","title":{"rendered":"Viaduc de Necker, canton de St-Gall"},"content":{"rendered":"<div class=\"container global-content-styles\">\n\n\t<div class=\"button-group d-inline-flex mt-0 mb-30\">\n\t<a href=\"\/fr\/societe-2\/references\/\" target=\"\" title=\"Retour aux r\u00e9sultats\" class=\"btn btn-primary btn-bg-mateco_red \" >\n\n  <i class=\"icon-chevron\"><\/i>\n      <span class=\"btn-text\">Retour aux r\u00e9sultats<\/span>\n  \n  \n<\/a>\n<\/div>\n\t    <div class=\"reference-media\">\n              <div class=\"img-wrapper one-image\">\n\t\t\t\t\t\t<picture>\n\t\t\t\n\t\t\t<img width=\"1024\" height=\"576\" src=\"https:\/\/www.mateco.ch\/wp-content\/uploads\/2024\/03\/maltech_im_einsatz_master_viadukt_necker_3-1024x576.jpg\" class=\"w-full h-auto\" alt=\"\" loading=\"lazy\" decoding=\"async\" srcset=\"https:\/\/www.mateco.ch\/wp-content\/uploads\/2024\/03\/maltech_im_einsatz_master_viadukt_necker_3-1024x576.jpg 1024w, https:\/\/www.mateco.ch\/wp-content\/uploads\/2024\/03\/maltech_im_einsatz_master_viadukt_necker_3-300x169.jpg 300w, https:\/\/www.mateco.ch\/wp-content\/uploads\/2024\/03\/maltech_im_einsatz_master_viadukt_necker_3-768x432.jpg 768w, https:\/\/www.mateco.ch\/wp-content\/uploads\/2024\/03\/maltech_im_einsatz_master_viadukt_necker_3-1536x864.jpg 1536w, https:\/\/www.mateco.ch\/wp-content\/uploads\/2024\/03\/maltech_im_einsatz_master_viadukt_necker_3.jpg 1937w\" sizes=\"auto, (max-width: 1024px) 100vw, 1024px\" \/>\t\t<\/picture>\n\t\t        <\/div>\n      \n      <aside class=\"reference-rebrand-notice reference-rebrand-notice--detail\" aria-label=\"Note concernant le changement de raison sociale\">\n\t<span class=\"reference-rebrand-notice__eyebrow\">Maltech est mateco.<\/span>\n\t<strong class=\"reference-rebrand-notice__title\">Tout reste meilleur.<\/strong>\n<\/aside>\n    <\/div>\n\t\n\t<h1 class=\"text-md-center mt-50\">Viaduc de Necker, canton de St-Gall<\/h1>\n\n\t    <div class=\"row\">\n      <div class=\"col-md-10 offset-md-1 col-lg-8 offset-lg-2\">\n        <div class=\"rich-text lead mb-60 mb-md-100\">\n            <p>Vieux de plus de 100 ans, la structure du viaduc de Necker situ\u00e9 dans le canton de Saint-Gall doit \u00eatre contr\u00f4l\u00e9e r\u00e9guli\u00e8rement. Cette intervention exige une flexibilit\u00e9 toute particuli\u00e8re.<\/p>\n        <\/div>\n      <\/div>\n    <\/div>\n\t\n\t    <div class=\"row\">\n      <div class=\"col-12 mb-n40 mb-md-n60\">\n                  <div class=\"row mb-40 mb-md-60\">\n            <div class=\"text col-md-10 offset-md-1 col-lg-8 offset-lg-2\">\n\n\t\n\t    <div class=\"rich-text big-space-between\">\n\t\t\t<p>Vieux de plus de 100 ans, la structure du viaduc de Necker situ\u00e9 dans le canton de Saint-Gall doit \u00eatre contr\u00f4l\u00e9e r\u00e9guli\u00e8rement. Le terrain escarp\u00e9 et la route d&rsquo;acc\u00e8s tr\u00e8s \u00e9troite constituent un d\u00e9fi majeur de cette intervention. Il est donc n\u00e9cessaire de disposer d\u2019un \u00e9l\u00e9vateur \u00e0 nacelle flexible d\u2019un rayon d\u2019action lat\u00e9ral important afin d\u2019\u00eatre en mesure d\u2019effectuer les travaux dans une zone de travail aussi large que possible. La solution id\u00e9ale pour cette mission est bien le mod\u00e8le LEO 36 de mateco.<\/p>\n    <\/div>\n\t\n\t\n<\/div>          <\/div>\n                  <div class=\"row mb-40 mb-md-60\">\n            <div class=\"cta-team col-12\">\n\n  \n  <div class=\"bg-yellow\">\n\t  \t  <div class=\"cta-team d-flex flex-column flex-md-row\">\n      <div class=\"img-wrapper\">\n\t\t  <img width=\"610\" height=\"610\" src=\"https:\/\/www.mateco.ch\/wp-content\/uploads\/2024\/03\/kudret_ylberi_610x610.jpg\" class=\"h-100\" alt=\"\" loading=\"lazy\" decoding=\"async\" srcset=\"https:\/\/www.mateco.ch\/wp-content\/uploads\/2024\/03\/kudret_ylberi_610x610.jpg 610w, https:\/\/www.mateco.ch\/wp-content\/uploads\/2024\/03\/kudret_ylberi_610x610-150x150.jpg 150w, https:\/\/www.mateco.ch\/wp-content\/uploads\/2024\/03\/kudret_ylberi_610x610-300x300.jpg 300w\" sizes=\"auto, (max-width: 610px) 100vw, 610px\" \/>    <\/div>\n  \t<div class=\"content p-20 p-md-40 p-lg-60 yellow d-flex align-items-center flex-fill\">\n    <div>\n\t    <h3 class=\"mb-10\">Chef de projet<\/h3>\n      <div class=\"rich-text\">\n                <p><span class=\"fw-700\">Kudret Ylberi, <\/span>Responsable de succursale<\/p>\n      <\/div>\n\t    <div class=\"button-group d-flex flex-column flex-lg-row mt-30\">\n\t<a href=\"mailto:kudret.ylberi@mateco.ch\" target=\"\" title=\"kudret.ylberi@mateco.ch\" class=\"btn btn-bg-mateco_red \" >\n\n  <i class=\"icon-mail\"><\/i>\n      <span class=\"btn-text\">kudret.ylberi@mateco.ch<\/span>\n  \n  \n<\/a>\n<a href=\"tel:0713134419\" target=\"\" title=\"071 313 44 19\" class=\"btn btn-bg-blue \" >\n\n  <i class=\"icon-phone\"><\/i>\n      <span class=\"btn-text\">071 313 44 19<\/span>\n  \n  \n<\/a>\n<\/div>    <\/div>\n\t<\/div>\n<\/div>\n  <\/div>\n<\/div>          <\/div>\n              <\/div>\n    <\/div>\n\t\n<\/div>\n","protected":false},"excerpt":{"rendered":"<p>Vieux de plus de 100 ans, la structure du viaduc de Necker situ\u00e9 dans le canton de Saint-Gall doit \u00eatre contr\u00f4l\u00e9e r\u00e9guli\u00e8rement. Cette intervention exige une flexibilit\u00e9 toute particuli\u00e8re. <\/p>\n","protected":false},"featured_media":4260,"template":"","application_areas_category":[109],"class_list":["post-4265","references","type-references","status-publish","has-post-thumbnail","hentry","application_areas_category-baubranche-fr"],"acf":[],"yoast_head":"<title>Viaduc de Necker, canton de St-Gall - mateco AG<\/title>\n<meta name=\"robots\" content=\"index, follow, max-snippet:-1, max-image-preview:large, max-video-preview:-1\" \/>\n<link rel=\"canonical\" href=\"https:\/\/www.mateco.ch\/fr\/societe\/references\/viaduc-de-necker-canton-de-st-gall\/\" \/>\n<meta property=\"og:locale\" content=\"fr_FR\" \/>\n<meta property=\"og:type\" content=\"article\" \/>\n<meta property=\"og:title\" content=\"Viaduc de Necker, canton de St-Gall - mateco AG\" \/>\n<meta property=\"og:description\" content=\"Vieux de plus de 100 ans, la structure du viaduc de Necker situ\u00e9 dans le canton de Saint-Gall doit \u00eatre contr\u00f4l\u00e9e r\u00e9guli\u00e8rement. Cette intervention exige une flexibilit\u00e9 toute particuli\u00e8re.\" \/>\n<meta property=\"og:url\" content=\"https:\/\/www.mateco.ch\/fr\/societe\/references\/viaduc-de-necker-canton-de-st-gall\/\" \/>\n<meta property=\"og:site_name\" content=\"mateco AG\" \/>\n<meta property=\"article:modified_time\" content=\"2025-03-20T12:20:42+00:00\" \/>\n<meta property=\"og:image\" content=\"https:\/\/www.mateco.ch\/wp-content\/uploads\/2024\/03\/maltech_im_einsatz_master_viadukt_necker_3.jpg\" \/>\n\t<meta property=\"og:image:width\" content=\"1937\" \/>\n\t<meta property=\"og:image:height\" content=\"1090\" \/>\n\t<meta property=\"og:image:type\" content=\"image\/jpeg\" \/>\n<meta name=\"twitter:card\" content=\"summary_large_image\" \/>\n<script type=\"application\/ld+json\" class=\"yoast-schema-graph\">{\"@context\":\"https:\\\/\\\/schema.org\",\"@graph\":[{\"@type\":\"WebPage\",\"@id\":\"https:\\\/\\\/www.mateco.ch\\\/fr\\\/societe\\\/references\\\/viaduc-de-necker-canton-de-st-gall\\\/\",\"url\":\"https:\\\/\\\/www.mateco.ch\\\/fr\\\/societe\\\/references\\\/viaduc-de-necker-canton-de-st-gall\\\/\",\"name\":\"Viaduc de Necker, canton de St-Gall - mateco AG\",\"isPartOf\":{\"@id\":\"https:\\\/\\\/www.mateco.ch\\\/fr\\\/#website\"},\"primaryImageOfPage\":{\"@id\":\"https:\\\/\\\/www.mateco.ch\\\/fr\\\/societe\\\/references\\\/viaduc-de-necker-canton-de-st-gall\\\/#primaryimage\"},\"image\":{\"@id\":\"https:\\\/\\\/www.mateco.ch\\\/fr\\\/societe\\\/references\\\/viaduc-de-necker-canton-de-st-gall\\\/#primaryimage\"},\"thumbnailUrl\":\"https:\\\/\\\/www.mateco.ch\\\/wp-content\\\/uploads\\\/2024\\\/03\\\/maltech_im_einsatz_master_viadukt_necker_3.jpg\",\"datePublished\":\"2024-03-05T14:34:03+00:00\",\"dateModified\":\"2025-03-20T12:20:42+00:00\",\"breadcrumb\":{\"@id\":\"https:\\\/\\\/www.mateco.ch\\\/fr\\\/societe\\\/references\\\/viaduc-de-necker-canton-de-st-gall\\\/#breadcrumb\"},\"inLanguage\":\"fr-FR\",\"potentialAction\":[{\"@type\":\"ReadAction\",\"target\":[\"https:\\\/\\\/www.mateco.ch\\\/fr\\\/societe\\\/references\\\/viaduc-de-necker-canton-de-st-gall\\\/\"]}]},{\"@type\":\"ImageObject\",\"inLanguage\":\"fr-FR\",\"@id\":\"https:\\\/\\\/www.mateco.ch\\\/fr\\\/societe\\\/references\\\/viaduc-de-necker-canton-de-st-gall\\\/#primaryimage\",\"url\":\"https:\\\/\\\/www.mateco.ch\\\/wp-content\\\/uploads\\\/2024\\\/03\\\/maltech_im_einsatz_master_viadukt_necker_3.jpg\",\"contentUrl\":\"https:\\\/\\\/www.mateco.ch\\\/wp-content\\\/uploads\\\/2024\\\/03\\\/maltech_im_einsatz_master_viadukt_necker_3.jpg\",\"width\":1937,\"height\":1090},{\"@type\":\"BreadcrumbList\",\"@id\":\"https:\\\/\\\/www.mateco.ch\\\/fr\\\/societe\\\/references\\\/viaduc-de-necker-canton-de-st-gall\\\/#breadcrumb\",\"itemListElement\":[{\"@type\":\"ListItem\",\"position\":1,\"name\":\"Home\",\"item\":\"https:\\\/\\\/www.mateco.ch\\\/fr\\\/home\\\/\"},{\"@type\":\"ListItem\",\"position\":2,\"name\":\"Viaduc de Necker, canton de St-Gall\"}]},{\"@type\":\"WebSite\",\"@id\":\"https:\\\/\\\/www.mateco.ch\\\/fr\\\/#website\",\"url\":\"https:\\\/\\\/www.mateco.ch\\\/fr\\\/\",\"name\":\"mateco AG\",\"description\":\"Ihr kompetenter Partner  rund um Arbeitsb\u00fchnen\",\"publisher\":{\"@id\":\"https:\\\/\\\/www.mateco.ch\\\/fr\\\/#organization\"},\"potentialAction\":[{\"@type\":\"SearchAction\",\"target\":{\"@type\":\"EntryPoint\",\"urlTemplate\":\"https:\\\/\\\/www.mateco.ch\\\/fr\\\/?s={search_term_string}\"},\"query-input\":{\"@type\":\"PropertyValueSpecification\",\"valueRequired\":true,\"valueName\":\"search_term_string\"}}],\"inLanguage\":\"fr-FR\"},{\"@type\":\"Organization\",\"@id\":\"https:\\\/\\\/www.mateco.ch\\\/fr\\\/#organization\",\"name\":\"mateco AG\",\"url\":\"https:\\\/\\\/www.mateco.ch\\\/fr\\\/\",\"logo\":{\"@type\":\"ImageObject\",\"inLanguage\":\"fr-FR\",\"@id\":\"https:\\\/\\\/www.mateco.ch\\\/fr\\\/#\\\/schema\\\/logo\\\/image\\\/\",\"url\":\"https:\\\/\\\/www.mateco.ch\\\/wp-content\\\/uploads\\\/2026\\\/07\\\/mateco_logo-scaled.png\",\"contentUrl\":\"https:\\\/\\\/www.mateco.ch\\\/wp-content\\\/uploads\\\/2026\\\/07\\\/mateco_logo-scaled.png\",\"width\":2560,\"height\":653,\"caption\":\"mateco AG\"},\"image\":{\"@id\":\"https:\\\/\\\/www.mateco.ch\\\/fr\\\/#\\\/schema\\\/logo\\\/image\\\/\"}}]}<\/script>","yoast_head_json":{"title":"Viaduc de Necker, canton de St-Gall - mateco AG","robots":{"index":"index","follow":"follow","max-snippet":"max-snippet:-1","max-image-preview":"max-image-preview:large","max-video-preview":"max-video-preview:-1"},"canonical":"https:\/\/www.mateco.ch\/fr\/societe\/references\/viaduc-de-necker-canton-de-st-gall\/","og_locale":"fr_FR","og_type":"article","og_title":"Viaduc de Necker, canton de St-Gall - mateco AG","og_description":"Vieux de plus de 100 ans, la structure du viaduc de Necker situ\u00e9 dans le canton de Saint-Gall doit \u00eatre contr\u00f4l\u00e9e r\u00e9guli\u00e8rement. Cette intervention exige une flexibilit\u00e9 toute particuli\u00e8re.","og_url":"https:\/\/www.mateco.ch\/fr\/societe\/references\/viaduc-de-necker-canton-de-st-gall\/","og_site_name":"mateco AG","article_modified_time":"2025-03-20T12:20:42+00:00","og_image":[{"width":1937,"height":1090,"url":"https:\/\/www.mateco.ch\/wp-content\/uploads\/2024\/03\/maltech_im_einsatz_master_viadukt_necker_3.jpg","type":"image\/jpeg"}],"twitter_card":"summary_large_image","schema":{"@context":"https:\/\/schema.org","@graph":[{"@type":"WebPage","@id":"https:\/\/www.mateco.ch\/fr\/societe\/references\/viaduc-de-necker-canton-de-st-gall\/","url":"https:\/\/www.mateco.ch\/fr\/societe\/references\/viaduc-de-necker-canton-de-st-gall\/","name":"Viaduc de Necker, canton de St-Gall - mateco AG","isPartOf":{"@id":"https:\/\/www.mateco.ch\/fr\/#website"},"primaryImageOfPage":{"@id":"https:\/\/www.mateco.ch\/fr\/societe\/references\/viaduc-de-necker-canton-de-st-gall\/#primaryimage"},"image":{"@id":"https:\/\/www.mateco.ch\/fr\/societe\/references\/viaduc-de-necker-canton-de-st-gall\/#primaryimage"},"thumbnailUrl":"https:\/\/www.mateco.ch\/wp-content\/uploads\/2024\/03\/maltech_im_einsatz_master_viadukt_necker_3.jpg","datePublished":"2024-03-05T14:34:03+00:00","dateModified":"2025-03-20T12:20:42+00:00","breadcrumb":{"@id":"https:\/\/www.mateco.ch\/fr\/societe\/references\/viaduc-de-necker-canton-de-st-gall\/#breadcrumb"},"inLanguage":"fr-FR","potentialAction":[{"@type":"ReadAction","target":["https:\/\/www.mateco.ch\/fr\/societe\/references\/viaduc-de-necker-canton-de-st-gall\/"]}]},{"@type":"ImageObject","inLanguage":"fr-FR","@id":"https:\/\/www.mateco.ch\/fr\/societe\/references\/viaduc-de-necker-canton-de-st-gall\/#primaryimage","url":"https:\/\/www.mateco.ch\/wp-content\/uploads\/2024\/03\/maltech_im_einsatz_master_viadukt_necker_3.jpg","contentUrl":"https:\/\/www.mateco.ch\/wp-content\/uploads\/2024\/03\/maltech_im_einsatz_master_viadukt_necker_3.jpg","width":1937,"height":1090},{"@type":"BreadcrumbList","@id":"https:\/\/www.mateco.ch\/fr\/societe\/references\/viaduc-de-necker-canton-de-st-gall\/#breadcrumb","itemListElement":[{"@type":"ListItem","position":1,"name":"Home","item":"https:\/\/www.mateco.ch\/fr\/home\/"},{"@type":"ListItem","position":2,"name":"Viaduc de Necker, canton de St-Gall"}]},{"@type":"WebSite","@id":"https:\/\/www.mateco.ch\/fr\/#website","url":"https:\/\/www.mateco.ch\/fr\/","name":"mateco AG","description":"Ihr kompetenter Partner  rund um Arbeitsb\u00fchnen","publisher":{"@id":"https:\/\/www.mateco.ch\/fr\/#organization"},"potentialAction":[{"@type":"SearchAction","target":{"@type":"EntryPoint","urlTemplate":"https:\/\/www.mateco.ch\/fr\/?s={search_term_string}"},"query-input":{"@type":"PropertyValueSpecification","valueRequired":true,"valueName":"search_term_string"}}],"inLanguage":"fr-FR"},{"@type":"Organization","@id":"https:\/\/www.mateco.ch\/fr\/#organization","name":"mateco AG","url":"https:\/\/www.mateco.ch\/fr\/","logo":{"@type":"ImageObject","inLanguage":"fr-FR","@id":"https:\/\/www.mateco.ch\/fr\/#\/schema\/logo\/image\/","url":"https:\/\/www.mateco.ch\/wp-content\/uploads\/2026\/07\/mateco_logo-scaled.png","contentUrl":"https:\/\/www.mateco.ch\/wp-content\/uploads\/2026\/07\/mateco_logo-scaled.png","width":2560,"height":653,"caption":"mateco AG"},"image":{"@id":"https:\/\/www.mateco.ch\/fr\/#\/schema\/logo\/image\/"}}]}},"_links":{"self":[{"href":"https:\/\/www.mateco.ch\/fr\/wp-json\/wp\/v2\/references\/4265","targetHints":{"allow":["GET"]}}],"collection":[{"href":"https:\/\/www.mateco.ch\/fr\/wp-json\/wp\/v2\/references"}],"about":[{"href":"https:\/\/www.mateco.ch\/fr\/wp-json\/wp\/v2\/types\/references"}],"version-history":[{"count":2,"href":"https:\/\/www.mateco.ch\/fr\/wp-json\/wp\/v2\/references\/4265\/revisions"}],"predecessor-version":[{"id":11317,"href":"https:\/\/www.mateco.ch\/fr\/wp-json\/wp\/v2\/references\/4265\/revisions\/11317"}],"wp:featuredmedia":[{"embeddable":true,"href":"https:\/\/www.mateco.ch\/fr\/wp-json\/wp\/v2\/media\/4260"}],"wp:attachment":[{"href":"https:\/\/www.mateco.ch\/fr\/wp-json\/wp\/v2\/media?parent=4265"}],"wp:term":[{"taxonomy":"application_areas_category","embeddable":true,"href":"https:\/\/www.mateco.ch\/fr\/wp-json\/wp\/v2\/application_areas_category?post=4265"}],"curies":[{"name":"wp","href":"https:\/\/api.w.org\/{rel}","templated":true}]}}