{"id":4289,"date":"2024-03-05T15:45:58","date_gmt":"2024-03-05T14:45:58","guid":{"rendered":"https:\/\/staging.maltech.ch\/unternehmen\/referenzen\/klosterhof-st-gallen\/"},"modified":"2025-03-20T11:29:55","modified_gmt":"2025-03-20T10:29:55","slug":"cloitre-du-monastere-st-gall","status":"publish","type":"references","link":"https:\/\/www.mateco.ch\/fr\/societe\/references\/cloitre-du-monastere-st-gall\/","title":{"rendered":"Clo\u00eetre du monast\u00e8re, St-Gall"},"content":{"rendered":"<div class=\"container global-content-styles\">\n\n\t<div class=\"button-group d-inline-flex mt-0 mb-30\">\n\t<a href=\"\/fr\/societe-2\/references\/\" target=\"\" title=\"Retour aux r\u00e9sultats\" class=\"btn btn-primary btn-bg-mateco_red \" >\n\n  <i class=\"icon-chevron\"><\/i>\n      <span class=\"btn-text\">Retour aux r\u00e9sultats<\/span>\n  \n  \n<\/a>\n<\/div>\n\t    <div class=\"reference-media\">\n              <div class=\"position-relative swiper-maltech-style reference-detail-slider\">\n          <div class=\"swiper news-header-swiper\">\n            <div class=\"swiper-wrapper\">\n                              <div class=\"swiper-slide\">\n                                      <div class=\"img-wrapper\">\n                      \t\t<picture>\n\t\t\t\n\t\t\t<img width=\"1024\" height=\"768\" src=\"https:\/\/www.mateco.ch\/wp-content\/uploads\/2024\/03\/20190204_mgr_43_-1024x768.jpg\" class=\"w-full h-auto\" alt=\"\" loading=\"lazy\" decoding=\"async\" srcset=\"https:\/\/www.mateco.ch\/wp-content\/uploads\/2024\/03\/20190204_mgr_43_-1024x768.jpg 1024w, https:\/\/www.mateco.ch\/wp-content\/uploads\/2024\/03\/20190204_mgr_43_-300x225.jpg 300w, https:\/\/www.mateco.ch\/wp-content\/uploads\/2024\/03\/20190204_mgr_43_-768x576.jpg 768w, https:\/\/www.mateco.ch\/wp-content\/uploads\/2024\/03\/20190204_mgr_43_-1536x1152.jpg 1536w, https:\/\/www.mateco.ch\/wp-content\/uploads\/2024\/03\/20190204_mgr_43_.jpg 2016w\" sizes=\"auto, (max-width: 1024px) 100vw, 1024px\" \/>\t\t<\/picture>\n\t\t                    <\/div>\n                                  <\/div>\n                              <div class=\"swiper-slide\">\n                                      <div class=\"img-wrapper\">\n                      \t\t<picture>\n\t\t\t\n\t\t\t<img width=\"640\" height=\"480\" src=\"https:\/\/www.mateco.ch\/wp-content\/uploads\/2024\/03\/20190204_mgr_24_.jpg\" class=\"w-full h-auto\" alt=\"\" loading=\"lazy\" decoding=\"async\" srcset=\"https:\/\/www.mateco.ch\/wp-content\/uploads\/2024\/03\/20190204_mgr_24_.jpg 640w, https:\/\/www.mateco.ch\/wp-content\/uploads\/2024\/03\/20190204_mgr_24_-300x225.jpg 300w\" sizes=\"auto, (max-width: 640px) 100vw, 640px\" \/>\t\t<\/picture>\n\t\t                    <\/div>\n                                  <\/div>\n                          <\/div>\n            <div class=\"swiper-pagination\"><\/div>\n          <\/div>\n          <div class=\"swiper-prev swiper-nav-btn news-header-swiper-btn\"><\/div>\n          <div class=\"swiper-next swiper-nav-btn news-header-swiper-btn\"><\/div>\n        <\/div>\n      \n      <aside class=\"reference-rebrand-notice reference-rebrand-notice--detail\" aria-label=\"Note concernant le changement de raison sociale\">\n\t<span class=\"reference-rebrand-notice__eyebrow\">Maltech est mateco.<\/span>\n\t<strong class=\"reference-rebrand-notice__title\">Tout reste meilleur.<\/strong>\n<\/aside>\n    <\/div>\n\t\n\t<h1 class=\"text-md-center mt-50\">Clo\u00eetre du monast\u00e8re, St-Gall<\/h1>\n\n\t    <div class=\"row\">\n      <div class=\"col-md-10 offset-md-1 col-lg-8 offset-lg-2\">\n        <div class=\"rich-text lead mb-60 mb-md-100\">\n            <p>Durant la nuit d\u00e9j\u00e0, la neige promettait d\u2019engendrer un beau chaos. En \u00e9tat d\u2019alerte, nous \u00e9tions au bureau bien plus t\u00f4t que d\u2019habitude le lendemain matin.<\/p>\n        <\/div>\n      <\/div>\n    <\/div>\n\t\n\t    <div class=\"row\">\n      <div class=\"col-12 mb-n40 mb-md-n60\">\n                  <div class=\"row mb-40 mb-md-60\">\n            <div class=\"text col-md-10 offset-md-1 col-lg-8 offset-lg-2\">\n\n\t\n\t    <div class=\"rich-text big-space-between\">\n\t\t\t<p>Durant la nuit d\u00e9j\u00e0, la neige promettait d\u2019engendrer un beau chaos. En \u00e9tat d\u2019alerte, nous \u00e9tions au bureau bien plus t\u00f4t que d\u2019habitude le lendemain matin. Il s\u2019agissait \u00e0 pr\u00e9sent de r\u00e9organiser la dispo et de tenir les chauffeurs d\u2019\u00e9l\u00e9vateurs \u00e0 nacelle sur camion pr\u00eats \u00e0 partir. Le t\u00e9l\u00e9phone n\u2019a pas tard\u00e9 \u00e0 sonner. Le respectable clo\u00eetre du monast\u00e8re de St-Gall doit \u00eatre d\u00e9neig\u00e9. La s\u00e9curit\u00e9 des passants ne peut plus \u00eatre assur\u00e9e dans les all\u00e9es et les v\u00e9hicules gar\u00e9s risquent d\u2019\u00eatre ensevelis ou endommag\u00e9s par les chutes de neige du toit. Sans l\u2019ombre d\u2019une h\u00e9sitation, nous avons employ\u00e9 les grands moyens. Trois collaborateurs du client \u2013 arm\u00e9s de pelles \u2013 ont \u00e9t\u00e9 charg\u00e9s d\u2019\u00e9vacuer les masses de neige mena\u00e7ant de glisser. Notre \u00e9l\u00e9vateur \u00e0 nacelle sur camion S32 s\u2019est une fois de plus r\u00e9v\u00e9l\u00e9 \u00eatre la solution parfaite pour cette intervention. La plus-value pour nos clients : une planification anticip\u00e9e, des r\u00e9actions rapides et une attitude proactive de mateco.<\/p>\n    <\/div>\n\t\n\t\n<\/div>          <\/div>\n                  <div class=\"row mb-40 mb-md-60\">\n            <div class=\"cta-team col-12\">\n\n  \n  <div class=\"bg-yellow\">\n\t  \t  <div class=\"cta-team d-flex flex-column flex-md-row\">\n      <div class=\"img-wrapper\">\n\t\t  <img width=\"610\" height=\"610\" src=\"https:\/\/www.mateco.ch\/wp-content\/uploads\/2024\/03\/kudret_ylberi_610x610.jpg\" class=\"h-100\" alt=\"\" loading=\"lazy\" decoding=\"async\" srcset=\"https:\/\/www.mateco.ch\/wp-content\/uploads\/2024\/03\/kudret_ylberi_610x610.jpg 610w, https:\/\/www.mateco.ch\/wp-content\/uploads\/2024\/03\/kudret_ylberi_610x610-150x150.jpg 150w, https:\/\/www.mateco.ch\/wp-content\/uploads\/2024\/03\/kudret_ylberi_610x610-300x300.jpg 300w\" sizes=\"auto, (max-width: 610px) 100vw, 610px\" \/>    <\/div>\n  \t<div class=\"content p-20 p-md-40 p-lg-60 yellow d-flex align-items-center flex-fill\">\n    <div>\n\t    <h3 class=\"mb-10\">Chef de projet<\/h3>\n      <div class=\"rich-text\">\n                <p><span class=\"fw-700\">Kudret Ylberi, <\/span>Responsable de succursale<\/p>\n      <\/div>\n\t    <div class=\"button-group d-flex flex-column flex-lg-row mt-30\">\n\t<a href=\"mailto:kudret.ylberi@mateco.ch\" target=\"\" title=\"kudret.ylberi@mateco.ch\" class=\"btn btn-bg-mateco_red \" >\n\n  <i class=\"icon-mail\"><\/i>\n      <span class=\"btn-text\">kudret.ylberi@mateco.ch<\/span>\n  \n  \n<\/a>\n<a href=\"tel:0713134419\" target=\"\" title=\"071 313 44 19\" class=\"btn btn-bg-blue \" >\n\n  <i class=\"icon-phone\"><\/i>\n      <span class=\"btn-text\">071 313 44 19<\/span>\n  \n  \n<\/a>\n<\/div>    <\/div>\n\t<\/div>\n<\/div>\n  <\/div>\n<\/div>          <\/div>\n              <\/div>\n    <\/div>\n\t\n<\/div>\n","protected":false},"excerpt":{"rendered":"<p>Durant la nuit d\u00e9j\u00e0, la neige promettait d\u2019engendrer un beau chaos. En \u00e9tat d\u2019alerte, nous \u00e9tions au bureau bien plus t\u00f4t que d\u2019habitude le lendemain matin.<\/p>\n","protected":false},"featured_media":4287,"template":"","application_areas_category":[106,105],"class_list":["post-4289","references","type-references","status-publish","has-post-thumbnail","hentry","application_areas_category-facility-management-und-gebaeudetechnik-fr","application_areas_category-oeffentliche-hand-fr"],"acf":[],"yoast_head":"<title>Clo\u00eetre du monast\u00e8re, St-Gall - mateco AG<\/title>\n<meta name=\"robots\" content=\"index, follow, max-snippet:-1, max-image-preview:large, max-video-preview:-1\" \/>\n<link rel=\"canonical\" href=\"https:\/\/www.mateco.ch\/fr\/societe\/references\/cloitre-du-monastere-st-gall\/\" \/>\n<meta property=\"og:locale\" content=\"fr_FR\" \/>\n<meta property=\"og:type\" content=\"article\" \/>\n<meta property=\"og:title\" content=\"Clo\u00eetre du monast\u00e8re, St-Gall - mateco AG\" \/>\n<meta property=\"og:description\" content=\"Durant la nuit d\u00e9j\u00e0, la neige promettait d\u2019engendrer un beau chaos. En \u00e9tat d\u2019alerte, nous \u00e9tions au bureau bien plus t\u00f4t que d\u2019habitude le lendemain matin.\" \/>\n<meta property=\"og:url\" content=\"https:\/\/www.mateco.ch\/fr\/societe\/references\/cloitre-du-monastere-st-gall\/\" \/>\n<meta property=\"og:site_name\" content=\"mateco AG\" \/>\n<meta property=\"article:modified_time\" content=\"2025-03-20T10:29:55+00:00\" \/>\n<meta property=\"og:image\" content=\"https:\/\/www.mateco.ch\/wp-content\/uploads\/2024\/03\/20190204_mgr_43_.jpg\" \/>\n\t<meta property=\"og:image:width\" content=\"2016\" \/>\n\t<meta property=\"og:image:height\" content=\"1512\" \/>\n\t<meta property=\"og:image:type\" content=\"image\/jpeg\" \/>\n<meta name=\"twitter:card\" content=\"summary_large_image\" \/>\n<script type=\"application\/ld+json\" class=\"yoast-schema-graph\">{\"@context\":\"https:\\\/\\\/schema.org\",\"@graph\":[{\"@type\":\"WebPage\",\"@id\":\"https:\\\/\\\/www.mateco.ch\\\/fr\\\/societe\\\/references\\\/cloitre-du-monastere-st-gall\\\/\",\"url\":\"https:\\\/\\\/www.mateco.ch\\\/fr\\\/societe\\\/references\\\/cloitre-du-monastere-st-gall\\\/\",\"name\":\"Clo\u00eetre du monast\u00e8re, St-Gall - mateco AG\",\"isPartOf\":{\"@id\":\"https:\\\/\\\/www.mateco.ch\\\/fr\\\/#website\"},\"primaryImageOfPage\":{\"@id\":\"https:\\\/\\\/www.mateco.ch\\\/fr\\\/societe\\\/references\\\/cloitre-du-monastere-st-gall\\\/#primaryimage\"},\"image\":{\"@id\":\"https:\\\/\\\/www.mateco.ch\\\/fr\\\/societe\\\/references\\\/cloitre-du-monastere-st-gall\\\/#primaryimage\"},\"thumbnailUrl\":\"https:\\\/\\\/www.mateco.ch\\\/wp-content\\\/uploads\\\/2024\\\/03\\\/20190204_mgr_43_.jpg\",\"datePublished\":\"2024-03-05T14:45:58+00:00\",\"dateModified\":\"2025-03-20T10:29:55+00:00\",\"breadcrumb\":{\"@id\":\"https:\\\/\\\/www.mateco.ch\\\/fr\\\/societe\\\/references\\\/cloitre-du-monastere-st-gall\\\/#breadcrumb\"},\"inLanguage\":\"fr-FR\",\"potentialAction\":[{\"@type\":\"ReadAction\",\"target\":[\"https:\\\/\\\/www.mateco.ch\\\/fr\\\/societe\\\/references\\\/cloitre-du-monastere-st-gall\\\/\"]}]},{\"@type\":\"ImageObject\",\"inLanguage\":\"fr-FR\",\"@id\":\"https:\\\/\\\/www.mateco.ch\\\/fr\\\/societe\\\/references\\\/cloitre-du-monastere-st-gall\\\/#primaryimage\",\"url\":\"https:\\\/\\\/www.mateco.ch\\\/wp-content\\\/uploads\\\/2024\\\/03\\\/20190204_mgr_43_.jpg\",\"contentUrl\":\"https:\\\/\\\/www.mateco.ch\\\/wp-content\\\/uploads\\\/2024\\\/03\\\/20190204_mgr_43_.jpg\",\"width\":2016,\"height\":1512},{\"@type\":\"BreadcrumbList\",\"@id\":\"https:\\\/\\\/www.mateco.ch\\\/fr\\\/societe\\\/references\\\/cloitre-du-monastere-st-gall\\\/#breadcrumb\",\"itemListElement\":[{\"@type\":\"ListItem\",\"position\":1,\"name\":\"Home\",\"item\":\"https:\\\/\\\/www.mateco.ch\\\/fr\\\/home\\\/\"},{\"@type\":\"ListItem\",\"position\":2,\"name\":\"Clo\u00eetre du monast\u00e8re, St-Gall\"}]},{\"@type\":\"WebSite\",\"@id\":\"https:\\\/\\\/www.mateco.ch\\\/fr\\\/#website\",\"url\":\"https:\\\/\\\/www.mateco.ch\\\/fr\\\/\",\"name\":\"mateco AG\",\"description\":\"Ihr kompetenter Partner  rund um Arbeitsb\u00fchnen\",\"publisher\":{\"@id\":\"https:\\\/\\\/www.mateco.ch\\\/fr\\\/#organization\"},\"potentialAction\":[{\"@type\":\"SearchAction\",\"target\":{\"@type\":\"EntryPoint\",\"urlTemplate\":\"https:\\\/\\\/www.mateco.ch\\\/fr\\\/?s={search_term_string}\"},\"query-input\":{\"@type\":\"PropertyValueSpecification\",\"valueRequired\":true,\"valueName\":\"search_term_string\"}}],\"inLanguage\":\"fr-FR\"},{\"@type\":\"Organization\",\"@id\":\"https:\\\/\\\/www.mateco.ch\\\/fr\\\/#organization\",\"name\":\"mateco AG\",\"url\":\"https:\\\/\\\/www.mateco.ch\\\/fr\\\/\",\"logo\":{\"@type\":\"ImageObject\",\"inLanguage\":\"fr-FR\",\"@id\":\"https:\\\/\\\/www.mateco.ch\\\/fr\\\/#\\\/schema\\\/logo\\\/image\\\/\",\"url\":\"https:\\\/\\\/www.mateco.ch\\\/wp-content\\\/uploads\\\/2026\\\/07\\\/mateco_logo-scaled.png\",\"contentUrl\":\"https:\\\/\\\/www.mateco.ch\\\/wp-content\\\/uploads\\\/2026\\\/07\\\/mateco_logo-scaled.png\",\"width\":2560,\"height\":653,\"caption\":\"mateco AG\"},\"image\":{\"@id\":\"https:\\\/\\\/www.mateco.ch\\\/fr\\\/#\\\/schema\\\/logo\\\/image\\\/\"}}]}<\/script>","yoast_head_json":{"title":"Clo\u00eetre du monast\u00e8re, St-Gall - mateco AG","robots":{"index":"index","follow":"follow","max-snippet":"max-snippet:-1","max-image-preview":"max-image-preview:large","max-video-preview":"max-video-preview:-1"},"canonical":"https:\/\/www.mateco.ch\/fr\/societe\/references\/cloitre-du-monastere-st-gall\/","og_locale":"fr_FR","og_type":"article","og_title":"Clo\u00eetre du monast\u00e8re, St-Gall - mateco AG","og_description":"Durant la nuit d\u00e9j\u00e0, la neige promettait d\u2019engendrer un beau chaos. En \u00e9tat d\u2019alerte, nous \u00e9tions au bureau bien plus t\u00f4t que d\u2019habitude le lendemain matin.","og_url":"https:\/\/www.mateco.ch\/fr\/societe\/references\/cloitre-du-monastere-st-gall\/","og_site_name":"mateco AG","article_modified_time":"2025-03-20T10:29:55+00:00","og_image":[{"width":2016,"height":1512,"url":"https:\/\/www.mateco.ch\/wp-content\/uploads\/2024\/03\/20190204_mgr_43_.jpg","type":"image\/jpeg"}],"twitter_card":"summary_large_image","schema":{"@context":"https:\/\/schema.org","@graph":[{"@type":"WebPage","@id":"https:\/\/www.mateco.ch\/fr\/societe\/references\/cloitre-du-monastere-st-gall\/","url":"https:\/\/www.mateco.ch\/fr\/societe\/references\/cloitre-du-monastere-st-gall\/","name":"Clo\u00eetre du monast\u00e8re, St-Gall - mateco AG","isPartOf":{"@id":"https:\/\/www.mateco.ch\/fr\/#website"},"primaryImageOfPage":{"@id":"https:\/\/www.mateco.ch\/fr\/societe\/references\/cloitre-du-monastere-st-gall\/#primaryimage"},"image":{"@id":"https:\/\/www.mateco.ch\/fr\/societe\/references\/cloitre-du-monastere-st-gall\/#primaryimage"},"thumbnailUrl":"https:\/\/www.mateco.ch\/wp-content\/uploads\/2024\/03\/20190204_mgr_43_.jpg","datePublished":"2024-03-05T14:45:58+00:00","dateModified":"2025-03-20T10:29:55+00:00","breadcrumb":{"@id":"https:\/\/www.mateco.ch\/fr\/societe\/references\/cloitre-du-monastere-st-gall\/#breadcrumb"},"inLanguage":"fr-FR","potentialAction":[{"@type":"ReadAction","target":["https:\/\/www.mateco.ch\/fr\/societe\/references\/cloitre-du-monastere-st-gall\/"]}]},{"@type":"ImageObject","inLanguage":"fr-FR","@id":"https:\/\/www.mateco.ch\/fr\/societe\/references\/cloitre-du-monastere-st-gall\/#primaryimage","url":"https:\/\/www.mateco.ch\/wp-content\/uploads\/2024\/03\/20190204_mgr_43_.jpg","contentUrl":"https:\/\/www.mateco.ch\/wp-content\/uploads\/2024\/03\/20190204_mgr_43_.jpg","width":2016,"height":1512},{"@type":"BreadcrumbList","@id":"https:\/\/www.mateco.ch\/fr\/societe\/references\/cloitre-du-monastere-st-gall\/#breadcrumb","itemListElement":[{"@type":"ListItem","position":1,"name":"Home","item":"https:\/\/www.mateco.ch\/fr\/home\/"},{"@type":"ListItem","position":2,"name":"Clo\u00eetre du monast\u00e8re, St-Gall"}]},{"@type":"WebSite","@id":"https:\/\/www.mateco.ch\/fr\/#website","url":"https:\/\/www.mateco.ch\/fr\/","name":"mateco AG","description":"Ihr kompetenter Partner  rund um Arbeitsb\u00fchnen","publisher":{"@id":"https:\/\/www.mateco.ch\/fr\/#organization"},"potentialAction":[{"@type":"SearchAction","target":{"@type":"EntryPoint","urlTemplate":"https:\/\/www.mateco.ch\/fr\/?s={search_term_string}"},"query-input":{"@type":"PropertyValueSpecification","valueRequired":true,"valueName":"search_term_string"}}],"inLanguage":"fr-FR"},{"@type":"Organization","@id":"https:\/\/www.mateco.ch\/fr\/#organization","name":"mateco AG","url":"https:\/\/www.mateco.ch\/fr\/","logo":{"@type":"ImageObject","inLanguage":"fr-FR","@id":"https:\/\/www.mateco.ch\/fr\/#\/schema\/logo\/image\/","url":"https:\/\/www.mateco.ch\/wp-content\/uploads\/2026\/07\/mateco_logo-scaled.png","contentUrl":"https:\/\/www.mateco.ch\/wp-content\/uploads\/2026\/07\/mateco_logo-scaled.png","width":2560,"height":653,"caption":"mateco AG"},"image":{"@id":"https:\/\/www.mateco.ch\/fr\/#\/schema\/logo\/image\/"}}]}},"_links":{"self":[{"href":"https:\/\/www.mateco.ch\/fr\/wp-json\/wp\/v2\/references\/4289","targetHints":{"allow":["GET"]}}],"collection":[{"href":"https:\/\/www.mateco.ch\/fr\/wp-json\/wp\/v2\/references"}],"about":[{"href":"https:\/\/www.mateco.ch\/fr\/wp-json\/wp\/v2\/types\/references"}],"version-history":[{"count":2,"href":"https:\/\/www.mateco.ch\/fr\/wp-json\/wp\/v2\/references\/4289\/revisions"}],"predecessor-version":[{"id":11311,"href":"https:\/\/www.mateco.ch\/fr\/wp-json\/wp\/v2\/references\/4289\/revisions\/11311"}],"wp:featuredmedia":[{"embeddable":true,"href":"https:\/\/www.mateco.ch\/fr\/wp-json\/wp\/v2\/media\/4287"}],"wp:attachment":[{"href":"https:\/\/www.mateco.ch\/fr\/wp-json\/wp\/v2\/media?parent=4289"}],"wp:term":[{"taxonomy":"application_areas_category","embeddable":true,"href":"https:\/\/www.mateco.ch\/fr\/wp-json\/wp\/v2\/application_areas_category?post=4289"}],"curies":[{"name":"wp","href":"https:\/\/api.w.org\/{rel}","templated":true}]}}