{"id":4300,"date":"2024-03-05T15:49:54","date_gmt":"2024-03-05T14:49:54","guid":{"rendered":"https:\/\/staging.maltech.ch\/unternehmen\/referenzen\/stadtgaertnerei-basel-basel\/"},"modified":"2025-03-20T10:43:30","modified_gmt":"2025-03-20T09:43:30","slug":"service-municipal-des-espaces-verts-bale","status":"publish","type":"references","link":"https:\/\/www.mateco.ch\/fr\/societe\/references\/service-municipal-des-espaces-verts-bale\/","title":{"rendered":"Service municipal des espaces verts, B\u00e2le"},"content":{"rendered":"<div class=\"container global-content-styles\">\n\n\t<div class=\"button-group d-inline-flex mt-0 mb-30\">\n\t<a href=\"\/fr\/societe-2\/references\/\" target=\"\" title=\"Retour aux r\u00e9sultats\" class=\"btn btn-primary btn-bg-mateco_red \" >\n\n  <i class=\"icon-chevron\"><\/i>\n      <span class=\"btn-text\">Retour aux r\u00e9sultats<\/span>\n  \n  \n<\/a>\n<\/div>\n\t    <div class=\"reference-media\">\n              <div class=\"position-relative swiper-maltech-style reference-detail-slider\">\n          <div class=\"swiper news-header-swiper\">\n            <div class=\"swiper-wrapper\">\n                              <div class=\"swiper-slide\">\n                                      <div class=\"img-wrapper\">\n                      \t\t<picture>\n\t\t\t\n\t\t\t<img width=\"640\" height=\"480\" src=\"https:\/\/www.mateco.ch\/wp-content\/uploads\/2024\/03\/s_46_kraftwerkinsel_24.9.2014_2_.jpg\" class=\"w-full h-auto\" alt=\"\" loading=\"lazy\" decoding=\"async\" srcset=\"https:\/\/www.mateco.ch\/wp-content\/uploads\/2024\/03\/s_46_kraftwerkinsel_24.9.2014_2_.jpg 640w, https:\/\/www.mateco.ch\/wp-content\/uploads\/2024\/03\/s_46_kraftwerkinsel_24.9.2014_2_-300x225.jpg 300w\" sizes=\"auto, (max-width: 640px) 100vw, 640px\" \/>\t\t<\/picture>\n\t\t                    <\/div>\n                                  <\/div>\n                              <div class=\"swiper-slide\">\n                                      <div class=\"img-wrapper\">\n                      \t\t<picture>\n\t\t\t\n\t\t\t<img width=\"640\" height=\"480\" src=\"https:\/\/www.mateco.ch\/wp-content\/uploads\/2024\/03\/leo_30_birsk_pfli_12.3.2014_3_.jpg\" class=\"w-full h-auto\" alt=\"\" loading=\"lazy\" decoding=\"async\" srcset=\"https:\/\/www.mateco.ch\/wp-content\/uploads\/2024\/03\/leo_30_birsk_pfli_12.3.2014_3_.jpg 640w, https:\/\/www.mateco.ch\/wp-content\/uploads\/2024\/03\/leo_30_birsk_pfli_12.3.2014_3_-300x225.jpg 300w\" sizes=\"auto, (max-width: 640px) 100vw, 640px\" \/>\t\t<\/picture>\n\t\t                    <\/div>\n                                  <\/div>\n                              <div class=\"swiper-slide\">\n                                      <div class=\"img-wrapper\">\n                      \t\t<picture>\n\t\t\t\n\t\t\t<img width=\"640\" height=\"480\" src=\"https:\/\/www.mateco.ch\/wp-content\/uploads\/2024\/03\/s_46_kraftwerkinsel_24.9.2014_1_.jpg\" class=\"w-full h-auto\" alt=\"\" loading=\"lazy\" decoding=\"async\" srcset=\"https:\/\/www.mateco.ch\/wp-content\/uploads\/2024\/03\/s_46_kraftwerkinsel_24.9.2014_1_.jpg 640w, https:\/\/www.mateco.ch\/wp-content\/uploads\/2024\/03\/s_46_kraftwerkinsel_24.9.2014_1_-300x225.jpg 300w\" sizes=\"auto, (max-width: 640px) 100vw, 640px\" \/>\t\t<\/picture>\n\t\t                    <\/div>\n                                  <\/div>\n                          <\/div>\n            <div class=\"swiper-pagination\"><\/div>\n          <\/div>\n          <div class=\"swiper-prev swiper-nav-btn news-header-swiper-btn\"><\/div>\n          <div class=\"swiper-next swiper-nav-btn news-header-swiper-btn\"><\/div>\n        <\/div>\n      \n      <aside class=\"reference-rebrand-notice reference-rebrand-notice--detail\" aria-label=\"Note concernant le changement de raison sociale\">\n\t<span class=\"reference-rebrand-notice__eyebrow\">Maltech est mateco.<\/span>\n\t<strong class=\"reference-rebrand-notice__title\">Tout reste meilleur.<\/strong>\n<\/aside>\n    <\/div>\n\t\n\t<h1 class=\"text-md-center mt-50\">Service municipal des espaces verts, B\u00e2le<\/h1>\n\n\t    <div class=\"row\">\n      <div class=\"col-md-10 offset-md-1 col-lg-8 offset-lg-2\">\n        <div class=\"rich-text lead mb-60 mb-md-100\">\n            <p>\u00c0 B\u00e2le, le Service municipal des espaces verts mise depuis longtemps sur l\u2019entretien professionnel des arbres. Depuis 1980, l&rsquo;\u00e9tat sanitaire des 26\u2019000 arbres recens\u00e9s a fait l&rsquo;objet de contr\u00f4les r\u00e9guliers et al\u00e9atoires.<\/p>\n        <\/div>\n      <\/div>\n    <\/div>\n\t\n\t    <div class=\"row\">\n      <div class=\"col-12 mb-n40 mb-md-n60\">\n                  <div class=\"row mb-40 mb-md-60\">\n            <div class=\"text col-md-10 offset-md-1 col-lg-8 offset-lg-2\">\n\n\t\n\t    <div class=\"rich-text big-space-between\">\n\t\t\t<p>\u00c0 B\u00e2le, le Service municipal des espaces verts mise depuis longtemps sur l\u2019entretien professionnel des arbres. Depuis 1980, l&rsquo;\u00e9tat sanitaire des 26\u2019000 arbres recens\u00e9s a fait l&rsquo;objet de contr\u00f4les r\u00e9guliers et al\u00e9atoires. L\u2019\u00e9lagage annuel commence tr\u00e8s t\u00f4t dans la saison, d\u00e8s les premiers jours de l\u2019ann\u00e9e. Il s\u2019agit pour mateco d\u2019une belle mission dans le domaine de la durabilit\u00e9 qui n\u00e9cessite 10 \u00e0 15 \u00e9l\u00e9vateurs \u00e0 nacelle Ruthmann TB22 et TB 27. Les 200 \u00e0 300 jeunes arbres plant\u00e9s chaque ann\u00e9e requi\u00e8rent un soin tout particulier. Et la p\u00e9rennit\u00e9 des arbres plus vieux est garantie par la taille, l\u2019\u00e9lagage de magnifiques branches ou des ancrages am\u00e9liorant la s\u00e9curit\u00e9. Pour une ville de B\u00e2le verdoyante.<\/p>\n    <\/div>\n\t\n\t\n<\/div>          <\/div>\n                  <div class=\"row mb-40 mb-md-60\">\n            <div class=\"cta-team col-12\">\n\n  \n  <div class=\"bg-yellow\">\n\t  \t  <div class=\"cta-team d-flex flex-column flex-md-row\">\n      <div class=\"img-wrapper\">\n\t\t  <img width=\"610\" height=\"610\" src=\"https:\/\/www.mateco.ch\/wp-content\/uploads\/2024\/11\/Thomas_Schneider_610x610.jpg\" class=\"h-100\" alt=\"\" loading=\"lazy\" decoding=\"async\" srcset=\"https:\/\/www.mateco.ch\/wp-content\/uploads\/2024\/11\/Thomas_Schneider_610x610.jpg 610w, https:\/\/www.mateco.ch\/wp-content\/uploads\/2024\/11\/Thomas_Schneider_610x610-150x150.jpg 150w, https:\/\/www.mateco.ch\/wp-content\/uploads\/2024\/11\/Thomas_Schneider_610x610-300x300.jpg 300w\" sizes=\"auto, (max-width: 610px) 100vw, 610px\" \/>    <\/div>\n  \t<div class=\"content p-20 p-md-40 p-lg-60 yellow d-flex align-items-center flex-fill\">\n    <div>\n\t    <h3 class=\"mb-10\">Chef de projet<\/h3>\n      <div class=\"rich-text\">\n                <p><span class=\"fw-700\">Thomas Schneider, <\/span>Responsable de succursale<\/p>\n      <\/div>\n\t    <div class=\"button-group d-flex flex-column flex-lg-row mt-30\">\n\t<a href=\"mailto:thomas.schneider@mateco.ch\" target=\"\" title=\"thomas.schneider@mateco.ch\" class=\"btn btn-bg-mateco_red \" >\n\n  <i class=\"icon-mail\"><\/i>\n      <span class=\"btn-text\">thomas.schneider@mateco.ch<\/span>\n  \n  \n<\/a>\n<a href=\"tel:0622079070\" target=\"\" title=\"062 207 90 70\" class=\"btn btn-bg-blue \" >\n\n  <i class=\"icon-phone\"><\/i>\n      <span class=\"btn-text\">062 207 90 70<\/span>\n  \n  \n<\/a>\n<\/div>    <\/div>\n\t<\/div>\n<\/div>\n  <\/div>\n<\/div>          <\/div>\n              <\/div>\n    <\/div>\n\t\n<\/div>\n","protected":false},"excerpt":{"rendered":"<p>\u00c0 B\u00e2le, le Service municipal des espaces verts mise depuis longtemps sur l\u2019entretien professionnel des arbres. Depuis 1980, l&rsquo;\u00e9tat sanitaire des 26\u2019000 arbres recens\u00e9s a fait l&rsquo;objet de contr\u00f4les r\u00e9guliers et al\u00e9atoires.<\/p>\n","protected":false},"featured_media":4297,"template":"","application_areas_category":[105],"class_list":["post-4300","references","type-references","status-publish","has-post-thumbnail","hentry","application_areas_category-oeffentliche-hand-fr"],"acf":[],"yoast_head":"<title>Service municipal des espaces verts, B\u00e2le - mateco AG<\/title>\n<meta name=\"robots\" content=\"index, follow, max-snippet:-1, max-image-preview:large, max-video-preview:-1\" \/>\n<link rel=\"canonical\" href=\"https:\/\/www.mateco.ch\/fr\/societe\/references\/service-municipal-des-espaces-verts-bale\/\" \/>\n<meta property=\"og:locale\" content=\"fr_FR\" \/>\n<meta property=\"og:type\" content=\"article\" \/>\n<meta property=\"og:title\" content=\"Service municipal des espaces verts, B\u00e2le - mateco AG\" \/>\n<meta property=\"og:description\" content=\"\u00c0 B\u00e2le, le Service municipal des espaces verts mise depuis longtemps sur l\u2019entretien professionnel des arbres. Depuis 1980, l&#039;\u00e9tat sanitaire des 26\u2019000 arbres recens\u00e9s a fait l&#039;objet de contr\u00f4les r\u00e9guliers et al\u00e9atoires.\" \/>\n<meta property=\"og:url\" content=\"https:\/\/www.mateco.ch\/fr\/societe\/references\/service-municipal-des-espaces-verts-bale\/\" \/>\n<meta property=\"og:site_name\" content=\"mateco AG\" \/>\n<meta property=\"article:modified_time\" content=\"2025-03-20T09:43:30+00:00\" \/>\n<meta property=\"og:image\" content=\"https:\/\/www.mateco.ch\/wp-content\/uploads\/2024\/03\/s_46_kraftwerkinsel_24.9.2014_2_.jpg\" \/>\n\t<meta property=\"og:image:width\" content=\"640\" \/>\n\t<meta property=\"og:image:height\" content=\"480\" \/>\n\t<meta property=\"og:image:type\" content=\"image\/jpeg\" \/>\n<meta name=\"twitter:card\" content=\"summary_large_image\" \/>\n<script type=\"application\/ld+json\" class=\"yoast-schema-graph\">{\"@context\":\"https:\\\/\\\/schema.org\",\"@graph\":[{\"@type\":\"WebPage\",\"@id\":\"https:\\\/\\\/www.mateco.ch\\\/fr\\\/societe\\\/references\\\/service-municipal-des-espaces-verts-bale\\\/\",\"url\":\"https:\\\/\\\/www.mateco.ch\\\/fr\\\/societe\\\/references\\\/service-municipal-des-espaces-verts-bale\\\/\",\"name\":\"Service municipal des espaces verts, B\u00e2le - mateco AG\",\"isPartOf\":{\"@id\":\"https:\\\/\\\/www.mateco.ch\\\/fr\\\/#website\"},\"primaryImageOfPage\":{\"@id\":\"https:\\\/\\\/www.mateco.ch\\\/fr\\\/societe\\\/references\\\/service-municipal-des-espaces-verts-bale\\\/#primaryimage\"},\"image\":{\"@id\":\"https:\\\/\\\/www.mateco.ch\\\/fr\\\/societe\\\/references\\\/service-municipal-des-espaces-verts-bale\\\/#primaryimage\"},\"thumbnailUrl\":\"https:\\\/\\\/www.mateco.ch\\\/wp-content\\\/uploads\\\/2024\\\/03\\\/s_46_kraftwerkinsel_24.9.2014_2_.jpg\",\"datePublished\":\"2024-03-05T14:49:54+00:00\",\"dateModified\":\"2025-03-20T09:43:30+00:00\",\"breadcrumb\":{\"@id\":\"https:\\\/\\\/www.mateco.ch\\\/fr\\\/societe\\\/references\\\/service-municipal-des-espaces-verts-bale\\\/#breadcrumb\"},\"inLanguage\":\"fr-FR\",\"potentialAction\":[{\"@type\":\"ReadAction\",\"target\":[\"https:\\\/\\\/www.mateco.ch\\\/fr\\\/societe\\\/references\\\/service-municipal-des-espaces-verts-bale\\\/\"]}]},{\"@type\":\"ImageObject\",\"inLanguage\":\"fr-FR\",\"@id\":\"https:\\\/\\\/www.mateco.ch\\\/fr\\\/societe\\\/references\\\/service-municipal-des-espaces-verts-bale\\\/#primaryimage\",\"url\":\"https:\\\/\\\/www.mateco.ch\\\/wp-content\\\/uploads\\\/2024\\\/03\\\/s_46_kraftwerkinsel_24.9.2014_2_.jpg\",\"contentUrl\":\"https:\\\/\\\/www.mateco.ch\\\/wp-content\\\/uploads\\\/2024\\\/03\\\/s_46_kraftwerkinsel_24.9.2014_2_.jpg\",\"width\":640,\"height\":480},{\"@type\":\"BreadcrumbList\",\"@id\":\"https:\\\/\\\/www.mateco.ch\\\/fr\\\/societe\\\/references\\\/service-municipal-des-espaces-verts-bale\\\/#breadcrumb\",\"itemListElement\":[{\"@type\":\"ListItem\",\"position\":1,\"name\":\"Home\",\"item\":\"https:\\\/\\\/www.mateco.ch\\\/fr\\\/home\\\/\"},{\"@type\":\"ListItem\",\"position\":2,\"name\":\"Service municipal des espaces verts, B\u00e2le\"}]},{\"@type\":\"WebSite\",\"@id\":\"https:\\\/\\\/www.mateco.ch\\\/fr\\\/#website\",\"url\":\"https:\\\/\\\/www.mateco.ch\\\/fr\\\/\",\"name\":\"mateco AG\",\"description\":\"Ihr kompetenter Partner  rund um Arbeitsb\u00fchnen\",\"publisher\":{\"@id\":\"https:\\\/\\\/www.mateco.ch\\\/fr\\\/#organization\"},\"potentialAction\":[{\"@type\":\"SearchAction\",\"target\":{\"@type\":\"EntryPoint\",\"urlTemplate\":\"https:\\\/\\\/www.mateco.ch\\\/fr\\\/?s={search_term_string}\"},\"query-input\":{\"@type\":\"PropertyValueSpecification\",\"valueRequired\":true,\"valueName\":\"search_term_string\"}}],\"inLanguage\":\"fr-FR\"},{\"@type\":\"Organization\",\"@id\":\"https:\\\/\\\/www.mateco.ch\\\/fr\\\/#organization\",\"name\":\"mateco AG\",\"url\":\"https:\\\/\\\/www.mateco.ch\\\/fr\\\/\",\"logo\":{\"@type\":\"ImageObject\",\"inLanguage\":\"fr-FR\",\"@id\":\"https:\\\/\\\/www.mateco.ch\\\/fr\\\/#\\\/schema\\\/logo\\\/image\\\/\",\"url\":\"https:\\\/\\\/www.mateco.ch\\\/wp-content\\\/uploads\\\/2026\\\/07\\\/mateco_logo-scaled.png\",\"contentUrl\":\"https:\\\/\\\/www.mateco.ch\\\/wp-content\\\/uploads\\\/2026\\\/07\\\/mateco_logo-scaled.png\",\"width\":2560,\"height\":653,\"caption\":\"mateco AG\"},\"image\":{\"@id\":\"https:\\\/\\\/www.mateco.ch\\\/fr\\\/#\\\/schema\\\/logo\\\/image\\\/\"}}]}<\/script>","yoast_head_json":{"title":"Service municipal des espaces verts, B\u00e2le - mateco AG","robots":{"index":"index","follow":"follow","max-snippet":"max-snippet:-1","max-image-preview":"max-image-preview:large","max-video-preview":"max-video-preview:-1"},"canonical":"https:\/\/www.mateco.ch\/fr\/societe\/references\/service-municipal-des-espaces-verts-bale\/","og_locale":"fr_FR","og_type":"article","og_title":"Service municipal des espaces verts, B\u00e2le - mateco AG","og_description":"\u00c0 B\u00e2le, le Service municipal des espaces verts mise depuis longtemps sur l\u2019entretien professionnel des arbres. Depuis 1980, l'\u00e9tat sanitaire des 26\u2019000 arbres recens\u00e9s a fait l'objet de contr\u00f4les r\u00e9guliers et al\u00e9atoires.","og_url":"https:\/\/www.mateco.ch\/fr\/societe\/references\/service-municipal-des-espaces-verts-bale\/","og_site_name":"mateco AG","article_modified_time":"2025-03-20T09:43:30+00:00","og_image":[{"width":640,"height":480,"url":"https:\/\/www.mateco.ch\/wp-content\/uploads\/2024\/03\/s_46_kraftwerkinsel_24.9.2014_2_.jpg","type":"image\/jpeg"}],"twitter_card":"summary_large_image","schema":{"@context":"https:\/\/schema.org","@graph":[{"@type":"WebPage","@id":"https:\/\/www.mateco.ch\/fr\/societe\/references\/service-municipal-des-espaces-verts-bale\/","url":"https:\/\/www.mateco.ch\/fr\/societe\/references\/service-municipal-des-espaces-verts-bale\/","name":"Service municipal des espaces verts, B\u00e2le - mateco AG","isPartOf":{"@id":"https:\/\/www.mateco.ch\/fr\/#website"},"primaryImageOfPage":{"@id":"https:\/\/www.mateco.ch\/fr\/societe\/references\/service-municipal-des-espaces-verts-bale\/#primaryimage"},"image":{"@id":"https:\/\/www.mateco.ch\/fr\/societe\/references\/service-municipal-des-espaces-verts-bale\/#primaryimage"},"thumbnailUrl":"https:\/\/www.mateco.ch\/wp-content\/uploads\/2024\/03\/s_46_kraftwerkinsel_24.9.2014_2_.jpg","datePublished":"2024-03-05T14:49:54+00:00","dateModified":"2025-03-20T09:43:30+00:00","breadcrumb":{"@id":"https:\/\/www.mateco.ch\/fr\/societe\/references\/service-municipal-des-espaces-verts-bale\/#breadcrumb"},"inLanguage":"fr-FR","potentialAction":[{"@type":"ReadAction","target":["https:\/\/www.mateco.ch\/fr\/societe\/references\/service-municipal-des-espaces-verts-bale\/"]}]},{"@type":"ImageObject","inLanguage":"fr-FR","@id":"https:\/\/www.mateco.ch\/fr\/societe\/references\/service-municipal-des-espaces-verts-bale\/#primaryimage","url":"https:\/\/www.mateco.ch\/wp-content\/uploads\/2024\/03\/s_46_kraftwerkinsel_24.9.2014_2_.jpg","contentUrl":"https:\/\/www.mateco.ch\/wp-content\/uploads\/2024\/03\/s_46_kraftwerkinsel_24.9.2014_2_.jpg","width":640,"height":480},{"@type":"BreadcrumbList","@id":"https:\/\/www.mateco.ch\/fr\/societe\/references\/service-municipal-des-espaces-verts-bale\/#breadcrumb","itemListElement":[{"@type":"ListItem","position":1,"name":"Home","item":"https:\/\/www.mateco.ch\/fr\/home\/"},{"@type":"ListItem","position":2,"name":"Service municipal des espaces verts, B\u00e2le"}]},{"@type":"WebSite","@id":"https:\/\/www.mateco.ch\/fr\/#website","url":"https:\/\/www.mateco.ch\/fr\/","name":"mateco AG","description":"Ihr kompetenter Partner  rund um Arbeitsb\u00fchnen","publisher":{"@id":"https:\/\/www.mateco.ch\/fr\/#organization"},"potentialAction":[{"@type":"SearchAction","target":{"@type":"EntryPoint","urlTemplate":"https:\/\/www.mateco.ch\/fr\/?s={search_term_string}"},"query-input":{"@type":"PropertyValueSpecification","valueRequired":true,"valueName":"search_term_string"}}],"inLanguage":"fr-FR"},{"@type":"Organization","@id":"https:\/\/www.mateco.ch\/fr\/#organization","name":"mateco AG","url":"https:\/\/www.mateco.ch\/fr\/","logo":{"@type":"ImageObject","inLanguage":"fr-FR","@id":"https:\/\/www.mateco.ch\/fr\/#\/schema\/logo\/image\/","url":"https:\/\/www.mateco.ch\/wp-content\/uploads\/2026\/07\/mateco_logo-scaled.png","contentUrl":"https:\/\/www.mateco.ch\/wp-content\/uploads\/2026\/07\/mateco_logo-scaled.png","width":2560,"height":653,"caption":"mateco AG"},"image":{"@id":"https:\/\/www.mateco.ch\/fr\/#\/schema\/logo\/image\/"}}]}},"_links":{"self":[{"href":"https:\/\/www.mateco.ch\/fr\/wp-json\/wp\/v2\/references\/4300","targetHints":{"allow":["GET"]}}],"collection":[{"href":"https:\/\/www.mateco.ch\/fr\/wp-json\/wp\/v2\/references"}],"about":[{"href":"https:\/\/www.mateco.ch\/fr\/wp-json\/wp\/v2\/types\/references"}],"version-history":[{"count":3,"href":"https:\/\/www.mateco.ch\/fr\/wp-json\/wp\/v2\/references\/4300\/revisions"}],"predecessor-version":[{"id":11302,"href":"https:\/\/www.mateco.ch\/fr\/wp-json\/wp\/v2\/references\/4300\/revisions\/11302"}],"wp:featuredmedia":[{"embeddable":true,"href":"https:\/\/www.mateco.ch\/fr\/wp-json\/wp\/v2\/media\/4297"}],"wp:attachment":[{"href":"https:\/\/www.mateco.ch\/fr\/wp-json\/wp\/v2\/media?parent=4300"}],"wp:term":[{"taxonomy":"application_areas_category","embeddable":true,"href":"https:\/\/www.mateco.ch\/fr\/wp-json\/wp\/v2\/application_areas_category?post=4300"}],"curies":[{"name":"wp","href":"https:\/\/api.w.org\/{rel}","templated":true}]}}