{"id":4307,"date":"2024-03-05T15:53:16","date_gmt":"2024-03-05T14:53:16","guid":{"rendered":"https:\/\/staging.maltech.ch\/unternehmen\/referenzen\/historisches-wohnhaus-lausanne\/"},"modified":"2024-03-23T14:57:22","modified_gmt":"2024-03-23T13:57:22","slug":"immeuble-residentiel-en-ville-de-lausanne","status":"publish","type":"references","link":"https:\/\/www.mateco.ch\/fr\/societe\/references\/immeuble-residentiel-en-ville-de-lausanne\/","title":{"rendered":"Immeuble r\u00e9sidentiel en ville de Lausanne"},"content":{"rendered":"<div class=\"container global-content-styles\">\n\n\t<div class=\"button-group d-inline-flex mt-0 mb-30\">\n\t<a href=\"\/fr\/societe-2\/references\/\" target=\"\" title=\"Retour aux r\u00e9sultats\" class=\"btn btn-primary btn-bg-mateco_red \" >\n\n  <i class=\"icon-chevron\"><\/i>\n      <span class=\"btn-text\">Retour aux r\u00e9sultats<\/span>\n  \n  \n<\/a>\n<\/div>\n\t    <div class=\"reference-media\">\n              <div class=\"img-wrapper one-image\">\n\t\t\t\t\t\t<picture>\n\t\t\t\n\t\t\t<img width=\"928\" height=\"1024\" src=\"https:\/\/www.mateco.ch\/wp-content\/uploads\/2024\/03\/maltechlausanne-928x1024.jpg\" class=\"w-full h-auto\" alt=\"\" loading=\"lazy\" decoding=\"async\" srcset=\"https:\/\/www.mateco.ch\/wp-content\/uploads\/2024\/03\/maltechlausanne-928x1024.jpg 928w, https:\/\/www.mateco.ch\/wp-content\/uploads\/2024\/03\/maltechlausanne-272x300.jpg 272w, https:\/\/www.mateco.ch\/wp-content\/uploads\/2024\/03\/maltechlausanne-768x847.jpg 768w, https:\/\/www.mateco.ch\/wp-content\/uploads\/2024\/03\/maltechlausanne-1392x1536.jpg 1392w, https:\/\/www.mateco.ch\/wp-content\/uploads\/2024\/03\/maltechlausanne-1856x2048.jpg 1856w\" sizes=\"auto, (max-width: 928px) 100vw, 928px\" \/>\t\t<\/picture>\n\t\t        <\/div>\n      \n      <aside class=\"reference-rebrand-notice reference-rebrand-notice--detail\" aria-label=\"Note concernant le changement de raison sociale\">\n\t<span class=\"reference-rebrand-notice__eyebrow\">Maltech est mateco.<\/span>\n\t<strong class=\"reference-rebrand-notice__title\">Tout reste meilleur.<\/strong>\n<\/aside>\n    <\/div>\n\t\n\t<h1 class=\"text-md-center mt-50\">Immeuble r\u00e9sidentiel en ville de Lausanne<\/h1>\n\n\t    <div class=\"row\">\n      <div class=\"col-md-10 offset-md-1 col-lg-8 offset-lg-2\">\n        <div class=\"rich-text lead mb-60 mb-md-100\">\n            <p>En plein c\u0153ur de Lausanne, \u00e0 quelques pas de la cath\u00e9drale, mateco a pu mener \u00e0 bien une intervention extr\u00eamement urgente ce printemps.<\/p>\n        <\/div>\n      <\/div>\n    <\/div>\n\t\n\t    <div class=\"row\">\n      <div class=\"col-12 mb-n40 mb-md-n60\">\n                  <div class=\"row mb-40 mb-md-60\">\n            <div class=\"text col-md-10 offset-md-1 col-lg-8 offset-lg-2\">\n\n\t\n\t    <div class=\"rich-text big-space-between\">\n\t\t\t<p>En plein c\u0153ur de Lausanne, \u00e0 quelques pas de la cath\u00e9drale, mateco a pu mener \u00e0 bien une intervention extr\u00eamement urgente ce printemps. De tr\u00e8s fortes rafales de vent avaient endommag\u00e9 le toit d&rsquo;un vieil immeuble r\u00e9sidentiel. Les tuiles qui mena\u00e7aient de tomber d\u2019un moment \u00e0 l\u2019autre repr\u00e9sentaient un danger consid\u00e9rable pour les nombreux passants qui empruntent tous les jours la route tr\u00e8s \u00e9troite menant au symbole de Lausanne. Une intervention rapide s\u2018imposait. mateco s\u2019est rendu imm\u00e9diatement sur place pour r\u00e9gler toutes les questions d&rsquo;organisation avec la ville et la police. La circulation et les pi\u00e9tons ont d\u00fb \u00eatre d\u00e9vi\u00e9s le temps de l&rsquo;op\u00e9ration. Le plus grand d\u00e9fi pos\u00e9 \u00e9tait l&rsquo;exigu\u00eft\u00e9 de l&rsquo;espace dans l&rsquo;\u00e9troite ruelle \u00e0 sens unique. Gr\u00e2ce \u00e0 ses dimensions compactes et \u00e0 sa faible largeur d&rsquo;appui, l\u2018\u00e9l\u00e9vateur \u00e0 nacelle 284 TBE \u00e9tait parfaitement adapt\u00e9 \u00e0 cette intervention et a permis \u00e0 l&rsquo;\u00e9quipe de s\u00e9curiser le toit tr\u00e8s rapidement et avec efficacit\u00e9.<\/p>\n    <\/div>\n\t\n\t\n<\/div>          <\/div>\n                  <div class=\"row mb-40 mb-md-60\">\n            <div class=\"cta-team col-12\">\n\n  \n  <div class=\"bg-yellow\">\n\t  \t  <div class=\"cta-team d-flex flex-column flex-md-row\">\n      <div class=\"img-wrapper\">\n\t\t  <img width=\"610\" height=\"610\" src=\"https:\/\/www.mateco.ch\/wp-content\/uploads\/2024\/03\/nicolas-lauper-610x610-1.jpg\" class=\"h-100\" alt=\"\" loading=\"lazy\" decoding=\"async\" srcset=\"https:\/\/www.mateco.ch\/wp-content\/uploads\/2024\/03\/nicolas-lauper-610x610-1.jpg 610w, https:\/\/www.mateco.ch\/wp-content\/uploads\/2024\/03\/nicolas-lauper-610x610-1-150x150.jpg 150w, https:\/\/www.mateco.ch\/wp-content\/uploads\/2024\/03\/nicolas-lauper-610x610-1-300x300.jpg 300w\" sizes=\"auto, (max-width: 610px) 100vw, 610px\" \/>    <\/div>\n  \t<div class=\"content p-20 p-md-40 p-lg-60 yellow d-flex align-items-center flex-fill\">\n    <div>\n\t    <h3 class=\"mb-10\">Chef de projet<\/h3>\n      <div class=\"rich-text\">\n                <p><span class=\"fw-700\">Nicolas Lauper, <\/span>Responsable de succursale<\/p>\n      <\/div>\n\t    <div class=\"button-group d-flex flex-column flex-lg-row mt-30\">\n\t<a href=\"mailto:nicolas.lauper@mateco.ch\" target=\"\" title=\"nicolas.lauper@mateco.ch\" class=\"btn btn-bg-mateco_red \" >\n\n  <i class=\"icon-mail\"><\/i>\n      <span class=\"btn-text\">nicolas.lauper@mateco.ch<\/span>\n  \n  \n<\/a>\n<a href=\"tel:0218670599\" target=\"\" title=\"021 867 05 99\" class=\"btn btn-bg-blue \" >\n\n  <i class=\"icon-phone\"><\/i>\n      <span class=\"btn-text\">021 867 05 99<\/span>\n  \n  \n<\/a>\n<\/div>    <\/div>\n\t<\/div>\n<\/div>\n  <\/div>\n<\/div>          <\/div>\n              <\/div>\n    <\/div>\n\t\n<\/div>\n","protected":false},"excerpt":{"rendered":"<p>En plein c\u0153ur de Lausanne, \u00e0 quelques pas de la cath\u00e9drale, mateco a pu mener \u00e0 bien une intervention extr\u00eamement urgente ce printemps.<\/p>\n","protected":false},"featured_media":4305,"template":"","application_areas_category":[106],"class_list":["post-4307","references","type-references","status-publish","has-post-thumbnail","hentry","application_areas_category-facility-management-und-gebaeudetechnik-fr"],"acf":[],"yoast_head":"<title>Immeuble r\u00e9sidentiel en ville de Lausanne - mateco AG<\/title>\n<meta name=\"robots\" content=\"index, follow, max-snippet:-1, max-image-preview:large, max-video-preview:-1\" \/>\n<link rel=\"canonical\" href=\"https:\/\/www.mateco.ch\/fr\/societe\/references\/immeuble-residentiel-en-ville-de-lausanne\/\" \/>\n<meta property=\"og:locale\" content=\"fr_FR\" \/>\n<meta property=\"og:type\" content=\"article\" \/>\n<meta property=\"og:title\" content=\"Immeuble r\u00e9sidentiel en ville de Lausanne - mateco AG\" \/>\n<meta property=\"og:description\" content=\"En plein c\u0153ur de Lausanne, \u00e0 quelques pas de la cath\u00e9drale, mateco a pu mener \u00e0 bien une intervention extr\u00eamement urgente ce printemps.\" \/>\n<meta property=\"og:url\" content=\"https:\/\/www.mateco.ch\/fr\/societe\/references\/immeuble-residentiel-en-ville-de-lausanne\/\" \/>\n<meta property=\"og:site_name\" content=\"mateco AG\" \/>\n<meta property=\"article:modified_time\" content=\"2024-03-23T13:57:22+00:00\" \/>\n<meta property=\"og:image\" content=\"https:\/\/www.mateco.ch\/wp-content\/uploads\/2024\/03\/maltechlausanne-scaled.jpg\" \/>\n\t<meta property=\"og:image:width\" content=\"2320\" \/>\n\t<meta property=\"og:image:height\" content=\"2560\" \/>\n\t<meta property=\"og:image:type\" content=\"image\/jpeg\" \/>\n<meta name=\"twitter:card\" content=\"summary_large_image\" \/>\n<script type=\"application\/ld+json\" class=\"yoast-schema-graph\">{\"@context\":\"https:\\\/\\\/schema.org\",\"@graph\":[{\"@type\":\"WebPage\",\"@id\":\"https:\\\/\\\/www.mateco.ch\\\/fr\\\/societe\\\/references\\\/immeuble-residentiel-en-ville-de-lausanne\\\/\",\"url\":\"https:\\\/\\\/www.mateco.ch\\\/fr\\\/societe\\\/references\\\/immeuble-residentiel-en-ville-de-lausanne\\\/\",\"name\":\"Immeuble r\u00e9sidentiel en ville de Lausanne - mateco AG\",\"isPartOf\":{\"@id\":\"https:\\\/\\\/www.mateco.ch\\\/fr\\\/#website\"},\"primaryImageOfPage\":{\"@id\":\"https:\\\/\\\/www.mateco.ch\\\/fr\\\/societe\\\/references\\\/immeuble-residentiel-en-ville-de-lausanne\\\/#primaryimage\"},\"image\":{\"@id\":\"https:\\\/\\\/www.mateco.ch\\\/fr\\\/societe\\\/references\\\/immeuble-residentiel-en-ville-de-lausanne\\\/#primaryimage\"},\"thumbnailUrl\":\"https:\\\/\\\/www.mateco.ch\\\/wp-content\\\/uploads\\\/2024\\\/03\\\/maltechlausanne-scaled.jpg\",\"datePublished\":\"2024-03-05T14:53:16+00:00\",\"dateModified\":\"2024-03-23T13:57:22+00:00\",\"breadcrumb\":{\"@id\":\"https:\\\/\\\/www.mateco.ch\\\/fr\\\/societe\\\/references\\\/immeuble-residentiel-en-ville-de-lausanne\\\/#breadcrumb\"},\"inLanguage\":\"fr-FR\",\"potentialAction\":[{\"@type\":\"ReadAction\",\"target\":[\"https:\\\/\\\/www.mateco.ch\\\/fr\\\/societe\\\/references\\\/immeuble-residentiel-en-ville-de-lausanne\\\/\"]}]},{\"@type\":\"ImageObject\",\"inLanguage\":\"fr-FR\",\"@id\":\"https:\\\/\\\/www.mateco.ch\\\/fr\\\/societe\\\/references\\\/immeuble-residentiel-en-ville-de-lausanne\\\/#primaryimage\",\"url\":\"https:\\\/\\\/www.mateco.ch\\\/wp-content\\\/uploads\\\/2024\\\/03\\\/maltechlausanne-scaled.jpg\",\"contentUrl\":\"https:\\\/\\\/www.mateco.ch\\\/wp-content\\\/uploads\\\/2024\\\/03\\\/maltechlausanne-scaled.jpg\",\"width\":2320,\"height\":2560},{\"@type\":\"BreadcrumbList\",\"@id\":\"https:\\\/\\\/www.mateco.ch\\\/fr\\\/societe\\\/references\\\/immeuble-residentiel-en-ville-de-lausanne\\\/#breadcrumb\",\"itemListElement\":[{\"@type\":\"ListItem\",\"position\":1,\"name\":\"Home\",\"item\":\"https:\\\/\\\/www.mateco.ch\\\/fr\\\/home\\\/\"},{\"@type\":\"ListItem\",\"position\":2,\"name\":\"Immeuble r\u00e9sidentiel en ville de Lausanne\"}]},{\"@type\":\"WebSite\",\"@id\":\"https:\\\/\\\/www.mateco.ch\\\/fr\\\/#website\",\"url\":\"https:\\\/\\\/www.mateco.ch\\\/fr\\\/\",\"name\":\"mateco AG\",\"description\":\"Ihr kompetenter Partner  rund um Arbeitsb\u00fchnen\",\"publisher\":{\"@id\":\"https:\\\/\\\/www.mateco.ch\\\/fr\\\/#organization\"},\"potentialAction\":[{\"@type\":\"SearchAction\",\"target\":{\"@type\":\"EntryPoint\",\"urlTemplate\":\"https:\\\/\\\/www.mateco.ch\\\/fr\\\/?s={search_term_string}\"},\"query-input\":{\"@type\":\"PropertyValueSpecification\",\"valueRequired\":true,\"valueName\":\"search_term_string\"}}],\"inLanguage\":\"fr-FR\"},{\"@type\":\"Organization\",\"@id\":\"https:\\\/\\\/www.mateco.ch\\\/fr\\\/#organization\",\"name\":\"mateco AG\",\"url\":\"https:\\\/\\\/www.mateco.ch\\\/fr\\\/\",\"logo\":{\"@type\":\"ImageObject\",\"inLanguage\":\"fr-FR\",\"@id\":\"https:\\\/\\\/www.mateco.ch\\\/fr\\\/#\\\/schema\\\/logo\\\/image\\\/\",\"url\":\"https:\\\/\\\/www.mateco.ch\\\/wp-content\\\/uploads\\\/2026\\\/07\\\/mateco_logo-scaled.png\",\"contentUrl\":\"https:\\\/\\\/www.mateco.ch\\\/wp-content\\\/uploads\\\/2026\\\/07\\\/mateco_logo-scaled.png\",\"width\":2560,\"height\":653,\"caption\":\"mateco AG\"},\"image\":{\"@id\":\"https:\\\/\\\/www.mateco.ch\\\/fr\\\/#\\\/schema\\\/logo\\\/image\\\/\"}}]}<\/script>","yoast_head_json":{"title":"Immeuble r\u00e9sidentiel en ville de Lausanne - mateco AG","robots":{"index":"index","follow":"follow","max-snippet":"max-snippet:-1","max-image-preview":"max-image-preview:large","max-video-preview":"max-video-preview:-1"},"canonical":"https:\/\/www.mateco.ch\/fr\/societe\/references\/immeuble-residentiel-en-ville-de-lausanne\/","og_locale":"fr_FR","og_type":"article","og_title":"Immeuble r\u00e9sidentiel en ville de Lausanne - mateco AG","og_description":"En plein c\u0153ur de Lausanne, \u00e0 quelques pas de la cath\u00e9drale, mateco a pu mener \u00e0 bien une intervention extr\u00eamement urgente ce printemps.","og_url":"https:\/\/www.mateco.ch\/fr\/societe\/references\/immeuble-residentiel-en-ville-de-lausanne\/","og_site_name":"mateco AG","article_modified_time":"2024-03-23T13:57:22+00:00","og_image":[{"width":2320,"height":2560,"url":"https:\/\/www.mateco.ch\/wp-content\/uploads\/2024\/03\/maltechlausanne-scaled.jpg","type":"image\/jpeg"}],"twitter_card":"summary_large_image","schema":{"@context":"https:\/\/schema.org","@graph":[{"@type":"WebPage","@id":"https:\/\/www.mateco.ch\/fr\/societe\/references\/immeuble-residentiel-en-ville-de-lausanne\/","url":"https:\/\/www.mateco.ch\/fr\/societe\/references\/immeuble-residentiel-en-ville-de-lausanne\/","name":"Immeuble r\u00e9sidentiel en ville de Lausanne - mateco AG","isPartOf":{"@id":"https:\/\/www.mateco.ch\/fr\/#website"},"primaryImageOfPage":{"@id":"https:\/\/www.mateco.ch\/fr\/societe\/references\/immeuble-residentiel-en-ville-de-lausanne\/#primaryimage"},"image":{"@id":"https:\/\/www.mateco.ch\/fr\/societe\/references\/immeuble-residentiel-en-ville-de-lausanne\/#primaryimage"},"thumbnailUrl":"https:\/\/www.mateco.ch\/wp-content\/uploads\/2024\/03\/maltechlausanne-scaled.jpg","datePublished":"2024-03-05T14:53:16+00:00","dateModified":"2024-03-23T13:57:22+00:00","breadcrumb":{"@id":"https:\/\/www.mateco.ch\/fr\/societe\/references\/immeuble-residentiel-en-ville-de-lausanne\/#breadcrumb"},"inLanguage":"fr-FR","potentialAction":[{"@type":"ReadAction","target":["https:\/\/www.mateco.ch\/fr\/societe\/references\/immeuble-residentiel-en-ville-de-lausanne\/"]}]},{"@type":"ImageObject","inLanguage":"fr-FR","@id":"https:\/\/www.mateco.ch\/fr\/societe\/references\/immeuble-residentiel-en-ville-de-lausanne\/#primaryimage","url":"https:\/\/www.mateco.ch\/wp-content\/uploads\/2024\/03\/maltechlausanne-scaled.jpg","contentUrl":"https:\/\/www.mateco.ch\/wp-content\/uploads\/2024\/03\/maltechlausanne-scaled.jpg","width":2320,"height":2560},{"@type":"BreadcrumbList","@id":"https:\/\/www.mateco.ch\/fr\/societe\/references\/immeuble-residentiel-en-ville-de-lausanne\/#breadcrumb","itemListElement":[{"@type":"ListItem","position":1,"name":"Home","item":"https:\/\/www.mateco.ch\/fr\/home\/"},{"@type":"ListItem","position":2,"name":"Immeuble r\u00e9sidentiel en ville de Lausanne"}]},{"@type":"WebSite","@id":"https:\/\/www.mateco.ch\/fr\/#website","url":"https:\/\/www.mateco.ch\/fr\/","name":"mateco AG","description":"Ihr kompetenter Partner  rund um Arbeitsb\u00fchnen","publisher":{"@id":"https:\/\/www.mateco.ch\/fr\/#organization"},"potentialAction":[{"@type":"SearchAction","target":{"@type":"EntryPoint","urlTemplate":"https:\/\/www.mateco.ch\/fr\/?s={search_term_string}"},"query-input":{"@type":"PropertyValueSpecification","valueRequired":true,"valueName":"search_term_string"}}],"inLanguage":"fr-FR"},{"@type":"Organization","@id":"https:\/\/www.mateco.ch\/fr\/#organization","name":"mateco AG","url":"https:\/\/www.mateco.ch\/fr\/","logo":{"@type":"ImageObject","inLanguage":"fr-FR","@id":"https:\/\/www.mateco.ch\/fr\/#\/schema\/logo\/image\/","url":"https:\/\/www.mateco.ch\/wp-content\/uploads\/2026\/07\/mateco_logo-scaled.png","contentUrl":"https:\/\/www.mateco.ch\/wp-content\/uploads\/2026\/07\/mateco_logo-scaled.png","width":2560,"height":653,"caption":"mateco AG"},"image":{"@id":"https:\/\/www.mateco.ch\/fr\/#\/schema\/logo\/image\/"}}]}},"_links":{"self":[{"href":"https:\/\/www.mateco.ch\/fr\/wp-json\/wp\/v2\/references\/4307","targetHints":{"allow":["GET"]}}],"collection":[{"href":"https:\/\/www.mateco.ch\/fr\/wp-json\/wp\/v2\/references"}],"about":[{"href":"https:\/\/www.mateco.ch\/fr\/wp-json\/wp\/v2\/types\/references"}],"version-history":[{"count":1,"href":"https:\/\/www.mateco.ch\/fr\/wp-json\/wp\/v2\/references\/4307\/revisions"}],"predecessor-version":[{"id":4308,"href":"https:\/\/www.mateco.ch\/fr\/wp-json\/wp\/v2\/references\/4307\/revisions\/4308"}],"wp:featuredmedia":[{"embeddable":true,"href":"https:\/\/www.mateco.ch\/fr\/wp-json\/wp\/v2\/media\/4305"}],"wp:attachment":[{"href":"https:\/\/www.mateco.ch\/fr\/wp-json\/wp\/v2\/media?parent=4307"}],"wp:term":[{"taxonomy":"application_areas_category","embeddable":true,"href":"https:\/\/www.mateco.ch\/fr\/wp-json\/wp\/v2\/application_areas_category?post=4307"}],"curies":[{"name":"wp","href":"https:\/\/api.w.org\/{rel}","templated":true}]}}