{"id":4325,"date":"2024-03-05T16:02:47","date_gmt":"2024-03-05T15:02:47","guid":{"rendered":"https:\/\/staging.maltech.ch\/unternehmen\/referenzen\/erfa-tagung-kanton-zug\/"},"modified":"2024-03-23T14:57:02","modified_gmt":"2024-03-23T13:57:02","slug":"conference-erfa-zoug","status":"publish","type":"references","link":"https:\/\/www.mateco.ch\/fr\/societe\/references\/conference-erfa-zoug\/","title":{"rendered":"Conf\u00e9rence ERFA, canton de Zoug"},"content":{"rendered":"<div class=\"container global-content-styles\">\n\n\t<div class=\"button-group d-inline-flex mt-0 mb-30\">\n\t<a href=\"\/fr\/societe-2\/references\/\" target=\"\" title=\"Retour aux r\u00e9sultats\" class=\"btn btn-primary btn-bg-mateco_red \" >\n\n  <i class=\"icon-chevron\"><\/i>\n      <span class=\"btn-text\">Retour aux r\u00e9sultats<\/span>\n  \n  \n<\/a>\n<\/div>\n\t    <div class=\"reference-media\">\n              <div class=\"position-relative swiper-maltech-style reference-detail-slider\">\n          <div class=\"swiper news-header-swiper\">\n            <div class=\"swiper-wrapper\">\n                              <div class=\"swiper-slide\">\n                                      <div class=\"img-wrapper\">\n                      \t\t<picture>\n\t\t\t\n\t\t\t<img width=\"1024\" height=\"768\" src=\"https:\/\/www.mateco.ch\/wp-content\/uploads\/2024\/03\/erfa-1024x768.jpg\" class=\"w-full h-auto\" alt=\"\" loading=\"lazy\" decoding=\"async\" srcset=\"https:\/\/www.mateco.ch\/wp-content\/uploads\/2024\/03\/erfa-1024x768.jpg 1024w, https:\/\/www.mateco.ch\/wp-content\/uploads\/2024\/03\/erfa-300x225.jpg 300w, https:\/\/www.mateco.ch\/wp-content\/uploads\/2024\/03\/erfa-768x576.jpg 768w, https:\/\/www.mateco.ch\/wp-content\/uploads\/2024\/03\/erfa-1536x1152.jpg 1536w, https:\/\/www.mateco.ch\/wp-content\/uploads\/2024\/03\/erfa.jpg 2040w\" sizes=\"auto, (max-width: 1024px) 100vw, 1024px\" \/>\t\t<\/picture>\n\t\t                    <\/div>\n                                  <\/div>\n                              <div class=\"swiper-slide\">\n                                      <div class=\"img-wrapper\">\n                      \t\t<picture>\n\t\t\t\n\t\t\t<img width=\"1024\" height=\"768\" src=\"https:\/\/www.mateco.ch\/wp-content\/uploads\/2024\/03\/erfa2-1024x768.jpg\" class=\"w-full h-auto\" alt=\"\" loading=\"lazy\" decoding=\"async\" srcset=\"https:\/\/www.mateco.ch\/wp-content\/uploads\/2024\/03\/erfa2-1024x768.jpg 1024w, https:\/\/www.mateco.ch\/wp-content\/uploads\/2024\/03\/erfa2-300x225.jpg 300w, https:\/\/www.mateco.ch\/wp-content\/uploads\/2024\/03\/erfa2-768x576.jpg 768w, https:\/\/www.mateco.ch\/wp-content\/uploads\/2024\/03\/erfa2-1536x1152.jpg 1536w, https:\/\/www.mateco.ch\/wp-content\/uploads\/2024\/03\/erfa2.jpg 2040w\" sizes=\"auto, (max-width: 1024px) 100vw, 1024px\" \/>\t\t<\/picture>\n\t\t                    <\/div>\n                                  <\/div>\n                              <div class=\"swiper-slide\">\n                                      <div class=\"img-wrapper\">\n                      \t\t<picture>\n\t\t\t\n\t\t\t<img width=\"1024\" height=\"768\" src=\"https:\/\/www.mateco.ch\/wp-content\/uploads\/2024\/03\/erfa3-1024x768.jpg\" class=\"w-full h-auto\" alt=\"\" loading=\"lazy\" decoding=\"async\" srcset=\"https:\/\/www.mateco.ch\/wp-content\/uploads\/2024\/03\/erfa3-1024x768.jpg 1024w, https:\/\/www.mateco.ch\/wp-content\/uploads\/2024\/03\/erfa3-300x225.jpg 300w, https:\/\/www.mateco.ch\/wp-content\/uploads\/2024\/03\/erfa3-768x576.jpg 768w, https:\/\/www.mateco.ch\/wp-content\/uploads\/2024\/03\/erfa3-1536x1152.jpg 1536w, https:\/\/www.mateco.ch\/wp-content\/uploads\/2024\/03\/erfa3.jpg 2040w\" sizes=\"auto, (max-width: 1024px) 100vw, 1024px\" \/>\t\t<\/picture>\n\t\t                    <\/div>\n                                  <\/div>\n                          <\/div>\n            <div class=\"swiper-pagination\"><\/div>\n          <\/div>\n          <div class=\"swiper-prev swiper-nav-btn news-header-swiper-btn\"><\/div>\n          <div class=\"swiper-next swiper-nav-btn news-header-swiper-btn\"><\/div>\n        <\/div>\n      \n      <aside class=\"reference-rebrand-notice reference-rebrand-notice--detail\" aria-label=\"Note concernant le changement de raison sociale\">\n\t<span class=\"reference-rebrand-notice__eyebrow\">Maltech est mateco.<\/span>\n\t<strong class=\"reference-rebrand-notice__title\">Tout reste meilleur.<\/strong>\n<\/aside>\n    <\/div>\n\t\n\t<h1 class=\"text-md-center mt-50\">Conf\u00e9rence ERFA, canton de Zoug<\/h1>\n\n\t    <div class=\"row\">\n      <div class=\"col-md-10 offset-md-1 col-lg-8 offset-lg-2\">\n        <div class=\"rich-text lead mb-60 mb-md-100\">\n            <p>Les quelque 40 concierges de l&rsquo;administration cantonale zougoise se r\u00e9unissent chaque ann\u00e9e pour la conf\u00e9rence ERFA.<\/p>\n        <\/div>\n      <\/div>\n    <\/div>\n\t\n\t    <div class=\"row\">\n      <div class=\"col-12 mb-n40 mb-md-n60\">\n                  <div class=\"row mb-40 mb-md-60\">\n            <div class=\"text col-md-10 offset-md-1 col-lg-8 offset-lg-2\">\n\n\t\n\t    <div class=\"rich-text big-space-between\">\n\t\t\t<p>Les quelque 40 concierges de l&rsquo;administration cantonale zougoise se r\u00e9unissent chaque ann\u00e9e pour la conf\u00e9rence ERFA. Ils y sont form\u00e9s, entre autres, sur des th\u00e8mes pertinents et actuels ayant trait \u00e0 la s\u00e9curit\u00e9 au travail. mateco a pu participer \u00e0 la derni\u00e8re conf\u00e9rence pour transmettre son savoir-faire pr\u00e9cieux en mati\u00e8re d\u2019interventions avec des plates-formes de travail. Dans un bref entretien, Andreas Furrer de l\u2019Office de s\u00e9curit\u00e9 du canton de Zoug, tire un bilan absolument r\u00e9jouissant.<\/p>\n    <\/div>\n\t\n\t\n<\/div>          <\/div>\n                  <div class=\"row mb-40 mb-md-60\">\n            <div class=\"interview col-md-10 offset-md-1 col-lg-8 offset-lg-2\">\n\t        <div class=\"rich-text\">\n          <p class=\"strong\"><strong>Quel est votre r\u00f4le lors de l&rsquo;\u00e9v\u00e9nement et comment en \u00eates-vous arriv\u00e9 au sujet des plates-formes de travail ?<\/strong><\/p>\n\t\t\t\t\t<p>Dans le cadre de la conf\u00e9rence, je suis responsable de l&rsquo;\u00e9laboration du programme pour un cours compact pour P\u00e0SD (Pr\u00e9pos\u00e9s \u00e0 la S\u00e9curit\u00e9 de Domaine). Afin de pouvoir r\u00e9pondre au mieux aux besoins des participants, je sollicite d&rsquo;abord l\u2019avis des chefs d&rsquo;\u00e9quipe. Cette ann\u00e9e, le sujet des plates-formes de travail a \u00e9t\u00e9 \u00e9voqu\u00e9 et j\u2019ai d\u00e8s lors fait des recherches pour trouver un intervenant qualifi\u00e9.<\/p>\n        <\/div>\n\t\t\t        <div class=\"rich-text\">\n          <p class=\"strong\"><strong>Comment avez-vous d\u00e9couvert mateco ?<\/strong><\/p>\n\t\t\t\t\t<p>Lors de mes recherches sur Internet, car j\u2019ai cherch\u00e9 explicitement une entreprise qui est aussi active dans la location de plates-formes.<\/p>\n        <\/div>\n\t\t\t        <div class=\"rich-text\">\n          <p class=\"strong\"><strong>Quelles \u00e9taient vos attentes ?<\/strong><\/p>\n\t\t\t\t\t<p>Je tenais \u00e0 pr\u00e9senter aux participants un cours pour P\u00e0SD ax\u00e9 sur la pratique afin de transmettre des informations sp\u00e9cifiques sur la s\u00e9curit\u00e9 au travail et de permettre aux concierges d\u2019\u00e9largir leurs connaissances personnelles.<\/p>\n        <\/div>\n\t\t\t        <div class=\"rich-text\">\n          <p class=\"strong\"><strong>Et quelle est votre conclusion apr\u00e8s la r\u00e9alisation ?<\/strong><\/p>\n\t\t\t\t\t<p>Les retours individuels ainsi que l&rsquo;\u00e9valuation du cours montrent clairement que cette journ\u00e9e a \u00e9t\u00e9 un franc succ\u00e8s. Bien entendu, la contribution de mateco \u00e9tait significative.<\/p>\n        <\/div>\n\t\t\t<\/div>          <\/div>\n              <\/div>\n    <\/div>\n\t\n<\/div>\n","protected":false},"excerpt":{"rendered":"<p>Les quelque 40 concierges de l&rsquo;administration cantonale zougoise se r\u00e9unissent chaque ann\u00e9e pour la conf\u00e9rence ERFA.<\/p>\n","protected":false},"featured_media":4319,"template":"","application_areas_category":[],"class_list":["post-4325","references","type-references","status-publish","has-post-thumbnail","hentry"],"acf":[],"yoast_head":"<title>Conf\u00e9rence ERFA, canton de Zoug - mateco AG<\/title>\n<meta name=\"robots\" content=\"index, follow, max-snippet:-1, max-image-preview:large, max-video-preview:-1\" \/>\n<link rel=\"canonical\" href=\"https:\/\/www.mateco.ch\/fr\/societe\/references\/conference-erfa-zoug\/\" \/>\n<meta property=\"og:locale\" content=\"fr_FR\" \/>\n<meta property=\"og:type\" content=\"article\" \/>\n<meta property=\"og:title\" content=\"Conf\u00e9rence ERFA, canton de Zoug - mateco AG\" \/>\n<meta property=\"og:description\" content=\"Les quelque 40 concierges de l&#039;administration cantonale zougoise se r\u00e9unissent chaque ann\u00e9e pour la conf\u00e9rence ERFA.\" \/>\n<meta property=\"og:url\" content=\"https:\/\/www.mateco.ch\/fr\/societe\/references\/conference-erfa-zoug\/\" \/>\n<meta property=\"og:site_name\" content=\"mateco AG\" \/>\n<meta property=\"article:modified_time\" content=\"2024-03-23T13:57:02+00:00\" \/>\n<meta property=\"og:image\" content=\"https:\/\/www.mateco.ch\/wp-content\/uploads\/2024\/03\/erfa.jpg\" \/>\n\t<meta property=\"og:image:width\" content=\"2040\" \/>\n\t<meta property=\"og:image:height\" content=\"1530\" \/>\n\t<meta property=\"og:image:type\" content=\"image\/jpeg\" \/>\n<meta name=\"twitter:card\" content=\"summary_large_image\" \/>\n<script type=\"application\/ld+json\" class=\"yoast-schema-graph\">{\"@context\":\"https:\\\/\\\/schema.org\",\"@graph\":[{\"@type\":\"WebPage\",\"@id\":\"https:\\\/\\\/www.mateco.ch\\\/fr\\\/societe\\\/references\\\/conference-erfa-zoug\\\/\",\"url\":\"https:\\\/\\\/www.mateco.ch\\\/fr\\\/societe\\\/references\\\/conference-erfa-zoug\\\/\",\"name\":\"Conf\u00e9rence ERFA, canton de Zoug - mateco AG\",\"isPartOf\":{\"@id\":\"https:\\\/\\\/www.mateco.ch\\\/fr\\\/#website\"},\"primaryImageOfPage\":{\"@id\":\"https:\\\/\\\/www.mateco.ch\\\/fr\\\/societe\\\/references\\\/conference-erfa-zoug\\\/#primaryimage\"},\"image\":{\"@id\":\"https:\\\/\\\/www.mateco.ch\\\/fr\\\/societe\\\/references\\\/conference-erfa-zoug\\\/#primaryimage\"},\"thumbnailUrl\":\"https:\\\/\\\/www.mateco.ch\\\/wp-content\\\/uploads\\\/2024\\\/03\\\/erfa.jpg\",\"datePublished\":\"2024-03-05T15:02:47+00:00\",\"dateModified\":\"2024-03-23T13:57:02+00:00\",\"breadcrumb\":{\"@id\":\"https:\\\/\\\/www.mateco.ch\\\/fr\\\/societe\\\/references\\\/conference-erfa-zoug\\\/#breadcrumb\"},\"inLanguage\":\"fr-FR\",\"potentialAction\":[{\"@type\":\"ReadAction\",\"target\":[\"https:\\\/\\\/www.mateco.ch\\\/fr\\\/societe\\\/references\\\/conference-erfa-zoug\\\/\"]}]},{\"@type\":\"ImageObject\",\"inLanguage\":\"fr-FR\",\"@id\":\"https:\\\/\\\/www.mateco.ch\\\/fr\\\/societe\\\/references\\\/conference-erfa-zoug\\\/#primaryimage\",\"url\":\"https:\\\/\\\/www.mateco.ch\\\/wp-content\\\/uploads\\\/2024\\\/03\\\/erfa.jpg\",\"contentUrl\":\"https:\\\/\\\/www.mateco.ch\\\/wp-content\\\/uploads\\\/2024\\\/03\\\/erfa.jpg\",\"width\":2040,\"height\":1530},{\"@type\":\"BreadcrumbList\",\"@id\":\"https:\\\/\\\/www.mateco.ch\\\/fr\\\/societe\\\/references\\\/conference-erfa-zoug\\\/#breadcrumb\",\"itemListElement\":[{\"@type\":\"ListItem\",\"position\":1,\"name\":\"Home\",\"item\":\"https:\\\/\\\/www.mateco.ch\\\/fr\\\/home\\\/\"},{\"@type\":\"ListItem\",\"position\":2,\"name\":\"Conf\u00e9rence ERFA, canton de Zoug\"}]},{\"@type\":\"WebSite\",\"@id\":\"https:\\\/\\\/www.mateco.ch\\\/fr\\\/#website\",\"url\":\"https:\\\/\\\/www.mateco.ch\\\/fr\\\/\",\"name\":\"mateco AG\",\"description\":\"Ihr kompetenter Partner  rund um Arbeitsb\u00fchnen\",\"publisher\":{\"@id\":\"https:\\\/\\\/www.mateco.ch\\\/fr\\\/#organization\"},\"potentialAction\":[{\"@type\":\"SearchAction\",\"target\":{\"@type\":\"EntryPoint\",\"urlTemplate\":\"https:\\\/\\\/www.mateco.ch\\\/fr\\\/?s={search_term_string}\"},\"query-input\":{\"@type\":\"PropertyValueSpecification\",\"valueRequired\":true,\"valueName\":\"search_term_string\"}}],\"inLanguage\":\"fr-FR\"},{\"@type\":\"Organization\",\"@id\":\"https:\\\/\\\/www.mateco.ch\\\/fr\\\/#organization\",\"name\":\"mateco AG\",\"url\":\"https:\\\/\\\/www.mateco.ch\\\/fr\\\/\",\"logo\":{\"@type\":\"ImageObject\",\"inLanguage\":\"fr-FR\",\"@id\":\"https:\\\/\\\/www.mateco.ch\\\/fr\\\/#\\\/schema\\\/logo\\\/image\\\/\",\"url\":\"https:\\\/\\\/www.mateco.ch\\\/wp-content\\\/uploads\\\/2026\\\/07\\\/mateco_logo-scaled.png\",\"contentUrl\":\"https:\\\/\\\/www.mateco.ch\\\/wp-content\\\/uploads\\\/2026\\\/07\\\/mateco_logo-scaled.png\",\"width\":2560,\"height\":653,\"caption\":\"mateco AG\"},\"image\":{\"@id\":\"https:\\\/\\\/www.mateco.ch\\\/fr\\\/#\\\/schema\\\/logo\\\/image\\\/\"}}]}<\/script>","yoast_head_json":{"title":"Conf\u00e9rence ERFA, canton de Zoug - mateco AG","robots":{"index":"index","follow":"follow","max-snippet":"max-snippet:-1","max-image-preview":"max-image-preview:large","max-video-preview":"max-video-preview:-1"},"canonical":"https:\/\/www.mateco.ch\/fr\/societe\/references\/conference-erfa-zoug\/","og_locale":"fr_FR","og_type":"article","og_title":"Conf\u00e9rence ERFA, canton de Zoug - mateco AG","og_description":"Les quelque 40 concierges de l'administration cantonale zougoise se r\u00e9unissent chaque ann\u00e9e pour la conf\u00e9rence ERFA.","og_url":"https:\/\/www.mateco.ch\/fr\/societe\/references\/conference-erfa-zoug\/","og_site_name":"mateco AG","article_modified_time":"2024-03-23T13:57:02+00:00","og_image":[{"width":2040,"height":1530,"url":"https:\/\/www.mateco.ch\/wp-content\/uploads\/2024\/03\/erfa.jpg","type":"image\/jpeg"}],"twitter_card":"summary_large_image","schema":{"@context":"https:\/\/schema.org","@graph":[{"@type":"WebPage","@id":"https:\/\/www.mateco.ch\/fr\/societe\/references\/conference-erfa-zoug\/","url":"https:\/\/www.mateco.ch\/fr\/societe\/references\/conference-erfa-zoug\/","name":"Conf\u00e9rence ERFA, canton de Zoug - mateco AG","isPartOf":{"@id":"https:\/\/www.mateco.ch\/fr\/#website"},"primaryImageOfPage":{"@id":"https:\/\/www.mateco.ch\/fr\/societe\/references\/conference-erfa-zoug\/#primaryimage"},"image":{"@id":"https:\/\/www.mateco.ch\/fr\/societe\/references\/conference-erfa-zoug\/#primaryimage"},"thumbnailUrl":"https:\/\/www.mateco.ch\/wp-content\/uploads\/2024\/03\/erfa.jpg","datePublished":"2024-03-05T15:02:47+00:00","dateModified":"2024-03-23T13:57:02+00:00","breadcrumb":{"@id":"https:\/\/www.mateco.ch\/fr\/societe\/references\/conference-erfa-zoug\/#breadcrumb"},"inLanguage":"fr-FR","potentialAction":[{"@type":"ReadAction","target":["https:\/\/www.mateco.ch\/fr\/societe\/references\/conference-erfa-zoug\/"]}]},{"@type":"ImageObject","inLanguage":"fr-FR","@id":"https:\/\/www.mateco.ch\/fr\/societe\/references\/conference-erfa-zoug\/#primaryimage","url":"https:\/\/www.mateco.ch\/wp-content\/uploads\/2024\/03\/erfa.jpg","contentUrl":"https:\/\/www.mateco.ch\/wp-content\/uploads\/2024\/03\/erfa.jpg","width":2040,"height":1530},{"@type":"BreadcrumbList","@id":"https:\/\/www.mateco.ch\/fr\/societe\/references\/conference-erfa-zoug\/#breadcrumb","itemListElement":[{"@type":"ListItem","position":1,"name":"Home","item":"https:\/\/www.mateco.ch\/fr\/home\/"},{"@type":"ListItem","position":2,"name":"Conf\u00e9rence ERFA, canton de Zoug"}]},{"@type":"WebSite","@id":"https:\/\/www.mateco.ch\/fr\/#website","url":"https:\/\/www.mateco.ch\/fr\/","name":"mateco AG","description":"Ihr kompetenter Partner  rund um Arbeitsb\u00fchnen","publisher":{"@id":"https:\/\/www.mateco.ch\/fr\/#organization"},"potentialAction":[{"@type":"SearchAction","target":{"@type":"EntryPoint","urlTemplate":"https:\/\/www.mateco.ch\/fr\/?s={search_term_string}"},"query-input":{"@type":"PropertyValueSpecification","valueRequired":true,"valueName":"search_term_string"}}],"inLanguage":"fr-FR"},{"@type":"Organization","@id":"https:\/\/www.mateco.ch\/fr\/#organization","name":"mateco AG","url":"https:\/\/www.mateco.ch\/fr\/","logo":{"@type":"ImageObject","inLanguage":"fr-FR","@id":"https:\/\/www.mateco.ch\/fr\/#\/schema\/logo\/image\/","url":"https:\/\/www.mateco.ch\/wp-content\/uploads\/2026\/07\/mateco_logo-scaled.png","contentUrl":"https:\/\/www.mateco.ch\/wp-content\/uploads\/2026\/07\/mateco_logo-scaled.png","width":2560,"height":653,"caption":"mateco AG"},"image":{"@id":"https:\/\/www.mateco.ch\/fr\/#\/schema\/logo\/image\/"}}]}},"_links":{"self":[{"href":"https:\/\/www.mateco.ch\/fr\/wp-json\/wp\/v2\/references\/4325","targetHints":{"allow":["GET"]}}],"collection":[{"href":"https:\/\/www.mateco.ch\/fr\/wp-json\/wp\/v2\/references"}],"about":[{"href":"https:\/\/www.mateco.ch\/fr\/wp-json\/wp\/v2\/types\/references"}],"version-history":[{"count":1,"href":"https:\/\/www.mateco.ch\/fr\/wp-json\/wp\/v2\/references\/4325\/revisions"}],"predecessor-version":[{"id":4327,"href":"https:\/\/www.mateco.ch\/fr\/wp-json\/wp\/v2\/references\/4325\/revisions\/4327"}],"wp:featuredmedia":[{"embeddable":true,"href":"https:\/\/www.mateco.ch\/fr\/wp-json\/wp\/v2\/media\/4319"}],"wp:attachment":[{"href":"https:\/\/www.mateco.ch\/fr\/wp-json\/wp\/v2\/media?parent=4325"}],"wp:term":[{"taxonomy":"application_areas_category","embeddable":true,"href":"https:\/\/www.mateco.ch\/fr\/wp-json\/wp\/v2\/application_areas_category?post=4325"}],"curies":[{"name":"wp","href":"https:\/\/api.w.org\/{rel}","templated":true}]}}