{"id":4343,"date":"2024-03-05T16:20:23","date_gmt":"2024-03-05T15:20:23","guid":{"rendered":"https:\/\/staging.maltech.ch\/unternehmen\/referenzen\/reformationsdenkmal-genf\/"},"modified":"2026-09-01T09:57:31","modified_gmt":"2026-09-01T07:57:31","slug":"monument-int-de-la-reformation-geneve","status":"publish","type":"references","link":"https:\/\/www.mateco.ch\/fr\/societe\/references\/monument-int-de-la-reformation-geneve\/","title":{"rendered":"Monument int. de la R\u00e9formation, Gen\u00e8ve"},"content":{"rendered":"<div class=\"container global-content-styles\">\n\n\t<div class=\"button-group d-inline-flex mt-0 mb-30\">\n\t<a href=\"\/fr\/societe-2\/references\/\" target=\"\" title=\"Retour aux r\u00e9sultats\" class=\"btn btn-primary btn-bg-mateco_red \" >\n\n  <i class=\"icon-chevron\"><\/i>\n      <span class=\"btn-text\">Retour aux r\u00e9sultats<\/span>\n  \n  \n<\/a>\n<\/div>\n\t    <div class=\"reference-media\">\n              <div class=\"position-relative swiper-maltech-style reference-detail-slider\">\n          <div class=\"swiper news-header-swiper\">\n            <div class=\"swiper-wrapper\">\n                              <div class=\"swiper-slide\">\n                                      <div class=\"img-wrapper\">\n                      \t\t<picture>\n\t\t\t\n\t\t\t<img width=\"480\" height=\"640\" src=\"https:\/\/www.mateco.ch\/wp-content\/uploads\/2024\/03\/img_2756-rotated.jpg\" class=\"w-full h-auto\" alt=\"\" loading=\"lazy\" decoding=\"async\" srcset=\"https:\/\/www.mateco.ch\/wp-content\/uploads\/2024\/03\/img_2756-rotated.jpg 480w, https:\/\/www.mateco.ch\/wp-content\/uploads\/2024\/03\/img_2756-225x300.jpg 225w\" sizes=\"auto, (max-width: 480px) 100vw, 480px\" \/>\t\t<\/picture>\n\t\t                    <\/div>\n                                  <\/div>\n                              <div class=\"swiper-slide\">\n                                      <div class=\"img-wrapper\">\n                      \t\t<picture>\n\t\t\t\n\t\t\t<img width=\"480\" height=\"640\" src=\"https:\/\/www.mateco.ch\/wp-content\/uploads\/2024\/03\/img_2761-rotated.jpg\" class=\"w-full h-auto\" alt=\"\" loading=\"lazy\" decoding=\"async\" srcset=\"https:\/\/www.mateco.ch\/wp-content\/uploads\/2024\/03\/img_2761-rotated.jpg 480w, https:\/\/www.mateco.ch\/wp-content\/uploads\/2024\/03\/img_2761-225x300.jpg 225w\" sizes=\"auto, (max-width: 480px) 100vw, 480px\" \/>\t\t<\/picture>\n\t\t                    <\/div>\n                                  <\/div>\n                              <div class=\"swiper-slide\">\n                                      <div class=\"img-wrapper\">\n                      \t\t<picture>\n\t\t\t\n\t\t\t<img width=\"768\" height=\"1024\" src=\"https:\/\/www.mateco.ch\/wp-content\/uploads\/2024\/03\/img_2757.jpg\" class=\"w-full h-auto\" alt=\"\" loading=\"lazy\" decoding=\"async\" srcset=\"https:\/\/www.mateco.ch\/wp-content\/uploads\/2024\/03\/img_2757.jpg 768w, https:\/\/www.mateco.ch\/wp-content\/uploads\/2024\/03\/img_2757-225x300.jpg 225w\" sizes=\"auto, (max-width: 768px) 100vw, 768px\" \/>\t\t<\/picture>\n\t\t                    <\/div>\n                                  <\/div>\n                              <div class=\"swiper-slide\">\n                                      <div class=\"img-wrapper\">\n                      \t\t<picture>\n\t\t\t\n\t\t\t<img width=\"480\" height=\"640\" src=\"https:\/\/www.mateco.ch\/wp-content\/uploads\/2024\/03\/img_2752-rotated.jpg\" class=\"w-full h-auto\" alt=\"\" loading=\"lazy\" decoding=\"async\" srcset=\"https:\/\/www.mateco.ch\/wp-content\/uploads\/2024\/03\/img_2752-rotated.jpg 480w, https:\/\/www.mateco.ch\/wp-content\/uploads\/2024\/03\/img_2752-225x300.jpg 225w\" sizes=\"auto, (max-width: 480px) 100vw, 480px\" \/>\t\t<\/picture>\n\t\t                    <\/div>\n                                  <\/div>\n                              <div class=\"swiper-slide\">\n                                      <div class=\"img-wrapper\">\n                      \t\t<picture>\n\t\t\t\n\t\t\t<img width=\"480\" height=\"640\" src=\"https:\/\/www.mateco.ch\/wp-content\/uploads\/2024\/03\/img_2747-rotated.jpg\" class=\"w-full h-auto\" alt=\"\" loading=\"lazy\" decoding=\"async\" srcset=\"https:\/\/www.mateco.ch\/wp-content\/uploads\/2024\/03\/img_2747-rotated.jpg 480w, https:\/\/www.mateco.ch\/wp-content\/uploads\/2024\/03\/img_2747-225x300.jpg 225w\" sizes=\"auto, (max-width: 480px) 100vw, 480px\" \/>\t\t<\/picture>\n\t\t                    <\/div>\n                                  <\/div>\n                          <\/div>\n            <div class=\"swiper-pagination\"><\/div>\n          <\/div>\n          <div class=\"swiper-prev swiper-nav-btn news-header-swiper-btn\"><\/div>\n          <div class=\"swiper-next swiper-nav-btn news-header-swiper-btn\"><\/div>\n        <\/div>\n      \n      <aside class=\"reference-rebrand-notice reference-rebrand-notice--detail\" aria-label=\"Note concernant le changement de raison sociale\">\n\t<span class=\"reference-rebrand-notice__eyebrow\">Maltech est mateco.<\/span>\n\t<strong class=\"reference-rebrand-notice__title\">Tout reste meilleur.<\/strong>\n<\/aside>\n    <\/div>\n\t\n\t<h1 class=\"text-md-center mt-50\">Monument int. de la R\u00e9formation, Gen\u00e8ve<\/h1>\n\n\t    <div class=\"row\">\n      <div class=\"col-md-10 offset-md-1 col-lg-8 offset-lg-2\">\n        <div class=\"rich-text lead mb-60 mb-md-100\">\n            <p>Le Mur des r\u00e9formateurs rappelle le rayonnement international de Gen\u00e8ve \u00e0 l\u2019\u00e9poque de la R\u00e9forme. Malheureusement, le monument a \u00e9t\u00e9 souill\u00e9 par des jets de peinture en juin 2019.<\/p>\n        <\/div>\n      <\/div>\n    <\/div>\n\t\n\t    <div class=\"row\">\n      <div class=\"col-12 mb-n40 mb-md-n60\">\n                  <div class=\"row mb-40 mb-md-60\">\n            <div class=\"text col-md-10 offset-md-1 col-lg-8 offset-lg-2\">\n\n\t\n\t    <div class=\"rich-text big-space-between\">\n\t\t\t<p>Le Mur des r\u00e9formateurs rappelle le rayonnement international de Gen\u00e8ve \u00e0 l\u2019\u00e9poque de la R\u00e9forme. Long d&rsquo;une centaine de m\u00e8tres, ces statues g\u00e9antes adoss\u00e9es aux anciennes murailles se situent pr\u00e8s du b\u00e2timent principal de l&rsquo;universit\u00e9. Malheureusement, le monument a \u00e9t\u00e9 souill\u00e9 par des jets de peinture en juin 2019. mateco s\u2019est rendu sur place avec un \u00e9l\u00e9vateur \u00e0 nacelle sur camion 284 TBE pour effectuer un nettoyage professionnel. L\u2019appareil a permis de r\u00e9aliser les travaux de mani\u00e8re efficace de sorte que le monument ait pu \u00eatre pr\u00e9sent\u00e9 \u00e0 nouveau dans toute sa splendeur peu de temps apr\u00e8s. Merci pour le grand engagement de notre machiniste Guillaume Schoutteten, qui a toujours trouv\u00e9 la position optimale gr\u00e2ce \u00e0 sa grande exp\u00e9rience.<\/p>\n    <\/div>\n\t\n\t\n<\/div>          <\/div>\n              <\/div>\n    <\/div>\n\t\n<\/div>\n","protected":false},"excerpt":{"rendered":"<p>Le Mur des r\u00e9formateurs rappelle le rayonnement international de Gen\u00e8ve \u00e0 l\u2019\u00e9poque de la R\u00e9forme. Malheureusement, le monument a \u00e9t\u00e9 souill\u00e9 par des jets de peinture en juin 2019. <\/p>\n","protected":false},"featured_media":4330,"template":"","application_areas_category":[],"class_list":["post-4343","references","type-references","status-publish","has-post-thumbnail","hentry"],"acf":[],"yoast_head":"<title>Monument int. de la R\u00e9formation, Gen\u00e8ve - mateco AG<\/title>\n<meta name=\"robots\" content=\"index, follow, max-snippet:-1, max-image-preview:large, max-video-preview:-1\" \/>\n<link rel=\"canonical\" href=\"https:\/\/www.mateco.ch\/fr\/societe\/references\/monument-int-de-la-reformation-geneve\/\" \/>\n<meta property=\"og:locale\" content=\"fr_FR\" \/>\n<meta property=\"og:type\" content=\"article\" \/>\n<meta property=\"og:title\" content=\"Monument int. de la R\u00e9formation, Gen\u00e8ve - mateco AG\" \/>\n<meta property=\"og:description\" content=\"Le Mur des r\u00e9formateurs rappelle le rayonnement international de Gen\u00e8ve \u00e0 l\u2019\u00e9poque de la R\u00e9forme. Malheureusement, le monument a \u00e9t\u00e9 souill\u00e9 par des jets de peinture en juin 2019.\" \/>\n<meta property=\"og:url\" content=\"https:\/\/www.mateco.ch\/fr\/societe\/references\/monument-int-de-la-reformation-geneve\/\" \/>\n<meta property=\"og:site_name\" content=\"mateco AG\" \/>\n<meta property=\"article:modified_time\" content=\"2026-09-01T07:57:31+00:00\" \/>\n<meta property=\"og:image\" content=\"https:\/\/www.mateco.ch\/wp-content\/uploads\/2024\/03\/img_2756-rotated.jpg\" \/>\n\t<meta property=\"og:image:width\" content=\"480\" \/>\n\t<meta property=\"og:image:height\" content=\"640\" \/>\n\t<meta property=\"og:image:type\" content=\"image\/jpeg\" \/>\n<meta name=\"twitter:card\" content=\"summary_large_image\" \/>\n<script type=\"application\/ld+json\" class=\"yoast-schema-graph\">{\"@context\":\"https:\\\/\\\/schema.org\",\"@graph\":[{\"@type\":\"WebPage\",\"@id\":\"https:\\\/\\\/www.mateco.ch\\\/fr\\\/societe\\\/references\\\/monument-int-de-la-reformation-geneve\\\/\",\"url\":\"https:\\\/\\\/www.mateco.ch\\\/fr\\\/societe\\\/references\\\/monument-int-de-la-reformation-geneve\\\/\",\"name\":\"Monument int. de la R\u00e9formation, Gen\u00e8ve - mateco AG\",\"isPartOf\":{\"@id\":\"https:\\\/\\\/www.mateco.ch\\\/fr\\\/#website\"},\"primaryImageOfPage\":{\"@id\":\"https:\\\/\\\/www.mateco.ch\\\/fr\\\/societe\\\/references\\\/monument-int-de-la-reformation-geneve\\\/#primaryimage\"},\"image\":{\"@id\":\"https:\\\/\\\/www.mateco.ch\\\/fr\\\/societe\\\/references\\\/monument-int-de-la-reformation-geneve\\\/#primaryimage\"},\"thumbnailUrl\":\"https:\\\/\\\/www.mateco.ch\\\/wp-content\\\/uploads\\\/2024\\\/03\\\/img_2756-rotated.jpg\",\"datePublished\":\"2024-03-05T15:20:23+00:00\",\"dateModified\":\"2026-09-01T07:57:31+00:00\",\"breadcrumb\":{\"@id\":\"https:\\\/\\\/www.mateco.ch\\\/fr\\\/societe\\\/references\\\/monument-int-de-la-reformation-geneve\\\/#breadcrumb\"},\"inLanguage\":\"fr-FR\",\"potentialAction\":[{\"@type\":\"ReadAction\",\"target\":[\"https:\\\/\\\/www.mateco.ch\\\/fr\\\/societe\\\/references\\\/monument-int-de-la-reformation-geneve\\\/\"]}]},{\"@type\":\"ImageObject\",\"inLanguage\":\"fr-FR\",\"@id\":\"https:\\\/\\\/www.mateco.ch\\\/fr\\\/societe\\\/references\\\/monument-int-de-la-reformation-geneve\\\/#primaryimage\",\"url\":\"https:\\\/\\\/www.mateco.ch\\\/wp-content\\\/uploads\\\/2024\\\/03\\\/img_2756-rotated.jpg\",\"contentUrl\":\"https:\\\/\\\/www.mateco.ch\\\/wp-content\\\/uploads\\\/2024\\\/03\\\/img_2756-rotated.jpg\",\"width\":480,\"height\":640},{\"@type\":\"BreadcrumbList\",\"@id\":\"https:\\\/\\\/www.mateco.ch\\\/fr\\\/societe\\\/references\\\/monument-int-de-la-reformation-geneve\\\/#breadcrumb\",\"itemListElement\":[{\"@type\":\"ListItem\",\"position\":1,\"name\":\"Home\",\"item\":\"https:\\\/\\\/www.mateco.ch\\\/fr\\\/home\\\/\"},{\"@type\":\"ListItem\",\"position\":2,\"name\":\"Monument int. de la R\u00e9formation, Gen\u00e8ve\"}]},{\"@type\":\"WebSite\",\"@id\":\"https:\\\/\\\/www.mateco.ch\\\/fr\\\/#website\",\"url\":\"https:\\\/\\\/www.mateco.ch\\\/fr\\\/\",\"name\":\"mateco AG\",\"description\":\"Ihr kompetenter Partner  rund um Arbeitsb\u00fchnen\",\"publisher\":{\"@id\":\"https:\\\/\\\/www.mateco.ch\\\/fr\\\/#organization\"},\"potentialAction\":[{\"@type\":\"SearchAction\",\"target\":{\"@type\":\"EntryPoint\",\"urlTemplate\":\"https:\\\/\\\/www.mateco.ch\\\/fr\\\/?s={search_term_string}\"},\"query-input\":{\"@type\":\"PropertyValueSpecification\",\"valueRequired\":true,\"valueName\":\"search_term_string\"}}],\"inLanguage\":\"fr-FR\"},{\"@type\":\"Organization\",\"@id\":\"https:\\\/\\\/www.mateco.ch\\\/fr\\\/#organization\",\"name\":\"mateco AG\",\"url\":\"https:\\\/\\\/www.mateco.ch\\\/fr\\\/\",\"logo\":{\"@type\":\"ImageObject\",\"inLanguage\":\"fr-FR\",\"@id\":\"https:\\\/\\\/www.mateco.ch\\\/fr\\\/#\\\/schema\\\/logo\\\/image\\\/\",\"url\":\"https:\\\/\\\/www.mateco.ch\\\/wp-content\\\/uploads\\\/2026\\\/07\\\/mateco_logo-scaled.png\",\"contentUrl\":\"https:\\\/\\\/www.mateco.ch\\\/wp-content\\\/uploads\\\/2026\\\/07\\\/mateco_logo-scaled.png\",\"width\":2560,\"height\":653,\"caption\":\"mateco AG\"},\"image\":{\"@id\":\"https:\\\/\\\/www.mateco.ch\\\/fr\\\/#\\\/schema\\\/logo\\\/image\\\/\"}}]}<\/script>","yoast_head_json":{"title":"Monument int. de la R\u00e9formation, Gen\u00e8ve - mateco AG","robots":{"index":"index","follow":"follow","max-snippet":"max-snippet:-1","max-image-preview":"max-image-preview:large","max-video-preview":"max-video-preview:-1"},"canonical":"https:\/\/www.mateco.ch\/fr\/societe\/references\/monument-int-de-la-reformation-geneve\/","og_locale":"fr_FR","og_type":"article","og_title":"Monument int. de la R\u00e9formation, Gen\u00e8ve - mateco AG","og_description":"Le Mur des r\u00e9formateurs rappelle le rayonnement international de Gen\u00e8ve \u00e0 l\u2019\u00e9poque de la R\u00e9forme. Malheureusement, le monument a \u00e9t\u00e9 souill\u00e9 par des jets de peinture en juin 2019.","og_url":"https:\/\/www.mateco.ch\/fr\/societe\/references\/monument-int-de-la-reformation-geneve\/","og_site_name":"mateco AG","article_modified_time":"2026-09-01T07:57:31+00:00","og_image":[{"width":480,"height":640,"url":"https:\/\/www.mateco.ch\/wp-content\/uploads\/2024\/03\/img_2756-rotated.jpg","type":"image\/jpeg"}],"twitter_card":"summary_large_image","schema":{"@context":"https:\/\/schema.org","@graph":[{"@type":"WebPage","@id":"https:\/\/www.mateco.ch\/fr\/societe\/references\/monument-int-de-la-reformation-geneve\/","url":"https:\/\/www.mateco.ch\/fr\/societe\/references\/monument-int-de-la-reformation-geneve\/","name":"Monument int. de la R\u00e9formation, Gen\u00e8ve - mateco AG","isPartOf":{"@id":"https:\/\/www.mateco.ch\/fr\/#website"},"primaryImageOfPage":{"@id":"https:\/\/www.mateco.ch\/fr\/societe\/references\/monument-int-de-la-reformation-geneve\/#primaryimage"},"image":{"@id":"https:\/\/www.mateco.ch\/fr\/societe\/references\/monument-int-de-la-reformation-geneve\/#primaryimage"},"thumbnailUrl":"https:\/\/www.mateco.ch\/wp-content\/uploads\/2024\/03\/img_2756-rotated.jpg","datePublished":"2024-03-05T15:20:23+00:00","dateModified":"2026-09-01T07:57:31+00:00","breadcrumb":{"@id":"https:\/\/www.mateco.ch\/fr\/societe\/references\/monument-int-de-la-reformation-geneve\/#breadcrumb"},"inLanguage":"fr-FR","potentialAction":[{"@type":"ReadAction","target":["https:\/\/www.mateco.ch\/fr\/societe\/references\/monument-int-de-la-reformation-geneve\/"]}]},{"@type":"ImageObject","inLanguage":"fr-FR","@id":"https:\/\/www.mateco.ch\/fr\/societe\/references\/monument-int-de-la-reformation-geneve\/#primaryimage","url":"https:\/\/www.mateco.ch\/wp-content\/uploads\/2024\/03\/img_2756-rotated.jpg","contentUrl":"https:\/\/www.mateco.ch\/wp-content\/uploads\/2024\/03\/img_2756-rotated.jpg","width":480,"height":640},{"@type":"BreadcrumbList","@id":"https:\/\/www.mateco.ch\/fr\/societe\/references\/monument-int-de-la-reformation-geneve\/#breadcrumb","itemListElement":[{"@type":"ListItem","position":1,"name":"Home","item":"https:\/\/www.mateco.ch\/fr\/home\/"},{"@type":"ListItem","position":2,"name":"Monument int. de la R\u00e9formation, Gen\u00e8ve"}]},{"@type":"WebSite","@id":"https:\/\/www.mateco.ch\/fr\/#website","url":"https:\/\/www.mateco.ch\/fr\/","name":"mateco AG","description":"Ihr kompetenter Partner  rund um Arbeitsb\u00fchnen","publisher":{"@id":"https:\/\/www.mateco.ch\/fr\/#organization"},"potentialAction":[{"@type":"SearchAction","target":{"@type":"EntryPoint","urlTemplate":"https:\/\/www.mateco.ch\/fr\/?s={search_term_string}"},"query-input":{"@type":"PropertyValueSpecification","valueRequired":true,"valueName":"search_term_string"}}],"inLanguage":"fr-FR"},{"@type":"Organization","@id":"https:\/\/www.mateco.ch\/fr\/#organization","name":"mateco AG","url":"https:\/\/www.mateco.ch\/fr\/","logo":{"@type":"ImageObject","inLanguage":"fr-FR","@id":"https:\/\/www.mateco.ch\/fr\/#\/schema\/logo\/image\/","url":"https:\/\/www.mateco.ch\/wp-content\/uploads\/2026\/07\/mateco_logo-scaled.png","contentUrl":"https:\/\/www.mateco.ch\/wp-content\/uploads\/2026\/07\/mateco_logo-scaled.png","width":2560,"height":653,"caption":"mateco AG"},"image":{"@id":"https:\/\/www.mateco.ch\/fr\/#\/schema\/logo\/image\/"}}]}},"_links":{"self":[{"href":"https:\/\/www.mateco.ch\/fr\/wp-json\/wp\/v2\/references\/4343","targetHints":{"allow":["GET"]}}],"collection":[{"href":"https:\/\/www.mateco.ch\/fr\/wp-json\/wp\/v2\/references"}],"about":[{"href":"https:\/\/www.mateco.ch\/fr\/wp-json\/wp\/v2\/types\/references"}],"version-history":[{"count":2,"href":"https:\/\/www.mateco.ch\/fr\/wp-json\/wp\/v2\/references\/4343\/revisions"}],"predecessor-version":[{"id":15538,"href":"https:\/\/www.mateco.ch\/fr\/wp-json\/wp\/v2\/references\/4343\/revisions\/15538"}],"wp:featuredmedia":[{"embeddable":true,"href":"https:\/\/www.mateco.ch\/fr\/wp-json\/wp\/v2\/media\/4330"}],"wp:attachment":[{"href":"https:\/\/www.mateco.ch\/fr\/wp-json\/wp\/v2\/media?parent=4343"}],"wp:term":[{"taxonomy":"application_areas_category","embeddable":true,"href":"https:\/\/www.mateco.ch\/fr\/wp-json\/wp\/v2\/application_areas_category?post=4343"}],"curies":[{"name":"wp","href":"https:\/\/api.w.org\/{rel}","templated":true}]}}