{"id":4353,"date":"2024-03-05T16:23:40","date_gmt":"2024-03-05T15:23:40","guid":{"rendered":"https:\/\/staging.maltech.ch\/unternehmen\/referenzen\/wohn-buerogebaeude-emmenbruecke\/"},"modified":"2024-03-23T14:56:31","modified_gmt":"2024-03-23T13:56:31","slug":"immeuble-locatif-et-de-bureaux-emmenbruecke","status":"publish","type":"references","link":"https:\/\/www.mateco.ch\/fr\/societe\/references\/immeuble-locatif-et-de-bureaux-emmenbruecke\/","title":{"rendered":"Immeuble locatif et de bureaux, Emmenbr\u00fccke"},"content":{"rendered":"<div class=\"container global-content-styles\">\n\n\t<div class=\"button-group d-inline-flex mt-0 mb-30\">\n\t<a href=\"\/fr\/societe-2\/references\/\" target=\"\" title=\"Retour aux r\u00e9sultats\" class=\"btn btn-primary btn-bg-mateco_red \" >\n\n  <i class=\"icon-chevron\"><\/i>\n      <span class=\"btn-text\">Retour aux r\u00e9sultats<\/span>\n  \n  \n<\/a>\n<\/div>\n\t    <div class=\"reference-media\">\n              <div class=\"position-relative swiper-maltech-style reference-detail-slider\">\n          <div class=\"swiper news-header-swiper\">\n            <div class=\"swiper-wrapper\">\n                              <div class=\"swiper-slide\">\n                                      <div class=\"img-wrapper\">\n                      \t\t<picture>\n\t\t\t\n\t\t\t<img width=\"768\" height=\"1024\" src=\"https:\/\/www.mateco.ch\/wp-content\/uploads\/2024\/03\/img_3886-768x1024.jpg\" class=\"w-full h-auto\" alt=\"\" loading=\"lazy\" decoding=\"async\" srcset=\"https:\/\/www.mateco.ch\/wp-content\/uploads\/2024\/03\/img_3886-768x1024.jpg 768w, https:\/\/www.mateco.ch\/wp-content\/uploads\/2024\/03\/img_3886-225x300.jpg 225w, https:\/\/www.mateco.ch\/wp-content\/uploads\/2024\/03\/img_3886-1152x1536.jpg 1152w, https:\/\/www.mateco.ch\/wp-content\/uploads\/2024\/03\/img_3886-1536x2048.jpg 1536w, https:\/\/www.mateco.ch\/wp-content\/uploads\/2024\/03\/img_3886-scaled.jpg 1920w\" sizes=\"auto, (max-width: 768px) 100vw, 768px\" \/>\t\t<\/picture>\n\t\t                    <\/div>\n                                  <\/div>\n                              <div class=\"swiper-slide\">\n                                      <div class=\"img-wrapper\">\n                      \t\t<picture>\n\t\t\t\n\t\t\t<img width=\"768\" height=\"1024\" src=\"https:\/\/www.mateco.ch\/wp-content\/uploads\/2024\/03\/img_3887-768x1024.jpg\" class=\"w-full h-auto\" alt=\"\" loading=\"lazy\" decoding=\"async\" srcset=\"https:\/\/www.mateco.ch\/wp-content\/uploads\/2024\/03\/img_3887-768x1024.jpg 768w, https:\/\/www.mateco.ch\/wp-content\/uploads\/2024\/03\/img_3887-225x300.jpg 225w, https:\/\/www.mateco.ch\/wp-content\/uploads\/2024\/03\/img_3887-1152x1536.jpg 1152w, https:\/\/www.mateco.ch\/wp-content\/uploads\/2024\/03\/img_3887-1536x2048.jpg 1536w, https:\/\/www.mateco.ch\/wp-content\/uploads\/2024\/03\/img_3887-scaled.jpg 1920w\" sizes=\"auto, (max-width: 768px) 100vw, 768px\" \/>\t\t<\/picture>\n\t\t                    <\/div>\n                                  <\/div>\n                          <\/div>\n            <div class=\"swiper-pagination\"><\/div>\n          <\/div>\n          <div class=\"swiper-prev swiper-nav-btn news-header-swiper-btn\"><\/div>\n          <div class=\"swiper-next swiper-nav-btn news-header-swiper-btn\"><\/div>\n        <\/div>\n      \n      <aside class=\"reference-rebrand-notice reference-rebrand-notice--detail\" aria-label=\"Note concernant le changement de raison sociale\">\n\t<span class=\"reference-rebrand-notice__eyebrow\">Maltech est mateco.<\/span>\n\t<strong class=\"reference-rebrand-notice__title\">Tout reste meilleur.<\/strong>\n<\/aside>\n    <\/div>\n\t\n\t<h1 class=\"text-md-center mt-50\">Immeuble locatif et de bureaux, Emmenbr\u00fccke<\/h1>\n\n\t    <div class=\"row\">\n      <div class=\"col-md-10 offset-md-1 col-lg-8 offset-lg-2\">\n        <div class=\"rich-text lead mb-60 mb-md-100\">\n            <p>Le conduit d\u2019a\u00e9ration d&rsquo;un immeuble locatif et de bureaux \u00e0 Emmenbr\u00fccke devait \u00eatre r\u00e9par\u00e9.<\/p>\n        <\/div>\n      <\/div>\n    <\/div>\n\t\n\t    <div class=\"row\">\n      <div class=\"col-12 mb-n40 mb-md-n60\">\n                  <div class=\"row mb-40 mb-md-60\">\n            <div class=\"text col-md-10 offset-md-1 col-lg-8 offset-lg-2\">\n\n\t\n\t    <div class=\"rich-text big-space-between\">\n\t\t\t<p>Le conduit d\u2019a\u00e9ration d&rsquo;un immeuble locatif et de bureaux \u00e0 Emmenbr\u00fccke devait \u00eatre r\u00e9par\u00e9. Le site en question se trouve \u00e0 un emplacement particuli\u00e8rement inaccessible, sur une route tr\u00e8s fr\u00e9quent\u00e9e, et des poteaux \u00e9lectriques et des fils de tension alentours. La structure sp\u00e9ciale avec un socle en porte-\u00e0-faux compl\u00e9tait ce tableau d\u2019une situation tr\u00e8s difficile. Que faire ? L\u2019intervention s\u2019est faite avec un \u00e9l\u00e9vateur sur camion avec un bras \u00e0 nacelle appropri\u00e9. Cette op\u00e9ration a exig\u00e9 un travail de pr\u00e9cision, au centim\u00e8tre pr\u00e8s, et beaucoup de patience. Finalement, tout s&rsquo;est d\u00e9roul\u00e9 de mani\u00e8re optimale.<\/p>\n    <\/div>\n\t\n\t\n<\/div>          <\/div>\n                  <div class=\"row mb-40 mb-md-60\">\n            <div class=\"cta-team col-12\">\n\n  \n  <div class=\"bg-yellow\">\n\t  \t  <div class=\"cta-team d-flex flex-column flex-md-row\">\n      <div class=\"img-wrapper\">\n\t\t  <img width=\"610\" height=\"610\" src=\"https:\/\/www.mateco.ch\/wp-content\/uploads\/2024\/03\/Benno_Betschart_2024_610x610px.jpg\" class=\"h-100\" alt=\"\" loading=\"lazy\" decoding=\"async\" srcset=\"https:\/\/www.mateco.ch\/wp-content\/uploads\/2024\/03\/Benno_Betschart_2024_610x610px.jpg 610w, https:\/\/www.mateco.ch\/wp-content\/uploads\/2024\/03\/Benno_Betschart_2024_610x610px-150x150.jpg 150w, https:\/\/www.mateco.ch\/wp-content\/uploads\/2024\/03\/Benno_Betschart_2024_610x610px-300x300.jpg 300w\" sizes=\"auto, (max-width: 610px) 100vw, 610px\" \/>    <\/div>\n  \t<div class=\"content p-20 p-md-40 p-lg-60 yellow d-flex align-items-center flex-fill\">\n    <div>\n\t    <h3 class=\"mb-10\">Chef de projet<\/h3>\n      <div class=\"rich-text\">\n                <p><span class=\"fw-700\">Benno Betschart, <\/span>Chef de projet<\/p>\n      <\/div>\n\t    <div class=\"button-group d-flex flex-column flex-lg-row mt-30\">\n\t<a href=\"mailto:projektleiter-ost@mateco.ch\" target=\"\" title=\"projektleiter-ost@mateco.ch\" class=\"btn btn-bg-mateco_red \" >\n\n  <i class=\"icon-mail\"><\/i>\n      <span class=\"btn-text\">projektleiter-ost@mateco.ch<\/span>\n  \n  \n<\/a>\n<a href=\"tel:0412810311\" target=\"\" title=\"041 281 03 11\" class=\"btn btn-bg-blue \" >\n\n  <i class=\"icon-phone\"><\/i>\n      <span class=\"btn-text\">041 281 03 11<\/span>\n  \n  \n<\/a>\n<\/div>    <\/div>\n\t<\/div>\n<\/div>\n  <\/div>\n<\/div>          <\/div>\n              <\/div>\n    <\/div>\n\t\n<\/div>\n","protected":false},"excerpt":{"rendered":"<p>Le conduit d\u2019a\u00e9ration d&rsquo;un immeuble locatif et de bureaux \u00e0 Emmenbr\u00fccke devait \u00eatre r\u00e9par\u00e9.<\/p>\n","protected":false},"featured_media":4349,"template":"","application_areas_category":[106],"class_list":["post-4353","references","type-references","status-publish","has-post-thumbnail","hentry","application_areas_category-facility-management-und-gebaeudetechnik-fr"],"acf":[],"yoast_head":"<title>Immeuble locatif et de bureaux, Emmenbr\u00fccke - mateco AG<\/title>\n<meta name=\"robots\" content=\"index, follow, max-snippet:-1, max-image-preview:large, max-video-preview:-1\" \/>\n<link rel=\"canonical\" href=\"https:\/\/www.mateco.ch\/fr\/societe\/references\/immeuble-locatif-et-de-bureaux-emmenbruecke\/\" \/>\n<meta property=\"og:locale\" content=\"fr_FR\" \/>\n<meta property=\"og:type\" content=\"article\" \/>\n<meta property=\"og:title\" content=\"Immeuble locatif et de bureaux, Emmenbr\u00fccke - mateco AG\" \/>\n<meta property=\"og:description\" content=\"Le conduit d\u2019a\u00e9ration d&#039;un immeuble locatif et de bureaux \u00e0 Emmenbr\u00fccke devait \u00eatre r\u00e9par\u00e9.\" \/>\n<meta property=\"og:url\" content=\"https:\/\/www.mateco.ch\/fr\/societe\/references\/immeuble-locatif-et-de-bureaux-emmenbruecke\/\" \/>\n<meta property=\"og:site_name\" content=\"mateco AG\" \/>\n<meta property=\"article:modified_time\" content=\"2024-03-23T13:56:31+00:00\" \/>\n<meta property=\"og:image\" content=\"https:\/\/www.mateco.ch\/wp-content\/uploads\/2024\/03\/img_3886-scaled.jpg\" \/>\n\t<meta property=\"og:image:width\" content=\"1920\" \/>\n\t<meta property=\"og:image:height\" content=\"2560\" \/>\n\t<meta property=\"og:image:type\" content=\"image\/jpeg\" \/>\n<meta name=\"twitter:card\" content=\"summary_large_image\" \/>\n<script type=\"application\/ld+json\" class=\"yoast-schema-graph\">{\"@context\":\"https:\\\/\\\/schema.org\",\"@graph\":[{\"@type\":\"WebPage\",\"@id\":\"https:\\\/\\\/www.mateco.ch\\\/fr\\\/societe\\\/references\\\/immeuble-locatif-et-de-bureaux-emmenbruecke\\\/\",\"url\":\"https:\\\/\\\/www.mateco.ch\\\/fr\\\/societe\\\/references\\\/immeuble-locatif-et-de-bureaux-emmenbruecke\\\/\",\"name\":\"Immeuble locatif et de bureaux, Emmenbr\u00fccke - mateco AG\",\"isPartOf\":{\"@id\":\"https:\\\/\\\/www.mateco.ch\\\/fr\\\/#website\"},\"primaryImageOfPage\":{\"@id\":\"https:\\\/\\\/www.mateco.ch\\\/fr\\\/societe\\\/references\\\/immeuble-locatif-et-de-bureaux-emmenbruecke\\\/#primaryimage\"},\"image\":{\"@id\":\"https:\\\/\\\/www.mateco.ch\\\/fr\\\/societe\\\/references\\\/immeuble-locatif-et-de-bureaux-emmenbruecke\\\/#primaryimage\"},\"thumbnailUrl\":\"https:\\\/\\\/www.mateco.ch\\\/wp-content\\\/uploads\\\/2024\\\/03\\\/img_3886-scaled.jpg\",\"datePublished\":\"2024-03-05T15:23:40+00:00\",\"dateModified\":\"2024-03-23T13:56:31+00:00\",\"breadcrumb\":{\"@id\":\"https:\\\/\\\/www.mateco.ch\\\/fr\\\/societe\\\/references\\\/immeuble-locatif-et-de-bureaux-emmenbruecke\\\/#breadcrumb\"},\"inLanguage\":\"fr-FR\",\"potentialAction\":[{\"@type\":\"ReadAction\",\"target\":[\"https:\\\/\\\/www.mateco.ch\\\/fr\\\/societe\\\/references\\\/immeuble-locatif-et-de-bureaux-emmenbruecke\\\/\"]}]},{\"@type\":\"ImageObject\",\"inLanguage\":\"fr-FR\",\"@id\":\"https:\\\/\\\/www.mateco.ch\\\/fr\\\/societe\\\/references\\\/immeuble-locatif-et-de-bureaux-emmenbruecke\\\/#primaryimage\",\"url\":\"https:\\\/\\\/www.mateco.ch\\\/wp-content\\\/uploads\\\/2024\\\/03\\\/img_3886-scaled.jpg\",\"contentUrl\":\"https:\\\/\\\/www.mateco.ch\\\/wp-content\\\/uploads\\\/2024\\\/03\\\/img_3886-scaled.jpg\",\"width\":1920,\"height\":2560},{\"@type\":\"BreadcrumbList\",\"@id\":\"https:\\\/\\\/www.mateco.ch\\\/fr\\\/societe\\\/references\\\/immeuble-locatif-et-de-bureaux-emmenbruecke\\\/#breadcrumb\",\"itemListElement\":[{\"@type\":\"ListItem\",\"position\":1,\"name\":\"Home\",\"item\":\"https:\\\/\\\/www.mateco.ch\\\/fr\\\/home\\\/\"},{\"@type\":\"ListItem\",\"position\":2,\"name\":\"Immeuble locatif et de bureaux, Emmenbr\u00fccke\"}]},{\"@type\":\"WebSite\",\"@id\":\"https:\\\/\\\/www.mateco.ch\\\/fr\\\/#website\",\"url\":\"https:\\\/\\\/www.mateco.ch\\\/fr\\\/\",\"name\":\"mateco AG\",\"description\":\"Ihr kompetenter Partner  rund um Arbeitsb\u00fchnen\",\"publisher\":{\"@id\":\"https:\\\/\\\/www.mateco.ch\\\/fr\\\/#organization\"},\"potentialAction\":[{\"@type\":\"SearchAction\",\"target\":{\"@type\":\"EntryPoint\",\"urlTemplate\":\"https:\\\/\\\/www.mateco.ch\\\/fr\\\/?s={search_term_string}\"},\"query-input\":{\"@type\":\"PropertyValueSpecification\",\"valueRequired\":true,\"valueName\":\"search_term_string\"}}],\"inLanguage\":\"fr-FR\"},{\"@type\":\"Organization\",\"@id\":\"https:\\\/\\\/www.mateco.ch\\\/fr\\\/#organization\",\"name\":\"mateco AG\",\"url\":\"https:\\\/\\\/www.mateco.ch\\\/fr\\\/\",\"logo\":{\"@type\":\"ImageObject\",\"inLanguage\":\"fr-FR\",\"@id\":\"https:\\\/\\\/www.mateco.ch\\\/fr\\\/#\\\/schema\\\/logo\\\/image\\\/\",\"url\":\"https:\\\/\\\/www.mateco.ch\\\/wp-content\\\/uploads\\\/2026\\\/07\\\/mateco_logo-scaled.png\",\"contentUrl\":\"https:\\\/\\\/www.mateco.ch\\\/wp-content\\\/uploads\\\/2026\\\/07\\\/mateco_logo-scaled.png\",\"width\":2560,\"height\":653,\"caption\":\"mateco AG\"},\"image\":{\"@id\":\"https:\\\/\\\/www.mateco.ch\\\/fr\\\/#\\\/schema\\\/logo\\\/image\\\/\"}}]}<\/script>","yoast_head_json":{"title":"Immeuble locatif et de bureaux, Emmenbr\u00fccke - mateco AG","robots":{"index":"index","follow":"follow","max-snippet":"max-snippet:-1","max-image-preview":"max-image-preview:large","max-video-preview":"max-video-preview:-1"},"canonical":"https:\/\/www.mateco.ch\/fr\/societe\/references\/immeuble-locatif-et-de-bureaux-emmenbruecke\/","og_locale":"fr_FR","og_type":"article","og_title":"Immeuble locatif et de bureaux, Emmenbr\u00fccke - mateco AG","og_description":"Le conduit d\u2019a\u00e9ration d'un immeuble locatif et de bureaux \u00e0 Emmenbr\u00fccke devait \u00eatre r\u00e9par\u00e9.","og_url":"https:\/\/www.mateco.ch\/fr\/societe\/references\/immeuble-locatif-et-de-bureaux-emmenbruecke\/","og_site_name":"mateco AG","article_modified_time":"2024-03-23T13:56:31+00:00","og_image":[{"width":1920,"height":2560,"url":"https:\/\/www.mateco.ch\/wp-content\/uploads\/2024\/03\/img_3886-scaled.jpg","type":"image\/jpeg"}],"twitter_card":"summary_large_image","schema":{"@context":"https:\/\/schema.org","@graph":[{"@type":"WebPage","@id":"https:\/\/www.mateco.ch\/fr\/societe\/references\/immeuble-locatif-et-de-bureaux-emmenbruecke\/","url":"https:\/\/www.mateco.ch\/fr\/societe\/references\/immeuble-locatif-et-de-bureaux-emmenbruecke\/","name":"Immeuble locatif et de bureaux, Emmenbr\u00fccke - mateco AG","isPartOf":{"@id":"https:\/\/www.mateco.ch\/fr\/#website"},"primaryImageOfPage":{"@id":"https:\/\/www.mateco.ch\/fr\/societe\/references\/immeuble-locatif-et-de-bureaux-emmenbruecke\/#primaryimage"},"image":{"@id":"https:\/\/www.mateco.ch\/fr\/societe\/references\/immeuble-locatif-et-de-bureaux-emmenbruecke\/#primaryimage"},"thumbnailUrl":"https:\/\/www.mateco.ch\/wp-content\/uploads\/2024\/03\/img_3886-scaled.jpg","datePublished":"2024-03-05T15:23:40+00:00","dateModified":"2024-03-23T13:56:31+00:00","breadcrumb":{"@id":"https:\/\/www.mateco.ch\/fr\/societe\/references\/immeuble-locatif-et-de-bureaux-emmenbruecke\/#breadcrumb"},"inLanguage":"fr-FR","potentialAction":[{"@type":"ReadAction","target":["https:\/\/www.mateco.ch\/fr\/societe\/references\/immeuble-locatif-et-de-bureaux-emmenbruecke\/"]}]},{"@type":"ImageObject","inLanguage":"fr-FR","@id":"https:\/\/www.mateco.ch\/fr\/societe\/references\/immeuble-locatif-et-de-bureaux-emmenbruecke\/#primaryimage","url":"https:\/\/www.mateco.ch\/wp-content\/uploads\/2024\/03\/img_3886-scaled.jpg","contentUrl":"https:\/\/www.mateco.ch\/wp-content\/uploads\/2024\/03\/img_3886-scaled.jpg","width":1920,"height":2560},{"@type":"BreadcrumbList","@id":"https:\/\/www.mateco.ch\/fr\/societe\/references\/immeuble-locatif-et-de-bureaux-emmenbruecke\/#breadcrumb","itemListElement":[{"@type":"ListItem","position":1,"name":"Home","item":"https:\/\/www.mateco.ch\/fr\/home\/"},{"@type":"ListItem","position":2,"name":"Immeuble locatif et de bureaux, Emmenbr\u00fccke"}]},{"@type":"WebSite","@id":"https:\/\/www.mateco.ch\/fr\/#website","url":"https:\/\/www.mateco.ch\/fr\/","name":"mateco AG","description":"Ihr kompetenter Partner  rund um Arbeitsb\u00fchnen","publisher":{"@id":"https:\/\/www.mateco.ch\/fr\/#organization"},"potentialAction":[{"@type":"SearchAction","target":{"@type":"EntryPoint","urlTemplate":"https:\/\/www.mateco.ch\/fr\/?s={search_term_string}"},"query-input":{"@type":"PropertyValueSpecification","valueRequired":true,"valueName":"search_term_string"}}],"inLanguage":"fr-FR"},{"@type":"Organization","@id":"https:\/\/www.mateco.ch\/fr\/#organization","name":"mateco AG","url":"https:\/\/www.mateco.ch\/fr\/","logo":{"@type":"ImageObject","inLanguage":"fr-FR","@id":"https:\/\/www.mateco.ch\/fr\/#\/schema\/logo\/image\/","url":"https:\/\/www.mateco.ch\/wp-content\/uploads\/2026\/07\/mateco_logo-scaled.png","contentUrl":"https:\/\/www.mateco.ch\/wp-content\/uploads\/2026\/07\/mateco_logo-scaled.png","width":2560,"height":653,"caption":"mateco AG"},"image":{"@id":"https:\/\/www.mateco.ch\/fr\/#\/schema\/logo\/image\/"}}]}},"_links":{"self":[{"href":"https:\/\/www.mateco.ch\/fr\/wp-json\/wp\/v2\/references\/4353","targetHints":{"allow":["GET"]}}],"collection":[{"href":"https:\/\/www.mateco.ch\/fr\/wp-json\/wp\/v2\/references"}],"about":[{"href":"https:\/\/www.mateco.ch\/fr\/wp-json\/wp\/v2\/types\/references"}],"version-history":[{"count":1,"href":"https:\/\/www.mateco.ch\/fr\/wp-json\/wp\/v2\/references\/4353\/revisions"}],"predecessor-version":[{"id":4354,"href":"https:\/\/www.mateco.ch\/fr\/wp-json\/wp\/v2\/references\/4353\/revisions\/4354"}],"wp:featuredmedia":[{"embeddable":true,"href":"https:\/\/www.mateco.ch\/fr\/wp-json\/wp\/v2\/media\/4349"}],"wp:attachment":[{"href":"https:\/\/www.mateco.ch\/fr\/wp-json\/wp\/v2\/media?parent=4353"}],"wp:term":[{"taxonomy":"application_areas_category","embeddable":true,"href":"https:\/\/www.mateco.ch\/fr\/wp-json\/wp\/v2\/application_areas_category?post=4353"}],"curies":[{"name":"wp","href":"https:\/\/api.w.org\/{rel}","templated":true}]}}