{"id":4377,"date":"2024-03-05T17:24:51","date_gmt":"2024-03-05T16:24:51","guid":{"rendered":"https:\/\/staging.maltech.ch\/unternehmen\/referenzen\/sentikirche-luzern\/"},"modified":"2024-03-23T14:55:53","modified_gmt":"2024-03-23T13:55:53","slug":"eglise-sentikirche-lucerne","status":"publish","type":"references","link":"https:\/\/www.mateco.ch\/fr\/societe\/references\/eglise-sentikirche-lucerne\/","title":{"rendered":"\u00c9glise \u00abSentikirche\u00bb, Lucerne"},"content":{"rendered":"<div class=\"container global-content-styles\">\n\n\t<div class=\"button-group d-inline-flex mt-0 mb-30\">\n\t<a href=\"\/fr\/societe-2\/references\/\" target=\"\" title=\"Retour aux r\u00e9sultats\" class=\"btn btn-primary btn-bg-mateco_red \" >\n\n  <i class=\"icon-chevron\"><\/i>\n      <span class=\"btn-text\">Retour aux r\u00e9sultats<\/span>\n  \n  \n<\/a>\n<\/div>\n\t    <div class=\"reference-media\">\n              <div class=\"position-relative swiper-maltech-style reference-detail-slider\">\n          <div class=\"swiper news-header-swiper\">\n            <div class=\"swiper-wrapper\">\n                              <div class=\"swiper-slide\">\n                                      <div class=\"img-wrapper\">\n                      \t\t<picture>\n\t\t\t\n\t\t\t<img width=\"768\" height=\"1024\" src=\"https:\/\/www.mateco.ch\/wp-content\/uploads\/2024\/03\/img_4362-768x1024.jpg\" class=\"w-full h-auto\" alt=\"\" loading=\"lazy\" decoding=\"async\" srcset=\"https:\/\/www.mateco.ch\/wp-content\/uploads\/2024\/03\/img_4362-768x1024.jpg 768w, https:\/\/www.mateco.ch\/wp-content\/uploads\/2024\/03\/img_4362-225x300.jpg 225w, https:\/\/www.mateco.ch\/wp-content\/uploads\/2024\/03\/img_4362-1152x1536.jpg 1152w, https:\/\/www.mateco.ch\/wp-content\/uploads\/2024\/03\/img_4362-1536x2048.jpg 1536w, https:\/\/www.mateco.ch\/wp-content\/uploads\/2024\/03\/img_4362-scaled.jpg 1920w\" sizes=\"auto, (max-width: 768px) 100vw, 768px\" \/>\t\t<\/picture>\n\t\t                    <\/div>\n                                  <\/div>\n                              <div class=\"swiper-slide\">\n                                      <div class=\"img-wrapper\">\n                      \t\t<picture>\n\t\t\t\n\t\t\t<img width=\"768\" height=\"1024\" src=\"https:\/\/www.mateco.ch\/wp-content\/uploads\/2024\/03\/img_4366-768x1024.jpg\" class=\"w-full h-auto\" alt=\"\" loading=\"lazy\" decoding=\"async\" srcset=\"https:\/\/www.mateco.ch\/wp-content\/uploads\/2024\/03\/img_4366-768x1024.jpg 768w, https:\/\/www.mateco.ch\/wp-content\/uploads\/2024\/03\/img_4366-225x300.jpg 225w, https:\/\/www.mateco.ch\/wp-content\/uploads\/2024\/03\/img_4366-1152x1536.jpg 1152w, https:\/\/www.mateco.ch\/wp-content\/uploads\/2024\/03\/img_4366-1536x2048.jpg 1536w, https:\/\/www.mateco.ch\/wp-content\/uploads\/2024\/03\/img_4366-scaled.jpg 1920w\" sizes=\"auto, (max-width: 768px) 100vw, 768px\" \/>\t\t<\/picture>\n\t\t                    <\/div>\n                                  <\/div>\n                              <div class=\"swiper-slide\">\n                                      <div class=\"img-wrapper\">\n                      \t\t<picture>\n\t\t\t\n\t\t\t<img width=\"768\" height=\"1024\" src=\"https:\/\/www.mateco.ch\/wp-content\/uploads\/2024\/03\/img_4364-768x1024.jpg\" class=\"w-full h-auto\" alt=\"\" loading=\"lazy\" decoding=\"async\" srcset=\"https:\/\/www.mateco.ch\/wp-content\/uploads\/2024\/03\/img_4364-768x1024.jpg 768w, https:\/\/www.mateco.ch\/wp-content\/uploads\/2024\/03\/img_4364-225x300.jpg 225w, https:\/\/www.mateco.ch\/wp-content\/uploads\/2024\/03\/img_4364-1152x1536.jpg 1152w, https:\/\/www.mateco.ch\/wp-content\/uploads\/2024\/03\/img_4364-1536x2048.jpg 1536w, https:\/\/www.mateco.ch\/wp-content\/uploads\/2024\/03\/img_4364-scaled.jpg 1920w\" sizes=\"auto, (max-width: 768px) 100vw, 768px\" \/>\t\t<\/picture>\n\t\t                    <\/div>\n                                  <\/div>\n                          <\/div>\n            <div class=\"swiper-pagination\"><\/div>\n          <\/div>\n          <div class=\"swiper-prev swiper-nav-btn news-header-swiper-btn\"><\/div>\n          <div class=\"swiper-next swiper-nav-btn news-header-swiper-btn\"><\/div>\n        <\/div>\n      \n      <aside class=\"reference-rebrand-notice reference-rebrand-notice--detail\" aria-label=\"Note concernant le changement de raison sociale\">\n\t<span class=\"reference-rebrand-notice__eyebrow\">Maltech est mateco.<\/span>\n\t<strong class=\"reference-rebrand-notice__title\">Tout reste meilleur.<\/strong>\n<\/aside>\n    <\/div>\n\t\n\t<h1 class=\"text-md-center mt-50\">\u00c9glise \u00abSentikirche\u00bb, Lucerne<\/h1>\n\n\t    <div class=\"row\">\n      <div class=\"col-md-10 offset-md-1 col-lg-8 offset-lg-2\">\n        <div class=\"rich-text lead mb-60 mb-md-100\">\n            <p>Selon les annales, l\u2019existence de la \u00abSentikirche\u00bb \u00e0 Lucerne remonte au Moyen \u00c2ge. L&rsquo;\u00e9difice actuel s\u2019int\u00e8gre de fa\u00e7on \u00e9l\u00e9gante dans le lieu et les b\u00e2timents adjacents. Dans le cadre de r\u00e9cents travaux de r\u00e9novation, il s\u2019agissait entre autres de repeindre le clocher.<\/p>\n        <\/div>\n      <\/div>\n    <\/div>\n\t\n\t    <div class=\"row\">\n      <div class=\"col-12 mb-n40 mb-md-n60\">\n                  <div class=\"row mb-40 mb-md-60\">\n            <div class=\"text col-md-10 offset-md-1 col-lg-8 offset-lg-2\">\n\n\t\n\t    <div class=\"rich-text big-space-between\">\n\t\t\t<p>Selon les annales, l\u2019existence de la \u00abSentikirche\u00bb situ\u00e9 \u00e0 la p\u00e9riph\u00e9rie de la ville de Lucerne remonte au Moyen \u00c2ge, o\u00f9 se trouvait \u00e0 cet endroit une maladi\u00e8re. L&rsquo;\u00e9difice actuel a finalement \u00e9t\u00e9 \u00e9rig\u00e9 au d\u00e9but du XIXe si\u00e8cle. L\u2019\u00e9glise s\u2019int\u00e8gre de fa\u00e7on discr\u00e8te et \u00e9l\u00e9gante dans le lieu et les b\u00e2timents adjacents. Dans le cadre de r\u00e9cents travaux de r\u00e9novation, il s\u2019agissait entre autres de repeindre le clocher. Le choix id\u00e9al pour atteindre la tour difficile d&rsquo;acc\u00e8s depuis le parvis \u00e9tait l\u2019\u00e9l\u00e9vateur \u00e0 nacelle sur camion S 47 XR. Ainsi, les travaux de peinture ont pu \u00eatre r\u00e9alis\u00e9s avec efficacit\u00e9 et grand soin. La vue \u00e9tait magnifique jusqu\u2019au \u00abCh\u00e2teau G\u00fctsch\u00bb.<\/p>\n    <\/div>\n\t\n\t\n<\/div>          <\/div>\n                  <div class=\"row mb-40 mb-md-60\">\n            <div class=\"cta-team col-12\">\n\n  \n  <div class=\"bg-yellow\">\n\t  \t  <div class=\"cta-team d-flex flex-column flex-md-row\">\n      <div class=\"img-wrapper\">\n\t\t  <img width=\"610\" height=\"610\" src=\"https:\/\/www.mateco.ch\/wp-content\/uploads\/2024\/03\/Benno_Betschart_2024_610x610px.jpg\" class=\"h-100\" alt=\"\" loading=\"lazy\" decoding=\"async\" srcset=\"https:\/\/www.mateco.ch\/wp-content\/uploads\/2024\/03\/Benno_Betschart_2024_610x610px.jpg 610w, https:\/\/www.mateco.ch\/wp-content\/uploads\/2024\/03\/Benno_Betschart_2024_610x610px-150x150.jpg 150w, https:\/\/www.mateco.ch\/wp-content\/uploads\/2024\/03\/Benno_Betschart_2024_610x610px-300x300.jpg 300w\" sizes=\"auto, (max-width: 610px) 100vw, 610px\" \/>    <\/div>\n  \t<div class=\"content p-20 p-md-40 p-lg-60 yellow d-flex align-items-center flex-fill\">\n    <div>\n\t    <h3 class=\"mb-10\">Chef de projet<\/h3>\n      <div class=\"rich-text\">\n                <p><span class=\"fw-700\">Benno Betschart, <\/span>Chef de projet<\/p>\n      <\/div>\n\t    <div class=\"button-group d-flex flex-column flex-lg-row mt-30\">\n\t<a href=\"mailto:projektleiter-ost@mateco.ch\" target=\"\" title=\"projektleiter-ost@mateco.ch\" class=\"btn btn-bg-mateco_red \" >\n\n  <i class=\"icon-mail\"><\/i>\n      <span class=\"btn-text\">projektleiter-ost@mateco.ch<\/span>\n  \n  \n<\/a>\n<a href=\"tel:0412810311\" target=\"\" title=\"041 281 03 11\" class=\"btn btn-bg-blue \" >\n\n  <i class=\"icon-phone\"><\/i>\n      <span class=\"btn-text\">041 281 03 11<\/span>\n  \n  \n<\/a>\n<\/div>    <\/div>\n\t<\/div>\n<\/div>\n  <\/div>\n<\/div>          <\/div>\n              <\/div>\n    <\/div>\n\t\n<\/div>\n","protected":false},"excerpt":{"rendered":"<p>Selon les annales, l\u2019existence de la \u00abSentikirche\u00bb \u00e0 Lucerne remonte au Moyen \u00c2ge. L&rsquo;\u00e9difice actuel s\u2019int\u00e8gre de fa\u00e7on \u00e9l\u00e9gante dans le lieu et les b\u00e2timents adjacents. Dans le cadre de r\u00e9cents travaux de r\u00e9novation, il s\u2019agissait entre autres de repeindre le clocher.<\/p>\n","protected":false},"featured_media":4375,"template":"","application_areas_category":[109],"class_list":["post-4377","references","type-references","status-publish","has-post-thumbnail","hentry","application_areas_category-baubranche-fr"],"acf":[],"yoast_head":"<title>\u00c9glise \u00abSentikirche\u00bb, Lucerne - mateco AG<\/title>\n<meta name=\"robots\" content=\"index, follow, max-snippet:-1, max-image-preview:large, max-video-preview:-1\" \/>\n<link rel=\"canonical\" href=\"https:\/\/www.mateco.ch\/fr\/societe\/references\/eglise-sentikirche-lucerne\/\" \/>\n<meta property=\"og:locale\" content=\"fr_FR\" \/>\n<meta property=\"og:type\" content=\"article\" \/>\n<meta property=\"og:title\" content=\"\u00c9glise \u00abSentikirche\u00bb, Lucerne - mateco AG\" \/>\n<meta property=\"og:description\" content=\"Selon les annales, l\u2019existence de la \u00abSentikirche\u00bb \u00e0 Lucerne remonte au Moyen \u00c2ge. L&#039;\u00e9difice actuel s\u2019int\u00e8gre de fa\u00e7on \u00e9l\u00e9gante dans le lieu et les b\u00e2timents adjacents. Dans le cadre de r\u00e9cents travaux de r\u00e9novation, il s\u2019agissait entre autres de repeindre le clocher.\" \/>\n<meta property=\"og:url\" content=\"https:\/\/www.mateco.ch\/fr\/societe\/references\/eglise-sentikirche-lucerne\/\" \/>\n<meta property=\"og:site_name\" content=\"mateco AG\" \/>\n<meta property=\"article:modified_time\" content=\"2024-03-23T13:55:53+00:00\" \/>\n<meta property=\"og:image\" content=\"https:\/\/www.mateco.ch\/wp-content\/uploads\/2024\/03\/img_4362-scaled.jpg\" \/>\n\t<meta property=\"og:image:width\" content=\"1920\" \/>\n\t<meta property=\"og:image:height\" content=\"2560\" \/>\n\t<meta property=\"og:image:type\" content=\"image\/jpeg\" \/>\n<meta name=\"twitter:card\" content=\"summary_large_image\" \/>\n<script type=\"application\/ld+json\" class=\"yoast-schema-graph\">{\"@context\":\"https:\\\/\\\/schema.org\",\"@graph\":[{\"@type\":\"WebPage\",\"@id\":\"https:\\\/\\\/www.mateco.ch\\\/fr\\\/societe\\\/references\\\/eglise-sentikirche-lucerne\\\/\",\"url\":\"https:\\\/\\\/www.mateco.ch\\\/fr\\\/societe\\\/references\\\/eglise-sentikirche-lucerne\\\/\",\"name\":\"\u00c9glise \u00abSentikirche\u00bb, Lucerne - mateco AG\",\"isPartOf\":{\"@id\":\"https:\\\/\\\/www.mateco.ch\\\/fr\\\/#website\"},\"primaryImageOfPage\":{\"@id\":\"https:\\\/\\\/www.mateco.ch\\\/fr\\\/societe\\\/references\\\/eglise-sentikirche-lucerne\\\/#primaryimage\"},\"image\":{\"@id\":\"https:\\\/\\\/www.mateco.ch\\\/fr\\\/societe\\\/references\\\/eglise-sentikirche-lucerne\\\/#primaryimage\"},\"thumbnailUrl\":\"https:\\\/\\\/www.mateco.ch\\\/wp-content\\\/uploads\\\/2024\\\/03\\\/img_4362-scaled.jpg\",\"datePublished\":\"2024-03-05T16:24:51+00:00\",\"dateModified\":\"2024-03-23T13:55:53+00:00\",\"breadcrumb\":{\"@id\":\"https:\\\/\\\/www.mateco.ch\\\/fr\\\/societe\\\/references\\\/eglise-sentikirche-lucerne\\\/#breadcrumb\"},\"inLanguage\":\"fr-FR\",\"potentialAction\":[{\"@type\":\"ReadAction\",\"target\":[\"https:\\\/\\\/www.mateco.ch\\\/fr\\\/societe\\\/references\\\/eglise-sentikirche-lucerne\\\/\"]}]},{\"@type\":\"ImageObject\",\"inLanguage\":\"fr-FR\",\"@id\":\"https:\\\/\\\/www.mateco.ch\\\/fr\\\/societe\\\/references\\\/eglise-sentikirche-lucerne\\\/#primaryimage\",\"url\":\"https:\\\/\\\/www.mateco.ch\\\/wp-content\\\/uploads\\\/2024\\\/03\\\/img_4362-scaled.jpg\",\"contentUrl\":\"https:\\\/\\\/www.mateco.ch\\\/wp-content\\\/uploads\\\/2024\\\/03\\\/img_4362-scaled.jpg\",\"width\":1920,\"height\":2560},{\"@type\":\"BreadcrumbList\",\"@id\":\"https:\\\/\\\/www.mateco.ch\\\/fr\\\/societe\\\/references\\\/eglise-sentikirche-lucerne\\\/#breadcrumb\",\"itemListElement\":[{\"@type\":\"ListItem\",\"position\":1,\"name\":\"Home\",\"item\":\"https:\\\/\\\/www.mateco.ch\\\/fr\\\/home\\\/\"},{\"@type\":\"ListItem\",\"position\":2,\"name\":\"\u00c9glise \u00abSentikirche\u00bb, Lucerne\"}]},{\"@type\":\"WebSite\",\"@id\":\"https:\\\/\\\/www.mateco.ch\\\/fr\\\/#website\",\"url\":\"https:\\\/\\\/www.mateco.ch\\\/fr\\\/\",\"name\":\"mateco AG\",\"description\":\"Ihr kompetenter Partner  rund um Arbeitsb\u00fchnen\",\"publisher\":{\"@id\":\"https:\\\/\\\/www.mateco.ch\\\/fr\\\/#organization\"},\"potentialAction\":[{\"@type\":\"SearchAction\",\"target\":{\"@type\":\"EntryPoint\",\"urlTemplate\":\"https:\\\/\\\/www.mateco.ch\\\/fr\\\/?s={search_term_string}\"},\"query-input\":{\"@type\":\"PropertyValueSpecification\",\"valueRequired\":true,\"valueName\":\"search_term_string\"}}],\"inLanguage\":\"fr-FR\"},{\"@type\":\"Organization\",\"@id\":\"https:\\\/\\\/www.mateco.ch\\\/fr\\\/#organization\",\"name\":\"mateco AG\",\"url\":\"https:\\\/\\\/www.mateco.ch\\\/fr\\\/\",\"logo\":{\"@type\":\"ImageObject\",\"inLanguage\":\"fr-FR\",\"@id\":\"https:\\\/\\\/www.mateco.ch\\\/fr\\\/#\\\/schema\\\/logo\\\/image\\\/\",\"url\":\"https:\\\/\\\/www.mateco.ch\\\/wp-content\\\/uploads\\\/2026\\\/07\\\/mateco_logo-scaled.png\",\"contentUrl\":\"https:\\\/\\\/www.mateco.ch\\\/wp-content\\\/uploads\\\/2026\\\/07\\\/mateco_logo-scaled.png\",\"width\":2560,\"height\":653,\"caption\":\"mateco AG\"},\"image\":{\"@id\":\"https:\\\/\\\/www.mateco.ch\\\/fr\\\/#\\\/schema\\\/logo\\\/image\\\/\"}}]}<\/script>","yoast_head_json":{"title":"\u00c9glise \u00abSentikirche\u00bb, Lucerne - mateco AG","robots":{"index":"index","follow":"follow","max-snippet":"max-snippet:-1","max-image-preview":"max-image-preview:large","max-video-preview":"max-video-preview:-1"},"canonical":"https:\/\/www.mateco.ch\/fr\/societe\/references\/eglise-sentikirche-lucerne\/","og_locale":"fr_FR","og_type":"article","og_title":"\u00c9glise \u00abSentikirche\u00bb, Lucerne - mateco AG","og_description":"Selon les annales, l\u2019existence de la \u00abSentikirche\u00bb \u00e0 Lucerne remonte au Moyen \u00c2ge. L'\u00e9difice actuel s\u2019int\u00e8gre de fa\u00e7on \u00e9l\u00e9gante dans le lieu et les b\u00e2timents adjacents. Dans le cadre de r\u00e9cents travaux de r\u00e9novation, il s\u2019agissait entre autres de repeindre le clocher.","og_url":"https:\/\/www.mateco.ch\/fr\/societe\/references\/eglise-sentikirche-lucerne\/","og_site_name":"mateco AG","article_modified_time":"2024-03-23T13:55:53+00:00","og_image":[{"width":1920,"height":2560,"url":"https:\/\/www.mateco.ch\/wp-content\/uploads\/2024\/03\/img_4362-scaled.jpg","type":"image\/jpeg"}],"twitter_card":"summary_large_image","schema":{"@context":"https:\/\/schema.org","@graph":[{"@type":"WebPage","@id":"https:\/\/www.mateco.ch\/fr\/societe\/references\/eglise-sentikirche-lucerne\/","url":"https:\/\/www.mateco.ch\/fr\/societe\/references\/eglise-sentikirche-lucerne\/","name":"\u00c9glise \u00abSentikirche\u00bb, Lucerne - mateco AG","isPartOf":{"@id":"https:\/\/www.mateco.ch\/fr\/#website"},"primaryImageOfPage":{"@id":"https:\/\/www.mateco.ch\/fr\/societe\/references\/eglise-sentikirche-lucerne\/#primaryimage"},"image":{"@id":"https:\/\/www.mateco.ch\/fr\/societe\/references\/eglise-sentikirche-lucerne\/#primaryimage"},"thumbnailUrl":"https:\/\/www.mateco.ch\/wp-content\/uploads\/2024\/03\/img_4362-scaled.jpg","datePublished":"2024-03-05T16:24:51+00:00","dateModified":"2024-03-23T13:55:53+00:00","breadcrumb":{"@id":"https:\/\/www.mateco.ch\/fr\/societe\/references\/eglise-sentikirche-lucerne\/#breadcrumb"},"inLanguage":"fr-FR","potentialAction":[{"@type":"ReadAction","target":["https:\/\/www.mateco.ch\/fr\/societe\/references\/eglise-sentikirche-lucerne\/"]}]},{"@type":"ImageObject","inLanguage":"fr-FR","@id":"https:\/\/www.mateco.ch\/fr\/societe\/references\/eglise-sentikirche-lucerne\/#primaryimage","url":"https:\/\/www.mateco.ch\/wp-content\/uploads\/2024\/03\/img_4362-scaled.jpg","contentUrl":"https:\/\/www.mateco.ch\/wp-content\/uploads\/2024\/03\/img_4362-scaled.jpg","width":1920,"height":2560},{"@type":"BreadcrumbList","@id":"https:\/\/www.mateco.ch\/fr\/societe\/references\/eglise-sentikirche-lucerne\/#breadcrumb","itemListElement":[{"@type":"ListItem","position":1,"name":"Home","item":"https:\/\/www.mateco.ch\/fr\/home\/"},{"@type":"ListItem","position":2,"name":"\u00c9glise \u00abSentikirche\u00bb, Lucerne"}]},{"@type":"WebSite","@id":"https:\/\/www.mateco.ch\/fr\/#website","url":"https:\/\/www.mateco.ch\/fr\/","name":"mateco AG","description":"Ihr kompetenter Partner  rund um Arbeitsb\u00fchnen","publisher":{"@id":"https:\/\/www.mateco.ch\/fr\/#organization"},"potentialAction":[{"@type":"SearchAction","target":{"@type":"EntryPoint","urlTemplate":"https:\/\/www.mateco.ch\/fr\/?s={search_term_string}"},"query-input":{"@type":"PropertyValueSpecification","valueRequired":true,"valueName":"search_term_string"}}],"inLanguage":"fr-FR"},{"@type":"Organization","@id":"https:\/\/www.mateco.ch\/fr\/#organization","name":"mateco AG","url":"https:\/\/www.mateco.ch\/fr\/","logo":{"@type":"ImageObject","inLanguage":"fr-FR","@id":"https:\/\/www.mateco.ch\/fr\/#\/schema\/logo\/image\/","url":"https:\/\/www.mateco.ch\/wp-content\/uploads\/2026\/07\/mateco_logo-scaled.png","contentUrl":"https:\/\/www.mateco.ch\/wp-content\/uploads\/2026\/07\/mateco_logo-scaled.png","width":2560,"height":653,"caption":"mateco AG"},"image":{"@id":"https:\/\/www.mateco.ch\/fr\/#\/schema\/logo\/image\/"}}]}},"_links":{"self":[{"href":"https:\/\/www.mateco.ch\/fr\/wp-json\/wp\/v2\/references\/4377","targetHints":{"allow":["GET"]}}],"collection":[{"href":"https:\/\/www.mateco.ch\/fr\/wp-json\/wp\/v2\/references"}],"about":[{"href":"https:\/\/www.mateco.ch\/fr\/wp-json\/wp\/v2\/types\/references"}],"version-history":[{"count":1,"href":"https:\/\/www.mateco.ch\/fr\/wp-json\/wp\/v2\/references\/4377\/revisions"}],"predecessor-version":[{"id":4378,"href":"https:\/\/www.mateco.ch\/fr\/wp-json\/wp\/v2\/references\/4377\/revisions\/4378"}],"wp:featuredmedia":[{"embeddable":true,"href":"https:\/\/www.mateco.ch\/fr\/wp-json\/wp\/v2\/media\/4375"}],"wp:attachment":[{"href":"https:\/\/www.mateco.ch\/fr\/wp-json\/wp\/v2\/media?parent=4377"}],"wp:term":[{"taxonomy":"application_areas_category","embeddable":true,"href":"https:\/\/www.mateco.ch\/fr\/wp-json\/wp\/v2\/application_areas_category?post=4377"}],"curies":[{"name":"wp","href":"https:\/\/api.w.org\/{rel}","templated":true}]}}