{"id":4472,"date":"2024-03-06T14:45:04","date_gmt":"2024-03-06T13:45:04","guid":{"rendered":"https:\/\/staging.maltech.ch\/unternehmen\/referenzen\/mehrfamilienhaus-bern\/"},"modified":"2024-03-23T14:54:28","modified_gmt":"2024-03-23T13:54:28","slug":"immeuble-locatif-berne","status":"publish","type":"references","link":"https:\/\/www.mateco.ch\/fr\/societe\/references\/immeuble-locatif-berne\/","title":{"rendered":"Immeuble locatif, Berne"},"content":{"rendered":"<div class=\"container global-content-styles\">\n\n\t<div class=\"button-group d-inline-flex mt-0 mb-30\">\n\t<a href=\"\/fr\/societe-2\/references\/\" target=\"\" title=\"Retour aux r\u00e9sultats\" class=\"btn btn-primary btn-bg-mateco_red \" >\n\n  <i class=\"icon-chevron\"><\/i>\n      <span class=\"btn-text\">Retour aux r\u00e9sultats<\/span>\n  \n  \n<\/a>\n<\/div>\n\t    <div class=\"reference-media\">\n              <div class=\"img-wrapper one-image\">\n\t\t\t\t\t\t<picture>\n\t\t\t\n\t\t\t<img width=\"848\" height=\"480\" src=\"https:\/\/www.mateco.ch\/wp-content\/uploads\/2024\/03\/mehrfamilienhaus_bern.jpg\" class=\"w-full h-auto\" alt=\"\" loading=\"lazy\" decoding=\"async\" srcset=\"https:\/\/www.mateco.ch\/wp-content\/uploads\/2024\/03\/mehrfamilienhaus_bern.jpg 848w, https:\/\/www.mateco.ch\/wp-content\/uploads\/2024\/03\/mehrfamilienhaus_bern-300x170.jpg 300w, https:\/\/www.mateco.ch\/wp-content\/uploads\/2024\/03\/mehrfamilienhaus_bern-768x435.jpg 768w\" sizes=\"auto, (max-width: 848px) 100vw, 848px\" \/>\t\t<\/picture>\n\t\t        <\/div>\n      \n      <aside class=\"reference-rebrand-notice reference-rebrand-notice--detail\" aria-label=\"Note concernant le changement de raison sociale\">\n\t<span class=\"reference-rebrand-notice__eyebrow\">Maltech est mateco.<\/span>\n\t<strong class=\"reference-rebrand-notice__title\">Tout reste meilleur.<\/strong>\n<\/aside>\n    <\/div>\n\t\n\t<h1 class=\"text-md-center mt-50\">Immeuble locatif, Berne<\/h1>\n\n\t    <div class=\"row\">\n      <div class=\"col-md-10 offset-md-1 col-lg-8 offset-lg-2\">\n        <div class=\"rich-text lead mb-60 mb-md-100\">\n            <p>\u200bQuel panorama ! La vue d\u00e9gag\u00e9e sur toute la ville de Berne, de la montagne \u00ab\u00a0Gurten\u00a0\u00bb au Palais f\u00e9d\u00e9ral, \u00e9tait sans conteste le point fort de ce projet. Les travaux proprement dits, r\u00e9alis\u00e9s \u00e0 des hauteurs vertigineuses, \u00e9taient loin d\u2019\u00eatre habituels.<\/p>\n        <\/div>\n      <\/div>\n    <\/div>\n\t\n\t    <div class=\"row\">\n      <div class=\"col-12 mb-n40 mb-md-n60\">\n                  <div class=\"row mb-40 mb-md-60\">\n            <div class=\"text col-md-10 offset-md-1 col-lg-8 offset-lg-2\">\n\n\t\n\t    <div class=\"rich-text big-space-between\">\n\t\t\t<p>Quel panorama ! La vue d\u00e9gag\u00e9e sur toute la ville de Berne, de la montagne \u00ab\u00a0Gurten\u00a0\u00bb au Palais f\u00e9d\u00e9ral, \u00e9tait sans conteste le point fort de ce projet. Les travaux proprement dits, r\u00e9alis\u00e9s \u00e0 des hauteurs vertigineuses, \u00e9taient loin d\u2019\u00eatre habituels. \u00c0 la Thunstrasse, le fa\u00eetage d\u2019un immeuble locatif charg\u00e9 d\u2019histoire a \u00e9t\u00e9 remplac\u00e9 par de nouveaux \u00e9l\u00e9ments de confection artisanale de la soci\u00e9t\u00e9 Stefan Reusser GmbH. La \u00ab\u00a0couronne\u00a0\u00bb du toit en deux parties et la girouette devaient \u00eatre align\u00e9es avec pr\u00e9cision et assembl\u00e9es soigneusement, ce qui a n\u00e9cessit\u00e9 beaucoup de doigt\u00e9 et un grand savoir-faire. Pour cette intervention, la machine qui s&rsquo;imposait \u00e9tait l\u2019\u00e9l\u00e9vateur \u00e0 nacelle sur camion S32 XDT de mateco. Gr\u00e2ce \u00e0 la hauteur maximale de sa plateforme, qui culmine \u00e0 30 m, et \u00e0 la faible largeur de sa surface de stabilisation, elle a permis aux sp\u00e9cialistes de travailler efficacement au-dessus des toits de la ville de Berne sans perturber le passage des pi\u00e9tons, ni la circulation routi\u00e8re.<\/p>\n    <\/div>\n\t\n\t\n<\/div>          <\/div>\n                  <div class=\"row mb-40 mb-md-60\">\n            <div class=\"image col-md-10 offset-md-1 col-lg-8 offset-lg-2\">\n  <div class=\"img-wrapper mx-n30 mx-lg-0\" >\n\t\t  <\/div>\n  <div class=\"rich-text legende mt-10\">\n    <p><\/p>\n  <\/div>\n<\/div>          <\/div>\n              <\/div>\n    <\/div>\n\t\n<\/div>\n","protected":false},"excerpt":{"rendered":"<p>\u200bQuel panorama ! La vue d\u00e9gag\u00e9e sur toute la ville de Berne, de la montagne \u00ab\u00a0Gurten\u00a0\u00bb au Palais f\u00e9d\u00e9ral, \u00e9tait sans conteste le point fort de ce projet. Les travaux proprement dits, r\u00e9alis\u00e9s \u00e0 des hauteurs vertigineuses, \u00e9taient loin d\u2019\u00eatre habituels.<\/p>\n","protected":false},"featured_media":4470,"template":"","application_areas_category":[106],"class_list":["post-4472","references","type-references","status-publish","has-post-thumbnail","hentry","application_areas_category-facility-management-und-gebaeudetechnik-fr"],"acf":[],"yoast_head":"<title>Immeuble locatif, Berne - mateco AG<\/title>\n<meta name=\"robots\" content=\"index, follow, max-snippet:-1, max-image-preview:large, max-video-preview:-1\" \/>\n<link rel=\"canonical\" href=\"https:\/\/www.mateco.ch\/fr\/societe\/references\/immeuble-locatif-berne\/\" \/>\n<meta property=\"og:locale\" content=\"fr_FR\" \/>\n<meta property=\"og:type\" content=\"article\" \/>\n<meta property=\"og:title\" content=\"Immeuble locatif, Berne - mateco AG\" \/>\n<meta property=\"og:description\" content=\"\u200bQuel panorama ! La vue d\u00e9gag\u00e9e sur toute la ville de Berne, de la montagne &quot;Gurten&quot; au Palais f\u00e9d\u00e9ral, \u00e9tait sans conteste le point fort de ce projet. Les travaux proprement dits, r\u00e9alis\u00e9s \u00e0 des hauteurs vertigineuses, \u00e9taient loin d\u2019\u00eatre habituels.\" \/>\n<meta property=\"og:url\" content=\"https:\/\/www.mateco.ch\/fr\/societe\/references\/immeuble-locatif-berne\/\" \/>\n<meta property=\"og:site_name\" content=\"mateco AG\" \/>\n<meta property=\"article:modified_time\" content=\"2024-03-23T13:54:28+00:00\" \/>\n<meta property=\"og:image\" content=\"https:\/\/www.mateco.ch\/wp-content\/uploads\/2024\/03\/mehrfamilienhaus_bern.jpg\" \/>\n\t<meta property=\"og:image:width\" content=\"848\" \/>\n\t<meta property=\"og:image:height\" content=\"480\" \/>\n\t<meta property=\"og:image:type\" content=\"image\/jpeg\" \/>\n<meta name=\"twitter:card\" content=\"summary_large_image\" \/>\n<script type=\"application\/ld+json\" class=\"yoast-schema-graph\">{\"@context\":\"https:\\\/\\\/schema.org\",\"@graph\":[{\"@type\":\"WebPage\",\"@id\":\"https:\\\/\\\/www.mateco.ch\\\/fr\\\/societe\\\/references\\\/immeuble-locatif-berne\\\/\",\"url\":\"https:\\\/\\\/www.mateco.ch\\\/fr\\\/societe\\\/references\\\/immeuble-locatif-berne\\\/\",\"name\":\"Immeuble locatif, Berne - mateco AG\",\"isPartOf\":{\"@id\":\"https:\\\/\\\/www.mateco.ch\\\/fr\\\/#website\"},\"primaryImageOfPage\":{\"@id\":\"https:\\\/\\\/www.mateco.ch\\\/fr\\\/societe\\\/references\\\/immeuble-locatif-berne\\\/#primaryimage\"},\"image\":{\"@id\":\"https:\\\/\\\/www.mateco.ch\\\/fr\\\/societe\\\/references\\\/immeuble-locatif-berne\\\/#primaryimage\"},\"thumbnailUrl\":\"https:\\\/\\\/www.mateco.ch\\\/wp-content\\\/uploads\\\/2024\\\/03\\\/mehrfamilienhaus_bern.jpg\",\"datePublished\":\"2024-03-06T13:45:04+00:00\",\"dateModified\":\"2024-03-23T13:54:28+00:00\",\"breadcrumb\":{\"@id\":\"https:\\\/\\\/www.mateco.ch\\\/fr\\\/societe\\\/references\\\/immeuble-locatif-berne\\\/#breadcrumb\"},\"inLanguage\":\"fr-FR\",\"potentialAction\":[{\"@type\":\"ReadAction\",\"target\":[\"https:\\\/\\\/www.mateco.ch\\\/fr\\\/societe\\\/references\\\/immeuble-locatif-berne\\\/\"]}]},{\"@type\":\"ImageObject\",\"inLanguage\":\"fr-FR\",\"@id\":\"https:\\\/\\\/www.mateco.ch\\\/fr\\\/societe\\\/references\\\/immeuble-locatif-berne\\\/#primaryimage\",\"url\":\"https:\\\/\\\/www.mateco.ch\\\/wp-content\\\/uploads\\\/2024\\\/03\\\/mehrfamilienhaus_bern.jpg\",\"contentUrl\":\"https:\\\/\\\/www.mateco.ch\\\/wp-content\\\/uploads\\\/2024\\\/03\\\/mehrfamilienhaus_bern.jpg\",\"width\":848,\"height\":480},{\"@type\":\"BreadcrumbList\",\"@id\":\"https:\\\/\\\/www.mateco.ch\\\/fr\\\/societe\\\/references\\\/immeuble-locatif-berne\\\/#breadcrumb\",\"itemListElement\":[{\"@type\":\"ListItem\",\"position\":1,\"name\":\"Home\",\"item\":\"https:\\\/\\\/www.mateco.ch\\\/fr\\\/home\\\/\"},{\"@type\":\"ListItem\",\"position\":2,\"name\":\"Immeuble locatif, Berne\"}]},{\"@type\":\"WebSite\",\"@id\":\"https:\\\/\\\/www.mateco.ch\\\/fr\\\/#website\",\"url\":\"https:\\\/\\\/www.mateco.ch\\\/fr\\\/\",\"name\":\"mateco AG\",\"description\":\"Ihr kompetenter Partner  rund um Arbeitsb\u00fchnen\",\"publisher\":{\"@id\":\"https:\\\/\\\/www.mateco.ch\\\/fr\\\/#organization\"},\"potentialAction\":[{\"@type\":\"SearchAction\",\"target\":{\"@type\":\"EntryPoint\",\"urlTemplate\":\"https:\\\/\\\/www.mateco.ch\\\/fr\\\/?s={search_term_string}\"},\"query-input\":{\"@type\":\"PropertyValueSpecification\",\"valueRequired\":true,\"valueName\":\"search_term_string\"}}],\"inLanguage\":\"fr-FR\"},{\"@type\":\"Organization\",\"@id\":\"https:\\\/\\\/www.mateco.ch\\\/fr\\\/#organization\",\"name\":\"mateco AG\",\"url\":\"https:\\\/\\\/www.mateco.ch\\\/fr\\\/\",\"logo\":{\"@type\":\"ImageObject\",\"inLanguage\":\"fr-FR\",\"@id\":\"https:\\\/\\\/www.mateco.ch\\\/fr\\\/#\\\/schema\\\/logo\\\/image\\\/\",\"url\":\"https:\\\/\\\/www.mateco.ch\\\/wp-content\\\/uploads\\\/2026\\\/07\\\/mateco_logo-scaled.png\",\"contentUrl\":\"https:\\\/\\\/www.mateco.ch\\\/wp-content\\\/uploads\\\/2026\\\/07\\\/mateco_logo-scaled.png\",\"width\":2560,\"height\":653,\"caption\":\"mateco AG\"},\"image\":{\"@id\":\"https:\\\/\\\/www.mateco.ch\\\/fr\\\/#\\\/schema\\\/logo\\\/image\\\/\"}}]}<\/script>","yoast_head_json":{"title":"Immeuble locatif, Berne - mateco AG","robots":{"index":"index","follow":"follow","max-snippet":"max-snippet:-1","max-image-preview":"max-image-preview:large","max-video-preview":"max-video-preview:-1"},"canonical":"https:\/\/www.mateco.ch\/fr\/societe\/references\/immeuble-locatif-berne\/","og_locale":"fr_FR","og_type":"article","og_title":"Immeuble locatif, Berne - mateco AG","og_description":"\u200bQuel panorama ! La vue d\u00e9gag\u00e9e sur toute la ville de Berne, de la montagne \"Gurten\" au Palais f\u00e9d\u00e9ral, \u00e9tait sans conteste le point fort de ce projet. Les travaux proprement dits, r\u00e9alis\u00e9s \u00e0 des hauteurs vertigineuses, \u00e9taient loin d\u2019\u00eatre habituels.","og_url":"https:\/\/www.mateco.ch\/fr\/societe\/references\/immeuble-locatif-berne\/","og_site_name":"mateco AG","article_modified_time":"2024-03-23T13:54:28+00:00","og_image":[{"width":848,"height":480,"url":"https:\/\/www.mateco.ch\/wp-content\/uploads\/2024\/03\/mehrfamilienhaus_bern.jpg","type":"image\/jpeg"}],"twitter_card":"summary_large_image","schema":{"@context":"https:\/\/schema.org","@graph":[{"@type":"WebPage","@id":"https:\/\/www.mateco.ch\/fr\/societe\/references\/immeuble-locatif-berne\/","url":"https:\/\/www.mateco.ch\/fr\/societe\/references\/immeuble-locatif-berne\/","name":"Immeuble locatif, Berne - mateco AG","isPartOf":{"@id":"https:\/\/www.mateco.ch\/fr\/#website"},"primaryImageOfPage":{"@id":"https:\/\/www.mateco.ch\/fr\/societe\/references\/immeuble-locatif-berne\/#primaryimage"},"image":{"@id":"https:\/\/www.mateco.ch\/fr\/societe\/references\/immeuble-locatif-berne\/#primaryimage"},"thumbnailUrl":"https:\/\/www.mateco.ch\/wp-content\/uploads\/2024\/03\/mehrfamilienhaus_bern.jpg","datePublished":"2024-03-06T13:45:04+00:00","dateModified":"2024-03-23T13:54:28+00:00","breadcrumb":{"@id":"https:\/\/www.mateco.ch\/fr\/societe\/references\/immeuble-locatif-berne\/#breadcrumb"},"inLanguage":"fr-FR","potentialAction":[{"@type":"ReadAction","target":["https:\/\/www.mateco.ch\/fr\/societe\/references\/immeuble-locatif-berne\/"]}]},{"@type":"ImageObject","inLanguage":"fr-FR","@id":"https:\/\/www.mateco.ch\/fr\/societe\/references\/immeuble-locatif-berne\/#primaryimage","url":"https:\/\/www.mateco.ch\/wp-content\/uploads\/2024\/03\/mehrfamilienhaus_bern.jpg","contentUrl":"https:\/\/www.mateco.ch\/wp-content\/uploads\/2024\/03\/mehrfamilienhaus_bern.jpg","width":848,"height":480},{"@type":"BreadcrumbList","@id":"https:\/\/www.mateco.ch\/fr\/societe\/references\/immeuble-locatif-berne\/#breadcrumb","itemListElement":[{"@type":"ListItem","position":1,"name":"Home","item":"https:\/\/www.mateco.ch\/fr\/home\/"},{"@type":"ListItem","position":2,"name":"Immeuble locatif, Berne"}]},{"@type":"WebSite","@id":"https:\/\/www.mateco.ch\/fr\/#website","url":"https:\/\/www.mateco.ch\/fr\/","name":"mateco AG","description":"Ihr kompetenter Partner  rund um Arbeitsb\u00fchnen","publisher":{"@id":"https:\/\/www.mateco.ch\/fr\/#organization"},"potentialAction":[{"@type":"SearchAction","target":{"@type":"EntryPoint","urlTemplate":"https:\/\/www.mateco.ch\/fr\/?s={search_term_string}"},"query-input":{"@type":"PropertyValueSpecification","valueRequired":true,"valueName":"search_term_string"}}],"inLanguage":"fr-FR"},{"@type":"Organization","@id":"https:\/\/www.mateco.ch\/fr\/#organization","name":"mateco AG","url":"https:\/\/www.mateco.ch\/fr\/","logo":{"@type":"ImageObject","inLanguage":"fr-FR","@id":"https:\/\/www.mateco.ch\/fr\/#\/schema\/logo\/image\/","url":"https:\/\/www.mateco.ch\/wp-content\/uploads\/2026\/07\/mateco_logo-scaled.png","contentUrl":"https:\/\/www.mateco.ch\/wp-content\/uploads\/2026\/07\/mateco_logo-scaled.png","width":2560,"height":653,"caption":"mateco AG"},"image":{"@id":"https:\/\/www.mateco.ch\/fr\/#\/schema\/logo\/image\/"}}]}},"_links":{"self":[{"href":"https:\/\/www.mateco.ch\/fr\/wp-json\/wp\/v2\/references\/4472","targetHints":{"allow":["GET"]}}],"collection":[{"href":"https:\/\/www.mateco.ch\/fr\/wp-json\/wp\/v2\/references"}],"about":[{"href":"https:\/\/www.mateco.ch\/fr\/wp-json\/wp\/v2\/types\/references"}],"version-history":[{"count":1,"href":"https:\/\/www.mateco.ch\/fr\/wp-json\/wp\/v2\/references\/4472\/revisions"}],"predecessor-version":[{"id":4474,"href":"https:\/\/www.mateco.ch\/fr\/wp-json\/wp\/v2\/references\/4472\/revisions\/4474"}],"wp:featuredmedia":[{"embeddable":true,"href":"https:\/\/www.mateco.ch\/fr\/wp-json\/wp\/v2\/media\/4470"}],"wp:attachment":[{"href":"https:\/\/www.mateco.ch\/fr\/wp-json\/wp\/v2\/media?parent=4472"}],"wp:term":[{"taxonomy":"application_areas_category","embeddable":true,"href":"https:\/\/www.mateco.ch\/fr\/wp-json\/wp\/v2\/application_areas_category?post=4472"}],"curies":[{"name":"wp","href":"https:\/\/api.w.org\/{rel}","templated":true}]}}