{"id":4504,"date":"2024-03-06T15:02:16","date_gmt":"2024-03-06T14:02:16","guid":{"rendered":"https:\/\/staging.maltech.ch\/unternehmen\/referenzen\/panneneinsatz-eigergletscher\/"},"modified":"2024-03-23T14:54:06","modified_gmt":"2024-03-23T13:54:06","slug":"depannage-glacier-de-l-eiger","status":"publish","type":"references","link":"https:\/\/www.mateco.ch\/fr\/societe\/references\/depannage-glacier-de-l-eiger\/","title":{"rendered":"D\u00e9pannage, Glacier de l&rsquo;Eiger"},"content":{"rendered":"<div class=\"container global-content-styles\">\n\n\t<div class=\"button-group d-inline-flex mt-0 mb-30\">\n\t<a href=\"\/fr\/societe-2\/references\/\" target=\"\" title=\"Retour aux r\u00e9sultats\" class=\"btn btn-primary btn-bg-mateco_red \" >\n\n  <i class=\"icon-chevron\"><\/i>\n      <span class=\"btn-text\">Retour aux r\u00e9sultats<\/span>\n  \n  \n<\/a>\n<\/div>\n\t    <div class=\"reference-media\">\n              <div class=\"position-relative swiper-maltech-style reference-detail-slider\">\n          <div class=\"swiper news-header-swiper\">\n            <div class=\"swiper-wrapper\">\n                              <div class=\"swiper-slide\">\n                                      <div class=\"img-wrapper\">\n                      \t\t<picture>\n\t\t\t\n\t\t\t<img width=\"970\" height=\"546\" src=\"https:\/\/www.mateco.ch\/wp-content\/uploads\/2024\/03\/2_eigergletscher_1.jpg\" class=\"w-full h-auto\" alt=\"\" loading=\"lazy\" decoding=\"async\" srcset=\"https:\/\/www.mateco.ch\/wp-content\/uploads\/2024\/03\/2_eigergletscher_1.jpg 970w, https:\/\/www.mateco.ch\/wp-content\/uploads\/2024\/03\/2_eigergletscher_1-300x169.jpg 300w, https:\/\/www.mateco.ch\/wp-content\/uploads\/2024\/03\/2_eigergletscher_1-768x432.jpg 768w\" sizes=\"auto, (max-width: 970px) 100vw, 970px\" \/>\t\t<\/picture>\n\t\t                    <\/div>\n                                  <\/div>\n                              <div class=\"swiper-slide\">\n                                      <div class=\"img-wrapper\">\n                      \t\t<picture>\n\t\t\t\n\t\t\t<img width=\"307\" height=\"546\" src=\"https:\/\/www.mateco.ch\/wp-content\/uploads\/2024\/03\/3_eigergletscher_3.jpg\" class=\"w-full h-auto\" alt=\"\" loading=\"lazy\" decoding=\"async\" srcset=\"https:\/\/www.mateco.ch\/wp-content\/uploads\/2024\/03\/3_eigergletscher_3.jpg 307w, https:\/\/www.mateco.ch\/wp-content\/uploads\/2024\/03\/3_eigergletscher_3-169x300.jpg 169w\" sizes=\"auto, (max-width: 307px) 100vw, 307px\" \/>\t\t<\/picture>\n\t\t                    <\/div>\n                                  <\/div>\n                              <div class=\"swiper-slide\">\n                                      <div class=\"img-wrapper\">\n                      \t\t<picture>\n\t\t\t\n\t\t\t<img width=\"307\" height=\"546\" src=\"https:\/\/www.mateco.ch\/wp-content\/uploads\/2024\/03\/4_eigergletscher_6.jpg\" class=\"w-full h-auto\" alt=\"\" loading=\"lazy\" decoding=\"async\" srcset=\"https:\/\/www.mateco.ch\/wp-content\/uploads\/2024\/03\/4_eigergletscher_6.jpg 307w, https:\/\/www.mateco.ch\/wp-content\/uploads\/2024\/03\/4_eigergletscher_6-169x300.jpg 169w\" sizes=\"auto, (max-width: 307px) 100vw, 307px\" \/>\t\t<\/picture>\n\t\t                    <\/div>\n                                  <\/div>\n                              <div class=\"swiper-slide\">\n                                      <div class=\"img-wrapper\">\n                      \t\t<picture>\n\t\t\t\n\t\t\t<img width=\"307\" height=\"546\" src=\"https:\/\/www.mateco.ch\/wp-content\/uploads\/2024\/03\/1_eigergletscher_7.jpg\" class=\"w-full h-auto\" alt=\"\" loading=\"lazy\" decoding=\"async\" srcset=\"https:\/\/www.mateco.ch\/wp-content\/uploads\/2024\/03\/1_eigergletscher_7.jpg 307w, https:\/\/www.mateco.ch\/wp-content\/uploads\/2024\/03\/1_eigergletscher_7-169x300.jpg 169w\" sizes=\"auto, (max-width: 307px) 100vw, 307px\" \/>\t\t<\/picture>\n\t\t                    <\/div>\n                                  <\/div>\n                              <div class=\"swiper-slide\">\n                                      <div class=\"img-wrapper\">\n                      \t\t<picture>\n\t\t\t\n\t\t\t<img width=\"307\" height=\"546\" src=\"https:\/\/www.mateco.ch\/wp-content\/uploads\/2024\/03\/5_eigergletscher_8.jpg\" class=\"w-full h-auto\" alt=\"\" loading=\"lazy\" decoding=\"async\" srcset=\"https:\/\/www.mateco.ch\/wp-content\/uploads\/2024\/03\/5_eigergletscher_8.jpg 307w, https:\/\/www.mateco.ch\/wp-content\/uploads\/2024\/03\/5_eigergletscher_8-169x300.jpg 169w\" sizes=\"auto, (max-width: 307px) 100vw, 307px\" \/>\t\t<\/picture>\n\t\t                    <\/div>\n                                  <\/div>\n                              <div class=\"swiper-slide\">\n                                      <div class=\"img-wrapper\">\n                      \t\t<picture>\n\t\t\t\n\t\t\t<img width=\"523\" height=\"569\" src=\"https:\/\/www.mateco.ch\/wp-content\/uploads\/2024\/03\/s_142_12.jpg\" class=\"w-full h-auto\" alt=\"\" loading=\"lazy\" decoding=\"async\" srcset=\"https:\/\/www.mateco.ch\/wp-content\/uploads\/2024\/03\/s_142_12.jpg 523w, https:\/\/www.mateco.ch\/wp-content\/uploads\/2024\/03\/s_142_12-276x300.jpg 276w\" sizes=\"auto, (max-width: 523px) 100vw, 523px\" \/>\t\t<\/picture>\n\t\t                    <\/div>\n                                  <\/div>\n                          <\/div>\n            <div class=\"swiper-pagination\"><\/div>\n          <\/div>\n          <div class=\"swiper-prev swiper-nav-btn news-header-swiper-btn\"><\/div>\n          <div class=\"swiper-next swiper-nav-btn news-header-swiper-btn\"><\/div>\n        <\/div>\n      \n      <aside class=\"reference-rebrand-notice reference-rebrand-notice--detail\" aria-label=\"Note concernant le changement de raison sociale\">\n\t<span class=\"reference-rebrand-notice__eyebrow\">Maltech est mateco.<\/span>\n\t<strong class=\"reference-rebrand-notice__title\">Tout reste meilleur.<\/strong>\n<\/aside>\n    <\/div>\n\t\n\t<h1 class=\"text-md-center mt-50\">D\u00e9pannage, Glacier de l&rsquo;Eiger<\/h1>\n\n\t    <div class=\"row\">\n      <div class=\"col-md-10 offset-md-1 col-lg-8 offset-lg-2\">\n        <div class=\"rich-text lead mb-60 mb-md-100\">\n            <p>Pour cette intervention, nous avons pris la route des sommets, jusqu&rsquo;\u00e0 2&rsquo;350 m d&rsquo;altitude, sous la neige qui tombait.<\/p>\n        <\/div>\n      <\/div>\n    <\/div>\n\t\n\t    <div class=\"row\">\n      <div class=\"col-12 mb-n40 mb-md-n60\">\n                  <div class=\"row mb-40 mb-md-60\">\n            <div class=\"text col-md-10 offset-md-1 col-lg-8 offset-lg-2\">\n\n\t\n\t    <div class=\"rich-text big-space-between\">\n\t\t\t<p>Pour cette intervention, nous avons pris la route des sommets, jusqu&rsquo;\u00e0 2&rsquo;350 m d&rsquo;altitude, sous la neige qui tombait. \u00c0 proximit\u00e9 de la gare du glacier de l&rsquo;Eiger, un arr\u00eat de renomm\u00e9e mondiale de la ligne de la Jungfraubahn, se construit un nouvel h\u00f4tel destin\u00e9 \u00e0 accueillir une client\u00e8le internationale. Un \u00e9l\u00e9vateur \u00e0 nacelle de type ciseaux S142-12E de mateco est notamment utilis\u00e9 sur ce chantier. Par malchance, les batteries de la machine n&rsquo;ont pas r\u00e9sist\u00e9 aux temp\u00e9ratures glaciales de pr\u00e8s de &#8211; 30\u00b0 C. Elles ont gel\u00e9 et elles sont tomb\u00e9es en panne (les investigations du sinistre sont en cours). Il a fallu rapidement pourvoir au remplacement. Un sp\u00e9cialiste de mateco a donc transport\u00e9 quatre nouvelles batteries via la Wengernalpbahn de Grindelwald \u00e0 la Petite Scheidegg et ensuite par la ligne de la Jungfraubahn jusqu&rsquo;\u00e0 la gare du glacier de l&rsquo;Eiger. \u00c0 l&rsquo;aide de diff\u00e9rents engins de chantier, les batteries ont alors emprunt\u00e9 la piste de ski escarp\u00e9e jusqu\u2019au lieu de l&rsquo;intervention, o\u00f9 elles ont \u00e9t\u00e9 install\u00e9es dans l&rsquo;\u00e9l\u00e9vateur \u00e0 nacelle de type ciseaux &#8211; par un froid glacial et avec une vue \u00e0 couper le souffle sur le panorama montagneux. <\/p>\n    <\/div>\n\t\n\t\n<\/div>          <\/div>\n                  <div class=\"row mb-40 mb-md-60\">\n            <div class=\"cta-team col-12\">\n\n  \n  <div class=\"bg-yellow\">\n\t  \t  <div class=\"cta-team d-flex flex-column flex-md-row\">\n      <div class=\"img-wrapper\">\n\t\t  <img width=\"610\" height=\"610\" src=\"https:\/\/www.mateco.ch\/wp-content\/uploads\/2023\/10\/tobias-leibundgut-610x610-1.jpg\" class=\"h-100\" alt=\"\" loading=\"lazy\" decoding=\"async\" srcset=\"https:\/\/www.mateco.ch\/wp-content\/uploads\/2023\/10\/tobias-leibundgut-610x610-1.jpg 610w, https:\/\/www.mateco.ch\/wp-content\/uploads\/2023\/10\/tobias-leibundgut-610x610-1-150x150.jpg 150w, https:\/\/www.mateco.ch\/wp-content\/uploads\/2023\/10\/tobias-leibundgut-610x610-1-300x300.jpg 300w\" sizes=\"auto, (max-width: 610px) 100vw, 610px\" \/>    <\/div>\n  \t<div class=\"content p-20 p-md-40 p-lg-60 yellow d-flex align-items-center flex-fill\">\n    <div>\n\t    <h3 class=\"mb-10\">Projektleiter<\/h3>\n      <div class=\"rich-text\">\n                <p><span class=\"fw-700\">Tobias Leibundgut, <\/span>Responsable des ateliers et de l&rsquo;infrastructure<\/p>\n      <\/div>\n\t    <div class=\"button-group d-flex flex-column flex-lg-row mt-30\">\n\t<a href=\"mailto:tobias.leibundgut@mateco.ch\" target=\"\" title=\"tobias.leibundgut@mateco.ch\" class=\"btn btn-bg-mateco_red \" >\n\n  <i class=\"icon-mail\"><\/i>\n      <span class=\"btn-text\">tobias.leibundgut@mateco.ch<\/span>\n  \n  \n<\/a>\n<a href=\"tel:0316884011\" target=\"\" title=\"031 688 40 11\" class=\"btn btn-bg-blue \" >\n\n  <i class=\"icon-phone\"><\/i>\n      <span class=\"btn-text\">031 688 40 11<\/span>\n  \n  \n<\/a>\n<\/div>    <\/div>\n\t<\/div>\n<\/div>\n  <\/div>\n<\/div>          <\/div>\n              <\/div>\n    <\/div>\n\t\n<\/div>\n","protected":false},"excerpt":{"rendered":"<p>Pour cette intervention, nous avons pris la route des sommets, jusqu&rsquo;\u00e0 2&rsquo;350 m d&rsquo;altitude, sous la neige qui tombait.<\/p>\n","protected":false},"featured_media":4497,"template":"","application_areas_category":[],"class_list":["post-4504","references","type-references","status-publish","has-post-thumbnail","hentry"],"acf":[],"yoast_head":"<title>D\u00e9pannage, Glacier de l&#039;Eiger - mateco AG<\/title>\n<meta name=\"robots\" content=\"index, follow, max-snippet:-1, max-image-preview:large, max-video-preview:-1\" \/>\n<link rel=\"canonical\" href=\"https:\/\/www.mateco.ch\/fr\/societe\/references\/depannage-glacier-de-l-eiger\/\" \/>\n<meta property=\"og:locale\" content=\"fr_FR\" \/>\n<meta property=\"og:type\" content=\"article\" \/>\n<meta property=\"og:title\" content=\"D\u00e9pannage, Glacier de l&#039;Eiger - mateco AG\" \/>\n<meta property=\"og:description\" content=\"Pour cette intervention, nous avons pris la route des sommets, jusqu&#039;\u00e0 2&#039;350 m d&#039;altitude, sous la neige qui tombait.\" \/>\n<meta property=\"og:url\" content=\"https:\/\/www.mateco.ch\/fr\/societe\/references\/depannage-glacier-de-l-eiger\/\" \/>\n<meta property=\"og:site_name\" content=\"mateco AG\" \/>\n<meta property=\"article:modified_time\" content=\"2024-03-23T13:54:06+00:00\" \/>\n<meta property=\"og:image\" content=\"https:\/\/www.mateco.ch\/wp-content\/uploads\/2024\/03\/2_eigergletscher_1.jpg\" \/>\n\t<meta property=\"og:image:width\" content=\"970\" \/>\n\t<meta property=\"og:image:height\" content=\"546\" \/>\n\t<meta property=\"og:image:type\" content=\"image\/jpeg\" \/>\n<meta name=\"twitter:card\" content=\"summary_large_image\" \/>\n<script type=\"application\/ld+json\" class=\"yoast-schema-graph\">{\"@context\":\"https:\\\/\\\/schema.org\",\"@graph\":[{\"@type\":\"WebPage\",\"@id\":\"https:\\\/\\\/www.mateco.ch\\\/fr\\\/societe\\\/references\\\/depannage-glacier-de-l-eiger\\\/\",\"url\":\"https:\\\/\\\/www.mateco.ch\\\/fr\\\/societe\\\/references\\\/depannage-glacier-de-l-eiger\\\/\",\"name\":\"D\u00e9pannage, Glacier de l'Eiger - mateco AG\",\"isPartOf\":{\"@id\":\"https:\\\/\\\/www.mateco.ch\\\/fr\\\/#website\"},\"primaryImageOfPage\":{\"@id\":\"https:\\\/\\\/www.mateco.ch\\\/fr\\\/societe\\\/references\\\/depannage-glacier-de-l-eiger\\\/#primaryimage\"},\"image\":{\"@id\":\"https:\\\/\\\/www.mateco.ch\\\/fr\\\/societe\\\/references\\\/depannage-glacier-de-l-eiger\\\/#primaryimage\"},\"thumbnailUrl\":\"https:\\\/\\\/www.mateco.ch\\\/wp-content\\\/uploads\\\/2024\\\/03\\\/2_eigergletscher_1.jpg\",\"datePublished\":\"2024-03-06T14:02:16+00:00\",\"dateModified\":\"2024-03-23T13:54:06+00:00\",\"breadcrumb\":{\"@id\":\"https:\\\/\\\/www.mateco.ch\\\/fr\\\/societe\\\/references\\\/depannage-glacier-de-l-eiger\\\/#breadcrumb\"},\"inLanguage\":\"fr-FR\",\"potentialAction\":[{\"@type\":\"ReadAction\",\"target\":[\"https:\\\/\\\/www.mateco.ch\\\/fr\\\/societe\\\/references\\\/depannage-glacier-de-l-eiger\\\/\"]}]},{\"@type\":\"ImageObject\",\"inLanguage\":\"fr-FR\",\"@id\":\"https:\\\/\\\/www.mateco.ch\\\/fr\\\/societe\\\/references\\\/depannage-glacier-de-l-eiger\\\/#primaryimage\",\"url\":\"https:\\\/\\\/www.mateco.ch\\\/wp-content\\\/uploads\\\/2024\\\/03\\\/2_eigergletscher_1.jpg\",\"contentUrl\":\"https:\\\/\\\/www.mateco.ch\\\/wp-content\\\/uploads\\\/2024\\\/03\\\/2_eigergletscher_1.jpg\",\"width\":970,\"height\":546},{\"@type\":\"BreadcrumbList\",\"@id\":\"https:\\\/\\\/www.mateco.ch\\\/fr\\\/societe\\\/references\\\/depannage-glacier-de-l-eiger\\\/#breadcrumb\",\"itemListElement\":[{\"@type\":\"ListItem\",\"position\":1,\"name\":\"Home\",\"item\":\"https:\\\/\\\/www.mateco.ch\\\/fr\\\/home\\\/\"},{\"@type\":\"ListItem\",\"position\":2,\"name\":\"D\u00e9pannage, Glacier de l&#8217;Eiger\"}]},{\"@type\":\"WebSite\",\"@id\":\"https:\\\/\\\/www.mateco.ch\\\/fr\\\/#website\",\"url\":\"https:\\\/\\\/www.mateco.ch\\\/fr\\\/\",\"name\":\"mateco AG\",\"description\":\"Ihr kompetenter Partner  rund um Arbeitsb\u00fchnen\",\"publisher\":{\"@id\":\"https:\\\/\\\/www.mateco.ch\\\/fr\\\/#organization\"},\"potentialAction\":[{\"@type\":\"SearchAction\",\"target\":{\"@type\":\"EntryPoint\",\"urlTemplate\":\"https:\\\/\\\/www.mateco.ch\\\/fr\\\/?s={search_term_string}\"},\"query-input\":{\"@type\":\"PropertyValueSpecification\",\"valueRequired\":true,\"valueName\":\"search_term_string\"}}],\"inLanguage\":\"fr-FR\"},{\"@type\":\"Organization\",\"@id\":\"https:\\\/\\\/www.mateco.ch\\\/fr\\\/#organization\",\"name\":\"mateco AG\",\"url\":\"https:\\\/\\\/www.mateco.ch\\\/fr\\\/\",\"logo\":{\"@type\":\"ImageObject\",\"inLanguage\":\"fr-FR\",\"@id\":\"https:\\\/\\\/www.mateco.ch\\\/fr\\\/#\\\/schema\\\/logo\\\/image\\\/\",\"url\":\"https:\\\/\\\/www.mateco.ch\\\/wp-content\\\/uploads\\\/2026\\\/07\\\/mateco_logo-scaled.png\",\"contentUrl\":\"https:\\\/\\\/www.mateco.ch\\\/wp-content\\\/uploads\\\/2026\\\/07\\\/mateco_logo-scaled.png\",\"width\":2560,\"height\":653,\"caption\":\"mateco AG\"},\"image\":{\"@id\":\"https:\\\/\\\/www.mateco.ch\\\/fr\\\/#\\\/schema\\\/logo\\\/image\\\/\"}}]}<\/script>","yoast_head_json":{"title":"D\u00e9pannage, Glacier de l'Eiger - mateco AG","robots":{"index":"index","follow":"follow","max-snippet":"max-snippet:-1","max-image-preview":"max-image-preview:large","max-video-preview":"max-video-preview:-1"},"canonical":"https:\/\/www.mateco.ch\/fr\/societe\/references\/depannage-glacier-de-l-eiger\/","og_locale":"fr_FR","og_type":"article","og_title":"D\u00e9pannage, Glacier de l'Eiger - mateco AG","og_description":"Pour cette intervention, nous avons pris la route des sommets, jusqu'\u00e0 2'350 m d'altitude, sous la neige qui tombait.","og_url":"https:\/\/www.mateco.ch\/fr\/societe\/references\/depannage-glacier-de-l-eiger\/","og_site_name":"mateco AG","article_modified_time":"2024-03-23T13:54:06+00:00","og_image":[{"width":970,"height":546,"url":"https:\/\/www.mateco.ch\/wp-content\/uploads\/2024\/03\/2_eigergletscher_1.jpg","type":"image\/jpeg"}],"twitter_card":"summary_large_image","schema":{"@context":"https:\/\/schema.org","@graph":[{"@type":"WebPage","@id":"https:\/\/www.mateco.ch\/fr\/societe\/references\/depannage-glacier-de-l-eiger\/","url":"https:\/\/www.mateco.ch\/fr\/societe\/references\/depannage-glacier-de-l-eiger\/","name":"D\u00e9pannage, Glacier de l'Eiger - mateco AG","isPartOf":{"@id":"https:\/\/www.mateco.ch\/fr\/#website"},"primaryImageOfPage":{"@id":"https:\/\/www.mateco.ch\/fr\/societe\/references\/depannage-glacier-de-l-eiger\/#primaryimage"},"image":{"@id":"https:\/\/www.mateco.ch\/fr\/societe\/references\/depannage-glacier-de-l-eiger\/#primaryimage"},"thumbnailUrl":"https:\/\/www.mateco.ch\/wp-content\/uploads\/2024\/03\/2_eigergletscher_1.jpg","datePublished":"2024-03-06T14:02:16+00:00","dateModified":"2024-03-23T13:54:06+00:00","breadcrumb":{"@id":"https:\/\/www.mateco.ch\/fr\/societe\/references\/depannage-glacier-de-l-eiger\/#breadcrumb"},"inLanguage":"fr-FR","potentialAction":[{"@type":"ReadAction","target":["https:\/\/www.mateco.ch\/fr\/societe\/references\/depannage-glacier-de-l-eiger\/"]}]},{"@type":"ImageObject","inLanguage":"fr-FR","@id":"https:\/\/www.mateco.ch\/fr\/societe\/references\/depannage-glacier-de-l-eiger\/#primaryimage","url":"https:\/\/www.mateco.ch\/wp-content\/uploads\/2024\/03\/2_eigergletscher_1.jpg","contentUrl":"https:\/\/www.mateco.ch\/wp-content\/uploads\/2024\/03\/2_eigergletscher_1.jpg","width":970,"height":546},{"@type":"BreadcrumbList","@id":"https:\/\/www.mateco.ch\/fr\/societe\/references\/depannage-glacier-de-l-eiger\/#breadcrumb","itemListElement":[{"@type":"ListItem","position":1,"name":"Home","item":"https:\/\/www.mateco.ch\/fr\/home\/"},{"@type":"ListItem","position":2,"name":"D\u00e9pannage, Glacier de l&#8217;Eiger"}]},{"@type":"WebSite","@id":"https:\/\/www.mateco.ch\/fr\/#website","url":"https:\/\/www.mateco.ch\/fr\/","name":"mateco AG","description":"Ihr kompetenter Partner  rund um Arbeitsb\u00fchnen","publisher":{"@id":"https:\/\/www.mateco.ch\/fr\/#organization"},"potentialAction":[{"@type":"SearchAction","target":{"@type":"EntryPoint","urlTemplate":"https:\/\/www.mateco.ch\/fr\/?s={search_term_string}"},"query-input":{"@type":"PropertyValueSpecification","valueRequired":true,"valueName":"search_term_string"}}],"inLanguage":"fr-FR"},{"@type":"Organization","@id":"https:\/\/www.mateco.ch\/fr\/#organization","name":"mateco AG","url":"https:\/\/www.mateco.ch\/fr\/","logo":{"@type":"ImageObject","inLanguage":"fr-FR","@id":"https:\/\/www.mateco.ch\/fr\/#\/schema\/logo\/image\/","url":"https:\/\/www.mateco.ch\/wp-content\/uploads\/2026\/07\/mateco_logo-scaled.png","contentUrl":"https:\/\/www.mateco.ch\/wp-content\/uploads\/2026\/07\/mateco_logo-scaled.png","width":2560,"height":653,"caption":"mateco AG"},"image":{"@id":"https:\/\/www.mateco.ch\/fr\/#\/schema\/logo\/image\/"}}]}},"_links":{"self":[{"href":"https:\/\/www.mateco.ch\/fr\/wp-json\/wp\/v2\/references\/4504","targetHints":{"allow":["GET"]}}],"collection":[{"href":"https:\/\/www.mateco.ch\/fr\/wp-json\/wp\/v2\/references"}],"about":[{"href":"https:\/\/www.mateco.ch\/fr\/wp-json\/wp\/v2\/types\/references"}],"version-history":[{"count":1,"href":"https:\/\/www.mateco.ch\/fr\/wp-json\/wp\/v2\/references\/4504\/revisions"}],"predecessor-version":[{"id":4505,"href":"https:\/\/www.mateco.ch\/fr\/wp-json\/wp\/v2\/references\/4504\/revisions\/4505"}],"wp:attachment":[{"href":"https:\/\/www.mateco.ch\/fr\/wp-json\/wp\/v2\/media?parent=4504"}],"wp:term":[{"taxonomy":"application_areas_category","embeddable":true,"href":"https:\/\/www.mateco.ch\/fr\/wp-json\/wp\/v2\/application_areas_category?post=4504"}],"curies":[{"name":"wp","href":"https:\/\/api.w.org\/{rel}","templated":true}]}}