{"id":4538,"date":"2024-03-06T15:19:01","date_gmt":"2024-03-06T14:19:01","guid":{"rendered":"https:\/\/staging.maltech.ch\/unternehmen\/referenzen\/kantonsspital-luzern\/"},"modified":"2024-03-23T14:53:31","modified_gmt":"2024-03-23T13:53:31","slug":"hopital-cantonal-lucerne","status":"publish","type":"references","link":"https:\/\/www.mateco.ch\/fr\/societe\/references\/hopital-cantonal-lucerne\/","title":{"rendered":"H\u00f4pital cantonal, Lucerne"},"content":{"rendered":"<div class=\"container global-content-styles\">\n\n\t<div class=\"button-group d-inline-flex mt-0 mb-30\">\n\t<a href=\"\/fr\/societe-2\/references\/\" target=\"\" title=\"Retour aux r\u00e9sultats\" class=\"btn btn-primary btn-bg-mateco_red \" >\n\n  <i class=\"icon-chevron\"><\/i>\n      <span class=\"btn-text\">Retour aux r\u00e9sultats<\/span>\n  \n  \n<\/a>\n<\/div>\n\t    <div class=\"reference-media\">\n              <div class=\"position-relative swiper-maltech-style reference-detail-slider\">\n          <div class=\"swiper news-header-swiper\">\n            <div class=\"swiper-wrapper\">\n                              <div class=\"swiper-slide\">\n                                      <div class=\"img-wrapper\">\n                      \t\t<picture>\n\t\t\t\n\t\t\t<img width=\"1024\" height=\"768\" src=\"https:\/\/www.mateco.ch\/wp-content\/uploads\/2024\/03\/img_5831-1024x768.jpg\" class=\"w-full h-auto\" alt=\"\" loading=\"lazy\" decoding=\"async\" srcset=\"https:\/\/www.mateco.ch\/wp-content\/uploads\/2024\/03\/img_5831-1024x768.jpg 1024w, https:\/\/www.mateco.ch\/wp-content\/uploads\/2024\/03\/img_5831-300x225.jpg 300w, https:\/\/www.mateco.ch\/wp-content\/uploads\/2024\/03\/img_5831-768x576.jpg 768w, https:\/\/www.mateco.ch\/wp-content\/uploads\/2024\/03\/img_5831-1536x1152.jpg 1536w, https:\/\/www.mateco.ch\/wp-content\/uploads\/2024\/03\/img_5831-2048x1536.jpg 2048w\" sizes=\"auto, (max-width: 1024px) 100vw, 1024px\" \/>\t\t<\/picture>\n\t\t                    <\/div>\n                                  <\/div>\n                              <div class=\"swiper-slide\">\n                                      <div class=\"img-wrapper\">\n                      \t\t<picture>\n\t\t\t\n\t\t\t<img width=\"1024\" height=\"768\" src=\"https:\/\/www.mateco.ch\/wp-content\/uploads\/2024\/03\/img_5840-1024x768.jpg\" class=\"w-full h-auto\" alt=\"\" loading=\"lazy\" decoding=\"async\" srcset=\"https:\/\/www.mateco.ch\/wp-content\/uploads\/2024\/03\/img_5840-1024x768.jpg 1024w, https:\/\/www.mateco.ch\/wp-content\/uploads\/2024\/03\/img_5840-300x225.jpg 300w, https:\/\/www.mateco.ch\/wp-content\/uploads\/2024\/03\/img_5840-768x576.jpg 768w, https:\/\/www.mateco.ch\/wp-content\/uploads\/2024\/03\/img_5840-1536x1152.jpg 1536w, https:\/\/www.mateco.ch\/wp-content\/uploads\/2024\/03\/img_5840-2048x1536.jpg 2048w\" sizes=\"auto, (max-width: 1024px) 100vw, 1024px\" \/>\t\t<\/picture>\n\t\t                    <\/div>\n                                  <\/div>\n                              <div class=\"swiper-slide\">\n                                      <div class=\"img-wrapper\">\n                      \t\t<picture>\n\t\t\t\n\t\t\t<img width=\"768\" height=\"1024\" src=\"https:\/\/www.mateco.ch\/wp-content\/uploads\/2024\/03\/img_5833_1-768x1024.jpg\" class=\"w-full h-auto\" alt=\"\" loading=\"lazy\" decoding=\"async\" srcset=\"https:\/\/www.mateco.ch\/wp-content\/uploads\/2024\/03\/img_5833_1-768x1024.jpg 768w, https:\/\/www.mateco.ch\/wp-content\/uploads\/2024\/03\/img_5833_1-225x300.jpg 225w, https:\/\/www.mateco.ch\/wp-content\/uploads\/2024\/03\/img_5833_1-1152x1536.jpg 1152w, https:\/\/www.mateco.ch\/wp-content\/uploads\/2024\/03\/img_5833_1-1536x2048.jpg 1536w, https:\/\/www.mateco.ch\/wp-content\/uploads\/2024\/03\/img_5833_1-scaled.jpg 1920w\" sizes=\"auto, (max-width: 768px) 100vw, 768px\" \/>\t\t<\/picture>\n\t\t                    <\/div>\n                                  <\/div>\n                          <\/div>\n            <div class=\"swiper-pagination\"><\/div>\n          <\/div>\n          <div class=\"swiper-prev swiper-nav-btn news-header-swiper-btn\"><\/div>\n          <div class=\"swiper-next swiper-nav-btn news-header-swiper-btn\"><\/div>\n        <\/div>\n      \n      <aside class=\"reference-rebrand-notice reference-rebrand-notice--detail\" aria-label=\"Note concernant le changement de raison sociale\">\n\t<span class=\"reference-rebrand-notice__eyebrow\">Maltech est mateco.<\/span>\n\t<strong class=\"reference-rebrand-notice__title\">Tout reste meilleur.<\/strong>\n<\/aside>\n    <\/div>\n\t\n\t<h1 class=\"text-md-center mt-50\">H\u00f4pital cantonal, Lucerne<\/h1>\n\n\t    <div class=\"row\">\n      <div class=\"col-md-10 offset-md-1 col-lg-8 offset-lg-2\">\n        <div class=\"rich-text lead mb-60 mb-md-100\">\n            <p>Le monde appartient \u00e0 ceux qui se l\u00e8vent t\u00f4t \u2013 l&rsquo;intervention de mateco \u00e0 Lucerne donne tout son sens \u00e0 ce proverbe. Le mandat consistait \u00e0 r\u00e9parer les stores de l&rsquo;h\u00f4pital cantonal de Lucerne. <\/p>\n        <\/div>\n      <\/div>\n    <\/div>\n\t\n\t    <div class=\"row\">\n      <div class=\"col-12 mb-n40 mb-md-n60\">\n                  <div class=\"row mb-40 mb-md-60\">\n            <div class=\"text col-md-10 offset-md-1 col-lg-8 offset-lg-2\">\n\n\t\n\t    <div class=\"rich-text big-space-between\">\n\t\t\t<p>Le monde appartient \u00e0 ceux qui se l\u00e8vent t\u00f4t \u2013 l&rsquo;intervention de mateco \u00e0 Lucerne donne tout son sens \u00e0 ce proverbe. Le mandat consistait \u00e0 r\u00e9parer les stores de l&rsquo;h\u00f4pital cantonal de Lucerne. Apr\u00e8s une analyse de la situation, il est devenu clair qu&rsquo;afin de garantir un travail s\u00fbr et efficace \u00e0 cet endroit, il fallait placer \u00e0 la Friedentalstrasse un \u00e9l\u00e9vateur \u00e0 nacelle sur camion \u00e9quip\u00e9 d&rsquo;un long bras t\u00e9lescopique. Le choix s&rsquo;est port\u00e9 sur le S50, convaincant gr\u00e2ce \u00e0 son impressionnant rayon d&rsquo;action lat\u00e9ral allant jusqu&rsquo;\u00e0 36 m\u00e8tres. \u00c9tant donn\u00e9 que la largeur d&rsquo;appui d\u00e9passe les 5 m\u00e8tres, il a \u00e9t\u00e9 n\u00e9cessaire de fermer la route au trafic pendant la dur\u00e9e de l&rsquo;intervention. La fermeture de la circulation s&rsquo;est fait en \u00e9troite collaboration avec les autorit\u00e9s comp\u00e9tentes et n\u00e9cessitait une signalisation \u00e9labor\u00e9e. Et afin de limiter la perturbation du trafic, les r\u00e9parations ont eu lieu au petit matin. Ainsi, le mandat a \u00e9t\u00e9 r\u00e9alis\u00e9 de mani\u00e8re exp\u00e9ditive et avec succ\u00e8s.<\/p>\n    <\/div>\n\t\n\t\n<\/div>          <\/div>\n                  <div class=\"row mb-40 mb-md-60\">\n            <div class=\"cta-team col-12\">\n\n  \n  <div class=\"bg-yellow\">\n\t  \t  <div class=\"cta-team d-flex flex-column flex-md-row\">\n      <div class=\"img-wrapper\">\n\t\t  <img width=\"610\" height=\"610\" src=\"https:\/\/www.mateco.ch\/wp-content\/uploads\/2024\/03\/Benno_Betschart_2024_610x610px.jpg\" class=\"h-100\" alt=\"\" loading=\"lazy\" decoding=\"async\" srcset=\"https:\/\/www.mateco.ch\/wp-content\/uploads\/2024\/03\/Benno_Betschart_2024_610x610px.jpg 610w, https:\/\/www.mateco.ch\/wp-content\/uploads\/2024\/03\/Benno_Betschart_2024_610x610px-150x150.jpg 150w, https:\/\/www.mateco.ch\/wp-content\/uploads\/2024\/03\/Benno_Betschart_2024_610x610px-300x300.jpg 300w\" sizes=\"auto, (max-width: 610px) 100vw, 610px\" \/>    <\/div>\n  \t<div class=\"content p-20 p-md-40 p-lg-60 yellow d-flex align-items-center flex-fill\">\n    <div>\n\t    <h3 class=\"mb-10\">Chef de projet<\/h3>\n      <div class=\"rich-text\">\n                <p><span class=\"fw-700\">Benno Betschart, <\/span>Chef de projet<\/p>\n      <\/div>\n\t    <div class=\"button-group d-flex flex-column flex-lg-row mt-30\">\n\t<a href=\"mailto:projektleiter-ost@mateco.ch\" target=\"\" title=\"projektleiter-ost@mateco.ch\" class=\"btn btn-bg-mateco_red \" >\n\n  <i class=\"icon-mail\"><\/i>\n      <span class=\"btn-text\">projektleiter-ost@mateco.ch<\/span>\n  \n  \n<\/a>\n<a href=\"tel:0412810311\" target=\"\" title=\"041 281 03 11\" class=\"btn btn-bg-blue \" >\n\n  <i class=\"icon-phone\"><\/i>\n      <span class=\"btn-text\">041 281 03 11<\/span>\n  \n  \n<\/a>\n<\/div>    <\/div>\n\t<\/div>\n<\/div>\n  <\/div>\n<\/div>          <\/div>\n              <\/div>\n    <\/div>\n\t\n<\/div>\n","protected":false},"excerpt":{"rendered":"<p>Le monde appartient \u00e0 ceux qui se l\u00e8vent t\u00f4t \u2013 l&rsquo;intervention de mateco \u00e0 Lucerne donne tout son sens \u00e0 ce proverbe. Le mandat consistait \u00e0 r\u00e9parer les stores de l&rsquo;h\u00f4pital cantonal de Lucerne. <\/p>\n","protected":false},"featured_media":4536,"template":"","application_areas_category":[108],"class_list":["post-4538","references","type-references","status-publish","has-post-thumbnail","hentry","application_areas_category-beschattung-und-sonnenschutz-fr"],"acf":[],"yoast_head":"<title>H\u00f4pital cantonal, Lucerne - mateco AG<\/title>\n<meta name=\"robots\" content=\"index, follow, max-snippet:-1, max-image-preview:large, max-video-preview:-1\" \/>\n<link rel=\"canonical\" href=\"https:\/\/www.mateco.ch\/fr\/societe\/references\/hopital-cantonal-lucerne\/\" \/>\n<meta property=\"og:locale\" content=\"fr_FR\" \/>\n<meta property=\"og:type\" content=\"article\" \/>\n<meta property=\"og:title\" content=\"H\u00f4pital cantonal, Lucerne - mateco AG\" \/>\n<meta property=\"og:description\" content=\"Le monde appartient \u00e0 ceux qui se l\u00e8vent t\u00f4t \u2013 l&#039;intervention de mateco \u00e0 Lucerne donne tout son sens \u00e0 ce proverbe. Le mandat consistait \u00e0 r\u00e9parer les stores de l&#039;h\u00f4pital cantonal de Lucerne.\" \/>\n<meta property=\"og:url\" content=\"https:\/\/www.mateco.ch\/fr\/societe\/references\/hopital-cantonal-lucerne\/\" \/>\n<meta property=\"og:site_name\" content=\"mateco AG\" \/>\n<meta property=\"article:modified_time\" content=\"2024-03-23T13:53:31+00:00\" \/>\n<meta property=\"og:image\" content=\"https:\/\/www.mateco.ch\/wp-content\/uploads\/2024\/03\/img_5831-scaled.jpg\" \/>\n\t<meta property=\"og:image:width\" content=\"2560\" \/>\n\t<meta property=\"og:image:height\" content=\"1920\" \/>\n\t<meta property=\"og:image:type\" content=\"image\/jpeg\" \/>\n<meta name=\"twitter:card\" content=\"summary_large_image\" \/>\n<script type=\"application\/ld+json\" class=\"yoast-schema-graph\">{\"@context\":\"https:\\\/\\\/schema.org\",\"@graph\":[{\"@type\":\"WebPage\",\"@id\":\"https:\\\/\\\/www.mateco.ch\\\/fr\\\/societe\\\/references\\\/hopital-cantonal-lucerne\\\/\",\"url\":\"https:\\\/\\\/www.mateco.ch\\\/fr\\\/societe\\\/references\\\/hopital-cantonal-lucerne\\\/\",\"name\":\"H\u00f4pital cantonal, Lucerne - mateco AG\",\"isPartOf\":{\"@id\":\"https:\\\/\\\/www.mateco.ch\\\/fr\\\/#website\"},\"primaryImageOfPage\":{\"@id\":\"https:\\\/\\\/www.mateco.ch\\\/fr\\\/societe\\\/references\\\/hopital-cantonal-lucerne\\\/#primaryimage\"},\"image\":{\"@id\":\"https:\\\/\\\/www.mateco.ch\\\/fr\\\/societe\\\/references\\\/hopital-cantonal-lucerne\\\/#primaryimage\"},\"thumbnailUrl\":\"https:\\\/\\\/www.mateco.ch\\\/wp-content\\\/uploads\\\/2024\\\/03\\\/img_5831-scaled.jpg\",\"datePublished\":\"2024-03-06T14:19:01+00:00\",\"dateModified\":\"2024-03-23T13:53:31+00:00\",\"breadcrumb\":{\"@id\":\"https:\\\/\\\/www.mateco.ch\\\/fr\\\/societe\\\/references\\\/hopital-cantonal-lucerne\\\/#breadcrumb\"},\"inLanguage\":\"fr-FR\",\"potentialAction\":[{\"@type\":\"ReadAction\",\"target\":[\"https:\\\/\\\/www.mateco.ch\\\/fr\\\/societe\\\/references\\\/hopital-cantonal-lucerne\\\/\"]}]},{\"@type\":\"ImageObject\",\"inLanguage\":\"fr-FR\",\"@id\":\"https:\\\/\\\/www.mateco.ch\\\/fr\\\/societe\\\/references\\\/hopital-cantonal-lucerne\\\/#primaryimage\",\"url\":\"https:\\\/\\\/www.mateco.ch\\\/wp-content\\\/uploads\\\/2024\\\/03\\\/img_5831-scaled.jpg\",\"contentUrl\":\"https:\\\/\\\/www.mateco.ch\\\/wp-content\\\/uploads\\\/2024\\\/03\\\/img_5831-scaled.jpg\",\"width\":2560,\"height\":1920},{\"@type\":\"BreadcrumbList\",\"@id\":\"https:\\\/\\\/www.mateco.ch\\\/fr\\\/societe\\\/references\\\/hopital-cantonal-lucerne\\\/#breadcrumb\",\"itemListElement\":[{\"@type\":\"ListItem\",\"position\":1,\"name\":\"Home\",\"item\":\"https:\\\/\\\/www.mateco.ch\\\/fr\\\/home\\\/\"},{\"@type\":\"ListItem\",\"position\":2,\"name\":\"H\u00f4pital cantonal, Lucerne\"}]},{\"@type\":\"WebSite\",\"@id\":\"https:\\\/\\\/www.mateco.ch\\\/fr\\\/#website\",\"url\":\"https:\\\/\\\/www.mateco.ch\\\/fr\\\/\",\"name\":\"mateco AG\",\"description\":\"Ihr kompetenter Partner  rund um Arbeitsb\u00fchnen\",\"publisher\":{\"@id\":\"https:\\\/\\\/www.mateco.ch\\\/fr\\\/#organization\"},\"potentialAction\":[{\"@type\":\"SearchAction\",\"target\":{\"@type\":\"EntryPoint\",\"urlTemplate\":\"https:\\\/\\\/www.mateco.ch\\\/fr\\\/?s={search_term_string}\"},\"query-input\":{\"@type\":\"PropertyValueSpecification\",\"valueRequired\":true,\"valueName\":\"search_term_string\"}}],\"inLanguage\":\"fr-FR\"},{\"@type\":\"Organization\",\"@id\":\"https:\\\/\\\/www.mateco.ch\\\/fr\\\/#organization\",\"name\":\"mateco AG\",\"url\":\"https:\\\/\\\/www.mateco.ch\\\/fr\\\/\",\"logo\":{\"@type\":\"ImageObject\",\"inLanguage\":\"fr-FR\",\"@id\":\"https:\\\/\\\/www.mateco.ch\\\/fr\\\/#\\\/schema\\\/logo\\\/image\\\/\",\"url\":\"https:\\\/\\\/www.mateco.ch\\\/wp-content\\\/uploads\\\/2026\\\/07\\\/mateco_logo-scaled.png\",\"contentUrl\":\"https:\\\/\\\/www.mateco.ch\\\/wp-content\\\/uploads\\\/2026\\\/07\\\/mateco_logo-scaled.png\",\"width\":2560,\"height\":653,\"caption\":\"mateco AG\"},\"image\":{\"@id\":\"https:\\\/\\\/www.mateco.ch\\\/fr\\\/#\\\/schema\\\/logo\\\/image\\\/\"}}]}<\/script>","yoast_head_json":{"title":"H\u00f4pital cantonal, Lucerne - mateco AG","robots":{"index":"index","follow":"follow","max-snippet":"max-snippet:-1","max-image-preview":"max-image-preview:large","max-video-preview":"max-video-preview:-1"},"canonical":"https:\/\/www.mateco.ch\/fr\/societe\/references\/hopital-cantonal-lucerne\/","og_locale":"fr_FR","og_type":"article","og_title":"H\u00f4pital cantonal, Lucerne - mateco AG","og_description":"Le monde appartient \u00e0 ceux qui se l\u00e8vent t\u00f4t \u2013 l'intervention de mateco \u00e0 Lucerne donne tout son sens \u00e0 ce proverbe. Le mandat consistait \u00e0 r\u00e9parer les stores de l'h\u00f4pital cantonal de Lucerne.","og_url":"https:\/\/www.mateco.ch\/fr\/societe\/references\/hopital-cantonal-lucerne\/","og_site_name":"mateco AG","article_modified_time":"2024-03-23T13:53:31+00:00","og_image":[{"width":2560,"height":1920,"url":"https:\/\/www.mateco.ch\/wp-content\/uploads\/2024\/03\/img_5831-scaled.jpg","type":"image\/jpeg"}],"twitter_card":"summary_large_image","schema":{"@context":"https:\/\/schema.org","@graph":[{"@type":"WebPage","@id":"https:\/\/www.mateco.ch\/fr\/societe\/references\/hopital-cantonal-lucerne\/","url":"https:\/\/www.mateco.ch\/fr\/societe\/references\/hopital-cantonal-lucerne\/","name":"H\u00f4pital cantonal, Lucerne - mateco AG","isPartOf":{"@id":"https:\/\/www.mateco.ch\/fr\/#website"},"primaryImageOfPage":{"@id":"https:\/\/www.mateco.ch\/fr\/societe\/references\/hopital-cantonal-lucerne\/#primaryimage"},"image":{"@id":"https:\/\/www.mateco.ch\/fr\/societe\/references\/hopital-cantonal-lucerne\/#primaryimage"},"thumbnailUrl":"https:\/\/www.mateco.ch\/wp-content\/uploads\/2024\/03\/img_5831-scaled.jpg","datePublished":"2024-03-06T14:19:01+00:00","dateModified":"2024-03-23T13:53:31+00:00","breadcrumb":{"@id":"https:\/\/www.mateco.ch\/fr\/societe\/references\/hopital-cantonal-lucerne\/#breadcrumb"},"inLanguage":"fr-FR","potentialAction":[{"@type":"ReadAction","target":["https:\/\/www.mateco.ch\/fr\/societe\/references\/hopital-cantonal-lucerne\/"]}]},{"@type":"ImageObject","inLanguage":"fr-FR","@id":"https:\/\/www.mateco.ch\/fr\/societe\/references\/hopital-cantonal-lucerne\/#primaryimage","url":"https:\/\/www.mateco.ch\/wp-content\/uploads\/2024\/03\/img_5831-scaled.jpg","contentUrl":"https:\/\/www.mateco.ch\/wp-content\/uploads\/2024\/03\/img_5831-scaled.jpg","width":2560,"height":1920},{"@type":"BreadcrumbList","@id":"https:\/\/www.mateco.ch\/fr\/societe\/references\/hopital-cantonal-lucerne\/#breadcrumb","itemListElement":[{"@type":"ListItem","position":1,"name":"Home","item":"https:\/\/www.mateco.ch\/fr\/home\/"},{"@type":"ListItem","position":2,"name":"H\u00f4pital cantonal, Lucerne"}]},{"@type":"WebSite","@id":"https:\/\/www.mateco.ch\/fr\/#website","url":"https:\/\/www.mateco.ch\/fr\/","name":"mateco AG","description":"Ihr kompetenter Partner  rund um Arbeitsb\u00fchnen","publisher":{"@id":"https:\/\/www.mateco.ch\/fr\/#organization"},"potentialAction":[{"@type":"SearchAction","target":{"@type":"EntryPoint","urlTemplate":"https:\/\/www.mateco.ch\/fr\/?s={search_term_string}"},"query-input":{"@type":"PropertyValueSpecification","valueRequired":true,"valueName":"search_term_string"}}],"inLanguage":"fr-FR"},{"@type":"Organization","@id":"https:\/\/www.mateco.ch\/fr\/#organization","name":"mateco AG","url":"https:\/\/www.mateco.ch\/fr\/","logo":{"@type":"ImageObject","inLanguage":"fr-FR","@id":"https:\/\/www.mateco.ch\/fr\/#\/schema\/logo\/image\/","url":"https:\/\/www.mateco.ch\/wp-content\/uploads\/2026\/07\/mateco_logo-scaled.png","contentUrl":"https:\/\/www.mateco.ch\/wp-content\/uploads\/2026\/07\/mateco_logo-scaled.png","width":2560,"height":653,"caption":"mateco AG"},"image":{"@id":"https:\/\/www.mateco.ch\/fr\/#\/schema\/logo\/image\/"}}]}},"_links":{"self":[{"href":"https:\/\/www.mateco.ch\/fr\/wp-json\/wp\/v2\/references\/4538","targetHints":{"allow":["GET"]}}],"collection":[{"href":"https:\/\/www.mateco.ch\/fr\/wp-json\/wp\/v2\/references"}],"about":[{"href":"https:\/\/www.mateco.ch\/fr\/wp-json\/wp\/v2\/types\/references"}],"version-history":[{"count":1,"href":"https:\/\/www.mateco.ch\/fr\/wp-json\/wp\/v2\/references\/4538\/revisions"}],"predecessor-version":[{"id":4539,"href":"https:\/\/www.mateco.ch\/fr\/wp-json\/wp\/v2\/references\/4538\/revisions\/4539"}],"wp:featuredmedia":[{"embeddable":true,"href":"https:\/\/www.mateco.ch\/fr\/wp-json\/wp\/v2\/media\/4536"}],"wp:attachment":[{"href":"https:\/\/www.mateco.ch\/fr\/wp-json\/wp\/v2\/media?parent=4538"}],"wp:term":[{"taxonomy":"application_areas_category","embeddable":true,"href":"https:\/\/www.mateco.ch\/fr\/wp-json\/wp\/v2\/application_areas_category?post=4538"}],"curies":[{"name":"wp","href":"https:\/\/api.w.org\/{rel}","templated":true}]}}