{"id":4554,"date":"2024-03-06T15:25:27","date_gmt":"2024-03-06T14:25:27","guid":{"rendered":"https:\/\/staging.maltech.ch\/unternehmen\/referenzen\/festival-images-vevey\/"},"modified":"2025-02-03T09:48:13","modified_gmt":"2025-02-03T08:48:13","slug":"festival-images-vevey","status":"publish","type":"references","link":"https:\/\/www.mateco.ch\/fr\/societe\/references\/festival-images-vevey\/","title":{"rendered":"Festival Images, Vevey"},"content":{"rendered":"<div class=\"container global-content-styles\">\n\n\t<div class=\"button-group d-inline-flex mt-0 mb-30\">\n\t<a href=\"\/fr\/societe-2\/references\/\" target=\"\" title=\"Retour aux r\u00e9sultats\" class=\"btn btn-primary btn-bg-mateco_red \" >\n\n  <i class=\"icon-chevron\"><\/i>\n      <span class=\"btn-text\">Retour aux r\u00e9sultats<\/span>\n  \n  \n<\/a>\n<\/div>\n\t    <div class=\"reference-media\">\n              <div class=\"position-relative swiper-maltech-style reference-detail-slider\">\n          <div class=\"swiper news-header-swiper\">\n            <div class=\"swiper-wrapper\">\n                              <div class=\"swiper-slide\">\n                                      <div class=\"img-wrapper\">\n                      \t\t<picture>\n\t\t\t\n\t\t\t<img width=\"1024\" height=\"981\" src=\"https:\/\/www.mateco.ch\/wp-content\/uploads\/2024\/03\/maltech_im_einsatz_master_1940x1090_festivalvevey1-1-1024x981.jpg\" class=\"w-full h-auto\" alt=\"\" loading=\"lazy\" decoding=\"async\" srcset=\"https:\/\/www.mateco.ch\/wp-content\/uploads\/2024\/03\/maltech_im_einsatz_master_1940x1090_festivalvevey1-1-1024x981.jpg 1024w, https:\/\/www.mateco.ch\/wp-content\/uploads\/2024\/03\/maltech_im_einsatz_master_1940x1090_festivalvevey1-1-300x287.jpg 300w, https:\/\/www.mateco.ch\/wp-content\/uploads\/2024\/03\/maltech_im_einsatz_master_1940x1090_festivalvevey1-1-768x736.jpg 768w, https:\/\/www.mateco.ch\/wp-content\/uploads\/2024\/03\/maltech_im_einsatz_master_1940x1090_festivalvevey1-1.jpg 1138w\" sizes=\"auto, (max-width: 1024px) 100vw, 1024px\" \/>\t\t<\/picture>\n\t\t                    <\/div>\n                                  <\/div>\n                              <div class=\"swiper-slide\">\n                                      <div class=\"img-wrapper\">\n                      \t\t<picture>\n\t\t\t\n\t\t\t<img width=\"1024\" height=\"576\" src=\"https:\/\/www.mateco.ch\/wp-content\/uploads\/2024\/03\/maltech_im_einsatz_master_1940x1090_festivalvevey2-1024x576.jpg\" class=\"w-full h-auto\" alt=\"\" loading=\"lazy\" decoding=\"async\" srcset=\"https:\/\/www.mateco.ch\/wp-content\/uploads\/2024\/03\/maltech_im_einsatz_master_1940x1090_festivalvevey2-1024x576.jpg 1024w, https:\/\/www.mateco.ch\/wp-content\/uploads\/2024\/03\/maltech_im_einsatz_master_1940x1090_festivalvevey2-300x169.jpg 300w, https:\/\/www.mateco.ch\/wp-content\/uploads\/2024\/03\/maltech_im_einsatz_master_1940x1090_festivalvevey2-768x432.jpg 768w, https:\/\/www.mateco.ch\/wp-content\/uploads\/2024\/03\/maltech_im_einsatz_master_1940x1090_festivalvevey2-1536x864.jpg 1536w, https:\/\/www.mateco.ch\/wp-content\/uploads\/2024\/03\/maltech_im_einsatz_master_1940x1090_festivalvevey2.jpg 1937w\" sizes=\"auto, (max-width: 1024px) 100vw, 1024px\" \/>\t\t<\/picture>\n\t\t                    <\/div>\n                                  <\/div>\n                              <div class=\"swiper-slide\">\n                                      <div class=\"img-wrapper\">\n                      \t\t<picture>\n\t\t\t\n\t\t\t<img width=\"1024\" height=\"576\" src=\"https:\/\/www.mateco.ch\/wp-content\/uploads\/2024\/03\/maltech_im_einsatz_master_1940x1090_festivalvevey3-1024x576.jpg\" class=\"w-full h-auto\" alt=\"\" loading=\"lazy\" decoding=\"async\" srcset=\"https:\/\/www.mateco.ch\/wp-content\/uploads\/2024\/03\/maltech_im_einsatz_master_1940x1090_festivalvevey3-1024x576.jpg 1024w, https:\/\/www.mateco.ch\/wp-content\/uploads\/2024\/03\/maltech_im_einsatz_master_1940x1090_festivalvevey3-300x169.jpg 300w, https:\/\/www.mateco.ch\/wp-content\/uploads\/2024\/03\/maltech_im_einsatz_master_1940x1090_festivalvevey3-768x432.jpg 768w, https:\/\/www.mateco.ch\/wp-content\/uploads\/2024\/03\/maltech_im_einsatz_master_1940x1090_festivalvevey3-1536x864.jpg 1536w, https:\/\/www.mateco.ch\/wp-content\/uploads\/2024\/03\/maltech_im_einsatz_master_1940x1090_festivalvevey3.jpg 1937w\" sizes=\"auto, (max-width: 1024px) 100vw, 1024px\" \/>\t\t<\/picture>\n\t\t                    <\/div>\n                                  <\/div>\n                              <div class=\"swiper-slide\">\n                                      <div class=\"img-wrapper\">\n                      \t\t<picture>\n\t\t\t\n\t\t\t<img width=\"1024\" height=\"576\" src=\"https:\/\/www.mateco.ch\/wp-content\/uploads\/2024\/03\/maltech_im_einsatz_master_1940x1090_festivalvevey4-1024x576.jpg\" class=\"w-full h-auto\" alt=\"\" loading=\"lazy\" decoding=\"async\" srcset=\"https:\/\/www.mateco.ch\/wp-content\/uploads\/2024\/03\/maltech_im_einsatz_master_1940x1090_festivalvevey4-1024x576.jpg 1024w, https:\/\/www.mateco.ch\/wp-content\/uploads\/2024\/03\/maltech_im_einsatz_master_1940x1090_festivalvevey4-300x169.jpg 300w, https:\/\/www.mateco.ch\/wp-content\/uploads\/2024\/03\/maltech_im_einsatz_master_1940x1090_festivalvevey4-768x432.jpg 768w, https:\/\/www.mateco.ch\/wp-content\/uploads\/2024\/03\/maltech_im_einsatz_master_1940x1090_festivalvevey4-1536x864.jpg 1536w, https:\/\/www.mateco.ch\/wp-content\/uploads\/2024\/03\/maltech_im_einsatz_master_1940x1090_festivalvevey4.jpg 1937w\" sizes=\"auto, (max-width: 1024px) 100vw, 1024px\" \/>\t\t<\/picture>\n\t\t                    <\/div>\n                                  <\/div>\n                              <div class=\"swiper-slide\">\n                                      <div class=\"img-wrapper\">\n                      \t\t<picture>\n\t\t\t\n\t\t\t<img width=\"1024\" height=\"576\" src=\"https:\/\/www.mateco.ch\/wp-content\/uploads\/2024\/03\/maltech_im_einsatz_master_1940x1090_festivalvevey5-1024x576.jpg\" class=\"w-full h-auto\" alt=\"\" loading=\"lazy\" decoding=\"async\" srcset=\"https:\/\/www.mateco.ch\/wp-content\/uploads\/2024\/03\/maltech_im_einsatz_master_1940x1090_festivalvevey5-1024x576.jpg 1024w, https:\/\/www.mateco.ch\/wp-content\/uploads\/2024\/03\/maltech_im_einsatz_master_1940x1090_festivalvevey5-300x169.jpg 300w, https:\/\/www.mateco.ch\/wp-content\/uploads\/2024\/03\/maltech_im_einsatz_master_1940x1090_festivalvevey5-768x432.jpg 768w, https:\/\/www.mateco.ch\/wp-content\/uploads\/2024\/03\/maltech_im_einsatz_master_1940x1090_festivalvevey5-1536x864.jpg 1536w, https:\/\/www.mateco.ch\/wp-content\/uploads\/2024\/03\/maltech_im_einsatz_master_1940x1090_festivalvevey5.jpg 1937w\" sizes=\"auto, (max-width: 1024px) 100vw, 1024px\" \/>\t\t<\/picture>\n\t\t                    <\/div>\n                                  <\/div>\n                              <div class=\"swiper-slide\">\n                                      <div class=\"img-wrapper\">\n                      \t\t<picture>\n\t\t\t\n\t\t\t<img width=\"701\" height=\"1024\" src=\"https:\/\/www.mateco.ch\/wp-content\/uploads\/2024\/03\/maltech_im_einsatz_master_1940x1090_festivalvevey6-701x1024.jpg\" class=\"w-full h-auto\" alt=\"\" loading=\"lazy\" decoding=\"async\" srcset=\"https:\/\/www.mateco.ch\/wp-content\/uploads\/2024\/03\/maltech_im_einsatz_master_1940x1090_festivalvevey6-701x1024.jpg 701w, https:\/\/www.mateco.ch\/wp-content\/uploads\/2024\/03\/maltech_im_einsatz_master_1940x1090_festivalvevey6-205x300.jpg 205w, https:\/\/www.mateco.ch\/wp-content\/uploads\/2024\/03\/maltech_im_einsatz_master_1940x1090_festivalvevey6.jpg 746w\" sizes=\"auto, (max-width: 701px) 100vw, 701px\" \/>\t\t<\/picture>\n\t\t                    <\/div>\n                                  <\/div>\n                          <\/div>\n            <div class=\"swiper-pagination\"><\/div>\n          <\/div>\n          <div class=\"swiper-prev swiper-nav-btn news-header-swiper-btn\"><\/div>\n          <div class=\"swiper-next swiper-nav-btn news-header-swiper-btn\"><\/div>\n        <\/div>\n      \n      <aside class=\"reference-rebrand-notice reference-rebrand-notice--detail\" aria-label=\"Note concernant le changement de raison sociale\">\n\t<span class=\"reference-rebrand-notice__eyebrow\">Maltech est mateco.<\/span>\n\t<strong class=\"reference-rebrand-notice__title\">Tout reste meilleur.<\/strong>\n<\/aside>\n    <\/div>\n\t\n\t<h1 class=\"text-md-center mt-50\">Festival Images, Vevey<\/h1>\n\n\t    <div class=\"row\">\n      <div class=\"col-md-10 offset-md-1 col-lg-8 offset-lg-2\">\n        <div class=\"rich-text lead mb-60 mb-md-100\">\n            <p>Vevey accueille tous les deux ans, en septembre, une exposition unique et devient \u00ab Ville d\u2019images \u00bb. En effet, de nombreux artistes exposent leurs \u0153uvres d\u2019art extraordinaires sur des supports tr\u00e8s vari\u00e9s, dans des maisons et dans les rues, tout au long du mois. Chaque \u00e9dition attire plus de 35\u2019000 visiteurs qui viennent s\u2019immerger dans ce monde d\u2019images tr\u00e8s vari\u00e9es. <\/p>\n        <\/div>\n      <\/div>\n    <\/div>\n\t\n\t    <div class=\"row\">\n      <div class=\"col-12 mb-n40 mb-md-n60\">\n                  <div class=\"row mb-40 mb-md-60\">\n            <div class=\"text col-md-10 offset-md-1 col-lg-8 offset-lg-2\">\n\n\t<h2 >mateco: le partenaire id\u00e9al<\/h2>\n\n\t    <div class=\"rich-text big-space-between\">\n\t\t\t<p>mateco est pour la deuxi\u00e8me fois partenaire du \u00ab Festival Images Vevey \u00bb et vient en aide aux artistes avec ses \u00e9l\u00e9vateurs \u00e0 nacelle ultramodernes. L\u2019\u00e9quipe a su convaincre par la planification fiable et sa grande diversit\u00e9 de machines, mais aussi par la ponctualit\u00e9 et la flexibilit\u00e9. \u00ab Gr\u00e2ce \u00e0 cette aide et \u00e0 l\u2019excellente collaboration avec mateco, de nombreuses \u0153uvres ont pu \u00eatre r\u00e9alis\u00e9es et expos\u00e9es \u00bb, rappelle Stefano Stoll, Directeur du <a href=\"https:\/\/www.images.ch\/\" target=\"_blank\" rel=\"noopener\">festival Images de Vevey<\/a>. \u00ab C\u2019est gr\u00e2ce \u00e0 ces types de partenariats que cet \u00e9v\u00e9nement fascinant a pu conna\u00eetre, une fois de plus, un franc succ\u00e8s avec plus de 60 exposants \u00bb.<\/p>\n    <\/div>\n\t\n\t\n<\/div>          <\/div>\n                  <div class=\"row mb-40 mb-md-60\">\n            <div class=\"cta-team col-12\">\n\n  \n  <div class=\"bg-yellow\">\n\t  \t  <div class=\"cta-team d-flex flex-column flex-md-row\">\n      <div class=\"img-wrapper\">\n\t\t  <img width=\"610\" height=\"610\" src=\"https:\/\/www.mateco.ch\/wp-content\/uploads\/2024\/03\/nicolas-lauper-610x610-1.jpg\" class=\"h-100\" alt=\"\" loading=\"lazy\" decoding=\"async\" srcset=\"https:\/\/www.mateco.ch\/wp-content\/uploads\/2024\/03\/nicolas-lauper-610x610-1.jpg 610w, https:\/\/www.mateco.ch\/wp-content\/uploads\/2024\/03\/nicolas-lauper-610x610-1-150x150.jpg 150w, https:\/\/www.mateco.ch\/wp-content\/uploads\/2024\/03\/nicolas-lauper-610x610-1-300x300.jpg 300w\" sizes=\"auto, (max-width: 610px) 100vw, 610px\" \/>    <\/div>\n  \t<div class=\"content p-20 p-md-40 p-lg-60 yellow d-flex align-items-center flex-fill\">\n    <div>\n\t    <h3 class=\"mb-10\">Chef de projet<\/h3>\n      <div class=\"rich-text\">\n                <p><span class=\"fw-700\">Nicolas Lauper, <\/span>Responsable de succursale<\/p>\n      <\/div>\n\t    <div class=\"button-group d-flex flex-column flex-lg-row mt-30\">\n\t<a href=\"mailto:nicolas.lauper@mateco.ch\" target=\"\" title=\"nicolas.lauper@mateco.ch\" class=\"btn btn-bg-mateco_red \" >\n\n  <i class=\"icon-mail\"><\/i>\n      <span class=\"btn-text\">nicolas.lauper@mateco.ch<\/span>\n  \n  \n<\/a>\n<a href=\"tel:0218670599\" target=\"\" title=\"021 867 05 99\" class=\"btn btn-bg-blue \" >\n\n  <i class=\"icon-phone\"><\/i>\n      <span class=\"btn-text\">021 867 05 99<\/span>\n  \n  \n<\/a>\n<\/div>    <\/div>\n\t<\/div>\n<\/div>\n  <\/div>\n<\/div>          <\/div>\n              <\/div>\n    <\/div>\n\t\n<\/div>\n","protected":false},"excerpt":{"rendered":"<p>Vevey accueille tous les deux ans, en septembre, une exposition unique et devient \u00ab Ville d\u2019images \u00bb. En effet, de nombreux artistes exposent leurs \u0153uvres d\u2019art extraordinaires sur des supports tr\u00e8s vari\u00e9s, dans des maisons et dans les rues, tout au long du mois. Chaque \u00e9dition attire plus de 35\u2019000 visiteurs qui viennent s\u2019immerger dans ce monde d\u2019images tr\u00e8s vari\u00e9es. <\/p>\n","protected":false},"featured_media":4552,"template":"","application_areas_category":[107,105],"class_list":["post-4554","references","type-references","status-publish","has-post-thumbnail","hentry","application_areas_category-event-und-werbetechnik-fr","application_areas_category-oeffentliche-hand-fr"],"acf":[],"yoast_head":"<title>Festival Images, Vevey - mateco AG<\/title>\n<meta name=\"robots\" content=\"index, follow, max-snippet:-1, max-image-preview:large, max-video-preview:-1\" \/>\n<link rel=\"canonical\" href=\"https:\/\/www.mateco.ch\/fr\/societe\/references\/festival-images-vevey\/\" \/>\n<meta property=\"og:locale\" content=\"fr_FR\" \/>\n<meta property=\"og:type\" content=\"article\" \/>\n<meta property=\"og:title\" content=\"Festival Images, Vevey - mateco AG\" \/>\n<meta property=\"og:description\" content=\"Vevey accueille tous les deux ans, en septembre, une exposition unique et devient \u00ab Ville d\u2019images \u00bb. En effet, de nombreux artistes exposent leurs \u0153uvres d\u2019art extraordinaires sur des supports tr\u00e8s vari\u00e9s, dans des maisons et dans les rues, tout au long du mois. Chaque \u00e9dition attire plus de 35\u2019000 visiteurs qui viennent s\u2019immerger dans ce monde d\u2019images tr\u00e8s vari\u00e9es.\" \/>\n<meta property=\"og:url\" content=\"https:\/\/www.mateco.ch\/fr\/societe\/references\/festival-images-vevey\/\" \/>\n<meta property=\"og:site_name\" content=\"mateco AG\" \/>\n<meta property=\"article:modified_time\" content=\"2025-02-03T08:48:13+00:00\" \/>\n<meta property=\"og:image\" content=\"https:\/\/www.mateco.ch\/wp-content\/uploads\/2024\/03\/maltech_im_einsatz_master_1940x1090_festivalvevey1-1.jpg\" \/>\n\t<meta property=\"og:image:width\" content=\"1138\" \/>\n\t<meta property=\"og:image:height\" content=\"1090\" \/>\n\t<meta property=\"og:image:type\" content=\"image\/jpeg\" \/>\n<meta name=\"twitter:card\" content=\"summary_large_image\" \/>\n<script type=\"application\/ld+json\" class=\"yoast-schema-graph\">{\"@context\":\"https:\\\/\\\/schema.org\",\"@graph\":[{\"@type\":\"WebPage\",\"@id\":\"https:\\\/\\\/www.mateco.ch\\\/fr\\\/societe\\\/references\\\/festival-images-vevey\\\/\",\"url\":\"https:\\\/\\\/www.mateco.ch\\\/fr\\\/societe\\\/references\\\/festival-images-vevey\\\/\",\"name\":\"Festival Images, Vevey - mateco AG\",\"isPartOf\":{\"@id\":\"https:\\\/\\\/www.mateco.ch\\\/fr\\\/#website\"},\"primaryImageOfPage\":{\"@id\":\"https:\\\/\\\/www.mateco.ch\\\/fr\\\/societe\\\/references\\\/festival-images-vevey\\\/#primaryimage\"},\"image\":{\"@id\":\"https:\\\/\\\/www.mateco.ch\\\/fr\\\/societe\\\/references\\\/festival-images-vevey\\\/#primaryimage\"},\"thumbnailUrl\":\"https:\\\/\\\/www.mateco.ch\\\/wp-content\\\/uploads\\\/2024\\\/03\\\/maltech_im_einsatz_master_1940x1090_festivalvevey1-1.jpg\",\"datePublished\":\"2024-03-06T14:25:27+00:00\",\"dateModified\":\"2025-02-03T08:48:13+00:00\",\"breadcrumb\":{\"@id\":\"https:\\\/\\\/www.mateco.ch\\\/fr\\\/societe\\\/references\\\/festival-images-vevey\\\/#breadcrumb\"},\"inLanguage\":\"fr-FR\",\"potentialAction\":[{\"@type\":\"ReadAction\",\"target\":[\"https:\\\/\\\/www.mateco.ch\\\/fr\\\/societe\\\/references\\\/festival-images-vevey\\\/\"]}]},{\"@type\":\"ImageObject\",\"inLanguage\":\"fr-FR\",\"@id\":\"https:\\\/\\\/www.mateco.ch\\\/fr\\\/societe\\\/references\\\/festival-images-vevey\\\/#primaryimage\",\"url\":\"https:\\\/\\\/www.mateco.ch\\\/wp-content\\\/uploads\\\/2024\\\/03\\\/maltech_im_einsatz_master_1940x1090_festivalvevey1-1.jpg\",\"contentUrl\":\"https:\\\/\\\/www.mateco.ch\\\/wp-content\\\/uploads\\\/2024\\\/03\\\/maltech_im_einsatz_master_1940x1090_festivalvevey1-1.jpg\",\"width\":1138,\"height\":1090},{\"@type\":\"BreadcrumbList\",\"@id\":\"https:\\\/\\\/www.mateco.ch\\\/fr\\\/societe\\\/references\\\/festival-images-vevey\\\/#breadcrumb\",\"itemListElement\":[{\"@type\":\"ListItem\",\"position\":1,\"name\":\"Home\",\"item\":\"https:\\\/\\\/www.mateco.ch\\\/fr\\\/home\\\/\"},{\"@type\":\"ListItem\",\"position\":2,\"name\":\"Festival Images, Vevey\"}]},{\"@type\":\"WebSite\",\"@id\":\"https:\\\/\\\/www.mateco.ch\\\/fr\\\/#website\",\"url\":\"https:\\\/\\\/www.mateco.ch\\\/fr\\\/\",\"name\":\"mateco AG\",\"description\":\"Ihr kompetenter Partner  rund um Arbeitsb\u00fchnen\",\"publisher\":{\"@id\":\"https:\\\/\\\/www.mateco.ch\\\/fr\\\/#organization\"},\"potentialAction\":[{\"@type\":\"SearchAction\",\"target\":{\"@type\":\"EntryPoint\",\"urlTemplate\":\"https:\\\/\\\/www.mateco.ch\\\/fr\\\/?s={search_term_string}\"},\"query-input\":{\"@type\":\"PropertyValueSpecification\",\"valueRequired\":true,\"valueName\":\"search_term_string\"}}],\"inLanguage\":\"fr-FR\"},{\"@type\":\"Organization\",\"@id\":\"https:\\\/\\\/www.mateco.ch\\\/fr\\\/#organization\",\"name\":\"mateco AG\",\"url\":\"https:\\\/\\\/www.mateco.ch\\\/fr\\\/\",\"logo\":{\"@type\":\"ImageObject\",\"inLanguage\":\"fr-FR\",\"@id\":\"https:\\\/\\\/www.mateco.ch\\\/fr\\\/#\\\/schema\\\/logo\\\/image\\\/\",\"url\":\"https:\\\/\\\/www.mateco.ch\\\/wp-content\\\/uploads\\\/2026\\\/07\\\/mateco_logo-scaled.png\",\"contentUrl\":\"https:\\\/\\\/www.mateco.ch\\\/wp-content\\\/uploads\\\/2026\\\/07\\\/mateco_logo-scaled.png\",\"width\":2560,\"height\":653,\"caption\":\"mateco AG\"},\"image\":{\"@id\":\"https:\\\/\\\/www.mateco.ch\\\/fr\\\/#\\\/schema\\\/logo\\\/image\\\/\"}}]}<\/script>","yoast_head_json":{"title":"Festival Images, Vevey - mateco AG","robots":{"index":"index","follow":"follow","max-snippet":"max-snippet:-1","max-image-preview":"max-image-preview:large","max-video-preview":"max-video-preview:-1"},"canonical":"https:\/\/www.mateco.ch\/fr\/societe\/references\/festival-images-vevey\/","og_locale":"fr_FR","og_type":"article","og_title":"Festival Images, Vevey - mateco AG","og_description":"Vevey accueille tous les deux ans, en septembre, une exposition unique et devient \u00ab Ville d\u2019images \u00bb. En effet, de nombreux artistes exposent leurs \u0153uvres d\u2019art extraordinaires sur des supports tr\u00e8s vari\u00e9s, dans des maisons et dans les rues, tout au long du mois. Chaque \u00e9dition attire plus de 35\u2019000 visiteurs qui viennent s\u2019immerger dans ce monde d\u2019images tr\u00e8s vari\u00e9es.","og_url":"https:\/\/www.mateco.ch\/fr\/societe\/references\/festival-images-vevey\/","og_site_name":"mateco AG","article_modified_time":"2025-02-03T08:48:13+00:00","og_image":[{"width":1138,"height":1090,"url":"https:\/\/www.mateco.ch\/wp-content\/uploads\/2024\/03\/maltech_im_einsatz_master_1940x1090_festivalvevey1-1.jpg","type":"image\/jpeg"}],"twitter_card":"summary_large_image","schema":{"@context":"https:\/\/schema.org","@graph":[{"@type":"WebPage","@id":"https:\/\/www.mateco.ch\/fr\/societe\/references\/festival-images-vevey\/","url":"https:\/\/www.mateco.ch\/fr\/societe\/references\/festival-images-vevey\/","name":"Festival Images, Vevey - mateco AG","isPartOf":{"@id":"https:\/\/www.mateco.ch\/fr\/#website"},"primaryImageOfPage":{"@id":"https:\/\/www.mateco.ch\/fr\/societe\/references\/festival-images-vevey\/#primaryimage"},"image":{"@id":"https:\/\/www.mateco.ch\/fr\/societe\/references\/festival-images-vevey\/#primaryimage"},"thumbnailUrl":"https:\/\/www.mateco.ch\/wp-content\/uploads\/2024\/03\/maltech_im_einsatz_master_1940x1090_festivalvevey1-1.jpg","datePublished":"2024-03-06T14:25:27+00:00","dateModified":"2025-02-03T08:48:13+00:00","breadcrumb":{"@id":"https:\/\/www.mateco.ch\/fr\/societe\/references\/festival-images-vevey\/#breadcrumb"},"inLanguage":"fr-FR","potentialAction":[{"@type":"ReadAction","target":["https:\/\/www.mateco.ch\/fr\/societe\/references\/festival-images-vevey\/"]}]},{"@type":"ImageObject","inLanguage":"fr-FR","@id":"https:\/\/www.mateco.ch\/fr\/societe\/references\/festival-images-vevey\/#primaryimage","url":"https:\/\/www.mateco.ch\/wp-content\/uploads\/2024\/03\/maltech_im_einsatz_master_1940x1090_festivalvevey1-1.jpg","contentUrl":"https:\/\/www.mateco.ch\/wp-content\/uploads\/2024\/03\/maltech_im_einsatz_master_1940x1090_festivalvevey1-1.jpg","width":1138,"height":1090},{"@type":"BreadcrumbList","@id":"https:\/\/www.mateco.ch\/fr\/societe\/references\/festival-images-vevey\/#breadcrumb","itemListElement":[{"@type":"ListItem","position":1,"name":"Home","item":"https:\/\/www.mateco.ch\/fr\/home\/"},{"@type":"ListItem","position":2,"name":"Festival Images, Vevey"}]},{"@type":"WebSite","@id":"https:\/\/www.mateco.ch\/fr\/#website","url":"https:\/\/www.mateco.ch\/fr\/","name":"mateco AG","description":"Ihr kompetenter Partner  rund um Arbeitsb\u00fchnen","publisher":{"@id":"https:\/\/www.mateco.ch\/fr\/#organization"},"potentialAction":[{"@type":"SearchAction","target":{"@type":"EntryPoint","urlTemplate":"https:\/\/www.mateco.ch\/fr\/?s={search_term_string}"},"query-input":{"@type":"PropertyValueSpecification","valueRequired":true,"valueName":"search_term_string"}}],"inLanguage":"fr-FR"},{"@type":"Organization","@id":"https:\/\/www.mateco.ch\/fr\/#organization","name":"mateco AG","url":"https:\/\/www.mateco.ch\/fr\/","logo":{"@type":"ImageObject","inLanguage":"fr-FR","@id":"https:\/\/www.mateco.ch\/fr\/#\/schema\/logo\/image\/","url":"https:\/\/www.mateco.ch\/wp-content\/uploads\/2026\/07\/mateco_logo-scaled.png","contentUrl":"https:\/\/www.mateco.ch\/wp-content\/uploads\/2026\/07\/mateco_logo-scaled.png","width":2560,"height":653,"caption":"mateco AG"},"image":{"@id":"https:\/\/www.mateco.ch\/fr\/#\/schema\/logo\/image\/"}}]}},"_links":{"self":[{"href":"https:\/\/www.mateco.ch\/fr\/wp-json\/wp\/v2\/references\/4554","targetHints":{"allow":["GET"]}}],"collection":[{"href":"https:\/\/www.mateco.ch\/fr\/wp-json\/wp\/v2\/references"}],"about":[{"href":"https:\/\/www.mateco.ch\/fr\/wp-json\/wp\/v2\/types\/references"}],"version-history":[{"count":2,"href":"https:\/\/www.mateco.ch\/fr\/wp-json\/wp\/v2\/references\/4554\/revisions"}],"predecessor-version":[{"id":11019,"href":"https:\/\/www.mateco.ch\/fr\/wp-json\/wp\/v2\/references\/4554\/revisions\/11019"}],"wp:featuredmedia":[{"embeddable":true,"href":"https:\/\/www.mateco.ch\/fr\/wp-json\/wp\/v2\/media\/4552"}],"wp:attachment":[{"href":"https:\/\/www.mateco.ch\/fr\/wp-json\/wp\/v2\/media?parent=4554"}],"wp:term":[{"taxonomy":"application_areas_category","embeddable":true,"href":"https:\/\/www.mateco.ch\/fr\/wp-json\/wp\/v2\/application_areas_category?post=4554"}],"curies":[{"name":"wp","href":"https:\/\/api.w.org\/{rel}","templated":true}]}}