{"id":4567,"date":"2024-03-06T15:31:13","date_gmt":"2024-03-06T14:31:13","guid":{"rendered":"https:\/\/staging.maltech.ch\/unternehmen\/referenzen\/bundeshaus-bern\/"},"modified":"2025-01-13T17:27:18","modified_gmt":"2025-01-13T16:27:18","slug":"le-palais-federal-a-berne","status":"publish","type":"references","link":"https:\/\/www.mateco.ch\/fr\/societe\/references\/le-palais-federal-a-berne\/","title":{"rendered":"Le Palais f\u00e9d\u00e9ral \u00e0 Berne"},"content":{"rendered":"<div class=\"container global-content-styles\">\n\n\t<div class=\"button-group d-inline-flex mt-0 mb-30\">\n\t<a href=\"\/fr\/societe-2\/references\/\" target=\"\" title=\"Retour aux r\u00e9sultats\" class=\"btn btn-primary btn-bg-mateco_red \" >\n\n  <i class=\"icon-chevron\"><\/i>\n      <span class=\"btn-text\">Retour aux r\u00e9sultats<\/span>\n  \n  \n<\/a>\n<\/div>\n\t    <div class=\"reference-media\">\n              <div class=\"position-relative swiper-maltech-style reference-detail-slider\">\n          <div class=\"swiper news-header-swiper\">\n            <div class=\"swiper-wrapper\">\n                              <div class=\"swiper-slide\">\n                                      <div class=\"img-wrapper\">\n                      \t\t<picture>\n\t\t\t\n\t\t\t<img width=\"1024\" height=\"768\" src=\"https:\/\/www.mateco.ch\/wp-content\/uploads\/2024\/03\/einsatz-bundeshaus-rfa_2_web-1024x768.jpg\" class=\"w-full h-auto\" alt=\"\" loading=\"lazy\" decoding=\"async\" srcset=\"https:\/\/www.mateco.ch\/wp-content\/uploads\/2024\/03\/einsatz-bundeshaus-rfa_2_web-1024x768.jpg 1024w, https:\/\/www.mateco.ch\/wp-content\/uploads\/2024\/03\/einsatz-bundeshaus-rfa_2_web-300x225.jpg 300w, https:\/\/www.mateco.ch\/wp-content\/uploads\/2024\/03\/einsatz-bundeshaus-rfa_2_web-768x576.jpg 768w, https:\/\/www.mateco.ch\/wp-content\/uploads\/2024\/03\/einsatz-bundeshaus-rfa_2_web-1536x1152.jpg 1536w, https:\/\/www.mateco.ch\/wp-content\/uploads\/2024\/03\/einsatz-bundeshaus-rfa_2_web-2048x1536.jpg 2048w\" sizes=\"auto, (max-width: 1024px) 100vw, 1024px\" \/>\t\t<\/picture>\n\t\t                    <\/div>\n                                  <\/div>\n                              <div class=\"swiper-slide\">\n                                      <div class=\"img-wrapper\">\n                      \t\t<picture>\n\t\t\t\n\t\t\t<img width=\"1024\" height=\"768\" src=\"https:\/\/www.mateco.ch\/wp-content\/uploads\/2024\/03\/einsatz-bundeshaus-rfa_5_web-1024x768.jpg\" class=\"w-full h-auto\" alt=\"\" loading=\"lazy\" decoding=\"async\" srcset=\"https:\/\/www.mateco.ch\/wp-content\/uploads\/2024\/03\/einsatz-bundeshaus-rfa_5_web-1024x768.jpg 1024w, https:\/\/www.mateco.ch\/wp-content\/uploads\/2024\/03\/einsatz-bundeshaus-rfa_5_web-300x225.jpg 300w, https:\/\/www.mateco.ch\/wp-content\/uploads\/2024\/03\/einsatz-bundeshaus-rfa_5_web-768x576.jpg 768w, https:\/\/www.mateco.ch\/wp-content\/uploads\/2024\/03\/einsatz-bundeshaus-rfa_5_web-1536x1152.jpg 1536w, https:\/\/www.mateco.ch\/wp-content\/uploads\/2024\/03\/einsatz-bundeshaus-rfa_5_web-2048x1536.jpg 2048w\" sizes=\"auto, (max-width: 1024px) 100vw, 1024px\" \/>\t\t<\/picture>\n\t\t                    <\/div>\n                                  <\/div>\n                              <div class=\"swiper-slide\">\n                                      <div class=\"img-wrapper\">\n                      \t\t<picture>\n\t\t\t\n\t\t\t<img width=\"1024\" height=\"768\" src=\"https:\/\/www.mateco.ch\/wp-content\/uploads\/2024\/03\/einsatz-bundeshaus-rfa_6_web-1024x768.jpg\" class=\"w-full h-auto\" alt=\"\" loading=\"lazy\" decoding=\"async\" srcset=\"https:\/\/www.mateco.ch\/wp-content\/uploads\/2024\/03\/einsatz-bundeshaus-rfa_6_web-1024x768.jpg 1024w, https:\/\/www.mateco.ch\/wp-content\/uploads\/2024\/03\/einsatz-bundeshaus-rfa_6_web-300x225.jpg 300w, https:\/\/www.mateco.ch\/wp-content\/uploads\/2024\/03\/einsatz-bundeshaus-rfa_6_web-768x576.jpg 768w, https:\/\/www.mateco.ch\/wp-content\/uploads\/2024\/03\/einsatz-bundeshaus-rfa_6_web-1536x1152.jpg 1536w, https:\/\/www.mateco.ch\/wp-content\/uploads\/2024\/03\/einsatz-bundeshaus-rfa_6_web-2048x1536.jpg 2048w\" sizes=\"auto, (max-width: 1024px) 100vw, 1024px\" \/>\t\t<\/picture>\n\t\t                    <\/div>\n                                  <\/div>\n                              <div class=\"swiper-slide\">\n                                      <div class=\"img-wrapper\">\n                      \t\t<picture>\n\t\t\t\n\t\t\t<img width=\"1024\" height=\"768\" src=\"https:\/\/www.mateco.ch\/wp-content\/uploads\/2024\/03\/einsatz-bundeshaus-rfa_8_web-1024x768.jpg\" class=\"w-full h-auto\" alt=\"\" loading=\"lazy\" decoding=\"async\" srcset=\"https:\/\/www.mateco.ch\/wp-content\/uploads\/2024\/03\/einsatz-bundeshaus-rfa_8_web-1024x768.jpg 1024w, https:\/\/www.mateco.ch\/wp-content\/uploads\/2024\/03\/einsatz-bundeshaus-rfa_8_web-300x225.jpg 300w, https:\/\/www.mateco.ch\/wp-content\/uploads\/2024\/03\/einsatz-bundeshaus-rfa_8_web-768x576.jpg 768w, https:\/\/www.mateco.ch\/wp-content\/uploads\/2024\/03\/einsatz-bundeshaus-rfa_8_web-1536x1152.jpg 1536w, https:\/\/www.mateco.ch\/wp-content\/uploads\/2024\/03\/einsatz-bundeshaus-rfa_8_web-2048x1536.jpg 2048w\" sizes=\"auto, (max-width: 1024px) 100vw, 1024px\" \/>\t\t<\/picture>\n\t\t                    <\/div>\n                                  <\/div>\n                          <\/div>\n            <div class=\"swiper-pagination\"><\/div>\n          <\/div>\n          <div class=\"swiper-prev swiper-nav-btn news-header-swiper-btn\"><\/div>\n          <div class=\"swiper-next swiper-nav-btn news-header-swiper-btn\"><\/div>\n        <\/div>\n      \n      <aside class=\"reference-rebrand-notice reference-rebrand-notice--detail\" aria-label=\"Note concernant le changement de raison sociale\">\n\t<span class=\"reference-rebrand-notice__eyebrow\">Maltech est mateco.<\/span>\n\t<strong class=\"reference-rebrand-notice__title\">Tout reste meilleur.<\/strong>\n<\/aside>\n    <\/div>\n\t\n\t<h1 class=\"text-md-center mt-50\">Le Palais f\u00e9d\u00e9ral \u00e0 Berne<\/h1>\n\n\t    <div class=\"row\">\n      <div class=\"col-md-10 offset-md-1 col-lg-8 offset-lg-2\">\n        <div class=\"rich-text lead mb-60 mb-md-100\">\n            <p>Visiteurs de la ville de Berne, politiciens nationaux et internationaux, m\u00e9dias &#8211; le Palais f\u00e9d\u00e9ral est en permanence au centre de l&rsquo;attention du public.<\/p>\n        <\/div>\n      <\/div>\n    <\/div>\n\t\n\t    <div class=\"row\">\n      <div class=\"col-12 mb-n40 mb-md-n60\">\n                  <div class=\"row mb-40 mb-md-60\">\n            <div class=\"text col-md-10 offset-md-1 col-lg-8 offset-lg-2\">\n\n\t\n\t    <div class=\"rich-text big-space-between\">\n\t\t\t<p>Visiteurs de la ville de Berne, politiciens nationaux et internationaux, m\u00e9dias &#8211; le Palais f\u00e9d\u00e9ral est en permanence au centre de l&rsquo;attention du public. En tant que l&rsquo;un des b\u00e2timents historiques les plus importants de Suisse, il va de soi qu&rsquo;il doit laisser une impression positive \u00e0 ses spectateurs. Cela inclut \u00e9galement les compositions florales des fen\u00eatres donnant sur la Place f\u00e9d\u00e9rale. En automne &#8211; quand le Parlement f\u00e9d\u00e9ral se pr\u00e9pare pour l&rsquo;hiver &#8211; les bacs \u00e0 fleurs doivent \u00eatre d\u00e9mont\u00e9s et remont\u00e9s au printemps. L&rsquo;Office f\u00e9d\u00e9ral des constructions et de la logistique a confi\u00e9 ces travaux \u00e0 mateco. \u00c0 l&rsquo;aide d&rsquo;un \u00e9l\u00e9vateur \u00e0 nacelle sur camion <a href=\"https:\/\/www.mateco.ch\/fr\/machines\/s-32-xdt\/\">S32 XDT<\/a>, les nombreuses jardini\u00e8res, y compris les supports, ont pu \u00eatre d\u00e9mont\u00e9s efficacement et en toute s\u00e9curit\u00e9. Une mission int\u00e9ressante dans un lieu tr\u00e8s sp\u00e9cial, avec un rayonnement mondial.<\/p>\n    <\/div>\n\t\n\t\n<\/div>          <\/div>\n              <\/div>\n    <\/div>\n\t\n<\/div>\n","protected":false},"excerpt":{"rendered":"<p>Visiteurs de la ville de Berne, politiciens nationaux et internationaux, m\u00e9dias &#8211; le Palais f\u00e9d\u00e9ral est en permanence au centre de l&rsquo;attention du public.<\/p>\n","protected":false},"featured_media":4565,"template":"","application_areas_category":[105],"class_list":["post-4567","references","type-references","status-publish","has-post-thumbnail","hentry","application_areas_category-oeffentliche-hand-fr"],"acf":[],"yoast_head":"<title>Le Palais f\u00e9d\u00e9ral \u00e0 Berne - mateco AG<\/title>\n<meta name=\"robots\" content=\"index, follow, max-snippet:-1, max-image-preview:large, max-video-preview:-1\" \/>\n<link rel=\"canonical\" href=\"https:\/\/www.mateco.ch\/fr\/societe\/references\/le-palais-federal-a-berne\/\" \/>\n<meta property=\"og:locale\" content=\"fr_FR\" \/>\n<meta property=\"og:type\" content=\"article\" \/>\n<meta property=\"og:title\" content=\"Le Palais f\u00e9d\u00e9ral \u00e0 Berne - mateco AG\" \/>\n<meta property=\"og:description\" content=\"Visiteurs de la ville de Berne, politiciens nationaux et internationaux, m\u00e9dias - le Palais f\u00e9d\u00e9ral est en permanence au centre de l&#039;attention du public.\" \/>\n<meta property=\"og:url\" content=\"https:\/\/www.mateco.ch\/fr\/societe\/references\/le-palais-federal-a-berne\/\" \/>\n<meta property=\"og:site_name\" content=\"mateco AG\" \/>\n<meta property=\"article:modified_time\" content=\"2025-01-13T16:27:18+00:00\" \/>\n<meta property=\"og:image\" content=\"https:\/\/www.mateco.ch\/wp-content\/uploads\/2024\/03\/einsatz-bundeshaus-rfa_2_web-scaled.jpg\" \/>\n\t<meta property=\"og:image:width\" content=\"2560\" \/>\n\t<meta property=\"og:image:height\" content=\"1920\" \/>\n\t<meta property=\"og:image:type\" content=\"image\/jpeg\" \/>\n<meta name=\"twitter:card\" content=\"summary_large_image\" \/>\n<script type=\"application\/ld+json\" class=\"yoast-schema-graph\">{\"@context\":\"https:\\\/\\\/schema.org\",\"@graph\":[{\"@type\":\"WebPage\",\"@id\":\"https:\\\/\\\/www.mateco.ch\\\/fr\\\/societe\\\/references\\\/le-palais-federal-a-berne\\\/\",\"url\":\"https:\\\/\\\/www.mateco.ch\\\/fr\\\/societe\\\/references\\\/le-palais-federal-a-berne\\\/\",\"name\":\"Le Palais f\u00e9d\u00e9ral \u00e0 Berne - mateco AG\",\"isPartOf\":{\"@id\":\"https:\\\/\\\/www.mateco.ch\\\/fr\\\/#website\"},\"primaryImageOfPage\":{\"@id\":\"https:\\\/\\\/www.mateco.ch\\\/fr\\\/societe\\\/references\\\/le-palais-federal-a-berne\\\/#primaryimage\"},\"image\":{\"@id\":\"https:\\\/\\\/www.mateco.ch\\\/fr\\\/societe\\\/references\\\/le-palais-federal-a-berne\\\/#primaryimage\"},\"thumbnailUrl\":\"https:\\\/\\\/www.mateco.ch\\\/wp-content\\\/uploads\\\/2024\\\/03\\\/einsatz-bundeshaus-rfa_2_web-scaled.jpg\",\"datePublished\":\"2024-03-06T14:31:13+00:00\",\"dateModified\":\"2025-01-13T16:27:18+00:00\",\"breadcrumb\":{\"@id\":\"https:\\\/\\\/www.mateco.ch\\\/fr\\\/societe\\\/references\\\/le-palais-federal-a-berne\\\/#breadcrumb\"},\"inLanguage\":\"fr-FR\",\"potentialAction\":[{\"@type\":\"ReadAction\",\"target\":[\"https:\\\/\\\/www.mateco.ch\\\/fr\\\/societe\\\/references\\\/le-palais-federal-a-berne\\\/\"]}]},{\"@type\":\"ImageObject\",\"inLanguage\":\"fr-FR\",\"@id\":\"https:\\\/\\\/www.mateco.ch\\\/fr\\\/societe\\\/references\\\/le-palais-federal-a-berne\\\/#primaryimage\",\"url\":\"https:\\\/\\\/www.mateco.ch\\\/wp-content\\\/uploads\\\/2024\\\/03\\\/einsatz-bundeshaus-rfa_2_web-scaled.jpg\",\"contentUrl\":\"https:\\\/\\\/www.mateco.ch\\\/wp-content\\\/uploads\\\/2024\\\/03\\\/einsatz-bundeshaus-rfa_2_web-scaled.jpg\",\"width\":2560,\"height\":1920},{\"@type\":\"BreadcrumbList\",\"@id\":\"https:\\\/\\\/www.mateco.ch\\\/fr\\\/societe\\\/references\\\/le-palais-federal-a-berne\\\/#breadcrumb\",\"itemListElement\":[{\"@type\":\"ListItem\",\"position\":1,\"name\":\"Home\",\"item\":\"https:\\\/\\\/www.mateco.ch\\\/fr\\\/home\\\/\"},{\"@type\":\"ListItem\",\"position\":2,\"name\":\"Le Palais f\u00e9d\u00e9ral \u00e0 Berne\"}]},{\"@type\":\"WebSite\",\"@id\":\"https:\\\/\\\/www.mateco.ch\\\/fr\\\/#website\",\"url\":\"https:\\\/\\\/www.mateco.ch\\\/fr\\\/\",\"name\":\"mateco AG\",\"description\":\"Ihr kompetenter Partner  rund um Arbeitsb\u00fchnen\",\"publisher\":{\"@id\":\"https:\\\/\\\/www.mateco.ch\\\/fr\\\/#organization\"},\"potentialAction\":[{\"@type\":\"SearchAction\",\"target\":{\"@type\":\"EntryPoint\",\"urlTemplate\":\"https:\\\/\\\/www.mateco.ch\\\/fr\\\/?s={search_term_string}\"},\"query-input\":{\"@type\":\"PropertyValueSpecification\",\"valueRequired\":true,\"valueName\":\"search_term_string\"}}],\"inLanguage\":\"fr-FR\"},{\"@type\":\"Organization\",\"@id\":\"https:\\\/\\\/www.mateco.ch\\\/fr\\\/#organization\",\"name\":\"mateco AG\",\"url\":\"https:\\\/\\\/www.mateco.ch\\\/fr\\\/\",\"logo\":{\"@type\":\"ImageObject\",\"inLanguage\":\"fr-FR\",\"@id\":\"https:\\\/\\\/www.mateco.ch\\\/fr\\\/#\\\/schema\\\/logo\\\/image\\\/\",\"url\":\"https:\\\/\\\/www.mateco.ch\\\/wp-content\\\/uploads\\\/2026\\\/07\\\/mateco_logo-scaled.png\",\"contentUrl\":\"https:\\\/\\\/www.mateco.ch\\\/wp-content\\\/uploads\\\/2026\\\/07\\\/mateco_logo-scaled.png\",\"width\":2560,\"height\":653,\"caption\":\"mateco AG\"},\"image\":{\"@id\":\"https:\\\/\\\/www.mateco.ch\\\/fr\\\/#\\\/schema\\\/logo\\\/image\\\/\"}}]}<\/script>","yoast_head_json":{"title":"Le Palais f\u00e9d\u00e9ral \u00e0 Berne - mateco AG","robots":{"index":"index","follow":"follow","max-snippet":"max-snippet:-1","max-image-preview":"max-image-preview:large","max-video-preview":"max-video-preview:-1"},"canonical":"https:\/\/www.mateco.ch\/fr\/societe\/references\/le-palais-federal-a-berne\/","og_locale":"fr_FR","og_type":"article","og_title":"Le Palais f\u00e9d\u00e9ral \u00e0 Berne - mateco AG","og_description":"Visiteurs de la ville de Berne, politiciens nationaux et internationaux, m\u00e9dias - le Palais f\u00e9d\u00e9ral est en permanence au centre de l'attention du public.","og_url":"https:\/\/www.mateco.ch\/fr\/societe\/references\/le-palais-federal-a-berne\/","og_site_name":"mateco AG","article_modified_time":"2025-01-13T16:27:18+00:00","og_image":[{"width":2560,"height":1920,"url":"https:\/\/www.mateco.ch\/wp-content\/uploads\/2024\/03\/einsatz-bundeshaus-rfa_2_web-scaled.jpg","type":"image\/jpeg"}],"twitter_card":"summary_large_image","schema":{"@context":"https:\/\/schema.org","@graph":[{"@type":"WebPage","@id":"https:\/\/www.mateco.ch\/fr\/societe\/references\/le-palais-federal-a-berne\/","url":"https:\/\/www.mateco.ch\/fr\/societe\/references\/le-palais-federal-a-berne\/","name":"Le Palais f\u00e9d\u00e9ral \u00e0 Berne - mateco AG","isPartOf":{"@id":"https:\/\/www.mateco.ch\/fr\/#website"},"primaryImageOfPage":{"@id":"https:\/\/www.mateco.ch\/fr\/societe\/references\/le-palais-federal-a-berne\/#primaryimage"},"image":{"@id":"https:\/\/www.mateco.ch\/fr\/societe\/references\/le-palais-federal-a-berne\/#primaryimage"},"thumbnailUrl":"https:\/\/www.mateco.ch\/wp-content\/uploads\/2024\/03\/einsatz-bundeshaus-rfa_2_web-scaled.jpg","datePublished":"2024-03-06T14:31:13+00:00","dateModified":"2025-01-13T16:27:18+00:00","breadcrumb":{"@id":"https:\/\/www.mateco.ch\/fr\/societe\/references\/le-palais-federal-a-berne\/#breadcrumb"},"inLanguage":"fr-FR","potentialAction":[{"@type":"ReadAction","target":["https:\/\/www.mateco.ch\/fr\/societe\/references\/le-palais-federal-a-berne\/"]}]},{"@type":"ImageObject","inLanguage":"fr-FR","@id":"https:\/\/www.mateco.ch\/fr\/societe\/references\/le-palais-federal-a-berne\/#primaryimage","url":"https:\/\/www.mateco.ch\/wp-content\/uploads\/2024\/03\/einsatz-bundeshaus-rfa_2_web-scaled.jpg","contentUrl":"https:\/\/www.mateco.ch\/wp-content\/uploads\/2024\/03\/einsatz-bundeshaus-rfa_2_web-scaled.jpg","width":2560,"height":1920},{"@type":"BreadcrumbList","@id":"https:\/\/www.mateco.ch\/fr\/societe\/references\/le-palais-federal-a-berne\/#breadcrumb","itemListElement":[{"@type":"ListItem","position":1,"name":"Home","item":"https:\/\/www.mateco.ch\/fr\/home\/"},{"@type":"ListItem","position":2,"name":"Le Palais f\u00e9d\u00e9ral \u00e0 Berne"}]},{"@type":"WebSite","@id":"https:\/\/www.mateco.ch\/fr\/#website","url":"https:\/\/www.mateco.ch\/fr\/","name":"mateco AG","description":"Ihr kompetenter Partner  rund um Arbeitsb\u00fchnen","publisher":{"@id":"https:\/\/www.mateco.ch\/fr\/#organization"},"potentialAction":[{"@type":"SearchAction","target":{"@type":"EntryPoint","urlTemplate":"https:\/\/www.mateco.ch\/fr\/?s={search_term_string}"},"query-input":{"@type":"PropertyValueSpecification","valueRequired":true,"valueName":"search_term_string"}}],"inLanguage":"fr-FR"},{"@type":"Organization","@id":"https:\/\/www.mateco.ch\/fr\/#organization","name":"mateco AG","url":"https:\/\/www.mateco.ch\/fr\/","logo":{"@type":"ImageObject","inLanguage":"fr-FR","@id":"https:\/\/www.mateco.ch\/fr\/#\/schema\/logo\/image\/","url":"https:\/\/www.mateco.ch\/wp-content\/uploads\/2026\/07\/mateco_logo-scaled.png","contentUrl":"https:\/\/www.mateco.ch\/wp-content\/uploads\/2026\/07\/mateco_logo-scaled.png","width":2560,"height":653,"caption":"mateco AG"},"image":{"@id":"https:\/\/www.mateco.ch\/fr\/#\/schema\/logo\/image\/"}}]}},"_links":{"self":[{"href":"https:\/\/www.mateco.ch\/fr\/wp-json\/wp\/v2\/references\/4567","targetHints":{"allow":["GET"]}}],"collection":[{"href":"https:\/\/www.mateco.ch\/fr\/wp-json\/wp\/v2\/references"}],"about":[{"href":"https:\/\/www.mateco.ch\/fr\/wp-json\/wp\/v2\/types\/references"}],"version-history":[{"count":2,"href":"https:\/\/www.mateco.ch\/fr\/wp-json\/wp\/v2\/references\/4567\/revisions"}],"predecessor-version":[{"id":10884,"href":"https:\/\/www.mateco.ch\/fr\/wp-json\/wp\/v2\/references\/4567\/revisions\/10884"}],"wp:featuredmedia":[{"embeddable":true,"href":"https:\/\/www.mateco.ch\/fr\/wp-json\/wp\/v2\/media\/4565"}],"wp:attachment":[{"href":"https:\/\/www.mateco.ch\/fr\/wp-json\/wp\/v2\/media?parent=4567"}],"wp:term":[{"taxonomy":"application_areas_category","embeddable":true,"href":"https:\/\/www.mateco.ch\/fr\/wp-json\/wp\/v2\/application_areas_category?post=4567"}],"curies":[{"name":"wp","href":"https:\/\/api.w.org\/{rel}","templated":true}]}}