{"id":4575,"date":"2024-03-06T15:35:28","date_gmt":"2024-03-06T14:35:28","guid":{"rendered":"https:\/\/staging.maltech.ch\/unternehmen\/referenzen\/baumwipfelpfad-laax\/"},"modified":"2024-03-23T14:53:02","modified_gmt":"2024-03-23T13:53:02","slug":"chemin-des-cimes-a-laax","status":"publish","type":"references","link":"https:\/\/www.mateco.ch\/fr\/societe\/references\/chemin-des-cimes-a-laax\/","title":{"rendered":"Chemin des cimes \u00e0 Laax"},"content":{"rendered":"<div class=\"container global-content-styles\">\n\n\t<div class=\"button-group d-inline-flex mt-0 mb-30\">\n\t<a href=\"\/fr\/societe-2\/references\/\" target=\"\" title=\"Retour aux r\u00e9sultats\" class=\"btn btn-primary btn-bg-mateco_red \" >\n\n  <i class=\"icon-chevron\"><\/i>\n      <span class=\"btn-text\">Retour aux r\u00e9sultats<\/span>\n  \n  \n<\/a>\n<\/div>\n\t    <div class=\"reference-media\">\n              <div class=\"position-relative swiper-maltech-style reference-detail-slider\">\n          <div class=\"swiper news-header-swiper\">\n            <div class=\"swiper-wrapper\">\n                              <div class=\"swiper-slide\">\n                                      <div class=\"img-wrapper\">\n                      \t\t<picture>\n\t\t\t\n\t\t\t<img width=\"1024\" height=\"649\" src=\"https:\/\/www.mateco.ch\/wp-content\/uploads\/2024\/03\/maltech_nl_baumwipfelpfad2-1024x649.jpg\" class=\"w-full h-auto\" alt=\"\" loading=\"lazy\" decoding=\"async\" srcset=\"https:\/\/www.mateco.ch\/wp-content\/uploads\/2024\/03\/maltech_nl_baumwipfelpfad2-1024x649.jpg 1024w, https:\/\/www.mateco.ch\/wp-content\/uploads\/2024\/03\/maltech_nl_baumwipfelpfad2-300x190.jpg 300w, https:\/\/www.mateco.ch\/wp-content\/uploads\/2024\/03\/maltech_nl_baumwipfelpfad2-768x487.jpg 768w, https:\/\/www.mateco.ch\/wp-content\/uploads\/2024\/03\/maltech_nl_baumwipfelpfad2.jpg 1200w\" sizes=\"auto, (max-width: 1024px) 100vw, 1024px\" \/>\t\t<\/picture>\n\t\t                    <\/div>\n                                  <\/div>\n                              <div class=\"swiper-slide\">\n                                      <div class=\"img-wrapper\">\n                      \t\t<picture>\n\t\t\t\n\t\t\t<img width=\"1024\" height=\"649\" src=\"https:\/\/www.mateco.ch\/wp-content\/uploads\/2024\/03\/maltech_nl_baumwipfelpfad-1024x649.jpg\" class=\"w-full h-auto\" alt=\"\" loading=\"lazy\" decoding=\"async\" srcset=\"https:\/\/www.mateco.ch\/wp-content\/uploads\/2024\/03\/maltech_nl_baumwipfelpfad-1024x649.jpg 1024w, https:\/\/www.mateco.ch\/wp-content\/uploads\/2024\/03\/maltech_nl_baumwipfelpfad-300x190.jpg 300w, https:\/\/www.mateco.ch\/wp-content\/uploads\/2024\/03\/maltech_nl_baumwipfelpfad-768x487.jpg 768w, https:\/\/www.mateco.ch\/wp-content\/uploads\/2024\/03\/maltech_nl_baumwipfelpfad.jpg 1183w\" sizes=\"auto, (max-width: 1024px) 100vw, 1024px\" \/>\t\t<\/picture>\n\t\t                    <\/div>\n                                  <\/div>\n                          <\/div>\n            <div class=\"swiper-pagination\"><\/div>\n          <\/div>\n          <div class=\"swiper-prev swiper-nav-btn news-header-swiper-btn\"><\/div>\n          <div class=\"swiper-next swiper-nav-btn news-header-swiper-btn\"><\/div>\n        <\/div>\n      \n      <aside class=\"reference-rebrand-notice reference-rebrand-notice--detail\" aria-label=\"Note concernant le changement de raison sociale\">\n\t<span class=\"reference-rebrand-notice__eyebrow\">Maltech est mateco.<\/span>\n\t<strong class=\"reference-rebrand-notice__title\">Tout reste meilleur.<\/strong>\n<\/aside>\n    <\/div>\n\t\n\t<h1 class=\"text-md-center mt-50\">Chemin des cimes \u00e0 Laax<\/h1>\n\n\t    <div class=\"row\">\n      <div class=\"col-md-10 offset-md-1 col-lg-8 offset-lg-2\">\n        <div class=\"rich-text lead mb-60 mb-md-100\">\n            <p>\u00c0 partir de l&rsquo;\u00e9t\u00e9 2021, Laax aura une attraction de plus : la \u00ab\u00a0Senda dil Dragun\u00a0\u00bb. Le plus long chemin des cimes sera ouvert au public. D\u2019une longueur totale de 1,5 kilom\u00e8tre,  il se situe \u00e0 la cime des arbres dans la zone foresti\u00e8re.<\/p>\n        <\/div>\n      <\/div>\n    <\/div>\n\t\n\t    <div class=\"row\">\n      <div class=\"col-12 mb-n40 mb-md-n60\">\n                  <div class=\"row mb-40 mb-md-60\">\n            <div class=\"text col-md-10 offset-md-1 col-lg-8 offset-lg-2\">\n\n\t\n\t    <div class=\"rich-text big-space-between\">\n\t\t\t<p>\u00c0 partir de l&rsquo;\u00e9t\u00e9 2021, Laax aura une attraction de plus : la \u00ab\u00a0Senda dil Dragun\u00a0\u00bb. Le plus long chemin des cimes sera ouvert au public. D\u2019une longueur totale de 1,5 kilom\u00e8tre, il se situe \u00e0 la cime des arbres dans la zone foresti\u00e8re. Non seulement il offre une vue magnifique sur les environs, mais il y a m\u00eame un toboggan pour les petits courageux. Pour le montage de ce toboggan, l\u2019aide et le soutien de mateco \u00e9taient n\u00e9cessaire. L\u2019\u00e9l\u00e9vateur \u00e0 nacelle t\u00e9lescopique 1350 SJP a d\u00fb \u00eatre transport\u00e9 sur le site par une semi-remorque via le parking souterrain. Malgr\u00e9 la temp\u00eate de neige et les temp\u00e9ratures glaciales \u2013 en plein mois d\u2019avril \u2013 l\u2019op\u00e9ration s\u2019est d\u00e9roul\u00e9e sans probl\u00e8me. Le \u201eplaisir de la glisse\u201c est donc garanti.<\/p>\n    <\/div>\n\t\n\t\n<\/div>          <\/div>\n                  <div class=\"row mb-40 mb-md-60\">\n            <div class=\"cta-team col-12\">\n\n  \n  <div class=\"bg-yellow\">\n\t  \t  <div class=\"cta-team d-flex flex-column flex-md-row\">\n      <div class=\"img-wrapper\">\n\t\t  <img width=\"610\" height=\"610\" src=\"https:\/\/www.mateco.ch\/wp-content\/uploads\/2024\/03\/matthias-grossen-610x610-1.jpg\" class=\"h-100\" alt=\"\" loading=\"lazy\" decoding=\"async\" srcset=\"https:\/\/www.mateco.ch\/wp-content\/uploads\/2024\/03\/matthias-grossen-610x610-1.jpg 610w, https:\/\/www.mateco.ch\/wp-content\/uploads\/2024\/03\/matthias-grossen-610x610-1-150x150.jpg 150w, https:\/\/www.mateco.ch\/wp-content\/uploads\/2024\/03\/matthias-grossen-610x610-1-300x300.jpg 300w\" sizes=\"auto, (max-width: 610px) 100vw, 610px\" \/>    <\/div>\n  \t<div class=\"content p-20 p-md-40 p-lg-60 yellow d-flex align-items-center flex-fill\">\n    <div>\n\t    <h3 class=\"mb-10\">Chef de projet<\/h3>\n      <div class=\"rich-text\">\n                <p><span class=\"fw-700\">Matthias Grossen, <\/span>Responsable de secteur<\/p>\n      <\/div>\n\t    <div class=\"button-group d-flex flex-column flex-lg-row mt-30\">\n\t<a href=\"mailto:mgrossen@mateco.ch\" target=\"\" title=\"mgrossen@mateco.ch\" class=\"btn btn-bg-mateco_red \" >\n\n  <i class=\"icon-mail\"><\/i>\n      <span class=\"btn-text\">mgrossen@mateco.ch<\/span>\n  \n  \n<\/a>\n<a href=\"tel:0448187050\" target=\"\" title=\"044 818 70 50\" class=\"btn btn-bg-blue \" >\n\n  <i class=\"icon-phone\"><\/i>\n      <span class=\"btn-text\">044 818 70 50<\/span>\n  \n  \n<\/a>\n<\/div>    <\/div>\n\t<\/div>\n<\/div>\n  <\/div>\n<\/div>          <\/div>\n              <\/div>\n    <\/div>\n\t\n<\/div>\n","protected":false},"excerpt":{"rendered":"<p>\u00c0 partir de l&rsquo;\u00e9t\u00e9 2021, Laax aura une attraction de plus : la \u00ab\u00a0Senda dil Dragun\u00a0\u00bb. Le plus long chemin des cimes sera ouvert au public. D\u2019une longueur totale de 1,5 kilom\u00e8tre,  il se situe \u00e0 la cime des arbres dans la zone foresti\u00e8re.<\/p>\n","protected":false},"featured_media":4573,"template":"","application_areas_category":[109],"class_list":["post-4575","references","type-references","status-publish","has-post-thumbnail","hentry","application_areas_category-baubranche-fr"],"acf":[],"yoast_head":"<title>Chemin des cimes \u00e0 Laax - mateco AG<\/title>\n<meta name=\"robots\" content=\"index, follow, max-snippet:-1, max-image-preview:large, max-video-preview:-1\" \/>\n<link rel=\"canonical\" href=\"https:\/\/www.mateco.ch\/fr\/societe\/references\/chemin-des-cimes-a-laax\/\" \/>\n<meta property=\"og:locale\" content=\"fr_FR\" \/>\n<meta property=\"og:type\" content=\"article\" \/>\n<meta property=\"og:title\" content=\"Chemin des cimes \u00e0 Laax - mateco AG\" \/>\n<meta property=\"og:description\" content=\"\u00c0 partir de l&#039;\u00e9t\u00e9 2021, Laax aura une attraction de plus : la &quot;Senda dil Dragun&quot;. Le plus long chemin des cimes sera ouvert au public. D\u2019une longueur totale de 1,5 kilom\u00e8tre, il se situe \u00e0 la cime des arbres dans la zone foresti\u00e8re.\" \/>\n<meta property=\"og:url\" content=\"https:\/\/www.mateco.ch\/fr\/societe\/references\/chemin-des-cimes-a-laax\/\" \/>\n<meta property=\"og:site_name\" content=\"mateco AG\" \/>\n<meta property=\"article:modified_time\" content=\"2024-03-23T13:53:02+00:00\" \/>\n<meta property=\"og:image\" content=\"https:\/\/www.mateco.ch\/wp-content\/uploads\/2024\/03\/maltech_nl_baumwipfelpfad2.jpg\" \/>\n\t<meta property=\"og:image:width\" content=\"1200\" \/>\n\t<meta property=\"og:image:height\" content=\"761\" \/>\n\t<meta property=\"og:image:type\" content=\"image\/jpeg\" \/>\n<meta name=\"twitter:card\" content=\"summary_large_image\" \/>\n<script type=\"application\/ld+json\" class=\"yoast-schema-graph\">{\"@context\":\"https:\\\/\\\/schema.org\",\"@graph\":[{\"@type\":\"WebPage\",\"@id\":\"https:\\\/\\\/www.mateco.ch\\\/fr\\\/societe\\\/references\\\/chemin-des-cimes-a-laax\\\/\",\"url\":\"https:\\\/\\\/www.mateco.ch\\\/fr\\\/societe\\\/references\\\/chemin-des-cimes-a-laax\\\/\",\"name\":\"Chemin des cimes \u00e0 Laax - mateco AG\",\"isPartOf\":{\"@id\":\"https:\\\/\\\/www.mateco.ch\\\/fr\\\/#website\"},\"primaryImageOfPage\":{\"@id\":\"https:\\\/\\\/www.mateco.ch\\\/fr\\\/societe\\\/references\\\/chemin-des-cimes-a-laax\\\/#primaryimage\"},\"image\":{\"@id\":\"https:\\\/\\\/www.mateco.ch\\\/fr\\\/societe\\\/references\\\/chemin-des-cimes-a-laax\\\/#primaryimage\"},\"thumbnailUrl\":\"https:\\\/\\\/www.mateco.ch\\\/wp-content\\\/uploads\\\/2024\\\/03\\\/maltech_nl_baumwipfelpfad2.jpg\",\"datePublished\":\"2024-03-06T14:35:28+00:00\",\"dateModified\":\"2024-03-23T13:53:02+00:00\",\"breadcrumb\":{\"@id\":\"https:\\\/\\\/www.mateco.ch\\\/fr\\\/societe\\\/references\\\/chemin-des-cimes-a-laax\\\/#breadcrumb\"},\"inLanguage\":\"fr-FR\",\"potentialAction\":[{\"@type\":\"ReadAction\",\"target\":[\"https:\\\/\\\/www.mateco.ch\\\/fr\\\/societe\\\/references\\\/chemin-des-cimes-a-laax\\\/\"]}]},{\"@type\":\"ImageObject\",\"inLanguage\":\"fr-FR\",\"@id\":\"https:\\\/\\\/www.mateco.ch\\\/fr\\\/societe\\\/references\\\/chemin-des-cimes-a-laax\\\/#primaryimage\",\"url\":\"https:\\\/\\\/www.mateco.ch\\\/wp-content\\\/uploads\\\/2024\\\/03\\\/maltech_nl_baumwipfelpfad2.jpg\",\"contentUrl\":\"https:\\\/\\\/www.mateco.ch\\\/wp-content\\\/uploads\\\/2024\\\/03\\\/maltech_nl_baumwipfelpfad2.jpg\",\"width\":1200,\"height\":761},{\"@type\":\"BreadcrumbList\",\"@id\":\"https:\\\/\\\/www.mateco.ch\\\/fr\\\/societe\\\/references\\\/chemin-des-cimes-a-laax\\\/#breadcrumb\",\"itemListElement\":[{\"@type\":\"ListItem\",\"position\":1,\"name\":\"Home\",\"item\":\"https:\\\/\\\/www.mateco.ch\\\/fr\\\/home\\\/\"},{\"@type\":\"ListItem\",\"position\":2,\"name\":\"Chemin des cimes \u00e0 Laax\"}]},{\"@type\":\"WebSite\",\"@id\":\"https:\\\/\\\/www.mateco.ch\\\/fr\\\/#website\",\"url\":\"https:\\\/\\\/www.mateco.ch\\\/fr\\\/\",\"name\":\"mateco AG\",\"description\":\"Ihr kompetenter Partner  rund um Arbeitsb\u00fchnen\",\"publisher\":{\"@id\":\"https:\\\/\\\/www.mateco.ch\\\/fr\\\/#organization\"},\"potentialAction\":[{\"@type\":\"SearchAction\",\"target\":{\"@type\":\"EntryPoint\",\"urlTemplate\":\"https:\\\/\\\/www.mateco.ch\\\/fr\\\/?s={search_term_string}\"},\"query-input\":{\"@type\":\"PropertyValueSpecification\",\"valueRequired\":true,\"valueName\":\"search_term_string\"}}],\"inLanguage\":\"fr-FR\"},{\"@type\":\"Organization\",\"@id\":\"https:\\\/\\\/www.mateco.ch\\\/fr\\\/#organization\",\"name\":\"mateco AG\",\"url\":\"https:\\\/\\\/www.mateco.ch\\\/fr\\\/\",\"logo\":{\"@type\":\"ImageObject\",\"inLanguage\":\"fr-FR\",\"@id\":\"https:\\\/\\\/www.mateco.ch\\\/fr\\\/#\\\/schema\\\/logo\\\/image\\\/\",\"url\":\"https:\\\/\\\/www.mateco.ch\\\/wp-content\\\/uploads\\\/2026\\\/07\\\/mateco_logo-scaled.png\",\"contentUrl\":\"https:\\\/\\\/www.mateco.ch\\\/wp-content\\\/uploads\\\/2026\\\/07\\\/mateco_logo-scaled.png\",\"width\":2560,\"height\":653,\"caption\":\"mateco AG\"},\"image\":{\"@id\":\"https:\\\/\\\/www.mateco.ch\\\/fr\\\/#\\\/schema\\\/logo\\\/image\\\/\"}}]}<\/script>","yoast_head_json":{"title":"Chemin des cimes \u00e0 Laax - mateco AG","robots":{"index":"index","follow":"follow","max-snippet":"max-snippet:-1","max-image-preview":"max-image-preview:large","max-video-preview":"max-video-preview:-1"},"canonical":"https:\/\/www.mateco.ch\/fr\/societe\/references\/chemin-des-cimes-a-laax\/","og_locale":"fr_FR","og_type":"article","og_title":"Chemin des cimes \u00e0 Laax - mateco AG","og_description":"\u00c0 partir de l'\u00e9t\u00e9 2021, Laax aura une attraction de plus : la \"Senda dil Dragun\". Le plus long chemin des cimes sera ouvert au public. D\u2019une longueur totale de 1,5 kilom\u00e8tre, il se situe \u00e0 la cime des arbres dans la zone foresti\u00e8re.","og_url":"https:\/\/www.mateco.ch\/fr\/societe\/references\/chemin-des-cimes-a-laax\/","og_site_name":"mateco AG","article_modified_time":"2024-03-23T13:53:02+00:00","og_image":[{"width":1200,"height":761,"url":"https:\/\/www.mateco.ch\/wp-content\/uploads\/2024\/03\/maltech_nl_baumwipfelpfad2.jpg","type":"image\/jpeg"}],"twitter_card":"summary_large_image","schema":{"@context":"https:\/\/schema.org","@graph":[{"@type":"WebPage","@id":"https:\/\/www.mateco.ch\/fr\/societe\/references\/chemin-des-cimes-a-laax\/","url":"https:\/\/www.mateco.ch\/fr\/societe\/references\/chemin-des-cimes-a-laax\/","name":"Chemin des cimes \u00e0 Laax - mateco AG","isPartOf":{"@id":"https:\/\/www.mateco.ch\/fr\/#website"},"primaryImageOfPage":{"@id":"https:\/\/www.mateco.ch\/fr\/societe\/references\/chemin-des-cimes-a-laax\/#primaryimage"},"image":{"@id":"https:\/\/www.mateco.ch\/fr\/societe\/references\/chemin-des-cimes-a-laax\/#primaryimage"},"thumbnailUrl":"https:\/\/www.mateco.ch\/wp-content\/uploads\/2024\/03\/maltech_nl_baumwipfelpfad2.jpg","datePublished":"2024-03-06T14:35:28+00:00","dateModified":"2024-03-23T13:53:02+00:00","breadcrumb":{"@id":"https:\/\/www.mateco.ch\/fr\/societe\/references\/chemin-des-cimes-a-laax\/#breadcrumb"},"inLanguage":"fr-FR","potentialAction":[{"@type":"ReadAction","target":["https:\/\/www.mateco.ch\/fr\/societe\/references\/chemin-des-cimes-a-laax\/"]}]},{"@type":"ImageObject","inLanguage":"fr-FR","@id":"https:\/\/www.mateco.ch\/fr\/societe\/references\/chemin-des-cimes-a-laax\/#primaryimage","url":"https:\/\/www.mateco.ch\/wp-content\/uploads\/2024\/03\/maltech_nl_baumwipfelpfad2.jpg","contentUrl":"https:\/\/www.mateco.ch\/wp-content\/uploads\/2024\/03\/maltech_nl_baumwipfelpfad2.jpg","width":1200,"height":761},{"@type":"BreadcrumbList","@id":"https:\/\/www.mateco.ch\/fr\/societe\/references\/chemin-des-cimes-a-laax\/#breadcrumb","itemListElement":[{"@type":"ListItem","position":1,"name":"Home","item":"https:\/\/www.mateco.ch\/fr\/home\/"},{"@type":"ListItem","position":2,"name":"Chemin des cimes \u00e0 Laax"}]},{"@type":"WebSite","@id":"https:\/\/www.mateco.ch\/fr\/#website","url":"https:\/\/www.mateco.ch\/fr\/","name":"mateco AG","description":"Ihr kompetenter Partner  rund um Arbeitsb\u00fchnen","publisher":{"@id":"https:\/\/www.mateco.ch\/fr\/#organization"},"potentialAction":[{"@type":"SearchAction","target":{"@type":"EntryPoint","urlTemplate":"https:\/\/www.mateco.ch\/fr\/?s={search_term_string}"},"query-input":{"@type":"PropertyValueSpecification","valueRequired":true,"valueName":"search_term_string"}}],"inLanguage":"fr-FR"},{"@type":"Organization","@id":"https:\/\/www.mateco.ch\/fr\/#organization","name":"mateco AG","url":"https:\/\/www.mateco.ch\/fr\/","logo":{"@type":"ImageObject","inLanguage":"fr-FR","@id":"https:\/\/www.mateco.ch\/fr\/#\/schema\/logo\/image\/","url":"https:\/\/www.mateco.ch\/wp-content\/uploads\/2026\/07\/mateco_logo-scaled.png","contentUrl":"https:\/\/www.mateco.ch\/wp-content\/uploads\/2026\/07\/mateco_logo-scaled.png","width":2560,"height":653,"caption":"mateco AG"},"image":{"@id":"https:\/\/www.mateco.ch\/fr\/#\/schema\/logo\/image\/"}}]}},"_links":{"self":[{"href":"https:\/\/www.mateco.ch\/fr\/wp-json\/wp\/v2\/references\/4575","targetHints":{"allow":["GET"]}}],"collection":[{"href":"https:\/\/www.mateco.ch\/fr\/wp-json\/wp\/v2\/references"}],"about":[{"href":"https:\/\/www.mateco.ch\/fr\/wp-json\/wp\/v2\/types\/references"}],"version-history":[{"count":1,"href":"https:\/\/www.mateco.ch\/fr\/wp-json\/wp\/v2\/references\/4575\/revisions"}],"predecessor-version":[{"id":4576,"href":"https:\/\/www.mateco.ch\/fr\/wp-json\/wp\/v2\/references\/4575\/revisions\/4576"}],"wp:featuredmedia":[{"embeddable":true,"href":"https:\/\/www.mateco.ch\/fr\/wp-json\/wp\/v2\/media\/4573"}],"wp:attachment":[{"href":"https:\/\/www.mateco.ch\/fr\/wp-json\/wp\/v2\/media?parent=4575"}],"wp:term":[{"taxonomy":"application_areas_category","embeddable":true,"href":"https:\/\/www.mateco.ch\/fr\/wp-json\/wp\/v2\/application_areas_category?post=4575"}],"curies":[{"name":"wp","href":"https:\/\/api.w.org\/{rel}","templated":true}]}}