{"id":4585,"date":"2024-03-06T16:30:56","date_gmt":"2024-03-06T15:30:56","guid":{"rendered":"https:\/\/staging.maltech.ch\/unternehmen\/referenzen\/tour-de-sauvabelin-lausanne\/"},"modified":"2025-01-13T17:16:51","modified_gmt":"2025-01-13T16:16:51","slug":"tour-de-sauvabelin-lausanne","status":"publish","type":"references","link":"https:\/\/www.mateco.ch\/fr\/societe\/references\/tour-de-sauvabelin-lausanne\/","title":{"rendered":"Tour de Sauvabelin, Lausanne"},"content":{"rendered":"<div class=\"container global-content-styles\">\n\n\t<div class=\"button-group d-inline-flex mt-0 mb-30\">\n\t<a href=\"\/fr\/societe-2\/references\/\" target=\"\" title=\"Retour aux r\u00e9sultats\" class=\"btn btn-primary btn-bg-mateco_red \" >\n\n  <i class=\"icon-chevron\"><\/i>\n      <span class=\"btn-text\">Retour aux r\u00e9sultats<\/span>\n  \n  \n<\/a>\n<\/div>\n\t    <div class=\"reference-media\">\n              <div class=\"position-relative swiper-maltech-style reference-detail-slider\">\n          <div class=\"swiper news-header-swiper\">\n            <div class=\"swiper-wrapper\">\n                              <div class=\"swiper-slide\">\n                                      <div class=\"img-wrapper\">\n                      \t\t<picture>\n\t\t\t\n\t\t\t<img width=\"768\" height=\"1024\" src=\"https:\/\/www.mateco.ch\/wp-content\/uploads\/2024\/03\/tour_de_sauvebelin_5-768x1024.jpg\" class=\"w-full h-auto\" alt=\"\" loading=\"lazy\" decoding=\"async\" srcset=\"https:\/\/www.mateco.ch\/wp-content\/uploads\/2024\/03\/tour_de_sauvebelin_5-768x1024.jpg 768w, https:\/\/www.mateco.ch\/wp-content\/uploads\/2024\/03\/tour_de_sauvebelin_5-225x300.jpg 225w, https:\/\/www.mateco.ch\/wp-content\/uploads\/2024\/03\/tour_de_sauvebelin_5.jpg 1128w\" sizes=\"auto, (max-width: 768px) 100vw, 768px\" \/>\t\t<\/picture>\n\t\t                    <\/div>\n                                  <\/div>\n                              <div class=\"swiper-slide\">\n                                      <div class=\"img-wrapper\">\n                      \t\t<picture>\n\t\t\t\n\t\t\t<img width=\"768\" height=\"1024\" src=\"https:\/\/www.mateco.ch\/wp-content\/uploads\/2024\/03\/tour_de_sauvabelin_4-768x1024.jpg\" class=\"w-full h-auto\" alt=\"\" loading=\"lazy\" decoding=\"async\" srcset=\"https:\/\/www.mateco.ch\/wp-content\/uploads\/2024\/03\/tour_de_sauvabelin_4-768x1024.jpg 768w, https:\/\/www.mateco.ch\/wp-content\/uploads\/2024\/03\/tour_de_sauvabelin_4-225x300.jpg 225w, https:\/\/www.mateco.ch\/wp-content\/uploads\/2024\/03\/tour_de_sauvabelin_4.jpg 1128w\" sizes=\"auto, (max-width: 768px) 100vw, 768px\" \/>\t\t<\/picture>\n\t\t                    <\/div>\n                                  <\/div>\n                              <div class=\"swiper-slide\">\n                                      <div class=\"img-wrapper\">\n                      \t\t<picture>\n\t\t\t\n\t\t\t<img width=\"768\" height=\"1024\" src=\"https:\/\/www.mateco.ch\/wp-content\/uploads\/2024\/03\/tour_de_sauvabelin_1-768x1024.jpg\" class=\"w-full h-auto\" alt=\"\" loading=\"lazy\" decoding=\"async\" srcset=\"https:\/\/www.mateco.ch\/wp-content\/uploads\/2024\/03\/tour_de_sauvabelin_1-768x1024.jpg 768w, https:\/\/www.mateco.ch\/wp-content\/uploads\/2024\/03\/tour_de_sauvabelin_1-225x300.jpg 225w, https:\/\/www.mateco.ch\/wp-content\/uploads\/2024\/03\/tour_de_sauvabelin_1.jpg 1128w\" sizes=\"auto, (max-width: 768px) 100vw, 768px\" \/>\t\t<\/picture>\n\t\t                    <\/div>\n                                  <\/div>\n                          <\/div>\n            <div class=\"swiper-pagination\"><\/div>\n          <\/div>\n          <div class=\"swiper-prev swiper-nav-btn news-header-swiper-btn\"><\/div>\n          <div class=\"swiper-next swiper-nav-btn news-header-swiper-btn\"><\/div>\n        <\/div>\n      \n      <aside class=\"reference-rebrand-notice reference-rebrand-notice--detail\" aria-label=\"Note concernant le changement de raison sociale\">\n\t<span class=\"reference-rebrand-notice__eyebrow\">Maltech est mateco.<\/span>\n\t<strong class=\"reference-rebrand-notice__title\">Tout reste meilleur.<\/strong>\n<\/aside>\n    <\/div>\n\t\n\t<h1 class=\"text-md-center mt-50\">Tour de Sauvabelin, Lausanne<\/h1>\n\n\t    <div class=\"row\">\n      <div class=\"col-md-10 offset-md-1 col-lg-8 offset-lg-2\">\n        <div class=\"rich-text lead mb-60 mb-md-100\">\n            <p>C\u2019est bien connu que Lausanne a des attractions touristiques int\u00e9ressantes \u00e0 offrir. <\/p>\n        <\/div>\n      <\/div>\n    <\/div>\n\t\n\t    <div class=\"row\">\n      <div class=\"col-12 mb-n40 mb-md-n60\">\n                  <div class=\"row mb-40 mb-md-60\">\n            <div class=\"text col-md-10 offset-md-1 col-lg-8 offset-lg-2\">\n\n\t\n\t    <div class=\"rich-text big-space-between\">\n\t\t\t<p>C\u2019est bien connu que Lausanne a des attractions touristiques int\u00e9ressantes \u00e0 offrir. Mais avez-vous d\u00e9j\u00e0 entendu parler de la tour de Sauvabelin &#8211; une tour d\u2019observation en bois de 35 m\u00e8tres de haut et d\u2019une architecture impressionnante? Ce qui semble fascinant, est en vrai carr\u00e9ment spectaculaire. La tour \u00abEiffel\u00bb de Lausanne a \u00e9t\u00e9 construite en 2003, principalement avec du bois de sapin de douglas provenant des for\u00eats de la commune. Elle se dresse au milieu du parc de Sauvabelin, au-dessus de la ville, et depuis son sommet s\u2019ouvre une vue panoramique de 360\u00b0 sur le lac L\u00e9man, le Jura et jusqu\u2019aux Alpes.<\/p>\n<p>Une construction aussi unique, con\u00e7ue \u00e0 l\u2019origine pour ne durer que dix ans, m\u00e9rite une attention toute particuli\u00e8re. Elle l\u2019a re\u00e7ue de mateco, lors de sa maintenance au d\u00e9but de l\u2019\u00e9t\u00e9 2021. L\u2019\u00e9l\u00e9vateur \u00e0 nacelle sur camion <a href=\"https:\/\/www.mateco.ch\/geraete\/s-56-xr\/\">S 56 XR<\/a> a \u00e9t\u00e9 utilis\u00e9 sur le site pour les travaux. Le terrain, tr\u00e8s en pente autour de la tour, \u00e9tait tellement gorg\u00e9 d\u2019eau et glissant le jour de l\u2019op\u00e9ration, que des mesures sp\u00e9ciales ont \u00e9t\u00e9 n\u00e9cessaires. La pente a d\u00fb \u00eatre creus\u00e9e pour permettre l\u2019installation de grandes plaques de calage. Elles ont stabilis\u00e9 le camion de 28 tonnes pendant la maintenance. Cela a permis de r\u00e9aliser les travaux de mani\u00e8re efficace et de rouvrir la Tour de Sauvabelin aux visiteurs et visiteuses.<\/p>\n    <\/div>\n\t\n\t\n<\/div>          <\/div>\n                  <div class=\"row mb-40 mb-md-60\">\n            <div class=\"cta-team col-12\">\n\n  \n  <div class=\"bg-yellow\">\n\t  \t  <div class=\"cta-team d-flex flex-column flex-md-row\">\n      <div class=\"img-wrapper\">\n\t\t  <img width=\"610\" height=\"610\" src=\"https:\/\/www.mateco.ch\/wp-content\/uploads\/2024\/03\/nicolas-lauper-610x610-1.jpg\" class=\"h-100\" alt=\"\" loading=\"lazy\" decoding=\"async\" srcset=\"https:\/\/www.mateco.ch\/wp-content\/uploads\/2024\/03\/nicolas-lauper-610x610-1.jpg 610w, https:\/\/www.mateco.ch\/wp-content\/uploads\/2024\/03\/nicolas-lauper-610x610-1-150x150.jpg 150w, https:\/\/www.mateco.ch\/wp-content\/uploads\/2024\/03\/nicolas-lauper-610x610-1-300x300.jpg 300w\" sizes=\"auto, (max-width: 610px) 100vw, 610px\" \/>    <\/div>\n  \t<div class=\"content p-20 p-md-40 p-lg-60 yellow d-flex align-items-center flex-fill\">\n    <div>\n\t    <h3 class=\"mb-10\">Chef de projet<\/h3>\n      <div class=\"rich-text\">\n                <p><span class=\"fw-700\">Nicolas Lauper, <\/span>Responsable de succursale<\/p>\n      <\/div>\n\t    <div class=\"button-group d-flex flex-column flex-lg-row mt-30\">\n\t<a href=\"mailto:nicolas.lauper@mateco.ch\" target=\"\" title=\"nicolas.lauper@mateco.ch\" class=\"btn btn-bg-mateco_red \" >\n\n  <i class=\"icon-mail\"><\/i>\n      <span class=\"btn-text\">nicolas.lauper@mateco.ch<\/span>\n  \n  \n<\/a>\n<a href=\"tel:0218670599\" target=\"\" title=\"021 867 05 99\" class=\"btn btn-bg-blue \" >\n\n  <i class=\"icon-phone\"><\/i>\n      <span class=\"btn-text\">021 867 05 99<\/span>\n  \n  \n<\/a>\n<\/div>    <\/div>\n\t<\/div>\n<\/div>\n  <\/div>\n<\/div>          <\/div>\n              <\/div>\n    <\/div>\n\t\n<\/div>\n","protected":false},"excerpt":{"rendered":"<p>C\u2019est bien connu que Lausanne a des attractions touristiques int\u00e9ressantes \u00e0 offrir. <\/p>\n","protected":false},"featured_media":4583,"template":"","application_areas_category":[109],"class_list":["post-4585","references","type-references","status-publish","has-post-thumbnail","hentry","application_areas_category-baubranche-fr"],"acf":[],"yoast_head":"<title>Tour de Sauvabelin, Lausanne - mateco AG<\/title>\n<meta name=\"robots\" content=\"index, follow, max-snippet:-1, max-image-preview:large, max-video-preview:-1\" \/>\n<link rel=\"canonical\" href=\"https:\/\/www.mateco.ch\/fr\/societe\/references\/tour-de-sauvabelin-lausanne\/\" \/>\n<meta property=\"og:locale\" content=\"fr_FR\" \/>\n<meta property=\"og:type\" content=\"article\" \/>\n<meta property=\"og:title\" content=\"Tour de Sauvabelin, Lausanne - mateco AG\" \/>\n<meta property=\"og:description\" content=\"C\u2019est bien connu que Lausanne a des attractions touristiques int\u00e9ressantes \u00e0 offrir.\" \/>\n<meta property=\"og:url\" content=\"https:\/\/www.mateco.ch\/fr\/societe\/references\/tour-de-sauvabelin-lausanne\/\" \/>\n<meta property=\"og:site_name\" content=\"mateco AG\" \/>\n<meta property=\"article:modified_time\" content=\"2025-01-13T16:16:51+00:00\" \/>\n<meta property=\"og:image\" content=\"https:\/\/www.mateco.ch\/wp-content\/uploads\/2024\/03\/tour_de_sauvebelin_5.jpg\" \/>\n\t<meta property=\"og:image:width\" content=\"1128\" \/>\n\t<meta property=\"og:image:height\" content=\"1504\" \/>\n\t<meta property=\"og:image:type\" content=\"image\/jpeg\" \/>\n<meta name=\"twitter:card\" content=\"summary_large_image\" \/>\n<script type=\"application\/ld+json\" class=\"yoast-schema-graph\">{\"@context\":\"https:\\\/\\\/schema.org\",\"@graph\":[{\"@type\":\"WebPage\",\"@id\":\"https:\\\/\\\/www.mateco.ch\\\/fr\\\/societe\\\/references\\\/tour-de-sauvabelin-lausanne\\\/\",\"url\":\"https:\\\/\\\/www.mateco.ch\\\/fr\\\/societe\\\/references\\\/tour-de-sauvabelin-lausanne\\\/\",\"name\":\"Tour de Sauvabelin, Lausanne - mateco AG\",\"isPartOf\":{\"@id\":\"https:\\\/\\\/www.mateco.ch\\\/fr\\\/#website\"},\"primaryImageOfPage\":{\"@id\":\"https:\\\/\\\/www.mateco.ch\\\/fr\\\/societe\\\/references\\\/tour-de-sauvabelin-lausanne\\\/#primaryimage\"},\"image\":{\"@id\":\"https:\\\/\\\/www.mateco.ch\\\/fr\\\/societe\\\/references\\\/tour-de-sauvabelin-lausanne\\\/#primaryimage\"},\"thumbnailUrl\":\"https:\\\/\\\/www.mateco.ch\\\/wp-content\\\/uploads\\\/2024\\\/03\\\/tour_de_sauvebelin_5.jpg\",\"datePublished\":\"2024-03-06T15:30:56+00:00\",\"dateModified\":\"2025-01-13T16:16:51+00:00\",\"breadcrumb\":{\"@id\":\"https:\\\/\\\/www.mateco.ch\\\/fr\\\/societe\\\/references\\\/tour-de-sauvabelin-lausanne\\\/#breadcrumb\"},\"inLanguage\":\"fr-FR\",\"potentialAction\":[{\"@type\":\"ReadAction\",\"target\":[\"https:\\\/\\\/www.mateco.ch\\\/fr\\\/societe\\\/references\\\/tour-de-sauvabelin-lausanne\\\/\"]}]},{\"@type\":\"ImageObject\",\"inLanguage\":\"fr-FR\",\"@id\":\"https:\\\/\\\/www.mateco.ch\\\/fr\\\/societe\\\/references\\\/tour-de-sauvabelin-lausanne\\\/#primaryimage\",\"url\":\"https:\\\/\\\/www.mateco.ch\\\/wp-content\\\/uploads\\\/2024\\\/03\\\/tour_de_sauvebelin_5.jpg\",\"contentUrl\":\"https:\\\/\\\/www.mateco.ch\\\/wp-content\\\/uploads\\\/2024\\\/03\\\/tour_de_sauvebelin_5.jpg\",\"width\":1128,\"height\":1504},{\"@type\":\"BreadcrumbList\",\"@id\":\"https:\\\/\\\/www.mateco.ch\\\/fr\\\/societe\\\/references\\\/tour-de-sauvabelin-lausanne\\\/#breadcrumb\",\"itemListElement\":[{\"@type\":\"ListItem\",\"position\":1,\"name\":\"Home\",\"item\":\"https:\\\/\\\/www.mateco.ch\\\/fr\\\/home\\\/\"},{\"@type\":\"ListItem\",\"position\":2,\"name\":\"Tour de Sauvabelin, Lausanne\"}]},{\"@type\":\"WebSite\",\"@id\":\"https:\\\/\\\/www.mateco.ch\\\/fr\\\/#website\",\"url\":\"https:\\\/\\\/www.mateco.ch\\\/fr\\\/\",\"name\":\"mateco AG\",\"description\":\"Ihr kompetenter Partner  rund um Arbeitsb\u00fchnen\",\"publisher\":{\"@id\":\"https:\\\/\\\/www.mateco.ch\\\/fr\\\/#organization\"},\"potentialAction\":[{\"@type\":\"SearchAction\",\"target\":{\"@type\":\"EntryPoint\",\"urlTemplate\":\"https:\\\/\\\/www.mateco.ch\\\/fr\\\/?s={search_term_string}\"},\"query-input\":{\"@type\":\"PropertyValueSpecification\",\"valueRequired\":true,\"valueName\":\"search_term_string\"}}],\"inLanguage\":\"fr-FR\"},{\"@type\":\"Organization\",\"@id\":\"https:\\\/\\\/www.mateco.ch\\\/fr\\\/#organization\",\"name\":\"mateco AG\",\"url\":\"https:\\\/\\\/www.mateco.ch\\\/fr\\\/\",\"logo\":{\"@type\":\"ImageObject\",\"inLanguage\":\"fr-FR\",\"@id\":\"https:\\\/\\\/www.mateco.ch\\\/fr\\\/#\\\/schema\\\/logo\\\/image\\\/\",\"url\":\"https:\\\/\\\/www.mateco.ch\\\/wp-content\\\/uploads\\\/2026\\\/07\\\/mateco_logo-scaled.png\",\"contentUrl\":\"https:\\\/\\\/www.mateco.ch\\\/wp-content\\\/uploads\\\/2026\\\/07\\\/mateco_logo-scaled.png\",\"width\":2560,\"height\":653,\"caption\":\"mateco AG\"},\"image\":{\"@id\":\"https:\\\/\\\/www.mateco.ch\\\/fr\\\/#\\\/schema\\\/logo\\\/image\\\/\"}}]}<\/script>","yoast_head_json":{"title":"Tour de Sauvabelin, Lausanne - mateco AG","robots":{"index":"index","follow":"follow","max-snippet":"max-snippet:-1","max-image-preview":"max-image-preview:large","max-video-preview":"max-video-preview:-1"},"canonical":"https:\/\/www.mateco.ch\/fr\/societe\/references\/tour-de-sauvabelin-lausanne\/","og_locale":"fr_FR","og_type":"article","og_title":"Tour de Sauvabelin, Lausanne - mateco AG","og_description":"C\u2019est bien connu que Lausanne a des attractions touristiques int\u00e9ressantes \u00e0 offrir.","og_url":"https:\/\/www.mateco.ch\/fr\/societe\/references\/tour-de-sauvabelin-lausanne\/","og_site_name":"mateco AG","article_modified_time":"2025-01-13T16:16:51+00:00","og_image":[{"width":1128,"height":1504,"url":"https:\/\/www.mateco.ch\/wp-content\/uploads\/2024\/03\/tour_de_sauvebelin_5.jpg","type":"image\/jpeg"}],"twitter_card":"summary_large_image","schema":{"@context":"https:\/\/schema.org","@graph":[{"@type":"WebPage","@id":"https:\/\/www.mateco.ch\/fr\/societe\/references\/tour-de-sauvabelin-lausanne\/","url":"https:\/\/www.mateco.ch\/fr\/societe\/references\/tour-de-sauvabelin-lausanne\/","name":"Tour de Sauvabelin, Lausanne - mateco AG","isPartOf":{"@id":"https:\/\/www.mateco.ch\/fr\/#website"},"primaryImageOfPage":{"@id":"https:\/\/www.mateco.ch\/fr\/societe\/references\/tour-de-sauvabelin-lausanne\/#primaryimage"},"image":{"@id":"https:\/\/www.mateco.ch\/fr\/societe\/references\/tour-de-sauvabelin-lausanne\/#primaryimage"},"thumbnailUrl":"https:\/\/www.mateco.ch\/wp-content\/uploads\/2024\/03\/tour_de_sauvebelin_5.jpg","datePublished":"2024-03-06T15:30:56+00:00","dateModified":"2025-01-13T16:16:51+00:00","breadcrumb":{"@id":"https:\/\/www.mateco.ch\/fr\/societe\/references\/tour-de-sauvabelin-lausanne\/#breadcrumb"},"inLanguage":"fr-FR","potentialAction":[{"@type":"ReadAction","target":["https:\/\/www.mateco.ch\/fr\/societe\/references\/tour-de-sauvabelin-lausanne\/"]}]},{"@type":"ImageObject","inLanguage":"fr-FR","@id":"https:\/\/www.mateco.ch\/fr\/societe\/references\/tour-de-sauvabelin-lausanne\/#primaryimage","url":"https:\/\/www.mateco.ch\/wp-content\/uploads\/2024\/03\/tour_de_sauvebelin_5.jpg","contentUrl":"https:\/\/www.mateco.ch\/wp-content\/uploads\/2024\/03\/tour_de_sauvebelin_5.jpg","width":1128,"height":1504},{"@type":"BreadcrumbList","@id":"https:\/\/www.mateco.ch\/fr\/societe\/references\/tour-de-sauvabelin-lausanne\/#breadcrumb","itemListElement":[{"@type":"ListItem","position":1,"name":"Home","item":"https:\/\/www.mateco.ch\/fr\/home\/"},{"@type":"ListItem","position":2,"name":"Tour de Sauvabelin, Lausanne"}]},{"@type":"WebSite","@id":"https:\/\/www.mateco.ch\/fr\/#website","url":"https:\/\/www.mateco.ch\/fr\/","name":"mateco AG","description":"Ihr kompetenter Partner  rund um Arbeitsb\u00fchnen","publisher":{"@id":"https:\/\/www.mateco.ch\/fr\/#organization"},"potentialAction":[{"@type":"SearchAction","target":{"@type":"EntryPoint","urlTemplate":"https:\/\/www.mateco.ch\/fr\/?s={search_term_string}"},"query-input":{"@type":"PropertyValueSpecification","valueRequired":true,"valueName":"search_term_string"}}],"inLanguage":"fr-FR"},{"@type":"Organization","@id":"https:\/\/www.mateco.ch\/fr\/#organization","name":"mateco AG","url":"https:\/\/www.mateco.ch\/fr\/","logo":{"@type":"ImageObject","inLanguage":"fr-FR","@id":"https:\/\/www.mateco.ch\/fr\/#\/schema\/logo\/image\/","url":"https:\/\/www.mateco.ch\/wp-content\/uploads\/2026\/07\/mateco_logo-scaled.png","contentUrl":"https:\/\/www.mateco.ch\/wp-content\/uploads\/2026\/07\/mateco_logo-scaled.png","width":2560,"height":653,"caption":"mateco AG"},"image":{"@id":"https:\/\/www.mateco.ch\/fr\/#\/schema\/logo\/image\/"}}]}},"_links":{"self":[{"href":"https:\/\/www.mateco.ch\/fr\/wp-json\/wp\/v2\/references\/4585","targetHints":{"allow":["GET"]}}],"collection":[{"href":"https:\/\/www.mateco.ch\/fr\/wp-json\/wp\/v2\/references"}],"about":[{"href":"https:\/\/www.mateco.ch\/fr\/wp-json\/wp\/v2\/types\/references"}],"version-history":[{"count":2,"href":"https:\/\/www.mateco.ch\/fr\/wp-json\/wp\/v2\/references\/4585\/revisions"}],"predecessor-version":[{"id":10882,"href":"https:\/\/www.mateco.ch\/fr\/wp-json\/wp\/v2\/references\/4585\/revisions\/10882"}],"wp:featuredmedia":[{"embeddable":true,"href":"https:\/\/www.mateco.ch\/fr\/wp-json\/wp\/v2\/media\/4583"}],"wp:attachment":[{"href":"https:\/\/www.mateco.ch\/fr\/wp-json\/wp\/v2\/media?parent=4585"}],"wp:term":[{"taxonomy":"application_areas_category","embeddable":true,"href":"https:\/\/www.mateco.ch\/fr\/wp-json\/wp\/v2\/application_areas_category?post=4585"}],"curies":[{"name":"wp","href":"https:\/\/api.w.org\/{rel}","templated":true}]}}