{"id":4612,"date":"2024-03-06T16:57:06","date_gmt":"2024-03-06T15:57:06","guid":{"rendered":"https:\/\/staging.maltech.ch\/unternehmen\/referenzen\/so-sieht-eine-gute-zusammenarbeit-aus\/"},"modified":"2025-03-20T10:38:03","modified_gmt":"2025-03-20T09:38:03","slug":"so-sieht-eine-gute-zusammenarbeit-aus","status":"publish","type":"references","link":"https:\/\/www.mateco.ch\/fr\/societe\/references\/so-sieht-eine-gute-zusammenarbeit-aus\/","title":{"rendered":"Voil\u00e0 \u00e0 quoi ressemble une bonne collaboration."},"content":{"rendered":"<div class=\"container global-content-styles\">\n\n\t<div class=\"button-group d-inline-flex mt-0 mb-30\">\n\t<a href=\"\/fr\/societe-2\/references\/\" target=\"\" title=\"Retour aux r\u00e9sultats\" class=\"btn btn-primary btn-bg-mateco_red \" >\n\n  <i class=\"icon-chevron\"><\/i>\n      <span class=\"btn-text\">Retour aux r\u00e9sultats<\/span>\n  \n  \n<\/a>\n<\/div>\n\t    <div class=\"reference-media\">\n              <div class=\"position-relative swiper-maltech-style reference-detail-slider\">\n          <div class=\"swiper news-header-swiper\">\n            <div class=\"swiper-wrapper\">\n                              <div class=\"swiper-slide\">\n                                      <div class=\"img-wrapper\">\n                      \t\t<picture>\n\t\t\t\n\t\t\t<img width=\"1024\" height=\"768\" src=\"https:\/\/www.mateco.ch\/wp-content\/uploads\/2024\/03\/img_3283_1-1024x768.jpg\" class=\"w-full h-auto\" alt=\"\" loading=\"lazy\" decoding=\"async\" srcset=\"https:\/\/www.mateco.ch\/wp-content\/uploads\/2024\/03\/img_3283_1-1024x768.jpg 1024w, https:\/\/www.mateco.ch\/wp-content\/uploads\/2024\/03\/img_3283_1-300x225.jpg 300w, https:\/\/www.mateco.ch\/wp-content\/uploads\/2024\/03\/img_3283_1-768x576.jpg 768w, https:\/\/www.mateco.ch\/wp-content\/uploads\/2024\/03\/img_3283_1-1536x1152.jpg 1536w, https:\/\/www.mateco.ch\/wp-content\/uploads\/2024\/03\/img_3283_1.jpg 1600w\" sizes=\"auto, (max-width: 1024px) 100vw, 1024px\" \/>\t\t<\/picture>\n\t\t                    <\/div>\n                                  <\/div>\n                              <div class=\"swiper-slide\">\n                                      <div class=\"img-wrapper\">\n                      \t\t<picture>\n\t\t\t\n\t\t\t<img width=\"1024\" height=\"768\" src=\"https:\/\/www.mateco.ch\/wp-content\/uploads\/2024\/03\/img_e4744-1024x768.jpg\" class=\"w-full h-auto\" alt=\"\" loading=\"lazy\" decoding=\"async\" srcset=\"https:\/\/www.mateco.ch\/wp-content\/uploads\/2024\/03\/img_e4744-1024x768.jpg 1024w, https:\/\/www.mateco.ch\/wp-content\/uploads\/2024\/03\/img_e4744-300x225.jpg 300w, https:\/\/www.mateco.ch\/wp-content\/uploads\/2024\/03\/img_e4744-768x576.jpg 768w, https:\/\/www.mateco.ch\/wp-content\/uploads\/2024\/03\/img_e4744-1536x1152.jpg 1536w, https:\/\/www.mateco.ch\/wp-content\/uploads\/2024\/03\/img_e4744.jpg 1600w\" sizes=\"auto, (max-width: 1024px) 100vw, 1024px\" \/>\t\t<\/picture>\n\t\t                    <\/div>\n                                  <\/div>\n                          <\/div>\n            <div class=\"swiper-pagination\"><\/div>\n          <\/div>\n          <div class=\"swiper-prev swiper-nav-btn news-header-swiper-btn\"><\/div>\n          <div class=\"swiper-next swiper-nav-btn news-header-swiper-btn\"><\/div>\n        <\/div>\n      \n      <aside class=\"reference-rebrand-notice reference-rebrand-notice--detail\" aria-label=\"Note concernant le changement de raison sociale\">\n\t<span class=\"reference-rebrand-notice__eyebrow\">Maltech est mateco.<\/span>\n\t<strong class=\"reference-rebrand-notice__title\">Tout reste meilleur.<\/strong>\n<\/aside>\n    <\/div>\n\t\n\t<h1 class=\"text-md-center mt-50\">Voil\u00e0 \u00e0 quoi ressemble une bonne collaboration.<\/h1>\n\n\t    <div class=\"row\">\n      <div class=\"col-md-10 offset-md-1 col-lg-8 offset-lg-2\">\n        <div class=\"rich-text lead mb-60 mb-md-100\">\n            <p>Chaque ann\u00e9e, en janvier et f\u00e9vrier, nous rencontrons de nombreux \u00e9l\u00e9vateurs \u00e0 nacelle de mateco dans toute la ville de B\u00e2le.<\/p>\n        <\/div>\n      <\/div>\n    <\/div>\n\t\n\t    <div class=\"row\">\n      <div class=\"col-12 mb-n40 mb-md-n60\">\n                  <div class=\"row mb-40 mb-md-60\">\n            <div class=\"text col-md-10 offset-md-1 col-lg-8 offset-lg-2\">\n\n\t\n\t    <div class=\"rich-text big-space-between\">\n\t\t\t<p>Chaque ann\u00e9e, en janvier et f\u00e9vrier, nous rencontrons de nombreux \u00e9l\u00e9vateurs \u00e0 nacelle de mateco dans toute la ville de B\u00e2le. En effet, le service des espaces verts de la ville de B\u00e2le fait appel \u00e0 notre flotte et \u00e0 nos services pour l&rsquo;\u00e9lagage annuel des arbres. Pourquoi en est-il ainsi et qu&rsquo;est-ce qui se cache exactement derri\u00e8re ces travaux passionnants ? C&rsquo;est ce que nous explique Simon Leuenberger, chef du service d&rsquo;entretien des espaces verts du canton de B\u00e2le-Ville, dans l&rsquo;interview.<\/p>\n    <\/div>\n\t\n\t\n<\/div>          <\/div>\n                  <div class=\"row mb-40 mb-md-60\">\n            <div class=\"interview col-md-10 offset-md-1 col-lg-8 offset-lg-2\">\n\t        <div class=\"rich-text\">\n          <p class=\"strong\"><strong>Monsieur Leuenberger, en janvier et f\u00e9vrier c&rsquo;est la haute saison pour l&rsquo;\u00e9lagage des arbres. Qu&rsquo;est-ce que cela signifie pour le service municipal des espaces verts de la ville de B\u00e2le ?<\/strong><\/p>\n\t\t\t\t\t<p>Pour nous cette p\u00e9riode est tr\u00e8s exigeante mais aussi extr\u00eamement passionnante. Sur les 27&rsquo;000 arbres de l&rsquo;espace public dont nous sommes responsables, environ 3&rsquo;500 sont taill\u00e9s chaque ann\u00e9e en janvier et f\u00e9vrier. Il s&rsquo;agit principalement d&rsquo;une taille dite de d\u00e9limitation de la couronne, des arbres qui longent les rues.<\/p>\n        <\/div>\n\t\t\t        <div class=\"rich-text\">\n          <p class=\"strong\"><strong>\u00c0 quelle fr\u00e9quence faut-il tailler les arbres ?<\/strong><\/p>\n\t\t\t\t\t<p>Cela varie. D&rsquo;une part, la fr\u00e9quence d\u00e9pend de l&rsquo;esp\u00e8ce d&rsquo;arbre concern\u00e9e et de son intensit\u00e9 de croissance. D&rsquo;autre part, elle d\u00e9pend aussi de l&#8217;emplacement de l&rsquo;arbre ainsi que l&rsquo;utilisation du lieu en question. Dans un parc urbain, o\u00f9 un arbre dispose de beaucoup d&rsquo;espace, il peut s&rsquo;\u00e9panouir librement. Il est contr\u00f4l\u00e9 r\u00e9guli\u00e8rement, mais ne doit \u00eatre taill\u00e9 que tr\u00e8s rarement. Il en va tout autrement dans les rues. Ici, chaque arbre est taill\u00e9 tous les trois ou quatre ans environ. On \u00e9vite ainsi que ses branches touchent par exemple les lignes de tram, g\u00eanent la circulation ou endommagent les fa\u00e7ades des b\u00e2timents.<\/p>\n        <\/div>\n\t\t\t        <div class=\"rich-text\">\n          <p class=\"strong\"><strong>Combien de collaborateurs du service municipal des espaces verts sont mobilis\u00e9s chaque ann\u00e9e pour ces travaux ?<\/strong><\/p>\n\t\t\t\t\t<p>Environ 80 personnes au total \u2013 l&rsquo;\u00e9lagage des arbres n\u00e9cessite \u00e9norm\u00e9ment de personnel. Premi\u00e8rement, il faut du personnel au sol pour r\u00e9guler la circulation et barrer les routes. Deuxi\u00e8mement, des sp\u00e9cialistes interviennent pour proc\u00e9der \u00e0 l&rsquo;\u00e9lagage effectif des arbres. Et troisi\u00e8menent, une partie de l&rsquo;\u00e9quipe s&rsquo;occupe du ramassage des branches coup\u00e9es.<\/p>\n        <\/div>\n\t\t\t        <div class=\"rich-text\">\n          <p class=\"strong\"><strong>Les travaux de taille ont lieu \u00e0 une hauteur de 20 \u00e0 30 m\u00e8tres\u2026<\/strong><\/p>\n\t\t\t\t\t<p>C&rsquo;est exact. Pour cela, nous utilisons plusieurs \u00e9l\u00e9vateurs sur camionnette 3.5 t que nous louons chez mateco. Nos collaborateurs peuvent aller les chercher au site de location, les conduire sur le lieu d&rsquo;intervention et les utiliser de mani\u00e8re autonome pendant les travaux de coupe. Nous pouvons ainsi travailler de mani\u00e8re extr\u00eamement efficace, ce qui est bien s\u00fbr essentiel pour nous.<\/p>\n        <\/div>\n\t\t\t        <div class=\"rich-text\">\n          <p class=\"strong\"><strong>Comment assurez-vous la s\u00e9curit\u00e9 de vos collaborateurs pendant l&rsquo;activit\u00e9 ?<\/strong><\/p>\n\t\t\t\t\t<p>C&rsquo;est effectivement un d\u00e9fi particulier. Apr\u00e8s tout, ils travaillent au milieu du trafic urbain, manient des outils extr\u00eamement dangereux et travaillent jusqu&rsquo;\u00e0 27 m\u00e8tres de hauteur. C&rsquo;est pourquoi nous formons nos collaborateurs ann\u00e9e apr\u00e8s ann\u00e9e pour un bon et s\u00fbr maniement des \u00e9l\u00e9vateurs \u00e0 nacelle et des outils de travail. Une utilisation correcte des machines et des outils est primordiale pour nous. De plus, nous v\u00e9rifions en permanence que les \u00e9quipements de protection individuelle sont port\u00e9s correctement. Cette strat\u00e9gie fonctionne \u2013 les accidents sont vraiment extr\u00eamement rares.<\/p>\n        <\/div>\n\t\t\t        <div class=\"rich-text\">\n          <p class=\"strong\"><strong>Quel est le plus grand d\u00e9fi pour le personnel charg\u00e9 de la taille des arbres ? <\/strong><\/p>\n\t\t\t\t\t<p>Lors d&rsquo;une telle intervention, il faut toujours \u00eatre pleinement concentr\u00e9. Le bras de l&rsquo;\u00e9l\u00e9vateur ne doit jamais blesser l&rsquo;arbre. Il faut couper les branches avec le moins de mouvements de la plateforme \u00e9l\u00e9vatrice que possible. En outre, les branches coup\u00e9es qui tombent ne doivent pas ab\u00eemer la machine. Et bien s\u00fbr, il faut aussi un peu de courage quand on doit travailler si haut et concentr\u00e9. Un avantage \u00e9vident est que les \u00e9l\u00e9vateurs \u00e0 nacelle de mateco sont si modernes et intelligents qu&rsquo;ils ne permettent pas de commettre de nombreuses erreurs d&rsquo;utilisation potentielles.<\/p>\n        <\/div>\n\t\t\t        <div class=\"rich-text\">\n          <p class=\"strong\"><strong>Depuis de nombreuses ann\u00e9es, vous louez vos plateformes \u00e9l\u00e9vatrices pour l`\u00e9lagage des arbres chez mateco. Pourquoi ?<\/strong><\/p>\n\t\t\t\t\t<p>Parce qu&rsquo;absolument tout fonctionne. Non seulement les machines, mais aussi l&rsquo;ensemble des prestations. Si nous avons une intervention \u00e0 court terme et que nous appelons mateco, nous pouvons nous fier \u00e0 100 % que l&rsquo;\u00e9l\u00e9vateur \u00e0 nacelle dont nous avons besoin est sur place d\u00e8s l&rsquo;apr\u00e8s-midi. En cas d&rsquo;incident inattendu, le technicien de service est sur place dans un d\u00e9lai maximal d&rsquo;une heure et s&rsquo;en occupe. C&rsquo;est tr\u00e8s pr\u00e9cieux pour nous, car notre programme est tr\u00e8s planifi\u00e9. Tous ces facteurs font de mateco le partenaire id\u00e9al pour l&rsquo;\u00e9lagage des arbres. Voil\u00e0 \u00e0 quoi ressemble une bonne collaboration !<\/p>\n        <\/div>\n\t\t\t<\/div>          <\/div>\n                  <div class=\"row mb-40 mb-md-60\">\n            <div class=\"cta-team col-12\">\n\n  \n  <div class=\"bg-yellow\">\n\t  \t  <div class=\"cta-team d-flex flex-column flex-md-row\">\n      <div class=\"img-wrapper\">\n\t\t  <img width=\"610\" height=\"610\" src=\"https:\/\/www.mateco.ch\/wp-content\/uploads\/2024\/11\/Thomas_Schneider_610x610.jpg\" class=\"h-100\" alt=\"\" loading=\"lazy\" decoding=\"async\" srcset=\"https:\/\/www.mateco.ch\/wp-content\/uploads\/2024\/11\/Thomas_Schneider_610x610.jpg 610w, https:\/\/www.mateco.ch\/wp-content\/uploads\/2024\/11\/Thomas_Schneider_610x610-150x150.jpg 150w, https:\/\/www.mateco.ch\/wp-content\/uploads\/2024\/11\/Thomas_Schneider_610x610-300x300.jpg 300w\" sizes=\"auto, (max-width: 610px) 100vw, 610px\" \/>    <\/div>\n  \t<div class=\"content p-20 p-md-40 p-lg-60 yellow d-flex align-items-center flex-fill\">\n    <div>\n\t    <h3 class=\"mb-10\">Chef de projet<\/h3>\n      <div class=\"rich-text\">\n                <p><span class=\"fw-700\">Thomas Schneider, <\/span>Responsable de succursale<\/p>\n      <\/div>\n\t    <div class=\"button-group d-flex flex-column flex-lg-row mt-30\">\n\t<a href=\"mailto:thomas.schneider@mateco.ch\" target=\"\" title=\"thomas.schneider@mateco.ch\" class=\"btn btn-bg-mateco_red \" >\n\n  <i class=\"icon-mail\"><\/i>\n      <span class=\"btn-text\">thomas.schneider@mateco.ch<\/span>\n  \n  \n<\/a>\n<a href=\"tel:0622079070\" target=\"\" title=\"062 207 90 70\" class=\"btn btn-bg-blue \" >\n\n  <i class=\"icon-phone\"><\/i>\n      <span class=\"btn-text\">062 207 90 70<\/span>\n  \n  \n<\/a>\n<\/div>    <\/div>\n\t<\/div>\n<\/div>\n  <\/div>\n<\/div>          <\/div>\n              <\/div>\n    <\/div>\n\t\n<\/div>\n","protected":false},"excerpt":{"rendered":"<p>Chaque ann\u00e9e, en janvier et f\u00e9vrier, nous rencontrons de nombreux \u00e9l\u00e9vateurs \u00e0 nacelle de mateco dans toute la ville de B\u00e2le.<\/p>\n","protected":false},"featured_media":4607,"template":"","application_areas_category":[105],"class_list":["post-4612","references","type-references","status-publish","has-post-thumbnail","hentry","application_areas_category-oeffentliche-hand-fr"],"acf":[],"yoast_head":"<title>Voil\u00e0 \u00e0 quoi ressemble une bonne collaboration. - mateco AG<\/title>\n<meta name=\"robots\" content=\"index, follow, max-snippet:-1, max-image-preview:large, max-video-preview:-1\" \/>\n<link rel=\"canonical\" href=\"https:\/\/www.mateco.ch\/fr\/societe\/references\/so-sieht-eine-gute-zusammenarbeit-aus\/\" \/>\n<meta property=\"og:locale\" content=\"fr_FR\" \/>\n<meta property=\"og:type\" content=\"article\" \/>\n<meta property=\"og:title\" content=\"Voil\u00e0 \u00e0 quoi ressemble une bonne collaboration. - mateco AG\" \/>\n<meta property=\"og:description\" content=\"Chaque ann\u00e9e, en janvier et f\u00e9vrier, nous rencontrons de nombreux \u00e9l\u00e9vateurs \u00e0 nacelle de mateco dans toute la ville de B\u00e2le.\" \/>\n<meta property=\"og:url\" content=\"https:\/\/www.mateco.ch\/fr\/societe\/references\/so-sieht-eine-gute-zusammenarbeit-aus\/\" \/>\n<meta property=\"og:site_name\" content=\"mateco AG\" \/>\n<meta property=\"article:modified_time\" content=\"2025-03-20T09:38:03+00:00\" \/>\n<meta property=\"og:image\" content=\"https:\/\/www.mateco.ch\/wp-content\/uploads\/2024\/03\/img_3283_1.jpg\" \/>\n\t<meta property=\"og:image:width\" content=\"1600\" \/>\n\t<meta property=\"og:image:height\" content=\"1200\" \/>\n\t<meta property=\"og:image:type\" content=\"image\/jpeg\" \/>\n<meta name=\"twitter:card\" content=\"summary_large_image\" \/>\n<script type=\"application\/ld+json\" class=\"yoast-schema-graph\">{\"@context\":\"https:\\\/\\\/schema.org\",\"@graph\":[{\"@type\":\"WebPage\",\"@id\":\"https:\\\/\\\/www.mateco.ch\\\/fr\\\/societe\\\/references\\\/so-sieht-eine-gute-zusammenarbeit-aus\\\/\",\"url\":\"https:\\\/\\\/www.mateco.ch\\\/fr\\\/societe\\\/references\\\/so-sieht-eine-gute-zusammenarbeit-aus\\\/\",\"name\":\"Voil\u00e0 \u00e0 quoi ressemble une bonne collaboration. - mateco AG\",\"isPartOf\":{\"@id\":\"https:\\\/\\\/www.mateco.ch\\\/fr\\\/#website\"},\"primaryImageOfPage\":{\"@id\":\"https:\\\/\\\/www.mateco.ch\\\/fr\\\/societe\\\/references\\\/so-sieht-eine-gute-zusammenarbeit-aus\\\/#primaryimage\"},\"image\":{\"@id\":\"https:\\\/\\\/www.mateco.ch\\\/fr\\\/societe\\\/references\\\/so-sieht-eine-gute-zusammenarbeit-aus\\\/#primaryimage\"},\"thumbnailUrl\":\"https:\\\/\\\/www.mateco.ch\\\/wp-content\\\/uploads\\\/2024\\\/03\\\/img_3283_1.jpg\",\"datePublished\":\"2024-03-06T15:57:06+00:00\",\"dateModified\":\"2025-03-20T09:38:03+00:00\",\"breadcrumb\":{\"@id\":\"https:\\\/\\\/www.mateco.ch\\\/fr\\\/societe\\\/references\\\/so-sieht-eine-gute-zusammenarbeit-aus\\\/#breadcrumb\"},\"inLanguage\":\"fr-FR\",\"potentialAction\":[{\"@type\":\"ReadAction\",\"target\":[\"https:\\\/\\\/www.mateco.ch\\\/fr\\\/societe\\\/references\\\/so-sieht-eine-gute-zusammenarbeit-aus\\\/\"]}]},{\"@type\":\"ImageObject\",\"inLanguage\":\"fr-FR\",\"@id\":\"https:\\\/\\\/www.mateco.ch\\\/fr\\\/societe\\\/references\\\/so-sieht-eine-gute-zusammenarbeit-aus\\\/#primaryimage\",\"url\":\"https:\\\/\\\/www.mateco.ch\\\/wp-content\\\/uploads\\\/2024\\\/03\\\/img_3283_1.jpg\",\"contentUrl\":\"https:\\\/\\\/www.mateco.ch\\\/wp-content\\\/uploads\\\/2024\\\/03\\\/img_3283_1.jpg\",\"width\":1600,\"height\":1200},{\"@type\":\"BreadcrumbList\",\"@id\":\"https:\\\/\\\/www.mateco.ch\\\/fr\\\/societe\\\/references\\\/so-sieht-eine-gute-zusammenarbeit-aus\\\/#breadcrumb\",\"itemListElement\":[{\"@type\":\"ListItem\",\"position\":1,\"name\":\"Home\",\"item\":\"https:\\\/\\\/www.mateco.ch\\\/fr\\\/home\\\/\"},{\"@type\":\"ListItem\",\"position\":2,\"name\":\"Voil\u00e0 \u00e0 quoi ressemble une bonne collaboration.\"}]},{\"@type\":\"WebSite\",\"@id\":\"https:\\\/\\\/www.mateco.ch\\\/fr\\\/#website\",\"url\":\"https:\\\/\\\/www.mateco.ch\\\/fr\\\/\",\"name\":\"mateco AG\",\"description\":\"Ihr kompetenter Partner  rund um Arbeitsb\u00fchnen\",\"publisher\":{\"@id\":\"https:\\\/\\\/www.mateco.ch\\\/fr\\\/#organization\"},\"potentialAction\":[{\"@type\":\"SearchAction\",\"target\":{\"@type\":\"EntryPoint\",\"urlTemplate\":\"https:\\\/\\\/www.mateco.ch\\\/fr\\\/?s={search_term_string}\"},\"query-input\":{\"@type\":\"PropertyValueSpecification\",\"valueRequired\":true,\"valueName\":\"search_term_string\"}}],\"inLanguage\":\"fr-FR\"},{\"@type\":\"Organization\",\"@id\":\"https:\\\/\\\/www.mateco.ch\\\/fr\\\/#organization\",\"name\":\"mateco AG\",\"url\":\"https:\\\/\\\/www.mateco.ch\\\/fr\\\/\",\"logo\":{\"@type\":\"ImageObject\",\"inLanguage\":\"fr-FR\",\"@id\":\"https:\\\/\\\/www.mateco.ch\\\/fr\\\/#\\\/schema\\\/logo\\\/image\\\/\",\"url\":\"https:\\\/\\\/www.mateco.ch\\\/wp-content\\\/uploads\\\/2026\\\/07\\\/mateco_logo-scaled.png\",\"contentUrl\":\"https:\\\/\\\/www.mateco.ch\\\/wp-content\\\/uploads\\\/2026\\\/07\\\/mateco_logo-scaled.png\",\"width\":2560,\"height\":653,\"caption\":\"mateco AG\"},\"image\":{\"@id\":\"https:\\\/\\\/www.mateco.ch\\\/fr\\\/#\\\/schema\\\/logo\\\/image\\\/\"}}]}<\/script>","yoast_head_json":{"title":"Voil\u00e0 \u00e0 quoi ressemble une bonne collaboration. - mateco AG","robots":{"index":"index","follow":"follow","max-snippet":"max-snippet:-1","max-image-preview":"max-image-preview:large","max-video-preview":"max-video-preview:-1"},"canonical":"https:\/\/www.mateco.ch\/fr\/societe\/references\/so-sieht-eine-gute-zusammenarbeit-aus\/","og_locale":"fr_FR","og_type":"article","og_title":"Voil\u00e0 \u00e0 quoi ressemble une bonne collaboration. - mateco AG","og_description":"Chaque ann\u00e9e, en janvier et f\u00e9vrier, nous rencontrons de nombreux \u00e9l\u00e9vateurs \u00e0 nacelle de mateco dans toute la ville de B\u00e2le.","og_url":"https:\/\/www.mateco.ch\/fr\/societe\/references\/so-sieht-eine-gute-zusammenarbeit-aus\/","og_site_name":"mateco AG","article_modified_time":"2025-03-20T09:38:03+00:00","og_image":[{"width":1600,"height":1200,"url":"https:\/\/www.mateco.ch\/wp-content\/uploads\/2024\/03\/img_3283_1.jpg","type":"image\/jpeg"}],"twitter_card":"summary_large_image","schema":{"@context":"https:\/\/schema.org","@graph":[{"@type":"WebPage","@id":"https:\/\/www.mateco.ch\/fr\/societe\/references\/so-sieht-eine-gute-zusammenarbeit-aus\/","url":"https:\/\/www.mateco.ch\/fr\/societe\/references\/so-sieht-eine-gute-zusammenarbeit-aus\/","name":"Voil\u00e0 \u00e0 quoi ressemble une bonne collaboration. - mateco AG","isPartOf":{"@id":"https:\/\/www.mateco.ch\/fr\/#website"},"primaryImageOfPage":{"@id":"https:\/\/www.mateco.ch\/fr\/societe\/references\/so-sieht-eine-gute-zusammenarbeit-aus\/#primaryimage"},"image":{"@id":"https:\/\/www.mateco.ch\/fr\/societe\/references\/so-sieht-eine-gute-zusammenarbeit-aus\/#primaryimage"},"thumbnailUrl":"https:\/\/www.mateco.ch\/wp-content\/uploads\/2024\/03\/img_3283_1.jpg","datePublished":"2024-03-06T15:57:06+00:00","dateModified":"2025-03-20T09:38:03+00:00","breadcrumb":{"@id":"https:\/\/www.mateco.ch\/fr\/societe\/references\/so-sieht-eine-gute-zusammenarbeit-aus\/#breadcrumb"},"inLanguage":"fr-FR","potentialAction":[{"@type":"ReadAction","target":["https:\/\/www.mateco.ch\/fr\/societe\/references\/so-sieht-eine-gute-zusammenarbeit-aus\/"]}]},{"@type":"ImageObject","inLanguage":"fr-FR","@id":"https:\/\/www.mateco.ch\/fr\/societe\/references\/so-sieht-eine-gute-zusammenarbeit-aus\/#primaryimage","url":"https:\/\/www.mateco.ch\/wp-content\/uploads\/2024\/03\/img_3283_1.jpg","contentUrl":"https:\/\/www.mateco.ch\/wp-content\/uploads\/2024\/03\/img_3283_1.jpg","width":1600,"height":1200},{"@type":"BreadcrumbList","@id":"https:\/\/www.mateco.ch\/fr\/societe\/references\/so-sieht-eine-gute-zusammenarbeit-aus\/#breadcrumb","itemListElement":[{"@type":"ListItem","position":1,"name":"Home","item":"https:\/\/www.mateco.ch\/fr\/home\/"},{"@type":"ListItem","position":2,"name":"Voil\u00e0 \u00e0 quoi ressemble une bonne collaboration."}]},{"@type":"WebSite","@id":"https:\/\/www.mateco.ch\/fr\/#website","url":"https:\/\/www.mateco.ch\/fr\/","name":"mateco AG","description":"Ihr kompetenter Partner  rund um Arbeitsb\u00fchnen","publisher":{"@id":"https:\/\/www.mateco.ch\/fr\/#organization"},"potentialAction":[{"@type":"SearchAction","target":{"@type":"EntryPoint","urlTemplate":"https:\/\/www.mateco.ch\/fr\/?s={search_term_string}"},"query-input":{"@type":"PropertyValueSpecification","valueRequired":true,"valueName":"search_term_string"}}],"inLanguage":"fr-FR"},{"@type":"Organization","@id":"https:\/\/www.mateco.ch\/fr\/#organization","name":"mateco AG","url":"https:\/\/www.mateco.ch\/fr\/","logo":{"@type":"ImageObject","inLanguage":"fr-FR","@id":"https:\/\/www.mateco.ch\/fr\/#\/schema\/logo\/image\/","url":"https:\/\/www.mateco.ch\/wp-content\/uploads\/2026\/07\/mateco_logo-scaled.png","contentUrl":"https:\/\/www.mateco.ch\/wp-content\/uploads\/2026\/07\/mateco_logo-scaled.png","width":2560,"height":653,"caption":"mateco AG"},"image":{"@id":"https:\/\/www.mateco.ch\/fr\/#\/schema\/logo\/image\/"}}]}},"_links":{"self":[{"href":"https:\/\/www.mateco.ch\/fr\/wp-json\/wp\/v2\/references\/4612","targetHints":{"allow":["GET"]}}],"collection":[{"href":"https:\/\/www.mateco.ch\/fr\/wp-json\/wp\/v2\/references"}],"about":[{"href":"https:\/\/www.mateco.ch\/fr\/wp-json\/wp\/v2\/types\/references"}],"version-history":[{"count":2,"href":"https:\/\/www.mateco.ch\/fr\/wp-json\/wp\/v2\/references\/4612\/revisions"}],"predecessor-version":[{"id":11298,"href":"https:\/\/www.mateco.ch\/fr\/wp-json\/wp\/v2\/references\/4612\/revisions\/11298"}],"wp:featuredmedia":[{"embeddable":true,"href":"https:\/\/www.mateco.ch\/fr\/wp-json\/wp\/v2\/media\/4607"}],"wp:attachment":[{"href":"https:\/\/www.mateco.ch\/fr\/wp-json\/wp\/v2\/media?parent=4612"}],"wp:term":[{"taxonomy":"application_areas_category","embeddable":true,"href":"https:\/\/www.mateco.ch\/fr\/wp-json\/wp\/v2\/application_areas_category?post=4612"}],"curies":[{"name":"wp","href":"https:\/\/api.w.org\/{rel}","templated":true}]}}