{"id":4637,"date":"2024-03-06T17:20:47","date_gmt":"2024-03-06T16:20:47","guid":{"rendered":"https:\/\/staging.maltech.ch\/unternehmen\/referenzen\/storenreparatur-zuerich\/"},"modified":"2025-02-03T09:35:53","modified_gmt":"2025-02-03T08:35:53","slug":"reparation-de-stores-zurich","status":"publish","type":"references","link":"https:\/\/www.mateco.ch\/fr\/societe\/references\/reparation-de-stores-zurich\/","title":{"rendered":"R\u00e9paration de stores, Zurich"},"content":{"rendered":"<div class=\"container global-content-styles\">\n\n\t<div class=\"button-group d-inline-flex mt-0 mb-30\">\n\t<a href=\"\/fr\/societe-2\/references\/\" target=\"\" title=\"Retour aux r\u00e9sultats\" class=\"btn btn-primary btn-bg-mateco_red \" >\n\n  <i class=\"icon-chevron\"><\/i>\n      <span class=\"btn-text\">Retour aux r\u00e9sultats<\/span>\n  \n  \n<\/a>\n<\/div>\n\t    <div class=\"reference-media\">\n              <div class=\"position-relative swiper-maltech-style reference-detail-slider\">\n          <div class=\"swiper news-header-swiper\">\n            <div class=\"swiper-wrapper\">\n                              <div class=\"swiper-slide\">\n                                      <div class=\"img-wrapper\">\n                      \t\t<picture>\n\t\t\t\n\t\t\t<img width=\"1024\" height=\"768\" src=\"https:\/\/www.mateco.ch\/wp-content\/uploads\/2024\/03\/bilder_einsatz_1_.jpg\" class=\"w-full h-auto\" alt=\"\" loading=\"lazy\" decoding=\"async\" srcset=\"https:\/\/www.mateco.ch\/wp-content\/uploads\/2024\/03\/bilder_einsatz_1_.jpg 1024w, https:\/\/www.mateco.ch\/wp-content\/uploads\/2024\/03\/bilder_einsatz_1_-300x225.jpg 300w, https:\/\/www.mateco.ch\/wp-content\/uploads\/2024\/03\/bilder_einsatz_1_-768x576.jpg 768w\" sizes=\"auto, (max-width: 1024px) 100vw, 1024px\" \/>\t\t<\/picture>\n\t\t                    <\/div>\n                                  <\/div>\n                              <div class=\"swiper-slide\">\n                                      <div class=\"img-wrapper\">\n                      \t\t<picture>\n\t\t\t\n\t\t\t<img width=\"1024\" height=\"768\" src=\"https:\/\/www.mateco.ch\/wp-content\/uploads\/2024\/03\/bilder_einsatz_7_.jpg\" class=\"w-full h-auto\" alt=\"\" loading=\"lazy\" decoding=\"async\" srcset=\"https:\/\/www.mateco.ch\/wp-content\/uploads\/2024\/03\/bilder_einsatz_7_.jpg 1024w, https:\/\/www.mateco.ch\/wp-content\/uploads\/2024\/03\/bilder_einsatz_7_-300x225.jpg 300w, https:\/\/www.mateco.ch\/wp-content\/uploads\/2024\/03\/bilder_einsatz_7_-768x576.jpg 768w\" sizes=\"auto, (max-width: 1024px) 100vw, 1024px\" \/>\t\t<\/picture>\n\t\t                    <\/div>\n                                  <\/div>\n                              <div class=\"swiper-slide\">\n                                      <div class=\"img-wrapper\">\n                      \t\t<picture>\n\t\t\t\n\t\t\t<img width=\"1024\" height=\"768\" src=\"https:\/\/www.mateco.ch\/wp-content\/uploads\/2024\/03\/bilder_einsatz_5_.jpg\" class=\"w-full h-auto\" alt=\"\" loading=\"lazy\" decoding=\"async\" srcset=\"https:\/\/www.mateco.ch\/wp-content\/uploads\/2024\/03\/bilder_einsatz_5_.jpg 1024w, https:\/\/www.mateco.ch\/wp-content\/uploads\/2024\/03\/bilder_einsatz_5_-300x225.jpg 300w, https:\/\/www.mateco.ch\/wp-content\/uploads\/2024\/03\/bilder_einsatz_5_-768x576.jpg 768w\" sizes=\"auto, (max-width: 1024px) 100vw, 1024px\" \/>\t\t<\/picture>\n\t\t                    <\/div>\n                                  <\/div>\n                              <div class=\"swiper-slide\">\n                                      <div class=\"img-wrapper\">\n                      \t\t<picture>\n\t\t\t\n\t\t\t<img width=\"1024\" height=\"768\" src=\"https:\/\/www.mateco.ch\/wp-content\/uploads\/2024\/03\/bilder_einsatz_8_.jpg\" class=\"w-full h-auto\" alt=\"\" loading=\"lazy\" decoding=\"async\" srcset=\"https:\/\/www.mateco.ch\/wp-content\/uploads\/2024\/03\/bilder_einsatz_8_.jpg 1024w, https:\/\/www.mateco.ch\/wp-content\/uploads\/2024\/03\/bilder_einsatz_8_-300x225.jpg 300w, https:\/\/www.mateco.ch\/wp-content\/uploads\/2024\/03\/bilder_einsatz_8_-768x576.jpg 768w\" sizes=\"auto, (max-width: 1024px) 100vw, 1024px\" \/>\t\t<\/picture>\n\t\t                    <\/div>\n                                  <\/div>\n                          <\/div>\n            <div class=\"swiper-pagination\"><\/div>\n          <\/div>\n          <div class=\"swiper-prev swiper-nav-btn news-header-swiper-btn\"><\/div>\n          <div class=\"swiper-next swiper-nav-btn news-header-swiper-btn\"><\/div>\n        <\/div>\n      \n      <aside class=\"reference-rebrand-notice reference-rebrand-notice--detail\" aria-label=\"Note concernant le changement de raison sociale\">\n\t<span class=\"reference-rebrand-notice__eyebrow\">Maltech est mateco.<\/span>\n\t<strong class=\"reference-rebrand-notice__title\">Tout reste meilleur.<\/strong>\n<\/aside>\n    <\/div>\n\t\n\t<h1 class=\"text-md-center mt-50\">R\u00e9paration de stores, Zurich<\/h1>\n\n\t    <div class=\"row\">\n      <div class=\"col-md-10 offset-md-1 col-lg-8 offset-lg-2\">\n        <div class=\"rich-text lead mb-60 mb-md-100\">\n            <p>A la route de Giessh\u00fcbelstrasse 62 \u00e0 Zurich &#8211; non loin du Brunaupark, de la Saalsporthalle et du centre commercial Sihlcity &#8211; la soci\u00e9t\u00e9 <a href=\"https:\/\/www.storen.ch\/fr\/\" target=\"_blank\" rel=\"noopener\">Schenker Stores SA<\/a> a pu effectuer des travaux de r\u00e9paration sur les installations de stores.<\/p>\n        <\/div>\n      <\/div>\n    <\/div>\n\t\n\t    <div class=\"row\">\n      <div class=\"col-12 mb-n40 mb-md-n60\">\n                  <div class=\"row mb-40 mb-md-60\">\n            <div class=\"text col-md-10 offset-md-1 col-lg-8 offset-lg-2\">\n\n\t\n\t    <div class=\"rich-text big-space-between\">\n\t\t\t<p>A la route de Giessh\u00fcbelstrasse 62 \u00e0 Zurich &#8211; non loin du Brunaupark, de la Saalsporthalle et du centre commercial Sihlcity &#8211; la soci\u00e9t\u00e9 Schenker Stores SA a pu effectuer des travaux de r\u00e9paration sur les installations de stores. L&rsquo;intervention s&rsquo;est r\u00e9v\u00e9l\u00e9e tout \u00e0 fait passionnante, mais elle n&rsquo;avait  rien d&rsquo;exceptionnel. Depuis toujours, cette soci\u00e9t\u00e9 assiste ses clients en leur offrant non seulement des produits de qualit\u00e9, mais aussi des services complets. Et c&rsquo;est en misant sur la coop\u00e9ration avec mateco, qu&rsquo;elle arrive \u00e0 entretenir et r\u00e9parer efficacement les protections solaires en hauteur.<\/p>\n<p>\u00ab\u00a0Cette intervention \u00e9tait quand m\u00eame un d\u00e9fi en raison de l&#8217;emplacement de l&rsquo;immeuble qui se situe \u00e0 un carrefour tr\u00e8s fr\u00e9quent\u00e9\u00a0\u00bb, se souvient Michael Baschung, chef de projet chez mateco. C&rsquo;est pourquoi l&rsquo;ex\u00e9cution a \u00e9t\u00e9 planifi\u00e9e en collaboration avec des sp\u00e9cialistes du domaine des services du trafic. L&rsquo;organisation et la coordination ont \u00e9t\u00e9 assur\u00e9es par Matthias Rubi, plannificateur chez mateco. \u00ab\u00a0Trois personnes se sont occup\u00e9es du bon fonctionnement du service de circulation et ont veill\u00e9 pendant toute la dur\u00e9e de l&rsquo;intervention \u00e0 ce que la circulation soit fluide et que les embouteillages soient \u00e9vit\u00e9s\u00a0\u00bb, explique-t-il. L&rsquo;\u00e9l\u00e9vateur \u00e0 nacelle sur camion TBE 284 a \u00e9galement permis aux experts de Schenker Stores SA d&rsquo;atteindre des endroits m\u00eame difficilement accessibles. Les r\u00e9parations ont ainsi pu \u00eatre r\u00e9alis\u00e9es rapidement et en toute s\u00e9curit\u00e9.<\/p>\n    <\/div>\n\t\n\t\n<\/div>          <\/div>\n                  <div class=\"row mb-40 mb-md-60\">\n            <div class=\"cta-team col-12\">\n\n  \n  <div class=\"bg-yellow\">\n\t  \t  <div class=\"cta-team d-flex flex-column flex-md-row\">\n      <div class=\"img-wrapper\">\n\t\t  <img width=\"610\" height=\"610\" src=\"https:\/\/www.mateco.ch\/wp-content\/uploads\/2024\/03\/baschung_067_610x610_64_.jpg\" class=\"h-100\" alt=\"\" loading=\"lazy\" decoding=\"async\" srcset=\"https:\/\/www.mateco.ch\/wp-content\/uploads\/2024\/03\/baschung_067_610x610_64_.jpg 610w, https:\/\/www.mateco.ch\/wp-content\/uploads\/2024\/03\/baschung_067_610x610_64_-150x150.jpg 150w, https:\/\/www.mateco.ch\/wp-content\/uploads\/2024\/03\/baschung_067_610x610_64_-300x300.jpg 300w\" sizes=\"auto, (max-width: 610px) 100vw, 610px\" \/>    <\/div>\n  \t<div class=\"content p-20 p-md-40 p-lg-60 yellow d-flex align-items-center flex-fill\">\n    <div>\n\t    <h3 class=\"mb-10\">Chef de projet<\/h3>\n      <div class=\"rich-text\">\n                <p><span class=\"fw-700\">Michael Baschung, <\/span>Chef de projet<\/p>\n      <\/div>\n\t    <div class=\"button-group d-flex flex-column flex-lg-row mt-30\">\n\t<a href=\"mailto:projektleiter-ost@mateco.ch\" target=\"\" title=\"projektleiter-ost@mateco.ch\" class=\"btn btn-bg-mateco_red \" >\n\n  <i class=\"icon-mail\"><\/i>\n      <span class=\"btn-text\">projektleiter-ost@mateco.ch<\/span>\n  \n  \n<\/a>\n<a href=\"tel:0448187062\" target=\"\" title=\"044 818 70 62\" class=\"btn btn-bg-blue \" >\n\n  <i class=\"icon-phone\"><\/i>\n      <span class=\"btn-text\">044 818 70 62<\/span>\n  \n  \n<\/a>\n<\/div>    <\/div>\n\t<\/div>\n<\/div>\n  <\/div>\n<\/div>          <\/div>\n              <\/div>\n    <\/div>\n\t\n<\/div>\n","protected":false},"excerpt":{"rendered":"<p>A la route de Giessh\u00fcbelstrasse 62 \u00e0 Zurich &#8211; non loin du Brunaupark, de la Saalsporthalle et du centre commercial Sihlcity &#8211; la soci\u00e9t\u00e9 Schenker Stores SA a pu effectuer des travaux de r\u00e9paration sur les installations de stores.<\/p>\n","protected":false},"featured_media":4630,"template":"","application_areas_category":[108],"class_list":["post-4637","references","type-references","status-publish","has-post-thumbnail","hentry","application_areas_category-beschattung-und-sonnenschutz-fr"],"acf":[],"yoast_head":"<title>R\u00e9paration de stores, Zurich - mateco AG<\/title>\n<meta name=\"robots\" content=\"index, follow, max-snippet:-1, max-image-preview:large, max-video-preview:-1\" \/>\n<link rel=\"canonical\" href=\"https:\/\/www.mateco.ch\/fr\/societe\/references\/reparation-de-stores-zurich\/\" \/>\n<meta property=\"og:locale\" content=\"fr_FR\" \/>\n<meta property=\"og:type\" content=\"article\" \/>\n<meta property=\"og:title\" content=\"R\u00e9paration de stores, Zurich - mateco AG\" \/>\n<meta property=\"og:description\" content=\"A la route de Giessh\u00fcbelstrasse 62 \u00e0 Zurich - non loin du Brunaupark, de la Saalsporthalle et du centre commercial Sihlcity - la soci\u00e9t\u00e9 Schenker Stores SA a pu effectuer des travaux de r\u00e9paration sur les installations de stores.\" \/>\n<meta property=\"og:url\" content=\"https:\/\/www.mateco.ch\/fr\/societe\/references\/reparation-de-stores-zurich\/\" \/>\n<meta property=\"og:site_name\" content=\"mateco AG\" \/>\n<meta property=\"article:modified_time\" content=\"2025-02-03T08:35:53+00:00\" \/>\n<meta property=\"og:image\" content=\"https:\/\/www.mateco.ch\/wp-content\/uploads\/2024\/03\/bilder_einsatz_1_.jpg\" \/>\n\t<meta property=\"og:image:width\" content=\"1024\" \/>\n\t<meta property=\"og:image:height\" content=\"768\" \/>\n\t<meta property=\"og:image:type\" content=\"image\/jpeg\" \/>\n<meta name=\"twitter:card\" content=\"summary_large_image\" \/>\n<script type=\"application\/ld+json\" class=\"yoast-schema-graph\">{\"@context\":\"https:\\\/\\\/schema.org\",\"@graph\":[{\"@type\":\"WebPage\",\"@id\":\"https:\\\/\\\/www.mateco.ch\\\/fr\\\/societe\\\/references\\\/reparation-de-stores-zurich\\\/\",\"url\":\"https:\\\/\\\/www.mateco.ch\\\/fr\\\/societe\\\/references\\\/reparation-de-stores-zurich\\\/\",\"name\":\"R\u00e9paration de stores, Zurich - mateco AG\",\"isPartOf\":{\"@id\":\"https:\\\/\\\/www.mateco.ch\\\/fr\\\/#website\"},\"primaryImageOfPage\":{\"@id\":\"https:\\\/\\\/www.mateco.ch\\\/fr\\\/societe\\\/references\\\/reparation-de-stores-zurich\\\/#primaryimage\"},\"image\":{\"@id\":\"https:\\\/\\\/www.mateco.ch\\\/fr\\\/societe\\\/references\\\/reparation-de-stores-zurich\\\/#primaryimage\"},\"thumbnailUrl\":\"https:\\\/\\\/www.mateco.ch\\\/wp-content\\\/uploads\\\/2024\\\/03\\\/bilder_einsatz_1_.jpg\",\"datePublished\":\"2024-03-06T16:20:47+00:00\",\"dateModified\":\"2025-02-03T08:35:53+00:00\",\"breadcrumb\":{\"@id\":\"https:\\\/\\\/www.mateco.ch\\\/fr\\\/societe\\\/references\\\/reparation-de-stores-zurich\\\/#breadcrumb\"},\"inLanguage\":\"fr-FR\",\"potentialAction\":[{\"@type\":\"ReadAction\",\"target\":[\"https:\\\/\\\/www.mateco.ch\\\/fr\\\/societe\\\/references\\\/reparation-de-stores-zurich\\\/\"]}]},{\"@type\":\"ImageObject\",\"inLanguage\":\"fr-FR\",\"@id\":\"https:\\\/\\\/www.mateco.ch\\\/fr\\\/societe\\\/references\\\/reparation-de-stores-zurich\\\/#primaryimage\",\"url\":\"https:\\\/\\\/www.mateco.ch\\\/wp-content\\\/uploads\\\/2024\\\/03\\\/bilder_einsatz_1_.jpg\",\"contentUrl\":\"https:\\\/\\\/www.mateco.ch\\\/wp-content\\\/uploads\\\/2024\\\/03\\\/bilder_einsatz_1_.jpg\",\"width\":1024,\"height\":768},{\"@type\":\"BreadcrumbList\",\"@id\":\"https:\\\/\\\/www.mateco.ch\\\/fr\\\/societe\\\/references\\\/reparation-de-stores-zurich\\\/#breadcrumb\",\"itemListElement\":[{\"@type\":\"ListItem\",\"position\":1,\"name\":\"Home\",\"item\":\"https:\\\/\\\/www.mateco.ch\\\/fr\\\/home\\\/\"},{\"@type\":\"ListItem\",\"position\":2,\"name\":\"R\u00e9paration de stores, Zurich\"}]},{\"@type\":\"WebSite\",\"@id\":\"https:\\\/\\\/www.mateco.ch\\\/fr\\\/#website\",\"url\":\"https:\\\/\\\/www.mateco.ch\\\/fr\\\/\",\"name\":\"mateco AG\",\"description\":\"Ihr kompetenter Partner  rund um Arbeitsb\u00fchnen\",\"publisher\":{\"@id\":\"https:\\\/\\\/www.mateco.ch\\\/fr\\\/#organization\"},\"potentialAction\":[{\"@type\":\"SearchAction\",\"target\":{\"@type\":\"EntryPoint\",\"urlTemplate\":\"https:\\\/\\\/www.mateco.ch\\\/fr\\\/?s={search_term_string}\"},\"query-input\":{\"@type\":\"PropertyValueSpecification\",\"valueRequired\":true,\"valueName\":\"search_term_string\"}}],\"inLanguage\":\"fr-FR\"},{\"@type\":\"Organization\",\"@id\":\"https:\\\/\\\/www.mateco.ch\\\/fr\\\/#organization\",\"name\":\"mateco AG\",\"url\":\"https:\\\/\\\/www.mateco.ch\\\/fr\\\/\",\"logo\":{\"@type\":\"ImageObject\",\"inLanguage\":\"fr-FR\",\"@id\":\"https:\\\/\\\/www.mateco.ch\\\/fr\\\/#\\\/schema\\\/logo\\\/image\\\/\",\"url\":\"https:\\\/\\\/www.mateco.ch\\\/wp-content\\\/uploads\\\/2026\\\/07\\\/mateco_logo-scaled.png\",\"contentUrl\":\"https:\\\/\\\/www.mateco.ch\\\/wp-content\\\/uploads\\\/2026\\\/07\\\/mateco_logo-scaled.png\",\"width\":2560,\"height\":653,\"caption\":\"mateco AG\"},\"image\":{\"@id\":\"https:\\\/\\\/www.mateco.ch\\\/fr\\\/#\\\/schema\\\/logo\\\/image\\\/\"}}]}<\/script>","yoast_head_json":{"title":"R\u00e9paration de stores, Zurich - mateco AG","robots":{"index":"index","follow":"follow","max-snippet":"max-snippet:-1","max-image-preview":"max-image-preview:large","max-video-preview":"max-video-preview:-1"},"canonical":"https:\/\/www.mateco.ch\/fr\/societe\/references\/reparation-de-stores-zurich\/","og_locale":"fr_FR","og_type":"article","og_title":"R\u00e9paration de stores, Zurich - mateco AG","og_description":"A la route de Giessh\u00fcbelstrasse 62 \u00e0 Zurich - non loin du Brunaupark, de la Saalsporthalle et du centre commercial Sihlcity - la soci\u00e9t\u00e9 Schenker Stores SA a pu effectuer des travaux de r\u00e9paration sur les installations de stores.","og_url":"https:\/\/www.mateco.ch\/fr\/societe\/references\/reparation-de-stores-zurich\/","og_site_name":"mateco AG","article_modified_time":"2025-02-03T08:35:53+00:00","og_image":[{"width":1024,"height":768,"url":"https:\/\/www.mateco.ch\/wp-content\/uploads\/2024\/03\/bilder_einsatz_1_.jpg","type":"image\/jpeg"}],"twitter_card":"summary_large_image","schema":{"@context":"https:\/\/schema.org","@graph":[{"@type":"WebPage","@id":"https:\/\/www.mateco.ch\/fr\/societe\/references\/reparation-de-stores-zurich\/","url":"https:\/\/www.mateco.ch\/fr\/societe\/references\/reparation-de-stores-zurich\/","name":"R\u00e9paration de stores, Zurich - mateco AG","isPartOf":{"@id":"https:\/\/www.mateco.ch\/fr\/#website"},"primaryImageOfPage":{"@id":"https:\/\/www.mateco.ch\/fr\/societe\/references\/reparation-de-stores-zurich\/#primaryimage"},"image":{"@id":"https:\/\/www.mateco.ch\/fr\/societe\/references\/reparation-de-stores-zurich\/#primaryimage"},"thumbnailUrl":"https:\/\/www.mateco.ch\/wp-content\/uploads\/2024\/03\/bilder_einsatz_1_.jpg","datePublished":"2024-03-06T16:20:47+00:00","dateModified":"2025-02-03T08:35:53+00:00","breadcrumb":{"@id":"https:\/\/www.mateco.ch\/fr\/societe\/references\/reparation-de-stores-zurich\/#breadcrumb"},"inLanguage":"fr-FR","potentialAction":[{"@type":"ReadAction","target":["https:\/\/www.mateco.ch\/fr\/societe\/references\/reparation-de-stores-zurich\/"]}]},{"@type":"ImageObject","inLanguage":"fr-FR","@id":"https:\/\/www.mateco.ch\/fr\/societe\/references\/reparation-de-stores-zurich\/#primaryimage","url":"https:\/\/www.mateco.ch\/wp-content\/uploads\/2024\/03\/bilder_einsatz_1_.jpg","contentUrl":"https:\/\/www.mateco.ch\/wp-content\/uploads\/2024\/03\/bilder_einsatz_1_.jpg","width":1024,"height":768},{"@type":"BreadcrumbList","@id":"https:\/\/www.mateco.ch\/fr\/societe\/references\/reparation-de-stores-zurich\/#breadcrumb","itemListElement":[{"@type":"ListItem","position":1,"name":"Home","item":"https:\/\/www.mateco.ch\/fr\/home\/"},{"@type":"ListItem","position":2,"name":"R\u00e9paration de stores, Zurich"}]},{"@type":"WebSite","@id":"https:\/\/www.mateco.ch\/fr\/#website","url":"https:\/\/www.mateco.ch\/fr\/","name":"mateco AG","description":"Ihr kompetenter Partner  rund um Arbeitsb\u00fchnen","publisher":{"@id":"https:\/\/www.mateco.ch\/fr\/#organization"},"potentialAction":[{"@type":"SearchAction","target":{"@type":"EntryPoint","urlTemplate":"https:\/\/www.mateco.ch\/fr\/?s={search_term_string}"},"query-input":{"@type":"PropertyValueSpecification","valueRequired":true,"valueName":"search_term_string"}}],"inLanguage":"fr-FR"},{"@type":"Organization","@id":"https:\/\/www.mateco.ch\/fr\/#organization","name":"mateco AG","url":"https:\/\/www.mateco.ch\/fr\/","logo":{"@type":"ImageObject","inLanguage":"fr-FR","@id":"https:\/\/www.mateco.ch\/fr\/#\/schema\/logo\/image\/","url":"https:\/\/www.mateco.ch\/wp-content\/uploads\/2026\/07\/mateco_logo-scaled.png","contentUrl":"https:\/\/www.mateco.ch\/wp-content\/uploads\/2026\/07\/mateco_logo-scaled.png","width":2560,"height":653,"caption":"mateco AG"},"image":{"@id":"https:\/\/www.mateco.ch\/fr\/#\/schema\/logo\/image\/"}}]}},"_links":{"self":[{"href":"https:\/\/www.mateco.ch\/fr\/wp-json\/wp\/v2\/references\/4637","targetHints":{"allow":["GET"]}}],"collection":[{"href":"https:\/\/www.mateco.ch\/fr\/wp-json\/wp\/v2\/references"}],"about":[{"href":"https:\/\/www.mateco.ch\/fr\/wp-json\/wp\/v2\/types\/references"}],"version-history":[{"count":3,"href":"https:\/\/www.mateco.ch\/fr\/wp-json\/wp\/v2\/references\/4637\/revisions"}],"predecessor-version":[{"id":11013,"href":"https:\/\/www.mateco.ch\/fr\/wp-json\/wp\/v2\/references\/4637\/revisions\/11013"}],"wp:featuredmedia":[{"embeddable":true,"href":"https:\/\/www.mateco.ch\/fr\/wp-json\/wp\/v2\/media\/4630"}],"wp:attachment":[{"href":"https:\/\/www.mateco.ch\/fr\/wp-json\/wp\/v2\/media?parent=4637"}],"wp:term":[{"taxonomy":"application_areas_category","embeddable":true,"href":"https:\/\/www.mateco.ch\/fr\/wp-json\/wp\/v2\/application_areas_category?post=4637"}],"curies":[{"name":"wp","href":"https:\/\/api.w.org\/{rel}","templated":true}]}}