{"id":4679,"date":"2024-03-08T10:47:18","date_gmt":"2024-03-08T09:47:18","guid":{"rendered":"https:\/\/staging.maltech.ch\/unternehmen\/referenzen\/baumschnitt-basel\/"},"modified":"2026-09-01T08:37:52","modified_gmt":"2026-09-01T06:37:52","slug":"elagage-darbres-bale","status":"publish","type":"references","link":"https:\/\/www.mateco.ch\/fr\/societe\/references\/elagage-darbres-bale\/","title":{"rendered":"\u00c9lagage d&rsquo;arbres, B\u00e2le"},"content":{"rendered":"<div class=\"container global-content-styles\">\n\n\t<div class=\"button-group d-inline-flex mt-0 mb-30\">\n\t<a href=\"\/fr\/societe-2\/references\/\" target=\"\" title=\"Retour aux r\u00e9sultats\" class=\"btn btn-primary btn-bg-mateco_red \" >\n\n  <i class=\"icon-chevron\"><\/i>\n      <span class=\"btn-text\">Retour aux r\u00e9sultats<\/span>\n  \n  \n<\/a>\n<\/div>\n\t    <div class=\"reference-media\">\n              <div class=\"position-relative swiper-maltech-style reference-detail-slider\">\n          <div class=\"swiper news-header-swiper\">\n            <div class=\"swiper-wrapper\">\n                              <div class=\"swiper-slide\">\n                                      <div class=\"img-wrapper\">\n                      \t\t<picture>\n\t\t\t\n\t\t\t<img width=\"768\" height=\"1024\" src=\"https:\/\/www.mateco.ch\/wp-content\/uploads\/2024\/03\/img_1152_1-768x1024.jpg\" class=\"w-full h-auto\" alt=\"\" loading=\"lazy\" decoding=\"async\" srcset=\"https:\/\/www.mateco.ch\/wp-content\/uploads\/2024\/03\/img_1152_1-768x1024.jpg 768w, https:\/\/www.mateco.ch\/wp-content\/uploads\/2024\/03\/img_1152_1-225x300.jpg 225w, https:\/\/www.mateco.ch\/wp-content\/uploads\/2024\/03\/img_1152_1-1152x1536.jpg 1152w, https:\/\/www.mateco.ch\/wp-content\/uploads\/2024\/03\/img_1152_1-1536x2048.jpg 1536w, https:\/\/www.mateco.ch\/wp-content\/uploads\/2024\/03\/img_1152_1-scaled.jpg 1920w\" sizes=\"auto, (max-width: 768px) 100vw, 768px\" \/>\t\t<\/picture>\n\t\t                    <\/div>\n                                  <\/div>\n                              <div class=\"swiper-slide\">\n                                      <div class=\"img-wrapper\">\n                      \t\t<picture>\n\t\t\t\n\t\t\t<img width=\"1024\" height=\"768\" src=\"https:\/\/www.mateco.ch\/wp-content\/uploads\/2024\/03\/img_3283_2-1024x768.jpg\" class=\"w-full h-auto\" alt=\"\" loading=\"lazy\" decoding=\"async\" srcset=\"https:\/\/www.mateco.ch\/wp-content\/uploads\/2024\/03\/img_3283_2-1024x768.jpg 1024w, https:\/\/www.mateco.ch\/wp-content\/uploads\/2024\/03\/img_3283_2-300x225.jpg 300w, https:\/\/www.mateco.ch\/wp-content\/uploads\/2024\/03\/img_3283_2-768x576.jpg 768w, https:\/\/www.mateco.ch\/wp-content\/uploads\/2024\/03\/img_3283_2-1536x1152.jpg 1536w, https:\/\/www.mateco.ch\/wp-content\/uploads\/2024\/03\/img_3283_2-2048x1536.jpg 2048w\" sizes=\"auto, (max-width: 1024px) 100vw, 1024px\" \/>\t\t<\/picture>\n\t\t                    <\/div>\n                                  <\/div>\n                              <div class=\"swiper-slide\">\n                                      <div class=\"img-wrapper\">\n                      \t\t<picture>\n\t\t\t\n\t\t\t<img width=\"768\" height=\"1024\" src=\"https:\/\/www.mateco.ch\/wp-content\/uploads\/2024\/03\/img_1148_1-768x1024.jpg\" class=\"w-full h-auto\" alt=\"\" loading=\"lazy\" decoding=\"async\" srcset=\"https:\/\/www.mateco.ch\/wp-content\/uploads\/2024\/03\/img_1148_1-768x1024.jpg 768w, https:\/\/www.mateco.ch\/wp-content\/uploads\/2024\/03\/img_1148_1-225x300.jpg 225w, https:\/\/www.mateco.ch\/wp-content\/uploads\/2024\/03\/img_1148_1-1152x1536.jpg 1152w, https:\/\/www.mateco.ch\/wp-content\/uploads\/2024\/03\/img_1148_1-1536x2048.jpg 1536w, https:\/\/www.mateco.ch\/wp-content\/uploads\/2024\/03\/img_1148_1-scaled.jpg 1920w\" sizes=\"auto, (max-width: 768px) 100vw, 768px\" \/>\t\t<\/picture>\n\t\t                    <\/div>\n                                  <\/div>\n                              <div class=\"swiper-slide\">\n                                      <div class=\"img-wrapper\">\n                      \t\t<picture>\n\t\t\t\n\t\t\t<img width=\"768\" height=\"1024\" src=\"https:\/\/www.mateco.ch\/wp-content\/uploads\/2024\/03\/img_1155_1-768x1024.jpg\" class=\"w-full h-auto\" alt=\"\" loading=\"lazy\" decoding=\"async\" srcset=\"https:\/\/www.mateco.ch\/wp-content\/uploads\/2024\/03\/img_1155_1-768x1024.jpg 768w, https:\/\/www.mateco.ch\/wp-content\/uploads\/2024\/03\/img_1155_1-225x300.jpg 225w, https:\/\/www.mateco.ch\/wp-content\/uploads\/2024\/03\/img_1155_1-1152x1536.jpg 1152w, https:\/\/www.mateco.ch\/wp-content\/uploads\/2024\/03\/img_1155_1-1536x2048.jpg 1536w, https:\/\/www.mateco.ch\/wp-content\/uploads\/2024\/03\/img_1155_1-scaled.jpg 1920w\" sizes=\"auto, (max-width: 768px) 100vw, 768px\" \/>\t\t<\/picture>\n\t\t                    <\/div>\n                                  <\/div>\n                              <div class=\"swiper-slide\">\n                                      <div class=\"img-wrapper\">\n                      \t\t<picture>\n\t\t\t\n\t\t\t<img width=\"768\" height=\"1024\" src=\"https:\/\/www.mateco.ch\/wp-content\/uploads\/2024\/03\/img_3281_1-768x1024.jpg\" class=\"w-full h-auto\" alt=\"\" loading=\"lazy\" decoding=\"async\" srcset=\"https:\/\/www.mateco.ch\/wp-content\/uploads\/2024\/03\/img_3281_1-768x1024.jpg 768w, https:\/\/www.mateco.ch\/wp-content\/uploads\/2024\/03\/img_3281_1-225x300.jpg 225w, https:\/\/www.mateco.ch\/wp-content\/uploads\/2024\/03\/img_3281_1-1152x1536.jpg 1152w, https:\/\/www.mateco.ch\/wp-content\/uploads\/2024\/03\/img_3281_1-1536x2048.jpg 1536w, https:\/\/www.mateco.ch\/wp-content\/uploads\/2024\/03\/img_3281_1-scaled.jpg 1920w\" sizes=\"auto, (max-width: 768px) 100vw, 768px\" \/>\t\t<\/picture>\n\t\t                    <\/div>\n                                  <\/div>\n                              <div class=\"swiper-slide\">\n                                      <div class=\"img-wrapper\">\n                      \t\t<picture>\n\t\t\t\n\t\t\t<img width=\"1024\" height=\"768\" src=\"https:\/\/www.mateco.ch\/wp-content\/uploads\/2024\/03\/img_e4744_1-1024x768.jpg\" class=\"w-full h-auto\" alt=\"\" loading=\"lazy\" decoding=\"async\" srcset=\"https:\/\/www.mateco.ch\/wp-content\/uploads\/2024\/03\/img_e4744_1-1024x768.jpg 1024w, https:\/\/www.mateco.ch\/wp-content\/uploads\/2024\/03\/img_e4744_1-300x225.jpg 300w, https:\/\/www.mateco.ch\/wp-content\/uploads\/2024\/03\/img_e4744_1-768x576.jpg 768w, https:\/\/www.mateco.ch\/wp-content\/uploads\/2024\/03\/img_e4744_1-1536x1152.jpg 1536w, https:\/\/www.mateco.ch\/wp-content\/uploads\/2024\/03\/img_e4744_1-2048x1536.jpg 2048w\" sizes=\"auto, (max-width: 1024px) 100vw, 1024px\" \/>\t\t<\/picture>\n\t\t                    <\/div>\n                                  <\/div>\n                          <\/div>\n            <div class=\"swiper-pagination\"><\/div>\n          <\/div>\n          <div class=\"swiper-prev swiper-nav-btn news-header-swiper-btn\"><\/div>\n          <div class=\"swiper-next swiper-nav-btn news-header-swiper-btn\"><\/div>\n        <\/div>\n      \n      <aside class=\"reference-rebrand-notice reference-rebrand-notice--detail\" aria-label=\"Note concernant le changement de raison sociale\">\n\t<span class=\"reference-rebrand-notice__eyebrow\">Maltech est mateco.<\/span>\n\t<strong class=\"reference-rebrand-notice__title\">Tout reste meilleur.<\/strong>\n<\/aside>\n    <\/div>\n\t\n\t<h1 class=\"text-md-center mt-50\">\u00c9lagage d&rsquo;arbres, B\u00e2le<\/h1>\n\n\t    <div class=\"row\">\n      <div class=\"col-md-10 offset-md-1 col-lg-8 offset-lg-2\">\n        <div class=\"rich-text lead mb-60 mb-md-100\">\n            <p>\u200bAu d\u00e9but de chaque nouvelle ann\u00e9e, beaucoup de nos \u00e9l\u00e9vateurs \u00e0 nacelle circulent en ville de B\u00e2le. Pourquoi ? La r\u00e9ponse est simple : C&rsquo;est la saison de l&rsquo;\u00e9lagage. Pour relever ce d\u00e9fi exigeant, les jardiniers de la ville de B\u00e2le misent sur mateco. Au total, environ 3&rsquo;500 arbres sont \u00e9lagu\u00e9s chaque ann\u00e9e de janvier \u00e0 f\u00e9vrier. Il s&rsquo;agit principalement d&rsquo;une taille de d\u00e9limitation de la couronne d&rsquo;arbres se trouvant en bordure des routes.<\/p>\n        <\/div>\n      <\/div>\n    <\/div>\n\t\n\t    <div class=\"row\">\n      <div class=\"col-12 mb-n40 mb-md-n60\">\n                  <div class=\"row mb-40 mb-md-60\">\n            <div class=\"text col-md-10 offset-md-1 col-lg-8 offset-lg-2\">\n\n\t\n\t    <div class=\"rich-text big-space-between\">\n\t\t\t<p>Au d\u00e9but de chaque nouvelle ann\u00e9e, beaucoup de nos \u00e9l\u00e9vateurs \u00e0 nacelle circulent en ville de B\u00e2le. Pourquoi ? La r\u00e9ponse est simple : C&rsquo;est la saison de l&rsquo;\u00e9lagage. Pour relever ce d\u00e9fi exigeant, les jardiniers de la ville de B\u00e2le misent sur mateco. Au total, environ 3&rsquo;500 arbres sont \u00e9lagu\u00e9s chaque ann\u00e9e de janvier \u00e0 f\u00e9vrier. Il s&rsquo;agit principalement d&rsquo;une taille de d\u00e9limitation de la couronne d&rsquo;arbres se trouvant en bordure des routes.<\/p>\n<p>Ces travaux de coupe se passent \u00e0 une hauteur de vingt \u00e0 trente m\u00e8tres. \u00ab Nos collaborateurs peuvent aller chercher plusieurs \u00e9l\u00e9vateurs \u00e0 nacelle sur camionnette 3.5 t aux sites de location. Ils les conduisent sur les lieux d&rsquo;intervention et peuvent les commander eux-m\u00eames durant les travaux \u00bb, rel\u00e8ve Simon Leuenberger, responsable du service des espaces verts du canton B\u00e2le ville.<\/p>\n<p>Le travail est efficace, et ceci notamment gr\u00e2ce aux services complets de mateco. \u00ab Si nous recevons un mandat \u00e0 tr\u00e8s court terme et que nous appelons mateco le matin, je peux \u00eatre s\u00fbr \u00e0 100 % que la machine requise se trouvera sur place dans l&rsquo;apr\u00e8s-midi. \u00bb, ajoute Leuenberger.<\/p>\n<p>Souhaitez-vous en savoir plus sur la collaboration entre le services des espaces verts et mateco? Vous trouverez l&rsquo;interview compl\u00e8te avec Simon Leuenberger ici.<\/p>\n    <\/div>\n\t\n\t<div class=\"button-group\">\n\t<a href=\"\/fr\/machines\/\" target=\"\" title=\"\u00e9l\u00e9vateurs \u00e0 nacelle sur camionnette 3.5 t\" class=\"btn primary \" >\n\n  \n      <span class=\"btn-text\">\u00e9l\u00e9vateurs \u00e0 nacelle sur camionnette 3.5 t<\/span>\n  \n  \n<\/a>\n<a href=\"https:\/\/www.mateco.ch\/fr\/societe\/references\/so-sieht-eine-gute-zusammenarbeit-aus\/\" target=\"\" title=\"L'interview compl\u00e8te avec Simon Leuenberger\" class=\"btn primary \" >\n\n  \n      <span class=\"btn-text\">L&rsquo;interview compl\u00e8te avec Simon Leuenberger<\/span>\n  \n  \n<\/a>\n<\/div>\n<\/div>          <\/div>\n                  <div class=\"row mb-40 mb-md-60\">\n            <div class=\"cta-team col-12\">\n\n  \n  <div class=\"bg-transparent\">\n\t  \t  <div class=\"cta-team d-flex flex-column flex-md-row\">\n      <div class=\"img-wrapper\">\n\t\t  <img width=\"610\" height=\"610\" src=\"https:\/\/www.mateco.ch\/wp-content\/uploads\/2024\/11\/Thomas_Schneider_610x610.jpg\" class=\"h-100\" alt=\"\" loading=\"lazy\" decoding=\"async\" srcset=\"https:\/\/www.mateco.ch\/wp-content\/uploads\/2024\/11\/Thomas_Schneider_610x610.jpg 610w, https:\/\/www.mateco.ch\/wp-content\/uploads\/2024\/11\/Thomas_Schneider_610x610-150x150.jpg 150w, https:\/\/www.mateco.ch\/wp-content\/uploads\/2024\/11\/Thomas_Schneider_610x610-300x300.jpg 300w\" sizes=\"auto, (max-width: 610px) 100vw, 610px\" \/>    <\/div>\n  \t<div class=\"content p-20 p-md-40 p-lg-60 transparent d-flex align-items-center flex-fill\">\n    <div>\n\t    <h3 class=\"mb-10\">Chef de projet<\/h3>\n      <div class=\"rich-text\">\n                <p><span class=\"fw-700\">Thomas Schneider, <\/span>Responsable de succursale<\/p>\n      <\/div>\n\t    <div class=\"button-group d-flex flex-column flex-lg-row mt-30\">\n\t<a href=\"mailto:thomas.schneider@mateco.ch\" target=\"\" title=\"thomas.schneider@mateco.ch\" class=\"btn btn-bg-mateco_red \" >\n\n  <i class=\"icon-mail\"><\/i>\n      <span class=\"btn-text\">thomas.schneider@mateco.ch<\/span>\n  \n  \n<\/a>\n<a href=\"tel:0622079070\" target=\"\" title=\"062 207 90 70\" class=\"btn btn-bg-blue \" >\n\n  <i class=\"icon-phone\"><\/i>\n      <span class=\"btn-text\">062 207 90 70<\/span>\n  \n  \n<\/a>\n<\/div>    <\/div>\n\t<\/div>\n<\/div>\n  <\/div>\n<\/div>          <\/div>\n              <\/div>\n    <\/div>\n\t\n<\/div>\n","protected":false},"excerpt":{"rendered":"<p>\u200bAu d\u00e9but de chaque nouvelle ann\u00e9e, beaucoup de nos \u00e9l\u00e9vateurs \u00e0 nacelle circulent en ville de B\u00e2le. Pourquoi ? La r\u00e9ponse est simple : C&rsquo;est la saison de l&rsquo;\u00e9lagage. Pour relever ce d\u00e9fi exigeant, les jardiniers de la ville de B\u00e2le misent sur mateco. Au total, environ 3&rsquo;500 arbres sont \u00e9lagu\u00e9s chaque ann\u00e9e de janvier \u00e0 f\u00e9vrier. Il s&rsquo;agit principalement d&rsquo;une taille de d\u00e9limitation de la couronne d&rsquo;arbres se trouvant en bordure des routes.<\/p>\n","protected":false},"featured_media":4676,"template":"","application_areas_category":[105],"class_list":["post-4679","references","type-references","status-publish","has-post-thumbnail","hentry","application_areas_category-oeffentliche-hand-fr"],"acf":[],"yoast_head":"<title>\u00c9lagage d&#039;arbres, B\u00e2le - mateco AG<\/title>\n<meta name=\"robots\" content=\"index, follow, max-snippet:-1, max-image-preview:large, max-video-preview:-1\" \/>\n<link rel=\"canonical\" href=\"https:\/\/www.mateco.ch\/fr\/societe\/references\/elagage-darbres-bale\/\" \/>\n<meta property=\"og:locale\" content=\"fr_FR\" \/>\n<meta property=\"og:type\" content=\"article\" \/>\n<meta property=\"og:title\" content=\"\u00c9lagage d&#039;arbres, B\u00e2le - mateco AG\" \/>\n<meta property=\"og:description\" content=\"\u200bAu d\u00e9but de chaque nouvelle ann\u00e9e, beaucoup de nos \u00e9l\u00e9vateurs \u00e0 nacelle circulent en ville de B\u00e2le. Pourquoi ? La r\u00e9ponse est simple : C&#039;est la saison de l&#039;\u00e9lagage. Pour relever ce d\u00e9fi exigeant, les jardiniers de la ville de B\u00e2le misent sur mateco. Au total, environ 3&#039;500 arbres sont \u00e9lagu\u00e9s chaque ann\u00e9e de janvier \u00e0 f\u00e9vrier. Il s&#039;agit principalement d&#039;une taille de d\u00e9limitation de la couronne d&#039;arbres se trouvant en bordure des routes.\" \/>\n<meta property=\"og:url\" content=\"https:\/\/www.mateco.ch\/fr\/societe\/references\/elagage-darbres-bale\/\" \/>\n<meta property=\"og:site_name\" content=\"mateco AG\" \/>\n<meta property=\"article:modified_time\" content=\"2026-09-01T06:37:52+00:00\" \/>\n<meta property=\"og:image\" content=\"https:\/\/www.mateco.ch\/wp-content\/uploads\/2024\/03\/img_1152_1-scaled.jpg\" \/>\n\t<meta property=\"og:image:width\" content=\"1920\" \/>\n\t<meta property=\"og:image:height\" content=\"2560\" \/>\n\t<meta property=\"og:image:type\" content=\"image\/jpeg\" \/>\n<meta name=\"twitter:card\" content=\"summary_large_image\" \/>\n<script type=\"application\/ld+json\" class=\"yoast-schema-graph\">{\"@context\":\"https:\\\/\\\/schema.org\",\"@graph\":[{\"@type\":\"WebPage\",\"@id\":\"https:\\\/\\\/www.mateco.ch\\\/fr\\\/societe\\\/references\\\/elagage-darbres-bale\\\/\",\"url\":\"https:\\\/\\\/www.mateco.ch\\\/fr\\\/societe\\\/references\\\/elagage-darbres-bale\\\/\",\"name\":\"\u00c9lagage d'arbres, B\u00e2le - mateco AG\",\"isPartOf\":{\"@id\":\"https:\\\/\\\/www.mateco.ch\\\/fr\\\/#website\"},\"primaryImageOfPage\":{\"@id\":\"https:\\\/\\\/www.mateco.ch\\\/fr\\\/societe\\\/references\\\/elagage-darbres-bale\\\/#primaryimage\"},\"image\":{\"@id\":\"https:\\\/\\\/www.mateco.ch\\\/fr\\\/societe\\\/references\\\/elagage-darbres-bale\\\/#primaryimage\"},\"thumbnailUrl\":\"https:\\\/\\\/www.mateco.ch\\\/wp-content\\\/uploads\\\/2024\\\/03\\\/img_1152_1-scaled.jpg\",\"datePublished\":\"2024-03-08T09:47:18+00:00\",\"dateModified\":\"2026-09-01T06:37:52+00:00\",\"breadcrumb\":{\"@id\":\"https:\\\/\\\/www.mateco.ch\\\/fr\\\/societe\\\/references\\\/elagage-darbres-bale\\\/#breadcrumb\"},\"inLanguage\":\"fr-FR\",\"potentialAction\":[{\"@type\":\"ReadAction\",\"target\":[\"https:\\\/\\\/www.mateco.ch\\\/fr\\\/societe\\\/references\\\/elagage-darbres-bale\\\/\"]}]},{\"@type\":\"ImageObject\",\"inLanguage\":\"fr-FR\",\"@id\":\"https:\\\/\\\/www.mateco.ch\\\/fr\\\/societe\\\/references\\\/elagage-darbres-bale\\\/#primaryimage\",\"url\":\"https:\\\/\\\/www.mateco.ch\\\/wp-content\\\/uploads\\\/2024\\\/03\\\/img_1152_1-scaled.jpg\",\"contentUrl\":\"https:\\\/\\\/www.mateco.ch\\\/wp-content\\\/uploads\\\/2024\\\/03\\\/img_1152_1-scaled.jpg\",\"width\":1920,\"height\":2560},{\"@type\":\"BreadcrumbList\",\"@id\":\"https:\\\/\\\/www.mateco.ch\\\/fr\\\/societe\\\/references\\\/elagage-darbres-bale\\\/#breadcrumb\",\"itemListElement\":[{\"@type\":\"ListItem\",\"position\":1,\"name\":\"Home\",\"item\":\"https:\\\/\\\/www.mateco.ch\\\/fr\\\/home\\\/\"},{\"@type\":\"ListItem\",\"position\":2,\"name\":\"\u00c9lagage d&#8217;arbres, B\u00e2le\"}]},{\"@type\":\"WebSite\",\"@id\":\"https:\\\/\\\/www.mateco.ch\\\/fr\\\/#website\",\"url\":\"https:\\\/\\\/www.mateco.ch\\\/fr\\\/\",\"name\":\"mateco AG\",\"description\":\"Ihr kompetenter Partner  rund um Arbeitsb\u00fchnen\",\"publisher\":{\"@id\":\"https:\\\/\\\/www.mateco.ch\\\/fr\\\/#organization\"},\"potentialAction\":[{\"@type\":\"SearchAction\",\"target\":{\"@type\":\"EntryPoint\",\"urlTemplate\":\"https:\\\/\\\/www.mateco.ch\\\/fr\\\/?s={search_term_string}\"},\"query-input\":{\"@type\":\"PropertyValueSpecification\",\"valueRequired\":true,\"valueName\":\"search_term_string\"}}],\"inLanguage\":\"fr-FR\"},{\"@type\":\"Organization\",\"@id\":\"https:\\\/\\\/www.mateco.ch\\\/fr\\\/#organization\",\"name\":\"mateco AG\",\"url\":\"https:\\\/\\\/www.mateco.ch\\\/fr\\\/\",\"logo\":{\"@type\":\"ImageObject\",\"inLanguage\":\"fr-FR\",\"@id\":\"https:\\\/\\\/www.mateco.ch\\\/fr\\\/#\\\/schema\\\/logo\\\/image\\\/\",\"url\":\"https:\\\/\\\/www.mateco.ch\\\/wp-content\\\/uploads\\\/2026\\\/07\\\/mateco_logo-scaled.png\",\"contentUrl\":\"https:\\\/\\\/www.mateco.ch\\\/wp-content\\\/uploads\\\/2026\\\/07\\\/mateco_logo-scaled.png\",\"width\":2560,\"height\":653,\"caption\":\"mateco AG\"},\"image\":{\"@id\":\"https:\\\/\\\/www.mateco.ch\\\/fr\\\/#\\\/schema\\\/logo\\\/image\\\/\"}}]}<\/script>","yoast_head_json":{"title":"\u00c9lagage d'arbres, B\u00e2le - mateco AG","robots":{"index":"index","follow":"follow","max-snippet":"max-snippet:-1","max-image-preview":"max-image-preview:large","max-video-preview":"max-video-preview:-1"},"canonical":"https:\/\/www.mateco.ch\/fr\/societe\/references\/elagage-darbres-bale\/","og_locale":"fr_FR","og_type":"article","og_title":"\u00c9lagage d'arbres, B\u00e2le - mateco AG","og_description":"\u200bAu d\u00e9but de chaque nouvelle ann\u00e9e, beaucoup de nos \u00e9l\u00e9vateurs \u00e0 nacelle circulent en ville de B\u00e2le. Pourquoi ? La r\u00e9ponse est simple : C'est la saison de l'\u00e9lagage. Pour relever ce d\u00e9fi exigeant, les jardiniers de la ville de B\u00e2le misent sur mateco. Au total, environ 3'500 arbres sont \u00e9lagu\u00e9s chaque ann\u00e9e de janvier \u00e0 f\u00e9vrier. Il s'agit principalement d'une taille de d\u00e9limitation de la couronne d'arbres se trouvant en bordure des routes.","og_url":"https:\/\/www.mateco.ch\/fr\/societe\/references\/elagage-darbres-bale\/","og_site_name":"mateco AG","article_modified_time":"2026-09-01T06:37:52+00:00","og_image":[{"width":1920,"height":2560,"url":"https:\/\/www.mateco.ch\/wp-content\/uploads\/2024\/03\/img_1152_1-scaled.jpg","type":"image\/jpeg"}],"twitter_card":"summary_large_image","schema":{"@context":"https:\/\/schema.org","@graph":[{"@type":"WebPage","@id":"https:\/\/www.mateco.ch\/fr\/societe\/references\/elagage-darbres-bale\/","url":"https:\/\/www.mateco.ch\/fr\/societe\/references\/elagage-darbres-bale\/","name":"\u00c9lagage d'arbres, B\u00e2le - mateco AG","isPartOf":{"@id":"https:\/\/www.mateco.ch\/fr\/#website"},"primaryImageOfPage":{"@id":"https:\/\/www.mateco.ch\/fr\/societe\/references\/elagage-darbres-bale\/#primaryimage"},"image":{"@id":"https:\/\/www.mateco.ch\/fr\/societe\/references\/elagage-darbres-bale\/#primaryimage"},"thumbnailUrl":"https:\/\/www.mateco.ch\/wp-content\/uploads\/2024\/03\/img_1152_1-scaled.jpg","datePublished":"2024-03-08T09:47:18+00:00","dateModified":"2026-09-01T06:37:52+00:00","breadcrumb":{"@id":"https:\/\/www.mateco.ch\/fr\/societe\/references\/elagage-darbres-bale\/#breadcrumb"},"inLanguage":"fr-FR","potentialAction":[{"@type":"ReadAction","target":["https:\/\/www.mateco.ch\/fr\/societe\/references\/elagage-darbres-bale\/"]}]},{"@type":"ImageObject","inLanguage":"fr-FR","@id":"https:\/\/www.mateco.ch\/fr\/societe\/references\/elagage-darbres-bale\/#primaryimage","url":"https:\/\/www.mateco.ch\/wp-content\/uploads\/2024\/03\/img_1152_1-scaled.jpg","contentUrl":"https:\/\/www.mateco.ch\/wp-content\/uploads\/2024\/03\/img_1152_1-scaled.jpg","width":1920,"height":2560},{"@type":"BreadcrumbList","@id":"https:\/\/www.mateco.ch\/fr\/societe\/references\/elagage-darbres-bale\/#breadcrumb","itemListElement":[{"@type":"ListItem","position":1,"name":"Home","item":"https:\/\/www.mateco.ch\/fr\/home\/"},{"@type":"ListItem","position":2,"name":"\u00c9lagage d&#8217;arbres, B\u00e2le"}]},{"@type":"WebSite","@id":"https:\/\/www.mateco.ch\/fr\/#website","url":"https:\/\/www.mateco.ch\/fr\/","name":"mateco AG","description":"Ihr kompetenter Partner  rund um Arbeitsb\u00fchnen","publisher":{"@id":"https:\/\/www.mateco.ch\/fr\/#organization"},"potentialAction":[{"@type":"SearchAction","target":{"@type":"EntryPoint","urlTemplate":"https:\/\/www.mateco.ch\/fr\/?s={search_term_string}"},"query-input":{"@type":"PropertyValueSpecification","valueRequired":true,"valueName":"search_term_string"}}],"inLanguage":"fr-FR"},{"@type":"Organization","@id":"https:\/\/www.mateco.ch\/fr\/#organization","name":"mateco AG","url":"https:\/\/www.mateco.ch\/fr\/","logo":{"@type":"ImageObject","inLanguage":"fr-FR","@id":"https:\/\/www.mateco.ch\/fr\/#\/schema\/logo\/image\/","url":"https:\/\/www.mateco.ch\/wp-content\/uploads\/2026\/07\/mateco_logo-scaled.png","contentUrl":"https:\/\/www.mateco.ch\/wp-content\/uploads\/2026\/07\/mateco_logo-scaled.png","width":2560,"height":653,"caption":"mateco AG"},"image":{"@id":"https:\/\/www.mateco.ch\/fr\/#\/schema\/logo\/image\/"}}]}},"_links":{"self":[{"href":"https:\/\/www.mateco.ch\/fr\/wp-json\/wp\/v2\/references\/4679","targetHints":{"allow":["GET"]}}],"collection":[{"href":"https:\/\/www.mateco.ch\/fr\/wp-json\/wp\/v2\/references"}],"about":[{"href":"https:\/\/www.mateco.ch\/fr\/wp-json\/wp\/v2\/types\/references"}],"version-history":[{"count":3,"href":"https:\/\/www.mateco.ch\/fr\/wp-json\/wp\/v2\/references\/4679\/revisions"}],"predecessor-version":[{"id":15520,"href":"https:\/\/www.mateco.ch\/fr\/wp-json\/wp\/v2\/references\/4679\/revisions\/15520"}],"wp:featuredmedia":[{"embeddable":true,"href":"https:\/\/www.mateco.ch\/fr\/wp-json\/wp\/v2\/media\/4676"}],"wp:attachment":[{"href":"https:\/\/www.mateco.ch\/fr\/wp-json\/wp\/v2\/media?parent=4679"}],"wp:term":[{"taxonomy":"application_areas_category","embeddable":true,"href":"https:\/\/www.mateco.ch\/fr\/wp-json\/wp\/v2\/application_areas_category?post=4679"}],"curies":[{"name":"wp","href":"https:\/\/api.w.org\/{rel}","templated":true}]}}