{"id":4693,"date":"2024-03-08T11:24:42","date_gmt":"2024-03-08T10:24:42","guid":{"rendered":"https:\/\/staging.maltech.ch\/unternehmen\/referenzen\/storenreparatur-inselspital-bern\/"},"modified":"2025-03-20T10:24:03","modified_gmt":"2025-03-20T09:24:03","slug":"reparation-des-stores-de-lhopital-de-lile-de-berne","status":"publish","type":"references","link":"https:\/\/www.mateco.ch\/fr\/societe\/references\/reparation-des-stores-de-lhopital-de-lile-de-berne\/","title":{"rendered":"R\u00e9paration des stores de l&rsquo;h\u00f4pital de l&rsquo;\u00cele de Berne"},"content":{"rendered":"<div class=\"container global-content-styles\">\n\n\t<div class=\"button-group d-inline-flex mt-0 mb-30\">\n\t<a href=\"\/fr\/societe-2\/references\/\" target=\"\" title=\"Retour aux r\u00e9sultats\" class=\"btn btn-primary btn-bg-mateco_red \" >\n\n  <i class=\"icon-chevron\"><\/i>\n      <span class=\"btn-text\">Retour aux r\u00e9sultats<\/span>\n  \n  \n<\/a>\n<\/div>\n\t    <div class=\"reference-media\">\n              <div class=\"position-relative swiper-maltech-style reference-detail-slider\">\n          <div class=\"swiper news-header-swiper\">\n            <div class=\"swiper-wrapper\">\n                              <div class=\"swiper-slide\">\n                                      <div class=\"img-wrapper\">\n                      \t\t<picture>\n\t\t\t\n\t\t\t<img width=\"1024\" height=\"768\" src=\"https:\/\/www.mateco.ch\/wp-content\/uploads\/2024\/03\/22-04_repavit_025_klein.jpg\" class=\"w-full h-auto\" alt=\"\" loading=\"lazy\" decoding=\"async\" srcset=\"https:\/\/www.mateco.ch\/wp-content\/uploads\/2024\/03\/22-04_repavit_025_klein.jpg 1024w, https:\/\/www.mateco.ch\/wp-content\/uploads\/2024\/03\/22-04_repavit_025_klein-300x225.jpg 300w, https:\/\/www.mateco.ch\/wp-content\/uploads\/2024\/03\/22-04_repavit_025_klein-768x576.jpg 768w\" sizes=\"auto, (max-width: 1024px) 100vw, 1024px\" \/>\t\t<\/picture>\n\t\t                    <\/div>\n                                  <\/div>\n                              <div class=\"swiper-slide\">\n                                      <div class=\"img-wrapper\">\n                      \t\t<picture>\n\t\t\t\n\t\t\t<img width=\"1024\" height=\"768\" src=\"https:\/\/www.mateco.ch\/wp-content\/uploads\/2024\/03\/22-04_repavit_091_klein.jpg\" class=\"w-full h-auto\" alt=\"\" loading=\"lazy\" decoding=\"async\" srcset=\"https:\/\/www.mateco.ch\/wp-content\/uploads\/2024\/03\/22-04_repavit_091_klein.jpg 1024w, https:\/\/www.mateco.ch\/wp-content\/uploads\/2024\/03\/22-04_repavit_091_klein-300x225.jpg 300w, https:\/\/www.mateco.ch\/wp-content\/uploads\/2024\/03\/22-04_repavit_091_klein-768x576.jpg 768w\" sizes=\"auto, (max-width: 1024px) 100vw, 1024px\" \/>\t\t<\/picture>\n\t\t                    <\/div>\n                                  <\/div>\n                              <div class=\"swiper-slide\">\n                                      <div class=\"img-wrapper\">\n                      \t\t<picture>\n\t\t\t\n\t\t\t<img width=\"768\" height=\"1024\" src=\"https:\/\/www.mateco.ch\/wp-content\/uploads\/2024\/03\/22-04_repavit_014_klein.jpg\" class=\"w-full h-auto\" alt=\"\" loading=\"lazy\" decoding=\"async\" srcset=\"https:\/\/www.mateco.ch\/wp-content\/uploads\/2024\/03\/22-04_repavit_014_klein.jpg 768w, https:\/\/www.mateco.ch\/wp-content\/uploads\/2024\/03\/22-04_repavit_014_klein-225x300.jpg 225w\" sizes=\"auto, (max-width: 768px) 100vw, 768px\" \/>\t\t<\/picture>\n\t\t                    <\/div>\n                                  <\/div>\n                          <\/div>\n            <div class=\"swiper-pagination\"><\/div>\n          <\/div>\n          <div class=\"swiper-prev swiper-nav-btn news-header-swiper-btn\"><\/div>\n          <div class=\"swiper-next swiper-nav-btn news-header-swiper-btn\"><\/div>\n        <\/div>\n      \n      <aside class=\"reference-rebrand-notice reference-rebrand-notice--detail\" aria-label=\"Note concernant le changement de raison sociale\">\n\t<span class=\"reference-rebrand-notice__eyebrow\">Maltech est mateco.<\/span>\n\t<strong class=\"reference-rebrand-notice__title\">Tout reste meilleur.<\/strong>\n<\/aside>\n    <\/div>\n\t\n\t<h1 class=\"text-md-center mt-50\">R\u00e9paration des stores de l&rsquo;h\u00f4pital de l&rsquo;\u00cele de Berne<\/h1>\n\n\t    <div class=\"row\">\n      <div class=\"col-md-10 offset-md-1 col-lg-8 offset-lg-2\">\n        <div class=\"rich-text lead mb-60 mb-md-100\">\n            <p>Quand il fait chaud, nous avons toujours besoin de profiter d&rsquo;un peu d&rsquo;ombre &#8211; notre client <a href=\"https:\/\/www.repavit.ch\/\" target=\"_blank\" rel=\"noopener\">Repavit<\/a> s&rsquo;en est charg\u00e9.<\/p>\n        <\/div>\n      <\/div>\n    <\/div>\n\t\n\t    <div class=\"row\">\n      <div class=\"col-12 mb-n40 mb-md-n60\">\n                  <div class=\"row mb-40 mb-md-60\">\n            <div class=\"text col-md-10 offset-md-1 col-lg-8 offset-lg-2\">\n\n\t\n\t    <div class=\"rich-text big-space-between\">\n\t\t\t<p>Quand il fait chaud, nous avons toujours besoin de profiter d&rsquo;un peu d&rsquo;ombre &#8211; notre client Repavit s&rsquo;en est charg\u00e9. La commande consistait \u00e0 effectuer des travaux de r\u00e9paration aux stores de cet h\u00f4pital. Pour cela, Repavit Storen + Service AG a mis\u00e9 sur la collaboration avec mateco afin de pouvoir r\u00e9parer efficacement les stores en hauteur.<\/p>\n<p>Mais tr\u00e8s vite, il s&rsquo;est av\u00e9r\u00e9 que la mission n&rsquo;\u00e9tait pas d\u00e9pourvue de difficult\u00e9s. Sur place, l&rsquo;unique possibilit\u00e9 de positionner la machine choisie &#8211; un \u00e9l\u00e9vateur \u00e0 nacelle sur camion du mod\u00e8le S 50 XDTJ &#8211; se situait sur la voie d&rsquo;acc\u00e8s aux urgences ! Il a fallu s&rsquo;assurer que les ambulances puissent arriver et repartir sans retards et en toute s\u00e9curit\u00e9. Une fois cette s\u00e9curit\u00e9 assur\u00e9, gr\u00e2ce au service de circulation, l&rsquo;\u00e9l\u00e9vateur \u00e0 nacelle a pu transporter les experts de Repavit sur leur place de travail, \u00e0 des hauteurs vertigineuses. Nos deux chefs de projet, Salvatore Di Franco et Marco Steiner ont veill\u00e9 \u00e0 ce que ce soit une mission r\u00e9ussie.<\/p>\n    <\/div>\n\t\n\t\n<\/div>          <\/div>\n                  <div class=\"row mb-40 mb-md-60\">\n            <div class=\"cta-team col-12\">\n\n  \n  <div class=\"bg-yellow\">\n\t  \t  <div class=\"cta-team d-flex flex-column flex-md-row\">\n      <div class=\"img-wrapper\">\n\t\t  <img width=\"610\" height=\"610\" src=\"https:\/\/www.mateco.ch\/wp-content\/uploads\/2023\/10\/tobias-leibundgut-610x610-1.jpg\" class=\"h-100\" alt=\"\" loading=\"lazy\" decoding=\"async\" srcset=\"https:\/\/www.mateco.ch\/wp-content\/uploads\/2023\/10\/tobias-leibundgut-610x610-1.jpg 610w, https:\/\/www.mateco.ch\/wp-content\/uploads\/2023\/10\/tobias-leibundgut-610x610-1-150x150.jpg 150w, https:\/\/www.mateco.ch\/wp-content\/uploads\/2023\/10\/tobias-leibundgut-610x610-1-300x300.jpg 300w\" sizes=\"auto, (max-width: 610px) 100vw, 610px\" \/>    <\/div>\n  \t<div class=\"content p-20 p-md-40 p-lg-60 yellow d-flex align-items-center flex-fill\">\n    <div>\n\t    <h3 class=\"mb-10\">Chef de projet<\/h3>\n      <div class=\"rich-text\">\n                <p><span class=\"fw-700\">Tobias Leibundgut, <\/span>Responsable des ateliers et de l&rsquo;infrastructure<\/p>\n      <\/div>\n\t    <div class=\"button-group d-flex flex-column flex-lg-row mt-30\">\n\t<a href=\"mailto:tobias.leibundgut@mateco.ch\" target=\"\" title=\"tobias.leibundgut@mateco.ch\" class=\"btn btn-bg-mateco_red \" >\n\n  <i class=\"icon-mail\"><\/i>\n      <span class=\"btn-text\">tobias.leibundgut@mateco.ch<\/span>\n  \n  \n<\/a>\n<a href=\"tel:0316884011\" target=\"\" title=\"031 688 40 11\" class=\"btn btn-bg-blue \" >\n\n  <i class=\"icon-phone\"><\/i>\n      <span class=\"btn-text\">031 688 40 11<\/span>\n  \n  \n<\/a>\n<\/div>    <\/div>\n\t<\/div>\n<\/div>\n  <\/div>\n<\/div>          <\/div>\n              <\/div>\n    <\/div>\n\t\n<\/div>\n","protected":false},"excerpt":{"rendered":"<p>Ein bisschen Schatten muss immer sein \u2013 f\u00fcr diesen sorgte unser Kunde Repavit am Inselspital in Bern.<\/p>\n","protected":false},"featured_media":4688,"template":"","application_areas_category":[108],"class_list":["post-4693","references","type-references","status-publish","has-post-thumbnail","hentry","application_areas_category-beschattung-und-sonnenschutz-fr"],"acf":[],"yoast_head":"<title>R\u00e9paration des stores de l&#039;h\u00f4pital de l&#039;\u00cele de Berne - mateco AG<\/title>\n<meta name=\"robots\" content=\"index, follow, max-snippet:-1, max-image-preview:large, max-video-preview:-1\" \/>\n<link rel=\"canonical\" href=\"https:\/\/www.mateco.ch\/fr\/societe\/references\/reparation-des-stores-de-lhopital-de-lile-de-berne\/\" \/>\n<meta property=\"og:locale\" content=\"fr_FR\" \/>\n<meta property=\"og:type\" content=\"article\" \/>\n<meta property=\"og:title\" content=\"R\u00e9paration des stores de l&#039;h\u00f4pital de l&#039;\u00cele de Berne - mateco AG\" \/>\n<meta property=\"og:description\" content=\"Ein bisschen Schatten muss immer sein \u2013 f\u00fcr diesen sorgte unser Kunde Repavit am Inselspital in Bern.\" \/>\n<meta property=\"og:url\" content=\"https:\/\/www.mateco.ch\/fr\/societe\/references\/reparation-des-stores-de-lhopital-de-lile-de-berne\/\" \/>\n<meta property=\"og:site_name\" content=\"mateco AG\" \/>\n<meta property=\"article:modified_time\" content=\"2025-03-20T09:24:03+00:00\" \/>\n<meta property=\"og:image\" content=\"https:\/\/www.mateco.ch\/wp-content\/uploads\/2024\/03\/22-04_repavit_025_klein.jpg\" \/>\n\t<meta property=\"og:image:width\" content=\"1024\" \/>\n\t<meta property=\"og:image:height\" content=\"768\" \/>\n\t<meta property=\"og:image:type\" content=\"image\/jpeg\" \/>\n<meta name=\"twitter:card\" content=\"summary_large_image\" \/>\n<script type=\"application\/ld+json\" class=\"yoast-schema-graph\">{\"@context\":\"https:\\\/\\\/schema.org\",\"@graph\":[{\"@type\":\"WebPage\",\"@id\":\"https:\\\/\\\/www.mateco.ch\\\/fr\\\/societe\\\/references\\\/reparation-des-stores-de-lhopital-de-lile-de-berne\\\/\",\"url\":\"https:\\\/\\\/www.mateco.ch\\\/fr\\\/societe\\\/references\\\/reparation-des-stores-de-lhopital-de-lile-de-berne\\\/\",\"name\":\"R\u00e9paration des stores de l'h\u00f4pital de l'\u00cele de Berne - mateco AG\",\"isPartOf\":{\"@id\":\"https:\\\/\\\/www.mateco.ch\\\/fr\\\/#website\"},\"primaryImageOfPage\":{\"@id\":\"https:\\\/\\\/www.mateco.ch\\\/fr\\\/societe\\\/references\\\/reparation-des-stores-de-lhopital-de-lile-de-berne\\\/#primaryimage\"},\"image\":{\"@id\":\"https:\\\/\\\/www.mateco.ch\\\/fr\\\/societe\\\/references\\\/reparation-des-stores-de-lhopital-de-lile-de-berne\\\/#primaryimage\"},\"thumbnailUrl\":\"https:\\\/\\\/www.mateco.ch\\\/wp-content\\\/uploads\\\/2024\\\/03\\\/22-04_repavit_025_klein.jpg\",\"datePublished\":\"2024-03-08T10:24:42+00:00\",\"dateModified\":\"2025-03-20T09:24:03+00:00\",\"breadcrumb\":{\"@id\":\"https:\\\/\\\/www.mateco.ch\\\/fr\\\/societe\\\/references\\\/reparation-des-stores-de-lhopital-de-lile-de-berne\\\/#breadcrumb\"},\"inLanguage\":\"fr-FR\",\"potentialAction\":[{\"@type\":\"ReadAction\",\"target\":[\"https:\\\/\\\/www.mateco.ch\\\/fr\\\/societe\\\/references\\\/reparation-des-stores-de-lhopital-de-lile-de-berne\\\/\"]}]},{\"@type\":\"ImageObject\",\"inLanguage\":\"fr-FR\",\"@id\":\"https:\\\/\\\/www.mateco.ch\\\/fr\\\/societe\\\/references\\\/reparation-des-stores-de-lhopital-de-lile-de-berne\\\/#primaryimage\",\"url\":\"https:\\\/\\\/www.mateco.ch\\\/wp-content\\\/uploads\\\/2024\\\/03\\\/22-04_repavit_025_klein.jpg\",\"contentUrl\":\"https:\\\/\\\/www.mateco.ch\\\/wp-content\\\/uploads\\\/2024\\\/03\\\/22-04_repavit_025_klein.jpg\",\"width\":1024,\"height\":768},{\"@type\":\"BreadcrumbList\",\"@id\":\"https:\\\/\\\/www.mateco.ch\\\/fr\\\/societe\\\/references\\\/reparation-des-stores-de-lhopital-de-lile-de-berne\\\/#breadcrumb\",\"itemListElement\":[{\"@type\":\"ListItem\",\"position\":1,\"name\":\"Home\",\"item\":\"https:\\\/\\\/www.mateco.ch\\\/fr\\\/home\\\/\"},{\"@type\":\"ListItem\",\"position\":2,\"name\":\"R\u00e9paration des stores de l&#8217;h\u00f4pital de l&#8217;\u00cele de Berne\"}]},{\"@type\":\"WebSite\",\"@id\":\"https:\\\/\\\/www.mateco.ch\\\/fr\\\/#website\",\"url\":\"https:\\\/\\\/www.mateco.ch\\\/fr\\\/\",\"name\":\"mateco AG\",\"description\":\"Ihr kompetenter Partner  rund um Arbeitsb\u00fchnen\",\"publisher\":{\"@id\":\"https:\\\/\\\/www.mateco.ch\\\/fr\\\/#organization\"},\"potentialAction\":[{\"@type\":\"SearchAction\",\"target\":{\"@type\":\"EntryPoint\",\"urlTemplate\":\"https:\\\/\\\/www.mateco.ch\\\/fr\\\/?s={search_term_string}\"},\"query-input\":{\"@type\":\"PropertyValueSpecification\",\"valueRequired\":true,\"valueName\":\"search_term_string\"}}],\"inLanguage\":\"fr-FR\"},{\"@type\":\"Organization\",\"@id\":\"https:\\\/\\\/www.mateco.ch\\\/fr\\\/#organization\",\"name\":\"mateco AG\",\"url\":\"https:\\\/\\\/www.mateco.ch\\\/fr\\\/\",\"logo\":{\"@type\":\"ImageObject\",\"inLanguage\":\"fr-FR\",\"@id\":\"https:\\\/\\\/www.mateco.ch\\\/fr\\\/#\\\/schema\\\/logo\\\/image\\\/\",\"url\":\"https:\\\/\\\/www.mateco.ch\\\/wp-content\\\/uploads\\\/2026\\\/07\\\/mateco_logo-scaled.png\",\"contentUrl\":\"https:\\\/\\\/www.mateco.ch\\\/wp-content\\\/uploads\\\/2026\\\/07\\\/mateco_logo-scaled.png\",\"width\":2560,\"height\":653,\"caption\":\"mateco AG\"},\"image\":{\"@id\":\"https:\\\/\\\/www.mateco.ch\\\/fr\\\/#\\\/schema\\\/logo\\\/image\\\/\"}}]}<\/script>","yoast_head_json":{"title":"R\u00e9paration des stores de l'h\u00f4pital de l'\u00cele de Berne - mateco AG","robots":{"index":"index","follow":"follow","max-snippet":"max-snippet:-1","max-image-preview":"max-image-preview:large","max-video-preview":"max-video-preview:-1"},"canonical":"https:\/\/www.mateco.ch\/fr\/societe\/references\/reparation-des-stores-de-lhopital-de-lile-de-berne\/","og_locale":"fr_FR","og_type":"article","og_title":"R\u00e9paration des stores de l'h\u00f4pital de l'\u00cele de Berne - mateco AG","og_description":"Ein bisschen Schatten muss immer sein \u2013 f\u00fcr diesen sorgte unser Kunde Repavit am Inselspital in Bern.","og_url":"https:\/\/www.mateco.ch\/fr\/societe\/references\/reparation-des-stores-de-lhopital-de-lile-de-berne\/","og_site_name":"mateco AG","article_modified_time":"2025-03-20T09:24:03+00:00","og_image":[{"width":1024,"height":768,"url":"https:\/\/www.mateco.ch\/wp-content\/uploads\/2024\/03\/22-04_repavit_025_klein.jpg","type":"image\/jpeg"}],"twitter_card":"summary_large_image","schema":{"@context":"https:\/\/schema.org","@graph":[{"@type":"WebPage","@id":"https:\/\/www.mateco.ch\/fr\/societe\/references\/reparation-des-stores-de-lhopital-de-lile-de-berne\/","url":"https:\/\/www.mateco.ch\/fr\/societe\/references\/reparation-des-stores-de-lhopital-de-lile-de-berne\/","name":"R\u00e9paration des stores de l'h\u00f4pital de l'\u00cele de Berne - mateco AG","isPartOf":{"@id":"https:\/\/www.mateco.ch\/fr\/#website"},"primaryImageOfPage":{"@id":"https:\/\/www.mateco.ch\/fr\/societe\/references\/reparation-des-stores-de-lhopital-de-lile-de-berne\/#primaryimage"},"image":{"@id":"https:\/\/www.mateco.ch\/fr\/societe\/references\/reparation-des-stores-de-lhopital-de-lile-de-berne\/#primaryimage"},"thumbnailUrl":"https:\/\/www.mateco.ch\/wp-content\/uploads\/2024\/03\/22-04_repavit_025_klein.jpg","datePublished":"2024-03-08T10:24:42+00:00","dateModified":"2025-03-20T09:24:03+00:00","breadcrumb":{"@id":"https:\/\/www.mateco.ch\/fr\/societe\/references\/reparation-des-stores-de-lhopital-de-lile-de-berne\/#breadcrumb"},"inLanguage":"fr-FR","potentialAction":[{"@type":"ReadAction","target":["https:\/\/www.mateco.ch\/fr\/societe\/references\/reparation-des-stores-de-lhopital-de-lile-de-berne\/"]}]},{"@type":"ImageObject","inLanguage":"fr-FR","@id":"https:\/\/www.mateco.ch\/fr\/societe\/references\/reparation-des-stores-de-lhopital-de-lile-de-berne\/#primaryimage","url":"https:\/\/www.mateco.ch\/wp-content\/uploads\/2024\/03\/22-04_repavit_025_klein.jpg","contentUrl":"https:\/\/www.mateco.ch\/wp-content\/uploads\/2024\/03\/22-04_repavit_025_klein.jpg","width":1024,"height":768},{"@type":"BreadcrumbList","@id":"https:\/\/www.mateco.ch\/fr\/societe\/references\/reparation-des-stores-de-lhopital-de-lile-de-berne\/#breadcrumb","itemListElement":[{"@type":"ListItem","position":1,"name":"Home","item":"https:\/\/www.mateco.ch\/fr\/home\/"},{"@type":"ListItem","position":2,"name":"R\u00e9paration des stores de l&#8217;h\u00f4pital de l&#8217;\u00cele de Berne"}]},{"@type":"WebSite","@id":"https:\/\/www.mateco.ch\/fr\/#website","url":"https:\/\/www.mateco.ch\/fr\/","name":"mateco AG","description":"Ihr kompetenter Partner  rund um Arbeitsb\u00fchnen","publisher":{"@id":"https:\/\/www.mateco.ch\/fr\/#organization"},"potentialAction":[{"@type":"SearchAction","target":{"@type":"EntryPoint","urlTemplate":"https:\/\/www.mateco.ch\/fr\/?s={search_term_string}"},"query-input":{"@type":"PropertyValueSpecification","valueRequired":true,"valueName":"search_term_string"}}],"inLanguage":"fr-FR"},{"@type":"Organization","@id":"https:\/\/www.mateco.ch\/fr\/#organization","name":"mateco AG","url":"https:\/\/www.mateco.ch\/fr\/","logo":{"@type":"ImageObject","inLanguage":"fr-FR","@id":"https:\/\/www.mateco.ch\/fr\/#\/schema\/logo\/image\/","url":"https:\/\/www.mateco.ch\/wp-content\/uploads\/2026\/07\/mateco_logo-scaled.png","contentUrl":"https:\/\/www.mateco.ch\/wp-content\/uploads\/2026\/07\/mateco_logo-scaled.png","width":2560,"height":653,"caption":"mateco AG"},"image":{"@id":"https:\/\/www.mateco.ch\/fr\/#\/schema\/logo\/image\/"}}]}},"_links":{"self":[{"href":"https:\/\/www.mateco.ch\/fr\/wp-json\/wp\/v2\/references\/4693","targetHints":{"allow":["GET"]}}],"collection":[{"href":"https:\/\/www.mateco.ch\/fr\/wp-json\/wp\/v2\/references"}],"about":[{"href":"https:\/\/www.mateco.ch\/fr\/wp-json\/wp\/v2\/types\/references"}],"version-history":[{"count":4,"href":"https:\/\/www.mateco.ch\/fr\/wp-json\/wp\/v2\/references\/4693\/revisions"}],"predecessor-version":[{"id":11296,"href":"https:\/\/www.mateco.ch\/fr\/wp-json\/wp\/v2\/references\/4693\/revisions\/11296"}],"wp:featuredmedia":[{"embeddable":true,"href":"https:\/\/www.mateco.ch\/fr\/wp-json\/wp\/v2\/media\/4688"}],"wp:attachment":[{"href":"https:\/\/www.mateco.ch\/fr\/wp-json\/wp\/v2\/media?parent=4693"}],"wp:term":[{"taxonomy":"application_areas_category","embeddable":true,"href":"https:\/\/www.mateco.ch\/fr\/wp-json\/wp\/v2\/application_areas_category?post=4693"}],"curies":[{"name":"wp","href":"https:\/\/api.w.org\/{rel}","templated":true}]}}