{"id":4715,"date":"2024-03-08T11:36:10","date_gmt":"2024-03-08T10:36:10","guid":{"rendered":"https:\/\/staging.maltech.ch\/unternehmen\/referenzen\/weihnachtsbeleuchtung-lucy-zuerich-2\/"},"modified":"2026-09-01T08:22:43","modified_gmt":"2026-09-01T06:22:43","slug":"illuminations-de-noel-zurich","status":"publish","type":"references","link":"https:\/\/www.mateco.ch\/fr\/societe\/references\/illuminations-de-noel-zurich\/","title":{"rendered":"Illuminations de No\u00ebl, Zurich"},"content":{"rendered":"<div class=\"container global-content-styles\">\n\n\t<div class=\"button-group d-inline-flex mt-0 mb-30\">\n\t<a href=\"\/fr\/societe-2\/references\/\" target=\"\" title=\"Retour aux r\u00e9sultats\" class=\"btn btn-primary btn-bg-mateco_red \" >\n\n  <i class=\"icon-chevron\"><\/i>\n      <span class=\"btn-text\">Retour aux r\u00e9sultats<\/span>\n  \n  \n<\/a>\n<\/div>\n\t    <div class=\"reference-media\">\n              <div class=\"img-wrapper one-image\">\n\t\t\t\t\t\t<picture>\n\t\t\t\n\t\t\t<img width=\"1024\" height=\"683\" src=\"https:\/\/www.mateco.ch\/wp-content\/uploads\/2024\/03\/lucy_headerbild_2_dsc09985-1-1024x683.jpg\" class=\"w-full h-auto\" alt=\"\" loading=\"lazy\" decoding=\"async\" srcset=\"https:\/\/www.mateco.ch\/wp-content\/uploads\/2024\/03\/lucy_headerbild_2_dsc09985-1-1024x683.jpg 1024w, https:\/\/www.mateco.ch\/wp-content\/uploads\/2024\/03\/lucy_headerbild_2_dsc09985-1-300x200.jpg 300w, https:\/\/www.mateco.ch\/wp-content\/uploads\/2024\/03\/lucy_headerbild_2_dsc09985-1-768x512.jpg 768w, https:\/\/www.mateco.ch\/wp-content\/uploads\/2024\/03\/lucy_headerbild_2_dsc09985-1-1536x1025.jpg 1536w, https:\/\/www.mateco.ch\/wp-content\/uploads\/2024\/03\/lucy_headerbild_2_dsc09985-1-2048x1366.jpg 2048w\" sizes=\"auto, (max-width: 1024px) 100vw, 1024px\" \/>\t\t<\/picture>\n\t\t        <\/div>\n      \n      <aside class=\"reference-rebrand-notice reference-rebrand-notice--detail\" aria-label=\"Note concernant le changement de raison sociale\">\n\t<span class=\"reference-rebrand-notice__eyebrow\">Maltech est mateco.<\/span>\n\t<strong class=\"reference-rebrand-notice__title\">Tout reste meilleur.<\/strong>\n<\/aside>\n    <\/div>\n\t\n\t<h1 class=\"text-md-center mt-50\">Illuminations de No\u00ebl, Zurich<\/h1>\n\n\t    <div class=\"row\">\n      <div class=\"col-md-10 offset-md-1 col-lg-8 offset-lg-2\">\n        <div class=\"rich-text lead mb-60 mb-md-100\">\n            <p>Lorsque <a href=\"https:\/\/kuma-evt.ch\/fr\/actualites\" target=\"_blank\" rel=\"noopener\">Kummler+Matter EVT SA<\/a> accroche les illuminations de No\u00ebl de la Bahnhofstrasse \u00e0 Zurich, des appareils de mateco sont \u00e9galement utilis\u00e9s.<\/p>\n        <\/div>\n      <\/div>\n    <\/div>\n\t\n\t    <div class=\"row\">\n      <div class=\"col-12 mb-n40 mb-md-n60\">\n                  <div class=\"row mb-40 mb-md-60\">\n            <div class=\"text col-md-10 offset-md-1 col-lg-8 offset-lg-2\">\n\n\t<h2 >Chiffres et faits en un coup d&rsquo;\u0153il<\/h2>\n\n\t    <div class=\"rich-text big-space-between\">\n\t\t\t<ul>\n<li>deux \u00e9l\u00e9vateurs \u00e0 nacelle sur camionnette <a href=\"https:\/\/www.mateco.ch\/geraete\/tb-270\/\">3,5 t TB 270<\/a> de mateco sont intervenus en amont<\/li>\n<li>6 \u00e0 8 personnes ont travaill\u00e9 de nuit sur 5 \u00e0 6 \u00e9l\u00e9vateurs \u00e0 nacelle durant 4 semaines<\/li>\n<li>1&rsquo;600 m\u00e8tres de c\u00e2ble \u00e9lectrique ont \u00e9t\u00e9 pos\u00e9s<\/li>\n<li>23&rsquo;000 LED font briller 11&rsquo;500 cristaux<\/li>\n<li>Les illuminations de No\u00ebl ont brill\u00e9es ont pendant 450 heures. 30% de moins cette ann\u00e9e que les ann\u00e9es pr\u00e9c\u00e9dentes \u2013 dans le cadre des restrictions \u00e9nerg\u00e9tiques<\/li>\n<li>1&rsquo;400 \u00e0 1&rsquo;500 kWh ont \u00e9t\u00e9 consomm\u00e9s pendant la dur\u00e9e de fonctionnement pour une puissance de raccordement d\u2019environ 3 kW. Pour une dur\u00e9e de fonctionnement identique, cela correspond \u00e0 peu pr\u00e8s \u00e0 la consommation d\u2019un four<\/li>\n<\/ul>\n    <\/div>\n\t\n\t\n<\/div>          <\/div>\n                  <div class=\"row mb-40 mb-md-60\">\n            <div class=\"text col-md-10 offset-md-1 col-lg-8 offset-lg-2\">\n\n\t\n\t    <div class=\"rich-text big-space-between\">\n\t\t\t<p>Lorsque Kummler+Matter EVT SA accroche les illuminations de No\u00ebl de la Bahnhofstrasse \u00e0 Zurich, des appareils de mateco sont \u00e9galement utilis\u00e9s. Les \u00e9l\u00e9vateurs \u00e0 nacelle sur camionnette 3,5 t TB 270 sont particuli\u00e8rement appr\u00e9ci\u00e9s, notamment en raison de leur compacit\u00e9 et de leur agilit\u00e9. Ces caract\u00e9ristiques permettent \u00e0 l&rsquo;\u00e9quipe de travailler efficacement dans un espace restreint. Le chef de projet Heinz Brandenberger appr\u00e9cie beaucoup la collaboration avec mateco : \u00abPour le projet \u00ab Lucy \u00bb, nous avons commenc\u00e9 \u00e0 travailler avec les \u00e9l\u00e9vateurs \u00e0 nacelle de mateco seulement d\u00e9s 2022, et tout s\u2019est pass\u00e9 merveilleusement bien\u00bb. Il a \u00e9galement pu compter sur la flotte de mateco \u00e0 d&rsquo;autres occasions : \u00abPour moi, le plus grand temps fort est toujours l\u2019utilisation de la plateforme qui monte \u00e0 70 m\u00e8tres. C&rsquo;est impressionnant, surtout lors de l\u2019entretien de l\u2019\u00e9clairage du stade du Letzigrund, mais aussi pour diverses autres interventions partout en Suisse\u00bb, ajoute Heinz Brandenberger.<\/p>\n    <\/div>\n\t\n\t<div class=\"button-group\">\n\t<a href=\"\/\" target=\"\" title=\"D\u00e9couvrez plus d'informations sur cette mission dans l'interview avec Heinz Brandenberger\" class=\"btn primary \" >\n\n  \n      <span class=\"btn-text\">D\u00e9couvrez plus d&rsquo;informations sur cette mission dans l&rsquo;interview avec Heinz Brandenberger<\/span>\n  \n  \n<\/a>\n<\/div>\n<\/div>          <\/div>\n                  <div class=\"row mb-40 mb-md-60\">\n            <div class=\"cta-team col-12\">\n\n  \n  <div class=\"bg-transparent\">\n\t  \t  <div class=\"cta-team d-flex flex-column flex-md-row\">\n      <div class=\"img-wrapper\">\n\t\t  <img width=\"610\" height=\"610\" src=\"https:\/\/www.mateco.ch\/wp-content\/uploads\/2024\/03\/zwinggi_610x610.jpg\" class=\"h-100\" alt=\"\" loading=\"lazy\" decoding=\"async\" srcset=\"https:\/\/www.mateco.ch\/wp-content\/uploads\/2024\/03\/zwinggi_610x610.jpg 610w, https:\/\/www.mateco.ch\/wp-content\/uploads\/2024\/03\/zwinggi_610x610-150x150.jpg 150w, https:\/\/www.mateco.ch\/wp-content\/uploads\/2024\/03\/zwinggi_610x610-300x300.jpg 300w\" sizes=\"auto, (max-width: 610px) 100vw, 610px\" \/>    <\/div>\n  \t<div class=\"content p-20 p-md-40 p-lg-60 transparent d-flex align-items-center flex-fill\">\n    <div>\n\t    <h3 class=\"mb-10\">Projektleiter<\/h3>\n      <div class=\"rich-text\">\n                <p><span class=\"fw-700\">Gregor Zwinggi, <\/span>Responsable Suisse al\u00e9manique<\/p>\n      <\/div>\n\t    <div class=\"button-group d-flex flex-column flex-lg-row mt-30\">\n\t<a href=\"mailto:\" target=\"\" title=\"\" class=\"btn btn-bg-mateco_red \" >\n\n  <i class=\"icon-mail\"><\/i>\n  \n  \n<\/a>\n<a href=\"tel:0448187050\" target=\"\" title=\"044 818 70 50\" class=\"btn btn-bg-blue \" >\n\n  <i class=\"icon-phone\"><\/i>\n      <span class=\"btn-text\">044 818 70 50<\/span>\n  \n  \n<\/a>\n<\/div>    <\/div>\n\t<\/div>\n<\/div>\n  <\/div>\n<\/div>          <\/div>\n              <\/div>\n    <\/div>\n\t\n<\/div>\n","protected":false},"excerpt":{"rendered":"<p>Lorsque Kummler+Matter EVT SA accroche les illuminations de No\u00ebl de la Bahnhofstrasse \u00e0 Zurich, des appareils de mateco sont \u00e9galement utilis\u00e9s. <\/p>\n","protected":false},"featured_media":4713,"template":"","application_areas_category":[105],"class_list":["post-4715","references","type-references","status-publish","has-post-thumbnail","hentry","application_areas_category-oeffentliche-hand-fr"],"acf":[],"yoast_head":"<title>Illuminations de No\u00ebl, Zurich - mateco AG<\/title>\n<meta name=\"robots\" content=\"index, follow, max-snippet:-1, max-image-preview:large, max-video-preview:-1\" \/>\n<link rel=\"canonical\" href=\"https:\/\/www.mateco.ch\/fr\/societe\/references\/illuminations-de-noel-zurich\/\" \/>\n<meta property=\"og:locale\" content=\"fr_FR\" \/>\n<meta property=\"og:type\" content=\"article\" \/>\n<meta property=\"og:title\" content=\"Illuminations de No\u00ebl, Zurich - mateco AG\" \/>\n<meta property=\"og:description\" content=\"Lorsque Kummler+Matter EVT SA accroche les illuminations de No\u00ebl de la Bahnhofstrasse \u00e0 Zurich, des appareils de mateco sont \u00e9galement utilis\u00e9s.\" \/>\n<meta property=\"og:url\" content=\"https:\/\/www.mateco.ch\/fr\/societe\/references\/illuminations-de-noel-zurich\/\" \/>\n<meta property=\"og:site_name\" content=\"mateco AG\" \/>\n<meta property=\"article:modified_time\" content=\"2026-09-01T06:22:43+00:00\" \/>\n<meta property=\"og:image\" content=\"https:\/\/www.mateco.ch\/wp-content\/uploads\/2024\/03\/lucy_headerbild_2_dsc09985-1-scaled.jpg\" \/>\n\t<meta property=\"og:image:width\" content=\"2560\" \/>\n\t<meta property=\"og:image:height\" content=\"1708\" \/>\n\t<meta property=\"og:image:type\" content=\"image\/jpeg\" \/>\n<meta name=\"twitter:card\" content=\"summary_large_image\" \/>\n<script type=\"application\/ld+json\" class=\"yoast-schema-graph\">{\"@context\":\"https:\\\/\\\/schema.org\",\"@graph\":[{\"@type\":\"WebPage\",\"@id\":\"https:\\\/\\\/www.mateco.ch\\\/fr\\\/societe\\\/references\\\/illuminations-de-noel-zurich\\\/\",\"url\":\"https:\\\/\\\/www.mateco.ch\\\/fr\\\/societe\\\/references\\\/illuminations-de-noel-zurich\\\/\",\"name\":\"Illuminations de No\u00ebl, Zurich - mateco AG\",\"isPartOf\":{\"@id\":\"https:\\\/\\\/www.mateco.ch\\\/fr\\\/#website\"},\"primaryImageOfPage\":{\"@id\":\"https:\\\/\\\/www.mateco.ch\\\/fr\\\/societe\\\/references\\\/illuminations-de-noel-zurich\\\/#primaryimage\"},\"image\":{\"@id\":\"https:\\\/\\\/www.mateco.ch\\\/fr\\\/societe\\\/references\\\/illuminations-de-noel-zurich\\\/#primaryimage\"},\"thumbnailUrl\":\"https:\\\/\\\/www.mateco.ch\\\/wp-content\\\/uploads\\\/2024\\\/03\\\/lucy_headerbild_2_dsc09985-1-scaled.jpg\",\"datePublished\":\"2024-03-08T10:36:10+00:00\",\"dateModified\":\"2026-09-01T06:22:43+00:00\",\"breadcrumb\":{\"@id\":\"https:\\\/\\\/www.mateco.ch\\\/fr\\\/societe\\\/references\\\/illuminations-de-noel-zurich\\\/#breadcrumb\"},\"inLanguage\":\"fr-FR\",\"potentialAction\":[{\"@type\":\"ReadAction\",\"target\":[\"https:\\\/\\\/www.mateco.ch\\\/fr\\\/societe\\\/references\\\/illuminations-de-noel-zurich\\\/\"]}]},{\"@type\":\"ImageObject\",\"inLanguage\":\"fr-FR\",\"@id\":\"https:\\\/\\\/www.mateco.ch\\\/fr\\\/societe\\\/references\\\/illuminations-de-noel-zurich\\\/#primaryimage\",\"url\":\"https:\\\/\\\/www.mateco.ch\\\/wp-content\\\/uploads\\\/2024\\\/03\\\/lucy_headerbild_2_dsc09985-1-scaled.jpg\",\"contentUrl\":\"https:\\\/\\\/www.mateco.ch\\\/wp-content\\\/uploads\\\/2024\\\/03\\\/lucy_headerbild_2_dsc09985-1-scaled.jpg\",\"width\":2560,\"height\":1708},{\"@type\":\"BreadcrumbList\",\"@id\":\"https:\\\/\\\/www.mateco.ch\\\/fr\\\/societe\\\/references\\\/illuminations-de-noel-zurich\\\/#breadcrumb\",\"itemListElement\":[{\"@type\":\"ListItem\",\"position\":1,\"name\":\"Home\",\"item\":\"https:\\\/\\\/www.mateco.ch\\\/fr\\\/home\\\/\"},{\"@type\":\"ListItem\",\"position\":2,\"name\":\"Illuminations de No\u00ebl, Zurich\"}]},{\"@type\":\"WebSite\",\"@id\":\"https:\\\/\\\/www.mateco.ch\\\/fr\\\/#website\",\"url\":\"https:\\\/\\\/www.mateco.ch\\\/fr\\\/\",\"name\":\"mateco AG\",\"description\":\"Ihr kompetenter Partner  rund um Arbeitsb\u00fchnen\",\"publisher\":{\"@id\":\"https:\\\/\\\/www.mateco.ch\\\/fr\\\/#organization\"},\"potentialAction\":[{\"@type\":\"SearchAction\",\"target\":{\"@type\":\"EntryPoint\",\"urlTemplate\":\"https:\\\/\\\/www.mateco.ch\\\/fr\\\/?s={search_term_string}\"},\"query-input\":{\"@type\":\"PropertyValueSpecification\",\"valueRequired\":true,\"valueName\":\"search_term_string\"}}],\"inLanguage\":\"fr-FR\"},{\"@type\":\"Organization\",\"@id\":\"https:\\\/\\\/www.mateco.ch\\\/fr\\\/#organization\",\"name\":\"mateco AG\",\"url\":\"https:\\\/\\\/www.mateco.ch\\\/fr\\\/\",\"logo\":{\"@type\":\"ImageObject\",\"inLanguage\":\"fr-FR\",\"@id\":\"https:\\\/\\\/www.mateco.ch\\\/fr\\\/#\\\/schema\\\/logo\\\/image\\\/\",\"url\":\"https:\\\/\\\/www.mateco.ch\\\/wp-content\\\/uploads\\\/2026\\\/07\\\/mateco_logo-scaled.png\",\"contentUrl\":\"https:\\\/\\\/www.mateco.ch\\\/wp-content\\\/uploads\\\/2026\\\/07\\\/mateco_logo-scaled.png\",\"width\":2560,\"height\":653,\"caption\":\"mateco AG\"},\"image\":{\"@id\":\"https:\\\/\\\/www.mateco.ch\\\/fr\\\/#\\\/schema\\\/logo\\\/image\\\/\"}}]}<\/script>","yoast_head_json":{"title":"Illuminations de No\u00ebl, Zurich - mateco AG","robots":{"index":"index","follow":"follow","max-snippet":"max-snippet:-1","max-image-preview":"max-image-preview:large","max-video-preview":"max-video-preview:-1"},"canonical":"https:\/\/www.mateco.ch\/fr\/societe\/references\/illuminations-de-noel-zurich\/","og_locale":"fr_FR","og_type":"article","og_title":"Illuminations de No\u00ebl, Zurich - mateco AG","og_description":"Lorsque Kummler+Matter EVT SA accroche les illuminations de No\u00ebl de la Bahnhofstrasse \u00e0 Zurich, des appareils de mateco sont \u00e9galement utilis\u00e9s.","og_url":"https:\/\/www.mateco.ch\/fr\/societe\/references\/illuminations-de-noel-zurich\/","og_site_name":"mateco AG","article_modified_time":"2026-09-01T06:22:43+00:00","og_image":[{"width":2560,"height":1708,"url":"https:\/\/www.mateco.ch\/wp-content\/uploads\/2024\/03\/lucy_headerbild_2_dsc09985-1-scaled.jpg","type":"image\/jpeg"}],"twitter_card":"summary_large_image","schema":{"@context":"https:\/\/schema.org","@graph":[{"@type":"WebPage","@id":"https:\/\/www.mateco.ch\/fr\/societe\/references\/illuminations-de-noel-zurich\/","url":"https:\/\/www.mateco.ch\/fr\/societe\/references\/illuminations-de-noel-zurich\/","name":"Illuminations de No\u00ebl, Zurich - mateco AG","isPartOf":{"@id":"https:\/\/www.mateco.ch\/fr\/#website"},"primaryImageOfPage":{"@id":"https:\/\/www.mateco.ch\/fr\/societe\/references\/illuminations-de-noel-zurich\/#primaryimage"},"image":{"@id":"https:\/\/www.mateco.ch\/fr\/societe\/references\/illuminations-de-noel-zurich\/#primaryimage"},"thumbnailUrl":"https:\/\/www.mateco.ch\/wp-content\/uploads\/2024\/03\/lucy_headerbild_2_dsc09985-1-scaled.jpg","datePublished":"2024-03-08T10:36:10+00:00","dateModified":"2026-09-01T06:22:43+00:00","breadcrumb":{"@id":"https:\/\/www.mateco.ch\/fr\/societe\/references\/illuminations-de-noel-zurich\/#breadcrumb"},"inLanguage":"fr-FR","potentialAction":[{"@type":"ReadAction","target":["https:\/\/www.mateco.ch\/fr\/societe\/references\/illuminations-de-noel-zurich\/"]}]},{"@type":"ImageObject","inLanguage":"fr-FR","@id":"https:\/\/www.mateco.ch\/fr\/societe\/references\/illuminations-de-noel-zurich\/#primaryimage","url":"https:\/\/www.mateco.ch\/wp-content\/uploads\/2024\/03\/lucy_headerbild_2_dsc09985-1-scaled.jpg","contentUrl":"https:\/\/www.mateco.ch\/wp-content\/uploads\/2024\/03\/lucy_headerbild_2_dsc09985-1-scaled.jpg","width":2560,"height":1708},{"@type":"BreadcrumbList","@id":"https:\/\/www.mateco.ch\/fr\/societe\/references\/illuminations-de-noel-zurich\/#breadcrumb","itemListElement":[{"@type":"ListItem","position":1,"name":"Home","item":"https:\/\/www.mateco.ch\/fr\/home\/"},{"@type":"ListItem","position":2,"name":"Illuminations de No\u00ebl, Zurich"}]},{"@type":"WebSite","@id":"https:\/\/www.mateco.ch\/fr\/#website","url":"https:\/\/www.mateco.ch\/fr\/","name":"mateco AG","description":"Ihr kompetenter Partner  rund um Arbeitsb\u00fchnen","publisher":{"@id":"https:\/\/www.mateco.ch\/fr\/#organization"},"potentialAction":[{"@type":"SearchAction","target":{"@type":"EntryPoint","urlTemplate":"https:\/\/www.mateco.ch\/fr\/?s={search_term_string}"},"query-input":{"@type":"PropertyValueSpecification","valueRequired":true,"valueName":"search_term_string"}}],"inLanguage":"fr-FR"},{"@type":"Organization","@id":"https:\/\/www.mateco.ch\/fr\/#organization","name":"mateco AG","url":"https:\/\/www.mateco.ch\/fr\/","logo":{"@type":"ImageObject","inLanguage":"fr-FR","@id":"https:\/\/www.mateco.ch\/fr\/#\/schema\/logo\/image\/","url":"https:\/\/www.mateco.ch\/wp-content\/uploads\/2026\/07\/mateco_logo-scaled.png","contentUrl":"https:\/\/www.mateco.ch\/wp-content\/uploads\/2026\/07\/mateco_logo-scaled.png","width":2560,"height":653,"caption":"mateco AG"},"image":{"@id":"https:\/\/www.mateco.ch\/fr\/#\/schema\/logo\/image\/"}}]}},"_links":{"self":[{"href":"https:\/\/www.mateco.ch\/fr\/wp-json\/wp\/v2\/references\/4715","targetHints":{"allow":["GET"]}}],"collection":[{"href":"https:\/\/www.mateco.ch\/fr\/wp-json\/wp\/v2\/references"}],"about":[{"href":"https:\/\/www.mateco.ch\/fr\/wp-json\/wp\/v2\/types\/references"}],"version-history":[{"count":4,"href":"https:\/\/www.mateco.ch\/fr\/wp-json\/wp\/v2\/references\/4715\/revisions"}],"predecessor-version":[{"id":15517,"href":"https:\/\/www.mateco.ch\/fr\/wp-json\/wp\/v2\/references\/4715\/revisions\/15517"}],"wp:featuredmedia":[{"embeddable":true,"href":"https:\/\/www.mateco.ch\/fr\/wp-json\/wp\/v2\/media\/4713"}],"wp:attachment":[{"href":"https:\/\/www.mateco.ch\/fr\/wp-json\/wp\/v2\/media?parent=4715"}],"wp:term":[{"taxonomy":"application_areas_category","embeddable":true,"href":"https:\/\/www.mateco.ch\/fr\/wp-json\/wp\/v2\/application_areas_category?post=4715"}],"curies":[{"name":"wp","href":"https:\/\/api.w.org\/{rel}","templated":true}]}}