{"id":4722,"date":"2024-03-08T11:43:30","date_gmt":"2024-03-08T10:43:30","guid":{"rendered":"https:\/\/staging.maltech.ch\/unternehmen\/referenzen\/schulung-arbeitssicherheit-eit-zuerich\/"},"modified":"2025-02-03T09:11:44","modified_gmt":"2025-02-03T08:11:44","slug":"ormation-securite-au-travail-eitzuerich","status":"publish","type":"references","link":"https:\/\/www.mateco.ch\/fr\/societe\/references\/ormation-securite-au-travail-eitzuerich\/","title":{"rendered":"Formation s\u00e9curit\u00e9 au travail, EIT.z\u00fcrich"},"content":{"rendered":"<div class=\"container global-content-styles\">\n\n\t<div class=\"button-group d-inline-flex mt-0 mb-30\">\n\t<a href=\"\/fr\/societe-2\/references\/\" target=\"\" title=\"Retour aux r\u00e9sultats\" class=\"btn btn-primary btn-bg-mateco_red \" >\n\n  <i class=\"icon-chevron\"><\/i>\n      <span class=\"btn-text\">Retour aux r\u00e9sultats<\/span>\n  \n  \n<\/a>\n<\/div>\n\t    <div class=\"reference-media\">\n              <div class=\"img-wrapper one-image\">\n\t\t\t\t\t\t<picture>\n\t\t\t\n\t\t\t<img width=\"1024\" height=\"768\" src=\"https:\/\/www.mateco.ch\/wp-content\/uploads\/2024\/03\/img_0587-1024x768.jpg\" class=\"w-full h-auto\" alt=\"\" loading=\"lazy\" decoding=\"async\" srcset=\"https:\/\/www.mateco.ch\/wp-content\/uploads\/2024\/03\/img_0587-1024x768.jpg 1024w, https:\/\/www.mateco.ch\/wp-content\/uploads\/2024\/03\/img_0587-300x225.jpg 300w, https:\/\/www.mateco.ch\/wp-content\/uploads\/2024\/03\/img_0587-768x576.jpg 768w, https:\/\/www.mateco.ch\/wp-content\/uploads\/2024\/03\/img_0587-1536x1152.jpg 1536w, https:\/\/www.mateco.ch\/wp-content\/uploads\/2024\/03\/img_0587-2048x1536.jpg 2048w\" sizes=\"auto, (max-width: 1024px) 100vw, 1024px\" \/>\t\t<\/picture>\n\t\t        <\/div>\n      \n      <aside class=\"reference-rebrand-notice reference-rebrand-notice--detail\" aria-label=\"Note concernant le changement de raison sociale\">\n\t<span class=\"reference-rebrand-notice__eyebrow\">Maltech est mateco.<\/span>\n\t<strong class=\"reference-rebrand-notice__title\">Tout reste meilleur.<\/strong>\n<\/aside>\n    <\/div>\n\t\n\t<h1 class=\"text-md-center mt-50\">Formation s\u00e9curit\u00e9 au travail, EIT.z\u00fcrich<\/h1>\n\n\t    <div class=\"row\">\n      <div class=\"col-md-10 offset-md-1 col-lg-8 offset-lg-2\">\n        <div class=\"rich-text lead mb-60 mb-md-100\">\n            <p>mateco a pour ambition de proposer une formation pratique dans le domaine des \u00e9l\u00e9vateurs \u00e0 nacelle. C\u2019est pourquoi nous avons d\u00e9velopp\u00e9, en collaboration avec <a href=\"https:\/\/www.xn--eitzrich-95a.ch\/\" target=\"_blank\" rel=\"noopener\">EIT.z\u00fcrich<\/a>, une offre de formations qui met en avant la s\u00e9curit\u00e9 du travail en hauteur.<\/p>\n        <\/div>\n      <\/div>\n    <\/div>\n\t\n\t    <div class=\"row\">\n      <div class=\"col-12 mb-n40 mb-md-n60\">\n                  <div class=\"row mb-40 mb-md-60\">\n            <div class=\"text col-md-10 offset-md-1 col-lg-8 offset-lg-2\">\n\n\t<h2 >Chiffres et faits en un coup d&rsquo;\u0153il<\/h2>\n\n\t    <div class=\"rich-text big-space-between\">\n\t\t\t<ul>\n<li>0 cours annuels \u00e0 l&rsquo;<a href=\"https:\/\/ebz.ch\/\" target=\"_blank\" rel=\"noopener\">EBZ<\/a><\/li>\n<li>10 experts en formation mateco en mission<\/li>\n<li>480 apprentis de la branche XYZ participent chaque ann\u00e9e aux cours<\/li>\n<li>560 heures de cours de formation par an<\/li>\n<\/ul>\n    <\/div>\n\t\n\t\n<\/div>          <\/div>\n                  <div class=\"row mb-40 mb-md-60\">\n            <div class=\"text col-md-10 offset-md-1 col-lg-8 offset-lg-2\">\n\n\t\n\t    <div class=\"rich-text big-space-between\">\n\t\t\t<p>\u00ab Je suis un homme de terrain \u2013 et la pratique est pour moi pr\u00e9pond\u00e9rante \u00bb, d\u00e9clare sans d\u00e9tour Oliver Hurni, responsable de la formation chez mateco. Le savoir-faire de nos sp\u00e9cialistes exp\u00e9riment\u00e9s tels qu\u2019Oliver nous est d&rsquo;une aide pr\u00e9cieuse quand il s&rsquo;agit de comprendre les priorit\u00e9s dans le travail sur le terrain et d&rsquo;\u00e9laborer les formations appropri\u00e9es. En effet, une gestion saine des dangers est garante de s\u00e9curit\u00e9.<\/p>\n<p>Cette coop\u00e9ration a donn\u00e9 naissance \u00e0 une formation compl\u00e9mentaire dont les contenus sont int\u00e9gr\u00e9s dans la formation initiale des m\u00e9tiers d&rsquo;installateur\/trice-\u00e9lectricien\/ne CFC et d&rsquo;\u00e9lectricien\/ne de montage CFC dans le cadre des cours interentreprises. Le lieu de formation est toujours le centre de formation \u00e9lectrique (EBZ) \u00e0 Effretikon.<\/p>\n<p>L\u2019EBZ met les infrastructures \u00e0 disposition tandis que mateco fournit les \u00e9l\u00e9vateurs \u00e0 nacelle et les formateurs. Pour les apprentis, la convocation se fait automatiquement par l&rsquo;EBZ.<\/p>\n<p>Mais la formation est \u00e9galement accessible aux membres d\u2019EIT.z\u00fcrich et aux autres personnes int\u00e9ress\u00e9es qui peuvent s&rsquo;inscrire directement \u00e0 l\u2019EBZ. \u00ab Ainsi, nous garantissons que tout le monde sait travailler en hauteur de mani\u00e8re s\u00fbre et efficace \u00bb, d\u00e9clare Oliver Hurni.<\/p>\n    <\/div>\n\t\n\t<div class=\"button-group\">\n\t<a href=\"\/\" target=\"\" title=\"En savoir plus sur le cours \u00e0 l'EBZ et l'EIT\" class=\"btn primary btn-bg-darkBlue\" >\n\n  \n      <span class=\"btn-text\">En savoir plus sur le cours \u00e0 l&rsquo;EBZ et l&rsquo;EIT<\/span>\n  \n  \n<\/a>\n<a href=\"\/\" target=\"\" title=\"En savoir plus sur l'offre de formation mateco\" class=\"btn primary btn-bg-darkBlue\" >\n\n  \n      <span class=\"btn-text\">En savoir plus sur l&rsquo;offre de formation mateco<\/span>\n  \n  \n<\/a>\n<\/div>\n<\/div>          <\/div>\n              <\/div>\n    <\/div>\n\t\n<\/div>\n","protected":false},"excerpt":{"rendered":"<p>mateco a pour ambition de proposer une formation pratique dans le domaine des \u00e9l\u00e9vateurs \u00e0 nacelle. C\u2019est pourquoi nous avons d\u00e9velopp\u00e9, en collaboration avec EIT.z\u00fcrich, une offre de formations qui met en avant la s\u00e9curit\u00e9 du travail en hauteur.<\/p>\n","protected":false},"featured_media":4720,"template":"","application_areas_category":[],"class_list":["post-4722","references","type-references","status-publish","has-post-thumbnail","hentry"],"acf":[],"yoast_head":"<title>Formation s\u00e9curit\u00e9 au travail, EIT.z\u00fcrich - mateco AG<\/title>\n<meta name=\"robots\" content=\"index, follow, max-snippet:-1, max-image-preview:large, max-video-preview:-1\" \/>\n<link rel=\"canonical\" href=\"https:\/\/www.mateco.ch\/fr\/societe\/references\/ormation-securite-au-travail-eitzuerich\/\" \/>\n<meta property=\"og:locale\" content=\"fr_FR\" \/>\n<meta property=\"og:type\" content=\"article\" \/>\n<meta property=\"og:title\" content=\"Formation s\u00e9curit\u00e9 au travail, EIT.z\u00fcrich - mateco AG\" \/>\n<meta property=\"og:description\" content=\"mateco a pour ambition de proposer une formation pratique dans le domaine des \u00e9l\u00e9vateurs \u00e0 nacelle. C\u2019est pourquoi nous avons d\u00e9velopp\u00e9, en collaboration avec EIT.z\u00fcrich, une offre de formations qui met en avant la s\u00e9curit\u00e9 du travail en hauteur.\" \/>\n<meta property=\"og:url\" content=\"https:\/\/www.mateco.ch\/fr\/societe\/references\/ormation-securite-au-travail-eitzuerich\/\" \/>\n<meta property=\"og:site_name\" content=\"mateco AG\" \/>\n<meta property=\"article:modified_time\" content=\"2025-02-03T08:11:44+00:00\" \/>\n<meta property=\"og:image\" content=\"https:\/\/www.mateco.ch\/wp-content\/uploads\/2024\/03\/img_0587-scaled.jpg\" \/>\n\t<meta property=\"og:image:width\" content=\"2560\" \/>\n\t<meta property=\"og:image:height\" content=\"1920\" \/>\n\t<meta property=\"og:image:type\" content=\"image\/jpeg\" \/>\n<meta name=\"twitter:card\" content=\"summary_large_image\" \/>\n<script type=\"application\/ld+json\" class=\"yoast-schema-graph\">{\"@context\":\"https:\\\/\\\/schema.org\",\"@graph\":[{\"@type\":\"WebPage\",\"@id\":\"https:\\\/\\\/www.mateco.ch\\\/fr\\\/societe\\\/references\\\/ormation-securite-au-travail-eitzuerich\\\/\",\"url\":\"https:\\\/\\\/www.mateco.ch\\\/fr\\\/societe\\\/references\\\/ormation-securite-au-travail-eitzuerich\\\/\",\"name\":\"Formation s\u00e9curit\u00e9 au travail, EIT.z\u00fcrich - mateco AG\",\"isPartOf\":{\"@id\":\"https:\\\/\\\/www.mateco.ch\\\/fr\\\/#website\"},\"primaryImageOfPage\":{\"@id\":\"https:\\\/\\\/www.mateco.ch\\\/fr\\\/societe\\\/references\\\/ormation-securite-au-travail-eitzuerich\\\/#primaryimage\"},\"image\":{\"@id\":\"https:\\\/\\\/www.mateco.ch\\\/fr\\\/societe\\\/references\\\/ormation-securite-au-travail-eitzuerich\\\/#primaryimage\"},\"thumbnailUrl\":\"https:\\\/\\\/www.mateco.ch\\\/wp-content\\\/uploads\\\/2024\\\/03\\\/img_0587-scaled.jpg\",\"datePublished\":\"2024-03-08T10:43:30+00:00\",\"dateModified\":\"2025-02-03T08:11:44+00:00\",\"breadcrumb\":{\"@id\":\"https:\\\/\\\/www.mateco.ch\\\/fr\\\/societe\\\/references\\\/ormation-securite-au-travail-eitzuerich\\\/#breadcrumb\"},\"inLanguage\":\"fr-FR\",\"potentialAction\":[{\"@type\":\"ReadAction\",\"target\":[\"https:\\\/\\\/www.mateco.ch\\\/fr\\\/societe\\\/references\\\/ormation-securite-au-travail-eitzuerich\\\/\"]}]},{\"@type\":\"ImageObject\",\"inLanguage\":\"fr-FR\",\"@id\":\"https:\\\/\\\/www.mateco.ch\\\/fr\\\/societe\\\/references\\\/ormation-securite-au-travail-eitzuerich\\\/#primaryimage\",\"url\":\"https:\\\/\\\/www.mateco.ch\\\/wp-content\\\/uploads\\\/2024\\\/03\\\/img_0587-scaled.jpg\",\"contentUrl\":\"https:\\\/\\\/www.mateco.ch\\\/wp-content\\\/uploads\\\/2024\\\/03\\\/img_0587-scaled.jpg\",\"width\":2560,\"height\":1920},{\"@type\":\"BreadcrumbList\",\"@id\":\"https:\\\/\\\/www.mateco.ch\\\/fr\\\/societe\\\/references\\\/ormation-securite-au-travail-eitzuerich\\\/#breadcrumb\",\"itemListElement\":[{\"@type\":\"ListItem\",\"position\":1,\"name\":\"Home\",\"item\":\"https:\\\/\\\/www.mateco.ch\\\/fr\\\/home\\\/\"},{\"@type\":\"ListItem\",\"position\":2,\"name\":\"Formation s\u00e9curit\u00e9 au travail, EIT.z\u00fcrich\"}]},{\"@type\":\"WebSite\",\"@id\":\"https:\\\/\\\/www.mateco.ch\\\/fr\\\/#website\",\"url\":\"https:\\\/\\\/www.mateco.ch\\\/fr\\\/\",\"name\":\"mateco AG\",\"description\":\"Ihr kompetenter Partner  rund um Arbeitsb\u00fchnen\",\"publisher\":{\"@id\":\"https:\\\/\\\/www.mateco.ch\\\/fr\\\/#organization\"},\"potentialAction\":[{\"@type\":\"SearchAction\",\"target\":{\"@type\":\"EntryPoint\",\"urlTemplate\":\"https:\\\/\\\/www.mateco.ch\\\/fr\\\/?s={search_term_string}\"},\"query-input\":{\"@type\":\"PropertyValueSpecification\",\"valueRequired\":true,\"valueName\":\"search_term_string\"}}],\"inLanguage\":\"fr-FR\"},{\"@type\":\"Organization\",\"@id\":\"https:\\\/\\\/www.mateco.ch\\\/fr\\\/#organization\",\"name\":\"mateco AG\",\"url\":\"https:\\\/\\\/www.mateco.ch\\\/fr\\\/\",\"logo\":{\"@type\":\"ImageObject\",\"inLanguage\":\"fr-FR\",\"@id\":\"https:\\\/\\\/www.mateco.ch\\\/fr\\\/#\\\/schema\\\/logo\\\/image\\\/\",\"url\":\"https:\\\/\\\/www.mateco.ch\\\/wp-content\\\/uploads\\\/2026\\\/07\\\/mateco_logo-scaled.png\",\"contentUrl\":\"https:\\\/\\\/www.mateco.ch\\\/wp-content\\\/uploads\\\/2026\\\/07\\\/mateco_logo-scaled.png\",\"width\":2560,\"height\":653,\"caption\":\"mateco AG\"},\"image\":{\"@id\":\"https:\\\/\\\/www.mateco.ch\\\/fr\\\/#\\\/schema\\\/logo\\\/image\\\/\"}}]}<\/script>","yoast_head_json":{"title":"Formation s\u00e9curit\u00e9 au travail, EIT.z\u00fcrich - mateco AG","robots":{"index":"index","follow":"follow","max-snippet":"max-snippet:-1","max-image-preview":"max-image-preview:large","max-video-preview":"max-video-preview:-1"},"canonical":"https:\/\/www.mateco.ch\/fr\/societe\/references\/ormation-securite-au-travail-eitzuerich\/","og_locale":"fr_FR","og_type":"article","og_title":"Formation s\u00e9curit\u00e9 au travail, EIT.z\u00fcrich - mateco AG","og_description":"mateco a pour ambition de proposer une formation pratique dans le domaine des \u00e9l\u00e9vateurs \u00e0 nacelle. C\u2019est pourquoi nous avons d\u00e9velopp\u00e9, en collaboration avec EIT.z\u00fcrich, une offre de formations qui met en avant la s\u00e9curit\u00e9 du travail en hauteur.","og_url":"https:\/\/www.mateco.ch\/fr\/societe\/references\/ormation-securite-au-travail-eitzuerich\/","og_site_name":"mateco AG","article_modified_time":"2025-02-03T08:11:44+00:00","og_image":[{"width":2560,"height":1920,"url":"https:\/\/www.mateco.ch\/wp-content\/uploads\/2024\/03\/img_0587-scaled.jpg","type":"image\/jpeg"}],"twitter_card":"summary_large_image","schema":{"@context":"https:\/\/schema.org","@graph":[{"@type":"WebPage","@id":"https:\/\/www.mateco.ch\/fr\/societe\/references\/ormation-securite-au-travail-eitzuerich\/","url":"https:\/\/www.mateco.ch\/fr\/societe\/references\/ormation-securite-au-travail-eitzuerich\/","name":"Formation s\u00e9curit\u00e9 au travail, EIT.z\u00fcrich - mateco AG","isPartOf":{"@id":"https:\/\/www.mateco.ch\/fr\/#website"},"primaryImageOfPage":{"@id":"https:\/\/www.mateco.ch\/fr\/societe\/references\/ormation-securite-au-travail-eitzuerich\/#primaryimage"},"image":{"@id":"https:\/\/www.mateco.ch\/fr\/societe\/references\/ormation-securite-au-travail-eitzuerich\/#primaryimage"},"thumbnailUrl":"https:\/\/www.mateco.ch\/wp-content\/uploads\/2024\/03\/img_0587-scaled.jpg","datePublished":"2024-03-08T10:43:30+00:00","dateModified":"2025-02-03T08:11:44+00:00","breadcrumb":{"@id":"https:\/\/www.mateco.ch\/fr\/societe\/references\/ormation-securite-au-travail-eitzuerich\/#breadcrumb"},"inLanguage":"fr-FR","potentialAction":[{"@type":"ReadAction","target":["https:\/\/www.mateco.ch\/fr\/societe\/references\/ormation-securite-au-travail-eitzuerich\/"]}]},{"@type":"ImageObject","inLanguage":"fr-FR","@id":"https:\/\/www.mateco.ch\/fr\/societe\/references\/ormation-securite-au-travail-eitzuerich\/#primaryimage","url":"https:\/\/www.mateco.ch\/wp-content\/uploads\/2024\/03\/img_0587-scaled.jpg","contentUrl":"https:\/\/www.mateco.ch\/wp-content\/uploads\/2024\/03\/img_0587-scaled.jpg","width":2560,"height":1920},{"@type":"BreadcrumbList","@id":"https:\/\/www.mateco.ch\/fr\/societe\/references\/ormation-securite-au-travail-eitzuerich\/#breadcrumb","itemListElement":[{"@type":"ListItem","position":1,"name":"Home","item":"https:\/\/www.mateco.ch\/fr\/home\/"},{"@type":"ListItem","position":2,"name":"Formation s\u00e9curit\u00e9 au travail, EIT.z\u00fcrich"}]},{"@type":"WebSite","@id":"https:\/\/www.mateco.ch\/fr\/#website","url":"https:\/\/www.mateco.ch\/fr\/","name":"mateco AG","description":"Ihr kompetenter Partner  rund um Arbeitsb\u00fchnen","publisher":{"@id":"https:\/\/www.mateco.ch\/fr\/#organization"},"potentialAction":[{"@type":"SearchAction","target":{"@type":"EntryPoint","urlTemplate":"https:\/\/www.mateco.ch\/fr\/?s={search_term_string}"},"query-input":{"@type":"PropertyValueSpecification","valueRequired":true,"valueName":"search_term_string"}}],"inLanguage":"fr-FR"},{"@type":"Organization","@id":"https:\/\/www.mateco.ch\/fr\/#organization","name":"mateco AG","url":"https:\/\/www.mateco.ch\/fr\/","logo":{"@type":"ImageObject","inLanguage":"fr-FR","@id":"https:\/\/www.mateco.ch\/fr\/#\/schema\/logo\/image\/","url":"https:\/\/www.mateco.ch\/wp-content\/uploads\/2026\/07\/mateco_logo-scaled.png","contentUrl":"https:\/\/www.mateco.ch\/wp-content\/uploads\/2026\/07\/mateco_logo-scaled.png","width":2560,"height":653,"caption":"mateco AG"},"image":{"@id":"https:\/\/www.mateco.ch\/fr\/#\/schema\/logo\/image\/"}}]}},"_links":{"self":[{"href":"https:\/\/www.mateco.ch\/fr\/wp-json\/wp\/v2\/references\/4722","targetHints":{"allow":["GET"]}}],"collection":[{"href":"https:\/\/www.mateco.ch\/fr\/wp-json\/wp\/v2\/references"}],"about":[{"href":"https:\/\/www.mateco.ch\/fr\/wp-json\/wp\/v2\/types\/references"}],"version-history":[{"count":3,"href":"https:\/\/www.mateco.ch\/fr\/wp-json\/wp\/v2\/references\/4722\/revisions"}],"predecessor-version":[{"id":10999,"href":"https:\/\/www.mateco.ch\/fr\/wp-json\/wp\/v2\/references\/4722\/revisions\/10999"}],"wp:featuredmedia":[{"embeddable":true,"href":"https:\/\/www.mateco.ch\/fr\/wp-json\/wp\/v2\/media\/4720"}],"wp:attachment":[{"href":"https:\/\/www.mateco.ch\/fr\/wp-json\/wp\/v2\/media?parent=4722"}],"wp:term":[{"taxonomy":"application_areas_category","embeddable":true,"href":"https:\/\/www.mateco.ch\/fr\/wp-json\/wp\/v2\/application_areas_category?post=4722"}],"curies":[{"name":"wp","href":"https:\/\/api.w.org\/{rel}","templated":true}]}}