{"id":4793,"date":"2024-03-17T14:38:29","date_gmt":"2024-03-17T13:38:29","guid":{"rendered":"https:\/\/staging.maltech.ch\/unternehmen\/referenzen\/gebaeudetechnik-zuerich\/"},"modified":"2025-11-11T11:13:21","modified_gmt":"2025-11-11T10:13:21","slug":"technique-du-batiment-zurich","status":"publish","type":"references","link":"https:\/\/www.mateco.ch\/fr\/societe\/references\/technique-du-batiment-zurich\/","title":{"rendered":"Technique du b\u00e2timent, Zurich"},"content":{"rendered":"<div class=\"container global-content-styles\">\n\n\t<div class=\"button-group d-inline-flex mt-0 mb-30\">\n\t<a href=\"\/fr\/societe-2\/references\/\" target=\"\" title=\"Retour aux r\u00e9sultats\" class=\"btn btn-primary btn-bg-mateco_red \" >\n\n  <i class=\"icon-chevron\"><\/i>\n      <span class=\"btn-text\">Retour aux r\u00e9sultats<\/span>\n  \n  \n<\/a>\n<\/div>\n\t    <div class=\"reference-media\">\n              <div class=\"position-relative swiper-maltech-style reference-detail-slider\">\n          <div class=\"swiper news-header-swiper\">\n            <div class=\"swiper-wrapper\">\n                              <div class=\"swiper-slide\">\n                                      <div class=\"img-wrapper\">\n                      \t\t<picture>\n\t\t\t\n\t\t\t<img width=\"768\" height=\"1024\" src=\"https:\/\/www.mateco.ch\/wp-content\/uploads\/2024\/03\/maltech-einsatzbericht-gebaeudetechnik-zuerich-2-768x1024.jpg\" class=\"w-full h-auto\" alt=\"\" loading=\"lazy\" decoding=\"async\" srcset=\"https:\/\/www.mateco.ch\/wp-content\/uploads\/2024\/03\/maltech-einsatzbericht-gebaeudetechnik-zuerich-2-768x1024.jpg 768w, https:\/\/www.mateco.ch\/wp-content\/uploads\/2024\/03\/maltech-einsatzbericht-gebaeudetechnik-zuerich-2-225x300.jpg 225w, https:\/\/www.mateco.ch\/wp-content\/uploads\/2024\/03\/maltech-einsatzbericht-gebaeudetechnik-zuerich-2-1152x1536.jpg 1152w, https:\/\/www.mateco.ch\/wp-content\/uploads\/2024\/03\/maltech-einsatzbericht-gebaeudetechnik-zuerich-2-1536x2048.jpg 1536w, https:\/\/www.mateco.ch\/wp-content\/uploads\/2024\/03\/maltech-einsatzbericht-gebaeudetechnik-zuerich-2-scaled.jpg 1920w\" sizes=\"auto, (max-width: 768px) 100vw, 768px\" \/>\t\t<\/picture>\n\t\t                    <\/div>\n                                  <\/div>\n                              <div class=\"swiper-slide\">\n                                      <div class=\"img-wrapper\">\n                      \t\t<picture>\n\t\t\t\n\t\t\t<img width=\"1024\" height=\"768\" src=\"https:\/\/www.mateco.ch\/wp-content\/uploads\/2024\/03\/maltech-einsatzbericht-gebaeudetechnik-zuerich-1-1024x768.jpg\" class=\"w-full h-auto\" alt=\"\" loading=\"lazy\" decoding=\"async\" srcset=\"https:\/\/www.mateco.ch\/wp-content\/uploads\/2024\/03\/maltech-einsatzbericht-gebaeudetechnik-zuerich-1-1024x768.jpg 1024w, https:\/\/www.mateco.ch\/wp-content\/uploads\/2024\/03\/maltech-einsatzbericht-gebaeudetechnik-zuerich-1-300x225.jpg 300w, https:\/\/www.mateco.ch\/wp-content\/uploads\/2024\/03\/maltech-einsatzbericht-gebaeudetechnik-zuerich-1-768x576.jpg 768w, https:\/\/www.mateco.ch\/wp-content\/uploads\/2024\/03\/maltech-einsatzbericht-gebaeudetechnik-zuerich-1-1536x1152.jpg 1536w, https:\/\/www.mateco.ch\/wp-content\/uploads\/2024\/03\/maltech-einsatzbericht-gebaeudetechnik-zuerich-1-2048x1536.jpg 2048w\" sizes=\"auto, (max-width: 1024px) 100vw, 1024px\" \/>\t\t<\/picture>\n\t\t                    <\/div>\n                                  <\/div>\n                              <div class=\"swiper-slide\">\n                                      <div class=\"img-wrapper\">\n                      \t\t<picture>\n\t\t\t\n\t\t\t<img width=\"768\" height=\"1024\" src=\"https:\/\/www.mateco.ch\/wp-content\/uploads\/2024\/03\/maltech-einsatzbericht-gebaeudetechnik-zuerich-3-768x1024.jpg\" class=\"w-full h-auto\" alt=\"\" loading=\"lazy\" decoding=\"async\" srcset=\"https:\/\/www.mateco.ch\/wp-content\/uploads\/2024\/03\/maltech-einsatzbericht-gebaeudetechnik-zuerich-3-768x1024.jpg 768w, https:\/\/www.mateco.ch\/wp-content\/uploads\/2024\/03\/maltech-einsatzbericht-gebaeudetechnik-zuerich-3-225x300.jpg 225w, https:\/\/www.mateco.ch\/wp-content\/uploads\/2024\/03\/maltech-einsatzbericht-gebaeudetechnik-zuerich-3-1152x1536.jpg 1152w, https:\/\/www.mateco.ch\/wp-content\/uploads\/2024\/03\/maltech-einsatzbericht-gebaeudetechnik-zuerich-3-1536x2048.jpg 1536w, https:\/\/www.mateco.ch\/wp-content\/uploads\/2024\/03\/maltech-einsatzbericht-gebaeudetechnik-zuerich-3-scaled.jpg 1920w\" sizes=\"auto, (max-width: 768px) 100vw, 768px\" \/>\t\t<\/picture>\n\t\t                    <\/div>\n                                  <\/div>\n                          <\/div>\n            <div class=\"swiper-pagination\"><\/div>\n          <\/div>\n          <div class=\"swiper-prev swiper-nav-btn news-header-swiper-btn\"><\/div>\n          <div class=\"swiper-next swiper-nav-btn news-header-swiper-btn\"><\/div>\n        <\/div>\n      \n      <aside class=\"reference-rebrand-notice reference-rebrand-notice--detail\" aria-label=\"Note concernant le changement de raison sociale\">\n\t<span class=\"reference-rebrand-notice__eyebrow\">Maltech est mateco.<\/span>\n\t<strong class=\"reference-rebrand-notice__title\">Tout reste meilleur.<\/strong>\n<\/aside>\n    <\/div>\n\t\n\t<h1 class=\"text-md-center mt-50\">Technique du b\u00e2timent, Zurich<\/h1>\n\n\t    <div class=\"row\">\n      <div class=\"col-md-10 offset-md-1 col-lg-8 offset-lg-2\">\n        <div class=\"rich-text lead mb-60 mb-md-100\">\n            <p>Manquant de peu les 100 m, l\u2019\u00e9glise \u00ab Predigerkirche \u00bb de Zurich Niederdorf pr\u00e9sente quand m\u00eame une hauteur vertigineuse de 97 m. Pour pr\u00e9server cet \u00e9difice ancien, un bon entretien est n\u00e9cessaire. C\u2019est pr\u00e9cis\u00e9ment la mission de l\u2019entreprise <a href=\"https:\/\/www.muffag.ch\/fr\" target=\"_blank\" rel=\"noopener\">Muff Kirchturmtechnik AG<\/a>. D\u00e9couvrez dans cet entretien avec Roger Bertschi, chef de l\u2019\u00e9quipe Montage, pourquoi cette soci\u00e9t\u00e9 de Suisse centrale fait confiance aux \u00e9l\u00e9vateurs \u00e0 nacelle de mateco pour cette mission.<\/p>\n        <\/div>\n      <\/div>\n    <\/div>\n\t\n\t    <div class=\"row\">\n      <div class=\"col-12 mb-n40 mb-md-n60\">\n                  <div class=\"row mb-40 mb-md-60\">\n            <div class=\"text col-md-10 offset-md-1 col-lg-8 offset-lg-2\">\n\n\t<h2 >Donn\u00e9es et chiffres importants en un coup d&rsquo;\u0153il<\/h2>\n\n\t    <div class=\"rich-text big-space-between\">\n\t\t\t<ul>\n<li>L\u2019\u00e9glise r\u00e9form\u00e9e \u00ab Predigerkirche de Zurich \u00bb a \u00e9t\u00e9 mentionn\u00e9e pour la premi\u00e8re fois en 1234 comme couvent.<\/li>\n<li>La fl\u00e8che de la tour atteint 97 m\u00e8tres<\/li>\n<li>Pour les travaux sur le clocher, l\u2019entreprise Muff Kirchturmtechnik se sert des \u00e9l\u00e9vateurs \u00e0 nacelle sur camion <a href=\"https:\/\/www.mateco.ch\/geraete\/s-70-xr\/\">S 70 XR<\/a> de mateco.<\/li>\n<li>L\u2019entreprise emploie aujourd\u2019hui une cinquantaine de collaborateurs dans 3 d\u00e9partements (technique de clocher, technique de s\u00e9curit\u00e9 et technique du b\u00e2timent).<\/li>\n<li>L\u2019entreprise collabore depuis 15 ans avec mateco<\/li>\n<\/ul>\n    <\/div>\n\t\n\t\n<\/div>          <\/div>\n                  <div class=\"row mb-40 mb-md-60\">\n            <div class=\"interview col-md-10 offset-md-1 col-lg-8 offset-lg-2\">\n\t        <div class=\"rich-text\">\n          <p class=\"strong\"><strong>Monsieur Bertschi, quelles sont vos t\u00e2ches quotidiennes ?<\/strong><\/p>\n\t\t\t\t\t<p>Nos t\u00e2ches comprennent tous les travaux sur les clochers, autant \u00e0 l&rsquo;ext\u00e9rieur qu&rsquo;\u00e0 l&rsquo;int\u00e9rieur. \u00c0 l\u2019ext\u00e9rieur, il s&rsquo;agit essentiellement \u00e0 entretenir la fl\u00e8che, \u00e0 r\u00e9nover le cadran et remplacer les stores v\u00e9nitiens. \u00c0 l\u2019int\u00e9rieur, nous sommes en charge de la technique de clocher et aussi de la technique du b\u00e2timent en g\u00e9n\u00e9ral.<\/p>\n        <\/div>\n\t\t\t        <div class=\"rich-text\">\n          <p class=\"strong\"><strong>Pourquoi avez-vous choisi pr\u00e9cis\u00e9ment mateco ?<\/strong><\/p>\n\t\t\t\t\t<p>Le grand nombre de sites de location r\u00e9partis dans toute la Suisse est int\u00e9ressant pour nous. Ce r\u00e9seau dense nous permet de r\u00e9duire nos d\u00e9placements et nous offre un grand choix de machines de toutes les tailles.<\/p>\n        <\/div>\n\t\t\t        <div class=\"rich-text\">\n          <p class=\"strong\"><strong>Vous faites en g\u00e9n\u00e9ral une inspection pr\u00e9alable avant l&rsquo;intervention, ensemble avec mateco. Pour quelle raison ?<\/strong><\/p>\n\t\t\t\t\t<p>Chaque \u00e9glise est unique. Une visite nous permet donc de s\u00e9lectionner l\u2019\u00e9l\u00e9vateur id\u00e9al et de garantir \u00e0 notre client\u00e8le un travail impeccable.<\/p>\n        <\/div>\n\t\t\t        <div class=\"rich-text\">\n          <p class=\"strong\"><strong>Quelles sont les t\u00e2ches typiques que vous effectuez sur des \u00e9l\u00e9vateurs \u00e0 nacelle ?<\/strong><\/p>\n\t\t\t\t\t<p>La plupart des travaux que nous r\u00e9alisons avec un \u00e9l\u00e9vateur \u00e0 nacelle sur camion sont les entretiens annuels de clocher ainsi que les travaux de r\u00e9novation du cadran ou de la fl\u00e8che, y compris la girouette et la boule de finition.<\/p>\n        <\/div>\n\t\t\t        <div class=\"rich-text\">\n          <p class=\"strong\"><strong>Quels sont les avantages des \u00e9l\u00e9vateurs \u00e0 nacelle sur camion ?\r\n<\/strong><\/p>\n\t\t\t\t\t<p>Pour nous, les \u00e9l\u00e9vateurs \u00e0 nacelle sur camion sont des ateliers d\u2019intervention mobiles contenant tout ce dont nous avons besoin pour l&rsquo;intervention. D\u2019autant plus que nous devons toujours avoir un chauffeur sur place. De plus, nous ne pourrions jamais g\u00e9rer les hauteurs \u00e9normes, les rayons d\u2019action lat\u00e9raux et la lourde charge de la nacelle de travail sans un grand \u00e9l\u00e9vateur \u00e0 nacelle sur camion. <\/p>\n        <\/div>\n\t\t\t        <div class=\"rich-text\">\n          <p class=\"strong\"><strong>Racontez-nous l\u2019intervention en hauteur que vous avez pr\u00e9f\u00e9r\u00e9e jusqu\u2019ici\u2026\r\n<\/strong><\/p>\n\t\t\t\t\t<p>Une des plus belles interventions a \u00e9t\u00e9 celle r\u00e9alis\u00e9e sur l\u2019\u00e9glise r\u00e9form\u00e9e \u00ab Predigerkirche \u00bb de Zurich. L\u2019\u00e9difice pr\u00e9sente une hauteur incroyable de pr\u00e8s de 100 m et nous avons travaill\u00e9 \u00e0 environ 70 m. Nous avons pu exploiter pleinement tout le potentiel de la plus grosse machine de mateco. Et la vue \u00e9tait extraordinaire. Rares sont les interventions o\u00f9 les travaux de d\u00e9montage et de montage doivent se faire depuis la nacelle de l\u2019\u00e9l\u00e9vateur et o\u00f9 le poids des pi\u00e8ces impose en plus l\u2019usage d\u2019un h\u00e9licopt\u00e8re. C\u2019est quelque chose de particulier dans une journ\u00e9e de travail.<\/p>\n        <\/div>\n\t\t\t        <div class=\"rich-text\">\n          <p class=\"strong\"><strong>Qu\u2019appr\u00e9ciez-vous chez mateco ?\r\n<\/strong><\/p>\n\t\t\t\t\t<p>Le planning des interventions est toujours respect\u00e9 \u00e0 la lettre. Les collaborateurs sont \u00e9galement serviables et amicaux, ce qui rend la collaboration agr\u00e9able. En cas d\u2019urgences, l\u2019\u00e9quipe cherche rapidement une solution. Toutes nos f\u00e9licitations, \u00e0 ce propos, \u00e0 l\u2019\u00e9quipe de planification.<\/p>\n        <\/div>\n\t\t\t<\/div>          <\/div>\n                  <div class=\"row mb-40 mb-md-60\">\n            <div class=\"cta-team col-12\">\n\n  \n  <div class=\"bg-yellow\">\n\t  \t  <div class=\"cta-team d-flex flex-column flex-md-row\">\n      <div class=\"img-wrapper\">\n\t\t  <img width=\"610\" height=\"610\" src=\"https:\/\/www.mateco.ch\/wp-content\/uploads\/2024\/04\/Kilian_Villiger_2024_610x610px.jpg\" class=\"h-100\" alt=\"\" loading=\"lazy\" decoding=\"async\" srcset=\"https:\/\/www.mateco.ch\/wp-content\/uploads\/2024\/04\/Kilian_Villiger_2024_610x610px.jpg 610w, https:\/\/www.mateco.ch\/wp-content\/uploads\/2024\/04\/Kilian_Villiger_2024_610x610px-150x150.jpg 150w, https:\/\/www.mateco.ch\/wp-content\/uploads\/2024\/04\/Kilian_Villiger_2024_610x610px-300x300.jpg 300w\" sizes=\"auto, (max-width: 610px) 100vw, 610px\" \/>    <\/div>\n  \t<div class=\"content p-20 p-md-40 p-lg-60 yellow d-flex align-items-center flex-fill\">\n    <div>\n\t    <h3 class=\"mb-10\">Chef de projet<\/h3>\n      <div class=\"rich-text\">\n                <p><span class=\"fw-700\">Kilian Villiger, <\/span>Responsable \u00e9l\u00e9vateurs \u00e0 nacelle sur camion et projets<\/p>\n      <\/div>\n\t    <div class=\"button-group d-flex flex-column flex-lg-row mt-30\">\n\t<a href=\"mailto:kilian.villiger@mateco.ch\" target=\"\" title=\"kilian.villiger@mateco.ch\" class=\"btn btn-bg-mateco_red \" >\n\n  <i class=\"icon-mail\"><\/i>\n      <span class=\"btn-text\">kilian.villiger@mateco.ch<\/span>\n  \n  \n<\/a>\n<a href=\"tel:0412810312\" target=\"\" title=\"041 281 03 12\" class=\"btn btn-bg-blue \" >\n\n  <i class=\"icon-phone\"><\/i>\n      <span class=\"btn-text\">041 281 03 12<\/span>\n  \n  \n<\/a>\n<\/div>    <\/div>\n\t<\/div>\n<\/div>\n  <\/div>\n<\/div>          <\/div>\n              <\/div>\n    <\/div>\n\t\n<\/div>\n","protected":false},"excerpt":{"rendered":"<p>Manquant de peu les 100 m, l\u2019\u00e9glise \u00ab Predigerkirche \u00bb de Zurich Niederdorf pr\u00e9sente quand m\u00eame une hauteur vertigineuse de 97 m. Pour pr\u00e9server cet \u00e9difice ancien, un bon entretien est n\u00e9cessaire. C\u2019est pr\u00e9cis\u00e9ment la mission de l\u2019entreprise Muff Kirchturmtechnik AG. D\u00e9couvrez dans cet entretien avec Roger Bertschi, chef de l\u2019\u00e9quipe Montage, pourquoi cette soci\u00e9t\u00e9 de Suisse centrale fait confiance aux \u00e9l\u00e9vateurs \u00e0 nacelle de mateco pour cette mission.<\/p>\n","protected":false},"featured_media":4788,"template":"","application_areas_category":[106],"class_list":["post-4793","references","type-references","status-publish","has-post-thumbnail","hentry","application_areas_category-facility-management-und-gebaeudetechnik-fr"],"acf":[],"yoast_head":"<title>Technique du b\u00e2timent, Zurich - mateco AG<\/title>\n<meta name=\"robots\" content=\"index, follow, max-snippet:-1, max-image-preview:large, max-video-preview:-1\" \/>\n<link rel=\"canonical\" href=\"https:\/\/www.mateco.ch\/fr\/societe\/references\/technique-du-batiment-zurich\/\" \/>\n<meta property=\"og:locale\" content=\"fr_FR\" \/>\n<meta property=\"og:type\" content=\"article\" \/>\n<meta property=\"og:title\" content=\"Technique du b\u00e2timent, Zurich - mateco AG\" \/>\n<meta property=\"og:description\" content=\"Manquant de peu les 100 m, l\u2019\u00e9glise \u00ab Predigerkirche \u00bb de Zurich Niederdorf pr\u00e9sente quand m\u00eame une hauteur vertigineuse de 97 m. Pour pr\u00e9server cet \u00e9difice ancien, un bon entretien est n\u00e9cessaire. C\u2019est pr\u00e9cis\u00e9ment la mission de l\u2019entreprise Muff Kirchturmtechnik AG. D\u00e9couvrez dans cet entretien avec Roger Bertschi, chef de l\u2019\u00e9quipe Montage, pourquoi cette soci\u00e9t\u00e9 de Suisse centrale fait confiance aux \u00e9l\u00e9vateurs \u00e0 nacelle de mateco pour cette mission.\" \/>\n<meta property=\"og:url\" content=\"https:\/\/www.mateco.ch\/fr\/societe\/references\/technique-du-batiment-zurich\/\" \/>\n<meta property=\"og:site_name\" content=\"mateco AG\" \/>\n<meta property=\"article:modified_time\" content=\"2025-11-11T10:13:21+00:00\" \/>\n<meta property=\"og:image\" content=\"https:\/\/www.mateco.ch\/wp-content\/uploads\/2024\/03\/maltech-einsatzbericht-gebaeudetechnik-zuerich-2-scaled.jpg\" \/>\n\t<meta property=\"og:image:width\" content=\"1920\" \/>\n\t<meta property=\"og:image:height\" content=\"2560\" \/>\n\t<meta property=\"og:image:type\" content=\"image\/jpeg\" \/>\n<meta name=\"twitter:card\" content=\"summary_large_image\" \/>\n<script type=\"application\/ld+json\" class=\"yoast-schema-graph\">{\"@context\":\"https:\\\/\\\/schema.org\",\"@graph\":[{\"@type\":\"WebPage\",\"@id\":\"https:\\\/\\\/www.mateco.ch\\\/fr\\\/societe\\\/references\\\/technique-du-batiment-zurich\\\/\",\"url\":\"https:\\\/\\\/www.mateco.ch\\\/fr\\\/societe\\\/references\\\/technique-du-batiment-zurich\\\/\",\"name\":\"Technique du b\u00e2timent, Zurich - mateco AG\",\"isPartOf\":{\"@id\":\"https:\\\/\\\/www.mateco.ch\\\/fr\\\/#website\"},\"primaryImageOfPage\":{\"@id\":\"https:\\\/\\\/www.mateco.ch\\\/fr\\\/societe\\\/references\\\/technique-du-batiment-zurich\\\/#primaryimage\"},\"image\":{\"@id\":\"https:\\\/\\\/www.mateco.ch\\\/fr\\\/societe\\\/references\\\/technique-du-batiment-zurich\\\/#primaryimage\"},\"thumbnailUrl\":\"https:\\\/\\\/www.mateco.ch\\\/wp-content\\\/uploads\\\/2024\\\/03\\\/maltech-einsatzbericht-gebaeudetechnik-zuerich-2-scaled.jpg\",\"datePublished\":\"2024-03-17T13:38:29+00:00\",\"dateModified\":\"2025-11-11T10:13:21+00:00\",\"breadcrumb\":{\"@id\":\"https:\\\/\\\/www.mateco.ch\\\/fr\\\/societe\\\/references\\\/technique-du-batiment-zurich\\\/#breadcrumb\"},\"inLanguage\":\"fr-FR\",\"potentialAction\":[{\"@type\":\"ReadAction\",\"target\":[\"https:\\\/\\\/www.mateco.ch\\\/fr\\\/societe\\\/references\\\/technique-du-batiment-zurich\\\/\"]}]},{\"@type\":\"ImageObject\",\"inLanguage\":\"fr-FR\",\"@id\":\"https:\\\/\\\/www.mateco.ch\\\/fr\\\/societe\\\/references\\\/technique-du-batiment-zurich\\\/#primaryimage\",\"url\":\"https:\\\/\\\/www.mateco.ch\\\/wp-content\\\/uploads\\\/2024\\\/03\\\/maltech-einsatzbericht-gebaeudetechnik-zuerich-2-scaled.jpg\",\"contentUrl\":\"https:\\\/\\\/www.mateco.ch\\\/wp-content\\\/uploads\\\/2024\\\/03\\\/maltech-einsatzbericht-gebaeudetechnik-zuerich-2-scaled.jpg\",\"width\":1920,\"height\":2560},{\"@type\":\"BreadcrumbList\",\"@id\":\"https:\\\/\\\/www.mateco.ch\\\/fr\\\/societe\\\/references\\\/technique-du-batiment-zurich\\\/#breadcrumb\",\"itemListElement\":[{\"@type\":\"ListItem\",\"position\":1,\"name\":\"Home\",\"item\":\"https:\\\/\\\/www.mateco.ch\\\/fr\\\/home\\\/\"},{\"@type\":\"ListItem\",\"position\":2,\"name\":\"Technique du b\u00e2timent, Zurich\"}]},{\"@type\":\"WebSite\",\"@id\":\"https:\\\/\\\/www.mateco.ch\\\/fr\\\/#website\",\"url\":\"https:\\\/\\\/www.mateco.ch\\\/fr\\\/\",\"name\":\"mateco AG\",\"description\":\"Ihr kompetenter Partner  rund um Arbeitsb\u00fchnen\",\"publisher\":{\"@id\":\"https:\\\/\\\/www.mateco.ch\\\/fr\\\/#organization\"},\"potentialAction\":[{\"@type\":\"SearchAction\",\"target\":{\"@type\":\"EntryPoint\",\"urlTemplate\":\"https:\\\/\\\/www.mateco.ch\\\/fr\\\/?s={search_term_string}\"},\"query-input\":{\"@type\":\"PropertyValueSpecification\",\"valueRequired\":true,\"valueName\":\"search_term_string\"}}],\"inLanguage\":\"fr-FR\"},{\"@type\":\"Organization\",\"@id\":\"https:\\\/\\\/www.mateco.ch\\\/fr\\\/#organization\",\"name\":\"mateco AG\",\"url\":\"https:\\\/\\\/www.mateco.ch\\\/fr\\\/\",\"logo\":{\"@type\":\"ImageObject\",\"inLanguage\":\"fr-FR\",\"@id\":\"https:\\\/\\\/www.mateco.ch\\\/fr\\\/#\\\/schema\\\/logo\\\/image\\\/\",\"url\":\"https:\\\/\\\/www.mateco.ch\\\/wp-content\\\/uploads\\\/2026\\\/07\\\/mateco_logo-scaled.png\",\"contentUrl\":\"https:\\\/\\\/www.mateco.ch\\\/wp-content\\\/uploads\\\/2026\\\/07\\\/mateco_logo-scaled.png\",\"width\":2560,\"height\":653,\"caption\":\"mateco AG\"},\"image\":{\"@id\":\"https:\\\/\\\/www.mateco.ch\\\/fr\\\/#\\\/schema\\\/logo\\\/image\\\/\"}}]}<\/script>","yoast_head_json":{"title":"Technique du b\u00e2timent, Zurich - mateco AG","robots":{"index":"index","follow":"follow","max-snippet":"max-snippet:-1","max-image-preview":"max-image-preview:large","max-video-preview":"max-video-preview:-1"},"canonical":"https:\/\/www.mateco.ch\/fr\/societe\/references\/technique-du-batiment-zurich\/","og_locale":"fr_FR","og_type":"article","og_title":"Technique du b\u00e2timent, Zurich - mateco AG","og_description":"Manquant de peu les 100 m, l\u2019\u00e9glise \u00ab Predigerkirche \u00bb de Zurich Niederdorf pr\u00e9sente quand m\u00eame une hauteur vertigineuse de 97 m. Pour pr\u00e9server cet \u00e9difice ancien, un bon entretien est n\u00e9cessaire. C\u2019est pr\u00e9cis\u00e9ment la mission de l\u2019entreprise Muff Kirchturmtechnik AG. D\u00e9couvrez dans cet entretien avec Roger Bertschi, chef de l\u2019\u00e9quipe Montage, pourquoi cette soci\u00e9t\u00e9 de Suisse centrale fait confiance aux \u00e9l\u00e9vateurs \u00e0 nacelle de mateco pour cette mission.","og_url":"https:\/\/www.mateco.ch\/fr\/societe\/references\/technique-du-batiment-zurich\/","og_site_name":"mateco AG","article_modified_time":"2025-11-11T10:13:21+00:00","og_image":[{"width":1920,"height":2560,"url":"https:\/\/www.mateco.ch\/wp-content\/uploads\/2024\/03\/maltech-einsatzbericht-gebaeudetechnik-zuerich-2-scaled.jpg","type":"image\/jpeg"}],"twitter_card":"summary_large_image","schema":{"@context":"https:\/\/schema.org","@graph":[{"@type":"WebPage","@id":"https:\/\/www.mateco.ch\/fr\/societe\/references\/technique-du-batiment-zurich\/","url":"https:\/\/www.mateco.ch\/fr\/societe\/references\/technique-du-batiment-zurich\/","name":"Technique du b\u00e2timent, Zurich - mateco AG","isPartOf":{"@id":"https:\/\/www.mateco.ch\/fr\/#website"},"primaryImageOfPage":{"@id":"https:\/\/www.mateco.ch\/fr\/societe\/references\/technique-du-batiment-zurich\/#primaryimage"},"image":{"@id":"https:\/\/www.mateco.ch\/fr\/societe\/references\/technique-du-batiment-zurich\/#primaryimage"},"thumbnailUrl":"https:\/\/www.mateco.ch\/wp-content\/uploads\/2024\/03\/maltech-einsatzbericht-gebaeudetechnik-zuerich-2-scaled.jpg","datePublished":"2024-03-17T13:38:29+00:00","dateModified":"2025-11-11T10:13:21+00:00","breadcrumb":{"@id":"https:\/\/www.mateco.ch\/fr\/societe\/references\/technique-du-batiment-zurich\/#breadcrumb"},"inLanguage":"fr-FR","potentialAction":[{"@type":"ReadAction","target":["https:\/\/www.mateco.ch\/fr\/societe\/references\/technique-du-batiment-zurich\/"]}]},{"@type":"ImageObject","inLanguage":"fr-FR","@id":"https:\/\/www.mateco.ch\/fr\/societe\/references\/technique-du-batiment-zurich\/#primaryimage","url":"https:\/\/www.mateco.ch\/wp-content\/uploads\/2024\/03\/maltech-einsatzbericht-gebaeudetechnik-zuerich-2-scaled.jpg","contentUrl":"https:\/\/www.mateco.ch\/wp-content\/uploads\/2024\/03\/maltech-einsatzbericht-gebaeudetechnik-zuerich-2-scaled.jpg","width":1920,"height":2560},{"@type":"BreadcrumbList","@id":"https:\/\/www.mateco.ch\/fr\/societe\/references\/technique-du-batiment-zurich\/#breadcrumb","itemListElement":[{"@type":"ListItem","position":1,"name":"Home","item":"https:\/\/www.mateco.ch\/fr\/home\/"},{"@type":"ListItem","position":2,"name":"Technique du b\u00e2timent, Zurich"}]},{"@type":"WebSite","@id":"https:\/\/www.mateco.ch\/fr\/#website","url":"https:\/\/www.mateco.ch\/fr\/","name":"mateco AG","description":"Ihr kompetenter Partner  rund um Arbeitsb\u00fchnen","publisher":{"@id":"https:\/\/www.mateco.ch\/fr\/#organization"},"potentialAction":[{"@type":"SearchAction","target":{"@type":"EntryPoint","urlTemplate":"https:\/\/www.mateco.ch\/fr\/?s={search_term_string}"},"query-input":{"@type":"PropertyValueSpecification","valueRequired":true,"valueName":"search_term_string"}}],"inLanguage":"fr-FR"},{"@type":"Organization","@id":"https:\/\/www.mateco.ch\/fr\/#organization","name":"mateco AG","url":"https:\/\/www.mateco.ch\/fr\/","logo":{"@type":"ImageObject","inLanguage":"fr-FR","@id":"https:\/\/www.mateco.ch\/fr\/#\/schema\/logo\/image\/","url":"https:\/\/www.mateco.ch\/wp-content\/uploads\/2026\/07\/mateco_logo-scaled.png","contentUrl":"https:\/\/www.mateco.ch\/wp-content\/uploads\/2026\/07\/mateco_logo-scaled.png","width":2560,"height":653,"caption":"mateco AG"},"image":{"@id":"https:\/\/www.mateco.ch\/fr\/#\/schema\/logo\/image\/"}}]}},"_links":{"self":[{"href":"https:\/\/www.mateco.ch\/fr\/wp-json\/wp\/v2\/references\/4793","targetHints":{"allow":["GET"]}}],"collection":[{"href":"https:\/\/www.mateco.ch\/fr\/wp-json\/wp\/v2\/references"}],"about":[{"href":"https:\/\/www.mateco.ch\/fr\/wp-json\/wp\/v2\/types\/references"}],"version-history":[{"count":4,"href":"https:\/\/www.mateco.ch\/fr\/wp-json\/wp\/v2\/references\/4793\/revisions"}],"predecessor-version":[{"id":12857,"href":"https:\/\/www.mateco.ch\/fr\/wp-json\/wp\/v2\/references\/4793\/revisions\/12857"}],"wp:featuredmedia":[{"embeddable":true,"href":"https:\/\/www.mateco.ch\/fr\/wp-json\/wp\/v2\/media\/4788"}],"wp:attachment":[{"href":"https:\/\/www.mateco.ch\/fr\/wp-json\/wp\/v2\/media?parent=4793"}],"wp:term":[{"taxonomy":"application_areas_category","embeddable":true,"href":"https:\/\/www.mateco.ch\/fr\/wp-json\/wp\/v2\/application_areas_category?post=4793"}],"curies":[{"name":"wp","href":"https:\/\/api.w.org\/{rel}","templated":true}]}}