{"id":4803,"date":"2024-03-19T15:48:04","date_gmt":"2024-03-19T14:48:04","guid":{"rendered":"https:\/\/staging.maltech.ch\/unternehmen\/referenzen\/schulung-zuerich\/"},"modified":"2026-09-01T09:58:30","modified_gmt":"2026-09-01T07:58:30","slug":"formation-zurich","status":"publish","type":"references","link":"https:\/\/www.mateco.ch\/fr\/societe\/references\/formation-zurich\/","title":{"rendered":"Formation, Zurich"},"content":{"rendered":"<div class=\"container global-content-styles\">\n\n\t<div class=\"button-group d-inline-flex mt-0 mb-30\">\n\t<a href=\"\/fr\/societe-2\/references\/\" target=\"\" title=\"Retour aux r\u00e9sultats\" class=\"btn btn-primary btn-bg-mateco_red \" >\n\n  <i class=\"icon-chevron\"><\/i>\n      <span class=\"btn-text\">Retour aux r\u00e9sultats<\/span>\n  \n  \n<\/a>\n<\/div>\n\t    <div class=\"reference-media\">\n              <div class=\"img-wrapper one-image\">\n\t\t\t\t\t\t<picture>\n\t\t\t\n\t\t\t<img width=\"1024\" height=\"683\" src=\"https:\/\/www.mateco.ch\/wp-content\/uploads\/2024\/03\/maltech_einsatzbericht_ekz-eltop-1024x683.jpg\" class=\"w-full h-auto\" alt=\"\" loading=\"lazy\" decoding=\"async\" srcset=\"https:\/\/www.mateco.ch\/wp-content\/uploads\/2024\/03\/maltech_einsatzbericht_ekz-eltop-1024x683.jpg 1024w, https:\/\/www.mateco.ch\/wp-content\/uploads\/2024\/03\/maltech_einsatzbericht_ekz-eltop-300x200.jpg 300w, https:\/\/www.mateco.ch\/wp-content\/uploads\/2024\/03\/maltech_einsatzbericht_ekz-eltop-768x512.jpg 768w, https:\/\/www.mateco.ch\/wp-content\/uploads\/2024\/03\/maltech_einsatzbericht_ekz-eltop-1536x1024.jpg 1536w, https:\/\/www.mateco.ch\/wp-content\/uploads\/2024\/03\/maltech_einsatzbericht_ekz-eltop-2048x1366.jpg 2048w\" sizes=\"auto, (max-width: 1024px) 100vw, 1024px\" \/>\t\t<\/picture>\n\t\t        <\/div>\n      \n      <aside class=\"reference-rebrand-notice reference-rebrand-notice--detail\" aria-label=\"Note concernant le changement de raison sociale\">\n\t<span class=\"reference-rebrand-notice__eyebrow\">Maltech est mateco.<\/span>\n\t<strong class=\"reference-rebrand-notice__title\">Tout reste meilleur.<\/strong>\n<\/aside>\n    <\/div>\n\t\n\t<h1 class=\"text-md-center mt-50\">Formation, Zurich<\/h1>\n\n\t    <div class=\"row\">\n      <div class=\"col-md-10 offset-md-1 col-lg-8 offset-lg-2\">\n        <div class=\"rich-text lead mb-60 mb-md-100\">\n            <p>La s\u00e9curit\u00e9 au travail est d&rsquo;une importance capitale quand on travaille en hauteur. C&rsquo;est pourquoi mateco propose des formations professionnelles sur l&rsquo;utilisation des \u00e9l\u00e9vateurs \u00e0 nacelle. Maurizio Mancuso, responsable de la gestion de la qualit\u00e9 et de la s\u00e9curit\u00e9 au travail chez <a href=\"https:\/\/www.ekzeltop.ch\/de\/dienstleistungen.html\" target=\"_blank\" rel=\"noopener\">EKZ Eltop AG<\/a>, fait \u00e9galement former ses \u00e9quipes chez mateco. Dans l&rsquo;interview, il explique qu&rsquo;il a choisi de suivre un cours chez mateco parce qu&rsquo;il est convaincu de la qualit\u00e9 des formations.<\/p>\n        <\/div>\n      <\/div>\n    <\/div>\n\t\n\t    <div class=\"row\">\n      <div class=\"col-12 mb-n40 mb-md-n60\">\n                  <div class=\"row mb-40 mb-md-60\">\n            <div class=\"text col-md-10 offset-md-1 col-lg-8 offset-lg-2\">\n\n\t<h2 >Donn\u00e9es et chiffres importants en un coup d&rsquo;\u0153il<\/h2>\n\n\t    <div class=\"rich-text big-space-between\">\n\t\t\t<ul>\n<li>Quelque 80 collaborateurs d\u2019EKZ Eltop ont suivi la formation mateco<\/li>\n<li>La formation sur la s\u00e9curit\u00e9 au travail en hauteur et l\u2019utilisation d\u2019\u00e9l\u00e9vateurs \u00e0 nacelle dure deux jours chacune<\/li>\n<li>Toutes les formations mateco sont reconnues et certifi\u00e9es par l\u2019\u00ab ASFP \u00bb, l\u2019\u00ab IPAF \u00bb et l\u2019\u00ab asa \u00bb.<\/li>\n<li>EKZ Eltop est sp\u00e9cialis\u00e9e dans les domaines de l\u2019installation \u00e9lectrique, les services ICT, le photovolta\u00efque, l\u2019\u00e9lectromobilit\u00e9 et l\u2019automatisation des b\u00e2timents<\/li>\n<li>L\u2019entreprise compte 39 filiales en Suisse al\u00e9manique<\/li>\n<li>Elle emploie pr\u00e8s de 480 personnes, dont 120 apprentis.<\/li>\n<li>Notre interlocuteur, Maurizio Mancuso, travaille chez EKZ Eltop depuis 2020 en tant que responsable de la gestion qualit\u00e9 et de la s\u00e9curit\u00e9 au travail<\/li>\n<\/ul>\n    <\/div>\n\t\n\t\n<\/div>          <\/div>\n                  <div class=\"row mb-40 mb-md-60\">\n            <div class=\"interview col-md-10 offset-md-1 col-lg-8 offset-lg-2\">\n\t        <div class=\"rich-text\">\n          <p class=\"strong\"><strong>Monsieur Mancuso, pourquoi avoir choisi mateco pour vos formations ?<\/strong><\/p>\n\t\t\t\t\t<p>Je connais mateco depuis 1994 d\u00e9j\u00e0. \u00c0 l\u2019\u00e9poque, je faisais mon apprentissage d&rsquo;installateur-\u00e9lectricien. Chez EKZ Eltop, nous louons depuis de nombreuses ann\u00e9es diff\u00e9rents \u00e9l\u00e9vateurs \u00e0 nacelle chez mateco. Lorsque j\u2019ai cherch\u00e9 des formations pour le travail sur \u00e9l\u00e9vateurs et la protection contre les chutes pour notre personnel, je suis tomb\u00e9 sur la formation combin\u00e9e propos\u00e9e par l\u2019entreprise. Le rapport qualit\u00e9-prix \u00e9tait correct et j\u2019\u00e9tais \u00e9galement tr\u00e8s satisfait de la planification et de l\u2019organisation. C\u2019est pourquoi j\u2019ai opt\u00e9 pour mateco.<\/p>\n        <\/div>\n\t\t\t        <div class=\"rich-text\">\n          <p class=\"strong\"><strong>Pourquoi voulez-vous que votre \u00e9quipe suive une formation ?<\/strong><\/p>\n\t\t\t\t\t<p>L\u2019objectif principal est clairement l\u2019am\u00e9lioration de la s\u00e9curit\u00e9 au travail et la sensibilisation du personnel aux risques et dangers, que ce soit sur les chantiers ou lors de l\u2019utilisation d\u2019\u00e9l\u00e9vateurs \u00e0 nacelle. mateco propose dans ce domaine des formations sp\u00e9cialis\u00e9es de qualit\u00e9 et adapt\u00e9es \u00e0 nos besoins. Nous nous concentrons de plus en plus sur des syst\u00e8mes de b\u00e2timent et d\u2019\u00e9nergie qui pr\u00e9voient g\u00e9n\u00e9ralement une installation photovolta\u00efque sur les toits ou en fa\u00e7ade. Avec la formation de mateco, nous avons la garantie que notre \u00e9quipe disposera du savoir-faire pour travailler efficacement et en s\u00e9curit\u00e9. Et surtout pour \u00e9viter les accidents.<\/p>\n        <\/div>\n\t\t\t        <div class=\"rich-text\">\n          <p class=\"strong\"><strong>Diriez-vous que les formations mateco sont orient\u00e9es vers la pratique ?<\/strong><\/p>\n\t\t\t\t\t<p>mateco a d\u00e9j\u00e0 plus de 50 ans d\u2019exp\u00e9rience et poss\u00e8de un solide savoir-faire dans le domaine, ce qui lui permet de conna\u00eetre les probl\u00e8mes susceptibles de se produire sur les chantiers et le comportement des travailleurs. Je tenais \u00e0 faire appel \u00e0 un partenaire exp\u00e9riment\u00e9. En bref : oui, les formations sont orient\u00e9es vers la pratique et nos collaborateurs peuvent appliquer ce qu\u2019ils ont appris directement sur le chantier.<\/p>\n        <\/div>\n\t\t\t        <div class=\"rich-text\">\n          <p class=\"strong\"><strong>Les formations de mateco r\u00e9sum\u00e9es en quelques mots\u2026<\/strong><\/p>\n\t\t\t\t\t<p>R\u00e9alisation professionnelle, enseignement pratique, efficacit\u00e9 \u00e9lev\u00e9e.<\/p>\n        <\/div>\n\t\t\t<\/div>          <\/div>\n                  <div class=\"row mb-40 mb-md-60\">\n            <div class=\"text col-md-10 offset-md-1 col-lg-8 offset-lg-2\">\n\n\t<h2 >Aper\u00e7u des th\u00e8mes abord\u00e9s lors de la formation mateco chez EKZ Eltop<\/h2>\n\n\t    <div class=\"rich-text big-space-between\">\n\t\t\t\n<li>\u00c9quipement de protection individuelle contre les chutes de hauteur EPI (cours de base)<\/li>\n<li>Bases l\u00e9gales en Suissse <\/li>\n<li>Action des forces lors d\u2019une chute<\/li>\n<li>Composants de l\u2019EPI contre les chutes de hauteur (dispositifs d\u2019ancrage, harnais antichute et de maintien, longes et absorbeurs d\u2019\u00e9nergie, \u00e9l\u00e9ments de fixationantichutes mobiles, antichutes \u00e0 rappel automatique)<\/li>\n<li>Points d\u2019ancrage fixes et provisoires<\/li>\n<li>R\u00e9vision et stockage<\/li>\n<li>Serrage et r\u00e9glage des harnais de s\u00e9curit\u00e9<\/li>\n<li>Test de suspension dans le harnais, soulagement de la suspension apr\u00e8s une chute<\/li>\n<li>Utilisation de diverses longes (avec l\u2019accent sur l\u2019\u00e9l\u00e9vateur \u00e0 nacelle)<\/li>\n<li>DACHS- sortie de la nacelle en hauteur<\/li>\n<li>Sauvetage simple vers le bas, stockage correct, premiers secours de base<\/li>\n<li>Formation pour l\u2019utilisation d\u2019\u00e9l\u00e9vateurs \u00e0 nacelle selon l\u2019ASFP<\/li>\n<li>Prise en charge et mise en service professionnelles des quatre cat\u00e9gories d\u2019\u00e9l\u00e9vateurs \u00e0 nacelle (1a\/1b\/3a\/3b) pour un travail s\u00e9curis\u00e9 en hauteur<\/li>\n<li>Structure des \u00e9l\u00e9vateurs, fonctions et possibilit\u00e9s d\u2019utilisation<\/li>\n<li>S\u00e9curit\u00e9 du travail et d\u00e9tection des dangers<\/li>\n<li>Obligations et responsabilit\u00e9s<\/li>\n<li>S\u00e9curisation des chantiers selon les prescriptions<\/li>\n<li>Travaux pratiques avec des \u00e9l\u00e9vateurs \u00e0 nacelle<\/li>\n    <\/div>\n\t\n\t\n<\/div>          <\/div>\n              <\/div>\n    <\/div>\n\t\n<\/div>\n","protected":false},"excerpt":{"rendered":"<p>La s\u00e9curit\u00e9 au travail est d&rsquo;une importance capitale quand on travaille en hauteur. C&rsquo;est pourquoi mateco propose des formations professionnelles sur l&rsquo;utilisation des \u00e9l\u00e9vateurs \u00e0 nacelle. Maurizio Mancuso, responsable de la gestion de la qualit\u00e9 et de la s\u00e9curit\u00e9 au travail chez EKZ Eltop AG, fait \u00e9galement former ses \u00e9quipes chez mateco. Dans l&rsquo;interview, il explique qu&rsquo;il a choisi de suivre un cours chez mateco parce qu&rsquo;il est convaincu de la qualit\u00e9 des formations.<\/p>\n","protected":false},"featured_media":4798,"template":"","application_areas_category":[110],"class_list":["post-4803","references","type-references","status-publish","has-post-thumbnail","hentry","application_areas_category-schulungen-fr"],"acf":[],"yoast_head":"<title>Formation, Zurich - mateco AG<\/title>\n<meta name=\"robots\" content=\"index, follow, max-snippet:-1, max-image-preview:large, max-video-preview:-1\" \/>\n<link rel=\"canonical\" href=\"https:\/\/www.mateco.ch\/fr\/societe\/references\/formation-zurich\/\" \/>\n<meta property=\"og:locale\" content=\"fr_FR\" \/>\n<meta property=\"og:type\" content=\"article\" \/>\n<meta property=\"og:title\" content=\"Formation, Zurich - mateco AG\" \/>\n<meta property=\"og:description\" content=\"La s\u00e9curit\u00e9 au travail est d&#039;une importance capitale quand on travaille en hauteur. C&#039;est pourquoi mateco propose des formations professionnelles sur l&#039;utilisation des \u00e9l\u00e9vateurs \u00e0 nacelle. Maurizio Mancuso, responsable de la gestion de la qualit\u00e9 et de la s\u00e9curit\u00e9 au travail chez EKZ Eltop AG, fait \u00e9galement former ses \u00e9quipes chez mateco. Dans l&#039;interview, il explique qu&#039;il a choisi de suivre un cours chez mateco parce qu&#039;il est convaincu de la qualit\u00e9 des formations.\" \/>\n<meta property=\"og:url\" content=\"https:\/\/www.mateco.ch\/fr\/societe\/references\/formation-zurich\/\" \/>\n<meta property=\"og:site_name\" content=\"mateco AG\" \/>\n<meta property=\"article:modified_time\" content=\"2026-09-01T07:58:30+00:00\" \/>\n<meta property=\"og:image\" content=\"https:\/\/www.mateco.ch\/wp-content\/uploads\/2024\/03\/maltech_einsatzbericht_ekz-eltop.jpg\" \/>\n\t<meta property=\"og:image:width\" content=\"2560\" \/>\n\t<meta property=\"og:image:height\" content=\"1707\" \/>\n\t<meta property=\"og:image:type\" content=\"image\/jpeg\" \/>\n<meta name=\"twitter:card\" content=\"summary_large_image\" \/>\n<script type=\"application\/ld+json\" class=\"yoast-schema-graph\">{\"@context\":\"https:\\\/\\\/schema.org\",\"@graph\":[{\"@type\":\"WebPage\",\"@id\":\"https:\\\/\\\/www.mateco.ch\\\/fr\\\/societe\\\/references\\\/formation-zurich\\\/\",\"url\":\"https:\\\/\\\/www.mateco.ch\\\/fr\\\/societe\\\/references\\\/formation-zurich\\\/\",\"name\":\"Formation, Zurich - mateco AG\",\"isPartOf\":{\"@id\":\"https:\\\/\\\/www.mateco.ch\\\/fr\\\/#website\"},\"primaryImageOfPage\":{\"@id\":\"https:\\\/\\\/www.mateco.ch\\\/fr\\\/societe\\\/references\\\/formation-zurich\\\/#primaryimage\"},\"image\":{\"@id\":\"https:\\\/\\\/www.mateco.ch\\\/fr\\\/societe\\\/references\\\/formation-zurich\\\/#primaryimage\"},\"thumbnailUrl\":\"https:\\\/\\\/www.mateco.ch\\\/wp-content\\\/uploads\\\/2024\\\/03\\\/maltech_einsatzbericht_ekz-eltop.jpg\",\"datePublished\":\"2024-03-19T14:48:04+00:00\",\"dateModified\":\"2026-09-01T07:58:30+00:00\",\"breadcrumb\":{\"@id\":\"https:\\\/\\\/www.mateco.ch\\\/fr\\\/societe\\\/references\\\/formation-zurich\\\/#breadcrumb\"},\"inLanguage\":\"fr-FR\",\"potentialAction\":[{\"@type\":\"ReadAction\",\"target\":[\"https:\\\/\\\/www.mateco.ch\\\/fr\\\/societe\\\/references\\\/formation-zurich\\\/\"]}]},{\"@type\":\"ImageObject\",\"inLanguage\":\"fr-FR\",\"@id\":\"https:\\\/\\\/www.mateco.ch\\\/fr\\\/societe\\\/references\\\/formation-zurich\\\/#primaryimage\",\"url\":\"https:\\\/\\\/www.mateco.ch\\\/wp-content\\\/uploads\\\/2024\\\/03\\\/maltech_einsatzbericht_ekz-eltop.jpg\",\"contentUrl\":\"https:\\\/\\\/www.mateco.ch\\\/wp-content\\\/uploads\\\/2024\\\/03\\\/maltech_einsatzbericht_ekz-eltop.jpg\",\"width\":2560,\"height\":1707},{\"@type\":\"BreadcrumbList\",\"@id\":\"https:\\\/\\\/www.mateco.ch\\\/fr\\\/societe\\\/references\\\/formation-zurich\\\/#breadcrumb\",\"itemListElement\":[{\"@type\":\"ListItem\",\"position\":1,\"name\":\"Home\",\"item\":\"https:\\\/\\\/www.mateco.ch\\\/fr\\\/home\\\/\"},{\"@type\":\"ListItem\",\"position\":2,\"name\":\"Formation, Zurich\"}]},{\"@type\":\"WebSite\",\"@id\":\"https:\\\/\\\/www.mateco.ch\\\/fr\\\/#website\",\"url\":\"https:\\\/\\\/www.mateco.ch\\\/fr\\\/\",\"name\":\"mateco AG\",\"description\":\"Ihr kompetenter Partner  rund um Arbeitsb\u00fchnen\",\"publisher\":{\"@id\":\"https:\\\/\\\/www.mateco.ch\\\/fr\\\/#organization\"},\"potentialAction\":[{\"@type\":\"SearchAction\",\"target\":{\"@type\":\"EntryPoint\",\"urlTemplate\":\"https:\\\/\\\/www.mateco.ch\\\/fr\\\/?s={search_term_string}\"},\"query-input\":{\"@type\":\"PropertyValueSpecification\",\"valueRequired\":true,\"valueName\":\"search_term_string\"}}],\"inLanguage\":\"fr-FR\"},{\"@type\":\"Organization\",\"@id\":\"https:\\\/\\\/www.mateco.ch\\\/fr\\\/#organization\",\"name\":\"mateco AG\",\"url\":\"https:\\\/\\\/www.mateco.ch\\\/fr\\\/\",\"logo\":{\"@type\":\"ImageObject\",\"inLanguage\":\"fr-FR\",\"@id\":\"https:\\\/\\\/www.mateco.ch\\\/fr\\\/#\\\/schema\\\/logo\\\/image\\\/\",\"url\":\"https:\\\/\\\/www.mateco.ch\\\/wp-content\\\/uploads\\\/2026\\\/07\\\/mateco_logo-scaled.png\",\"contentUrl\":\"https:\\\/\\\/www.mateco.ch\\\/wp-content\\\/uploads\\\/2026\\\/07\\\/mateco_logo-scaled.png\",\"width\":2560,\"height\":653,\"caption\":\"mateco AG\"},\"image\":{\"@id\":\"https:\\\/\\\/www.mateco.ch\\\/fr\\\/#\\\/schema\\\/logo\\\/image\\\/\"}}]}<\/script>","yoast_head_json":{"title":"Formation, Zurich - mateco AG","robots":{"index":"index","follow":"follow","max-snippet":"max-snippet:-1","max-image-preview":"max-image-preview:large","max-video-preview":"max-video-preview:-1"},"canonical":"https:\/\/www.mateco.ch\/fr\/societe\/references\/formation-zurich\/","og_locale":"fr_FR","og_type":"article","og_title":"Formation, Zurich - mateco AG","og_description":"La s\u00e9curit\u00e9 au travail est d'une importance capitale quand on travaille en hauteur. C'est pourquoi mateco propose des formations professionnelles sur l'utilisation des \u00e9l\u00e9vateurs \u00e0 nacelle. Maurizio Mancuso, responsable de la gestion de la qualit\u00e9 et de la s\u00e9curit\u00e9 au travail chez EKZ Eltop AG, fait \u00e9galement former ses \u00e9quipes chez mateco. Dans l'interview, il explique qu'il a choisi de suivre un cours chez mateco parce qu'il est convaincu de la qualit\u00e9 des formations.","og_url":"https:\/\/www.mateco.ch\/fr\/societe\/references\/formation-zurich\/","og_site_name":"mateco AG","article_modified_time":"2026-09-01T07:58:30+00:00","og_image":[{"width":2560,"height":1707,"url":"https:\/\/www.mateco.ch\/wp-content\/uploads\/2024\/03\/maltech_einsatzbericht_ekz-eltop.jpg","type":"image\/jpeg"}],"twitter_card":"summary_large_image","schema":{"@context":"https:\/\/schema.org","@graph":[{"@type":"WebPage","@id":"https:\/\/www.mateco.ch\/fr\/societe\/references\/formation-zurich\/","url":"https:\/\/www.mateco.ch\/fr\/societe\/references\/formation-zurich\/","name":"Formation, Zurich - mateco AG","isPartOf":{"@id":"https:\/\/www.mateco.ch\/fr\/#website"},"primaryImageOfPage":{"@id":"https:\/\/www.mateco.ch\/fr\/societe\/references\/formation-zurich\/#primaryimage"},"image":{"@id":"https:\/\/www.mateco.ch\/fr\/societe\/references\/formation-zurich\/#primaryimage"},"thumbnailUrl":"https:\/\/www.mateco.ch\/wp-content\/uploads\/2024\/03\/maltech_einsatzbericht_ekz-eltop.jpg","datePublished":"2024-03-19T14:48:04+00:00","dateModified":"2026-09-01T07:58:30+00:00","breadcrumb":{"@id":"https:\/\/www.mateco.ch\/fr\/societe\/references\/formation-zurich\/#breadcrumb"},"inLanguage":"fr-FR","potentialAction":[{"@type":"ReadAction","target":["https:\/\/www.mateco.ch\/fr\/societe\/references\/formation-zurich\/"]}]},{"@type":"ImageObject","inLanguage":"fr-FR","@id":"https:\/\/www.mateco.ch\/fr\/societe\/references\/formation-zurich\/#primaryimage","url":"https:\/\/www.mateco.ch\/wp-content\/uploads\/2024\/03\/maltech_einsatzbericht_ekz-eltop.jpg","contentUrl":"https:\/\/www.mateco.ch\/wp-content\/uploads\/2024\/03\/maltech_einsatzbericht_ekz-eltop.jpg","width":2560,"height":1707},{"@type":"BreadcrumbList","@id":"https:\/\/www.mateco.ch\/fr\/societe\/references\/formation-zurich\/#breadcrumb","itemListElement":[{"@type":"ListItem","position":1,"name":"Home","item":"https:\/\/www.mateco.ch\/fr\/home\/"},{"@type":"ListItem","position":2,"name":"Formation, Zurich"}]},{"@type":"WebSite","@id":"https:\/\/www.mateco.ch\/fr\/#website","url":"https:\/\/www.mateco.ch\/fr\/","name":"mateco AG","description":"Ihr kompetenter Partner  rund um Arbeitsb\u00fchnen","publisher":{"@id":"https:\/\/www.mateco.ch\/fr\/#organization"},"potentialAction":[{"@type":"SearchAction","target":{"@type":"EntryPoint","urlTemplate":"https:\/\/www.mateco.ch\/fr\/?s={search_term_string}"},"query-input":{"@type":"PropertyValueSpecification","valueRequired":true,"valueName":"search_term_string"}}],"inLanguage":"fr-FR"},{"@type":"Organization","@id":"https:\/\/www.mateco.ch\/fr\/#organization","name":"mateco AG","url":"https:\/\/www.mateco.ch\/fr\/","logo":{"@type":"ImageObject","inLanguage":"fr-FR","@id":"https:\/\/www.mateco.ch\/fr\/#\/schema\/logo\/image\/","url":"https:\/\/www.mateco.ch\/wp-content\/uploads\/2026\/07\/mateco_logo-scaled.png","contentUrl":"https:\/\/www.mateco.ch\/wp-content\/uploads\/2026\/07\/mateco_logo-scaled.png","width":2560,"height":653,"caption":"mateco AG"},"image":{"@id":"https:\/\/www.mateco.ch\/fr\/#\/schema\/logo\/image\/"}}]}},"_links":{"self":[{"href":"https:\/\/www.mateco.ch\/fr\/wp-json\/wp\/v2\/references\/4803","targetHints":{"allow":["GET"]}}],"collection":[{"href":"https:\/\/www.mateco.ch\/fr\/wp-json\/wp\/v2\/references"}],"about":[{"href":"https:\/\/www.mateco.ch\/fr\/wp-json\/wp\/v2\/types\/references"}],"version-history":[{"count":7,"href":"https:\/\/www.mateco.ch\/fr\/wp-json\/wp\/v2\/references\/4803\/revisions"}],"predecessor-version":[{"id":15539,"href":"https:\/\/www.mateco.ch\/fr\/wp-json\/wp\/v2\/references\/4803\/revisions\/15539"}],"wp:featuredmedia":[{"embeddable":true,"href":"https:\/\/www.mateco.ch\/fr\/wp-json\/wp\/v2\/media\/4798"}],"wp:attachment":[{"href":"https:\/\/www.mateco.ch\/fr\/wp-json\/wp\/v2\/media?parent=4803"}],"wp:term":[{"taxonomy":"application_areas_category","embeddable":true,"href":"https:\/\/www.mateco.ch\/fr\/wp-json\/wp\/v2\/application_areas_category?post=4803"}],"curies":[{"name":"wp","href":"https:\/\/api.w.org\/{rel}","templated":true}]}}