{"id":4846,"date":"2024-03-21T17:23:58","date_gmt":"2024-03-21T16:23:58","guid":{"rendered":"https:\/\/staging.maltech.ch\/unternehmen\/referenzen\/gebaeudetechnik-kerzers-2\/"},"modified":"2025-01-06T10:53:40","modified_gmt":"2025-01-06T09:53:40","slug":"technique-du-batiment-chietres","status":"publish","type":"references","link":"https:\/\/www.mateco.ch\/fr\/societe\/references\/technique-du-batiment-chietres\/","title":{"rendered":"Technique du b\u00e2timent, Chi\u00e8tres"},"content":{"rendered":"<div class=\"container global-content-styles\">\n\n\t<div class=\"button-group d-inline-flex mt-0 mb-30\">\n\t<a href=\"\/fr\/societe-2\/references\/\" target=\"\" title=\"Retour aux r\u00e9sultats\" class=\"btn btn-primary btn-bg-mateco_red \" >\n\n  <i class=\"icon-chevron\"><\/i>\n      <span class=\"btn-text\">Retour aux r\u00e9sultats<\/span>\n  \n  \n<\/a>\n<\/div>\n\t    <div class=\"reference-media\">\n              <div class=\"position-relative swiper-maltech-style reference-detail-slider\">\n          <div class=\"swiper news-header-swiper\">\n            <div class=\"swiper-wrapper\">\n                              <div class=\"swiper-slide\">\n                                      <div class=\"img-wrapper\">\n                      \t\t<picture>\n\t\t\t\n\t\t\t<img width=\"1024\" height=\"683\" src=\"https:\/\/www.mateco.ch\/wp-content\/uploads\/2024\/03\/dscf7044-4-1024x683.jpeg\" class=\"w-full h-auto\" alt=\"\" loading=\"lazy\" decoding=\"async\" srcset=\"https:\/\/www.mateco.ch\/wp-content\/uploads\/2024\/03\/dscf7044-4-1024x683.jpeg 1024w, https:\/\/www.mateco.ch\/wp-content\/uploads\/2024\/03\/dscf7044-4-2048x1365.jpeg 2048w, https:\/\/www.mateco.ch\/wp-content\/uploads\/2024\/03\/dscf7044-4-300x200.jpeg 300w, https:\/\/www.mateco.ch\/wp-content\/uploads\/2024\/03\/dscf7044-4-768x512.jpeg 768w, https:\/\/www.mateco.ch\/wp-content\/uploads\/2024\/03\/dscf7044-4-1536x1024.jpeg 1536w\" sizes=\"auto, (max-width: 1024px) 100vw, 1024px\" \/>\t\t<\/picture>\n\t\t                    <\/div>\n                                  <\/div>\n                              <div class=\"swiper-slide\">\n                                      <div class=\"img-wrapper\">\n                      \t\t<picture>\n\t\t\t\n\t\t\t<img width=\"1024\" height=\"683\" src=\"https:\/\/www.mateco.ch\/wp-content\/uploads\/2024\/03\/dscf7086-1-1024x683.jpeg\" class=\"w-full h-auto\" alt=\"\" loading=\"lazy\" decoding=\"async\" srcset=\"https:\/\/www.mateco.ch\/wp-content\/uploads\/2024\/03\/dscf7086-1-1024x683.jpeg 1024w, https:\/\/www.mateco.ch\/wp-content\/uploads\/2024\/03\/dscf7086-1-300x200.jpeg 300w, https:\/\/www.mateco.ch\/wp-content\/uploads\/2024\/03\/dscf7086-1-768x512.jpeg 768w, https:\/\/www.mateco.ch\/wp-content\/uploads\/2024\/03\/dscf7086-1-1536x1024.jpeg 1536w, https:\/\/www.mateco.ch\/wp-content\/uploads\/2024\/03\/dscf7086-1-2048x1365.jpeg 2048w\" sizes=\"auto, (max-width: 1024px) 100vw, 1024px\" \/>\t\t<\/picture>\n\t\t                    <\/div>\n                                  <\/div>\n                              <div class=\"swiper-slide\">\n                                      <div class=\"img-wrapper\">\n                      \t\t<picture>\n\t\t\t\n\t\t\t<img width=\"1024\" height=\"683\" src=\"https:\/\/www.mateco.ch\/wp-content\/uploads\/2024\/03\/dscf7131-1-1024x683.jpeg\" class=\"w-full h-auto\" alt=\"\" loading=\"lazy\" decoding=\"async\" srcset=\"https:\/\/www.mateco.ch\/wp-content\/uploads\/2024\/03\/dscf7131-1-1024x683.jpeg 1024w, https:\/\/www.mateco.ch\/wp-content\/uploads\/2024\/03\/dscf7131-1-300x200.jpeg 300w, https:\/\/www.mateco.ch\/wp-content\/uploads\/2024\/03\/dscf7131-1-768x512.jpeg 768w, https:\/\/www.mateco.ch\/wp-content\/uploads\/2024\/03\/dscf7131-1-1536x1024.jpeg 1536w, https:\/\/www.mateco.ch\/wp-content\/uploads\/2024\/03\/dscf7131-1-2048x1365.jpeg 2048w\" sizes=\"auto, (max-width: 1024px) 100vw, 1024px\" \/>\t\t<\/picture>\n\t\t                    <\/div>\n                                  <\/div>\n                              <div class=\"swiper-slide\">\n                                      <div class=\"img-wrapper\">\n                      \t\t<picture>\n\t\t\t\n\t\t\t<img width=\"1024\" height=\"683\" src=\"https:\/\/www.mateco.ch\/wp-content\/uploads\/2024\/03\/dscf7183-1-1024x683.jpeg\" class=\"w-full h-auto\" alt=\"\" loading=\"lazy\" decoding=\"async\" srcset=\"https:\/\/www.mateco.ch\/wp-content\/uploads\/2024\/03\/dscf7183-1-1024x683.jpeg 1024w, https:\/\/www.mateco.ch\/wp-content\/uploads\/2024\/03\/dscf7183-1-300x200.jpeg 300w, https:\/\/www.mateco.ch\/wp-content\/uploads\/2024\/03\/dscf7183-1-768x512.jpeg 768w, https:\/\/www.mateco.ch\/wp-content\/uploads\/2024\/03\/dscf7183-1-1536x1024.jpeg 1536w, https:\/\/www.mateco.ch\/wp-content\/uploads\/2024\/03\/dscf7183-1-2048x1365.jpeg 2048w\" sizes=\"auto, (max-width: 1024px) 100vw, 1024px\" \/>\t\t<\/picture>\n\t\t                    <\/div>\n                                  <\/div>\n                              <div class=\"swiper-slide\">\n                                      <div class=\"img-wrapper\">\n                      \t\t<picture>\n\t\t\t\n\t\t\t<img width=\"1024\" height=\"683\" src=\"https:\/\/www.mateco.ch\/wp-content\/uploads\/2024\/03\/dscf7195-1-1024x683.jpeg\" class=\"w-full h-auto\" alt=\"\" loading=\"lazy\" decoding=\"async\" srcset=\"https:\/\/www.mateco.ch\/wp-content\/uploads\/2024\/03\/dscf7195-1-1024x683.jpeg 1024w, https:\/\/www.mateco.ch\/wp-content\/uploads\/2024\/03\/dscf7195-1-300x200.jpeg 300w, https:\/\/www.mateco.ch\/wp-content\/uploads\/2024\/03\/dscf7195-1-768x512.jpeg 768w, https:\/\/www.mateco.ch\/wp-content\/uploads\/2024\/03\/dscf7195-1-1536x1024.jpeg 1536w, https:\/\/www.mateco.ch\/wp-content\/uploads\/2024\/03\/dscf7195-1-2048x1365.jpeg 2048w\" sizes=\"auto, (max-width: 1024px) 100vw, 1024px\" \/>\t\t<\/picture>\n\t\t                    <\/div>\n                                  <\/div>\n                              <div class=\"swiper-slide\">\n                                      <div class=\"img-wrapper\">\n                      \t\t<picture>\n\t\t\t\n\t\t\t<img width=\"1024\" height=\"683\" src=\"https:\/\/www.mateco.ch\/wp-content\/uploads\/2024\/03\/dscf7202-1-1024x683.jpeg\" class=\"w-full h-auto\" alt=\"\" loading=\"lazy\" decoding=\"async\" srcset=\"https:\/\/www.mateco.ch\/wp-content\/uploads\/2024\/03\/dscf7202-1-1024x683.jpeg 1024w, https:\/\/www.mateco.ch\/wp-content\/uploads\/2024\/03\/dscf7202-1-300x200.jpeg 300w, https:\/\/www.mateco.ch\/wp-content\/uploads\/2024\/03\/dscf7202-1-768x512.jpeg 768w, https:\/\/www.mateco.ch\/wp-content\/uploads\/2024\/03\/dscf7202-1-1536x1024.jpeg 1536w, https:\/\/www.mateco.ch\/wp-content\/uploads\/2024\/03\/dscf7202-1-2048x1365.jpeg 2048w\" sizes=\"auto, (max-width: 1024px) 100vw, 1024px\" \/>\t\t<\/picture>\n\t\t                    <\/div>\n                                  <\/div>\n                          <\/div>\n            <div class=\"swiper-pagination\"><\/div>\n          <\/div>\n          <div class=\"swiper-prev swiper-nav-btn news-header-swiper-btn\"><\/div>\n          <div class=\"swiper-next swiper-nav-btn news-header-swiper-btn\"><\/div>\n        <\/div>\n      \n      <aside class=\"reference-rebrand-notice reference-rebrand-notice--detail\" aria-label=\"Note concernant le changement de raison sociale\">\n\t<span class=\"reference-rebrand-notice__eyebrow\">Maltech est mateco.<\/span>\n\t<strong class=\"reference-rebrand-notice__title\">Tout reste meilleur.<\/strong>\n<\/aside>\n    <\/div>\n\t\n\t<h1 class=\"text-md-center mt-50\">Technique du b\u00e2timent, Chi\u00e8tres<\/h1>\n\n\t    <div class=\"row\">\n      <div class=\"col-md-10 offset-md-1 col-lg-8 offset-lg-2\">\n        <div class=\"rich-text lead mb-60 mb-md-100\">\n            <p>Apr\u00e8s 34 ans de service, trois changements de propri\u00e9taire et six nouveaux noms de soci\u00e9t\u00e9, Ernst Simmen est toujours fid\u00e8le au poste dans la m\u00eame entreprise. V\u00e9ritable force tranquille et plaque tournante dans sa fonction de responsable de projet et de montage, cet homme de 53 ans a acquis une grande exp\u00e9rience dans l\u2019installation de syst\u00e8mes de chauffage et de climatisation. Il nous parle aujourd\u2019hui d\u2019une commande relative \u00e0 l\u2019automation de b\u00e2timent qu\u2019il a pu r\u00e9aliser avec <a href=\"https:\/\/www.equans.ch\/fr\/accueil?gad_source=1\">EQUANS Services SA<\/a> pour la soci\u00e9t\u00e9 <a href=\"https:\/\/terraviva.bio\/fr\">Terraviva sa<\/a>.<\/p>\n        <\/div>\n      <\/div>\n    <\/div>\n\t\n\t    <div class=\"row\">\n      <div class=\"col-12 mb-n40 mb-md-n60\">\n                  <div class=\"row mb-40 mb-md-60\">\n            <div class=\"text col-md-10 offset-md-1 col-lg-8 offset-lg-2\">\n\n\t<h2 >L\u2019essentiel en quelques faits et chiffres <\/h2>\n\n\t    <div class=\"rich-text big-space-between\">\n\t\t\t\n<li>EQUANS est une entreprise sp\u00e9cialis\u00e9e dans la technique de b\u00e2timent, l\u2019optimisation \u00e9nerg\u00e9tique et la num\u00e9risation dans les b\u00e2timents et sur les sites.<\/li>\n<li>1&rsquo;622 collaborateurs en Suisse et 74 000 dans le monde<\/li>\n<li>Fond\u00e9e il y a plus de 180 ans<\/li>\n<li>Pour les syst\u00e8mes techniques du nouveau b\u00e2timent de l\u2019organisation de producteur bio Terraviva sa, l\u2019entreprise a mis\u00e9 sur les \u00e9l\u00e9vateurs \u00e0 nacelle de type ciseaux de mateco<\/li>\n<li>Le coffrage de fa\u00e7ade du nouveau b\u00e2timent d\u2019une surface de 3&rsquo;500 m2 est exclusivement r\u00e9alis\u00e9 en bois<\/li>\n<li>Le rendement de l\u2019installation photovolta\u00efque est estim\u00e9 \u00e0 environ 1,2 GWh par an, ce qui permet \u00e0 Terraviva sa de couvrir pr\u00e8s de 80 % de ses propres besoins \u00e9nerg\u00e9tiques<\/li>\n    <\/div>\n\t\n\t\n<\/div>          <\/div>\n                  <div class=\"row mb-40 mb-md-60\">\n            <div class=\"interview col-md-10 offset-md-1 col-lg-8 offset-lg-2\">\n\t        <div class=\"rich-text\">\n          <p class=\"strong\"><strong>Monsieur Simmen, pouvez-vous nous parler du projet de Terraviva sa ? <\/strong><\/p>\n\t\t\t\t\t<p>Terraviva sa nous a mandat\u00e9s pour installer les syst\u00e8mes de chauffage, de ventilation et de climatisation, des sanitaires et de l\u2019automation de b\u00e2timent. Concr\u00e8tement, les locaux de Terraviva sa sont refroidis avec deux machines frigorifiques et, au besoin, chauff\u00e9s avec la chaleur rejet\u00e9e. Comme il y a plus \u00e0 refroidir qu&rsquo;\u00e0 chauffer, les rejets thermiques suffisent pour couvrir les besoins en chauffage.<\/p>\n        <\/div>\n\t\t\t        <div class=\"rich-text\">\n          <p class=\"strong\"><strong>Qu\u2019est-ce qui est important \u00e0 vos yeux lors de la planification et la r\u00e9alisation d\u2019une intervention ?\r\n<\/strong><\/p>\n\t\t\t\t\t<p>Avoir la bonne machine au bon moment sur le chantier vaut de l\u2019or, afin que nos monteurs puissent travailler sans interruption. C\u2019est notamment pour cette raison que l\u2019optimisation de la dur\u00e9e de location est si importante, car elle permet d\u2019\u00e9viter les d\u00e9penses inutiles.<\/p>\n        <\/div>\n\t\t\t        <div class=\"rich-text\">\n          <p class=\"strong\"><strong>Pourquoi avez-vous choisi mateco pour la location des \u00e9l\u00e9vateurs \u00e0 nacelle ?\r\n<\/strong><\/p>\n\t\t\t\t\t<p>Avec notre acheteur, nous discutons des co\u00fbts principaux et d\u00e9terminons les fournisseurs externes \u00e0 qui nous demandons une offre. mateco nous a soumis la meilleure offre dans le domaine des \u00e9l\u00e9vateurs \u00e0 nacelle \u2013 un mix entre location et transport \u00e0 un prix optimal.<\/p>\n        <\/div>\n\t\t\t        <div class=\"rich-text\">\n          <p class=\"strong\"><strong>Quels travaux effectuez-vous habituellement avec les \u00e9l\u00e9vateurs \u00e0 nacelle ?\r\n<\/strong><\/p>\n\t\t\t\t\t<p>Il s\u2019agit g\u00e9n\u00e9ralement de montages de tuyauteries et de conduits de ventilation. Cela signifie que nous commen\u00e7ons par percer des trous dans le b\u00e9ton, le bois ou l\u2019acier pour monter ensuite les colliers de serrage pr\u00e9par\u00e9s ainsi que les tuyaux et les conduits de ventilation. Nous r\u00e9alisons \u00e9galement les joints de soudure, sertissons les raccords de tuyaux et vissons les conduits de ventilation. Les tuyaux et les conduits \u2013 et tout ce qui est n\u00e9cessaire \u2013 sont amen\u00e9s en hauteur avec les \u00e9l\u00e9vateurs \u00e0 nacelle.<\/p>\n        <\/div>\n\t\t\t        <div class=\"rich-text\">\n          <p class=\"strong\"><strong>Pour vos travaux techniques, vous misez sur certains \u00e9l\u00e9vateurs \u00e0 nacelle. \u00c0 quoi veillez-vous dans ce domaine ?\r\n<\/strong><\/p>\n\t\t\t\t\t<p>EQUANS utilise actuellement 24 \u00e9l\u00e9vateurs \u00e0 nacelle, plus pr\u00e9cis\u00e9ment les \u00e9l\u00e9vateur \u00e0 nacelle de type ciseaux ES0607 EP, JLG 1932R, JLG 2646 ES et JLG 3246 ES. Le b\u00e2timent se compose de trois halles sur deux \u00e9tages de hauteurs diff\u00e9rentes. Nous avons donc s\u00e9lectionn\u00e9 quatre types d\u2019\u00e9l\u00e9vateurs \u00e0 nacelle. Quelque 25 monteurs et deux soci\u00e9t\u00e9s d\u2019isolation travaillent actuellement pour nous.<\/p>\n        <\/div>\n\t\t\t        <div class=\"rich-text\">\n          <p class=\"strong\"><strong>Comment d\u00e9cririez-vous la collaboration avec mateco ?\r\n<\/strong><\/p>\n\t\t\t\t\t<p>mateco a toujours \u00e9t\u00e9 tr\u00e8s comp\u00e9tent et serviable. Le service rapide, lorsqu\u2019un \u00e9l\u00e9vateur \u00e0 nacelle \u00e9tait en panne et ne fonctionnait pas, par exemple, a \u00e9t\u00e9 impeccable. mateco a \u00e9galement fait preuve de flexibilit\u00e9 au niveau du transport et le chauffeur nous demande toujours si nous voulons qu\u2019il nous montre le maniement de la machine.<\/p>\n        <\/div>\n\t\t\t        <div class=\"rich-text\">\n          <p class=\"strong\"><strong>Avez-vous rencontr\u00e9 des difficult\u00e9s impr\u00e9vues pendant ce projet ?\r\n<\/strong><\/p>\n\t\t\t\t\t<p>La fixation des grands refroidisseurs d\u2019air ventil\u00e9 en hauteur dans les immenses chambres froides s\u2019est r\u00e9v\u00e9l\u00e9e compliqu\u00e9e car aucune charge ne pouvait \u00eatre fix\u00e9e au plafond de ces salles. En d\u2019autres termes, le poids des unit\u00e9s de refroidissement devait \u00eatre support\u00e9 par les poutres en bois situ\u00e9es au-dessus du plafond et les tiges filet\u00e9es devaient traverser le plafond des chambres froides et \u00eatre isol\u00e9es ou garnies de mousse en cons\u00e9quence. Pour que tout fonctionne parfaitement, nous avons travaill\u00e9 main dans la main avec le fabricant de chambres froides. Ici aussi, nous avons utilis\u00e9 des machines de mateco. Les \u00e9l\u00e9vateurs \u00e0 nacelle nous ont permis d\u2019atteindre les points de fixation souhait\u00e9s.<\/p>\n        <\/div>\n\t\t\t        <div class=\"rich-text\">\n          <p class=\"strong\"><strong>Quels conseils donneriez-vous aux entreprises qui planifient des projets similaires avec des \u00e9l\u00e9vateurs \u00e0 nacelle ?\r\n<\/strong><\/p>\n\t\t\t\t\t<p>Collaborer avec une soci\u00e9t\u00e9 capable de louer suffisamment de machines au bon moment &#8211; et qui offre un service de premi\u00e8re classe et une disponibilit\u00e9 \u00e9lev\u00e9e, naturellement.<\/p>\n        <\/div>\n\t\t\t<\/div>          <\/div>\n                  <div class=\"row mb-40 mb-md-60\">\n            <div class=\"cta-team col-12\">\n\n  \n  <div class=\"bg-yellow\">\n\t  \t  <div class=\"cta-team d-flex flex-column flex-md-row\">\n      <div class=\"img-wrapper\">\n\t\t  <img width=\"610\" height=\"610\" src=\"https:\/\/www.mateco.ch\/wp-content\/uploads\/2023\/08\/olivier-duss-610x610-1.jpg\" class=\"h-100\" alt=\"\" loading=\"lazy\" decoding=\"async\" srcset=\"https:\/\/www.mateco.ch\/wp-content\/uploads\/2023\/08\/olivier-duss-610x610-1.jpg 610w, https:\/\/www.mateco.ch\/wp-content\/uploads\/2023\/08\/olivier-duss-610x610-1-150x150.jpg 150w, https:\/\/www.mateco.ch\/wp-content\/uploads\/2023\/08\/olivier-duss-610x610-1-300x300.jpg 300w\" sizes=\"auto, (max-width: 610px) 100vw, 610px\" \/>    <\/div>\n  \t<div class=\"content p-20 p-md-40 p-lg-60 yellow d-flex align-items-center flex-fill\">\n    <div>\n\t    <h3 class=\"mb-10\">Chef de projet<\/h3>\n      <div class=\"rich-text\">\n                <p><span class=\"fw-700\">Olivier Duss, <\/span>Product and Sales Manager<\/p>\n      <\/div>\n\t    <div class=\"button-group d-flex flex-column flex-lg-row mt-30\">\n\t<a href=\"mailto:olivier.duss@mateco.ch\" target=\"\" title=\"olivier.duss@mateco.ch\" class=\"btn btn-bg-mateco_red \" >\n\n  <i class=\"icon-mail\"><\/i>\n      <span class=\"btn-text\">olivier.duss@mateco.ch<\/span>\n  \n  \n<\/a>\n<a href=\"tel:0442961090\" target=\"\" title=\"044 296 10 90\" class=\"btn btn-bg-blue \" >\n\n  <i class=\"icon-phone\"><\/i>\n      <span class=\"btn-text\">044 296 10 90<\/span>\n  \n  \n<\/a>\n<\/div>    <\/div>\n\t<\/div>\n<\/div>\n  <\/div>\n<\/div>          <\/div>\n              <\/div>\n    <\/div>\n\t\n<\/div>\n","protected":false},"excerpt":{"rendered":"<p>Apr\u00e8s 34 ans de service, trois changements de propri\u00e9taire et six nouveaux noms de soci\u00e9t\u00e9, Ernst Simmen est toujours fid\u00e8le au poste dans la m\u00eame entreprise. V\u00e9ritable force tranquille et plaque tournante dans sa fonction de responsable de projet et de montage, cet homme de 53 ans a acquis une grande exp\u00e9rience dans l\u2019installation de syst\u00e8mes de chauffage et de climatisation. Il nous parle aujourd\u2019hui d\u2019une commande relative \u00e0 l\u2019automation de b\u00e2timent qu\u2019il a pu r\u00e9aliser avec EQUANS Services SA pour la soci\u00e9t\u00e9 Terraviva sa. <\/p>\n","protected":false},"featured_media":4844,"template":"","application_areas_category":[106],"class_list":["post-4846","references","type-references","status-publish","has-post-thumbnail","hentry","application_areas_category-facility-management-und-gebaeudetechnik-fr"],"acf":[],"yoast_head":"<title>Technique du b\u00e2timent, Chi\u00e8tres - mateco AG<\/title>\n<meta name=\"robots\" content=\"index, follow, max-snippet:-1, max-image-preview:large, max-video-preview:-1\" \/>\n<link rel=\"canonical\" href=\"https:\/\/www.mateco.ch\/fr\/societe\/references\/technique-du-batiment-chietres\/\" \/>\n<meta property=\"og:locale\" content=\"fr_FR\" \/>\n<meta property=\"og:type\" content=\"article\" \/>\n<meta property=\"og:title\" content=\"Technique du b\u00e2timent, Chi\u00e8tres - mateco AG\" \/>\n<meta property=\"og:description\" content=\"Apr\u00e8s 34 ans de service, trois changements de propri\u00e9taire et six nouveaux noms de soci\u00e9t\u00e9, Ernst Simmen est toujours fid\u00e8le au poste dans la m\u00eame entreprise. V\u00e9ritable force tranquille et plaque tournante dans sa fonction de responsable de projet et de montage, cet homme de 53 ans a acquis une grande exp\u00e9rience dans l\u2019installation de syst\u00e8mes de chauffage et de climatisation. Il nous parle aujourd\u2019hui d\u2019une commande relative \u00e0 l\u2019automation de b\u00e2timent qu\u2019il a pu r\u00e9aliser avec EQUANS Services SA pour la soci\u00e9t\u00e9 Terraviva sa.\" \/>\n<meta property=\"og:url\" content=\"https:\/\/www.mateco.ch\/fr\/societe\/references\/technique-du-batiment-chietres\/\" \/>\n<meta property=\"og:site_name\" content=\"mateco AG\" \/>\n<meta property=\"article:modified_time\" content=\"2025-01-06T09:53:40+00:00\" \/>\n<meta property=\"og:image\" content=\"https:\/\/www.mateco.ch\/wp-content\/uploads\/2024\/03\/dscf7044-4-scaled.jpeg\" \/>\n\t<meta property=\"og:image:width\" content=\"2560\" \/>\n\t<meta property=\"og:image:height\" content=\"1707\" \/>\n\t<meta property=\"og:image:type\" content=\"image\/jpeg\" \/>\n<meta name=\"twitter:card\" content=\"summary_large_image\" \/>\n<script type=\"application\/ld+json\" class=\"yoast-schema-graph\">{\"@context\":\"https:\\\/\\\/schema.org\",\"@graph\":[{\"@type\":\"WebPage\",\"@id\":\"https:\\\/\\\/www.mateco.ch\\\/fr\\\/societe\\\/references\\\/technique-du-batiment-chietres\\\/\",\"url\":\"https:\\\/\\\/www.mateco.ch\\\/fr\\\/societe\\\/references\\\/technique-du-batiment-chietres\\\/\",\"name\":\"Technique du b\u00e2timent, Chi\u00e8tres - mateco AG\",\"isPartOf\":{\"@id\":\"https:\\\/\\\/www.mateco.ch\\\/fr\\\/#website\"},\"primaryImageOfPage\":{\"@id\":\"https:\\\/\\\/www.mateco.ch\\\/fr\\\/societe\\\/references\\\/technique-du-batiment-chietres\\\/#primaryimage\"},\"image\":{\"@id\":\"https:\\\/\\\/www.mateco.ch\\\/fr\\\/societe\\\/references\\\/technique-du-batiment-chietres\\\/#primaryimage\"},\"thumbnailUrl\":\"https:\\\/\\\/www.mateco.ch\\\/wp-content\\\/uploads\\\/2024\\\/03\\\/dscf7044-4-scaled.jpeg\",\"datePublished\":\"2024-03-21T16:23:58+00:00\",\"dateModified\":\"2025-01-06T09:53:40+00:00\",\"breadcrumb\":{\"@id\":\"https:\\\/\\\/www.mateco.ch\\\/fr\\\/societe\\\/references\\\/technique-du-batiment-chietres\\\/#breadcrumb\"},\"inLanguage\":\"fr-FR\",\"potentialAction\":[{\"@type\":\"ReadAction\",\"target\":[\"https:\\\/\\\/www.mateco.ch\\\/fr\\\/societe\\\/references\\\/technique-du-batiment-chietres\\\/\"]}]},{\"@type\":\"ImageObject\",\"inLanguage\":\"fr-FR\",\"@id\":\"https:\\\/\\\/www.mateco.ch\\\/fr\\\/societe\\\/references\\\/technique-du-batiment-chietres\\\/#primaryimage\",\"url\":\"https:\\\/\\\/www.mateco.ch\\\/wp-content\\\/uploads\\\/2024\\\/03\\\/dscf7044-4-scaled.jpeg\",\"contentUrl\":\"https:\\\/\\\/www.mateco.ch\\\/wp-content\\\/uploads\\\/2024\\\/03\\\/dscf7044-4-scaled.jpeg\",\"width\":2560,\"height\":1707},{\"@type\":\"BreadcrumbList\",\"@id\":\"https:\\\/\\\/www.mateco.ch\\\/fr\\\/societe\\\/references\\\/technique-du-batiment-chietres\\\/#breadcrumb\",\"itemListElement\":[{\"@type\":\"ListItem\",\"position\":1,\"name\":\"Home\",\"item\":\"https:\\\/\\\/www.mateco.ch\\\/fr\\\/home\\\/\"},{\"@type\":\"ListItem\",\"position\":2,\"name\":\"Technique du b\u00e2timent, Chi\u00e8tres\"}]},{\"@type\":\"WebSite\",\"@id\":\"https:\\\/\\\/www.mateco.ch\\\/fr\\\/#website\",\"url\":\"https:\\\/\\\/www.mateco.ch\\\/fr\\\/\",\"name\":\"mateco AG\",\"description\":\"Ihr kompetenter Partner  rund um Arbeitsb\u00fchnen\",\"publisher\":{\"@id\":\"https:\\\/\\\/www.mateco.ch\\\/fr\\\/#organization\"},\"potentialAction\":[{\"@type\":\"SearchAction\",\"target\":{\"@type\":\"EntryPoint\",\"urlTemplate\":\"https:\\\/\\\/www.mateco.ch\\\/fr\\\/?s={search_term_string}\"},\"query-input\":{\"@type\":\"PropertyValueSpecification\",\"valueRequired\":true,\"valueName\":\"search_term_string\"}}],\"inLanguage\":\"fr-FR\"},{\"@type\":\"Organization\",\"@id\":\"https:\\\/\\\/www.mateco.ch\\\/fr\\\/#organization\",\"name\":\"mateco AG\",\"url\":\"https:\\\/\\\/www.mateco.ch\\\/fr\\\/\",\"logo\":{\"@type\":\"ImageObject\",\"inLanguage\":\"fr-FR\",\"@id\":\"https:\\\/\\\/www.mateco.ch\\\/fr\\\/#\\\/schema\\\/logo\\\/image\\\/\",\"url\":\"https:\\\/\\\/www.mateco.ch\\\/wp-content\\\/uploads\\\/2026\\\/07\\\/mateco_logo-scaled.png\",\"contentUrl\":\"https:\\\/\\\/www.mateco.ch\\\/wp-content\\\/uploads\\\/2026\\\/07\\\/mateco_logo-scaled.png\",\"width\":2560,\"height\":653,\"caption\":\"mateco AG\"},\"image\":{\"@id\":\"https:\\\/\\\/www.mateco.ch\\\/fr\\\/#\\\/schema\\\/logo\\\/image\\\/\"}}]}<\/script>","yoast_head_json":{"title":"Technique du b\u00e2timent, Chi\u00e8tres - mateco AG","robots":{"index":"index","follow":"follow","max-snippet":"max-snippet:-1","max-image-preview":"max-image-preview:large","max-video-preview":"max-video-preview:-1"},"canonical":"https:\/\/www.mateco.ch\/fr\/societe\/references\/technique-du-batiment-chietres\/","og_locale":"fr_FR","og_type":"article","og_title":"Technique du b\u00e2timent, Chi\u00e8tres - mateco AG","og_description":"Apr\u00e8s 34 ans de service, trois changements de propri\u00e9taire et six nouveaux noms de soci\u00e9t\u00e9, Ernst Simmen est toujours fid\u00e8le au poste dans la m\u00eame entreprise. V\u00e9ritable force tranquille et plaque tournante dans sa fonction de responsable de projet et de montage, cet homme de 53 ans a acquis une grande exp\u00e9rience dans l\u2019installation de syst\u00e8mes de chauffage et de climatisation. Il nous parle aujourd\u2019hui d\u2019une commande relative \u00e0 l\u2019automation de b\u00e2timent qu\u2019il a pu r\u00e9aliser avec EQUANS Services SA pour la soci\u00e9t\u00e9 Terraviva sa.","og_url":"https:\/\/www.mateco.ch\/fr\/societe\/references\/technique-du-batiment-chietres\/","og_site_name":"mateco AG","article_modified_time":"2025-01-06T09:53:40+00:00","og_image":[{"width":2560,"height":1707,"url":"https:\/\/www.mateco.ch\/wp-content\/uploads\/2024\/03\/dscf7044-4-scaled.jpeg","type":"image\/jpeg"}],"twitter_card":"summary_large_image","schema":{"@context":"https:\/\/schema.org","@graph":[{"@type":"WebPage","@id":"https:\/\/www.mateco.ch\/fr\/societe\/references\/technique-du-batiment-chietres\/","url":"https:\/\/www.mateco.ch\/fr\/societe\/references\/technique-du-batiment-chietres\/","name":"Technique du b\u00e2timent, Chi\u00e8tres - mateco AG","isPartOf":{"@id":"https:\/\/www.mateco.ch\/fr\/#website"},"primaryImageOfPage":{"@id":"https:\/\/www.mateco.ch\/fr\/societe\/references\/technique-du-batiment-chietres\/#primaryimage"},"image":{"@id":"https:\/\/www.mateco.ch\/fr\/societe\/references\/technique-du-batiment-chietres\/#primaryimage"},"thumbnailUrl":"https:\/\/www.mateco.ch\/wp-content\/uploads\/2024\/03\/dscf7044-4-scaled.jpeg","datePublished":"2024-03-21T16:23:58+00:00","dateModified":"2025-01-06T09:53:40+00:00","breadcrumb":{"@id":"https:\/\/www.mateco.ch\/fr\/societe\/references\/technique-du-batiment-chietres\/#breadcrumb"},"inLanguage":"fr-FR","potentialAction":[{"@type":"ReadAction","target":["https:\/\/www.mateco.ch\/fr\/societe\/references\/technique-du-batiment-chietres\/"]}]},{"@type":"ImageObject","inLanguage":"fr-FR","@id":"https:\/\/www.mateco.ch\/fr\/societe\/references\/technique-du-batiment-chietres\/#primaryimage","url":"https:\/\/www.mateco.ch\/wp-content\/uploads\/2024\/03\/dscf7044-4-scaled.jpeg","contentUrl":"https:\/\/www.mateco.ch\/wp-content\/uploads\/2024\/03\/dscf7044-4-scaled.jpeg","width":2560,"height":1707},{"@type":"BreadcrumbList","@id":"https:\/\/www.mateco.ch\/fr\/societe\/references\/technique-du-batiment-chietres\/#breadcrumb","itemListElement":[{"@type":"ListItem","position":1,"name":"Home","item":"https:\/\/www.mateco.ch\/fr\/home\/"},{"@type":"ListItem","position":2,"name":"Technique du b\u00e2timent, Chi\u00e8tres"}]},{"@type":"WebSite","@id":"https:\/\/www.mateco.ch\/fr\/#website","url":"https:\/\/www.mateco.ch\/fr\/","name":"mateco AG","description":"Ihr kompetenter Partner  rund um Arbeitsb\u00fchnen","publisher":{"@id":"https:\/\/www.mateco.ch\/fr\/#organization"},"potentialAction":[{"@type":"SearchAction","target":{"@type":"EntryPoint","urlTemplate":"https:\/\/www.mateco.ch\/fr\/?s={search_term_string}"},"query-input":{"@type":"PropertyValueSpecification","valueRequired":true,"valueName":"search_term_string"}}],"inLanguage":"fr-FR"},{"@type":"Organization","@id":"https:\/\/www.mateco.ch\/fr\/#organization","name":"mateco AG","url":"https:\/\/www.mateco.ch\/fr\/","logo":{"@type":"ImageObject","inLanguage":"fr-FR","@id":"https:\/\/www.mateco.ch\/fr\/#\/schema\/logo\/image\/","url":"https:\/\/www.mateco.ch\/wp-content\/uploads\/2026\/07\/mateco_logo-scaled.png","contentUrl":"https:\/\/www.mateco.ch\/wp-content\/uploads\/2026\/07\/mateco_logo-scaled.png","width":2560,"height":653,"caption":"mateco AG"},"image":{"@id":"https:\/\/www.mateco.ch\/fr\/#\/schema\/logo\/image\/"}}]}},"_links":{"self":[{"href":"https:\/\/www.mateco.ch\/fr\/wp-json\/wp\/v2\/references\/4846","targetHints":{"allow":["GET"]}}],"collection":[{"href":"https:\/\/www.mateco.ch\/fr\/wp-json\/wp\/v2\/references"}],"about":[{"href":"https:\/\/www.mateco.ch\/fr\/wp-json\/wp\/v2\/types\/references"}],"version-history":[{"count":4,"href":"https:\/\/www.mateco.ch\/fr\/wp-json\/wp\/v2\/references\/4846\/revisions"}],"predecessor-version":[{"id":10763,"href":"https:\/\/www.mateco.ch\/fr\/wp-json\/wp\/v2\/references\/4846\/revisions\/10763"}],"wp:featuredmedia":[{"embeddable":true,"href":"https:\/\/www.mateco.ch\/fr\/wp-json\/wp\/v2\/media\/4844"}],"wp:attachment":[{"href":"https:\/\/www.mateco.ch\/fr\/wp-json\/wp\/v2\/media?parent=4846"}],"wp:term":[{"taxonomy":"application_areas_category","embeddable":true,"href":"https:\/\/www.mateco.ch\/fr\/wp-json\/wp\/v2\/application_areas_category?post=4846"}],"curies":[{"name":"wp","href":"https:\/\/api.w.org\/{rel}","templated":true}]}}