{"id":4889,"date":"2024-03-12T15:46:23","date_gmt":"2024-03-12T14:46:23","guid":{"rendered":"https:\/\/staging.maltech.ch\/unternehmen\/referenzen\/montage-weihnachtsbeleuchtung-stadt-zuerich\/"},"modified":"2024-05-21T09:58:26","modified_gmt":"2024-05-21T07:58:26","slug":"installation-des-decorations-de-noel-a-l-hotel-lausanne-palace","status":"publish","type":"references","link":"https:\/\/www.mateco.ch\/fr\/societe\/references\/installation-des-decorations-de-noel-a-l-hotel-lausanne-palace\/","title":{"rendered":"Installation des d\u00e9corations de No\u00ebl \u00e0 l\u2019h\u00f4tel Lausanne Palace"},"content":{"rendered":"<div class=\"container global-content-styles\">\n\n\t<div class=\"button-group d-inline-flex mt-0 mb-30\">\n\t<a href=\"\/fr\/societe-2\/references\/\" target=\"\" title=\"Retour aux r\u00e9sultats\" class=\"btn btn-primary btn-bg-mateco_red \" >\n\n  <i class=\"icon-chevron\"><\/i>\n      <span class=\"btn-text\">Retour aux r\u00e9sultats<\/span>\n  \n  \n<\/a>\n<\/div>\n\t    <div class=\"reference-media\">\n              <div class=\"img-wrapper one-image\">\n\t\t\t\t\t\t<picture>\n\t\t\t\n\t\t\t<img width=\"768\" height=\"1024\" src=\"https:\/\/www.mateco.ch\/wp-content\/uploads\/2024\/03\/maltech_nl_5-768x1024.jpg\" class=\"w-full h-auto\" alt=\"\" loading=\"lazy\" decoding=\"async\" srcset=\"https:\/\/www.mateco.ch\/wp-content\/uploads\/2024\/03\/maltech_nl_5-768x1024.jpg 768w, https:\/\/www.mateco.ch\/wp-content\/uploads\/2024\/03\/maltech_nl_5-225x300.jpg 225w, https:\/\/www.mateco.ch\/wp-content\/uploads\/2024\/03\/maltech_nl_5.jpg 837w\" sizes=\"auto, (max-width: 768px) 100vw, 768px\" \/>\t\t<\/picture>\n\t\t        <\/div>\n      \n      <aside class=\"reference-rebrand-notice reference-rebrand-notice--detail\" aria-label=\"Note concernant le changement de raison sociale\">\n\t<span class=\"reference-rebrand-notice__eyebrow\">Maltech est mateco.<\/span>\n\t<strong class=\"reference-rebrand-notice__title\">Tout reste meilleur.<\/strong>\n<\/aside>\n    <\/div>\n\t\n\t<h1 class=\"text-md-center mt-50\">Installation des d\u00e9corations de No\u00ebl \u00e0 l\u2019h\u00f4tel Lausanne Palace<\/h1>\n\n\t    <div class=\"row\">\n      <div class=\"col-md-10 offset-md-1 col-lg-8 offset-lg-2\">\n        <div class=\"rich-text lead mb-60 mb-md-100\">\n            <p>D\u00e8s la fin novembre, l\u2019h\u00f4tel Lausanne Palace rev\u00eat chaque ann\u00e9e son \u00e9clatant habit de lumi\u00e8re festif. mateco participe \u00e0 la cr\u00e9ation de cet effet enchanteur. Depuis plus de 10 ans, l\u2019installation de l\u2019\u00e9clairage de No\u00ebl sur cet h\u00f4tel prestigieux situ\u00e9 au c\u0153ur du quartier commercial et des affaires requiert l\u2019intervention d\u2019un \u00e9l\u00e9vateur \u00e0 nacelle sur camion.<\/p>\n        <\/div>\n      <\/div>\n    <\/div>\n\t\n\t    <div class=\"row\">\n      <div class=\"col-12 mb-n40 mb-md-n60\">\n                  <div class=\"row mb-40 mb-md-60\">\n            <div class=\"text col-md-10 offset-md-1 col-lg-8 offset-lg-2\">\n\n\t\n\t    <div class=\"rich-text big-space-between\">\n\t\t\t<p>Pour ces missions passionnantes, mateco met non seulement \u00e0 disposition les machines ad\u00e9quates mais s\u2019occupe aussi de toute la planification de l\u2019intervention, de l\u2019obtention de l&rsquo;autorisation des autorit\u00e9s en passant par la gestion du trafic et la r\u00e9alisation en toute s\u00e9curit\u00e9 avec nos op\u00e9rateurs exp\u00e9riment\u00e9s<\/p>\n    <\/div>\n\t\n\t\n<\/div>          <\/div>\n                  <div class=\"row mb-40 mb-md-60\">\n            <div class=\"cta-team col-12\">\n\n  \n  <div class=\"bg-yellow\">\n\t  \t  <div class=\"cta-team d-flex flex-column flex-md-row\">\n      <div class=\"img-wrapper\">\n\t\t  <img width=\"610\" height=\"610\" src=\"https:\/\/www.mateco.ch\/wp-content\/uploads\/2024\/03\/nicolas-lauper-610x610-1.jpg\" class=\"h-100\" alt=\"\" loading=\"lazy\" decoding=\"async\" srcset=\"https:\/\/www.mateco.ch\/wp-content\/uploads\/2024\/03\/nicolas-lauper-610x610-1.jpg 610w, https:\/\/www.mateco.ch\/wp-content\/uploads\/2024\/03\/nicolas-lauper-610x610-1-150x150.jpg 150w, https:\/\/www.mateco.ch\/wp-content\/uploads\/2024\/03\/nicolas-lauper-610x610-1-300x300.jpg 300w\" sizes=\"auto, (max-width: 610px) 100vw, 610px\" \/>    <\/div>\n  \t<div class=\"content p-20 p-md-40 p-lg-60 yellow d-flex align-items-center flex-fill\">\n    <div>\n\t    <h3 class=\"mb-10\">Chef de projet<\/h3>\n      <div class=\"rich-text\">\n                <p><span class=\"fw-700\">Nicolas Lauper, <\/span>Responsable de succursale<\/p>\n      <\/div>\n\t    <div class=\"button-group d-flex flex-column flex-lg-row mt-30\">\n\t<a href=\"mailto:nicolas.lauper@mateco.ch\" target=\"\" title=\"nicolas.lauper@mateco.ch\" class=\"btn btn-bg-mateco_red \" >\n\n  <i class=\"icon-mail\"><\/i>\n      <span class=\"btn-text\">nicolas.lauper@mateco.ch<\/span>\n  \n  \n<\/a>\n<a href=\"tel:0218670599\" target=\"\" title=\"021 867 05 99\" class=\"btn btn-bg-blue \" >\n\n  <i class=\"icon-phone\"><\/i>\n      <span class=\"btn-text\">021 867 05 99<\/span>\n  \n  \n<\/a>\n<\/div>    <\/div>\n\t<\/div>\n<\/div>\n  <\/div>\n<\/div>          <\/div>\n              <\/div>\n    <\/div>\n\t\n<\/div>\n","protected":false},"excerpt":{"rendered":"<p>D\u00e8s la fin novembre, l\u2019h\u00f4tel Lausanne Palace rev\u00eat chaque ann\u00e9e son \u00e9clatant habit de lumi\u00e8re festif. mateco participe \u00e0 la cr\u00e9ation de cet effet enchanteur. <\/p>\n","protected":false},"featured_media":4885,"template":"","application_areas_category":[107,105],"class_list":["post-4889","references","type-references","status-publish","has-post-thumbnail","hentry","application_areas_category-event-und-werbetechnik-fr","application_areas_category-oeffentliche-hand-fr"],"acf":[],"yoast_head":"<title>Installation des d\u00e9corations de No\u00ebl \u00e0 l\u2019h\u00f4tel Lausanne Palace - mateco AG<\/title>\n<meta name=\"robots\" content=\"index, follow, max-snippet:-1, max-image-preview:large, max-video-preview:-1\" \/>\n<link rel=\"canonical\" href=\"https:\/\/www.mateco.ch\/fr\/societe\/references\/installation-des-decorations-de-noel-a-l-hotel-lausanne-palace\/\" \/>\n<meta property=\"og:locale\" content=\"fr_FR\" \/>\n<meta property=\"og:type\" content=\"article\" \/>\n<meta property=\"og:title\" content=\"Installation des d\u00e9corations de No\u00ebl \u00e0 l\u2019h\u00f4tel Lausanne Palace - mateco AG\" \/>\n<meta property=\"og:description\" content=\"D\u00e8s la fin novembre, l\u2019h\u00f4tel Lausanne Palace rev\u00eat chaque ann\u00e9e son \u00e9clatant habit de lumi\u00e8re festif. mateco participe \u00e0 la cr\u00e9ation de cet effet enchanteur.\" \/>\n<meta property=\"og:url\" content=\"https:\/\/www.mateco.ch\/fr\/societe\/references\/installation-des-decorations-de-noel-a-l-hotel-lausanne-palace\/\" \/>\n<meta property=\"og:site_name\" content=\"mateco AG\" \/>\n<meta property=\"article:modified_time\" content=\"2024-05-21T07:58:26+00:00\" \/>\n<meta property=\"og:image\" content=\"https:\/\/www.mateco.ch\/wp-content\/uploads\/2024\/03\/maltech_3.jpg\" \/>\n\t<meta property=\"og:image:width\" content=\"1940\" \/>\n\t<meta property=\"og:image:height\" content=\"1116\" \/>\n\t<meta property=\"og:image:type\" content=\"image\/jpeg\" \/>\n<meta name=\"twitter:card\" content=\"summary_large_image\" \/>\n<script type=\"application\/ld+json\" class=\"yoast-schema-graph\">{\"@context\":\"https:\\\/\\\/schema.org\",\"@graph\":[{\"@type\":\"WebPage\",\"@id\":\"https:\\\/\\\/www.mateco.ch\\\/fr\\\/societe\\\/references\\\/installation-des-decorations-de-noel-a-l-hotel-lausanne-palace\\\/\",\"url\":\"https:\\\/\\\/www.mateco.ch\\\/fr\\\/societe\\\/references\\\/installation-des-decorations-de-noel-a-l-hotel-lausanne-palace\\\/\",\"name\":\"Installation des d\u00e9corations de No\u00ebl \u00e0 l\u2019h\u00f4tel Lausanne Palace - mateco AG\",\"isPartOf\":{\"@id\":\"https:\\\/\\\/www.mateco.ch\\\/fr\\\/#website\"},\"primaryImageOfPage\":{\"@id\":\"https:\\\/\\\/www.mateco.ch\\\/fr\\\/societe\\\/references\\\/installation-des-decorations-de-noel-a-l-hotel-lausanne-palace\\\/#primaryimage\"},\"image\":{\"@id\":\"https:\\\/\\\/www.mateco.ch\\\/fr\\\/societe\\\/references\\\/installation-des-decorations-de-noel-a-l-hotel-lausanne-palace\\\/#primaryimage\"},\"thumbnailUrl\":\"https:\\\/\\\/www.mateco.ch\\\/wp-content\\\/uploads\\\/2024\\\/03\\\/maltech_3.jpg\",\"datePublished\":\"2024-03-12T14:46:23+00:00\",\"dateModified\":\"2024-05-21T07:58:26+00:00\",\"breadcrumb\":{\"@id\":\"https:\\\/\\\/www.mateco.ch\\\/fr\\\/societe\\\/references\\\/installation-des-decorations-de-noel-a-l-hotel-lausanne-palace\\\/#breadcrumb\"},\"inLanguage\":\"fr-FR\",\"potentialAction\":[{\"@type\":\"ReadAction\",\"target\":[\"https:\\\/\\\/www.mateco.ch\\\/fr\\\/societe\\\/references\\\/installation-des-decorations-de-noel-a-l-hotel-lausanne-palace\\\/\"]}]},{\"@type\":\"ImageObject\",\"inLanguage\":\"fr-FR\",\"@id\":\"https:\\\/\\\/www.mateco.ch\\\/fr\\\/societe\\\/references\\\/installation-des-decorations-de-noel-a-l-hotel-lausanne-palace\\\/#primaryimage\",\"url\":\"https:\\\/\\\/www.mateco.ch\\\/wp-content\\\/uploads\\\/2024\\\/03\\\/maltech_3.jpg\",\"contentUrl\":\"https:\\\/\\\/www.mateco.ch\\\/wp-content\\\/uploads\\\/2024\\\/03\\\/maltech_3.jpg\",\"width\":1940,\"height\":1116},{\"@type\":\"BreadcrumbList\",\"@id\":\"https:\\\/\\\/www.mateco.ch\\\/fr\\\/societe\\\/references\\\/installation-des-decorations-de-noel-a-l-hotel-lausanne-palace\\\/#breadcrumb\",\"itemListElement\":[{\"@type\":\"ListItem\",\"position\":1,\"name\":\"Home\",\"item\":\"https:\\\/\\\/www.mateco.ch\\\/fr\\\/home\\\/\"},{\"@type\":\"ListItem\",\"position\":2,\"name\":\"Installation des d\u00e9corations de No\u00ebl \u00e0 l\u2019h\u00f4tel Lausanne Palace\"}]},{\"@type\":\"WebSite\",\"@id\":\"https:\\\/\\\/www.mateco.ch\\\/fr\\\/#website\",\"url\":\"https:\\\/\\\/www.mateco.ch\\\/fr\\\/\",\"name\":\"mateco AG\",\"description\":\"Ihr kompetenter Partner  rund um Arbeitsb\u00fchnen\",\"publisher\":{\"@id\":\"https:\\\/\\\/www.mateco.ch\\\/fr\\\/#organization\"},\"potentialAction\":[{\"@type\":\"SearchAction\",\"target\":{\"@type\":\"EntryPoint\",\"urlTemplate\":\"https:\\\/\\\/www.mateco.ch\\\/fr\\\/?s={search_term_string}\"},\"query-input\":{\"@type\":\"PropertyValueSpecification\",\"valueRequired\":true,\"valueName\":\"search_term_string\"}}],\"inLanguage\":\"fr-FR\"},{\"@type\":\"Organization\",\"@id\":\"https:\\\/\\\/www.mateco.ch\\\/fr\\\/#organization\",\"name\":\"mateco AG\",\"url\":\"https:\\\/\\\/www.mateco.ch\\\/fr\\\/\",\"logo\":{\"@type\":\"ImageObject\",\"inLanguage\":\"fr-FR\",\"@id\":\"https:\\\/\\\/www.mateco.ch\\\/fr\\\/#\\\/schema\\\/logo\\\/image\\\/\",\"url\":\"https:\\\/\\\/www.mateco.ch\\\/wp-content\\\/uploads\\\/2026\\\/07\\\/mateco_logo-scaled.png\",\"contentUrl\":\"https:\\\/\\\/www.mateco.ch\\\/wp-content\\\/uploads\\\/2026\\\/07\\\/mateco_logo-scaled.png\",\"width\":2560,\"height\":653,\"caption\":\"mateco AG\"},\"image\":{\"@id\":\"https:\\\/\\\/www.mateco.ch\\\/fr\\\/#\\\/schema\\\/logo\\\/image\\\/\"}}]}<\/script>","yoast_head_json":{"title":"Installation des d\u00e9corations de No\u00ebl \u00e0 l\u2019h\u00f4tel Lausanne Palace - mateco AG","robots":{"index":"index","follow":"follow","max-snippet":"max-snippet:-1","max-image-preview":"max-image-preview:large","max-video-preview":"max-video-preview:-1"},"canonical":"https:\/\/www.mateco.ch\/fr\/societe\/references\/installation-des-decorations-de-noel-a-l-hotel-lausanne-palace\/","og_locale":"fr_FR","og_type":"article","og_title":"Installation des d\u00e9corations de No\u00ebl \u00e0 l\u2019h\u00f4tel Lausanne Palace - mateco AG","og_description":"D\u00e8s la fin novembre, l\u2019h\u00f4tel Lausanne Palace rev\u00eat chaque ann\u00e9e son \u00e9clatant habit de lumi\u00e8re festif. mateco participe \u00e0 la cr\u00e9ation de cet effet enchanteur.","og_url":"https:\/\/www.mateco.ch\/fr\/societe\/references\/installation-des-decorations-de-noel-a-l-hotel-lausanne-palace\/","og_site_name":"mateco AG","article_modified_time":"2024-05-21T07:58:26+00:00","og_image":[{"width":1940,"height":1116,"url":"https:\/\/www.mateco.ch\/wp-content\/uploads\/2024\/03\/maltech_3.jpg","type":"image\/jpeg"}],"twitter_card":"summary_large_image","schema":{"@context":"https:\/\/schema.org","@graph":[{"@type":"WebPage","@id":"https:\/\/www.mateco.ch\/fr\/societe\/references\/installation-des-decorations-de-noel-a-l-hotel-lausanne-palace\/","url":"https:\/\/www.mateco.ch\/fr\/societe\/references\/installation-des-decorations-de-noel-a-l-hotel-lausanne-palace\/","name":"Installation des d\u00e9corations de No\u00ebl \u00e0 l\u2019h\u00f4tel Lausanne Palace - mateco AG","isPartOf":{"@id":"https:\/\/www.mateco.ch\/fr\/#website"},"primaryImageOfPage":{"@id":"https:\/\/www.mateco.ch\/fr\/societe\/references\/installation-des-decorations-de-noel-a-l-hotel-lausanne-palace\/#primaryimage"},"image":{"@id":"https:\/\/www.mateco.ch\/fr\/societe\/references\/installation-des-decorations-de-noel-a-l-hotel-lausanne-palace\/#primaryimage"},"thumbnailUrl":"https:\/\/www.mateco.ch\/wp-content\/uploads\/2024\/03\/maltech_3.jpg","datePublished":"2024-03-12T14:46:23+00:00","dateModified":"2024-05-21T07:58:26+00:00","breadcrumb":{"@id":"https:\/\/www.mateco.ch\/fr\/societe\/references\/installation-des-decorations-de-noel-a-l-hotel-lausanne-palace\/#breadcrumb"},"inLanguage":"fr-FR","potentialAction":[{"@type":"ReadAction","target":["https:\/\/www.mateco.ch\/fr\/societe\/references\/installation-des-decorations-de-noel-a-l-hotel-lausanne-palace\/"]}]},{"@type":"ImageObject","inLanguage":"fr-FR","@id":"https:\/\/www.mateco.ch\/fr\/societe\/references\/installation-des-decorations-de-noel-a-l-hotel-lausanne-palace\/#primaryimage","url":"https:\/\/www.mateco.ch\/wp-content\/uploads\/2024\/03\/maltech_3.jpg","contentUrl":"https:\/\/www.mateco.ch\/wp-content\/uploads\/2024\/03\/maltech_3.jpg","width":1940,"height":1116},{"@type":"BreadcrumbList","@id":"https:\/\/www.mateco.ch\/fr\/societe\/references\/installation-des-decorations-de-noel-a-l-hotel-lausanne-palace\/#breadcrumb","itemListElement":[{"@type":"ListItem","position":1,"name":"Home","item":"https:\/\/www.mateco.ch\/fr\/home\/"},{"@type":"ListItem","position":2,"name":"Installation des d\u00e9corations de No\u00ebl \u00e0 l\u2019h\u00f4tel Lausanne Palace"}]},{"@type":"WebSite","@id":"https:\/\/www.mateco.ch\/fr\/#website","url":"https:\/\/www.mateco.ch\/fr\/","name":"mateco AG","description":"Ihr kompetenter Partner  rund um Arbeitsb\u00fchnen","publisher":{"@id":"https:\/\/www.mateco.ch\/fr\/#organization"},"potentialAction":[{"@type":"SearchAction","target":{"@type":"EntryPoint","urlTemplate":"https:\/\/www.mateco.ch\/fr\/?s={search_term_string}"},"query-input":{"@type":"PropertyValueSpecification","valueRequired":true,"valueName":"search_term_string"}}],"inLanguage":"fr-FR"},{"@type":"Organization","@id":"https:\/\/www.mateco.ch\/fr\/#organization","name":"mateco AG","url":"https:\/\/www.mateco.ch\/fr\/","logo":{"@type":"ImageObject","inLanguage":"fr-FR","@id":"https:\/\/www.mateco.ch\/fr\/#\/schema\/logo\/image\/","url":"https:\/\/www.mateco.ch\/wp-content\/uploads\/2026\/07\/mateco_logo-scaled.png","contentUrl":"https:\/\/www.mateco.ch\/wp-content\/uploads\/2026\/07\/mateco_logo-scaled.png","width":2560,"height":653,"caption":"mateco AG"},"image":{"@id":"https:\/\/www.mateco.ch\/fr\/#\/schema\/logo\/image\/"}}]}},"_links":{"self":[{"href":"https:\/\/www.mateco.ch\/fr\/wp-json\/wp\/v2\/references\/4889","targetHints":{"allow":["GET"]}}],"collection":[{"href":"https:\/\/www.mateco.ch\/fr\/wp-json\/wp\/v2\/references"}],"about":[{"href":"https:\/\/www.mateco.ch\/fr\/wp-json\/wp\/v2\/types\/references"}],"version-history":[{"count":4,"href":"https:\/\/www.mateco.ch\/fr\/wp-json\/wp\/v2\/references\/4889\/revisions"}],"predecessor-version":[{"id":8498,"href":"https:\/\/www.mateco.ch\/fr\/wp-json\/wp\/v2\/references\/4889\/revisions\/8498"}],"wp:featuredmedia":[{"embeddable":true,"href":"https:\/\/www.mateco.ch\/fr\/wp-json\/wp\/v2\/media\/4885"}],"wp:attachment":[{"href":"https:\/\/www.mateco.ch\/fr\/wp-json\/wp\/v2\/media?parent=4889"}],"wp:term":[{"taxonomy":"application_areas_category","embeddable":true,"href":"https:\/\/www.mateco.ch\/fr\/wp-json\/wp\/v2\/application_areas_category?post=4889"}],"curies":[{"name":"wp","href":"https:\/\/api.w.org\/{rel}","templated":true}]}}