{"id":8852,"date":"2024-05-14T08:24:00","date_gmt":"2024-05-14T06:24:00","guid":{"rendered":"https:\/\/www.maltech.ch\/?post_type=references&#038;p=8852"},"modified":"2024-06-27T16:36:40","modified_gmt":"2024-06-27T14:36:40","slug":"technique-du-batiment-spalentor-bale","status":"publish","type":"references","link":"https:\/\/www.mateco.ch\/fr\/societe\/references\/technique-du-batiment-spalentor-bale\/","title":{"rendered":"Technique du b\u00e2timent, Spalentor B\u00e2le"},"content":{"rendered":"<div class=\"container global-content-styles\">\n\n\t<div class=\"button-group d-inline-flex mt-0 mb-30\">\n\t<a href=\"\/fr\/societe-2\/references\/\" target=\"\" title=\"Retour aux r\u00e9sultats\" class=\"btn btn-primary btn-bg-mateco_red \" >\n\n  <i class=\"icon-chevron\"><\/i>\n      <span class=\"btn-text\">Retour aux r\u00e9sultats<\/span>\n  \n  \n<\/a>\n<\/div>\n\t    <div class=\"reference-media\">\n              <div class=\"position-relative swiper-maltech-style reference-detail-slider\">\n          <div class=\"swiper news-header-swiper\">\n            <div class=\"swiper-wrapper\">\n                              <div class=\"swiper-slide\">\n                                      <div class=\"img-wrapper\">\n                      \t\t<picture>\n\t\t\t\n\t\t\t<img width=\"768\" height=\"1024\" src=\"https:\/\/www.mateco.ch\/wp-content\/uploads\/2024\/06\/Spalentor_IMG_3174_bearbeitet-768x1024.jpeg\" class=\"w-full h-auto\" alt=\"\" loading=\"lazy\" decoding=\"async\" srcset=\"https:\/\/www.mateco.ch\/wp-content\/uploads\/2024\/06\/Spalentor_IMG_3174_bearbeitet-768x1024.jpeg 768w, https:\/\/www.mateco.ch\/wp-content\/uploads\/2024\/06\/Spalentor_IMG_3174_bearbeitet-225x300.jpeg 225w, https:\/\/www.mateco.ch\/wp-content\/uploads\/2024\/06\/Spalentor_IMG_3174_bearbeitet-1152x1536.jpeg 1152w, https:\/\/www.mateco.ch\/wp-content\/uploads\/2024\/06\/Spalentor_IMG_3174_bearbeitet-1536x2048.jpeg 1536w, https:\/\/www.mateco.ch\/wp-content\/uploads\/2024\/06\/Spalentor_IMG_3174_bearbeitet-scaled.jpeg 1920w\" sizes=\"auto, (max-width: 768px) 100vw, 768px\" \/>\t\t<\/picture>\n\t\t                    <\/div>\n                                  <\/div>\n                              <div class=\"swiper-slide\">\n                                      <div class=\"img-wrapper\">\n                      \t\t<picture>\n\t\t\t\n\t\t\t<img width=\"1024\" height=\"484\" src=\"https:\/\/www.mateco.ch\/wp-content\/uploads\/2024\/06\/Spalentor_IMG_3198_bearbeitet-1024x484.jpeg\" class=\"w-full h-auto\" alt=\"\" loading=\"lazy\" decoding=\"async\" srcset=\"https:\/\/www.mateco.ch\/wp-content\/uploads\/2024\/06\/Spalentor_IMG_3198_bearbeitet-1024x484.jpeg 1024w, https:\/\/www.mateco.ch\/wp-content\/uploads\/2024\/06\/Spalentor_IMG_3198_bearbeitet-300x142.jpeg 300w, https:\/\/www.mateco.ch\/wp-content\/uploads\/2024\/06\/Spalentor_IMG_3198_bearbeitet-768x363.jpeg 768w, https:\/\/www.mateco.ch\/wp-content\/uploads\/2024\/06\/Spalentor_IMG_3198_bearbeitet-1536x726.jpeg 1536w, https:\/\/www.mateco.ch\/wp-content\/uploads\/2024\/06\/Spalentor_IMG_3198_bearbeitet-2048x968.jpeg 2048w\" sizes=\"auto, (max-width: 1024px) 100vw, 1024px\" \/>\t\t<\/picture>\n\t\t                    <\/div>\n                                  <\/div>\n                              <div class=\"swiper-slide\">\n                                      <div class=\"img-wrapper\">\n                      \t\t<picture>\n\t\t\t\n\t\t\t<img width=\"768\" height=\"1024\" src=\"https:\/\/www.mateco.ch\/wp-content\/uploads\/2024\/06\/Spalentor_IMG_3165_bearbeitet-768x1024.jpeg\" class=\"w-full h-auto\" alt=\"\" loading=\"lazy\" decoding=\"async\" srcset=\"https:\/\/www.mateco.ch\/wp-content\/uploads\/2024\/06\/Spalentor_IMG_3165_bearbeitet-768x1024.jpeg 768w, https:\/\/www.mateco.ch\/wp-content\/uploads\/2024\/06\/Spalentor_IMG_3165_bearbeitet-225x300.jpeg 225w, https:\/\/www.mateco.ch\/wp-content\/uploads\/2024\/06\/Spalentor_IMG_3165_bearbeitet-1152x1536.jpeg 1152w, https:\/\/www.mateco.ch\/wp-content\/uploads\/2024\/06\/Spalentor_IMG_3165_bearbeitet-1536x2048.jpeg 1536w, https:\/\/www.mateco.ch\/wp-content\/uploads\/2024\/06\/Spalentor_IMG_3165_bearbeitet-scaled.jpeg 1920w\" sizes=\"auto, (max-width: 768px) 100vw, 768px\" \/>\t\t<\/picture>\n\t\t                    <\/div>\n                                  <\/div>\n                              <div class=\"swiper-slide\">\n                                      <div class=\"img-wrapper\">\n                      \t\t<picture>\n\t\t\t\n\t\t\t<img width=\"576\" height=\"1024\" src=\"https:\/\/www.mateco.ch\/wp-content\/uploads\/2024\/06\/Spalentor_IMG_3152_bearbeitet-576x1024.jpeg\" class=\"w-full h-auto\" alt=\"\" loading=\"lazy\" decoding=\"async\" srcset=\"https:\/\/www.mateco.ch\/wp-content\/uploads\/2024\/06\/Spalentor_IMG_3152_bearbeitet-576x1024.jpeg 576w, https:\/\/www.mateco.ch\/wp-content\/uploads\/2024\/06\/Spalentor_IMG_3152_bearbeitet-169x300.jpeg 169w, https:\/\/www.mateco.ch\/wp-content\/uploads\/2024\/06\/Spalentor_IMG_3152_bearbeitet-768x1365.jpeg 768w, https:\/\/www.mateco.ch\/wp-content\/uploads\/2024\/06\/Spalentor_IMG_3152_bearbeitet-864x1536.jpeg 864w, https:\/\/www.mateco.ch\/wp-content\/uploads\/2024\/06\/Spalentor_IMG_3152_bearbeitet-1152x2048.jpeg 1152w, https:\/\/www.mateco.ch\/wp-content\/uploads\/2024\/06\/Spalentor_IMG_3152_bearbeitet-scaled.jpeg 1440w\" sizes=\"auto, (max-width: 576px) 100vw, 576px\" \/>\t\t<\/picture>\n\t\t                    <\/div>\n                                  <\/div>\n                          <\/div>\n            <div class=\"swiper-pagination\"><\/div>\n          <\/div>\n          <div class=\"swiper-prev swiper-nav-btn news-header-swiper-btn\"><\/div>\n          <div class=\"swiper-next swiper-nav-btn news-header-swiper-btn\"><\/div>\n        <\/div>\n      \n      <aside class=\"reference-rebrand-notice reference-rebrand-notice--detail\" aria-label=\"Note concernant le changement de raison sociale\">\n\t<span class=\"reference-rebrand-notice__eyebrow\">Maltech est mateco.<\/span>\n\t<strong class=\"reference-rebrand-notice__title\">Tout reste meilleur.<\/strong>\n<\/aside>\n    <\/div>\n\t\n\t<h1 class=\"text-md-center mt-50\">Technique du b\u00e2timent, Spalentor B\u00e2le<\/h1>\n\n\t    <div class=\"row\">\n      <div class=\"col-md-10 offset-md-1 col-lg-8 offset-lg-2\">\n        <div class=\"rich-text lead mb-60 mb-md-100\">\n            <p>Adil Ibrahim, chef de projet chez mateco, nous parle d&rsquo;un projet en cours \u00e0 B\u00e2le. Dans une interview, cet homme de 43 ans donne un aper\u00e7u d&rsquo;un projet passionnant et de la collaboration \u00e9prouv\u00e9e avec la ville de B\u00e2le, qui mise sur la flexibilit\u00e9 et l&rsquo;offre compl\u00e8te de mateco.<\/p>\n        <\/div>\n      <\/div>\n    <\/div>\n\t\n\t    <div class=\"row\">\n      <div class=\"col-12 mb-n40 mb-md-n60\">\n                  <div class=\"row mb-40 mb-md-60\">\n            <div class=\"text col-md-10 offset-md-1 col-lg-8 offset-lg-2\">\n\n\t<h2 >L\u2019essentiel en quelques faits et chiffres<\/h2>\n\n\t    <div class=\"rich-text big-space-between\">\n\t\t\t<ul>\n<li>La ville de B\u00e2le a d\u00fb r\u00e9nover les cr\u00e9neaux de la tour Spalentor<\/li>\n<li>Pour cela, elle a mis\u00e9 sur les \u00e9l\u00e9vateurs \u00e0 nacelle sur camions <a href=\"https:\/\/www.mateco.ch\/geraete\/s-70-xr\/\">S70<\/a> et <a href=\"https:\/\/www.mateco.ch\/geraete\/s-47-xr\/\">S47<\/a><\/li>\n<li>Deux chefs de projet, un r\u00e9partiteur de poids lourds et trois chauffeurs de poids lourds ont travaill\u00e9 pour cette mission.<\/li>\n<li>Les travaux se sont \u00e9tendus sur cinq semaines au total.<\/li>\n<\/ul>\n    <\/div>\n\t\n\t\n<\/div>          <\/div>\n                  <div class=\"row mb-40 mb-md-60\">\n            <div class=\"interview col-md-10 offset-md-1 col-lg-8 offset-lg-2\">\n\t        <div class=\"rich-text\">\n          <p class=\"strong\"><strong>Adil, parle-nous du projet \u00ab\u00a0Spalentor\u00a0\u00bb &#8230;<\/strong><\/p>\n\t\t\t\t\t<p>Pour pouvoir r\u00e9nover les cr\u00e9neaux de la tour fortement d\u00e9grad\u00e9s par les intemp\u00e9ries, la ville de B\u00e2le a d\u00fb choisir entre l&rsquo;utilisation d&rsquo;un \u00e9chafaudage et d&rsquo;un \u00e9l\u00e9vateur \u00e0 nacelle. Nous avons pu lui montrer les avantages et la flexibilit\u00e9 des \u00e9l\u00e9vateurs \u00e0 nacelle sur camion, qui permettent de r\u00e9aliser efficacement les travaux n\u00e9cessaires sur les cr\u00e9neaux des tours.<\/p>\n        <\/div>\n\t\t\t        <div class=\"rich-text\">\n          <p class=\"strong\"><strong>Quelles mesures de s\u00e9curit\u00e9 particuli\u00e8res sont n\u00e9cessaires lors de la planification et de la r\u00e9alisation de l&rsquo;intervention ?<\/strong><\/p>\n\t\t\t\t\t<p>Nous avons \u00e9labor\u00e9 un dispositif de s\u00e9curit\u00e9 complet en collaboration avec toutes les parties concern\u00e9es. L&rsquo;architecte, la police cantonale BS, les transports publics b\u00e2lois, l&rsquo;administration des biens communs et le service de s\u00e9curit\u00e9 ont particip\u00e9 \u00e0 l&rsquo;\u00e9laboration de ce dispositif.<\/p>\n        <\/div>\n\t\t\t        <div class=\"rich-text\">\n          <p class=\"strong\"><strong>Pourquoi avez-vous choisi l&rsquo;\u00e9l\u00e9vateur \u00e0 nacelles sur camion S 70 pour cette mission ?<\/strong><\/p>\n\t\t\t\t\t<p>Pour le premier lieu d&rsquo;intervention, o\u00f9 nous devions travailler au-dessus des lignes de tramway, nous avions besoin d&rsquo;une charge en panier et d&rsquo;un rayon d&rsquo;action \u00e9lev\u00e9s. La nacelle pivotante \u00e0 360\u00b0 de la <a href=\"https:\/\/www.mateco.ch\/geraete\/s-70-xr\/\">S70<\/a> s&rsquo;est av\u00e9r\u00e9e \u00eatre l&rsquo;outil de travail appropri\u00e9. Pour le deuxi\u00e8me et le troisi\u00e8me site, la nacelle compacte <a href=\"https:\/\/www.mateco.ch\/geraete\/s-47-xr\/\">S47<\/a> et son grand rayon d&rsquo;action se sont av\u00e9r\u00e9s \u00eatre un compl\u00e9ment id\u00e9al.<\/p>\n        <\/div>\n\t\t\t        <div class=\"rich-text\">\n          <p class=\"strong\"><strong>Que signifie pour toi une collaboration r\u00e9ussie ?<\/strong><\/p>\n\t\t\t\t\t<p>Pour moi, une collaboration r\u00e9ussie signifie que la mission se d\u00e9roule sans difficult\u00e9 et que nous r\u00e9alisons les travaux conform\u00e9ment aux souhaits du client. Dans le cas de ce projet, nous devons notre succ\u00e8s avant tout aux personnes impliqu\u00e9es sur place, qui ont fait preuve d&rsquo;une excellente coordination.<\/p>\n        <\/div>\n\t\t\t        <div class=\"rich-text\">\n          <p class=\"strong\"><strong>D&rsquo;apr\u00e8s toi, qu&rsquo;est-ce que la ville de B\u00e2le appr\u00e9cie dans la collaboration avec mateco ? <\/strong><\/p>\n\t\t\t\t\t<p>Je pense que la ville de B\u00e2le appr\u00e9cie la grande flexibilit\u00e9 de nos collaborateurs, les normes de s\u00e9curit\u00e9 \u00e9lev\u00e9es et le vaste parc d&rsquo;appareils qui couvre pratiquement tous les besoins.<\/p>\n        <\/div>\n\t\t\t<\/div>          <\/div>\n                  <div class=\"row mb-40 mb-md-60\">\n            <div class=\"cta-team col-12\">\n\n  \n  <div class=\"bg-yellow\">\n\t  \t  <div class=\"cta-team d-flex flex-column flex-md-row\">\n      <div class=\"img-wrapper\">\n\t\t  <img width=\"610\" height=\"610\" src=\"https:\/\/www.mateco.ch\/wp-content\/uploads\/2024\/03\/adil_ibrahim_610x610px.jpg\" class=\"h-100\" alt=\"\" loading=\"lazy\" decoding=\"async\" srcset=\"https:\/\/www.mateco.ch\/wp-content\/uploads\/2024\/03\/adil_ibrahim_610x610px.jpg 610w, https:\/\/www.mateco.ch\/wp-content\/uploads\/2024\/03\/adil_ibrahim_610x610px-150x150.jpg 150w, https:\/\/www.mateco.ch\/wp-content\/uploads\/2024\/03\/adil_ibrahim_610x610px-300x300.jpg 300w\" sizes=\"auto, (max-width: 610px) 100vw, 610px\" \/>    <\/div>\n  \t<div class=\"content p-20 p-md-40 p-lg-60 yellow d-flex align-items-center flex-fill\">\n    <div>\n\t    <h3 class=\"mb-10\">Responsable de projet<\/h3>\n      <div class=\"rich-text\">\n                <p><span class=\"fw-700\">Adil Ibrahim, <\/span>Chef de projet<\/p>\n      <\/div>\n\t    <div class=\"button-group d-flex flex-column flex-lg-row mt-30\">\n\t<a href=\"mailto:adil.ibrahim@mateco.ch\" target=\"\" title=\"adil.ibrahim@mateco.ch\" class=\"btn btn-bg-mateco_red \" >\n\n  <i class=\"icon-mail\"><\/i>\n      <span class=\"btn-text\">adil.ibrahim@mateco.ch<\/span>\n  \n  \n<\/a>\n<a href=\"tel:0622079070\" target=\"\" title=\"062 207 90 70\" class=\"btn btn-bg-blue \" >\n\n  <i class=\"icon-phone\"><\/i>\n      <span class=\"btn-text\">062 207 90 70<\/span>\n  \n  \n<\/a>\n<\/div>    <\/div>\n\t<\/div>\n<\/div>\n  <\/div>\n<\/div>          <\/div>\n              <\/div>\n    <\/div>\n\t\n<\/div>\n","protected":false},"excerpt":{"rendered":"<p>Adil Ibrahim, chef de projet chez mateco, nous parle d&rsquo;un projet en cours \u00e0 B\u00e2le. Dans une interview, cet homme de 43 ans donne un aper\u00e7u d&rsquo;un projet passionnant et de la collaboration \u00e9prouv\u00e9e avec la ville de B\u00e2le, qui mise sur la flexibilit\u00e9 et l&rsquo;offre compl\u00e8te de mateco.<\/p>\n","protected":false},"featured_media":8860,"template":"","application_areas_category":[106],"class_list":["post-8852","references","type-references","status-publish","has-post-thumbnail","hentry","application_areas_category-facility-management-und-gebaeudetechnik-fr"],"acf":[],"yoast_head":"<title>Technique du b\u00e2timent, Spalentor B\u00e2le - mateco AG<\/title>\n<meta name=\"description\" content=\"Adil Ibrahim, chef de projet chez mateco, nous parle d&#039;un projet en cours \u00e0 B\u00e2le. Dans une interview, cet homme de 43 ans donne un aper\u00e7u d&#039;un projet passionnant et de la collaboration \u00e9prouv\u00e9e avec la ville de B\u00e2le, qui mise sur la flexibilit\u00e9 et l&#039;offre compl\u00e8te de mateco.\" \/>\n<meta name=\"robots\" content=\"index, follow, max-snippet:-1, max-image-preview:large, max-video-preview:-1\" \/>\n<link rel=\"canonical\" href=\"https:\/\/www.mateco.ch\/fr\/societe\/references\/technique-du-batiment-spalentor-bale\/\" \/>\n<meta property=\"og:locale\" content=\"fr_FR\" \/>\n<meta property=\"og:type\" content=\"article\" \/>\n<meta property=\"og:title\" content=\"Technique du b\u00e2timent, Spalentor B\u00e2le - mateco AG\" \/>\n<meta property=\"og:description\" content=\"Adil Ibrahim, chef de projet chez mateco, nous parle d&#039;un projet en cours \u00e0 B\u00e2le. Dans une interview, cet homme de 43 ans donne un aper\u00e7u d&#039;un projet passionnant et de la collaboration \u00e9prouv\u00e9e avec la ville de B\u00e2le, qui mise sur la flexibilit\u00e9 et l&#039;offre compl\u00e8te de mateco.\" \/>\n<meta property=\"og:url\" content=\"https:\/\/www.mateco.ch\/fr\/societe\/references\/technique-du-batiment-spalentor-bale\/\" \/>\n<meta property=\"og:site_name\" content=\"mateco AG\" \/>\n<meta property=\"article:modified_time\" content=\"2024-06-27T14:36:40+00:00\" \/>\n<meta property=\"og:image\" content=\"https:\/\/www.mateco.ch\/wp-content\/uploads\/2024\/06\/Spalentor_IMG_3198_bearbeitet-scaled.jpeg\" \/>\n\t<meta property=\"og:image:width\" content=\"2560\" \/>\n\t<meta property=\"og:image:height\" content=\"1210\" \/>\n\t<meta property=\"og:image:type\" content=\"image\/jpeg\" \/>\n<meta name=\"twitter:card\" content=\"summary_large_image\" \/>\n<script type=\"application\/ld+json\" class=\"yoast-schema-graph\">{\"@context\":\"https:\\\/\\\/schema.org\",\"@graph\":[{\"@type\":\"WebPage\",\"@id\":\"https:\\\/\\\/www.mateco.ch\\\/fr\\\/societe\\\/references\\\/technique-du-batiment-spalentor-bale\\\/\",\"url\":\"https:\\\/\\\/www.mateco.ch\\\/fr\\\/societe\\\/references\\\/technique-du-batiment-spalentor-bale\\\/\",\"name\":\"Technique du b\u00e2timent, Spalentor B\u00e2le - mateco AG\",\"isPartOf\":{\"@id\":\"https:\\\/\\\/www.mateco.ch\\\/fr\\\/#website\"},\"primaryImageOfPage\":{\"@id\":\"https:\\\/\\\/www.mateco.ch\\\/fr\\\/societe\\\/references\\\/technique-du-batiment-spalentor-bale\\\/#primaryimage\"},\"image\":{\"@id\":\"https:\\\/\\\/www.mateco.ch\\\/fr\\\/societe\\\/references\\\/technique-du-batiment-spalentor-bale\\\/#primaryimage\"},\"thumbnailUrl\":\"https:\\\/\\\/www.mateco.ch\\\/wp-content\\\/uploads\\\/2024\\\/06\\\/Spalentor_IMG_3198_bearbeitet-scaled.jpeg\",\"datePublished\":\"2024-05-14T06:24:00+00:00\",\"dateModified\":\"2024-06-27T14:36:40+00:00\",\"description\":\"Adil Ibrahim, chef de projet chez mateco, nous parle d'un projet en cours \u00e0 B\u00e2le. Dans une interview, cet homme de 43 ans donne un aper\u00e7u d'un projet passionnant et de la collaboration \u00e9prouv\u00e9e avec la ville de B\u00e2le, qui mise sur la flexibilit\u00e9 et l'offre compl\u00e8te de mateco.\",\"breadcrumb\":{\"@id\":\"https:\\\/\\\/www.mateco.ch\\\/fr\\\/societe\\\/references\\\/technique-du-batiment-spalentor-bale\\\/#breadcrumb\"},\"inLanguage\":\"fr-FR\",\"potentialAction\":[{\"@type\":\"ReadAction\",\"target\":[\"https:\\\/\\\/www.mateco.ch\\\/fr\\\/societe\\\/references\\\/technique-du-batiment-spalentor-bale\\\/\"]}]},{\"@type\":\"ImageObject\",\"inLanguage\":\"fr-FR\",\"@id\":\"https:\\\/\\\/www.mateco.ch\\\/fr\\\/societe\\\/references\\\/technique-du-batiment-spalentor-bale\\\/#primaryimage\",\"url\":\"https:\\\/\\\/www.mateco.ch\\\/wp-content\\\/uploads\\\/2024\\\/06\\\/Spalentor_IMG_3198_bearbeitet-scaled.jpeg\",\"contentUrl\":\"https:\\\/\\\/www.mateco.ch\\\/wp-content\\\/uploads\\\/2024\\\/06\\\/Spalentor_IMG_3198_bearbeitet-scaled.jpeg\",\"width\":2560,\"height\":1210},{\"@type\":\"BreadcrumbList\",\"@id\":\"https:\\\/\\\/www.mateco.ch\\\/fr\\\/societe\\\/references\\\/technique-du-batiment-spalentor-bale\\\/#breadcrumb\",\"itemListElement\":[{\"@type\":\"ListItem\",\"position\":1,\"name\":\"Home\",\"item\":\"https:\\\/\\\/www.mateco.ch\\\/fr\\\/home\\\/\"},{\"@type\":\"ListItem\",\"position\":2,\"name\":\"Technique du b\u00e2timent, Spalentor B\u00e2le\"}]},{\"@type\":\"WebSite\",\"@id\":\"https:\\\/\\\/www.mateco.ch\\\/fr\\\/#website\",\"url\":\"https:\\\/\\\/www.mateco.ch\\\/fr\\\/\",\"name\":\"mateco AG\",\"description\":\"Ihr kompetenter Partner  rund um Arbeitsb\u00fchnen\",\"publisher\":{\"@id\":\"https:\\\/\\\/www.mateco.ch\\\/fr\\\/#organization\"},\"potentialAction\":[{\"@type\":\"SearchAction\",\"target\":{\"@type\":\"EntryPoint\",\"urlTemplate\":\"https:\\\/\\\/www.mateco.ch\\\/fr\\\/?s={search_term_string}\"},\"query-input\":{\"@type\":\"PropertyValueSpecification\",\"valueRequired\":true,\"valueName\":\"search_term_string\"}}],\"inLanguage\":\"fr-FR\"},{\"@type\":\"Organization\",\"@id\":\"https:\\\/\\\/www.mateco.ch\\\/fr\\\/#organization\",\"name\":\"mateco AG\",\"url\":\"https:\\\/\\\/www.mateco.ch\\\/fr\\\/\",\"logo\":{\"@type\":\"ImageObject\",\"inLanguage\":\"fr-FR\",\"@id\":\"https:\\\/\\\/www.mateco.ch\\\/fr\\\/#\\\/schema\\\/logo\\\/image\\\/\",\"url\":\"https:\\\/\\\/www.mateco.ch\\\/wp-content\\\/uploads\\\/2026\\\/07\\\/mateco_logo-scaled.png\",\"contentUrl\":\"https:\\\/\\\/www.mateco.ch\\\/wp-content\\\/uploads\\\/2026\\\/07\\\/mateco_logo-scaled.png\",\"width\":2560,\"height\":653,\"caption\":\"mateco AG\"},\"image\":{\"@id\":\"https:\\\/\\\/www.mateco.ch\\\/fr\\\/#\\\/schema\\\/logo\\\/image\\\/\"}}]}<\/script>","yoast_head_json":{"title":"Technique du b\u00e2timent, Spalentor B\u00e2le - mateco AG","description":"Adil Ibrahim, chef de projet chez mateco, nous parle d'un projet en cours \u00e0 B\u00e2le. Dans une interview, cet homme de 43 ans donne un aper\u00e7u d'un projet passionnant et de la collaboration \u00e9prouv\u00e9e avec la ville de B\u00e2le, qui mise sur la flexibilit\u00e9 et l'offre compl\u00e8te de mateco.","robots":{"index":"index","follow":"follow","max-snippet":"max-snippet:-1","max-image-preview":"max-image-preview:large","max-video-preview":"max-video-preview:-1"},"canonical":"https:\/\/www.mateco.ch\/fr\/societe\/references\/technique-du-batiment-spalentor-bale\/","og_locale":"fr_FR","og_type":"article","og_title":"Technique du b\u00e2timent, Spalentor B\u00e2le - mateco AG","og_description":"Adil Ibrahim, chef de projet chez mateco, nous parle d'un projet en cours \u00e0 B\u00e2le. Dans une interview, cet homme de 43 ans donne un aper\u00e7u d'un projet passionnant et de la collaboration \u00e9prouv\u00e9e avec la ville de B\u00e2le, qui mise sur la flexibilit\u00e9 et l'offre compl\u00e8te de mateco.","og_url":"https:\/\/www.mateco.ch\/fr\/societe\/references\/technique-du-batiment-spalentor-bale\/","og_site_name":"mateco AG","article_modified_time":"2024-06-27T14:36:40+00:00","og_image":[{"width":2560,"height":1210,"url":"https:\/\/www.mateco.ch\/wp-content\/uploads\/2024\/06\/Spalentor_IMG_3198_bearbeitet-scaled.jpeg","type":"image\/jpeg"}],"twitter_card":"summary_large_image","schema":{"@context":"https:\/\/schema.org","@graph":[{"@type":"WebPage","@id":"https:\/\/www.mateco.ch\/fr\/societe\/references\/technique-du-batiment-spalentor-bale\/","url":"https:\/\/www.mateco.ch\/fr\/societe\/references\/technique-du-batiment-spalentor-bale\/","name":"Technique du b\u00e2timent, Spalentor B\u00e2le - mateco AG","isPartOf":{"@id":"https:\/\/www.mateco.ch\/fr\/#website"},"primaryImageOfPage":{"@id":"https:\/\/www.mateco.ch\/fr\/societe\/references\/technique-du-batiment-spalentor-bale\/#primaryimage"},"image":{"@id":"https:\/\/www.mateco.ch\/fr\/societe\/references\/technique-du-batiment-spalentor-bale\/#primaryimage"},"thumbnailUrl":"https:\/\/www.mateco.ch\/wp-content\/uploads\/2024\/06\/Spalentor_IMG_3198_bearbeitet-scaled.jpeg","datePublished":"2024-05-14T06:24:00+00:00","dateModified":"2024-06-27T14:36:40+00:00","description":"Adil Ibrahim, chef de projet chez mateco, nous parle d'un projet en cours \u00e0 B\u00e2le. Dans une interview, cet homme de 43 ans donne un aper\u00e7u d'un projet passionnant et de la collaboration \u00e9prouv\u00e9e avec la ville de B\u00e2le, qui mise sur la flexibilit\u00e9 et l'offre compl\u00e8te de mateco.","breadcrumb":{"@id":"https:\/\/www.mateco.ch\/fr\/societe\/references\/technique-du-batiment-spalentor-bale\/#breadcrumb"},"inLanguage":"fr-FR","potentialAction":[{"@type":"ReadAction","target":["https:\/\/www.mateco.ch\/fr\/societe\/references\/technique-du-batiment-spalentor-bale\/"]}]},{"@type":"ImageObject","inLanguage":"fr-FR","@id":"https:\/\/www.mateco.ch\/fr\/societe\/references\/technique-du-batiment-spalentor-bale\/#primaryimage","url":"https:\/\/www.mateco.ch\/wp-content\/uploads\/2024\/06\/Spalentor_IMG_3198_bearbeitet-scaled.jpeg","contentUrl":"https:\/\/www.mateco.ch\/wp-content\/uploads\/2024\/06\/Spalentor_IMG_3198_bearbeitet-scaled.jpeg","width":2560,"height":1210},{"@type":"BreadcrumbList","@id":"https:\/\/www.mateco.ch\/fr\/societe\/references\/technique-du-batiment-spalentor-bale\/#breadcrumb","itemListElement":[{"@type":"ListItem","position":1,"name":"Home","item":"https:\/\/www.mateco.ch\/fr\/home\/"},{"@type":"ListItem","position":2,"name":"Technique du b\u00e2timent, Spalentor B\u00e2le"}]},{"@type":"WebSite","@id":"https:\/\/www.mateco.ch\/fr\/#website","url":"https:\/\/www.mateco.ch\/fr\/","name":"mateco AG","description":"Ihr kompetenter Partner  rund um Arbeitsb\u00fchnen","publisher":{"@id":"https:\/\/www.mateco.ch\/fr\/#organization"},"potentialAction":[{"@type":"SearchAction","target":{"@type":"EntryPoint","urlTemplate":"https:\/\/www.mateco.ch\/fr\/?s={search_term_string}"},"query-input":{"@type":"PropertyValueSpecification","valueRequired":true,"valueName":"search_term_string"}}],"inLanguage":"fr-FR"},{"@type":"Organization","@id":"https:\/\/www.mateco.ch\/fr\/#organization","name":"mateco AG","url":"https:\/\/www.mateco.ch\/fr\/","logo":{"@type":"ImageObject","inLanguage":"fr-FR","@id":"https:\/\/www.mateco.ch\/fr\/#\/schema\/logo\/image\/","url":"https:\/\/www.mateco.ch\/wp-content\/uploads\/2026\/07\/mateco_logo-scaled.png","contentUrl":"https:\/\/www.mateco.ch\/wp-content\/uploads\/2026\/07\/mateco_logo-scaled.png","width":2560,"height":653,"caption":"mateco AG"},"image":{"@id":"https:\/\/www.mateco.ch\/fr\/#\/schema\/logo\/image\/"}}]}},"_links":{"self":[{"href":"https:\/\/www.mateco.ch\/fr\/wp-json\/wp\/v2\/references\/8852","targetHints":{"allow":["GET"]}}],"collection":[{"href":"https:\/\/www.mateco.ch\/fr\/wp-json\/wp\/v2\/references"}],"about":[{"href":"https:\/\/www.mateco.ch\/fr\/wp-json\/wp\/v2\/types\/references"}],"version-history":[{"count":4,"href":"https:\/\/www.mateco.ch\/fr\/wp-json\/wp\/v2\/references\/8852\/revisions"}],"predecessor-version":[{"id":8870,"href":"https:\/\/www.mateco.ch\/fr\/wp-json\/wp\/v2\/references\/8852\/revisions\/8870"}],"wp:featuredmedia":[{"embeddable":true,"href":"https:\/\/www.mateco.ch\/fr\/wp-json\/wp\/v2\/media\/8860"}],"wp:attachment":[{"href":"https:\/\/www.mateco.ch\/fr\/wp-json\/wp\/v2\/media?parent=8852"}],"wp:term":[{"taxonomy":"application_areas_category","embeddable":true,"href":"https:\/\/www.mateco.ch\/fr\/wp-json\/wp\/v2\/application_areas_category?post=8852"}],"curies":[{"name":"wp","href":"https:\/\/api.w.org\/{rel}","templated":true}]}}